{"id":210844,"date":"2022-10-20T12:01:52","date_gmt":"2022-10-20T10:01:52","guid":{"rendered":"http:\/\/dev.claret.cat\/producte\/la-fuerza-de-la-misericordia\/"},"modified":"2026-04-01T16:08:13","modified_gmt":"2026-04-01T14:08:13","slug":"la-fuerza-de-la-misericordia-9788429326406","status":"publish","type":"product","link":"https:\/\/www.claret.cat\/es\/libro\/la-fuerza-de-la-misericordia-9788429326406\/","title":{"rendered":"LA FUERZA DE LA MISERICORDIA"},"content":{"rendered":"<p>Una forma global de ver la misericordia motivada por el a\u00f1o que la Iglesia le ha dedicado en toda su extensi\u00f3n. Augustin profundiza en lo que representa para lo esencial del ser humano y lo que aporta a su condici\u00f3n, favoreciendo que el hombre aporte lo mejor de s\u00ed mismo. En esta presentaci\u00f3n de la misericordia parte del mensaje b\u00edblico y contin\u00faa por la experiencia humana del perdonar, de la importancia de experimentar la misericordia, del perd\u00f3n. La misericordia no es debilidad, sino poder: la fuerza de Dios y la fuente m\u00e1s importante de donde se ha de beber para conseguir ser plenamente humanos.<\/p>\n","protected":false},"excerpt":{"rendered":"<p>AUGUSTIN, GEORGE<\/p>\n","protected":false},"featured_media":340512,"template":"","meta":{"_acf_changed":false,"om_disable_all_campaigns":false,"rs_blank_template":"","rs_page_bg_color":"","slide_template_v7":"","inline_featured_image":false,"_monsterinsights_skip_tracking":false,"_monsterinsights_sitenote_active":false,"_monsterinsights_sitenote_note":"","_monsterinsights_sitenote_category":0},"product_brand":[],"product_cat":[345,79],"product_tag":[],"class_list":{"0":"post-210844","1":"product","2":"type-product","3":"status-publish","4":"has-post-thumbnail","6":"product_cat-espiritualidad","7":"product_cat-espiritualitat","9":"first","10":"instock","11":"taxable","12":"shipping-taxable","13":"purchasable","14":"product-type-simple"},"acf":{"autor":"AUGUSTIN, GEORGE","codart":"842932640","libros-coleccion":"ST Breve","ediciones":"1","encuadernacion":"R\u00fastica","fecha_de_publicacion":"05\/04\/2017","novedad":"1","paginas":"144","subtitulo":"LA PLENITUD DEL SER HUMANO","orden":"0","portada":"0","idioma":"spa","editorial":[{"ID":6351,"post_author":"3","post_date":"2022-07-28 17:50:19","post_date_gmt":"2022-07-28 15:50:19","post_content":"","post_title":"Sal Terrae","post_excerpt":"","post_status":"publish","comment_status":"closed","ping_status":"closed","post_password":"","post_name":"sal-terrae","to_ping":"","pinged":"","post_modified":"2022-07-28 17:50:19","post_modified_gmt":"2022-07-28 15:50:19","post_content_filtered":"","post_parent":0,"guid":"http:\/\/dev.claret.cat\/editorial\/sal-terrae\/","menu_order":0,"post_type":"editorial","post_mime_type":"","comment_count":"0","filter":"raw"}],"autores-libros":[{"ID":156724,"post_author":"3","post_date":"2022-10-14 15:23:07","post_date_gmt":"2022-10-14 13:23:07","post_content":"","post_title":"GEORGE AUGUSTIN","post_excerpt":"","post_status":"publish","comment_status":"closed","ping_status":"closed","post_password":"","post_name":"george-augustin","to_ping":"","pinged":"","post_modified":"2022-10-14 15:23:07","post_modified_gmt":"2022-10-14 13:23:07","post_content_filtered":"","post_parent":0,"guid":"http:\/\/dev.claret.cat\/autor\/george-augustin\/","menu_order":0,"post_type":"autor","post_mime_type":"","comment_count":"0","filter":"raw"}],"booktrailer":"","resenas":""},"aioseo_notices":[],"_links":{"self":[{"href":"https:\/\/www.claret.cat\/es\/wp-json\/wp\/v2\/product\/210844","targetHints":{"allow":["GET"]}}],"collection":[{"href":"https:\/\/www.claret.cat\/es\/wp-json\/wp\/v2\/product"}],"about":[{"href":"https:\/\/www.claret.cat\/es\/wp-json\/wp\/v2\/types\/product"}],"wp:featuredmedia":[{"embeddable":true,"href":"https:\/\/www.claret.cat\/es\/wp-json\/wp\/v2\/media\/340512"}],"wp:attachment":[{"href":"https:\/\/www.claret.cat\/es\/wp-json\/wp\/v2\/media?parent=210844"}],"wp:term":[{"taxonomy":"product_brand","embeddable":true,"href":"https:\/\/www.claret.cat\/es\/wp-json\/wp\/v2\/product_brand?post=210844"},{"taxonomy":"product_cat","embeddable":true,"href":"https:\/\/www.claret.cat\/es\/wp-json\/wp\/v2\/product_cat?post=210844"},{"taxonomy":"product_tag","embeddable":true,"href":"https:\/\/www.claret.cat\/es\/wp-json\/wp\/v2\/product_tag?post=210844"}],"curies":[{"name":"wp","href":"https:\/\/api.w.org\/{rel}","templated":true}]}}