{"id":210856,"date":"2022-10-20T12:02:06","date_gmt":"2022-10-20T10:02:06","guid":{"rendered":"http:\/\/dev.claret.cat\/producte\/jesus-y-su-sombra-el-mal-las-sombras-lo-desconocido-y-amenazante-en-el-evangelio-de-marcos\/"},"modified":"2024-05-23T05:36:27","modified_gmt":"2024-05-23T03:36:27","slug":"jesus-y-su-sombra-el-mal-las-sombras-lo-desconocido-y-amenazante-en-el-evangelio-de-marcos-9788490733011","status":"publish","type":"product","link":"https:\/\/www.claret.cat\/es\/libro\/jesus-y-su-sombra-el-mal-las-sombras-lo-desconocido-y-amenazante-en-el-evangelio-de-marcos-9788490733011\/","title":{"rendered":"JES\u00daS Y SU SOMBRA. EL MAL, LAS SOMBRAS, LO DESCONOCIDO Y AMENAZANTE EN EL EVANGELIO DE MARCOS"},"content":{"rendered":"<p>Jes\u00fas y su sombra&#8217; es un enunciado condensado. Se refiere a la sombra del personaje narrativo del Jes\u00fas de Marcos, la suya propia interna y las proyecciones al exterior. Se refiere a la sombra que le llega externamente, a la que le afecta y a la que no lo logra, pese a intentarlo por afectarle. Es la sombra del mal y la sombra protectora, a veces procedente de la tradici\u00f3n hebrea. La obra trata, adem\u00e1s, de las sombras de otros personajes del evangelio, de la dimensi\u00f3n sombr\u00eda presente en su trasfondo y de la sombra que lo cruza trasversalmente: sombras personales e impersonales, sombras negativas y da\u00f1inas que proceden de actores concretos o familiares, grupos e instituciones. La sombra como el mal y la sombra como lo desconocido y sentiido, frecuentemente, como amenazante. El libro no olvida la sombra positiva, la que precede a la luz y la que sigue haci\u00e9ndola posible, la sombra de lo enigm\u00e1tico que, como el Reino, por ejemplo, esconde m\u00e1s de lo que desvela, sugiere m\u00e1s de lo que explica. <br \/>Todo ello convierte este estudio en una dif\u00edcil labor interpretativa en la que tiene un sitio destacado el s\u00edmbolo. No es un libro solo para conocer, aunque tambi\u00e9n, sino sobre todo para entender.<\/p>\n","protected":false},"excerpt":{"rendered":"<p>NAVARRO PUERTO, MERCEDES<\/p>\n","protected":false},"featured_media":372751,"template":"","meta":{"_acf_changed":false,"om_disable_all_campaigns":false,"rs_blank_template":"","rs_page_bg_color":"","slide_template_v7":"","inline_featured_image":false,"_monsterinsights_skip_tracking":false,"_monsterinsights_sitenote_active":false,"_monsterinsights_sitenote_note":"","_monsterinsights_sitenote_category":0},"product_brand":[],"product_cat":[75,341],"product_tag":[],"class_list":{"0":"post-210856","1":"product","2":"type-product","3":"status-publish","4":"has-post-thumbnail","6":"product_cat-biblia","7":"product_cat-biblia-es","9":"first","10":"instock","11":"taxable","12":"shipping-taxable","13":"purchasable","14":"product-type-simple"},"acf":{"autor":"NAVARRO PUERTO, MERCEDES","codart":"849073301","libros-coleccion":"Estudios B\u00edblicos","ediciones":"1","encuadernacion":"R\u00fastica","fecha_de_publicacion":"04\/04\/2017","novedad":"1","paginas":"360","subtitulo":"El mal, las sombras, lo desconocido y amenazante en el evangelio de Marcos","orden":"0","portada":"0","idioma":"spa","editorial":[{"ID":6390,"post_author":"3","post_date":"2022-07-28 17:51:08","post_date_gmt":"2022-07-28 15:51:08","post_content":"","post_title":"VERBO DIVINO","post_excerpt":"","post_status":"publish","comment_status":"closed","ping_status":"closed","post_password":"","post_name":"verbo-divino","to_ping":"","pinged":"","post_modified":"2022-07-28 17:51:08","post_modified_gmt":"2022-07-28 15:51:08","post_content_filtered":"","post_parent":0,"guid":"http:\/\/dev.claret.cat\/editorial\/verbo-divino\/","menu_order":0,"post_type":"editorial","post_mime_type":"","comment_count":"0","filter":"raw"}],"autores-libros":[{"ID":164730,"post_author":"3","post_date":"2022-10-14 17:49:25","post_date_gmt":"2022-10-14 15:49:25","post_content":"","post_title":"MERCEDES NAVARRO PUERTO","post_excerpt":"","post_status":"publish","comment_status":"closed","ping_status":"closed","post_password":"","post_name":"mercedes-navarro-puerto","to_ping":"","pinged":"","post_modified":"2022-10-14 17:49:25","post_modified_gmt":"2022-10-14 15:49:25","post_content_filtered":"","post_parent":0,"guid":"http:\/\/dev.claret.cat\/autor\/mercedes-navarro-puerto\/","menu_order":0,"post_type":"autor","post_mime_type":"","comment_count":"0","filter":"raw"}]},"aioseo_notices":[],"_links":{"self":[{"href":"https:\/\/www.claret.cat\/es\/wp-json\/wp\/v2\/product\/210856","targetHints":{"allow":["GET"]}}],"collection":[{"href":"https:\/\/www.claret.cat\/es\/wp-json\/wp\/v2\/product"}],"about":[{"href":"https:\/\/www.claret.cat\/es\/wp-json\/wp\/v2\/types\/product"}],"wp:featuredmedia":[{"embeddable":true,"href":"https:\/\/www.claret.cat\/es\/wp-json\/wp\/v2\/media\/372751"}],"wp:attachment":[{"href":"https:\/\/www.claret.cat\/es\/wp-json\/wp\/v2\/media?parent=210856"}],"wp:term":[{"taxonomy":"product_brand","embeddable":true,"href":"https:\/\/www.claret.cat\/es\/wp-json\/wp\/v2\/product_brand?post=210856"},{"taxonomy":"product_cat","embeddable":true,"href":"https:\/\/www.claret.cat\/es\/wp-json\/wp\/v2\/product_cat?post=210856"},{"taxonomy":"product_tag","embeddable":true,"href":"https:\/\/www.claret.cat\/es\/wp-json\/wp\/v2\/product_tag?post=210856"}],"curies":[{"name":"wp","href":"https:\/\/api.w.org\/{rel}","templated":true}]}}