{"id":212446,"date":"2022-10-20T12:34:46","date_gmt":"2022-10-20T10:34:46","guid":{"rendered":"http:\/\/dev.claret.cat\/producte\/tu-consumo-puede-cambiar-el-mundo\/"},"modified":"2023-01-28T19:42:45","modified_gmt":"2023-01-28T18:42:45","slug":"tu-consumo-puede-cambiar-el-mundo-9788499425658","status":"publish","type":"product","link":"https:\/\/www.claret.cat\/es\/libro\/tu-consumo-puede-cambiar-el-mundo-9788499425658\/","title":{"rendered":"TU CONSUMO PUEDE CAMBIAR EL MUNDO"},"content":{"rendered":"<p>Este libro nos concierne a todos, ya que con cada acto de consumo emitimos un voto de confianza, apoyamos una forma de producci\u00f3n y activamos una cadena de abastecimiento con la que beneficiamos a empresas que tal vez est\u00e9n contribuyendo al abuso social, medioambiental, econ\u00f3mico, laboral, cultural y\/o pol\u00edtico.<\/p>\n<p>En el presente siglo asistimos a un empoderamiento y una evoluci\u00f3n social determinante: la del consumidor.A trav\u00e9s de entrevistas con personalidades, con agentes claves del cambio, del an\u00e1lisis de modelos productivos alternativos y de unos h\u00e1bitos de compra conscientes, este ensayo period\u00edstico con vocaci\u00f3n de servicio p\u00fablico ?que funciona tambi\u00e9n como un manual pr\u00e1ctico? redescubre el consumo como una f\u00f3rmula de acci\u00f3npara crear flujos de redistribuci\u00f3n de la riqueza m\u00e1s justos, \u00e9ticos, ecol\u00f3gicos y responsables. Estamos ante un caballo de Troya cr\u00edtico en el coraz\u00f3n mismo del sistema que tiene como objetivo ayudar a aliviar el cambio clim\u00e1tico y la brecha social, y promover una econom\u00eda humanizada que persiga el bien com\u00fan global. Algo a lo que ir\u00f3nicamente podemos contribuir, a diario, a trav\u00e9s de nuestras decisiones.<\/p>\n<p>Millones de ciudadanos en todo el mundo pueden, si quieren, ayudar hoy a construir un planeta mejor para todos y generar un efecto mariposa de bienestar individual y global.La utop\u00eda est\u00e1 m\u00e1s cerca de lo que pensamos, y nuestro consumo tiene mucho que ver con todo ello. Descubr\u00e1moslo.<\/p>\n","protected":false},"excerpt":{"rendered":"<p>CH\u00c1VEZ, BRENDA<\/p>\n","protected":false},"featured_media":212447,"template":"","meta":{"_acf_changed":false,"om_disable_all_campaigns":false,"rs_blank_template":"","rs_page_bg_color":"","slide_template_v7":"","inline_featured_image":false,"_monsterinsights_skip_tracking":false,"_monsterinsights_sitenote_active":false,"_monsterinsights_sitenote_note":"","_monsterinsights_sitenote_category":0},"product_brand":[],"product_cat":[84],"product_tag":[],"class_list":{"0":"post-212446","1":"product","2":"type-product","3":"status-publish","4":"has-post-thumbnail","6":"product_cat-sociologia","8":"first","9":"instock","10":"taxable","11":"shipping-taxable","12":"purchasable","13":"product-type-simple"},"acf":{"autor":"CH\u00c1VEZ, BRENDA","codart":"849942565","libros-coleccion":"Atalaya","ediciones":"1","encuadernacion":"R\u00fastica","fecha_de_publicacion":"01\/04\/2017","novedad":"1","paginas":"684","subtitulo":"EL PODER DE TUS ELECCIONES RESPONSABLES, CONSCIENTES Y CR\u00cdTICAS","orden":"0","portada":"0","idioma":"spa","editorial":[{"ID":6208,"post_author":"3","post_date":"2022-07-28 17:47:11","post_date_gmt":"2022-07-28 15:47:11","post_content":"","post_title":"Ediciones Pen\u00ednsula","post_excerpt":"","post_status":"publish","comment_status":"closed","ping_status":"closed","post_password":"","post_name":"ediciones-peninsula","to_ping":"","pinged":"","post_modified":"2022-07-28 17:47:11","post_modified_gmt":"2022-07-28 15:47:11","post_content_filtered":"","post_parent":0,"guid":"http:\/\/dev.claret.cat\/editorial\/ediciones-peninsula\/","menu_order":0,"post_type":"editorial","post_mime_type":"","comment_count":"0","filter":"raw"}],"autores-libros":[{"ID":151868,"post_author":"3","post_date":"2022-10-14 14:44:16","post_date_gmt":"2022-10-14 12:44:16","post_content":"","post_title":"BRENDA CHAVEZ","post_excerpt":"","post_status":"publish","comment_status":"closed","ping_status":"closed","post_password":"","post_name":"brenda-chavez","to_ping":"","pinged":"","post_modified":"2022-10-14 14:44:16","post_modified_gmt":"2022-10-14 12:44:16","post_content_filtered":"","post_parent":0,"guid":"http:\/\/dev.claret.cat\/autor\/brenda-chavez\/","menu_order":0,"post_type":"autor","post_mime_type":"","comment_count":"0","filter":"raw"}]},"aioseo_notices":[],"_links":{"self":[{"href":"https:\/\/www.claret.cat\/es\/wp-json\/wp\/v2\/product\/212446","targetHints":{"allow":["GET"]}}],"collection":[{"href":"https:\/\/www.claret.cat\/es\/wp-json\/wp\/v2\/product"}],"about":[{"href":"https:\/\/www.claret.cat\/es\/wp-json\/wp\/v2\/types\/product"}],"wp:featuredmedia":[{"embeddable":true,"href":"https:\/\/www.claret.cat\/es\/wp-json\/wp\/v2\/media\/212447"}],"wp:attachment":[{"href":"https:\/\/www.claret.cat\/es\/wp-json\/wp\/v2\/media?parent=212446"}],"wp:term":[{"taxonomy":"product_brand","embeddable":true,"href":"https:\/\/www.claret.cat\/es\/wp-json\/wp\/v2\/product_brand?post=212446"},{"taxonomy":"product_cat","embeddable":true,"href":"https:\/\/www.claret.cat\/es\/wp-json\/wp\/v2\/product_cat?post=212446"},{"taxonomy":"product_tag","embeddable":true,"href":"https:\/\/www.claret.cat\/es\/wp-json\/wp\/v2\/product_tag?post=212446"}],"curies":[{"name":"wp","href":"https:\/\/api.w.org\/{rel}","templated":true}]}}