{"id":217052,"date":"2022-10-20T14:17:44","date_gmt":"2022-10-20T12:17:44","guid":{"rendered":"http:\/\/dev.claret.cat\/producte\/travesias-historicas\/"},"modified":"2023-01-28T22:23:55","modified_gmt":"2023-01-28T21:23:55","slug":"travesias-historicas-9788415673293","status":"publish","type":"product","link":"https:\/\/www.claret.cat\/es\/libro\/travesias-historicas-9788415673293\/","title":{"rendered":"TRAVES\u00cdAS HIST\u00d3RICAS"},"content":{"rendered":"<p>Al margen de la Andaluc\u00eda narrada por extranjeros fascinados con los para\u00edsos pintorescos del Sur existe otra visi\u00f3n menos conocida:la de los viajeros andaluces que describieron el mundo, desde las embajadas de Al-Andalus o las peregrinaciones medievales a Tierra Santa hasta los itinerarios del descubrimiento de Am\u00e9rica y las lejanas rutas comerciales por Asia, las expediciones cient\u00edficas del siglo XVIII o la b\u00fasqueda de paisajes ajenos a causa del exilio. Estas traves\u00edas hist\u00f3ricas recorren el mundo desde la Cochinchina a Alaska a trav\u00e9s de biograf\u00edas viajeras con aires de novela \u00e9pica. El mapa rescata al abate Marchena en la Revoluci\u00f3n Francesa, a Alonso de Santa Cruz como el cosm\u00f3grafo que dibuj\u00f3 el mundo, al marino Antonio de Ulloa y la expedici\u00f3n del meridiano, aventuras cient\u00edficas como la de Celestino Mutis por Nueva Granada, los recorridos del heterodoxo erasmista Antonio del Corro, la cruzada pac\u00edfica del marqu\u00e9s de Tarifa, las cr\u00f3nicas de Carmen de Burgos en la Gran Guerra, la estancia de diplom\u00e1ticos como Juan Valera en las cortes extranjeras o Santaella salvando jud\u00edos del Holocausto,sin olvidar a pioneros de los viajes por aire como Emilio Herrera.<\/p>\n","protected":false},"excerpt":{"rendered":"<p>D\u00cdAZ P\u00c9REZ, EVA<\/p>\n","protected":false},"featured_media":217053,"template":"","meta":{"_acf_changed":false,"om_disable_all_campaigns":false,"rs_blank_template":"","rs_page_bg_color":"","slide_template_v7":"","inline_featured_image":false,"_monsterinsights_skip_tracking":false},"product_brand":[],"product_cat":[107,85],"product_tag":[],"class_list":["post-217052","product","type-product","status-publish","has-post-thumbnail","product_cat-guies-de-viatge","product_cat-historia","first","instock","taxable","shipping-taxable","purchasable","product-type-simple"],"acf":{"autor":"D\u00cdAZ P\u00c9REZ, EVA","codart":"841567329","libros-coleccion":"FUERA DE COLECCI\u00d3N","ediciones":"1","encuadernacion":"Carton\u00e9","fecha_de_publicacion":"01\/02\/2017","novedad":"1","paginas":"204","subtitulo":"VIAJEROS ANDALUCES QUE CONTARON EL MUNDO","orden":"0","portada":"0","idioma":"spa","editorial":[{"ID":148179,"post_author":"3","post_date":"2022-10-14 11:56:15","post_date_gmt":"2022-10-14 09:56:15","post_content":"","post_title":"FUNDACI\u00d3N JOS\u00c9 MANUEL LARA","post_excerpt":"","post_status":"publish","comment_status":"closed","ping_status":"closed","post_password":"","post_name":"fundacion-jose-manuel-lara","to_ping":"","pinged":"","post_modified":"2022-10-14 11:56:15","post_modified_gmt":"2022-10-14 09:56:15","post_content_filtered":"","post_parent":0,"guid":"http:\/\/dev.claret.cat\/editorial\/fundacion-jose-manuel-lara\/","menu_order":0,"post_type":"editorial","post_mime_type":"","comment_count":"0","filter":"raw"}]},"aioseo_notices":[],"aioseo_head":"\n\t\t<!-- All in One SEO Pro 5.0.1.1 - aioseo.com -->\n\t<meta name=\"description\" content=\"TRAVES\u00cdAS HIST\u00d3RICAS de D\u00cdAZ P\u00c9REZ, EVA disponible a\/en Llibreria Claret.\" \/>\n\t<meta name=\"robots\" content=\"max-image-preview:large\" \/>\n\t<meta name=\"google-site-verification\" content=\"xVtlFxJ-TfkIu-D-lt7XeLobefg5EIQiXTuqcSf8Rf0\" \/>\n\t<link rel=\"canonical\" href=\"https:\/\/www.claret.cat\/es\/libro\/travesias-historicas-9788415673293\/\" \/>\n\t<meta name=\"generator\" content=\"All in One SEO Pro (AIOSEO) 5.0.1.1\" \/>\n\t\t<meta property=\"og:locale\" content=\"es_ES\" \/>\n\t\t<meta property=\"og:site_name\" content=\"Llibreria Claret - Llibreria religiosa a Barcelona\" \/>\n\t\t<meta property=\"og:type\" content=\"article\" \/>\n\t\t<meta property=\"og:title\" content=\"TRAVES\u00cdAS HIST\u00d3RICAS - D\u00cdAZ P\u00c9REZ, EVA 9788415673293 | Llibreria Claret\" \/>\n\t\t<meta property=\"og:description\" content=\"TRAVES\u00cdAS HIST\u00d3RICAS de D\u00cdAZ P\u00c9REZ, EVA disponible a\/en Llibreria Claret.\" \/>\n\t\t<meta property=\"og:url\" content=\"https:\/\/www.claret.cat\/es\/libro\/travesias-historicas-9788415673293\/\" \/>\n\t\t<meta property=\"og:image\" content=\"https:\/\/dev.claret.cat\/wp-content\/uploads\/logo-claret.svg\" \/>\n\t\t<meta property=\"og:image:secure_url\" content=\"https:\/\/dev.claret.cat\/wp-content\/uploads\/logo-claret.svg\" \/>\n\t\t<meta property=\"article:published_time\" content=\"2022-10-20T12:17:44+00:00\" \/>\n\t\t<meta property=\"article:modified_time\" content=\"2023-01-28T21:23:55+00:00\" \/>\n\t\t<meta property=\"article:publisher\" content=\"https:\/\/www.facebook.com\/LlibreriaClaret\" \/>\n\t\t<meta name=\"twitter:card\" content=\"summary_large_image\" \/>\n\t\t<meta name=\"twitter:site\" content=\"@LlibreriaClaret\" \/>\n\t\t<meta name=\"twitter:title\" content=\"TRAVES\u00cdAS HIST\u00d3RICAS - D\u00cdAZ P\u00c9REZ, EVA 9788415673293 | Llibreria Claret\" \/>\n\t\t<meta name=\"twitter:description\" content=\"TRAVES\u00cdAS HIST\u00d3RICAS de D\u00cdAZ P\u00c9REZ, EVA disponible a\/en Llibreria Claret.\" \/>\n\t\t<meta name=\"twitter:image\" content=\"http:\/\/dev.claret.cat\/wp-content\/uploads\/logo-claret.svg\" \/>\n\t\t<script type=\"application\/ld+json\" class=\"aioseo-schema\">\n\t\t\t{\"@context\":\"https:\\\/\\\/schema.org\",\"@graph\":[{\"@type\":\"BreadcrumbList\",\"@id\":\"https:\\\/\\\/www.claret.cat\\\/es\\\/libro\\\/travesias-historicas-9788415673293\\\/#breadcrumblist\",\"itemListElement\":[{\"@type\":\"ListItem\",\"@id\":\"https:\\\/\\\/www.claret.cat\\\/es\\\/#listItem\",\"position\":1,\"name\":\"Home\",\"item\":\"https:\\\/\\\/www.claret.cat\\\/es\\\/\",\"nextItem\":{\"@type\":\"ListItem\",\"@id\":\"https:\\\/\\\/www.claret.cat\\\/?page_id=16#listItem\",\"name\":\"Botiga\"}},{\"@type\":\"ListItem\",\"@id\":\"https:\\\/\\\/www.claret.cat\\\/?page_id=16#listItem\",\"position\":2,\"name\":\"Botiga\",\"item\":\"https:\\\/\\\/www.claret.cat\\\/?page_id=16\",\"nextItem\":{\"@type\":\"ListItem\",\"@id\":\"https:\\\/\\\/www.claret.cat\\\/categoria-producto\\\/cat\\\/#listItem\",\"name\":\"CAT\"},\"previousItem\":{\"@type\":\"ListItem\",\"@id\":\"https:\\\/\\\/www.claret.cat\\\/es\\\/#listItem\",\"name\":\"Home\"}},{\"@type\":\"ListItem\",\"@id\":\"https:\\\/\\\/www.claret.cat\\\/categoria-producto\\\/cat\\\/#listItem\",\"position\":3,\"name\":\"CAT\",\"item\":\"https:\\\/\\\/www.claret.cat\\\/categoria-producto\\\/cat\\\/\",\"nextItem\":{\"@type\":\"ListItem\",\"@id\":\"https:\\\/\\\/www.claret.cat\\\/categoria-producto\\\/cat\\\/2_humanitats\\\/#listItem\",\"name\":\"Humanitats\"},\"previousItem\":{\"@type\":\"ListItem\",\"@id\":\"https:\\\/\\\/www.claret.cat\\\/?page_id=16#listItem\",\"name\":\"Botiga\"}},{\"@type\":\"ListItem\",\"@id\":\"https:\\\/\\\/www.claret.cat\\\/categoria-producto\\\/cat\\\/2_humanitats\\\/#listItem\",\"position\":4,\"name\":\"Humanitats\",\"item\":\"https:\\\/\\\/www.claret.cat\\\/categoria-producto\\\/cat\\\/2_humanitats\\\/\",\"nextItem\":{\"@type\":\"ListItem\",\"@id\":\"https:\\\/\\\/www.claret.cat\\\/categoria-producto\\\/cat\\\/2_humanitats\\\/historia\\\/#listItem\",\"name\":\"Hist\\u00f2ria\"},\"previousItem\":{\"@type\":\"ListItem\",\"@id\":\"https:\\\/\\\/www.claret.cat\\\/categoria-producto\\\/cat\\\/#listItem\",\"name\":\"CAT\"}},{\"@type\":\"ListItem\",\"@id\":\"https:\\\/\\\/www.claret.cat\\\/categoria-producto\\\/cat\\\/2_humanitats\\\/historia\\\/#listItem\",\"position\":5,\"name\":\"Hist\\u00f2ria\",\"item\":\"https:\\\/\\\/www.claret.cat\\\/categoria-producto\\\/cat\\\/2_humanitats\\\/historia\\\/\",\"nextItem\":{\"@type\":\"ListItem\",\"@id\":\"https:\\\/\\\/www.claret.cat\\\/es\\\/libro\\\/travesias-historicas-9788415673293\\\/#listItem\",\"name\":\"TRAVES\\u00cdAS HIST\\u00d3RICAS\"},\"previousItem\":{\"@type\":\"ListItem\",\"@id\":\"https:\\\/\\\/www.claret.cat\\\/categoria-producto\\\/cat\\\/2_humanitats\\\/#listItem\",\"name\":\"Humanitats\"}},{\"@type\":\"ListItem\",\"@id\":\"https:\\\/\\\/www.claret.cat\\\/es\\\/libro\\\/travesias-historicas-9788415673293\\\/#listItem\",\"position\":6,\"name\":\"TRAVES\\u00cdAS HIST\\u00d3RICAS\",\"previousItem\":{\"@type\":\"ListItem\",\"@id\":\"https:\\\/\\\/www.claret.cat\\\/categoria-producto\\\/cat\\\/2_humanitats\\\/historia\\\/#listItem\",\"name\":\"Hist\\u00f2ria\"}}]},{\"@type\":\"ItemPage\",\"@id\":\"https:\\\/\\\/www.claret.cat\\\/es\\\/libro\\\/travesias-historicas-9788415673293\\\/#itempage\",\"url\":\"https:\\\/\\\/www.claret.cat\\\/es\\\/libro\\\/travesias-historicas-9788415673293\\\/\",\"name\":\"TRAVES\\u00cdAS HIST\\u00d3RICAS - D\\u00cdAZ P\\u00c9REZ, EVA 9788415673293 | Llibreria Claret\",\"description\":\"TRAVES\\u00cdAS HIST\\u00d3RICAS de D\\u00cdAZ P\\u00c9REZ, EVA disponible a\\\/en Llibreria Claret.\",\"inLanguage\":\"es-ES\",\"isPartOf\":{\"@id\":\"https:\\\/\\\/www.claret.cat\\\/es\\\/#website\"},\"breadcrumb\":{\"@id\":\"https:\\\/\\\/www.claret.cat\\\/es\\\/libro\\\/travesias-historicas-9788415673293\\\/#breadcrumblist\"},\"image\":{\"@type\":\"ImageObject\",\"url\":\"https:\\\/\\\/www.claret.cat\\\/wp-content\\\/uploads\\\/.\\\/9788415673293.jpg\",\"@id\":\"https:\\\/\\\/www.claret.cat\\\/es\\\/libro\\\/travesias-historicas-9788415673293\\\/#mainImage\",\"width\":225,\"height\":344,\"caption\":\"9788415673293.jpg\"},\"primaryImageOfPage\":{\"@id\":\"https:\\\/\\\/www.claret.cat\\\/es\\\/libro\\\/travesias-historicas-9788415673293\\\/#mainImage\"},\"datePublished\":\"2022-10-20T14:17:44+02:00\",\"dateModified\":\"2023-01-28T22:23:55+01:00\"},{\"@type\":\"Organization\",\"@id\":\"https:\\\/\\\/www.claret.cat\\\/es\\\/#organization\",\"name\":\"Llibreria Claret\",\"description\":\"Llibreria religiosa a Barcelona\",\"url\":\"https:\\\/\\\/www.claret.cat\\\/es\\\/\",\"email\":\"comunicacio@claret.cat\",\"telephone\":\"+34933010887\",\"logo\":{\"@type\":\"ImageObject\",\"url\":\"https:\\\/\\\/www.claret.cat\\\/wp-content\\\/uploads\\\/.\\\/logo-claret-es.png\",\"@id\":\"https:\\\/\\\/www.claret.cat\\\/es\\\/libro\\\/travesias-historicas-9788415673293\\\/#organizationLogo\",\"width\":195,\"height\":79},\"image\":{\"@id\":\"https:\\\/\\\/www.claret.cat\\\/es\\\/libro\\\/travesias-historicas-9788415673293\\\/#organizationLogo\"},\"sameAs\":[\"https:\\\/\\\/www.facebook.com\\\/LlibreriaClaret\",\"https:\\\/\\\/twitter.com\\\/LlibreriaClaret\",\"https:\\\/\\\/www.instagram.com\\\/llibreriaclaret\\\/\",\"https:\\\/\\\/www.tiktok.com\\\/@llibreriaclaret\",\"https:\\\/\\\/www.youtube.com\\\/@llibreriaclaret\",\"https:\\\/\\\/ca.wikipedia.org\\\/wiki\\\/Editorial_Claret\"]},{\"@type\":\"WebPage\",\"@id\":\"https:\\\/\\\/www.claret.cat\\\/es\\\/libro\\\/travesias-historicas-9788415673293\\\/#webpage\",\"url\":\"https:\\\/\\\/www.claret.cat\\\/es\\\/libro\\\/travesias-historicas-9788415673293\\\/\",\"name\":\"TRAVES\\u00cdAS HIST\\u00d3RICAS - D\\u00cdAZ P\\u00c9REZ, EVA 9788415673293 | Llibreria Claret\",\"description\":\"TRAVES\\u00cdAS HIST\\u00d3RICAS de D\\u00cdAZ P\\u00c9REZ, EVA disponible a\\\/en Llibreria Claret.\",\"inLanguage\":\"es-ES\",\"isPartOf\":{\"@id\":\"https:\\\/\\\/www.claret.cat\\\/es\\\/#website\"},\"breadcrumb\":{\"@id\":\"https:\\\/\\\/www.claret.cat\\\/es\\\/libro\\\/travesias-historicas-9788415673293\\\/#breadcrumblist\"},\"image\":{\"@type\":\"ImageObject\",\"url\":\"https:\\\/\\\/www.claret.cat\\\/wp-content\\\/uploads\\\/.\\\/9788415673293.jpg\",\"@id\":\"https:\\\/\\\/www.claret.cat\\\/es\\\/libro\\\/travesias-historicas-9788415673293\\\/#mainImage\",\"width\":225,\"height\":344,\"caption\":\"9788415673293.jpg\"},\"primaryImageOfPage\":{\"@id\":\"https:\\\/\\\/www.claret.cat\\\/es\\\/libro\\\/travesias-historicas-9788415673293\\\/#mainImage\"},\"datePublished\":\"2022-10-20T14:17:44+02:00\",\"dateModified\":\"2023-01-28T22:23:55+01:00\"},{\"@type\":\"WebSite\",\"@id\":\"https:\\\/\\\/www.claret.cat\\\/es\\\/#website\",\"url\":\"https:\\\/\\\/www.claret.cat\\\/es\\\/\",\"name\":\"Llibreria Claret Barcelona\",\"alternateName\":\"Llibreria Claret\",\"description\":\"Llibreria religiosa a Barcelona\",\"inLanguage\":\"es-ES\",\"publisher\":{\"@id\":\"https:\\\/\\\/www.claret.cat\\\/es\\\/#organization\"}}]}\n\t\t<\/script>\n\t\t<!-- All in One SEO Pro -->\r\n\t\t<title>TRAVES\u00cdAS HIST\u00d3RICAS - D\u00cdAZ P\u00c9REZ, EVA 9788415673293 | Llibreria Claret<\/title>\n\n","aioseo_head_json":{"title":"TRAVES\u00cdAS HIST\u00d3RICAS - D\u00cdAZ P\u00c9REZ, EVA 9788415673293 | Llibreria Claret","description":"TRAVES\u00cdAS HIST\u00d3RICAS de D\u00cdAZ P\u00c9REZ, EVA disponible a\/en Llibreria Claret.","canonical_url":"https:\/\/www.claret.cat\/es\/libro\/travesias-historicas-9788415673293\/","robots":"max-image-preview:large","keywords":"","webmasterTools":{"google-site-verification":"xVtlFxJ-TfkIu-D-lt7XeLobefg5EIQiXTuqcSf8Rf0","miscellaneous":""},"schema":{"@context":"https:\/\/schema.org","@graph":[{"@type":"BreadcrumbList","@id":"https:\/\/www.claret.cat\/es\/libro\/travesias-historicas-9788415673293\/#breadcrumblist","itemListElement":[{"@type":"ListItem","@id":"https:\/\/www.claret.cat\/es\/#listItem","position":1,"name":"Home","item":"https:\/\/www.claret.cat\/es\/","nextItem":{"@type":"ListItem","@id":"https:\/\/www.claret.cat\/?page_id=16#listItem","name":"Botiga"}},{"@type":"ListItem","@id":"https:\/\/www.claret.cat\/?page_id=16#listItem","position":2,"name":"Botiga","item":"https:\/\/www.claret.cat\/?page_id=16","nextItem":{"@type":"ListItem","@id":"https:\/\/www.claret.cat\/categoria-producto\/cat\/#listItem","name":"CAT"},"previousItem":{"@type":"ListItem","@id":"https:\/\/www.claret.cat\/es\/#listItem","name":"Home"}},{"@type":"ListItem","@id":"https:\/\/www.claret.cat\/categoria-producto\/cat\/#listItem","position":3,"name":"CAT","item":"https:\/\/www.claret.cat\/categoria-producto\/cat\/","nextItem":{"@type":"ListItem","@id":"https:\/\/www.claret.cat\/categoria-producto\/cat\/2_humanitats\/#listItem","name":"Humanitats"},"previousItem":{"@type":"ListItem","@id":"https:\/\/www.claret.cat\/?page_id=16#listItem","name":"Botiga"}},{"@type":"ListItem","@id":"https:\/\/www.claret.cat\/categoria-producto\/cat\/2_humanitats\/#listItem","position":4,"name":"Humanitats","item":"https:\/\/www.claret.cat\/categoria-producto\/cat\/2_humanitats\/","nextItem":{"@type":"ListItem","@id":"https:\/\/www.claret.cat\/categoria-producto\/cat\/2_humanitats\/historia\/#listItem","name":"Hist\u00f2ria"},"previousItem":{"@type":"ListItem","@id":"https:\/\/www.claret.cat\/categoria-producto\/cat\/#listItem","name":"CAT"}},{"@type":"ListItem","@id":"https:\/\/www.claret.cat\/categoria-producto\/cat\/2_humanitats\/historia\/#listItem","position":5,"name":"Hist\u00f2ria","item":"https:\/\/www.claret.cat\/categoria-producto\/cat\/2_humanitats\/historia\/","nextItem":{"@type":"ListItem","@id":"https:\/\/www.claret.cat\/es\/libro\/travesias-historicas-9788415673293\/#listItem","name":"TRAVES\u00cdAS HIST\u00d3RICAS"},"previousItem":{"@type":"ListItem","@id":"https:\/\/www.claret.cat\/categoria-producto\/cat\/2_humanitats\/#listItem","name":"Humanitats"}},{"@type":"ListItem","@id":"https:\/\/www.claret.cat\/es\/libro\/travesias-historicas-9788415673293\/#listItem","position":6,"name":"TRAVES\u00cdAS HIST\u00d3RICAS","previousItem":{"@type":"ListItem","@id":"https:\/\/www.claret.cat\/categoria-producto\/cat\/2_humanitats\/historia\/#listItem","name":"Hist\u00f2ria"}}]},{"@type":"ItemPage","@id":"https:\/\/www.claret.cat\/es\/libro\/travesias-historicas-9788415673293\/#itempage","url":"https:\/\/www.claret.cat\/es\/libro\/travesias-historicas-9788415673293\/","name":"TRAVES\u00cdAS HIST\u00d3RICAS - D\u00cdAZ P\u00c9REZ, EVA 9788415673293 | Llibreria Claret","description":"TRAVES\u00cdAS HIST\u00d3RICAS de D\u00cdAZ P\u00c9REZ, EVA disponible a\/en Llibreria Claret.","inLanguage":"es-ES","isPartOf":{"@id":"https:\/\/www.claret.cat\/es\/#website"},"breadcrumb":{"@id":"https:\/\/www.claret.cat\/es\/libro\/travesias-historicas-9788415673293\/#breadcrumblist"},"image":{"@type":"ImageObject","url":"https:\/\/www.claret.cat\/wp-content\/uploads\/.\/9788415673293.jpg","@id":"https:\/\/www.claret.cat\/es\/libro\/travesias-historicas-9788415673293\/#mainImage","width":225,"height":344,"caption":"9788415673293.jpg"},"primaryImageOfPage":{"@id":"https:\/\/www.claret.cat\/es\/libro\/travesias-historicas-9788415673293\/#mainImage"},"datePublished":"2022-10-20T14:17:44+02:00","dateModified":"2023-01-28T22:23:55+01:00"},{"@type":"Organization","@id":"https:\/\/www.claret.cat\/es\/#organization","name":"Llibreria Claret","description":"Llibreria religiosa a Barcelona","url":"https:\/\/www.claret.cat\/es\/","email":"comunicacio@claret.cat","telephone":"+34933010887","logo":{"@type":"ImageObject","url":"https:\/\/www.claret.cat\/wp-content\/uploads\/.\/logo-claret-es.png","@id":"https:\/\/www.claret.cat\/es\/libro\/travesias-historicas-9788415673293\/#organizationLogo","width":195,"height":79},"image":{"@id":"https:\/\/www.claret.cat\/es\/libro\/travesias-historicas-9788415673293\/#organizationLogo"},"sameAs":["https:\/\/www.facebook.com\/LlibreriaClaret","https:\/\/twitter.com\/LlibreriaClaret","https:\/\/www.instagram.com\/llibreriaclaret\/","https:\/\/www.tiktok.com\/@llibreriaclaret","https:\/\/www.youtube.com\/@llibreriaclaret","https:\/\/ca.wikipedia.org\/wiki\/Editorial_Claret"]},{"@type":"WebPage","@id":"https:\/\/www.claret.cat\/es\/libro\/travesias-historicas-9788415673293\/#webpage","url":"https:\/\/www.claret.cat\/es\/libro\/travesias-historicas-9788415673293\/","name":"TRAVES\u00cdAS HIST\u00d3RICAS - D\u00cdAZ P\u00c9REZ, EVA 9788415673293 | Llibreria Claret","description":"TRAVES\u00cdAS HIST\u00d3RICAS de D\u00cdAZ P\u00c9REZ, EVA disponible a\/en Llibreria Claret.","inLanguage":"es-ES","isPartOf":{"@id":"https:\/\/www.claret.cat\/es\/#website"},"breadcrumb":{"@id":"https:\/\/www.claret.cat\/es\/libro\/travesias-historicas-9788415673293\/#breadcrumblist"},"image":{"@type":"ImageObject","url":"https:\/\/www.claret.cat\/wp-content\/uploads\/.\/9788415673293.jpg","@id":"https:\/\/www.claret.cat\/es\/libro\/travesias-historicas-9788415673293\/#mainImage","width":225,"height":344,"caption":"9788415673293.jpg"},"primaryImageOfPage":{"@id":"https:\/\/www.claret.cat\/es\/libro\/travesias-historicas-9788415673293\/#mainImage"},"datePublished":"2022-10-20T14:17:44+02:00","dateModified":"2023-01-28T22:23:55+01:00"},{"@type":"WebSite","@id":"https:\/\/www.claret.cat\/es\/#website","url":"https:\/\/www.claret.cat\/es\/","name":"Llibreria Claret Barcelona","alternateName":"Llibreria Claret","description":"Llibreria religiosa a Barcelona","inLanguage":"es-ES","publisher":{"@id":"https:\/\/www.claret.cat\/es\/#organization"}}]},"og:locale":"es_ES","og:site_name":"Llibreria Claret - Llibreria religiosa a Barcelona","og:type":"article","og:title":"TRAVES\u00cdAS HIST\u00d3RICAS - D\u00cdAZ P\u00c9REZ, EVA 9788415673293 | Llibreria Claret","og:description":"TRAVES\u00cdAS HIST\u00d3RICAS de D\u00cdAZ P\u00c9REZ, EVA disponible a\/en Llibreria Claret.","og:url":"https:\/\/www.claret.cat\/es\/libro\/travesias-historicas-9788415673293\/","og:image":"https:\/\/dev.claret.cat\/wp-content\/uploads\/logo-claret.svg","og:image:secure_url":"https:\/\/dev.claret.cat\/wp-content\/uploads\/logo-claret.svg","article:published_time":"2022-10-20T12:17:44+00:00","article:modified_time":"2023-01-28T21:23:55+00:00","article:publisher":"https:\/\/www.facebook.com\/LlibreriaClaret","twitter:card":"summary_large_image","twitter:site":"@LlibreriaClaret","twitter:title":"TRAVES\u00cdAS HIST\u00d3RICAS - D\u00cdAZ P\u00c9REZ, EVA 9788415673293 | Llibreria Claret","twitter:description":"TRAVES\u00cdAS HIST\u00d3RICAS de D\u00cdAZ P\u00c9REZ, EVA disponible a\/en Llibreria Claret.","twitter:image":"http:\/\/dev.claret.cat\/wp-content\/uploads\/logo-claret.svg"},"aioseo_meta_data":{"post_id":"217052","title":null,"description":null,"keywords":null,"keyphrases":null,"primary_term":null,"canonical_url":null,"og_title":null,"og_description":null,"og_object_type":"default","og_image_type":"default","og_image_url":null,"og_image_width":null,"og_image_height":null,"og_image_custom_url":null,"og_image_custom_fields":null,"og_video":null,"og_custom_url":null,"og_article_section":null,"og_article_tags":null,"twitter_use_og":false,"twitter_card":"default","twitter_image_type":"default","twitter_image_url":null,"twitter_image_custom_url":null,"twitter_image_custom_fields":null,"twitter_title":null,"twitter_description":null,"schema":{"blockGraphs":[],"customGraphs":[],"default":{"data":{"Article":[],"Course":[],"Dataset":[],"FAQPage":[],"Movie":[],"Person":[],"Product":[],"ProductReview":[],"Car":[],"Recipe":[],"Service":[],"SoftwareApplication":[],"WebPage":[]},"graphName":"","isEnabled":true},"graphs":[]},"schema_type":"default","schema_type_options":null,"pillar_content":false,"robots_default":true,"robots_noindex":false,"robots_noarchive":false,"robots_nosnippet":false,"robots_nofollow":false,"robots_noimageindex":false,"robots_noodp":false,"robots_notranslate":false,"robots_max_snippet":null,"robots_max_videopreview":null,"robots_max_imagepreview":"large","priority":null,"frequency":null,"local_seo":null,"seo_analyzer_scan_date":"2025-11-21 00:31:11","breadcrumb_settings":null,"limit_modified_date":false,"open_ai":null,"ai":null,"created":"2022-12-21 12:25:40","updated":"2025-11-21 00:31:11","focus_keyword":null,"additional_keywords":null,"truseo_locale":null},"aioseo_breadcrumb":"<div class=\"aioseo-breadcrumbs\"><span class=\"aioseo-breadcrumb\">\n\t<a href=\"https:\/\/www.claret.cat\/es\/\" title=\"Home\">Home<\/a>\n<\/span><span class=\"aioseo-breadcrumb-separator\">&raquo;<\/span><span class=\"aioseo-breadcrumb\">\n\t<a href=\"https:\/\/www.claret.cat\/?page_id=16\" title=\"Botiga\">Botiga<\/a>\n<\/span><span class=\"aioseo-breadcrumb-separator\">&raquo;<\/span><span class=\"aioseo-breadcrumb\">\n\t<a href=\"https:\/\/www.claret.cat\/categoria-producto\/cat\/\" title=\"CAT\">CAT<\/a>\n<\/span><span class=\"aioseo-breadcrumb-separator\">&raquo;<\/span><span class=\"aioseo-breadcrumb\">\n\t<a href=\"https:\/\/www.claret.cat\/categoria-producto\/cat\/2_humanitats\/\" title=\"Humanitats\">Humanitats<\/a>\n<\/span><span class=\"aioseo-breadcrumb-separator\">&raquo;<\/span><span class=\"aioseo-breadcrumb\">\n\t<a href=\"https:\/\/www.claret.cat\/categoria-producto\/cat\/2_humanitats\/historia\/\" title=\"Hist\u00f2ria\">Hist\u00f2ria<\/a>\n<\/span><span class=\"aioseo-breadcrumb-separator\">&raquo;<\/span><span class=\"aioseo-breadcrumb\">\n\tTRAVES\u00cdAS HIST\u00d3RICAS\n<\/span><\/div>","aioseo_breadcrumb_json":[{"label":"Home","link":"https:\/\/www.claret.cat\/es\/"},{"label":"Botiga","link":"https:\/\/www.claret.cat\/?page_id=16"},{"label":"CAT","link":"https:\/\/www.claret.cat\/categoria-producto\/cat\/"},{"label":"Humanitats","link":"https:\/\/www.claret.cat\/categoria-producto\/cat\/2_humanitats\/"},{"label":"Hist\u00f2ria","link":"https:\/\/www.claret.cat\/categoria-producto\/cat\/2_humanitats\/historia\/"},{"label":"TRAVES\u00cdAS HIST\u00d3RICAS","link":"https:\/\/www.claret.cat\/es\/libro\/travesias-historicas-9788415673293\/"}],"_links":{"self":[{"href":"https:\/\/www.claret.cat\/es\/wp-json\/wp\/v2\/product\/217052","targetHints":{"allow":["GET"]}}],"collection":[{"href":"https:\/\/www.claret.cat\/es\/wp-json\/wp\/v2\/product"}],"about":[{"href":"https:\/\/www.claret.cat\/es\/wp-json\/wp\/v2\/types\/product"}],"wp:featuredmedia":[{"embeddable":true,"href":"https:\/\/www.claret.cat\/es\/wp-json\/wp\/v2\/media\/217053"}],"wp:attachment":[{"href":"https:\/\/www.claret.cat\/es\/wp-json\/wp\/v2\/media?parent=217052"}],"wp:term":[{"taxonomy":"product_brand","embeddable":true,"href":"https:\/\/www.claret.cat\/es\/wp-json\/wp\/v2\/product_brand?post=217052"},{"taxonomy":"product_cat","embeddable":true,"href":"https:\/\/www.claret.cat\/es\/wp-json\/wp\/v2\/product_cat?post=217052"},{"taxonomy":"product_tag","embeddable":true,"href":"https:\/\/www.claret.cat\/es\/wp-json\/wp\/v2\/product_tag?post=217052"}],"curies":[{"name":"wp","href":"https:\/\/api.w.org\/{rel}","templated":true}]}}