{"id":222,"date":"2022-07-27T15:08:49","date_gmt":"2022-07-27T13:08:49","guid":{"rendered":"http:\/\/dev.claret.cat\/producto\/el-naufrago-feliz-9788412401943\/"},"modified":"2025-01-31T15:27:09","modified_gmt":"2025-01-31T14:27:09","slug":"el-naufrago-feliz-9788412401943","status":"publish","type":"product","link":"https:\/\/www.claret.cat\/es\/libro\/el-naufrago-feliz-9788412401943\/","title":{"rendered":"EL N\u00c1UFRAGO FELIZ"},"content":{"rendered":"<p>Una tierna historia de amor situada en la Barcelona de los a\u00f1os cincuenta, que se lee sin dejar de sonre\u00edr.<\/p>\n<p>Un escritor de \u00e9xito retirado con s\u00f3lo 42 a\u00f1os, y que en este momento ejerce de traductor, es v\u00edctima de un accidente de tr\u00e1fico sin trascendencia, pero que le causa da\u00f1os leves en la mu\u00f1eca, por lo que deber\u00e1 tomarse un per\u00edodo de reposo. Ocioso por obligaci\u00f3n, aprovecha esta pausa para recordar c\u00f3mo conoci\u00f3 por casualidad a Mar\u00eda&#8230; cuando \u00e9l era considerado por todos el ni\u00f1o prodigio de la literatura catalana, se pavoneaba de sus \u00e9xitos y estaba bastante perdido en la vida. <\/p>\n<p>Una peque\u00f1a joya olvidada.<\/p>\n","protected":false},"excerpt":{"rendered":"<p>FOLCH I CAMARASA, RAMON<\/p>\n","protected":false},"featured_media":53573,"template":"","meta":{"_acf_changed":false,"om_disable_all_campaigns":false,"rs_blank_template":"","rs_page_bg_color":"","slide_template_v7":"","inline_featured_image":false,"_monsterinsights_skip_tracking":false,"_monsterinsights_sitenote_active":false,"_monsterinsights_sitenote_note":"","_monsterinsights_sitenote_category":0},"product_brand":[],"product_cat":[127,357],"product_tag":[],"class_list":{"0":"post-222","1":"product","2":"type-product","3":"status-publish","4":"has-post-thumbnail","6":"product_cat-novella-contemporania","7":"product_cat-novela-contemporanea","9":"first","10":"instock","11":"taxable","12":"shipping-taxable","13":"purchasable","14":"product-type-simple"},"acf":{"autor":"FOLCH I CAMARASA, RAMON","codart":"841240194","ediciones":"1","encuadernacion":"R\u00fastica","fecha_de_publicacion":"01\/06\/2022","novedad":"1","paginas":"188","subtitulo":"","orden":"0","portada":"0","idioma":"spa","libros-coleccion":"Peque\u00f1os Placeres","autores-libros":[{"ID":5965,"post_author":"3","post_date":"2022-07-28 17:35:18","post_date_gmt":"2022-07-28 15:35:18","post_content":"","post_title":"RAMON FOLCH I CAMARASA","post_excerpt":"","post_status":"publish","comment_status":"closed","ping_status":"closed","post_password":"","post_name":"ramon-folch-i-camarasa","to_ping":"","pinged":"","post_modified":"2022-07-28 17:35:18","post_modified_gmt":"2022-07-28 15:35:18","post_content_filtered":"","post_parent":0,"guid":"http:\/\/dev.claret.cat\/autor\/ramon-folch-i-camarasa\/","menu_order":0,"post_type":"autor","post_mime_type":"","comment_count":"0","filter":"raw"}],"editorial":[{"ID":6203,"post_author":"3","post_date":"2022-07-28 17:47:04","post_date_gmt":"2022-07-28 15:47:04","post_content":"","post_title":"EDICIONES INVISIBLES","post_excerpt":"","post_status":"publish","comment_status":"closed","ping_status":"closed","post_password":"","post_name":"ediciones-invisibles","to_ping":"","pinged":"","post_modified":"2022-07-28 17:47:04","post_modified_gmt":"2022-07-28 15:47:04","post_content_filtered":"","post_parent":0,"guid":"http:\/\/dev.claret.cat\/editorial\/ediciones-invisibles\/","menu_order":0,"post_type":"editorial","post_mime_type":"","comment_count":"0","filter":"raw"}]},"aioseo_notices":[],"_links":{"self":[{"href":"https:\/\/www.claret.cat\/es\/wp-json\/wp\/v2\/product\/222","targetHints":{"allow":["GET"]}}],"collection":[{"href":"https:\/\/www.claret.cat\/es\/wp-json\/wp\/v2\/product"}],"about":[{"href":"https:\/\/www.claret.cat\/es\/wp-json\/wp\/v2\/types\/product"}],"wp:featuredmedia":[{"embeddable":true,"href":"https:\/\/www.claret.cat\/es\/wp-json\/wp\/v2\/media\/53573"}],"wp:attachment":[{"href":"https:\/\/www.claret.cat\/es\/wp-json\/wp\/v2\/media?parent=222"}],"wp:term":[{"taxonomy":"product_brand","embeddable":true,"href":"https:\/\/www.claret.cat\/es\/wp-json\/wp\/v2\/product_brand?post=222"},{"taxonomy":"product_cat","embeddable":true,"href":"https:\/\/www.claret.cat\/es\/wp-json\/wp\/v2\/product_cat?post=222"},{"taxonomy":"product_tag","embeddable":true,"href":"https:\/\/www.claret.cat\/es\/wp-json\/wp\/v2\/product_tag?post=222"}],"curies":[{"name":"wp","href":"https:\/\/api.w.org\/{rel}","templated":true}]}}