{"id":22754,"date":"2022-10-02T09:53:26","date_gmt":"2022-10-02T07:53:26","guid":{"rendered":"http:\/\/dev.claret.cat\/producte\/espirituals-sense-religio\/"},"modified":"2023-11-17T12:16:01","modified_gmt":"2023-11-17T11:16:01","slug":"espirituals-sense-religio-9788415518150","status":"publish","type":"product","link":"https:\/\/www.claret.cat\/es\/libro\/espirituals-sense-religio-9788415518150\/","title":{"rendered":"ESPIRITUALS SENSE RELIGI\u00d3"},"content":{"rendered":"<p>\u00bf\u00c9s possible una espiritualitat sense religi\u00f3? \u00bfEl marc religi\u00f3s \u00e9s l&#8221;\u00fanic on l&#8221;espiritualitat es pot desplegar? \u00bfExisteix una espiritualitat desvinculada de la religi\u00f3? Aquest llibre neix de la necessitat de saber fins a quin punt all\u00f2 que molts plantegen, auguren o neguen, ja s&#8221;est\u00e0 vivint. D\u00f3na la paraula a una espiritualitat que vessa m\u00e9s enll\u00e0, m\u00e9s en\u00e7\u00e0 i m\u00e9s endins de les religions; que tot just balbuceja fora de la llera institucional, somoguda encara per la consci\u00e8ncia de n\u00e9ixer a quelcom de nou.<\/p>\n<p> Les persones entrevistades en aquest llibre -Oriol Texidor, L\u00eddia Pujol, Carles Duarte, Gustavo Duch, Laia Montserrat, Josep M. Vigat\u00e0, Agust\u00ed P\u00e0niker, Natxo Tarr\u00e9s, Teresa Guardans, Maria Rosa Lloveras, Ignasi Dies, Jordi Pigem, Jaume Gillamon Villalba, Anna Caixach i Joan Antoni Mel\u00e9- expliquen que l&#8221;espiritualitat \u00e9s una experi\u00e8ncia que no t\u00e9 paraules; que conforma la vida i que s&#8221;encarna en la quotidianitat del m\u00f3n; que t\u00e9 una lit\u00fargia i unes formes que li s\u00f3n pr\u00f2pies. \u00bfQuina \u00e9s, doncs, la difer\u00e8ncia? Una voluntat de voler viure l&#8221;espiritualitat al marge o a la frontera de les estructures religioses, perqu\u00e8 no responen a les seves necessitats, perqu\u00e8 no les consideren necess\u00e0ries. Viuen \u00absense religi\u00f3\u00bb, per\u00f2 no d&#8221;esquena ni en contra del fet religi\u00f3s ni de la saviesa de les tradicions religioses.<\/p>\n","protected":false},"excerpt":{"rendered":"<p>DE AHUMADA BATLLE, LAIA<\/p>\n","protected":false},"featured_media":306616,"template":"","meta":{"_acf_changed":false,"om_disable_all_campaigns":false,"rs_blank_template":"","rs_page_bg_color":"","slide_template_v7":"","inline_featured_image":false,"_monsterinsights_skip_tracking":false,"_monsterinsights_sitenote_active":false,"_monsterinsights_sitenote_note":"","_monsterinsights_sitenote_category":0},"product_brand":[],"product_cat":[345,79,350,84],"product_tag":[],"class_list":{"0":"post-22754","1":"product","2":"type-product","3":"status-publish","4":"has-post-thumbnail","6":"product_cat-espiritualidad","7":"product_cat-espiritualitat","8":"product_cat-sociologia-2_humanidades","9":"product_cat-sociologia","11":"first","12":"instock","13":"taxable","14":"shipping-taxable","15":"purchasable","16":"product-type-simple"},"acf":{"autor":"DE AHUMADA BATLLE, LAIA","codart":"841551815","libros-coleccion":"Assaig","ediciones":"1","encuadernacion":"R\u00fastica","fecha_de_publicacion":"01\/03\/2015","novedad":"0","paginas":"259","subtitulo":"","orden":"999","portada":"0","idioma":"cat","editorial":[{"ID":6258,"post_author":"3","post_date":"2022-07-28 17:48:20","post_date_gmt":"2022-07-28 15:48:20","post_content":"","post_title":"FRAGMENTA EDITORIAL","post_excerpt":"","post_status":"publish","comment_status":"closed","ping_status":"closed","post_password":"","post_name":"fragmenta-editorial","to_ping":"","pinged":"","post_modified":"2022-07-28 17:48:20","post_modified_gmt":"2022-07-28 15:48:20","post_content_filtered":"","post_parent":0,"guid":"http:\/\/dev.claret.cat\/editorial\/fragmenta-editorial\/","menu_order":0,"post_type":"editorial","post_mime_type":"","comment_count":"0","filter":"raw"}],"autores-libros":[{"ID":161832,"post_author":"3","post_date":"2022-10-14 17:26:13","post_date_gmt":"2022-10-14 15:26:13","post_content":"","post_title":"LAIA DE AHUMADA BATLLE","post_excerpt":"","post_status":"publish","comment_status":"closed","ping_status":"closed","post_password":"","post_name":"laia-de-ahumada-batlle","to_ping":"","pinged":"","post_modified":"2022-10-14 17:26:13","post_modified_gmt":"2022-10-14 15:26:13","post_content_filtered":"","post_parent":0,"guid":"http:\/\/dev.claret.cat\/autor\/laia-de-ahumada-batlle\/","menu_order":0,"post_type":"autor","post_mime_type":"","comment_count":"0","filter":"raw"}]},"aioseo_notices":[],"_links":{"self":[{"href":"https:\/\/www.claret.cat\/es\/wp-json\/wp\/v2\/product\/22754","targetHints":{"allow":["GET"]}}],"collection":[{"href":"https:\/\/www.claret.cat\/es\/wp-json\/wp\/v2\/product"}],"about":[{"href":"https:\/\/www.claret.cat\/es\/wp-json\/wp\/v2\/types\/product"}],"wp:featuredmedia":[{"embeddable":true,"href":"https:\/\/www.claret.cat\/es\/wp-json\/wp\/v2\/media\/306616"}],"wp:attachment":[{"href":"https:\/\/www.claret.cat\/es\/wp-json\/wp\/v2\/media?parent=22754"}],"wp:term":[{"taxonomy":"product_brand","embeddable":true,"href":"https:\/\/www.claret.cat\/es\/wp-json\/wp\/v2\/product_brand?post=22754"},{"taxonomy":"product_cat","embeddable":true,"href":"https:\/\/www.claret.cat\/es\/wp-json\/wp\/v2\/product_cat?post=22754"},{"taxonomy":"product_tag","embeddable":true,"href":"https:\/\/www.claret.cat\/es\/wp-json\/wp\/v2\/product_tag?post=22754"}],"curies":[{"name":"wp","href":"https:\/\/api.w.org\/{rel}","templated":true}]}}