{"id":228576,"date":"2022-10-20T18:40:45","date_gmt":"2022-10-20T16:40:45","guid":{"rendered":"http:\/\/dev.claret.cat\/producte\/a-flor-de-piel-3\/"},"modified":"2023-01-28T22:44:06","modified_gmt":"2023-01-28T21:44:06","slug":"a-flor-de-piel-9788432229350","status":"publish","type":"product","link":"https:\/\/www.claret.cat\/es\/libro\/a-flor-de-piel-9788432229350\/","title":{"rendered":"A FLOR DE PIEL"},"content":{"rendered":"<p>El 30 de noviembre de 1803, una corbeta zarpa del\u00a0puerto de La Coru\u00f1a entre v\u00edtores y aplausos. En su\u00a0interior viajan veintid\u00f3s ni\u00f1os hu\u00e9rfanos cuya misi\u00f3n\u00a0consiste en llevar la reci\u00e9n descubierta vacuna de la\u00a0viruela a los territorios de Ultramar. Los acompa\u00f1a\u00a0Isabel Zendal, encargada de cuidarlos. Los h\u00e9roes de\u00a0esta descabellada expedici\u00f3n, dirigida por el m\u00e9dico\u00a0Francisco Xavier Balmis y su ayudante Josep Salvany,\u00a0sobrevivir\u00e1n a temporales y naufragios, se enfrentar\u00e1n\u00a0a la oposici\u00f3n del clero, a la corrupci\u00f3n de los oficiales\u00a0y a la codicia de quienes buscan lucrarse a costa de los\u00a0desamparados.\u00a0<\/p>\n<p>Si al final esta aventura se convirti\u00f3 en la mayor\u00a0proeza humanitaria de la Historia, se debi\u00f3 no s\u00f3lo al\u00a0coraje de aquellos ni\u00f1os que se vieron abocados a salvar\u00a0las vidas de tant\u00edsima gente, sino tambi\u00e9n al arrojo\u00a0de los dos directores, hombres sin miedo que se disputaron\u00a0el amor de la \u00fanica mujer a bordo.\u00a0<\/p>\n<p>A ra\u00edz del descubrimiento de la identidad de Isabel\u00a0Zendal, Javier Moro, autor de Pasi\u00f3n india y El imperio\u00a0eres t\u00fa, reconstruye una prodigiosa epopeya de la mano\u00a0de un personaje femenino inolvidable. Los protagonistas\u00a0de A flor de piel, desgarrados entre la pasi\u00f3n de salvar\u00a0al mundo y la necesidad de salvarse a s\u00ed mismos,\u00a0son como luces en el horizonte oscuro del final de una\u00a0\u00e9poca.<\/p>\n","protected":false},"excerpt":{"rendered":"<p>MORO, JAVIER<\/p>\n","protected":false},"featured_media":228577,"template":"","meta":{"_acf_changed":false,"om_disable_all_campaigns":false,"rs_blank_template":"","rs_page_bg_color":"","slide_template_v7":"","inline_featured_image":false,"_monsterinsights_skip_tracking":false},"product_brand":[],"product_cat":[87],"product_tag":[],"class_list":["post-228576","product","type-product","status-publish","has-post-thumbnail","product_cat-literatura","first","instock","taxable","shipping-taxable","purchasable","product-type-simple"],"acf":{"autor":"MORO, JAVIER","codart":"843222935","libros-coleccion":"","ediciones":"1","encuadernacion":"R\u00fastica","fecha_de_publicacion":"01\/09\/2016","novedad":"0","paginas":"489","subtitulo":"","orden":"999","portada":"0","idioma":"spa","editorial":[{"ID":6149,"post_author":"3","post_date":"2022-07-28 17:45:56","post_date_gmt":"2022-07-28 15:45:56","post_content":"","post_title":"BOOKET","post_excerpt":"","post_status":"publish","comment_status":"closed","ping_status":"closed","post_password":"","post_name":"booket","to_ping":"","pinged":"","post_modified":"2022-07-28 17:45:56","post_modified_gmt":"2022-07-28 15:45:56","post_content_filtered":"","post_parent":0,"guid":"http:\/\/dev.claret.cat\/editorial\/booket\/","menu_order":0,"post_type":"editorial","post_mime_type":"","comment_count":"0","filter":"raw"}],"autores-libros":[{"ID":158753,"post_author":"3","post_date":"2022-10-14 15:39:20","post_date_gmt":"2022-10-14 13:39:20","post_content":"","post_title":"JAVIER MORO","post_excerpt":"","post_status":"publish","comment_status":"closed","ping_status":"closed","post_password":"","post_name":"javier-moro","to_ping":"","pinged":"","post_modified":"2022-10-14 15:39:20","post_modified_gmt":"2022-10-14 13:39:20","post_content_filtered":"","post_parent":0,"guid":"http:\/\/dev.claret.cat\/autor\/javier-moro\/","menu_order":0,"post_type":"autor","post_mime_type":"","comment_count":"0","filter":"raw"}]},"aioseo_notices":[],"aioseo_head":"\n\t\t<!-- All in One SEO Pro 5.0.1.1 - aioseo.com -->\n\t<meta name=\"description\" content=\"A FLOR DE PIEL de MORO, JAVIER disponible a\/en Llibreria Claret.\" \/>\n\t<meta name=\"robots\" content=\"max-image-preview:large\" \/>\n\t<meta name=\"google-site-verification\" content=\"xVtlFxJ-TfkIu-D-lt7XeLobefg5EIQiXTuqcSf8Rf0\" \/>\n\t<link rel=\"canonical\" href=\"https:\/\/www.claret.cat\/es\/libro\/a-flor-de-piel-9788432229350\/\" \/>\n\t<meta name=\"generator\" content=\"All in One SEO Pro (AIOSEO) 5.0.1.1\" \/>\n\t\t<meta property=\"og:locale\" content=\"es_ES\" \/>\n\t\t<meta property=\"og:site_name\" content=\"Llibreria Claret - Llibreria religiosa a Barcelona\" \/>\n\t\t<meta property=\"og:type\" content=\"article\" \/>\n\t\t<meta property=\"og:title\" content=\"A FLOR DE PIEL - MORO, JAVIER 9788432229350 | Llibreria Claret\" \/>\n\t\t<meta property=\"og:description\" content=\"A FLOR DE PIEL de MORO, JAVIER disponible a\/en Llibreria Claret.\" \/>\n\t\t<meta property=\"og:url\" content=\"https:\/\/www.claret.cat\/es\/libro\/a-flor-de-piel-9788432229350\/\" \/>\n\t\t<meta property=\"og:image\" content=\"https:\/\/dev.claret.cat\/wp-content\/uploads\/logo-claret.svg\" \/>\n\t\t<meta property=\"og:image:secure_url\" content=\"https:\/\/dev.claret.cat\/wp-content\/uploads\/logo-claret.svg\" \/>\n\t\t<meta property=\"article:published_time\" content=\"2022-10-20T16:40:45+00:00\" \/>\n\t\t<meta property=\"article:modified_time\" content=\"2023-01-28T21:44:06+00:00\" \/>\n\t\t<meta property=\"article:publisher\" content=\"https:\/\/www.facebook.com\/LlibreriaClaret\" \/>\n\t\t<meta name=\"twitter:card\" content=\"summary_large_image\" \/>\n\t\t<meta name=\"twitter:site\" content=\"@LlibreriaClaret\" \/>\n\t\t<meta name=\"twitter:title\" content=\"A FLOR DE PIEL - MORO, JAVIER 9788432229350 | Llibreria Claret\" \/>\n\t\t<meta name=\"twitter:description\" content=\"A FLOR DE PIEL de MORO, JAVIER disponible a\/en Llibreria Claret.\" \/>\n\t\t<meta name=\"twitter:image\" content=\"http:\/\/dev.claret.cat\/wp-content\/uploads\/logo-claret.svg\" \/>\n\t\t<script type=\"application\/ld+json\" class=\"aioseo-schema\">\n\t\t\t{\"@context\":\"https:\\\/\\\/schema.org\",\"@graph\":[{\"@type\":\"BreadcrumbList\",\"@id\":\"https:\\\/\\\/www.claret.cat\\\/es\\\/libro\\\/a-flor-de-piel-9788432229350\\\/#breadcrumblist\",\"itemListElement\":[{\"@type\":\"ListItem\",\"@id\":\"https:\\\/\\\/www.claret.cat\\\/es\\\/#listItem\",\"position\":1,\"name\":\"Home\",\"item\":\"https:\\\/\\\/www.claret.cat\\\/es\\\/\",\"nextItem\":{\"@type\":\"ListItem\",\"@id\":\"https:\\\/\\\/www.claret.cat\\\/?page_id=16#listItem\",\"name\":\"Botiga\"}},{\"@type\":\"ListItem\",\"@id\":\"https:\\\/\\\/www.claret.cat\\\/?page_id=16#listItem\",\"position\":2,\"name\":\"Botiga\",\"item\":\"https:\\\/\\\/www.claret.cat\\\/?page_id=16\",\"nextItem\":{\"@type\":\"ListItem\",\"@id\":\"https:\\\/\\\/www.claret.cat\\\/categoria-producto\\\/cat\\\/#listItem\",\"name\":\"CAT\"},\"previousItem\":{\"@type\":\"ListItem\",\"@id\":\"https:\\\/\\\/www.claret.cat\\\/es\\\/#listItem\",\"name\":\"Home\"}},{\"@type\":\"ListItem\",\"@id\":\"https:\\\/\\\/www.claret.cat\\\/categoria-producto\\\/cat\\\/#listItem\",\"position\":3,\"name\":\"CAT\",\"item\":\"https:\\\/\\\/www.claret.cat\\\/categoria-producto\\\/cat\\\/\",\"nextItem\":{\"@type\":\"ListItem\",\"@id\":\"https:\\\/\\\/www.claret.cat\\\/categoria-producto\\\/cat\\\/2_humanitats\\\/#listItem\",\"name\":\"Humanitats\"},\"previousItem\":{\"@type\":\"ListItem\",\"@id\":\"https:\\\/\\\/www.claret.cat\\\/?page_id=16#listItem\",\"name\":\"Botiga\"}},{\"@type\":\"ListItem\",\"@id\":\"https:\\\/\\\/www.claret.cat\\\/categoria-producto\\\/cat\\\/2_humanitats\\\/#listItem\",\"position\":4,\"name\":\"Humanitats\",\"item\":\"https:\\\/\\\/www.claret.cat\\\/categoria-producto\\\/cat\\\/2_humanitats\\\/\",\"nextItem\":{\"@type\":\"ListItem\",\"@id\":\"https:\\\/\\\/www.claret.cat\\\/categoria-producto\\\/cat\\\/2_humanitats\\\/literatura\\\/#listItem\",\"name\":\"Literatura\"},\"previousItem\":{\"@type\":\"ListItem\",\"@id\":\"https:\\\/\\\/www.claret.cat\\\/categoria-producto\\\/cat\\\/#listItem\",\"name\":\"CAT\"}},{\"@type\":\"ListItem\",\"@id\":\"https:\\\/\\\/www.claret.cat\\\/categoria-producto\\\/cat\\\/2_humanitats\\\/literatura\\\/#listItem\",\"position\":5,\"name\":\"Literatura\",\"item\":\"https:\\\/\\\/www.claret.cat\\\/categoria-producto\\\/cat\\\/2_humanitats\\\/literatura\\\/\",\"nextItem\":{\"@type\":\"ListItem\",\"@id\":\"https:\\\/\\\/www.claret.cat\\\/es\\\/libro\\\/a-flor-de-piel-9788432229350\\\/#listItem\",\"name\":\"A FLOR DE PIEL\"},\"previousItem\":{\"@type\":\"ListItem\",\"@id\":\"https:\\\/\\\/www.claret.cat\\\/categoria-producto\\\/cat\\\/2_humanitats\\\/#listItem\",\"name\":\"Humanitats\"}},{\"@type\":\"ListItem\",\"@id\":\"https:\\\/\\\/www.claret.cat\\\/es\\\/libro\\\/a-flor-de-piel-9788432229350\\\/#listItem\",\"position\":6,\"name\":\"A FLOR DE PIEL\",\"previousItem\":{\"@type\":\"ListItem\",\"@id\":\"https:\\\/\\\/www.claret.cat\\\/categoria-producto\\\/cat\\\/2_humanitats\\\/literatura\\\/#listItem\",\"name\":\"Literatura\"}}]},{\"@type\":\"ItemPage\",\"@id\":\"https:\\\/\\\/www.claret.cat\\\/es\\\/libro\\\/a-flor-de-piel-9788432229350\\\/#itempage\",\"url\":\"https:\\\/\\\/www.claret.cat\\\/es\\\/libro\\\/a-flor-de-piel-9788432229350\\\/\",\"name\":\"A FLOR DE PIEL - MORO, JAVIER 9788432229350 | Llibreria Claret\",\"description\":\"A FLOR DE PIEL de MORO, JAVIER disponible a\\\/en Llibreria Claret.\",\"inLanguage\":\"es-ES\",\"isPartOf\":{\"@id\":\"https:\\\/\\\/www.claret.cat\\\/es\\\/#website\"},\"breadcrumb\":{\"@id\":\"https:\\\/\\\/www.claret.cat\\\/es\\\/libro\\\/a-flor-de-piel-9788432229350\\\/#breadcrumblist\"},\"image\":{\"@type\":\"ImageObject\",\"url\":\"https:\\\/\\\/www.claret.cat\\\/wp-content\\\/uploads\\\/.\\\/9788432229350.jpg\",\"@id\":\"https:\\\/\\\/www.claret.cat\\\/es\\\/libro\\\/a-flor-de-piel-9788432229350\\\/#mainImage\",\"width\":225,\"height\":345,\"caption\":\"9788432229350.jpg\"},\"primaryImageOfPage\":{\"@id\":\"https:\\\/\\\/www.claret.cat\\\/es\\\/libro\\\/a-flor-de-piel-9788432229350\\\/#mainImage\"},\"datePublished\":\"2022-10-20T18:40:45+02:00\",\"dateModified\":\"2023-01-28T22:44:06+01:00\"},{\"@type\":\"Organization\",\"@id\":\"https:\\\/\\\/www.claret.cat\\\/es\\\/#organization\",\"name\":\"Llibreria Claret\",\"description\":\"Llibreria religiosa a Barcelona\",\"url\":\"https:\\\/\\\/www.claret.cat\\\/es\\\/\",\"email\":\"comunicacio@claret.cat\",\"telephone\":\"+34933010887\",\"logo\":{\"@type\":\"ImageObject\",\"url\":\"https:\\\/\\\/www.claret.cat\\\/wp-content\\\/uploads\\\/.\\\/logo-claret-es.png\",\"@id\":\"https:\\\/\\\/www.claret.cat\\\/es\\\/libro\\\/a-flor-de-piel-9788432229350\\\/#organizationLogo\",\"width\":195,\"height\":79},\"image\":{\"@id\":\"https:\\\/\\\/www.claret.cat\\\/es\\\/libro\\\/a-flor-de-piel-9788432229350\\\/#organizationLogo\"},\"sameAs\":[\"https:\\\/\\\/www.facebook.com\\\/LlibreriaClaret\",\"https:\\\/\\\/twitter.com\\\/LlibreriaClaret\",\"https:\\\/\\\/www.instagram.com\\\/llibreriaclaret\\\/\",\"https:\\\/\\\/www.tiktok.com\\\/@llibreriaclaret\",\"https:\\\/\\\/www.youtube.com\\\/@llibreriaclaret\",\"https:\\\/\\\/ca.wikipedia.org\\\/wiki\\\/Editorial_Claret\"]},{\"@type\":\"WebPage\",\"@id\":\"https:\\\/\\\/www.claret.cat\\\/es\\\/libro\\\/a-flor-de-piel-9788432229350\\\/#webpage\",\"url\":\"https:\\\/\\\/www.claret.cat\\\/es\\\/libro\\\/a-flor-de-piel-9788432229350\\\/\",\"name\":\"A FLOR DE PIEL - MORO, JAVIER 9788432229350 | Llibreria Claret\",\"description\":\"A FLOR DE PIEL de MORO, JAVIER disponible a\\\/en Llibreria Claret.\",\"inLanguage\":\"es-ES\",\"isPartOf\":{\"@id\":\"https:\\\/\\\/www.claret.cat\\\/es\\\/#website\"},\"breadcrumb\":{\"@id\":\"https:\\\/\\\/www.claret.cat\\\/es\\\/libro\\\/a-flor-de-piel-9788432229350\\\/#breadcrumblist\"},\"image\":{\"@type\":\"ImageObject\",\"url\":\"https:\\\/\\\/www.claret.cat\\\/wp-content\\\/uploads\\\/.\\\/9788432229350.jpg\",\"@id\":\"https:\\\/\\\/www.claret.cat\\\/es\\\/libro\\\/a-flor-de-piel-9788432229350\\\/#mainImage\",\"width\":225,\"height\":345,\"caption\":\"9788432229350.jpg\"},\"primaryImageOfPage\":{\"@id\":\"https:\\\/\\\/www.claret.cat\\\/es\\\/libro\\\/a-flor-de-piel-9788432229350\\\/#mainImage\"},\"datePublished\":\"2022-10-20T18:40:45+02:00\",\"dateModified\":\"2023-01-28T22:44:06+01:00\"},{\"@type\":\"WebSite\",\"@id\":\"https:\\\/\\\/www.claret.cat\\\/es\\\/#website\",\"url\":\"https:\\\/\\\/www.claret.cat\\\/es\\\/\",\"name\":\"Llibreria Claret Barcelona\",\"alternateName\":\"Llibreria Claret\",\"description\":\"Llibreria religiosa a Barcelona\",\"inLanguage\":\"es-ES\",\"publisher\":{\"@id\":\"https:\\\/\\\/www.claret.cat\\\/es\\\/#organization\"}}]}\n\t\t<\/script>\n\t\t<!-- All in One SEO Pro -->\r\n\t\t<title>A FLOR DE PIEL - MORO, JAVIER 9788432229350 | Llibreria Claret<\/title>\n\n","aioseo_head_json":{"title":"A FLOR DE PIEL - MORO, JAVIER 9788432229350 | Llibreria Claret","description":"A FLOR DE PIEL de MORO, JAVIER disponible a\/en Llibreria Claret.","canonical_url":"https:\/\/www.claret.cat\/es\/libro\/a-flor-de-piel-9788432229350\/","robots":"max-image-preview:large","keywords":"","webmasterTools":{"google-site-verification":"xVtlFxJ-TfkIu-D-lt7XeLobefg5EIQiXTuqcSf8Rf0","miscellaneous":""},"schema":{"@context":"https:\/\/schema.org","@graph":[{"@type":"BreadcrumbList","@id":"https:\/\/www.claret.cat\/es\/libro\/a-flor-de-piel-9788432229350\/#breadcrumblist","itemListElement":[{"@type":"ListItem","@id":"https:\/\/www.claret.cat\/es\/#listItem","position":1,"name":"Home","item":"https:\/\/www.claret.cat\/es\/","nextItem":{"@type":"ListItem","@id":"https:\/\/www.claret.cat\/?page_id=16#listItem","name":"Botiga"}},{"@type":"ListItem","@id":"https:\/\/www.claret.cat\/?page_id=16#listItem","position":2,"name":"Botiga","item":"https:\/\/www.claret.cat\/?page_id=16","nextItem":{"@type":"ListItem","@id":"https:\/\/www.claret.cat\/categoria-producto\/cat\/#listItem","name":"CAT"},"previousItem":{"@type":"ListItem","@id":"https:\/\/www.claret.cat\/es\/#listItem","name":"Home"}},{"@type":"ListItem","@id":"https:\/\/www.claret.cat\/categoria-producto\/cat\/#listItem","position":3,"name":"CAT","item":"https:\/\/www.claret.cat\/categoria-producto\/cat\/","nextItem":{"@type":"ListItem","@id":"https:\/\/www.claret.cat\/categoria-producto\/cat\/2_humanitats\/#listItem","name":"Humanitats"},"previousItem":{"@type":"ListItem","@id":"https:\/\/www.claret.cat\/?page_id=16#listItem","name":"Botiga"}},{"@type":"ListItem","@id":"https:\/\/www.claret.cat\/categoria-producto\/cat\/2_humanitats\/#listItem","position":4,"name":"Humanitats","item":"https:\/\/www.claret.cat\/categoria-producto\/cat\/2_humanitats\/","nextItem":{"@type":"ListItem","@id":"https:\/\/www.claret.cat\/categoria-producto\/cat\/2_humanitats\/literatura\/#listItem","name":"Literatura"},"previousItem":{"@type":"ListItem","@id":"https:\/\/www.claret.cat\/categoria-producto\/cat\/#listItem","name":"CAT"}},{"@type":"ListItem","@id":"https:\/\/www.claret.cat\/categoria-producto\/cat\/2_humanitats\/literatura\/#listItem","position":5,"name":"Literatura","item":"https:\/\/www.claret.cat\/categoria-producto\/cat\/2_humanitats\/literatura\/","nextItem":{"@type":"ListItem","@id":"https:\/\/www.claret.cat\/es\/libro\/a-flor-de-piel-9788432229350\/#listItem","name":"A FLOR DE PIEL"},"previousItem":{"@type":"ListItem","@id":"https:\/\/www.claret.cat\/categoria-producto\/cat\/2_humanitats\/#listItem","name":"Humanitats"}},{"@type":"ListItem","@id":"https:\/\/www.claret.cat\/es\/libro\/a-flor-de-piel-9788432229350\/#listItem","position":6,"name":"A FLOR DE PIEL","previousItem":{"@type":"ListItem","@id":"https:\/\/www.claret.cat\/categoria-producto\/cat\/2_humanitats\/literatura\/#listItem","name":"Literatura"}}]},{"@type":"ItemPage","@id":"https:\/\/www.claret.cat\/es\/libro\/a-flor-de-piel-9788432229350\/#itempage","url":"https:\/\/www.claret.cat\/es\/libro\/a-flor-de-piel-9788432229350\/","name":"A FLOR DE PIEL - MORO, JAVIER 9788432229350 | Llibreria Claret","description":"A FLOR DE PIEL de MORO, JAVIER disponible a\/en Llibreria Claret.","inLanguage":"es-ES","isPartOf":{"@id":"https:\/\/www.claret.cat\/es\/#website"},"breadcrumb":{"@id":"https:\/\/www.claret.cat\/es\/libro\/a-flor-de-piel-9788432229350\/#breadcrumblist"},"image":{"@type":"ImageObject","url":"https:\/\/www.claret.cat\/wp-content\/uploads\/.\/9788432229350.jpg","@id":"https:\/\/www.claret.cat\/es\/libro\/a-flor-de-piel-9788432229350\/#mainImage","width":225,"height":345,"caption":"9788432229350.jpg"},"primaryImageOfPage":{"@id":"https:\/\/www.claret.cat\/es\/libro\/a-flor-de-piel-9788432229350\/#mainImage"},"datePublished":"2022-10-20T18:40:45+02:00","dateModified":"2023-01-28T22:44:06+01:00"},{"@type":"Organization","@id":"https:\/\/www.claret.cat\/es\/#organization","name":"Llibreria Claret","description":"Llibreria religiosa a Barcelona","url":"https:\/\/www.claret.cat\/es\/","email":"comunicacio@claret.cat","telephone":"+34933010887","logo":{"@type":"ImageObject","url":"https:\/\/www.claret.cat\/wp-content\/uploads\/.\/logo-claret-es.png","@id":"https:\/\/www.claret.cat\/es\/libro\/a-flor-de-piel-9788432229350\/#organizationLogo","width":195,"height":79},"image":{"@id":"https:\/\/www.claret.cat\/es\/libro\/a-flor-de-piel-9788432229350\/#organizationLogo"},"sameAs":["https:\/\/www.facebook.com\/LlibreriaClaret","https:\/\/twitter.com\/LlibreriaClaret","https:\/\/www.instagram.com\/llibreriaclaret\/","https:\/\/www.tiktok.com\/@llibreriaclaret","https:\/\/www.youtube.com\/@llibreriaclaret","https:\/\/ca.wikipedia.org\/wiki\/Editorial_Claret"]},{"@type":"WebPage","@id":"https:\/\/www.claret.cat\/es\/libro\/a-flor-de-piel-9788432229350\/#webpage","url":"https:\/\/www.claret.cat\/es\/libro\/a-flor-de-piel-9788432229350\/","name":"A FLOR DE PIEL - MORO, JAVIER 9788432229350 | Llibreria Claret","description":"A FLOR DE PIEL de MORO, JAVIER disponible a\/en Llibreria Claret.","inLanguage":"es-ES","isPartOf":{"@id":"https:\/\/www.claret.cat\/es\/#website"},"breadcrumb":{"@id":"https:\/\/www.claret.cat\/es\/libro\/a-flor-de-piel-9788432229350\/#breadcrumblist"},"image":{"@type":"ImageObject","url":"https:\/\/www.claret.cat\/wp-content\/uploads\/.\/9788432229350.jpg","@id":"https:\/\/www.claret.cat\/es\/libro\/a-flor-de-piel-9788432229350\/#mainImage","width":225,"height":345,"caption":"9788432229350.jpg"},"primaryImageOfPage":{"@id":"https:\/\/www.claret.cat\/es\/libro\/a-flor-de-piel-9788432229350\/#mainImage"},"datePublished":"2022-10-20T18:40:45+02:00","dateModified":"2023-01-28T22:44:06+01:00"},{"@type":"WebSite","@id":"https:\/\/www.claret.cat\/es\/#website","url":"https:\/\/www.claret.cat\/es\/","name":"Llibreria Claret Barcelona","alternateName":"Llibreria Claret","description":"Llibreria religiosa a Barcelona","inLanguage":"es-ES","publisher":{"@id":"https:\/\/www.claret.cat\/es\/#organization"}}]},"og:locale":"es_ES","og:site_name":"Llibreria Claret - Llibreria religiosa a Barcelona","og:type":"article","og:title":"A FLOR DE PIEL - MORO, JAVIER 9788432229350 | Llibreria Claret","og:description":"A FLOR DE PIEL de MORO, JAVIER disponible a\/en Llibreria Claret.","og:url":"https:\/\/www.claret.cat\/es\/libro\/a-flor-de-piel-9788432229350\/","og:image":"https:\/\/dev.claret.cat\/wp-content\/uploads\/logo-claret.svg","og:image:secure_url":"https:\/\/dev.claret.cat\/wp-content\/uploads\/logo-claret.svg","article:published_time":"2022-10-20T16:40:45+00:00","article:modified_time":"2023-01-28T21:44:06+00:00","article:publisher":"https:\/\/www.facebook.com\/LlibreriaClaret","twitter:card":"summary_large_image","twitter:site":"@LlibreriaClaret","twitter:title":"A FLOR DE PIEL - MORO, JAVIER 9788432229350 | Llibreria Claret","twitter:description":"A FLOR DE PIEL de MORO, JAVIER disponible a\/en Llibreria Claret.","twitter:image":"http:\/\/dev.claret.cat\/wp-content\/uploads\/logo-claret.svg"},"aioseo_meta_data":{"post_id":"228576","title":null,"description":null,"keywords":null,"keyphrases":null,"primary_term":null,"canonical_url":null,"og_title":null,"og_description":null,"og_object_type":"default","og_image_type":"default","og_image_url":null,"og_image_width":null,"og_image_height":null,"og_image_custom_url":null,"og_image_custom_fields":null,"og_video":null,"og_custom_url":null,"og_article_section":null,"og_article_tags":null,"twitter_use_og":false,"twitter_card":"default","twitter_image_type":"default","twitter_image_url":null,"twitter_image_custom_url":null,"twitter_image_custom_fields":null,"twitter_title":null,"twitter_description":null,"schema":{"blockGraphs":[],"customGraphs":[],"default":{"data":{"Article":[],"Course":[],"Dataset":[],"FAQPage":[],"Movie":[],"Person":[],"Product":[],"ProductReview":[],"Car":[],"Recipe":[],"Service":[],"SoftwareApplication":[],"WebPage":[]},"graphName":"","isEnabled":true},"graphs":[]},"schema_type":"default","schema_type_options":null,"pillar_content":false,"robots_default":true,"robots_noindex":false,"robots_noarchive":false,"robots_nosnippet":false,"robots_nofollow":false,"robots_noimageindex":false,"robots_noodp":false,"robots_notranslate":false,"robots_max_snippet":null,"robots_max_videopreview":null,"robots_max_imagepreview":"large","priority":null,"frequency":null,"local_seo":null,"seo_analyzer_scan_date":"2025-11-22 04:16:03","breadcrumb_settings":null,"limit_modified_date":false,"open_ai":null,"ai":null,"created":"2022-12-21 18:57:42","updated":"2025-11-22 04:16:03","focus_keyword":null,"additional_keywords":null,"truseo_locale":null},"aioseo_breadcrumb":"<div class=\"aioseo-breadcrumbs\"><span class=\"aioseo-breadcrumb\">\n\t<a href=\"https:\/\/www.claret.cat\/es\/\" title=\"Home\">Home<\/a>\n<\/span><span class=\"aioseo-breadcrumb-separator\">&raquo;<\/span><span class=\"aioseo-breadcrumb\">\n\t<a href=\"https:\/\/www.claret.cat\/?page_id=16\" title=\"Botiga\">Botiga<\/a>\n<\/span><span class=\"aioseo-breadcrumb-separator\">&raquo;<\/span><span class=\"aioseo-breadcrumb\">\n\t<a href=\"https:\/\/www.claret.cat\/categoria-producto\/cat\/\" title=\"CAT\">CAT<\/a>\n<\/span><span class=\"aioseo-breadcrumb-separator\">&raquo;<\/span><span class=\"aioseo-breadcrumb\">\n\t<a href=\"https:\/\/www.claret.cat\/categoria-producto\/cat\/2_humanitats\/\" title=\"Humanitats\">Humanitats<\/a>\n<\/span><span class=\"aioseo-breadcrumb-separator\">&raquo;<\/span><span class=\"aioseo-breadcrumb\">\n\t<a href=\"https:\/\/www.claret.cat\/categoria-producto\/cat\/2_humanitats\/literatura\/\" title=\"Literatura\">Literatura<\/a>\n<\/span><span class=\"aioseo-breadcrumb-separator\">&raquo;<\/span><span class=\"aioseo-breadcrumb\">\n\tA FLOR DE PIEL\n<\/span><\/div>","aioseo_breadcrumb_json":[{"label":"Home","link":"https:\/\/www.claret.cat\/es\/"},{"label":"Botiga","link":"https:\/\/www.claret.cat\/?page_id=16"},{"label":"CAT","link":"https:\/\/www.claret.cat\/categoria-producto\/cat\/"},{"label":"Humanitats","link":"https:\/\/www.claret.cat\/categoria-producto\/cat\/2_humanitats\/"},{"label":"Literatura","link":"https:\/\/www.claret.cat\/categoria-producto\/cat\/2_humanitats\/literatura\/"},{"label":"A FLOR DE PIEL","link":"https:\/\/www.claret.cat\/es\/libro\/a-flor-de-piel-9788432229350\/"}],"_links":{"self":[{"href":"https:\/\/www.claret.cat\/es\/wp-json\/wp\/v2\/product\/228576","targetHints":{"allow":["GET"]}}],"collection":[{"href":"https:\/\/www.claret.cat\/es\/wp-json\/wp\/v2\/product"}],"about":[{"href":"https:\/\/www.claret.cat\/es\/wp-json\/wp\/v2\/types\/product"}],"wp:featuredmedia":[{"embeddable":true,"href":"https:\/\/www.claret.cat\/es\/wp-json\/wp\/v2\/media\/228577"}],"wp:attachment":[{"href":"https:\/\/www.claret.cat\/es\/wp-json\/wp\/v2\/media?parent=228576"}],"wp:term":[{"taxonomy":"product_brand","embeddable":true,"href":"https:\/\/www.claret.cat\/es\/wp-json\/wp\/v2\/product_brand?post=228576"},{"taxonomy":"product_cat","embeddable":true,"href":"https:\/\/www.claret.cat\/es\/wp-json\/wp\/v2\/product_cat?post=228576"},{"taxonomy":"product_tag","embeddable":true,"href":"https:\/\/www.claret.cat\/es\/wp-json\/wp\/v2\/product_tag?post=228576"}],"curies":[{"name":"wp","href":"https:\/\/api.w.org\/{rel}","templated":true}]}}