{"id":236355,"date":"2022-10-20T22:05:40","date_gmt":"2022-10-20T20:05:40","guid":{"rendered":"http:\/\/dev.claret.cat\/producte\/martin-lutero-una-perspectiva-ecumenica\/"},"modified":"2026-04-01T15:15:06","modified_gmt":"2026-04-01T13:15:06","slug":"martin-lutero-una-perspectiva-ecumenica-9788429325591","status":"publish","type":"product","link":"https:\/\/www.claret.cat\/es\/libro\/martin-lutero-una-perspectiva-ecumenica-9788429325591\/","title":{"rendered":"MART\u00cdN LUTERO. UNA PERSPECTIVA ECUM\u00c9NICA"},"content":{"rendered":"<p>En 2017 se celebra el quinto centenario de la Reforma. La conmemoraci\u00f3n dar\u00e1 comienzo el 31 de octubre de 2016 con un acto ecum\u00e9nico en Lund (Suecia), en el que participar\u00e1 tambi\u00e9n el papa Francisco. \u00abNumerosos cristianos esperan con raz\u00f3n que esta conmemoraci\u00f3n nos acerque un paso m\u00e1s, ecum\u00e9nicamente, a la meta de la unidad. No podemos defraudar esta esperanza\u00bb. Son palabras de Walter Kasper, Presidente Em\u00e9rito del Pontificio Consejo para la Promoci\u00f3n de la Unidad de los Cristianos, al comienzo de este escrito sobre Mart\u00edn Lutero.<\/p>\n<p>El mundo de Lutero y su mensaje se encuadran en una \u00e9poca de cambio radical a caballo entre el Medievo y la Modernidad; de ah\u00ed que al principio nos resulten extra\u00f1os a los hombres y mujeres de hoy. Pero si hacemos el esfuerzo de escuchar a este Lutero \u00abextempor\u00e1neo\u00bb, descubrimos cu\u00e1n actual es su mensaje para los cristianos de todas las confesiones y cu\u00e1nto es lo que tiene en com\u00fan con el papa Francisco y su compromiso por la misericordia. \u00abEl mensaje sobre la misericordia divina era la respuesta tanto a los interrogantes y necesidades personales de Lutero como a las preguntas de la \u00e9poca; y tambi\u00e9n hoy constituye la respuesta a los signos de los tiempos y a las acuciantes preguntas de muchas personas\u00bb, concluye W. Kasper<\/p>\n","protected":false},"excerpt":{"rendered":"<p>KASPER, WALTER<\/p>\n","protected":false},"featured_media":340424,"template":"","meta":{"_acf_changed":false,"om_disable_all_campaigns":false,"rs_blank_template":"","rs_page_bg_color":"","slide_template_v7":"","inline_featured_image":false,"_monsterinsights_skip_tracking":false,"_monsterinsights_sitenote_active":false,"_monsterinsights_sitenote_note":"","_monsterinsights_sitenote_category":0},"product_brand":[],"product_cat":[345,79],"product_tag":[],"class_list":{"0":"post-236355","1":"product","2":"type-product","3":"status-publish","4":"has-post-thumbnail","6":"product_cat-espiritualidad","7":"product_cat-espiritualitat","9":"first","10":"instock","11":"taxable","12":"shipping-taxable","13":"purchasable","14":"product-type-simple"},"acf":{"autor":"KASPER, WALTER","codart":"842932559","libros-coleccion":"","ediciones":"1","encuadernacion":"R\u00fastica","fecha_de_publicacion":"13\/04\/2016","novedad":"0","paginas":"96","subtitulo":"","orden":"999","portada":"0","idioma":"spa","editorial":[{"ID":6351,"post_author":"3","post_date":"2022-07-28 17:50:19","post_date_gmt":"2022-07-28 15:50:19","post_content":"","post_title":"Sal Terrae","post_excerpt":"","post_status":"publish","comment_status":"closed","ping_status":"closed","post_password":"","post_name":"sal-terrae","to_ping":"","pinged":"","post_modified":"2022-07-28 17:50:19","post_modified_gmt":"2022-07-28 15:50:19","post_content_filtered":"","post_parent":0,"guid":"http:\/\/dev.claret.cat\/editorial\/sal-terrae\/","menu_order":0,"post_type":"editorial","post_mime_type":"","comment_count":"0","filter":"raw"}],"autores-libros":[{"ID":171223,"post_author":"3","post_date":"2022-10-14 22:41:40","post_date_gmt":"2022-10-14 20:41:40","post_content":"","post_title":"WALTER KASPER","post_excerpt":"","post_status":"publish","comment_status":"closed","ping_status":"closed","post_password":"","post_name":"walter-kasper","to_ping":"","pinged":"","post_modified":"2022-10-14 22:41:40","post_modified_gmt":"2022-10-14 20:41:40","post_content_filtered":"","post_parent":0,"guid":"http:\/\/dev.claret.cat\/autor\/walter-kasper\/","menu_order":0,"post_type":"autor","post_mime_type":"","comment_count":"0","filter":"raw"}],"booktrailer":"","resenas":""},"aioseo_notices":[],"_links":{"self":[{"href":"https:\/\/www.claret.cat\/es\/wp-json\/wp\/v2\/product\/236355","targetHints":{"allow":["GET"]}}],"collection":[{"href":"https:\/\/www.claret.cat\/es\/wp-json\/wp\/v2\/product"}],"about":[{"href":"https:\/\/www.claret.cat\/es\/wp-json\/wp\/v2\/types\/product"}],"wp:featuredmedia":[{"embeddable":true,"href":"https:\/\/www.claret.cat\/es\/wp-json\/wp\/v2\/media\/340424"}],"wp:attachment":[{"href":"https:\/\/www.claret.cat\/es\/wp-json\/wp\/v2\/media?parent=236355"}],"wp:term":[{"taxonomy":"product_brand","embeddable":true,"href":"https:\/\/www.claret.cat\/es\/wp-json\/wp\/v2\/product_brand?post=236355"},{"taxonomy":"product_cat","embeddable":true,"href":"https:\/\/www.claret.cat\/es\/wp-json\/wp\/v2\/product_cat?post=236355"},{"taxonomy":"product_tag","embeddable":true,"href":"https:\/\/www.claret.cat\/es\/wp-json\/wp\/v2\/product_tag?post=236355"}],"curies":[{"name":"wp","href":"https:\/\/api.w.org\/{rel}","templated":true}]}}