{"id":23666,"date":"2022-10-02T10:05:26","date_gmt":"2022-10-02T08:05:26","guid":{"rendered":"http:\/\/dev.claret.cat\/producte\/el-hilo-de-oro\/"},"modified":"2024-02-22T18:45:22","modified_gmt":"2024-02-22T17:45:22","slug":"el-hilo-de-oro-9788490612583","status":"publish","type":"product","link":"https:\/\/www.claret.cat\/es\/libro\/el-hilo-de-oro-9788490612583\/","title":{"rendered":"EL HILO DE ORO"},"content":{"rendered":"<p>Una novela hist\u00f3rica que manifiesta el esp\u00edritu y el coraz\u00f3n de San Ignacio de Loyola y nos descubre un cuadro apasionante del tiempo en que vivi\u00f3.<br \/>Don \u00cd\u00f1igo de Loyola y Licona, soldado y arist\u00f3crata, yace en el lecho del padecimiento recuper\u00e1ndose de una herida ocasionada en el sitio de Pamplona. Sus reflexiones se encadenan en dos direcciones distintas. Por una parte, est\u00e1 su carrera, plagada de \u00e9xitos como Caballero de Su Majestad el Emperador; una ascensi\u00f3n de honores y una posici\u00f3n envidiable desde la que observar\u00eda con orgullo a los ojos de la que podr\u00eda ser su Dama.<br \/>Pero por una fractura de esos pensamientos, que hab\u00edan sido siempre tan alentadores, se filtra una luz deslumbrante: se ve a s\u00ed mismo camino de Tierra Santa, como Caballero de Dios, descalzo, comiendo \u00fanicamente hierbas, mortificando su carne, subiendo por el estrecho sendero que conduce al castillo del mismo Dios.<br \/>Pero \u00bfqu\u00e9 t\u00edtulos pod\u00eda \u00e9l poseer para aspirar a la compa\u00f1\u00eda de los Santos? Ninguno. Era un pensamiento vanal. No obstante&#8230; San Agust\u00edn&#8230; San Francisco&#8230; \u00bfno se hab\u00edan enfrentado con una situaci\u00f3n parecida? Siente el irresistible deseo de romper con todo su pasado y, tambi\u00e9n, aquello era algo que no admit\u00eda demora. Desde ese instante, la vida de Ignacio cobra todo su sentido.<\/p>\n","protected":false},"excerpt":{"rendered":"<p>WOHL, LOUIS DE<\/p>\n","protected":false},"featured_media":71696,"template":"","meta":{"_acf_changed":false,"om_disable_all_campaigns":false,"rs_blank_template":"","rs_page_bg_color":"","slide_template_v7":"","inline_featured_image":false,"_monsterinsights_skip_tracking":false,"_monsterinsights_sitenote_active":false,"_monsterinsights_sitenote_note":"","_monsterinsights_sitenote_category":0},"product_brand":[],"product_cat":[549,99,92,542],"product_tag":[],"class_list":{"0":"post-23666","1":"product","2":"type-product","3":"status-publish","4":"has-post-thumbnail","6":"product_cat-biografias","7":"product_cat-biografies","8":"product_cat-vida-religiosa","9":"product_cat-vida-religiosa-1_espiritualidad-spa","11":"first","12":"instock","13":"taxable","14":"shipping-taxable","15":"purchasable","16":"product-type-simple"},"acf":{"autor":"WOHL, LOUIS DE","codart":"849061258","libros-coleccion":"Arcaduz","ediciones":"1","encuadernacion":"R\u00fastica","fecha_de_publicacion":"01\/07\/2015","novedad":"1","paginas":"304","subtitulo":"VIDA Y \u00c9POCA DE SAN IGNACIO DE LOYOLA","orden":"0","portada":"0","idioma":"spa","editorial":[{"ID":148621,"post_author":"3","post_date":"2022-10-14 11:59:41","post_date_gmt":"2022-10-14 09:59:41","post_content":"","post_title":"PALABRA","post_excerpt":"","post_status":"publish","comment_status":"closed","ping_status":"closed","post_password":"","post_name":"palabra","to_ping":"","pinged":"","post_modified":"2022-10-14 11:59:41","post_modified_gmt":"2022-10-14 09:59:41","post_content_filtered":"","post_parent":0,"guid":"http:\/\/dev.claret.cat\/editorial\/palabra\/","menu_order":0,"post_type":"editorial","post_mime_type":"","comment_count":"0","filter":"raw"}],"autores-libros":[{"ID":162521,"post_author":"3","post_date":"2022-10-14 17:31:41","post_date_gmt":"2022-10-14 15:31:41","post_content":"","post_title":"LOUIS DE WOHL","post_excerpt":"","post_status":"publish","comment_status":"closed","ping_status":"closed","post_password":"","post_name":"louis-de-wohl","to_ping":"","pinged":"","post_modified":"2022-10-14 17:31:41","post_modified_gmt":"2022-10-14 15:31:41","post_content_filtered":"","post_parent":0,"guid":"http:\/\/dev.claret.cat\/autor\/louis-de-wohl\/","menu_order":0,"post_type":"autor","post_mime_type":"","comment_count":"0","filter":"raw"}]},"aioseo_notices":[],"_links":{"self":[{"href":"https:\/\/www.claret.cat\/es\/wp-json\/wp\/v2\/product\/23666","targetHints":{"allow":["GET"]}}],"collection":[{"href":"https:\/\/www.claret.cat\/es\/wp-json\/wp\/v2\/product"}],"about":[{"href":"https:\/\/www.claret.cat\/es\/wp-json\/wp\/v2\/types\/product"}],"wp:featuredmedia":[{"embeddable":true,"href":"https:\/\/www.claret.cat\/es\/wp-json\/wp\/v2\/media\/71696"}],"wp:attachment":[{"href":"https:\/\/www.claret.cat\/es\/wp-json\/wp\/v2\/media?parent=23666"}],"wp:term":[{"taxonomy":"product_brand","embeddable":true,"href":"https:\/\/www.claret.cat\/es\/wp-json\/wp\/v2\/product_brand?post=23666"},{"taxonomy":"product_cat","embeddable":true,"href":"https:\/\/www.claret.cat\/es\/wp-json\/wp\/v2\/product_cat?post=23666"},{"taxonomy":"product_tag","embeddable":true,"href":"https:\/\/www.claret.cat\/es\/wp-json\/wp\/v2\/product_tag?post=23666"}],"curies":[{"name":"wp","href":"https:\/\/api.w.org\/{rel}","templated":true}]}}