{"id":238898,"date":"2022-10-20T23:06:39","date_gmt":"2022-10-20T21:06:39","guid":{"rendered":"http:\/\/dev.claret.cat\/producte\/olvide-decirte-quiero-2\/"},"modified":"2023-01-28T14:18:06","modified_gmt":"2023-01-28T13:18:06","slug":"olvide-decirte-quiero-9788408152972","status":"publish","type":"product","link":"https:\/\/www.claret.cat\/es\/libro\/olvide-decirte-quiero-9788408152972\/","title":{"rendered":"OLVID\u00c9 DECIRTE QUIERO"},"content":{"rendered":"<p>Tras sufrir un terrible accidente de coche, en la difusa l\u00ednea que separa\u00a0la vida de la muerte, a Malena se le aparecen todas las palabras que se\u00a0quedaron sin decir: palabras de amor, de perd\u00f3n, de amistad, de reconocimiento?Por su mente desfilaron todos sus amores, los felices y los\u00a0fallidos: aquel que la hizo sufrir, aquellos otros que le sirvieron para olvidar\u00a0y su amor actual, a quien tanto debe y de lo cual hasta ahora no\u00a0se hab\u00eda dado cuenta; su mejor amiga, a la que olvid\u00f3 decir \u00abte quiero\u00bb\u00a0antes de que se fuera; su familia y, sobrevol\u00e1ndolo todo, el personaje de\u00a0su perrita Mia, una figura entra\u00f1able, divertida y sorprendente que conseguir\u00e1\u00a0encauzar el destino de Malena para que nunca m\u00e1s olvide decir\u00a0\u00abTe quiero\u00bb.<br \/> \u00abYo me qued\u00e9 tanto tiempo empapada, sin paraguas, sin consueloque cuando dej\u00f3 de diluviar\u00a0me qued\u00e9 inm\u00f3vil. Y continu\u00e9 enaquel mismo lugar imaginando que segu\u00eda cayendo, que me segu\u00edacalando hasta los huesos, cuando ya lo \u00fanico que quedabaera un peque\u00f1o charco en el que continuar chapoteando. Peroera tu charco, Mario, y el m\u00edo. El nuestro, pensaba yo.\u00bb<\/p>\n","protected":false},"excerpt":{"rendered":"<p>CARRILLO, M\u00d3NICA<\/p>\n","protected":false},"featured_media":238899,"template":"","meta":{"_acf_changed":false,"om_disable_all_campaigns":false,"rs_blank_template":"","rs_page_bg_color":"","slide_template_v7":"","inline_featured_image":false,"_monsterinsights_skip_tracking":false,"_monsterinsights_sitenote_active":false,"_monsterinsights_sitenote_note":"","_monsterinsights_sitenote_category":0},"product_brand":[],"product_cat":[87],"product_tag":[],"class_list":{"0":"post-238898","1":"product","2":"type-product","3":"status-publish","4":"has-post-thumbnail","6":"product_cat-literatura","8":"first","9":"instock","10":"taxable","11":"shipping-taxable","12":"purchasable","13":"product-type-simple"},"acf":{"autor":"CARRILLO, M\u00d3NICA","codart":"840815297","libros-coleccion":"","ediciones":"1","encuadernacion":"Carton\u00e9","fecha_de_publicacion":"31\/03\/2016","novedad":"0","paginas":"256","subtitulo":"","orden":"999","portada":"0","idioma":"spa","editorial":[{"ID":6233,"post_author":"3","post_date":"2022-07-28 17:47:48","post_date_gmt":"2022-07-28 15:47:48","post_content":"","post_title":"EDITORIAL PLANETA","post_excerpt":"","post_status":"publish","comment_status":"closed","ping_status":"closed","post_password":"","post_name":"editorial-planeta","to_ping":"","pinged":"","post_modified":"2022-07-28 17:47:48","post_modified_gmt":"2022-07-28 15:47:48","post_content_filtered":"","post_parent":0,"guid":"http:\/\/dev.claret.cat\/editorial\/editorial-planeta\/","menu_order":0,"post_type":"editorial","post_mime_type":"","comment_count":"0","filter":"raw"}],"autores-libros":[{"ID":165310,"post_author":"3","post_date":"2022-10-14 17:54:09","post_date_gmt":"2022-10-14 15:54:09","post_content":"","post_title":"M\u00d3NICA CARRILLO","post_excerpt":"","post_status":"publish","comment_status":"closed","ping_status":"closed","post_password":"","post_name":"monica-carrillo","to_ping":"","pinged":"","post_modified":"2022-10-14 17:54:09","post_modified_gmt":"2022-10-14 15:54:09","post_content_filtered":"","post_parent":0,"guid":"http:\/\/dev.claret.cat\/autor\/monica-carrillo\/","menu_order":0,"post_type":"autor","post_mime_type":"","comment_count":"0","filter":"raw"}]},"aioseo_notices":[],"_links":{"self":[{"href":"https:\/\/www.claret.cat\/es\/wp-json\/wp\/v2\/product\/238898","targetHints":{"allow":["GET"]}}],"collection":[{"href":"https:\/\/www.claret.cat\/es\/wp-json\/wp\/v2\/product"}],"about":[{"href":"https:\/\/www.claret.cat\/es\/wp-json\/wp\/v2\/types\/product"}],"wp:featuredmedia":[{"embeddable":true,"href":"https:\/\/www.claret.cat\/es\/wp-json\/wp\/v2\/media\/238899"}],"wp:attachment":[{"href":"https:\/\/www.claret.cat\/es\/wp-json\/wp\/v2\/media?parent=238898"}],"wp:term":[{"taxonomy":"product_brand","embeddable":true,"href":"https:\/\/www.claret.cat\/es\/wp-json\/wp\/v2\/product_brand?post=238898"},{"taxonomy":"product_cat","embeddable":true,"href":"https:\/\/www.claret.cat\/es\/wp-json\/wp\/v2\/product_cat?post=238898"},{"taxonomy":"product_tag","embeddable":true,"href":"https:\/\/www.claret.cat\/es\/wp-json\/wp\/v2\/product_tag?post=238898"}],"curies":[{"name":"wp","href":"https:\/\/api.w.org\/{rel}","templated":true}]}}