{"id":239211,"date":"2022-10-20T23:14:15","date_gmt":"2022-10-20T21:14:15","guid":{"rendered":"http:\/\/dev.claret.cat\/producte\/la-pasion-de-jesus-en-nuestro-siglo-xxi\/"},"modified":"2026-04-07T11:27:29","modified_gmt":"2026-04-07T09:27:29","slug":"la-pasion-de-jesus-en-nuestro-siglo-xxi-9788483537565","status":"publish","type":"product","link":"https:\/\/www.claret.cat\/es\/libro\/la-pasion-de-jesus-en-nuestro-siglo-xxi-9788483537565\/","title":{"rendered":"LA PASI\u00d3N DE JES\u00daS EN NUESTRO SIGLO XXI"},"content":{"rendered":"<p>En nuestra teolog\u00eda y espiritualidad, hay muchos elementos que hablan a favor de la necesidad de complementar, enriquecer o restaurar algunos s\u00edmbolos del cristianismo, por ejemplo, destacando m\u00e1s la cruz, como \u00e1rbol de vida, de acuerdo con la antigua pr\u00e1ctica medieval. Recordemos el aforismo \u201csangre de m\u00e1rtires, semilla de cristianos\u201d. Sucedi\u00f3 con el gran m\u00e1rtir del Calvario, Jes\u00fas, y seguir\u00e1 sucediendo con los m\u00e1rtires de todos los tiempos y de todos los Calvarios. Tambi\u00e9n con los innumerables (m\u00e1s que nunca en la historia) de nuestros siglos XX y XXI.<\/p>\n","protected":false},"excerpt":{"rendered":"<p>GARC\u00cdA MACHO, PABLO<\/p>\n","protected":false},"featured_media":357583,"template":"","meta":{"_acf_changed":false,"om_disable_all_campaigns":false,"rs_blank_template":"","rs_page_bg_color":"","slide_template_v7":"","inline_featured_image":false,"_monsterinsights_skip_tracking":false,"_monsterinsights_sitenote_active":false,"_monsterinsights_sitenote_note":"","_monsterinsights_sitenote_category":0},"product_brand":[],"product_cat":[345,79],"product_tag":[],"class_list":{"0":"post-239211","1":"product","2":"type-product","3":"status-publish","4":"has-post-thumbnail","6":"product_cat-espiritualidad","7":"product_cat-espiritualitat","9":"first","10":"instock","11":"taxable","12":"shipping-taxable","13":"purchasable","14":"product-type-simple"},"acf":{"autor":"GARC\u00cdA MACHO, PABLO","codart":"848353756","libros-coleccion":"","ediciones":"1","encuadernacion":"R\u00fastica","fecha_de_publicacion":"23\/03\/2016","novedad":"0","paginas":"218","subtitulo":"RECORDAR Y ORAR","orden":"999","portada":"0","idioma":"spa","editorial":[{"ID":6309,"post_author":"3","post_date":"2022-07-28 17:49:25","post_date_gmt":"2022-07-28 15:49:25","post_content":"","post_title":"Monte Carmelo","post_excerpt":"","post_status":"publish","comment_status":"closed","ping_status":"closed","post_password":"","post_name":"monte-carmelo","to_ping":"","pinged":"","post_modified":"2022-07-28 17:49:25","post_modified_gmt":"2022-07-28 15:49:25","post_content_filtered":"","post_parent":0,"guid":"http:\/\/dev.claret.cat\/editorial\/monte-carmelo\/","menu_order":0,"post_type":"editorial","post_mime_type":"","comment_count":"0","filter":"raw"}],"autores-libros":[{"ID":8414,"post_author":"3","post_date":"2022-09-30 09:48:24","post_date_gmt":"2022-09-30 07:48:24","post_content":"","post_title":"PABLO GARCIA MACHO","post_excerpt":"","post_status":"publish","comment_status":"closed","ping_status":"closed","post_password":"","post_name":"pablo-garcia-macho","to_ping":"","pinged":"","post_modified":"2022-09-30 09:48:24","post_modified_gmt":"2022-09-30 07:48:24","post_content_filtered":"","post_parent":0,"guid":"http:\/\/dev.claret.cat\/autor\/pablo-garcia-macho\/","menu_order":0,"post_type":"autor","post_mime_type":"","comment_count":"0","filter":"raw"}],"booktrailer":"","resenas":""},"aioseo_notices":[],"_links":{"self":[{"href":"https:\/\/www.claret.cat\/es\/wp-json\/wp\/v2\/product\/239211","targetHints":{"allow":["GET"]}}],"collection":[{"href":"https:\/\/www.claret.cat\/es\/wp-json\/wp\/v2\/product"}],"about":[{"href":"https:\/\/www.claret.cat\/es\/wp-json\/wp\/v2\/types\/product"}],"wp:featuredmedia":[{"embeddable":true,"href":"https:\/\/www.claret.cat\/es\/wp-json\/wp\/v2\/media\/357583"}],"wp:attachment":[{"href":"https:\/\/www.claret.cat\/es\/wp-json\/wp\/v2\/media?parent=239211"}],"wp:term":[{"taxonomy":"product_brand","embeddable":true,"href":"https:\/\/www.claret.cat\/es\/wp-json\/wp\/v2\/product_brand?post=239211"},{"taxonomy":"product_cat","embeddable":true,"href":"https:\/\/www.claret.cat\/es\/wp-json\/wp\/v2\/product_cat?post=239211"},{"taxonomy":"product_tag","embeddable":true,"href":"https:\/\/www.claret.cat\/es\/wp-json\/wp\/v2\/product_tag?post=239211"}],"curies":[{"name":"wp","href":"https:\/\/api.w.org\/{rel}","templated":true}]}}