{"id":239875,"date":"2022-10-20T23:52:03","date_gmt":"2022-10-20T21:52:03","guid":{"rendered":"http:\/\/dev.claret.cat\/producte\/buenaventura\/"},"modified":"2023-01-28T21:57:03","modified_gmt":"2023-01-28T20:57:03","slug":"buenaventura-9788466329521","status":"publish","type":"product","link":"https:\/\/www.claret.cat\/es\/libro\/buenaventura-9788466329521\/","title":{"rendered":"BUENAVENTURA"},"content":{"rendered":"<p>Una tragedia familiar la condujo a la mansi\u00f3n de los Campoamor; una  misteriosa desaparici\u00f3n le devolvi\u00f3 la libertad.Un secreto familiar silenciado&#8230;<br \/>Santamar\u00eda de la Villa, 1933. La vida de Esperanza est\u00e1 a punto de  cambiar para siempre. Se dirige hacia la mansi\u00f3n de los Campoamor, una  de las familias arist\u00f3cratas m\u00e1s respetadas de Asturias. Lleva consigo  una maleta, el peso de los recuerdos y un extra\u00f1o presentimiento. Est\u00e1  all\u00ed porque ha sido contratada como dama de compa\u00f1\u00eda de la se\u00f1ora, pero se da cuenta enseguida de que no es bien recibida&#8230;Una misteriosas desaparici\u00f3n&#8230;<br \/>El paso de los d\u00edas acrecienta esa sensaci\u00f3n y aumenta el desasosiego.  Esperanza est\u00e1 convencida de que hay algo m\u00e1s, y las horas se vuelven  insoportables. Descubre que hay un secreto que todo el personal guarda y  que est\u00e1 relacionado con Buenaventura, hija y \u00fanica heredera de do\u00f1a  Rosario, que al parecer ha desaparecido en circunstancias extra\u00f1as.Y una lucha desesperada contra el destino&#8230;<br \/>Sabe que ni don Manuel, el m\u00e9dico, ni Diego Carre\u00f1o, el administrador de  la finca, ni la se\u00f1orita Agustina, la f\u00e9rrea ama de llaves, se lo  pondr\u00e1n f\u00e1cil, pero est\u00e1 decidida a descubrir la verdad. En ese camino  chocar\u00e1 con los fantasmas de su pasado y descubrir\u00e1 el precio de una vida nueva.Narrada con un estilo envolvente que recuerda a Rebeca, Jane Eyre o El  jard\u00edn olvidado, Toni Aparicio construye con maestr\u00eda una novela  magn\u00e9tica que cautiva y golpea, que descubre las aristas de los secretos  y sus peligros y que retrata la violencia de unos seres que luchan por  hacerse hueco. Una novela de ambientes, de estilo g\u00f3tico, de miradas y  silencios. Un misterio familiar que nos traslada al mundo rural  gobernado por los instintos primarios donde la pureza y los sue\u00f1os luchan por abrirse camino.\u00abTodav\u00eda eres joven para ser consciente de lo que te digo y es  normal. Cuando una es joven, cree que tiene todo el tiempo del mundo y, en cierta manera, as\u00ed es. Pero el tiempo se acaba. No emplearlo debidamente es un grand\u00edsimo error que no nos podemos permitir\u00bb.\u00abTodos sab\u00edamos que Buenaventura era especial. Sin duda el haber  nacido en una familia rica la situaba en una posici\u00f3n privilegiada, pero  ella no quer\u00eda ser solo una mujer apoltronada en su condici\u00f3n. Quer\u00eda vivir, saber, viajar, conocer, amar&#8230;\u00bb.<\/p>\n","protected":false},"excerpt":{"rendered":"<p>APARICIO,TONI<\/p>\n","protected":false},"featured_media":239876,"template":"","meta":{"_acf_changed":false,"om_disable_all_campaigns":false,"rs_blank_template":"","rs_page_bg_color":"","slide_template_v7":"","inline_featured_image":false,"_monsterinsights_skip_tracking":false},"product_brand":[],"product_cat":[16],"product_tag":[],"class_list":["post-239875","product","type-product","status-publish","has-post-thumbnail","product_cat-sense-categoria","first","instock","taxable","shipping-taxable","purchasable","product-type-simple"],"acf":{"autor":"APARICIO,TONI","codart":"846632952","libros-coleccion":"","ediciones":"1","encuadernacion":"R\u00fastica","fecha_de_publicacion":"01\/02\/2016","novedad":"0","paginas":"440","subtitulo":"","orden":"999","portada":"0","idioma":"spa","editorial":[{"ID":6178,"post_author":"3","post_date":"2022-07-28 17:46:34","post_date_gmt":"2022-07-28 15:46:34","post_content":"","post_title":"DEBOLSILLO","post_excerpt":"","post_status":"publish","comment_status":"closed","ping_status":"closed","post_password":"","post_name":"debolsillo","to_ping":"","pinged":"","post_modified":"2022-07-28 17:46:34","post_modified_gmt":"2022-07-28 15:46:34","post_content_filtered":"","post_parent":0,"guid":"http:\/\/dev.claret.cat\/editorial\/debolsillo\/","menu_order":0,"post_type":"editorial","post_mime_type":"","comment_count":"0","filter":"raw"}]},"aioseo_notices":[],"aioseo_head":"\n\t\t<!-- All in One SEO Pro 5.0.1.1 - aioseo.com -->\n\t<meta name=\"description\" content=\"BUENAVENTURA de APARICIO,TONI disponible a\/en Llibreria Claret.\" \/>\n\t<meta name=\"robots\" content=\"max-image-preview:large\" \/>\n\t<meta name=\"google-site-verification\" content=\"xVtlFxJ-TfkIu-D-lt7XeLobefg5EIQiXTuqcSf8Rf0\" \/>\n\t<link rel=\"canonical\" href=\"https:\/\/www.claret.cat\/es\/libro\/buenaventura-9788466329521\/\" \/>\n\t<meta name=\"generator\" content=\"All in One SEO Pro (AIOSEO) 5.0.1.1\" \/>\n\t\t<meta property=\"og:locale\" content=\"es_ES\" \/>\n\t\t<meta property=\"og:site_name\" content=\"Llibreria Claret - Llibreria religiosa a Barcelona\" \/>\n\t\t<meta property=\"og:type\" content=\"article\" \/>\n\t\t<meta property=\"og:title\" content=\"BUENAVENTURA - APARICIO,TONI 9788466329521 | Llibreria Claret\" \/>\n\t\t<meta property=\"og:description\" content=\"BUENAVENTURA de APARICIO,TONI disponible a\/en Llibreria Claret.\" \/>\n\t\t<meta property=\"og:url\" content=\"https:\/\/www.claret.cat\/es\/libro\/buenaventura-9788466329521\/\" \/>\n\t\t<meta property=\"og:image\" content=\"https:\/\/dev.claret.cat\/wp-content\/uploads\/logo-claret.svg\" \/>\n\t\t<meta property=\"og:image:secure_url\" content=\"https:\/\/dev.claret.cat\/wp-content\/uploads\/logo-claret.svg\" \/>\n\t\t<meta property=\"article:published_time\" content=\"2022-10-20T21:52:03+00:00\" \/>\n\t\t<meta property=\"article:modified_time\" content=\"2023-01-28T20:57:03+00:00\" \/>\n\t\t<meta property=\"article:publisher\" content=\"https:\/\/www.facebook.com\/LlibreriaClaret\" \/>\n\t\t<meta name=\"twitter:card\" content=\"summary_large_image\" \/>\n\t\t<meta name=\"twitter:site\" content=\"@LlibreriaClaret\" \/>\n\t\t<meta name=\"twitter:title\" content=\"BUENAVENTURA - APARICIO,TONI 9788466329521 | Llibreria Claret\" \/>\n\t\t<meta name=\"twitter:description\" content=\"BUENAVENTURA de APARICIO,TONI disponible a\/en Llibreria Claret.\" \/>\n\t\t<meta name=\"twitter:image\" content=\"http:\/\/dev.claret.cat\/wp-content\/uploads\/logo-claret.svg\" \/>\n\t\t<script type=\"application\/ld+json\" class=\"aioseo-schema\">\n\t\t\t{\"@context\":\"https:\\\/\\\/schema.org\",\"@graph\":[{\"@type\":\"BreadcrumbList\",\"@id\":\"https:\\\/\\\/www.claret.cat\\\/es\\\/libro\\\/buenaventura-9788466329521\\\/#breadcrumblist\",\"itemListElement\":[{\"@type\":\"ListItem\",\"@id\":\"https:\\\/\\\/www.claret.cat\\\/es\\\/#listItem\",\"position\":1,\"name\":\"Home\",\"item\":\"https:\\\/\\\/www.claret.cat\\\/es\\\/\",\"nextItem\":{\"@type\":\"ListItem\",\"@id\":\"https:\\\/\\\/www.claret.cat\\\/?page_id=16#listItem\",\"name\":\"Botiga\"}},{\"@type\":\"ListItem\",\"@id\":\"https:\\\/\\\/www.claret.cat\\\/?page_id=16#listItem\",\"position\":2,\"name\":\"Botiga\",\"item\":\"https:\\\/\\\/www.claret.cat\\\/?page_id=16\",\"nextItem\":{\"@type\":\"ListItem\",\"@id\":\"https:\\\/\\\/www.claret.cat\\\/categoria-producto\\\/sense-categoria\\\/#listItem\",\"name\":\"Sense Categoria\"},\"previousItem\":{\"@type\":\"ListItem\",\"@id\":\"https:\\\/\\\/www.claret.cat\\\/es\\\/#listItem\",\"name\":\"Home\"}},{\"@type\":\"ListItem\",\"@id\":\"https:\\\/\\\/www.claret.cat\\\/categoria-producto\\\/sense-categoria\\\/#listItem\",\"position\":3,\"name\":\"Sense Categoria\",\"item\":\"https:\\\/\\\/www.claret.cat\\\/categoria-producto\\\/sense-categoria\\\/\",\"nextItem\":{\"@type\":\"ListItem\",\"@id\":\"https:\\\/\\\/www.claret.cat\\\/es\\\/libro\\\/buenaventura-9788466329521\\\/#listItem\",\"name\":\"BUENAVENTURA\"},\"previousItem\":{\"@type\":\"ListItem\",\"@id\":\"https:\\\/\\\/www.claret.cat\\\/?page_id=16#listItem\",\"name\":\"Botiga\"}},{\"@type\":\"ListItem\",\"@id\":\"https:\\\/\\\/www.claret.cat\\\/es\\\/libro\\\/buenaventura-9788466329521\\\/#listItem\",\"position\":4,\"name\":\"BUENAVENTURA\",\"previousItem\":{\"@type\":\"ListItem\",\"@id\":\"https:\\\/\\\/www.claret.cat\\\/categoria-producto\\\/sense-categoria\\\/#listItem\",\"name\":\"Sense Categoria\"}}]},{\"@type\":\"ItemPage\",\"@id\":\"https:\\\/\\\/www.claret.cat\\\/es\\\/libro\\\/buenaventura-9788466329521\\\/#itempage\",\"url\":\"https:\\\/\\\/www.claret.cat\\\/es\\\/libro\\\/buenaventura-9788466329521\\\/\",\"name\":\"BUENAVENTURA - APARICIO,TONI 9788466329521 | Llibreria Claret\",\"description\":\"BUENAVENTURA de APARICIO,TONI disponible a\\\/en Llibreria Claret.\",\"inLanguage\":\"es-ES\",\"isPartOf\":{\"@id\":\"https:\\\/\\\/www.claret.cat\\\/es\\\/#website\"},\"breadcrumb\":{\"@id\":\"https:\\\/\\\/www.claret.cat\\\/es\\\/libro\\\/buenaventura-9788466329521\\\/#breadcrumblist\"},\"image\":{\"@type\":\"ImageObject\",\"url\":\"https:\\\/\\\/www.claret.cat\\\/wp-content\\\/uploads\\\/.\\\/9788466329521.jpg\",\"@id\":\"https:\\\/\\\/www.claret.cat\\\/es\\\/libro\\\/buenaventura-9788466329521\\\/#mainImage\",\"width\":225,\"height\":342,\"caption\":\"9788466329521.jpg\"},\"primaryImageOfPage\":{\"@id\":\"https:\\\/\\\/www.claret.cat\\\/es\\\/libro\\\/buenaventura-9788466329521\\\/#mainImage\"},\"datePublished\":\"2022-10-20T23:52:03+02:00\",\"dateModified\":\"2023-01-28T21:57:03+01:00\"},{\"@type\":\"Organization\",\"@id\":\"https:\\\/\\\/www.claret.cat\\\/es\\\/#organization\",\"name\":\"Llibreria Claret\",\"description\":\"Llibreria religiosa a Barcelona\",\"url\":\"https:\\\/\\\/www.claret.cat\\\/es\\\/\",\"email\":\"comunicacio@claret.cat\",\"telephone\":\"+34933010887\",\"logo\":{\"@type\":\"ImageObject\",\"url\":\"https:\\\/\\\/www.claret.cat\\\/wp-content\\\/uploads\\\/.\\\/logo-claret-es.png\",\"@id\":\"https:\\\/\\\/www.claret.cat\\\/es\\\/libro\\\/buenaventura-9788466329521\\\/#organizationLogo\",\"width\":195,\"height\":79},\"image\":{\"@id\":\"https:\\\/\\\/www.claret.cat\\\/es\\\/libro\\\/buenaventura-9788466329521\\\/#organizationLogo\"},\"sameAs\":[\"https:\\\/\\\/www.facebook.com\\\/LlibreriaClaret\",\"https:\\\/\\\/twitter.com\\\/LlibreriaClaret\",\"https:\\\/\\\/www.instagram.com\\\/llibreriaclaret\\\/\",\"https:\\\/\\\/www.tiktok.com\\\/@llibreriaclaret\",\"https:\\\/\\\/www.youtube.com\\\/@llibreriaclaret\",\"https:\\\/\\\/ca.wikipedia.org\\\/wiki\\\/Editorial_Claret\"]},{\"@type\":\"WebPage\",\"@id\":\"https:\\\/\\\/www.claret.cat\\\/es\\\/libro\\\/buenaventura-9788466329521\\\/#webpage\",\"url\":\"https:\\\/\\\/www.claret.cat\\\/es\\\/libro\\\/buenaventura-9788466329521\\\/\",\"name\":\"BUENAVENTURA - APARICIO,TONI 9788466329521 | Llibreria Claret\",\"description\":\"BUENAVENTURA de APARICIO,TONI disponible a\\\/en Llibreria Claret.\",\"inLanguage\":\"es-ES\",\"isPartOf\":{\"@id\":\"https:\\\/\\\/www.claret.cat\\\/es\\\/#website\"},\"breadcrumb\":{\"@id\":\"https:\\\/\\\/www.claret.cat\\\/es\\\/libro\\\/buenaventura-9788466329521\\\/#breadcrumblist\"},\"image\":{\"@type\":\"ImageObject\",\"url\":\"https:\\\/\\\/www.claret.cat\\\/wp-content\\\/uploads\\\/.\\\/9788466329521.jpg\",\"@id\":\"https:\\\/\\\/www.claret.cat\\\/es\\\/libro\\\/buenaventura-9788466329521\\\/#mainImage\",\"width\":225,\"height\":342,\"caption\":\"9788466329521.jpg\"},\"primaryImageOfPage\":{\"@id\":\"https:\\\/\\\/www.claret.cat\\\/es\\\/libro\\\/buenaventura-9788466329521\\\/#mainImage\"},\"datePublished\":\"2022-10-20T23:52:03+02:00\",\"dateModified\":\"2023-01-28T21:57:03+01:00\"},{\"@type\":\"WebSite\",\"@id\":\"https:\\\/\\\/www.claret.cat\\\/es\\\/#website\",\"url\":\"https:\\\/\\\/www.claret.cat\\\/es\\\/\",\"name\":\"Llibreria Claret Barcelona\",\"alternateName\":\"Llibreria Claret\",\"description\":\"Llibreria religiosa a Barcelona\",\"inLanguage\":\"es-ES\",\"publisher\":{\"@id\":\"https:\\\/\\\/www.claret.cat\\\/es\\\/#organization\"}}]}\n\t\t<\/script>\n\t\t<!-- All in One SEO Pro -->\r\n\t\t<title>BUENAVENTURA - APARICIO,TONI 9788466329521 | Llibreria Claret<\/title>\n\n","aioseo_head_json":{"title":"BUENAVENTURA - APARICIO,TONI 9788466329521 | Llibreria Claret","description":"BUENAVENTURA de APARICIO,TONI disponible a\/en Llibreria Claret.","canonical_url":"https:\/\/www.claret.cat\/es\/libro\/buenaventura-9788466329521\/","robots":"max-image-preview:large","keywords":"","webmasterTools":{"google-site-verification":"xVtlFxJ-TfkIu-D-lt7XeLobefg5EIQiXTuqcSf8Rf0","miscellaneous":""},"schema":{"@context":"https:\/\/schema.org","@graph":[{"@type":"BreadcrumbList","@id":"https:\/\/www.claret.cat\/es\/libro\/buenaventura-9788466329521\/#breadcrumblist","itemListElement":[{"@type":"ListItem","@id":"https:\/\/www.claret.cat\/es\/#listItem","position":1,"name":"Home","item":"https:\/\/www.claret.cat\/es\/","nextItem":{"@type":"ListItem","@id":"https:\/\/www.claret.cat\/?page_id=16#listItem","name":"Botiga"}},{"@type":"ListItem","@id":"https:\/\/www.claret.cat\/?page_id=16#listItem","position":2,"name":"Botiga","item":"https:\/\/www.claret.cat\/?page_id=16","nextItem":{"@type":"ListItem","@id":"https:\/\/www.claret.cat\/categoria-producto\/sense-categoria\/#listItem","name":"Sense Categoria"},"previousItem":{"@type":"ListItem","@id":"https:\/\/www.claret.cat\/es\/#listItem","name":"Home"}},{"@type":"ListItem","@id":"https:\/\/www.claret.cat\/categoria-producto\/sense-categoria\/#listItem","position":3,"name":"Sense Categoria","item":"https:\/\/www.claret.cat\/categoria-producto\/sense-categoria\/","nextItem":{"@type":"ListItem","@id":"https:\/\/www.claret.cat\/es\/libro\/buenaventura-9788466329521\/#listItem","name":"BUENAVENTURA"},"previousItem":{"@type":"ListItem","@id":"https:\/\/www.claret.cat\/?page_id=16#listItem","name":"Botiga"}},{"@type":"ListItem","@id":"https:\/\/www.claret.cat\/es\/libro\/buenaventura-9788466329521\/#listItem","position":4,"name":"BUENAVENTURA","previousItem":{"@type":"ListItem","@id":"https:\/\/www.claret.cat\/categoria-producto\/sense-categoria\/#listItem","name":"Sense Categoria"}}]},{"@type":"ItemPage","@id":"https:\/\/www.claret.cat\/es\/libro\/buenaventura-9788466329521\/#itempage","url":"https:\/\/www.claret.cat\/es\/libro\/buenaventura-9788466329521\/","name":"BUENAVENTURA - APARICIO,TONI 9788466329521 | Llibreria Claret","description":"BUENAVENTURA de APARICIO,TONI disponible a\/en Llibreria Claret.","inLanguage":"es-ES","isPartOf":{"@id":"https:\/\/www.claret.cat\/es\/#website"},"breadcrumb":{"@id":"https:\/\/www.claret.cat\/es\/libro\/buenaventura-9788466329521\/#breadcrumblist"},"image":{"@type":"ImageObject","url":"https:\/\/www.claret.cat\/wp-content\/uploads\/.\/9788466329521.jpg","@id":"https:\/\/www.claret.cat\/es\/libro\/buenaventura-9788466329521\/#mainImage","width":225,"height":342,"caption":"9788466329521.jpg"},"primaryImageOfPage":{"@id":"https:\/\/www.claret.cat\/es\/libro\/buenaventura-9788466329521\/#mainImage"},"datePublished":"2022-10-20T23:52:03+02:00","dateModified":"2023-01-28T21:57:03+01:00"},{"@type":"Organization","@id":"https:\/\/www.claret.cat\/es\/#organization","name":"Llibreria Claret","description":"Llibreria religiosa a Barcelona","url":"https:\/\/www.claret.cat\/es\/","email":"comunicacio@claret.cat","telephone":"+34933010887","logo":{"@type":"ImageObject","url":"https:\/\/www.claret.cat\/wp-content\/uploads\/.\/logo-claret-es.png","@id":"https:\/\/www.claret.cat\/es\/libro\/buenaventura-9788466329521\/#organizationLogo","width":195,"height":79},"image":{"@id":"https:\/\/www.claret.cat\/es\/libro\/buenaventura-9788466329521\/#organizationLogo"},"sameAs":["https:\/\/www.facebook.com\/LlibreriaClaret","https:\/\/twitter.com\/LlibreriaClaret","https:\/\/www.instagram.com\/llibreriaclaret\/","https:\/\/www.tiktok.com\/@llibreriaclaret","https:\/\/www.youtube.com\/@llibreriaclaret","https:\/\/ca.wikipedia.org\/wiki\/Editorial_Claret"]},{"@type":"WebPage","@id":"https:\/\/www.claret.cat\/es\/libro\/buenaventura-9788466329521\/#webpage","url":"https:\/\/www.claret.cat\/es\/libro\/buenaventura-9788466329521\/","name":"BUENAVENTURA - APARICIO,TONI 9788466329521 | Llibreria Claret","description":"BUENAVENTURA de APARICIO,TONI disponible a\/en Llibreria Claret.","inLanguage":"es-ES","isPartOf":{"@id":"https:\/\/www.claret.cat\/es\/#website"},"breadcrumb":{"@id":"https:\/\/www.claret.cat\/es\/libro\/buenaventura-9788466329521\/#breadcrumblist"},"image":{"@type":"ImageObject","url":"https:\/\/www.claret.cat\/wp-content\/uploads\/.\/9788466329521.jpg","@id":"https:\/\/www.claret.cat\/es\/libro\/buenaventura-9788466329521\/#mainImage","width":225,"height":342,"caption":"9788466329521.jpg"},"primaryImageOfPage":{"@id":"https:\/\/www.claret.cat\/es\/libro\/buenaventura-9788466329521\/#mainImage"},"datePublished":"2022-10-20T23:52:03+02:00","dateModified":"2023-01-28T21:57:03+01:00"},{"@type":"WebSite","@id":"https:\/\/www.claret.cat\/es\/#website","url":"https:\/\/www.claret.cat\/es\/","name":"Llibreria Claret Barcelona","alternateName":"Llibreria Claret","description":"Llibreria religiosa a Barcelona","inLanguage":"es-ES","publisher":{"@id":"https:\/\/www.claret.cat\/es\/#organization"}}]},"og:locale":"es_ES","og:site_name":"Llibreria Claret - Llibreria religiosa a Barcelona","og:type":"article","og:title":"BUENAVENTURA - APARICIO,TONI 9788466329521 | Llibreria Claret","og:description":"BUENAVENTURA de APARICIO,TONI disponible a\/en Llibreria Claret.","og:url":"https:\/\/www.claret.cat\/es\/libro\/buenaventura-9788466329521\/","og:image":"https:\/\/dev.claret.cat\/wp-content\/uploads\/logo-claret.svg","og:image:secure_url":"https:\/\/dev.claret.cat\/wp-content\/uploads\/logo-claret.svg","article:published_time":"2022-10-20T21:52:03+00:00","article:modified_time":"2023-01-28T20:57:03+00:00","article:publisher":"https:\/\/www.facebook.com\/LlibreriaClaret","twitter:card":"summary_large_image","twitter:site":"@LlibreriaClaret","twitter:title":"BUENAVENTURA - APARICIO,TONI 9788466329521 | Llibreria Claret","twitter:description":"BUENAVENTURA de APARICIO,TONI disponible a\/en Llibreria Claret.","twitter:image":"http:\/\/dev.claret.cat\/wp-content\/uploads\/logo-claret.svg"},"aioseo_meta_data":{"post_id":"239875","title":null,"description":null,"keywords":null,"keyphrases":null,"primary_term":null,"canonical_url":null,"og_title":null,"og_description":null,"og_object_type":"default","og_image_type":"default","og_image_url":null,"og_image_width":null,"og_image_height":null,"og_image_custom_url":null,"og_image_custom_fields":null,"og_video":null,"og_custom_url":null,"og_article_section":null,"og_article_tags":null,"twitter_use_og":false,"twitter_card":"default","twitter_image_type":"default","twitter_image_url":null,"twitter_image_custom_url":null,"twitter_image_custom_fields":null,"twitter_title":null,"twitter_description":null,"schema":{"blockGraphs":[],"customGraphs":[],"default":{"data":{"Article":[],"Course":[],"Dataset":[],"FAQPage":[],"Movie":[],"Person":[],"Product":[],"ProductReview":[],"Car":[],"Recipe":[],"Service":[],"SoftwareApplication":[],"WebPage":[]},"graphName":"","isEnabled":true},"graphs":[]},"schema_type":"default","schema_type_options":null,"pillar_content":false,"robots_default":true,"robots_noindex":false,"robots_noarchive":false,"robots_nosnippet":false,"robots_nofollow":false,"robots_noimageindex":false,"robots_noodp":false,"robots_notranslate":false,"robots_max_snippet":null,"robots_max_videopreview":null,"robots_max_imagepreview":"large","priority":null,"frequency":null,"local_seo":null,"seo_analyzer_scan_date":"2025-11-18 10:31:29","breadcrumb_settings":null,"limit_modified_date":false,"open_ai":null,"ai":null,"created":"2022-12-22 01:12:39","updated":"2025-11-18 10:31:29","focus_keyword":null,"additional_keywords":null,"truseo_locale":null},"aioseo_breadcrumb":"<div class=\"aioseo-breadcrumbs\"><span class=\"aioseo-breadcrumb\">\n\t<a href=\"https:\/\/www.claret.cat\/es\/\" title=\"Home\">Home<\/a>\n<\/span><span class=\"aioseo-breadcrumb-separator\">&raquo;<\/span><span class=\"aioseo-breadcrumb\">\n\t<a href=\"https:\/\/www.claret.cat\/?page_id=16\" title=\"Botiga\">Botiga<\/a>\n<\/span><span class=\"aioseo-breadcrumb-separator\">&raquo;<\/span><span class=\"aioseo-breadcrumb\">\n\t<a href=\"https:\/\/www.claret.cat\/categoria-producto\/sense-categoria\/\" title=\"Sense Categoria\">Sense Categoria<\/a>\n<\/span><span class=\"aioseo-breadcrumb-separator\">&raquo;<\/span><span class=\"aioseo-breadcrumb\">\n\tBUENAVENTURA\n<\/span><\/div>","aioseo_breadcrumb_json":[{"label":"Home","link":"https:\/\/www.claret.cat\/es\/"},{"label":"Botiga","link":"https:\/\/www.claret.cat\/?page_id=16"},{"label":"Sense Categoria","link":"https:\/\/www.claret.cat\/categoria-producto\/sense-categoria\/"},{"label":"BUENAVENTURA","link":"https:\/\/www.claret.cat\/es\/libro\/buenaventura-9788466329521\/"}],"_links":{"self":[{"href":"https:\/\/www.claret.cat\/es\/wp-json\/wp\/v2\/product\/239875","targetHints":{"allow":["GET"]}}],"collection":[{"href":"https:\/\/www.claret.cat\/es\/wp-json\/wp\/v2\/product"}],"about":[{"href":"https:\/\/www.claret.cat\/es\/wp-json\/wp\/v2\/types\/product"}],"wp:featuredmedia":[{"embeddable":true,"href":"https:\/\/www.claret.cat\/es\/wp-json\/wp\/v2\/media\/239876"}],"wp:attachment":[{"href":"https:\/\/www.claret.cat\/es\/wp-json\/wp\/v2\/media?parent=239875"}],"wp:term":[{"taxonomy":"product_brand","embeddable":true,"href":"https:\/\/www.claret.cat\/es\/wp-json\/wp\/v2\/product_brand?post=239875"},{"taxonomy":"product_cat","embeddable":true,"href":"https:\/\/www.claret.cat\/es\/wp-json\/wp\/v2\/product_cat?post=239875"},{"taxonomy":"product_tag","embeddable":true,"href":"https:\/\/www.claret.cat\/es\/wp-json\/wp\/v2\/product_tag?post=239875"}],"curies":[{"name":"wp","href":"https:\/\/api.w.org\/{rel}","templated":true}]}}