{"id":240551,"date":"2022-10-21T00:08:43","date_gmt":"2022-10-20T22:08:43","guid":{"rendered":"http:\/\/dev.claret.cat\/producte\/que-gane-el-mejor-chicas-contra-chicos-2\/"},"modified":"2023-01-28T02:06:06","modified_gmt":"2023-01-28T01:06:06","slug":"que-gane-el-mejor-chicas-contra-chicos-2-9788420482187","status":"publish","type":"product","link":"https:\/\/www.claret.cat\/es\/libro\/que-gane-el-mejor-chicas-contra-chicos-2-9788420482187\/","title":{"rendered":"\u00a1QUE GANE EL MEJOR! (CHICAS CONTRA CHICOS 2)"},"content":{"rendered":"<p>\u00bfQui\u00e9n empez\u00f3 esta guerra&#8230;, lo chicos o las chicas?<br \/>Y lo que es peor, \u00bfc\u00f3mo se gana una guerra en la que se mezclan los  sentimientos? El principio de curso ha sido de lo m\u00e1s agitado en el Monteblanco. Ali,  Lena y Sue (\u00a1una para todas y todas para una!), declararon la guerra a Turo y el resto de Los Lirones, y ahora que van ganando, saben que los chicos planean venganza. Encima, justo antes de las Navidades, Ali termin\u00f3 aceptando una quedada con Nico, pero \u00bfqu\u00e9 haces cuando las cosas no salen ni de lejos como t\u00fa imaginabas? Con el desaf\u00edo en pie, sigue la batalla entre chicas y chicos, aunque puede que esta vez se les est\u00e9 escapando de las manos&#8230;<\/p>\n","protected":false},"excerpt":{"rendered":"<p>EN LAS NUBES, ALI<\/p>\n","protected":false},"featured_media":240552,"template":"","meta":{"_acf_changed":false,"om_disable_all_campaigns":false,"rs_blank_template":"","rs_page_bg_color":"","slide_template_v7":"","inline_featured_image":false,"_monsterinsights_skip_tracking":false,"_monsterinsights_sitenote_active":false,"_monsterinsights_sitenote_note":"","_monsterinsights_sitenote_category":0},"product_brand":[],"product_cat":[86],"product_tag":[],"class_list":{"0":"post-240551","1":"product","2":"type-product","3":"status-publish","4":"has-post-thumbnail","6":"product_cat-infantil","8":"first","9":"instock","10":"taxable","11":"shipping-taxable","12":"purchasable","13":"product-type-simple"},"acf":{"autor":"EN LAS NUBES, ALI","codart":"842048218","libros-coleccion":"","ediciones":"1","encuadernacion":"Carton\u00e9","fecha_de_publicacion":"01\/02\/2016","novedad":"0","paginas":"222","subtitulo":"","orden":"999","portada":"0","idioma":"spa","editorial":[{"ID":147392,"post_author":"3","post_date":"2022-10-14 11:50:13","post_date_gmt":"2022-10-14 09:50:13","post_content":"","post_title":"ALFAGUARA, EDITORIAL","post_excerpt":"","post_status":"publish","comment_status":"closed","ping_status":"closed","post_password":"","post_name":"alfaguara-editorial","to_ping":"","pinged":"","post_modified":"2022-10-14 11:50:13","post_modified_gmt":"2022-10-14 09:50:13","post_content_filtered":"","post_parent":0,"guid":"http:\/\/dev.claret.cat\/editorial\/alfaguara-editorial\/","menu_order":0,"post_type":"editorial","post_mime_type":"","comment_count":"0","filter":"raw"}]},"aioseo_notices":[],"_links":{"self":[{"href":"https:\/\/www.claret.cat\/es\/wp-json\/wp\/v2\/product\/240551","targetHints":{"allow":["GET"]}}],"collection":[{"href":"https:\/\/www.claret.cat\/es\/wp-json\/wp\/v2\/product"}],"about":[{"href":"https:\/\/www.claret.cat\/es\/wp-json\/wp\/v2\/types\/product"}],"wp:featuredmedia":[{"embeddable":true,"href":"https:\/\/www.claret.cat\/es\/wp-json\/wp\/v2\/media\/240552"}],"wp:attachment":[{"href":"https:\/\/www.claret.cat\/es\/wp-json\/wp\/v2\/media?parent=240551"}],"wp:term":[{"taxonomy":"product_brand","embeddable":true,"href":"https:\/\/www.claret.cat\/es\/wp-json\/wp\/v2\/product_brand?post=240551"},{"taxonomy":"product_cat","embeddable":true,"href":"https:\/\/www.claret.cat\/es\/wp-json\/wp\/v2\/product_cat?post=240551"},{"taxonomy":"product_tag","embeddable":true,"href":"https:\/\/www.claret.cat\/es\/wp-json\/wp\/v2\/product_tag?post=240551"}],"curies":[{"name":"wp","href":"https:\/\/api.w.org\/{rel}","templated":true}]}}