{"id":240764,"date":"2022-10-21T00:14:06","date_gmt":"2022-10-20T22:14:06","guid":{"rendered":"http:\/\/dev.claret.cat\/producte\/practica-la-justicia-ama-la-misericordia-y-camina-humildemente-con-tu-dios\/"},"modified":"2024-05-23T08:05:00","modified_gmt":"2024-05-23T06:05:00","slug":"practica-la-justicia-ama-la-misericordia-y-camina-humildemente-con-tu-dios-9788484406099","status":"publish","type":"product","link":"https:\/\/www.claret.cat\/es\/libro\/practica-la-justicia-ama-la-misericordia-y-camina-humildemente-con-tu-dios-9788484406099\/","title":{"rendered":"PRACTICA LA JUSTICIA, AMA LA MISERICORDIA Y CAMINA HUMILDEMENTE CON TU DIOS."},"content":{"rendered":"<p>Relacionada con la justicia se encuentra la misericordia. Es deseo del Papa Francisco que las relacionemos, que las vivamos unidas. Lo expresa as\u00ed: ?La Cuaresma de este A\u00f1o Jubilar sea vivida con mayor intensidad, como momento fuerte para celebrar y experimentar la misericordia de Dios. \u00a1Cu\u00e1ntas p\u00e1ginas de la Sagrada Escritura pueden ser meditadas en las semanas de Cuaresma para redescubrir el rostro misericordioso del Padre! Con las palabras del profeta Miqueas tambi\u00e9n nosotros podemos repetir: T\u00fa, oh Se\u00f1or, eres un Dios que cancelas la iniquidad y perdonas el pecado, que no mantienes para siempre tu c\u00f3lera, pues amas la misericordia. T\u00fa, Se\u00f1or, volver\u00e1s a compadecerte de nosotros y a tener piedad de tu pueblo. Destruir\u00e1s nuestras culpas y arrojar\u00e1s en el fondo del mar todos nuestros pecados (cfr 7,18-19?) (P. Francisco, Misericordiae Vultus. Bula de convocaci\u00f3n del jubileo extraordinario de la Misericordia, Roma 2015, n. 17)<\/p>\n","protected":false},"excerpt":{"rendered":"<p>C\u00c1RITAS<\/p>\n","protected":false},"featured_media":358086,"template":"","meta":{"_acf_changed":false,"om_disable_all_campaigns":false,"rs_blank_template":"","rs_page_bg_color":"","slide_template_v7":"","inline_featured_image":false,"_monsterinsights_skip_tracking":false},"product_brand":[],"product_cat":[345,79,78,344],"product_tag":[],"class_list":["post-240764","product","type-product","status-publish","has-post-thumbnail","product_cat-espiritualidad","product_cat-espiritualitat","product_cat-pastoral","product_cat-pastoral-1_espiritualidad","first","outofstock","taxable","shipping-taxable","purchasable","product-type-simple"],"acf":{"autor":"C\u00c1RITAS","codart":"848440609","libros-coleccion":"","ediciones":"1","encuadernacion":"R\u00fastica","fecha_de_publicacion":"29\/01\/2016","novedad":"0","paginas":"445","subtitulo":"CUARESMA Y PASCUA 2016","orden":"3","portada":"0","idioma":"spa","autores-libros":[{"ID":152088,"post_author":"3","post_date":"2022-10-14 14:46:00","post_date_gmt":"2022-10-14 12:46:00","post_content":"","post_title":"CARITAS","post_excerpt":"","post_status":"publish","comment_status":"closed","ping_status":"closed","post_password":"","post_name":"caritas","to_ping":"","pinged":"","post_modified":"2022-10-14 14:46:00","post_modified_gmt":"2022-10-14 12:46:00","post_content_filtered":"","post_parent":0,"guid":"http:\/\/dev.claret.cat\/autor\/caritas\/","menu_order":0,"post_type":"autor","post_mime_type":"","comment_count":"0","filter":"raw"}],"editorial":[{"ID":261887,"post_author":"3","post_date":"2022-10-24 11:17:09","post_date_gmt":"2022-10-24 09:17:09","post_content":"","post_title":"CARITAS ESPA\u00d1OLA, EDITORES","post_excerpt":"","post_status":"publish","comment_status":"closed","ping_status":"closed","post_password":"","post_name":"caritas-espanola-editores-2","to_ping":"","pinged":"","post_modified":"2022-10-24 11:17:09","post_modified_gmt":"2022-10-24 09:17:09","post_content_filtered":"","post_parent":0,"guid":"http:\/\/dev.claret.cat\/editorial\/caritas-espanola-editores-2\/","menu_order":0,"post_type":"editorial","post_mime_type":"","comment_count":"0","filter":"raw"}]},"aioseo_notices":[],"aioseo_head":"\n\t\t<!-- All in One SEO Pro 5.0.1.1 - aioseo.com -->\n\t<meta name=\"description\" content=\"PRACTICA LA JUSTICIA, AMA LA MISERICORDIA Y CAMINA HUMILDEMENTE CON TU DIOS. de C\u00c1RITAS disponible a\/en Llibreria Claret.\" \/>\n\t<meta name=\"robots\" content=\"max-image-preview:large\" \/>\n\t<meta name=\"google-site-verification\" content=\"xVtlFxJ-TfkIu-D-lt7XeLobefg5EIQiXTuqcSf8Rf0\" \/>\n\t<link rel=\"canonical\" href=\"https:\/\/www.claret.cat\/es\/libro\/practica-la-justicia-ama-la-misericordia-y-camina-humildemente-con-tu-dios-9788484406099\/\" \/>\n\t<meta name=\"generator\" content=\"All in One SEO Pro (AIOSEO) 5.0.1.1\" \/>\n\t\t<meta property=\"og:locale\" content=\"es_ES\" \/>\n\t\t<meta property=\"og:site_name\" content=\"Llibreria Claret - Llibreria religiosa a Barcelona\" \/>\n\t\t<meta property=\"og:type\" content=\"article\" \/>\n\t\t<meta property=\"og:title\" content=\"PRACTICA LA JUSTICIA, AMA LA MISERICORDIA Y CAMINA HUMILDEMENTE CON TU DIOS. - C\u00c1RITAS 9788484406099 | Llibreria Claret\" \/>\n\t\t<meta property=\"og:description\" content=\"PRACTICA LA JUSTICIA, AMA LA MISERICORDIA Y CAMINA HUMILDEMENTE CON TU DIOS. de C\u00c1RITAS disponible a\/en Llibreria Claret.\" \/>\n\t\t<meta property=\"og:url\" content=\"https:\/\/www.claret.cat\/es\/libro\/practica-la-justicia-ama-la-misericordia-y-camina-humildemente-con-tu-dios-9788484406099\/\" \/>\n\t\t<meta property=\"og:image\" content=\"https:\/\/dev.claret.cat\/wp-content\/uploads\/logo-claret.svg\" \/>\n\t\t<meta property=\"og:image:secure_url\" content=\"https:\/\/dev.claret.cat\/wp-content\/uploads\/logo-claret.svg\" \/>\n\t\t<meta property=\"article:published_time\" content=\"2022-10-20T22:14:06+00:00\" \/>\n\t\t<meta property=\"article:modified_time\" content=\"2024-05-23T06:05:00+00:00\" \/>\n\t\t<meta property=\"article:publisher\" content=\"https:\/\/www.facebook.com\/LlibreriaClaret\" \/>\n\t\t<meta name=\"twitter:card\" content=\"summary_large_image\" \/>\n\t\t<meta name=\"twitter:site\" content=\"@LlibreriaClaret\" \/>\n\t\t<meta name=\"twitter:title\" content=\"PRACTICA LA JUSTICIA, AMA LA MISERICORDIA Y CAMINA HUMILDEMENTE CON TU DIOS. - C\u00c1RITAS 9788484406099 | Llibreria Claret\" \/>\n\t\t<meta name=\"twitter:description\" content=\"PRACTICA LA JUSTICIA, AMA LA MISERICORDIA Y CAMINA HUMILDEMENTE CON TU DIOS. de C\u00c1RITAS disponible a\/en Llibreria Claret.\" \/>\n\t\t<meta name=\"twitter:image\" content=\"http:\/\/dev.claret.cat\/wp-content\/uploads\/logo-claret.svg\" \/>\n\t\t<script type=\"application\/ld+json\" class=\"aioseo-schema\">\n\t\t\t{\"@context\":\"https:\\\/\\\/schema.org\",\"@graph\":[{\"@type\":\"BreadcrumbList\",\"@id\":\"https:\\\/\\\/www.claret.cat\\\/es\\\/libro\\\/practica-la-justicia-ama-la-misericordia-y-camina-humildemente-con-tu-dios-9788484406099\\\/#breadcrumblist\",\"itemListElement\":[{\"@type\":\"ListItem\",\"@id\":\"https:\\\/\\\/www.claret.cat\\\/es\\\/#listItem\",\"position\":1,\"name\":\"Home\",\"item\":\"https:\\\/\\\/www.claret.cat\\\/es\\\/\",\"nextItem\":{\"@type\":\"ListItem\",\"@id\":\"https:\\\/\\\/www.claret.cat\\\/?page_id=16#listItem\",\"name\":\"Botiga\"}},{\"@type\":\"ListItem\",\"@id\":\"https:\\\/\\\/www.claret.cat\\\/?page_id=16#listItem\",\"position\":2,\"name\":\"Botiga\",\"item\":\"https:\\\/\\\/www.claret.cat\\\/?page_id=16\",\"nextItem\":{\"@type\":\"ListItem\",\"@id\":\"https:\\\/\\\/www.claret.cat\\\/categoria-producto\\\/cat\\\/#listItem\",\"name\":\"CAT\"},\"previousItem\":{\"@type\":\"ListItem\",\"@id\":\"https:\\\/\\\/www.claret.cat\\\/es\\\/#listItem\",\"name\":\"Home\"}},{\"@type\":\"ListItem\",\"@id\":\"https:\\\/\\\/www.claret.cat\\\/categoria-producto\\\/cat\\\/#listItem\",\"position\":3,\"name\":\"CAT\",\"item\":\"https:\\\/\\\/www.claret.cat\\\/categoria-producto\\\/cat\\\/\",\"nextItem\":{\"@type\":\"ListItem\",\"@id\":\"https:\\\/\\\/www.claret.cat\\\/categoria-producto\\\/cat\\\/1_espiritualitat\\\/#listItem\",\"name\":\"Espiritualitat\"},\"previousItem\":{\"@type\":\"ListItem\",\"@id\":\"https:\\\/\\\/www.claret.cat\\\/?page_id=16#listItem\",\"name\":\"Botiga\"}},{\"@type\":\"ListItem\",\"@id\":\"https:\\\/\\\/www.claret.cat\\\/categoria-producto\\\/cat\\\/1_espiritualitat\\\/#listItem\",\"position\":4,\"name\":\"Espiritualitat\",\"item\":\"https:\\\/\\\/www.claret.cat\\\/categoria-producto\\\/cat\\\/1_espiritualitat\\\/\",\"nextItem\":{\"@type\":\"ListItem\",\"@id\":\"https:\\\/\\\/www.claret.cat\\\/categoria-producto\\\/cat\\\/1_espiritualitat\\\/pastoral\\\/#listItem\",\"name\":\"Pastoral\"},\"previousItem\":{\"@type\":\"ListItem\",\"@id\":\"https:\\\/\\\/www.claret.cat\\\/categoria-producto\\\/cat\\\/#listItem\",\"name\":\"CAT\"}},{\"@type\":\"ListItem\",\"@id\":\"https:\\\/\\\/www.claret.cat\\\/categoria-producto\\\/cat\\\/1_espiritualitat\\\/pastoral\\\/#listItem\",\"position\":5,\"name\":\"Pastoral\",\"item\":\"https:\\\/\\\/www.claret.cat\\\/categoria-producto\\\/cat\\\/1_espiritualitat\\\/pastoral\\\/\",\"nextItem\":{\"@type\":\"ListItem\",\"@id\":\"https:\\\/\\\/www.claret.cat\\\/es\\\/libro\\\/practica-la-justicia-ama-la-misericordia-y-camina-humildemente-con-tu-dios-9788484406099\\\/#listItem\",\"name\":\"PRACTICA LA JUSTICIA, AMA LA MISERICORDIA Y CAMINA HUMILDEMENTE CON TU DIOS.\"},\"previousItem\":{\"@type\":\"ListItem\",\"@id\":\"https:\\\/\\\/www.claret.cat\\\/categoria-producto\\\/cat\\\/1_espiritualitat\\\/#listItem\",\"name\":\"Espiritualitat\"}},{\"@type\":\"ListItem\",\"@id\":\"https:\\\/\\\/www.claret.cat\\\/es\\\/libro\\\/practica-la-justicia-ama-la-misericordia-y-camina-humildemente-con-tu-dios-9788484406099\\\/#listItem\",\"position\":6,\"name\":\"PRACTICA LA JUSTICIA, AMA LA MISERICORDIA Y CAMINA HUMILDEMENTE CON TU DIOS.\",\"previousItem\":{\"@type\":\"ListItem\",\"@id\":\"https:\\\/\\\/www.claret.cat\\\/categoria-producto\\\/cat\\\/1_espiritualitat\\\/pastoral\\\/#listItem\",\"name\":\"Pastoral\"}}]},{\"@type\":\"ItemPage\",\"@id\":\"https:\\\/\\\/www.claret.cat\\\/es\\\/libro\\\/practica-la-justicia-ama-la-misericordia-y-camina-humildemente-con-tu-dios-9788484406099\\\/#itempage\",\"url\":\"https:\\\/\\\/www.claret.cat\\\/es\\\/libro\\\/practica-la-justicia-ama-la-misericordia-y-camina-humildemente-con-tu-dios-9788484406099\\\/\",\"name\":\"PRACTICA LA JUSTICIA, AMA LA MISERICORDIA Y CAMINA HUMILDEMENTE CON TU DIOS. - C\\u00c1RITAS 9788484406099 | Llibreria Claret\",\"description\":\"PRACTICA LA JUSTICIA, AMA LA MISERICORDIA Y CAMINA HUMILDEMENTE CON TU DIOS. de C\\u00c1RITAS disponible a\\\/en Llibreria Claret.\",\"inLanguage\":\"es-ES\",\"isPartOf\":{\"@id\":\"https:\\\/\\\/www.claret.cat\\\/es\\\/#website\"},\"breadcrumb\":{\"@id\":\"https:\\\/\\\/www.claret.cat\\\/es\\\/libro\\\/practica-la-justicia-ama-la-misericordia-y-camina-humildemente-con-tu-dios-9788484406099\\\/#breadcrumblist\"},\"image\":{\"@type\":\"ImageObject\",\"url\":\"https:\\\/\\\/www.claret.cat\\\/wp-content\\\/uploads\\\/.\\\/9788484406099-2.jpg\",\"@id\":\"https:\\\/\\\/www.claret.cat\\\/es\\\/libro\\\/practica-la-justicia-ama-la-misericordia-y-camina-humildemente-con-tu-dios-9788484406099\\\/#mainImage\",\"width\":225,\"height\":300,\"caption\":\"9788484406099.jpg\"},\"primaryImageOfPage\":{\"@id\":\"https:\\\/\\\/www.claret.cat\\\/es\\\/libro\\\/practica-la-justicia-ama-la-misericordia-y-camina-humildemente-con-tu-dios-9788484406099\\\/#mainImage\"},\"datePublished\":\"2022-10-21T00:14:06+02:00\",\"dateModified\":\"2024-05-23T08:05:00+02:00\"},{\"@type\":\"Organization\",\"@id\":\"https:\\\/\\\/www.claret.cat\\\/es\\\/#organization\",\"name\":\"Llibreria Claret\",\"description\":\"Llibreria religiosa a Barcelona\",\"url\":\"https:\\\/\\\/www.claret.cat\\\/es\\\/\",\"email\":\"comunicacio@claret.cat\",\"telephone\":\"+34933010887\",\"logo\":{\"@type\":\"ImageObject\",\"url\":\"https:\\\/\\\/www.claret.cat\\\/wp-content\\\/uploads\\\/.\\\/logo-claret-es.png\",\"@id\":\"https:\\\/\\\/www.claret.cat\\\/es\\\/libro\\\/practica-la-justicia-ama-la-misericordia-y-camina-humildemente-con-tu-dios-9788484406099\\\/#organizationLogo\",\"width\":195,\"height\":79},\"image\":{\"@id\":\"https:\\\/\\\/www.claret.cat\\\/es\\\/libro\\\/practica-la-justicia-ama-la-misericordia-y-camina-humildemente-con-tu-dios-9788484406099\\\/#organizationLogo\"},\"sameAs\":[\"https:\\\/\\\/www.facebook.com\\\/LlibreriaClaret\",\"https:\\\/\\\/twitter.com\\\/LlibreriaClaret\",\"https:\\\/\\\/www.instagram.com\\\/llibreriaclaret\\\/\",\"https:\\\/\\\/www.tiktok.com\\\/@llibreriaclaret\",\"https:\\\/\\\/www.youtube.com\\\/@llibreriaclaret\",\"https:\\\/\\\/ca.wikipedia.org\\\/wiki\\\/Editorial_Claret\"]},{\"@type\":\"WebPage\",\"@id\":\"https:\\\/\\\/www.claret.cat\\\/es\\\/libro\\\/practica-la-justicia-ama-la-misericordia-y-camina-humildemente-con-tu-dios-9788484406099\\\/#webpage\",\"url\":\"https:\\\/\\\/www.claret.cat\\\/es\\\/libro\\\/practica-la-justicia-ama-la-misericordia-y-camina-humildemente-con-tu-dios-9788484406099\\\/\",\"name\":\"PRACTICA LA JUSTICIA, AMA LA MISERICORDIA Y CAMINA HUMILDEMENTE CON TU DIOS. - C\\u00c1RITAS 9788484406099 | Llibreria Claret\",\"description\":\"PRACTICA LA JUSTICIA, AMA LA MISERICORDIA Y CAMINA HUMILDEMENTE CON TU DIOS. de C\\u00c1RITAS disponible a\\\/en Llibreria Claret.\",\"inLanguage\":\"es-ES\",\"isPartOf\":{\"@id\":\"https:\\\/\\\/www.claret.cat\\\/es\\\/#website\"},\"breadcrumb\":{\"@id\":\"https:\\\/\\\/www.claret.cat\\\/es\\\/libro\\\/practica-la-justicia-ama-la-misericordia-y-camina-humildemente-con-tu-dios-9788484406099\\\/#breadcrumblist\"},\"image\":{\"@type\":\"ImageObject\",\"url\":\"https:\\\/\\\/www.claret.cat\\\/wp-content\\\/uploads\\\/.\\\/9788484406099-2.jpg\",\"@id\":\"https:\\\/\\\/www.claret.cat\\\/es\\\/libro\\\/practica-la-justicia-ama-la-misericordia-y-camina-humildemente-con-tu-dios-9788484406099\\\/#mainImage\",\"width\":225,\"height\":300,\"caption\":\"9788484406099.jpg\"},\"primaryImageOfPage\":{\"@id\":\"https:\\\/\\\/www.claret.cat\\\/es\\\/libro\\\/practica-la-justicia-ama-la-misericordia-y-camina-humildemente-con-tu-dios-9788484406099\\\/#mainImage\"},\"datePublished\":\"2022-10-21T00:14:06+02:00\",\"dateModified\":\"2024-05-23T08:05:00+02:00\"},{\"@type\":\"WebSite\",\"@id\":\"https:\\\/\\\/www.claret.cat\\\/es\\\/#website\",\"url\":\"https:\\\/\\\/www.claret.cat\\\/es\\\/\",\"name\":\"Llibreria Claret Barcelona\",\"alternateName\":\"Llibreria Claret\",\"description\":\"Llibreria religiosa a Barcelona\",\"inLanguage\":\"es-ES\",\"publisher\":{\"@id\":\"https:\\\/\\\/www.claret.cat\\\/es\\\/#organization\"}}]}\n\t\t<\/script>\n\t\t<!-- All in One SEO Pro -->\r\n\t\t<title>PRACTICA LA JUSTICIA, AMA LA MISERICORDIA Y CAMINA HUMILDEMENTE CON TU DIOS. - C\u00c1RITAS 9788484406099 | Llibreria Claret<\/title>\n\n","aioseo_head_json":{"title":"PRACTICA LA JUSTICIA, AMA LA MISERICORDIA Y CAMINA HUMILDEMENTE CON TU DIOS. - C\u00c1RITAS 9788484406099 | Llibreria Claret","description":"PRACTICA LA JUSTICIA, AMA LA MISERICORDIA Y CAMINA HUMILDEMENTE CON TU DIOS. de C\u00c1RITAS disponible a\/en Llibreria Claret.","canonical_url":"https:\/\/www.claret.cat\/es\/libro\/practica-la-justicia-ama-la-misericordia-y-camina-humildemente-con-tu-dios-9788484406099\/","robots":"max-image-preview:large","keywords":"","webmasterTools":{"google-site-verification":"xVtlFxJ-TfkIu-D-lt7XeLobefg5EIQiXTuqcSf8Rf0","miscellaneous":""},"schema":{"@context":"https:\/\/schema.org","@graph":[{"@type":"BreadcrumbList","@id":"https:\/\/www.claret.cat\/es\/libro\/practica-la-justicia-ama-la-misericordia-y-camina-humildemente-con-tu-dios-9788484406099\/#breadcrumblist","itemListElement":[{"@type":"ListItem","@id":"https:\/\/www.claret.cat\/es\/#listItem","position":1,"name":"Home","item":"https:\/\/www.claret.cat\/es\/","nextItem":{"@type":"ListItem","@id":"https:\/\/www.claret.cat\/?page_id=16#listItem","name":"Botiga"}},{"@type":"ListItem","@id":"https:\/\/www.claret.cat\/?page_id=16#listItem","position":2,"name":"Botiga","item":"https:\/\/www.claret.cat\/?page_id=16","nextItem":{"@type":"ListItem","@id":"https:\/\/www.claret.cat\/categoria-producto\/cat\/#listItem","name":"CAT"},"previousItem":{"@type":"ListItem","@id":"https:\/\/www.claret.cat\/es\/#listItem","name":"Home"}},{"@type":"ListItem","@id":"https:\/\/www.claret.cat\/categoria-producto\/cat\/#listItem","position":3,"name":"CAT","item":"https:\/\/www.claret.cat\/categoria-producto\/cat\/","nextItem":{"@type":"ListItem","@id":"https:\/\/www.claret.cat\/categoria-producto\/cat\/1_espiritualitat\/#listItem","name":"Espiritualitat"},"previousItem":{"@type":"ListItem","@id":"https:\/\/www.claret.cat\/?page_id=16#listItem","name":"Botiga"}},{"@type":"ListItem","@id":"https:\/\/www.claret.cat\/categoria-producto\/cat\/1_espiritualitat\/#listItem","position":4,"name":"Espiritualitat","item":"https:\/\/www.claret.cat\/categoria-producto\/cat\/1_espiritualitat\/","nextItem":{"@type":"ListItem","@id":"https:\/\/www.claret.cat\/categoria-producto\/cat\/1_espiritualitat\/pastoral\/#listItem","name":"Pastoral"},"previousItem":{"@type":"ListItem","@id":"https:\/\/www.claret.cat\/categoria-producto\/cat\/#listItem","name":"CAT"}},{"@type":"ListItem","@id":"https:\/\/www.claret.cat\/categoria-producto\/cat\/1_espiritualitat\/pastoral\/#listItem","position":5,"name":"Pastoral","item":"https:\/\/www.claret.cat\/categoria-producto\/cat\/1_espiritualitat\/pastoral\/","nextItem":{"@type":"ListItem","@id":"https:\/\/www.claret.cat\/es\/libro\/practica-la-justicia-ama-la-misericordia-y-camina-humildemente-con-tu-dios-9788484406099\/#listItem","name":"PRACTICA LA JUSTICIA, AMA LA MISERICORDIA Y CAMINA HUMILDEMENTE CON TU DIOS."},"previousItem":{"@type":"ListItem","@id":"https:\/\/www.claret.cat\/categoria-producto\/cat\/1_espiritualitat\/#listItem","name":"Espiritualitat"}},{"@type":"ListItem","@id":"https:\/\/www.claret.cat\/es\/libro\/practica-la-justicia-ama-la-misericordia-y-camina-humildemente-con-tu-dios-9788484406099\/#listItem","position":6,"name":"PRACTICA LA JUSTICIA, AMA LA MISERICORDIA Y CAMINA HUMILDEMENTE CON TU DIOS.","previousItem":{"@type":"ListItem","@id":"https:\/\/www.claret.cat\/categoria-producto\/cat\/1_espiritualitat\/pastoral\/#listItem","name":"Pastoral"}}]},{"@type":"ItemPage","@id":"https:\/\/www.claret.cat\/es\/libro\/practica-la-justicia-ama-la-misericordia-y-camina-humildemente-con-tu-dios-9788484406099\/#itempage","url":"https:\/\/www.claret.cat\/es\/libro\/practica-la-justicia-ama-la-misericordia-y-camina-humildemente-con-tu-dios-9788484406099\/","name":"PRACTICA LA JUSTICIA, AMA LA MISERICORDIA Y CAMINA HUMILDEMENTE CON TU DIOS. - C\u00c1RITAS 9788484406099 | Llibreria Claret","description":"PRACTICA LA JUSTICIA, AMA LA MISERICORDIA Y CAMINA HUMILDEMENTE CON TU DIOS. de C\u00c1RITAS disponible a\/en Llibreria Claret.","inLanguage":"es-ES","isPartOf":{"@id":"https:\/\/www.claret.cat\/es\/#website"},"breadcrumb":{"@id":"https:\/\/www.claret.cat\/es\/libro\/practica-la-justicia-ama-la-misericordia-y-camina-humildemente-con-tu-dios-9788484406099\/#breadcrumblist"},"image":{"@type":"ImageObject","url":"https:\/\/www.claret.cat\/wp-content\/uploads\/.\/9788484406099-2.jpg","@id":"https:\/\/www.claret.cat\/es\/libro\/practica-la-justicia-ama-la-misericordia-y-camina-humildemente-con-tu-dios-9788484406099\/#mainImage","width":225,"height":300,"caption":"9788484406099.jpg"},"primaryImageOfPage":{"@id":"https:\/\/www.claret.cat\/es\/libro\/practica-la-justicia-ama-la-misericordia-y-camina-humildemente-con-tu-dios-9788484406099\/#mainImage"},"datePublished":"2022-10-21T00:14:06+02:00","dateModified":"2024-05-23T08:05:00+02:00"},{"@type":"Organization","@id":"https:\/\/www.claret.cat\/es\/#organization","name":"Llibreria Claret","description":"Llibreria religiosa a Barcelona","url":"https:\/\/www.claret.cat\/es\/","email":"comunicacio@claret.cat","telephone":"+34933010887","logo":{"@type":"ImageObject","url":"https:\/\/www.claret.cat\/wp-content\/uploads\/.\/logo-claret-es.png","@id":"https:\/\/www.claret.cat\/es\/libro\/practica-la-justicia-ama-la-misericordia-y-camina-humildemente-con-tu-dios-9788484406099\/#organizationLogo","width":195,"height":79},"image":{"@id":"https:\/\/www.claret.cat\/es\/libro\/practica-la-justicia-ama-la-misericordia-y-camina-humildemente-con-tu-dios-9788484406099\/#organizationLogo"},"sameAs":["https:\/\/www.facebook.com\/LlibreriaClaret","https:\/\/twitter.com\/LlibreriaClaret","https:\/\/www.instagram.com\/llibreriaclaret\/","https:\/\/www.tiktok.com\/@llibreriaclaret","https:\/\/www.youtube.com\/@llibreriaclaret","https:\/\/ca.wikipedia.org\/wiki\/Editorial_Claret"]},{"@type":"WebPage","@id":"https:\/\/www.claret.cat\/es\/libro\/practica-la-justicia-ama-la-misericordia-y-camina-humildemente-con-tu-dios-9788484406099\/#webpage","url":"https:\/\/www.claret.cat\/es\/libro\/practica-la-justicia-ama-la-misericordia-y-camina-humildemente-con-tu-dios-9788484406099\/","name":"PRACTICA LA JUSTICIA, AMA LA MISERICORDIA Y CAMINA HUMILDEMENTE CON TU DIOS. - C\u00c1RITAS 9788484406099 | Llibreria Claret","description":"PRACTICA LA JUSTICIA, AMA LA MISERICORDIA Y CAMINA HUMILDEMENTE CON TU DIOS. de C\u00c1RITAS disponible a\/en Llibreria Claret.","inLanguage":"es-ES","isPartOf":{"@id":"https:\/\/www.claret.cat\/es\/#website"},"breadcrumb":{"@id":"https:\/\/www.claret.cat\/es\/libro\/practica-la-justicia-ama-la-misericordia-y-camina-humildemente-con-tu-dios-9788484406099\/#breadcrumblist"},"image":{"@type":"ImageObject","url":"https:\/\/www.claret.cat\/wp-content\/uploads\/.\/9788484406099-2.jpg","@id":"https:\/\/www.claret.cat\/es\/libro\/practica-la-justicia-ama-la-misericordia-y-camina-humildemente-con-tu-dios-9788484406099\/#mainImage","width":225,"height":300,"caption":"9788484406099.jpg"},"primaryImageOfPage":{"@id":"https:\/\/www.claret.cat\/es\/libro\/practica-la-justicia-ama-la-misericordia-y-camina-humildemente-con-tu-dios-9788484406099\/#mainImage"},"datePublished":"2022-10-21T00:14:06+02:00","dateModified":"2024-05-23T08:05:00+02:00"},{"@type":"WebSite","@id":"https:\/\/www.claret.cat\/es\/#website","url":"https:\/\/www.claret.cat\/es\/","name":"Llibreria Claret Barcelona","alternateName":"Llibreria Claret","description":"Llibreria religiosa a Barcelona","inLanguage":"es-ES","publisher":{"@id":"https:\/\/www.claret.cat\/es\/#organization"}}]},"og:locale":"es_ES","og:site_name":"Llibreria Claret - Llibreria religiosa a Barcelona","og:type":"article","og:title":"PRACTICA LA JUSTICIA, AMA LA MISERICORDIA Y CAMINA HUMILDEMENTE CON TU DIOS. - C\u00c1RITAS 9788484406099 | Llibreria Claret","og:description":"PRACTICA LA JUSTICIA, AMA LA MISERICORDIA Y CAMINA HUMILDEMENTE CON TU DIOS. de C\u00c1RITAS disponible a\/en Llibreria Claret.","og:url":"https:\/\/www.claret.cat\/es\/libro\/practica-la-justicia-ama-la-misericordia-y-camina-humildemente-con-tu-dios-9788484406099\/","og:image":"https:\/\/dev.claret.cat\/wp-content\/uploads\/logo-claret.svg","og:image:secure_url":"https:\/\/dev.claret.cat\/wp-content\/uploads\/logo-claret.svg","article:published_time":"2022-10-20T22:14:06+00:00","article:modified_time":"2024-05-23T06:05:00+00:00","article:publisher":"https:\/\/www.facebook.com\/LlibreriaClaret","twitter:card":"summary_large_image","twitter:site":"@LlibreriaClaret","twitter:title":"PRACTICA LA JUSTICIA, AMA LA MISERICORDIA Y CAMINA HUMILDEMENTE CON TU DIOS. - C\u00c1RITAS 9788484406099 | Llibreria Claret","twitter:description":"PRACTICA LA JUSTICIA, AMA LA MISERICORDIA Y CAMINA HUMILDEMENTE CON TU DIOS. de C\u00c1RITAS disponible a\/en Llibreria Claret.","twitter:image":"http:\/\/dev.claret.cat\/wp-content\/uploads\/logo-claret.svg"},"aioseo_meta_data":{"post_id":"240764","title":null,"description":null,"keywords":null,"keyphrases":null,"primary_term":null,"canonical_url":null,"og_title":null,"og_description":null,"og_object_type":"default","og_image_type":"default","og_image_url":null,"og_image_width":null,"og_image_height":null,"og_image_custom_url":null,"og_image_custom_fields":null,"og_video":null,"og_custom_url":null,"og_article_section":null,"og_article_tags":null,"twitter_use_og":false,"twitter_card":"default","twitter_image_type":"default","twitter_image_url":null,"twitter_image_custom_url":null,"twitter_image_custom_fields":null,"twitter_title":null,"twitter_description":null,"schema":{"blockGraphs":[],"customGraphs":[],"default":{"data":{"Article":[],"Course":[],"Dataset":[],"FAQPage":[],"Movie":[],"Person":[],"Product":[],"ProductReview":[],"Car":[],"Recipe":[],"Service":[],"SoftwareApplication":[],"WebPage":[]},"graphName":"","isEnabled":true},"graphs":[]},"schema_type":"default","schema_type_options":null,"pillar_content":false,"robots_default":true,"robots_noindex":false,"robots_noarchive":false,"robots_nosnippet":false,"robots_nofollow":false,"robots_noimageindex":false,"robots_noodp":false,"robots_notranslate":false,"robots_max_snippet":null,"robots_max_videopreview":null,"robots_max_imagepreview":"large","priority":null,"frequency":null,"local_seo":null,"seo_analyzer_scan_date":"2025-11-18 12:08:22","breadcrumb_settings":null,"limit_modified_date":false,"open_ai":null,"ai":null,"created":"2022-12-22 01:41:42","updated":"2025-11-18 12:08:22","focus_keyword":null,"additional_keywords":null,"truseo_locale":null},"aioseo_breadcrumb":"<div class=\"aioseo-breadcrumbs\"><span class=\"aioseo-breadcrumb\">\n\t<a href=\"https:\/\/www.claret.cat\/es\/\" title=\"Home\">Home<\/a>\n<\/span><span class=\"aioseo-breadcrumb-separator\">&raquo;<\/span><span class=\"aioseo-breadcrumb\">\n\t<a href=\"https:\/\/www.claret.cat\/?page_id=16\" title=\"Botiga\">Botiga<\/a>\n<\/span><span class=\"aioseo-breadcrumb-separator\">&raquo;<\/span><span class=\"aioseo-breadcrumb\">\n\t<a href=\"https:\/\/www.claret.cat\/categoria-producto\/cat\/\" title=\"CAT\">CAT<\/a>\n<\/span><span class=\"aioseo-breadcrumb-separator\">&raquo;<\/span><span class=\"aioseo-breadcrumb\">\n\t<a href=\"https:\/\/www.claret.cat\/categoria-producto\/cat\/1_espiritualitat\/\" title=\"Espiritualitat\">Espiritualitat<\/a>\n<\/span><span class=\"aioseo-breadcrumb-separator\">&raquo;<\/span><span class=\"aioseo-breadcrumb\">\n\t<a href=\"https:\/\/www.claret.cat\/categoria-producto\/cat\/1_espiritualitat\/pastoral\/\" title=\"Pastoral\">Pastoral<\/a>\n<\/span><span class=\"aioseo-breadcrumb-separator\">&raquo;<\/span><span class=\"aioseo-breadcrumb\">\n\tPRACTICA LA JUSTICIA, AMA LA MISERICORDIA Y CAMINA HUMILDEMENTE CON TU DIOS.\n<\/span><\/div>","aioseo_breadcrumb_json":[{"label":"Home","link":"https:\/\/www.claret.cat\/es\/"},{"label":"Botiga","link":"https:\/\/www.claret.cat\/?page_id=16"},{"label":"CAT","link":"https:\/\/www.claret.cat\/categoria-producto\/cat\/"},{"label":"Espiritualitat","link":"https:\/\/www.claret.cat\/categoria-producto\/cat\/1_espiritualitat\/"},{"label":"Pastoral","link":"https:\/\/www.claret.cat\/categoria-producto\/cat\/1_espiritualitat\/pastoral\/"},{"label":"PRACTICA LA JUSTICIA, AMA LA MISERICORDIA Y CAMINA HUMILDEMENTE CON TU DIOS.","link":"https:\/\/www.claret.cat\/es\/libro\/practica-la-justicia-ama-la-misericordia-y-camina-humildemente-con-tu-dios-9788484406099\/"}],"_links":{"self":[{"href":"https:\/\/www.claret.cat\/es\/wp-json\/wp\/v2\/product\/240764","targetHints":{"allow":["GET"]}}],"collection":[{"href":"https:\/\/www.claret.cat\/es\/wp-json\/wp\/v2\/product"}],"about":[{"href":"https:\/\/www.claret.cat\/es\/wp-json\/wp\/v2\/types\/product"}],"wp:featuredmedia":[{"embeddable":true,"href":"https:\/\/www.claret.cat\/es\/wp-json\/wp\/v2\/media\/358086"}],"wp:attachment":[{"href":"https:\/\/www.claret.cat\/es\/wp-json\/wp\/v2\/media?parent=240764"}],"wp:term":[{"taxonomy":"product_brand","embeddable":true,"href":"https:\/\/www.claret.cat\/es\/wp-json\/wp\/v2\/product_brand?post=240764"},{"taxonomy":"product_cat","embeddable":true,"href":"https:\/\/www.claret.cat\/es\/wp-json\/wp\/v2\/product_cat?post=240764"},{"taxonomy":"product_tag","embeddable":true,"href":"https:\/\/www.claret.cat\/es\/wp-json\/wp\/v2\/product_tag?post=240764"}],"curies":[{"name":"wp","href":"https:\/\/api.w.org\/{rel}","templated":true}]}}