{"id":240840,"date":"2022-10-21T00:15:58","date_gmt":"2022-10-20T22:15:58","guid":{"rendered":"http:\/\/dev.claret.cat\/producte\/correspondencia-setembre-2012-agost-2014\/"},"modified":"2026-01-26T19:10:31","modified_gmt":"2026-01-26T18:10:31","slug":"correspondencia-setembre-2012-agost-2014-9788498838145","status":"publish","type":"product","link":"https:\/\/www.claret.cat\/es\/libro\/correspondencia-setembre-2012-agost-2014-9788498838145\/","title":{"rendered":"CORRESPOND\u00c8NCIA SETEMBRE 2012 &#8211; AGOST 2014"},"content":{"rendered":"<p>\u00abDurant la seva greu malaltia, la Magda va decidir mantenir un intens contacte amb el pare Ignasi; un dels resultats va ser el que podr\u00edem anomenar convencionalment una correspond\u00e8ncia, encara que els mitjans utilitzats gaireb\u00e9 no tenen res a veure amb la tinta i el paper tradicionals.\u00bb<\/p>\n<p>\u00abLa Magda es va entossudir en la recerca del sentit m\u00e9s profund de la preg\u00e0ria. El mateix rigor que abans havia dedicat a la investigaci\u00f3 cient\u00edfica, ara el va posar a aconseguir l\u2019autenticitat de les seves oracions. I aix\u00ed va ser que descobr\u00ed l\u2019oce\u00e0 immens dels salms b\u00edblics. El pare Ignasi Fossas, l\u2019actual prior de Montserrat, va ser per a ella br\u00faixola, per\u00f2 tamb\u00e9 mapa, que no obliga, per\u00f2 que incita a viatjar. La tasca d\u2019aquest sacerdot, culte i entranyable, va consistir a explicar la rosa dels vents de la preg\u00e0ria, cosa que va fer sempre amb la humilitat exemplar de qui reconeix que no ho sap tot.\u00bb<\/p>\n<p>\u00abAquest llibre \u00e9s, de fet, un espectacle ple d\u2019humanitat: human\u00edssim el pare Ignasi, radicalment humana tamb\u00e9 la Magda.\u201d<\/p>\n<p>(del Pr\u00f2leg de Gabriel Magalh\u00e3es)<\/p>\n","protected":false},"excerpt":{"rendered":"<p>HERAS, MAGDA; FOSSAS, IGNASI<\/p>\n","protected":false},"featured_media":1078231,"template":"","meta":{"_acf_changed":false,"om_disable_all_campaigns":false,"rs_blank_template":"","rs_page_bg_color":"","slide_template_v7":"","inline_featured_image":false,"_monsterinsights_skip_tracking":false},"product_brand":[],"product_cat":[345,79,118,567],"product_tag":[],"class_list":["post-240840","product","type-product","status-publish","has-post-thumbnail","product_cat-espiritualidad","product_cat-espiritualitat","product_cat-mort-i-dol","product_cat-muerte-y-duelo","first","instock","taxable","shipping-taxable","purchasable","product-type-simple"],"acf":{"autor":"HERAS, MAGDA; FOSSAS, IGNASI","codart":"849883814","libros-coleccion":"FORA DE COL.LECCI\u00d3","ediciones":"1","encuadernacion":"[EditValue is null]","fecha_de_publicacion":"21\/01\/2016","novedad":"0","paginas":"144","subtitulo":"DESCOBRINT LA PREG\u00c0RIA DELS SALMISTES","orden":"0","portada":"0","idioma":"cat","editorial":[{"ID":8266,"post_author":"3","post_date":"2022-09-30 09:21:36","post_date_gmt":"2022-09-30 07:21:36","post_content":"","post_title":"PUBLICACIONS DE L'ABADIA DE MONTSERRAT","post_excerpt":"","post_status":"publish","comment_status":"closed","ping_status":"closed","post_password":"","post_name":"publicacions-de-labadia-de-montserrat-5","to_ping":"","pinged":"","post_modified":"2022-09-30 09:21:36","post_modified_gmt":"2022-09-30 07:21:36","post_content_filtered":"","post_parent":0,"guid":"http:\/\/dev.claret.cat\/editorial\/publicacions-de-labadia-de-montserrat-5\/","menu_order":0,"post_type":"editorial","post_mime_type":"","comment_count":"0","filter":"raw"}],"autores-libros":[{"ID":323791,"post_author":"3","post_date":"2023-01-03 05:54:31","post_date_gmt":"2023-01-03 04:54:31","post_content":"","post_title":"MAGDA HERAS","post_excerpt":"","post_status":"publish","comment_status":"closed","ping_status":"closed","post_password":"","post_name":"magda-heras","to_ping":"","pinged":"","post_modified":"2023-01-03 05:54:31","post_modified_gmt":"2023-01-03 04:54:31","post_content_filtered":"","post_parent":0,"guid":"https:\/\/www.claret.cat\/autor\/magda-heras\/","menu_order":0,"post_type":"autor","post_mime_type":"","comment_count":"0","filter":"raw"},{"ID":323790,"post_author":"3","post_date":"2023-01-03 05:54:30","post_date_gmt":"2023-01-03 04:54:30","post_content":"","post_title":"IGNASI FOSSAS","post_excerpt":"","post_status":"publish","comment_status":"closed","ping_status":"closed","post_password":"","post_name":"ignasi-fossas","to_ping":"","pinged":"","post_modified":"2023-01-03 05:54:30","post_modified_gmt":"2023-01-03 04:54:30","post_content_filtered":"","post_parent":0,"guid":"https:\/\/www.claret.cat\/autor\/ignasi-fossas\/","menu_order":0,"post_type":"autor","post_mime_type":"","comment_count":"0","filter":"raw"}],"booktrailer":"","resenas":""},"aioseo_notices":[],"aioseo_head":"\n\t\t<!-- All in One SEO Pro 5.0.1.1 - aioseo.com -->\n\t<meta name=\"description\" content=\"CORRESPOND\u00c8NCIA SETEMBRE 2012 \u2013 AGOST 2014 de HERAS, MAGDA; FOSSAS, IGNASI disponible a\/en Llibreria Claret.\" \/>\n\t<meta name=\"robots\" content=\"max-image-preview:large\" \/>\n\t<meta name=\"google-site-verification\" content=\"xVtlFxJ-TfkIu-D-lt7XeLobefg5EIQiXTuqcSf8Rf0\" \/>\n\t<link rel=\"canonical\" href=\"https:\/\/www.claret.cat\/es\/libro\/correspondencia-setembre-2012-agost-2014-9788498838145\/\" \/>\n\t<meta name=\"generator\" content=\"All in One SEO Pro (AIOSEO) 5.0.1.1\" \/>\n\t\t<meta property=\"og:locale\" content=\"es_ES\" \/>\n\t\t<meta property=\"og:site_name\" content=\"Llibreria Claret - Llibreria religiosa a Barcelona\" \/>\n\t\t<meta property=\"og:type\" content=\"article\" \/>\n\t\t<meta property=\"og:title\" content=\"CORRESPOND\u00c8NCIA SETEMBRE 2012 \u2013 AGOST 2014 - HERAS, MAGDA; FOSSAS, IGNASI 9788498838145 | Llibreria Claret\" \/>\n\t\t<meta property=\"og:description\" content=\"CORRESPOND\u00c8NCIA SETEMBRE 2012 \u2013 AGOST 2014 de HERAS, MAGDA; FOSSAS, IGNASI disponible a\/en Llibreria Claret.\" \/>\n\t\t<meta property=\"og:url\" content=\"https:\/\/www.claret.cat\/es\/libro\/correspondencia-setembre-2012-agost-2014-9788498838145\/\" \/>\n\t\t<meta property=\"og:image\" content=\"https:\/\/dev.claret.cat\/wp-content\/uploads\/logo-claret.svg\" \/>\n\t\t<meta property=\"og:image:secure_url\" content=\"https:\/\/dev.claret.cat\/wp-content\/uploads\/logo-claret.svg\" \/>\n\t\t<meta property=\"article:published_time\" content=\"2022-10-20T22:15:58+00:00\" \/>\n\t\t<meta property=\"article:modified_time\" content=\"2026-01-26T18:10:31+00:00\" \/>\n\t\t<meta property=\"article:publisher\" content=\"https:\/\/www.facebook.com\/LlibreriaClaret\" \/>\n\t\t<meta name=\"twitter:card\" content=\"summary_large_image\" \/>\n\t\t<meta name=\"twitter:site\" content=\"@LlibreriaClaret\" \/>\n\t\t<meta name=\"twitter:title\" content=\"CORRESPOND\u00c8NCIA SETEMBRE 2012 \u2013 AGOST 2014 - HERAS, MAGDA; FOSSAS, IGNASI 9788498838145 | Llibreria Claret\" \/>\n\t\t<meta name=\"twitter:description\" content=\"CORRESPOND\u00c8NCIA SETEMBRE 2012 \u2013 AGOST 2014 de HERAS, MAGDA; FOSSAS, IGNASI disponible a\/en Llibreria Claret.\" \/>\n\t\t<meta name=\"twitter:image\" content=\"http:\/\/dev.claret.cat\/wp-content\/uploads\/logo-claret.svg\" \/>\n\t\t<script type=\"application\/ld+json\" class=\"aioseo-schema\">\n\t\t\t{\"@context\":\"https:\\\/\\\/schema.org\",\"@graph\":[{\"@type\":\"BreadcrumbList\",\"@id\":\"https:\\\/\\\/www.claret.cat\\\/es\\\/libro\\\/correspondencia-setembre-2012-agost-2014-9788498838145\\\/#breadcrumblist\",\"itemListElement\":[{\"@type\":\"ListItem\",\"@id\":\"https:\\\/\\\/www.claret.cat\\\/es\\\/#listItem\",\"position\":1,\"name\":\"Home\",\"item\":\"https:\\\/\\\/www.claret.cat\\\/es\\\/\",\"nextItem\":{\"@type\":\"ListItem\",\"@id\":\"https:\\\/\\\/www.claret.cat\\\/?page_id=16#listItem\",\"name\":\"Botiga\"}},{\"@type\":\"ListItem\",\"@id\":\"https:\\\/\\\/www.claret.cat\\\/?page_id=16#listItem\",\"position\":2,\"name\":\"Botiga\",\"item\":\"https:\\\/\\\/www.claret.cat\\\/?page_id=16\",\"nextItem\":{\"@type\":\"ListItem\",\"@id\":\"https:\\\/\\\/www.claret.cat\\\/categoria-producto\\\/cat\\\/#listItem\",\"name\":\"CAT\"},\"previousItem\":{\"@type\":\"ListItem\",\"@id\":\"https:\\\/\\\/www.claret.cat\\\/es\\\/#listItem\",\"name\":\"Home\"}},{\"@type\":\"ListItem\",\"@id\":\"https:\\\/\\\/www.claret.cat\\\/categoria-producto\\\/cat\\\/#listItem\",\"position\":3,\"name\":\"CAT\",\"item\":\"https:\\\/\\\/www.claret.cat\\\/categoria-producto\\\/cat\\\/\",\"nextItem\":{\"@type\":\"ListItem\",\"@id\":\"https:\\\/\\\/www.claret.cat\\\/categoria-producto\\\/cat\\\/1_espiritualitat\\\/#listItem\",\"name\":\"Espiritualitat\"},\"previousItem\":{\"@type\":\"ListItem\",\"@id\":\"https:\\\/\\\/www.claret.cat\\\/?page_id=16#listItem\",\"name\":\"Botiga\"}},{\"@type\":\"ListItem\",\"@id\":\"https:\\\/\\\/www.claret.cat\\\/categoria-producto\\\/cat\\\/1_espiritualitat\\\/#listItem\",\"position\":4,\"name\":\"Espiritualitat\",\"item\":\"https:\\\/\\\/www.claret.cat\\\/categoria-producto\\\/cat\\\/1_espiritualitat\\\/\",\"nextItem\":{\"@type\":\"ListItem\",\"@id\":\"https:\\\/\\\/www.claret.cat\\\/categoria-producto\\\/cat\\\/1_espiritualitat\\\/espiritualitat\\\/#listItem\",\"name\":\"Espiritualitat\"},\"previousItem\":{\"@type\":\"ListItem\",\"@id\":\"https:\\\/\\\/www.claret.cat\\\/categoria-producto\\\/cat\\\/#listItem\",\"name\":\"CAT\"}},{\"@type\":\"ListItem\",\"@id\":\"https:\\\/\\\/www.claret.cat\\\/categoria-producto\\\/cat\\\/1_espiritualitat\\\/espiritualitat\\\/#listItem\",\"position\":5,\"name\":\"Espiritualitat\",\"item\":\"https:\\\/\\\/www.claret.cat\\\/categoria-producto\\\/cat\\\/1_espiritualitat\\\/espiritualitat\\\/\",\"nextItem\":{\"@type\":\"ListItem\",\"@id\":\"https:\\\/\\\/www.claret.cat\\\/es\\\/libro\\\/correspondencia-setembre-2012-agost-2014-9788498838145\\\/#listItem\",\"name\":\"CORRESPOND\\u00c8NCIA SETEMBRE 2012 &#8211; AGOST 2014\"},\"previousItem\":{\"@type\":\"ListItem\",\"@id\":\"https:\\\/\\\/www.claret.cat\\\/categoria-producto\\\/cat\\\/1_espiritualitat\\\/#listItem\",\"name\":\"Espiritualitat\"}},{\"@type\":\"ListItem\",\"@id\":\"https:\\\/\\\/www.claret.cat\\\/es\\\/libro\\\/correspondencia-setembre-2012-agost-2014-9788498838145\\\/#listItem\",\"position\":6,\"name\":\"CORRESPOND\\u00c8NCIA SETEMBRE 2012 &#8211; AGOST 2014\",\"previousItem\":{\"@type\":\"ListItem\",\"@id\":\"https:\\\/\\\/www.claret.cat\\\/categoria-producto\\\/cat\\\/1_espiritualitat\\\/espiritualitat\\\/#listItem\",\"name\":\"Espiritualitat\"}}]},{\"@type\":\"ItemPage\",\"@id\":\"https:\\\/\\\/www.claret.cat\\\/es\\\/libro\\\/correspondencia-setembre-2012-agost-2014-9788498838145\\\/#itempage\",\"url\":\"https:\\\/\\\/www.claret.cat\\\/es\\\/libro\\\/correspondencia-setembre-2012-agost-2014-9788498838145\\\/\",\"name\":\"CORRESPOND\\u00c8NCIA SETEMBRE 2012 \\u2013 AGOST 2014 - HERAS, MAGDA; FOSSAS, IGNASI 9788498838145 | Llibreria Claret\",\"description\":\"CORRESPOND\\u00c8NCIA SETEMBRE 2012 \\u2013 AGOST 2014 de HERAS, MAGDA; FOSSAS, IGNASI disponible a\\\/en Llibreria Claret.\",\"inLanguage\":\"es-ES\",\"isPartOf\":{\"@id\":\"https:\\\/\\\/www.claret.cat\\\/es\\\/#website\"},\"breadcrumb\":{\"@id\":\"https:\\\/\\\/www.claret.cat\\\/es\\\/libro\\\/correspondencia-setembre-2012-agost-2014-9788498838145\\\/#breadcrumblist\"},\"image\":{\"@type\":\"ImageObject\",\"url\":\"https:\\\/\\\/www.claret.cat\\\/wp-content\\\/uploads\\\/.\\\/9788498838145-4.jpg\",\"@id\":\"https:\\\/\\\/www.claret.cat\\\/es\\\/libro\\\/correspondencia-setembre-2012-agost-2014-9788498838145\\\/#mainImage\",\"width\":152,\"height\":200,\"caption\":\"9788498838145.jpg\"},\"primaryImageOfPage\":{\"@id\":\"https:\\\/\\\/www.claret.cat\\\/es\\\/libro\\\/correspondencia-setembre-2012-agost-2014-9788498838145\\\/#mainImage\"},\"datePublished\":\"2022-10-21T00:15:58+02:00\",\"dateModified\":\"2026-01-26T19:10:31+01:00\"},{\"@type\":\"Organization\",\"@id\":\"https:\\\/\\\/www.claret.cat\\\/es\\\/#organization\",\"name\":\"Llibreria Claret\",\"description\":\"Llibreria religiosa a Barcelona\",\"url\":\"https:\\\/\\\/www.claret.cat\\\/es\\\/\",\"email\":\"comunicacio@claret.cat\",\"telephone\":\"+34933010887\",\"logo\":{\"@type\":\"ImageObject\",\"url\":\"https:\\\/\\\/www.claret.cat\\\/wp-content\\\/uploads\\\/.\\\/logo-claret-es.png\",\"@id\":\"https:\\\/\\\/www.claret.cat\\\/es\\\/libro\\\/correspondencia-setembre-2012-agost-2014-9788498838145\\\/#organizationLogo\",\"width\":195,\"height\":79},\"image\":{\"@id\":\"https:\\\/\\\/www.claret.cat\\\/es\\\/libro\\\/correspondencia-setembre-2012-agost-2014-9788498838145\\\/#organizationLogo\"},\"sameAs\":[\"https:\\\/\\\/www.facebook.com\\\/LlibreriaClaret\",\"https:\\\/\\\/twitter.com\\\/LlibreriaClaret\",\"https:\\\/\\\/www.instagram.com\\\/llibreriaclaret\\\/\",\"https:\\\/\\\/www.tiktok.com\\\/@llibreriaclaret\",\"https:\\\/\\\/www.youtube.com\\\/@llibreriaclaret\",\"https:\\\/\\\/ca.wikipedia.org\\\/wiki\\\/Editorial_Claret\"]},{\"@type\":\"WebPage\",\"@id\":\"https:\\\/\\\/www.claret.cat\\\/es\\\/libro\\\/correspondencia-setembre-2012-agost-2014-9788498838145\\\/#webpage\",\"url\":\"https:\\\/\\\/www.claret.cat\\\/es\\\/libro\\\/correspondencia-setembre-2012-agost-2014-9788498838145\\\/\",\"name\":\"CORRESPOND\\u00c8NCIA SETEMBRE 2012 \\u2013 AGOST 2014 - HERAS, MAGDA; FOSSAS, IGNASI 9788498838145 | Llibreria Claret\",\"description\":\"CORRESPOND\\u00c8NCIA SETEMBRE 2012 \\u2013 AGOST 2014 de HERAS, MAGDA; FOSSAS, IGNASI disponible a\\\/en Llibreria Claret.\",\"inLanguage\":\"es-ES\",\"isPartOf\":{\"@id\":\"https:\\\/\\\/www.claret.cat\\\/es\\\/#website\"},\"breadcrumb\":{\"@id\":\"https:\\\/\\\/www.claret.cat\\\/es\\\/libro\\\/correspondencia-setembre-2012-agost-2014-9788498838145\\\/#breadcrumblist\"},\"image\":{\"@type\":\"ImageObject\",\"url\":\"https:\\\/\\\/www.claret.cat\\\/wp-content\\\/uploads\\\/.\\\/9788498838145-4.jpg\",\"@id\":\"https:\\\/\\\/www.claret.cat\\\/es\\\/libro\\\/correspondencia-setembre-2012-agost-2014-9788498838145\\\/#mainImage\",\"width\":152,\"height\":200,\"caption\":\"9788498838145.jpg\"},\"primaryImageOfPage\":{\"@id\":\"https:\\\/\\\/www.claret.cat\\\/es\\\/libro\\\/correspondencia-setembre-2012-agost-2014-9788498838145\\\/#mainImage\"},\"datePublished\":\"2022-10-21T00:15:58+02:00\",\"dateModified\":\"2026-01-26T19:10:31+01:00\"},{\"@type\":\"WebSite\",\"@id\":\"https:\\\/\\\/www.claret.cat\\\/es\\\/#website\",\"url\":\"https:\\\/\\\/www.claret.cat\\\/es\\\/\",\"name\":\"Llibreria Claret Barcelona\",\"alternateName\":\"Llibreria Claret\",\"description\":\"Llibreria religiosa a Barcelona\",\"inLanguage\":\"es-ES\",\"publisher\":{\"@id\":\"https:\\\/\\\/www.claret.cat\\\/es\\\/#organization\"}}]}\n\t\t<\/script>\n\t\t<!-- All in One SEO Pro -->\r\n\t\t<title>CORRESPOND\u00c8NCIA SETEMBRE 2012 \u2013 AGOST 2014 - HERAS, MAGDA; FOSSAS, IGNASI 9788498838145 | Llibreria Claret<\/title>\n\n","aioseo_head_json":{"title":"CORRESPOND\u00c8NCIA SETEMBRE 2012 \u2013 AGOST 2014 - HERAS, MAGDA; FOSSAS, IGNASI 9788498838145 | Llibreria Claret","description":"CORRESPOND\u00c8NCIA SETEMBRE 2012 \u2013 AGOST 2014 de HERAS, MAGDA; FOSSAS, IGNASI disponible a\/en Llibreria Claret.","canonical_url":"https:\/\/www.claret.cat\/es\/libro\/correspondencia-setembre-2012-agost-2014-9788498838145\/","robots":"max-image-preview:large","keywords":"","webmasterTools":{"google-site-verification":"xVtlFxJ-TfkIu-D-lt7XeLobefg5EIQiXTuqcSf8Rf0","miscellaneous":""},"schema":{"@context":"https:\/\/schema.org","@graph":[{"@type":"BreadcrumbList","@id":"https:\/\/www.claret.cat\/es\/libro\/correspondencia-setembre-2012-agost-2014-9788498838145\/#breadcrumblist","itemListElement":[{"@type":"ListItem","@id":"https:\/\/www.claret.cat\/es\/#listItem","position":1,"name":"Home","item":"https:\/\/www.claret.cat\/es\/","nextItem":{"@type":"ListItem","@id":"https:\/\/www.claret.cat\/?page_id=16#listItem","name":"Botiga"}},{"@type":"ListItem","@id":"https:\/\/www.claret.cat\/?page_id=16#listItem","position":2,"name":"Botiga","item":"https:\/\/www.claret.cat\/?page_id=16","nextItem":{"@type":"ListItem","@id":"https:\/\/www.claret.cat\/categoria-producto\/cat\/#listItem","name":"CAT"},"previousItem":{"@type":"ListItem","@id":"https:\/\/www.claret.cat\/es\/#listItem","name":"Home"}},{"@type":"ListItem","@id":"https:\/\/www.claret.cat\/categoria-producto\/cat\/#listItem","position":3,"name":"CAT","item":"https:\/\/www.claret.cat\/categoria-producto\/cat\/","nextItem":{"@type":"ListItem","@id":"https:\/\/www.claret.cat\/categoria-producto\/cat\/1_espiritualitat\/#listItem","name":"Espiritualitat"},"previousItem":{"@type":"ListItem","@id":"https:\/\/www.claret.cat\/?page_id=16#listItem","name":"Botiga"}},{"@type":"ListItem","@id":"https:\/\/www.claret.cat\/categoria-producto\/cat\/1_espiritualitat\/#listItem","position":4,"name":"Espiritualitat","item":"https:\/\/www.claret.cat\/categoria-producto\/cat\/1_espiritualitat\/","nextItem":{"@type":"ListItem","@id":"https:\/\/www.claret.cat\/categoria-producto\/cat\/1_espiritualitat\/espiritualitat\/#listItem","name":"Espiritualitat"},"previousItem":{"@type":"ListItem","@id":"https:\/\/www.claret.cat\/categoria-producto\/cat\/#listItem","name":"CAT"}},{"@type":"ListItem","@id":"https:\/\/www.claret.cat\/categoria-producto\/cat\/1_espiritualitat\/espiritualitat\/#listItem","position":5,"name":"Espiritualitat","item":"https:\/\/www.claret.cat\/categoria-producto\/cat\/1_espiritualitat\/espiritualitat\/","nextItem":{"@type":"ListItem","@id":"https:\/\/www.claret.cat\/es\/libro\/correspondencia-setembre-2012-agost-2014-9788498838145\/#listItem","name":"CORRESPOND\u00c8NCIA SETEMBRE 2012 &#8211; AGOST 2014"},"previousItem":{"@type":"ListItem","@id":"https:\/\/www.claret.cat\/categoria-producto\/cat\/1_espiritualitat\/#listItem","name":"Espiritualitat"}},{"@type":"ListItem","@id":"https:\/\/www.claret.cat\/es\/libro\/correspondencia-setembre-2012-agost-2014-9788498838145\/#listItem","position":6,"name":"CORRESPOND\u00c8NCIA SETEMBRE 2012 &#8211; AGOST 2014","previousItem":{"@type":"ListItem","@id":"https:\/\/www.claret.cat\/categoria-producto\/cat\/1_espiritualitat\/espiritualitat\/#listItem","name":"Espiritualitat"}}]},{"@type":"ItemPage","@id":"https:\/\/www.claret.cat\/es\/libro\/correspondencia-setembre-2012-agost-2014-9788498838145\/#itempage","url":"https:\/\/www.claret.cat\/es\/libro\/correspondencia-setembre-2012-agost-2014-9788498838145\/","name":"CORRESPOND\u00c8NCIA SETEMBRE 2012 \u2013 AGOST 2014 - HERAS, MAGDA; FOSSAS, IGNASI 9788498838145 | Llibreria Claret","description":"CORRESPOND\u00c8NCIA SETEMBRE 2012 \u2013 AGOST 2014 de HERAS, MAGDA; FOSSAS, IGNASI disponible a\/en Llibreria Claret.","inLanguage":"es-ES","isPartOf":{"@id":"https:\/\/www.claret.cat\/es\/#website"},"breadcrumb":{"@id":"https:\/\/www.claret.cat\/es\/libro\/correspondencia-setembre-2012-agost-2014-9788498838145\/#breadcrumblist"},"image":{"@type":"ImageObject","url":"https:\/\/www.claret.cat\/wp-content\/uploads\/.\/9788498838145-4.jpg","@id":"https:\/\/www.claret.cat\/es\/libro\/correspondencia-setembre-2012-agost-2014-9788498838145\/#mainImage","width":152,"height":200,"caption":"9788498838145.jpg"},"primaryImageOfPage":{"@id":"https:\/\/www.claret.cat\/es\/libro\/correspondencia-setembre-2012-agost-2014-9788498838145\/#mainImage"},"datePublished":"2022-10-21T00:15:58+02:00","dateModified":"2026-01-26T19:10:31+01:00"},{"@type":"Organization","@id":"https:\/\/www.claret.cat\/es\/#organization","name":"Llibreria Claret","description":"Llibreria religiosa a Barcelona","url":"https:\/\/www.claret.cat\/es\/","email":"comunicacio@claret.cat","telephone":"+34933010887","logo":{"@type":"ImageObject","url":"https:\/\/www.claret.cat\/wp-content\/uploads\/.\/logo-claret-es.png","@id":"https:\/\/www.claret.cat\/es\/libro\/correspondencia-setembre-2012-agost-2014-9788498838145\/#organizationLogo","width":195,"height":79},"image":{"@id":"https:\/\/www.claret.cat\/es\/libro\/correspondencia-setembre-2012-agost-2014-9788498838145\/#organizationLogo"},"sameAs":["https:\/\/www.facebook.com\/LlibreriaClaret","https:\/\/twitter.com\/LlibreriaClaret","https:\/\/www.instagram.com\/llibreriaclaret\/","https:\/\/www.tiktok.com\/@llibreriaclaret","https:\/\/www.youtube.com\/@llibreriaclaret","https:\/\/ca.wikipedia.org\/wiki\/Editorial_Claret"]},{"@type":"WebPage","@id":"https:\/\/www.claret.cat\/es\/libro\/correspondencia-setembre-2012-agost-2014-9788498838145\/#webpage","url":"https:\/\/www.claret.cat\/es\/libro\/correspondencia-setembre-2012-agost-2014-9788498838145\/","name":"CORRESPOND\u00c8NCIA SETEMBRE 2012 \u2013 AGOST 2014 - HERAS, MAGDA; FOSSAS, IGNASI 9788498838145 | Llibreria Claret","description":"CORRESPOND\u00c8NCIA SETEMBRE 2012 \u2013 AGOST 2014 de HERAS, MAGDA; FOSSAS, IGNASI disponible a\/en Llibreria Claret.","inLanguage":"es-ES","isPartOf":{"@id":"https:\/\/www.claret.cat\/es\/#website"},"breadcrumb":{"@id":"https:\/\/www.claret.cat\/es\/libro\/correspondencia-setembre-2012-agost-2014-9788498838145\/#breadcrumblist"},"image":{"@type":"ImageObject","url":"https:\/\/www.claret.cat\/wp-content\/uploads\/.\/9788498838145-4.jpg","@id":"https:\/\/www.claret.cat\/es\/libro\/correspondencia-setembre-2012-agost-2014-9788498838145\/#mainImage","width":152,"height":200,"caption":"9788498838145.jpg"},"primaryImageOfPage":{"@id":"https:\/\/www.claret.cat\/es\/libro\/correspondencia-setembre-2012-agost-2014-9788498838145\/#mainImage"},"datePublished":"2022-10-21T00:15:58+02:00","dateModified":"2026-01-26T19:10:31+01:00"},{"@type":"WebSite","@id":"https:\/\/www.claret.cat\/es\/#website","url":"https:\/\/www.claret.cat\/es\/","name":"Llibreria Claret Barcelona","alternateName":"Llibreria Claret","description":"Llibreria religiosa a Barcelona","inLanguage":"es-ES","publisher":{"@id":"https:\/\/www.claret.cat\/es\/#organization"}}]},"og:locale":"es_ES","og:site_name":"Llibreria Claret - Llibreria religiosa a Barcelona","og:type":"article","og:title":"CORRESPOND\u00c8NCIA SETEMBRE 2012 \u2013 AGOST 2014 - HERAS, MAGDA; FOSSAS, IGNASI 9788498838145 | Llibreria Claret","og:description":"CORRESPOND\u00c8NCIA SETEMBRE 2012 \u2013 AGOST 2014 de HERAS, MAGDA; FOSSAS, IGNASI disponible a\/en Llibreria Claret.","og:url":"https:\/\/www.claret.cat\/es\/libro\/correspondencia-setembre-2012-agost-2014-9788498838145\/","og:image":"https:\/\/dev.claret.cat\/wp-content\/uploads\/logo-claret.svg","og:image:secure_url":"https:\/\/dev.claret.cat\/wp-content\/uploads\/logo-claret.svg","article:published_time":"2022-10-20T22:15:58+00:00","article:modified_time":"2026-01-26T18:10:31+00:00","article:publisher":"https:\/\/www.facebook.com\/LlibreriaClaret","twitter:card":"summary_large_image","twitter:site":"@LlibreriaClaret","twitter:title":"CORRESPOND\u00c8NCIA SETEMBRE 2012 \u2013 AGOST 2014 - HERAS, MAGDA; FOSSAS, IGNASI 9788498838145 | Llibreria Claret","twitter:description":"CORRESPOND\u00c8NCIA SETEMBRE 2012 \u2013 AGOST 2014 de HERAS, MAGDA; FOSSAS, IGNASI disponible a\/en Llibreria Claret.","twitter:image":"http:\/\/dev.claret.cat\/wp-content\/uploads\/logo-claret.svg"},"aioseo_meta_data":{"post_id":"240840","title":null,"description":null,"keywords":null,"keyphrases":null,"primary_term":null,"canonical_url":null,"og_title":null,"og_description":null,"og_object_type":"default","og_image_type":"default","og_image_url":null,"og_image_width":null,"og_image_height":null,"og_image_custom_url":null,"og_image_custom_fields":null,"og_video":null,"og_custom_url":null,"og_article_section":null,"og_article_tags":null,"twitter_use_og":false,"twitter_card":"default","twitter_image_type":"default","twitter_image_url":null,"twitter_image_custom_url":null,"twitter_image_custom_fields":null,"twitter_title":null,"twitter_description":null,"schema":{"blockGraphs":[],"customGraphs":[],"default":{"data":{"Article":[],"Course":[],"Dataset":[],"FAQPage":[],"Movie":[],"Person":[],"Product":[],"ProductReview":[],"Car":[],"Recipe":[],"Service":[],"SoftwareApplication":[],"WebPage":[]},"graphName":"","isEnabled":true},"graphs":[]},"schema_type":"default","schema_type_options":null,"pillar_content":false,"robots_default":true,"robots_noindex":false,"robots_noarchive":false,"robots_nosnippet":false,"robots_nofollow":false,"robots_noimageindex":false,"robots_noodp":false,"robots_notranslate":false,"robots_max_snippet":null,"robots_max_videopreview":null,"robots_max_imagepreview":"large","priority":null,"frequency":null,"local_seo":null,"seo_analyzer_scan_date":"2026-01-26 18:11:34","breadcrumb_settings":null,"limit_modified_date":false,"open_ai":null,"ai":null,"created":"2022-12-22 01:44:39","updated":"2026-01-26 18:11:34","focus_keyword":null,"additional_keywords":null,"truseo_locale":null},"aioseo_breadcrumb":"<div class=\"aioseo-breadcrumbs\"><span class=\"aioseo-breadcrumb\">\n\t<a href=\"https:\/\/www.claret.cat\/es\/\" title=\"Home\">Home<\/a>\n<\/span><span class=\"aioseo-breadcrumb-separator\">&raquo;<\/span><span class=\"aioseo-breadcrumb\">\n\t<a href=\"https:\/\/www.claret.cat\/?page_id=16\" title=\"Botiga\">Botiga<\/a>\n<\/span><span class=\"aioseo-breadcrumb-separator\">&raquo;<\/span><span class=\"aioseo-breadcrumb\">\n\t<a href=\"https:\/\/www.claret.cat\/categoria-producto\/cat\/\" title=\"CAT\">CAT<\/a>\n<\/span><span class=\"aioseo-breadcrumb-separator\">&raquo;<\/span><span class=\"aioseo-breadcrumb\">\n\t<a href=\"https:\/\/www.claret.cat\/categoria-producto\/cat\/1_espiritualitat\/\" title=\"Espiritualitat\">Espiritualitat<\/a>\n<\/span><span class=\"aioseo-breadcrumb-separator\">&raquo;<\/span><span class=\"aioseo-breadcrumb\">\n\t<a href=\"https:\/\/www.claret.cat\/categoria-producto\/cat\/1_espiritualitat\/espiritualitat\/\" title=\"Espiritualitat\">Espiritualitat<\/a>\n<\/span><span class=\"aioseo-breadcrumb-separator\">&raquo;<\/span><span class=\"aioseo-breadcrumb\">\n\tCORRESPOND\u00c8NCIA SETEMBRE 2012 \u2013 AGOST 2014\n<\/span><\/div>","aioseo_breadcrumb_json":[{"label":"Home","link":"https:\/\/www.claret.cat\/es\/"},{"label":"Botiga","link":"https:\/\/www.claret.cat\/?page_id=16"},{"label":"CAT","link":"https:\/\/www.claret.cat\/categoria-producto\/cat\/"},{"label":"Espiritualitat","link":"https:\/\/www.claret.cat\/categoria-producto\/cat\/1_espiritualitat\/"},{"label":"Espiritualitat","link":"https:\/\/www.claret.cat\/categoria-producto\/cat\/1_espiritualitat\/espiritualitat\/"},{"label":"CORRESPOND\u00c8NCIA SETEMBRE 2012 &#8211; AGOST 2014","link":"https:\/\/www.claret.cat\/es\/libro\/correspondencia-setembre-2012-agost-2014-9788498838145\/"}],"_links":{"self":[{"href":"https:\/\/www.claret.cat\/es\/wp-json\/wp\/v2\/product\/240840","targetHints":{"allow":["GET"]}}],"collection":[{"href":"https:\/\/www.claret.cat\/es\/wp-json\/wp\/v2\/product"}],"about":[{"href":"https:\/\/www.claret.cat\/es\/wp-json\/wp\/v2\/types\/product"}],"wp:featuredmedia":[{"embeddable":true,"href":"https:\/\/www.claret.cat\/es\/wp-json\/wp\/v2\/media\/1078231"}],"wp:attachment":[{"href":"https:\/\/www.claret.cat\/es\/wp-json\/wp\/v2\/media?parent=240840"}],"wp:term":[{"taxonomy":"product_brand","embeddable":true,"href":"https:\/\/www.claret.cat\/es\/wp-json\/wp\/v2\/product_brand?post=240840"},{"taxonomy":"product_cat","embeddable":true,"href":"https:\/\/www.claret.cat\/es\/wp-json\/wp\/v2\/product_cat?post=240840"},{"taxonomy":"product_tag","embeddable":true,"href":"https:\/\/www.claret.cat\/es\/wp-json\/wp\/v2\/product_tag?post=240840"}],"curies":[{"name":"wp","href":"https:\/\/api.w.org\/{rel}","templated":true}]}}