{"id":241594,"date":"2022-10-21T00:34:25","date_gmt":"2022-10-20T22:34:25","guid":{"rendered":"http:\/\/dev.claret.cat\/producte\/el-poder-amordazado\/"},"modified":"2023-01-28T01:26:34","modified_gmt":"2023-01-28T00:26:34","slug":"el-poder-amordazado-9788499424712","status":"publish","type":"product","link":"https:\/\/www.claret.cat\/es\/libro\/el-poder-amordazado-9788499424712\/","title":{"rendered":"EL PODER AMORDAZADO"},"content":{"rendered":"<p>Algo funciona mal en la justicia espa\u00f1ola. Lo sabemos todos. En muchos sentidos, est\u00e1 vendida a la pol\u00edtica. Y, sin embargo, la mayor\u00eda de los jueces, abogados y fiscales ?e incluso de los pol\u00edticos? son honrados, cumplen con la ley y tratan de realizar bien su trabajo. \u00bfD\u00f3nde reside el problema, entonces?<br \/> El problema, como demuestra este libro, est\u00e1 en el sistema. El fallo es estructural. Y las recientes reformas legislativas, pese a su aparente asepsia, no hacen m\u00e1s que facilitar la manipulaci\u00f3n. Entre ellas, la regulaci\u00f3n del Consejo General del Poder Judicial, cuya composici\u00f3n queda completamente al arbitrio de los partidos pol\u00edticos, y la pretensi\u00f3n de atribuir la investigaci\u00f3n criminal a una Fiscal\u00eda dependiente del Gobierno.<br \/> Jes\u00fas Villegas, magistrado y secretario general de la Plataforma C\u00edvica por la Independencia Judicial, destapa en esta obra, a partir de intromisiones procesales concretas ?el caso Fais\u00e1n y el caso Mari Luz entre otros?, la nefasta influencia del poder pol\u00edtico sobre la labor cotidiana de los jueces, que no s\u00f3lo se traduce en una p\u00e9rdida de credibilidad del Estado espa\u00f1ol en la esfera internacional, sino que amenaza el respeto a los derechos humanos.<\/p>\n","protected":false},"excerpt":{"rendered":"<p>VILLEGAS, JES\u00daS<\/p>\n","protected":false},"featured_media":241595,"template":"","meta":{"_acf_changed":false,"om_disable_all_campaigns":false,"rs_blank_template":"","rs_page_bg_color":"","slide_template_v7":"","inline_featured_image":false,"_monsterinsights_skip_tracking":false,"_monsterinsights_sitenote_active":false,"_monsterinsights_sitenote_note":"","_monsterinsights_sitenote_category":0},"product_brand":[],"product_cat":[84],"product_tag":[],"class_list":{"0":"post-241594","1":"product","2":"type-product","3":"status-publish","4":"has-post-thumbnail","6":"product_cat-sociologia","8":"first","9":"instock","10":"taxable","11":"shipping-taxable","12":"purchasable","13":"product-type-simple"},"acf":{"autor":"VILLEGAS, JES\u00daS","codart":"849942471","libros-coleccion":"","ediciones":"1","encuadernacion":"R\u00fastica","fecha_de_publicacion":"01\/01\/2016","novedad":"0","paginas":"251","subtitulo":"LA HISTORIA OCULTA DE C\u00d3MO EL PODER POL\u00cdTICO SE HA FILTRADO EN LA JUSTICIA ESPA\u00d1","orden":"999","portada":"0","idioma":"spa","editorial":[{"ID":6327,"post_author":"3","post_date":"2022-07-28 17:49:48","post_date_gmt":"2022-07-28 15:49:48","post_content":"","post_title":"PENINSULA","post_excerpt":"","post_status":"publish","comment_status":"closed","ping_status":"closed","post_password":"","post_name":"peninsula","to_ping":"","pinged":"","post_modified":"2022-07-28 17:49:48","post_modified_gmt":"2022-07-28 15:49:48","post_content_filtered":"","post_parent":0,"guid":"http:\/\/dev.claret.cat\/editorial\/peninsula\/","menu_order":0,"post_type":"editorial","post_mime_type":"","comment_count":"0","filter":"raw"}],"autores-libros":[{"ID":159186,"post_author":"3","post_date":"2022-10-14 15:42:47","post_date_gmt":"2022-10-14 13:42:47","post_content":"","post_title":"JESUS VILLEGAS","post_excerpt":"","post_status":"publish","comment_status":"closed","ping_status":"closed","post_password":"","post_name":"jesus-villegas","to_ping":"","pinged":"","post_modified":"2022-10-14 15:42:47","post_modified_gmt":"2022-10-14 13:42:47","post_content_filtered":"","post_parent":0,"guid":"http:\/\/dev.claret.cat\/autor\/jesus-villegas\/","menu_order":0,"post_type":"autor","post_mime_type":"","comment_count":"0","filter":"raw"}]},"aioseo_notices":[],"_links":{"self":[{"href":"https:\/\/www.claret.cat\/es\/wp-json\/wp\/v2\/product\/241594","targetHints":{"allow":["GET"]}}],"collection":[{"href":"https:\/\/www.claret.cat\/es\/wp-json\/wp\/v2\/product"}],"about":[{"href":"https:\/\/www.claret.cat\/es\/wp-json\/wp\/v2\/types\/product"}],"wp:featuredmedia":[{"embeddable":true,"href":"https:\/\/www.claret.cat\/es\/wp-json\/wp\/v2\/media\/241595"}],"wp:attachment":[{"href":"https:\/\/www.claret.cat\/es\/wp-json\/wp\/v2\/media?parent=241594"}],"wp:term":[{"taxonomy":"product_brand","embeddable":true,"href":"https:\/\/www.claret.cat\/es\/wp-json\/wp\/v2\/product_brand?post=241594"},{"taxonomy":"product_cat","embeddable":true,"href":"https:\/\/www.claret.cat\/es\/wp-json\/wp\/v2\/product_cat?post=241594"},{"taxonomy":"product_tag","embeddable":true,"href":"https:\/\/www.claret.cat\/es\/wp-json\/wp\/v2\/product_tag?post=241594"}],"curies":[{"name":"wp","href":"https:\/\/api.w.org\/{rel}","templated":true}]}}