{"id":242482,"date":"2022-10-21T00:56:11","date_gmt":"2022-10-20T22:56:11","guid":{"rendered":"http:\/\/dev.claret.cat\/producte\/petita-historia-de-meritxell\/"},"modified":"2025-05-27T11:55:20","modified_gmt":"2025-05-27T09:55:20","slug":"petita-historia-de-meritxell-9788499794297","status":"publish","type":"product","link":"https:\/\/www.claret.cat\/es\/libro\/petita-historia-de-meritxell-9788499794297\/","title":{"rendered":"PETITA HISTORIA DE MERITXELL"},"content":{"rendered":"<p>El texto Petita Hist\u00f2ria De Meritxell forma parte del cat\u00e1logo de Mediterr\u00e0nia. Su andadura comenz\u00f3 en los ochenta impulsada por Eduard Forn\u00e9s en BARCELONA. Tiene en su haber m\u00e1s de 1500 obras en catalogo. Esta editorial tiene obras sobre todo de Juvenil, Idiomas, Infantil, Guias Naturaleza, Derecho&#8230; Mediterr\u00e0nia tiene las siguientes colecciones de t\u00edtulos: Tu Qu\u00e8 Faries?, Cr\u00edtica D&#8217;art, Premi Pilar\u00edn Bay\u00e9s, Biblioteca Recursos Vecinales. Debates (ed. Catalana), Descobreix Els Secrets De L&#8217;art&#8230; Los libros que conforman el cat\u00e1logo de la editorial vienen de la mano de autores tan conocidos como Dur\u00e1n Cabr\u00e9, Jos\u00e9 Mar\u00eda, D\u00edaz-plaja, Aurora, Serra De Manresa, Valent\u00ed, Oliveras Sucarrats, L\u00eddia, Ainaud De Lasarte, Josep M. entre otros Mediterr\u00e0nia convoca el siguiente premio: Premio Pilarin Bay\u00e9s.<\/p>\n","protected":false},"excerpt":{"rendered":"<p>MOSS\u00c8N RAMON ROSSELL; PILAR\u00cdN BAY\u00c9S<\/p>\n","protected":false},"featured_media":1023726,"template":"","meta":{"_acf_changed":false,"om_disable_all_campaigns":false,"rs_blank_template":"","rs_page_bg_color":"","slide_template_v7":"","inline_featured_image":false,"_monsterinsights_skip_tracking":false},"product_brand":[],"product_cat":[86,352],"product_tag":[],"class_list":["post-242482","product","type-product","status-publish","has-post-thumbnail","product_cat-infantil","product_cat-infantil-3_infantil-juvenil-spa","first","outofstock","taxable","shipping-taxable","purchasable","product-type-simple"],"acf":{"autor":"MOSS\u00c8N RAMON ROSSELL; PILAR\u00cdN BAY\u00c9S","codart":"849979429","libros-coleccion":"","ediciones":"1","encuadernacion":"Carpeta","fecha_de_publicacion":"01\/01\/2016","novedad":"0","paginas":"16","subtitulo":"","orden":"999","portada":"0","idioma":"cat","autores-libros":[{"ID":426930,"post_author":"3","post_date":"2023-05-16 08:55:27","post_date_gmt":"2023-05-16 06:55:27","post_content":"","post_title":"MOSS\u00c8N RAMON ROSSELL","post_excerpt":"","post_status":"publish","comment_status":"closed","ping_status":"closed","post_password":"","post_name":"mossen-ramon-rossell","to_ping":"","pinged":"","post_modified":"2023-05-16 08:55:27","post_modified_gmt":"2023-05-16 06:55:27","post_content_filtered":"","post_parent":0,"guid":"https:\/\/www.claret.cat\/autor\/mossen-ramon-rossell\/","menu_order":0,"post_type":"autor","post_mime_type":"","comment_count":"0","filter":"raw"},{"ID":167342,"post_author":"3","post_date":"2022-10-14 18:10:26","post_date_gmt":"2022-10-14 16:10:26","post_content":"","post_title":"PILAR\u00cdN BAY\u00c9S","post_excerpt":"","post_status":"publish","comment_status":"closed","ping_status":"closed","post_password":"","post_name":"pilarin-bayes","to_ping":"","pinged":"","post_modified":"2022-10-14 18:10:26","post_modified_gmt":"2022-10-14 16:10:26","post_content_filtered":"","post_parent":0,"guid":"http:\/\/dev.claret.cat\/autor\/pilarin-bayes\/","menu_order":0,"post_type":"autor","post_mime_type":"","comment_count":"0","filter":"raw"}],"editorial":[{"ID":262302,"post_author":"3","post_date":"2022-10-24 11:22:35","post_date_gmt":"2022-10-24 09:22:35","post_content":"","post_title":"MEDITERRANEO, EDICIONES S. A.","post_excerpt":"","post_status":"publish","comment_status":"closed","ping_status":"closed","post_password":"","post_name":"mediterraneo-ediciones-s-a","to_ping":"","pinged":"","post_modified":"2022-10-24 11:22:35","post_modified_gmt":"2022-10-24 09:22:35","post_content_filtered":"","post_parent":0,"guid":"http:\/\/dev.claret.cat\/editorial\/mediterraneo-ediciones-s-a\/","menu_order":0,"post_type":"editorial","post_mime_type":"","comment_count":"0","filter":"raw"}],"booktrailer":"","resenas":""},"aioseo_notices":[],"aioseo_head":"\n\t\t<!-- All in One SEO Pro 5.0.1.1 - aioseo.com -->\n\t<meta name=\"description\" content=\"PETITA HISTORIA DE MERITXELL de MOSS\u00c8N RAMON ROSSELL; PILAR\u00cdN BAY\u00c9S disponible a\/en Llibreria Claret.\" \/>\n\t<meta name=\"robots\" content=\"max-image-preview:large\" \/>\n\t<meta name=\"google-site-verification\" content=\"xVtlFxJ-TfkIu-D-lt7XeLobefg5EIQiXTuqcSf8Rf0\" \/>\n\t<link rel=\"canonical\" href=\"https:\/\/www.claret.cat\/es\/libro\/petita-historia-de-meritxell-9788499794297\/\" \/>\n\t<meta name=\"generator\" content=\"All in One SEO Pro (AIOSEO) 5.0.1.1\" \/>\n\t\t<meta property=\"og:locale\" content=\"es_ES\" \/>\n\t\t<meta property=\"og:site_name\" content=\"Llibreria Claret - Llibreria religiosa a Barcelona\" \/>\n\t\t<meta property=\"og:type\" content=\"article\" \/>\n\t\t<meta property=\"og:title\" content=\"PETITA HISTORIA DE MERITXELL - MOSS\u00c8N RAMON ROSSELL; PILAR\u00cdN BAY\u00c9S 9788499794297 | Llibreria Claret\" \/>\n\t\t<meta property=\"og:description\" content=\"PETITA HISTORIA DE MERITXELL de MOSS\u00c8N RAMON ROSSELL; PILAR\u00cdN BAY\u00c9S disponible a\/en Llibreria Claret.\" \/>\n\t\t<meta property=\"og:url\" content=\"https:\/\/www.claret.cat\/es\/libro\/petita-historia-de-meritxell-9788499794297\/\" \/>\n\t\t<meta property=\"og:image\" content=\"https:\/\/dev.claret.cat\/wp-content\/uploads\/logo-claret.svg\" \/>\n\t\t<meta property=\"og:image:secure_url\" content=\"https:\/\/dev.claret.cat\/wp-content\/uploads\/logo-claret.svg\" \/>\n\t\t<meta property=\"article:published_time\" content=\"2022-10-20T22:56:11+00:00\" \/>\n\t\t<meta property=\"article:modified_time\" content=\"2025-05-27T09:55:20+00:00\" \/>\n\t\t<meta property=\"article:publisher\" content=\"https:\/\/www.facebook.com\/LlibreriaClaret\" \/>\n\t\t<meta name=\"twitter:card\" content=\"summary_large_image\" \/>\n\t\t<meta name=\"twitter:site\" content=\"@LlibreriaClaret\" \/>\n\t\t<meta name=\"twitter:title\" content=\"PETITA HISTORIA DE MERITXELL - MOSS\u00c8N RAMON ROSSELL; PILAR\u00cdN BAY\u00c9S 9788499794297 | Llibreria Claret\" \/>\n\t\t<meta name=\"twitter:description\" content=\"PETITA HISTORIA DE MERITXELL de MOSS\u00c8N RAMON ROSSELL; PILAR\u00cdN BAY\u00c9S disponible a\/en Llibreria Claret.\" \/>\n\t\t<meta name=\"twitter:image\" content=\"http:\/\/dev.claret.cat\/wp-content\/uploads\/logo-claret.svg\" \/>\n\t\t<script type=\"application\/ld+json\" class=\"aioseo-schema\">\n\t\t\t{\"@context\":\"https:\\\/\\\/schema.org\",\"@graph\":[{\"@type\":\"BreadcrumbList\",\"@id\":\"https:\\\/\\\/www.claret.cat\\\/es\\\/libro\\\/petita-historia-de-meritxell-9788499794297\\\/#breadcrumblist\",\"itemListElement\":[{\"@type\":\"ListItem\",\"@id\":\"https:\\\/\\\/www.claret.cat\\\/es\\\/#listItem\",\"position\":1,\"name\":\"Home\",\"item\":\"https:\\\/\\\/www.claret.cat\\\/es\\\/\",\"nextItem\":{\"@type\":\"ListItem\",\"@id\":\"https:\\\/\\\/www.claret.cat\\\/?page_id=16#listItem\",\"name\":\"Botiga\"}},{\"@type\":\"ListItem\",\"@id\":\"https:\\\/\\\/www.claret.cat\\\/?page_id=16#listItem\",\"position\":2,\"name\":\"Botiga\",\"item\":\"https:\\\/\\\/www.claret.cat\\\/?page_id=16\",\"nextItem\":{\"@type\":\"ListItem\",\"@id\":\"https:\\\/\\\/www.claret.cat\\\/categoria-producto\\\/cat\\\/#listItem\",\"name\":\"CAT\"},\"previousItem\":{\"@type\":\"ListItem\",\"@id\":\"https:\\\/\\\/www.claret.cat\\\/es\\\/#listItem\",\"name\":\"Home\"}},{\"@type\":\"ListItem\",\"@id\":\"https:\\\/\\\/www.claret.cat\\\/categoria-producto\\\/cat\\\/#listItem\",\"position\":3,\"name\":\"CAT\",\"item\":\"https:\\\/\\\/www.claret.cat\\\/categoria-producto\\\/cat\\\/\",\"nextItem\":{\"@type\":\"ListItem\",\"@id\":\"https:\\\/\\\/www.claret.cat\\\/categoria-producto\\\/cat\\\/3_infantil-juvenil\\\/#listItem\",\"name\":\"Infantil \\\/ Juvenil\"},\"previousItem\":{\"@type\":\"ListItem\",\"@id\":\"https:\\\/\\\/www.claret.cat\\\/?page_id=16#listItem\",\"name\":\"Botiga\"}},{\"@type\":\"ListItem\",\"@id\":\"https:\\\/\\\/www.claret.cat\\\/categoria-producto\\\/cat\\\/3_infantil-juvenil\\\/#listItem\",\"position\":4,\"name\":\"Infantil \\\/ Juvenil\",\"item\":\"https:\\\/\\\/www.claret.cat\\\/categoria-producto\\\/cat\\\/3_infantil-juvenil\\\/\",\"nextItem\":{\"@type\":\"ListItem\",\"@id\":\"https:\\\/\\\/www.claret.cat\\\/categoria-producto\\\/cat\\\/3_infantil-juvenil\\\/infantil\\\/#listItem\",\"name\":\"Infantil\"},\"previousItem\":{\"@type\":\"ListItem\",\"@id\":\"https:\\\/\\\/www.claret.cat\\\/categoria-producto\\\/cat\\\/#listItem\",\"name\":\"CAT\"}},{\"@type\":\"ListItem\",\"@id\":\"https:\\\/\\\/www.claret.cat\\\/categoria-producto\\\/cat\\\/3_infantil-juvenil\\\/infantil\\\/#listItem\",\"position\":5,\"name\":\"Infantil\",\"item\":\"https:\\\/\\\/www.claret.cat\\\/categoria-producto\\\/cat\\\/3_infantil-juvenil\\\/infantil\\\/\",\"nextItem\":{\"@type\":\"ListItem\",\"@id\":\"https:\\\/\\\/www.claret.cat\\\/es\\\/libro\\\/petita-historia-de-meritxell-9788499794297\\\/#listItem\",\"name\":\"PETITA HISTORIA DE MERITXELL\"},\"previousItem\":{\"@type\":\"ListItem\",\"@id\":\"https:\\\/\\\/www.claret.cat\\\/categoria-producto\\\/cat\\\/3_infantil-juvenil\\\/#listItem\",\"name\":\"Infantil \\\/ Juvenil\"}},{\"@type\":\"ListItem\",\"@id\":\"https:\\\/\\\/www.claret.cat\\\/es\\\/libro\\\/petita-historia-de-meritxell-9788499794297\\\/#listItem\",\"position\":6,\"name\":\"PETITA HISTORIA DE MERITXELL\",\"previousItem\":{\"@type\":\"ListItem\",\"@id\":\"https:\\\/\\\/www.claret.cat\\\/categoria-producto\\\/cat\\\/3_infantil-juvenil\\\/infantil\\\/#listItem\",\"name\":\"Infantil\"}}]},{\"@type\":\"ItemPage\",\"@id\":\"https:\\\/\\\/www.claret.cat\\\/es\\\/libro\\\/petita-historia-de-meritxell-9788499794297\\\/#itempage\",\"url\":\"https:\\\/\\\/www.claret.cat\\\/es\\\/libro\\\/petita-historia-de-meritxell-9788499794297\\\/\",\"name\":\"PETITA HISTORIA DE MERITXELL - MOSS\\u00c8N RAMON ROSSELL; PILAR\\u00cdN BAY\\u00c9S 9788499794297 | Llibreria Claret\",\"description\":\"PETITA HISTORIA DE MERITXELL de MOSS\\u00c8N RAMON ROSSELL; PILAR\\u00cdN BAY\\u00c9S disponible a\\\/en Llibreria Claret.\",\"inLanguage\":\"es-ES\",\"isPartOf\":{\"@id\":\"https:\\\/\\\/www.claret.cat\\\/es\\\/#website\"},\"breadcrumb\":{\"@id\":\"https:\\\/\\\/www.claret.cat\\\/es\\\/libro\\\/petita-historia-de-meritxell-9788499794297\\\/#breadcrumblist\"},\"image\":{\"@type\":\"ImageObject\",\"url\":\"https:\\\/\\\/www.claret.cat\\\/wp-content\\\/uploads\\\/.\\\/9788499794297-1.jpg\",\"@id\":\"https:\\\/\\\/www.claret.cat\\\/es\\\/libro\\\/petita-historia-de-meritxell-9788499794297\\\/#mainImage\",\"width\":250,\"height\":300,\"caption\":\"9788499794297.jpg\"},\"primaryImageOfPage\":{\"@id\":\"https:\\\/\\\/www.claret.cat\\\/es\\\/libro\\\/petita-historia-de-meritxell-9788499794297\\\/#mainImage\"},\"datePublished\":\"2022-10-21T00:56:11+02:00\",\"dateModified\":\"2025-05-27T11:55:20+02:00\"},{\"@type\":\"Organization\",\"@id\":\"https:\\\/\\\/www.claret.cat\\\/es\\\/#organization\",\"name\":\"Llibreria Claret\",\"description\":\"Llibreria religiosa a Barcelona\",\"url\":\"https:\\\/\\\/www.claret.cat\\\/es\\\/\",\"email\":\"comunicacio@claret.cat\",\"telephone\":\"+34933010887\",\"logo\":{\"@type\":\"ImageObject\",\"url\":\"https:\\\/\\\/www.claret.cat\\\/wp-content\\\/uploads\\\/.\\\/logo-claret-es.png\",\"@id\":\"https:\\\/\\\/www.claret.cat\\\/es\\\/libro\\\/petita-historia-de-meritxell-9788499794297\\\/#organizationLogo\",\"width\":195,\"height\":79},\"image\":{\"@id\":\"https:\\\/\\\/www.claret.cat\\\/es\\\/libro\\\/petita-historia-de-meritxell-9788499794297\\\/#organizationLogo\"},\"sameAs\":[\"https:\\\/\\\/www.facebook.com\\\/LlibreriaClaret\",\"https:\\\/\\\/twitter.com\\\/LlibreriaClaret\",\"https:\\\/\\\/www.instagram.com\\\/llibreriaclaret\\\/\",\"https:\\\/\\\/www.tiktok.com\\\/@llibreriaclaret\",\"https:\\\/\\\/www.youtube.com\\\/@llibreriaclaret\",\"https:\\\/\\\/ca.wikipedia.org\\\/wiki\\\/Editorial_Claret\"]},{\"@type\":\"WebPage\",\"@id\":\"https:\\\/\\\/www.claret.cat\\\/es\\\/libro\\\/petita-historia-de-meritxell-9788499794297\\\/#webpage\",\"url\":\"https:\\\/\\\/www.claret.cat\\\/es\\\/libro\\\/petita-historia-de-meritxell-9788499794297\\\/\",\"name\":\"PETITA HISTORIA DE MERITXELL - MOSS\\u00c8N RAMON ROSSELL; PILAR\\u00cdN BAY\\u00c9S 9788499794297 | Llibreria Claret\",\"description\":\"PETITA HISTORIA DE MERITXELL de MOSS\\u00c8N RAMON ROSSELL; PILAR\\u00cdN BAY\\u00c9S disponible a\\\/en Llibreria Claret.\",\"inLanguage\":\"es-ES\",\"isPartOf\":{\"@id\":\"https:\\\/\\\/www.claret.cat\\\/es\\\/#website\"},\"breadcrumb\":{\"@id\":\"https:\\\/\\\/www.claret.cat\\\/es\\\/libro\\\/petita-historia-de-meritxell-9788499794297\\\/#breadcrumblist\"},\"image\":{\"@type\":\"ImageObject\",\"url\":\"https:\\\/\\\/www.claret.cat\\\/wp-content\\\/uploads\\\/.\\\/9788499794297-1.jpg\",\"@id\":\"https:\\\/\\\/www.claret.cat\\\/es\\\/libro\\\/petita-historia-de-meritxell-9788499794297\\\/#mainImage\",\"width\":250,\"height\":300,\"caption\":\"9788499794297.jpg\"},\"primaryImageOfPage\":{\"@id\":\"https:\\\/\\\/www.claret.cat\\\/es\\\/libro\\\/petita-historia-de-meritxell-9788499794297\\\/#mainImage\"},\"datePublished\":\"2022-10-21T00:56:11+02:00\",\"dateModified\":\"2025-05-27T11:55:20+02:00\"},{\"@type\":\"WebSite\",\"@id\":\"https:\\\/\\\/www.claret.cat\\\/es\\\/#website\",\"url\":\"https:\\\/\\\/www.claret.cat\\\/es\\\/\",\"name\":\"Llibreria Claret Barcelona\",\"alternateName\":\"Llibreria Claret\",\"description\":\"Llibreria religiosa a Barcelona\",\"inLanguage\":\"es-ES\",\"publisher\":{\"@id\":\"https:\\\/\\\/www.claret.cat\\\/es\\\/#organization\"}}]}\n\t\t<\/script>\n\t\t<!-- All in One SEO Pro -->\r\n\t\t<title>PETITA HISTORIA DE MERITXELL - MOSS\u00c8N RAMON ROSSELL; PILAR\u00cdN BAY\u00c9S 9788499794297 | Llibreria Claret<\/title>\n\n","aioseo_head_json":{"title":"PETITA HISTORIA DE MERITXELL - MOSS\u00c8N RAMON ROSSELL; PILAR\u00cdN BAY\u00c9S 9788499794297 | Llibreria Claret","description":"PETITA HISTORIA DE MERITXELL de MOSS\u00c8N RAMON ROSSELL; PILAR\u00cdN BAY\u00c9S disponible a\/en Llibreria Claret.","canonical_url":"https:\/\/www.claret.cat\/es\/libro\/petita-historia-de-meritxell-9788499794297\/","robots":"max-image-preview:large","keywords":"","webmasterTools":{"google-site-verification":"xVtlFxJ-TfkIu-D-lt7XeLobefg5EIQiXTuqcSf8Rf0","miscellaneous":""},"schema":{"@context":"https:\/\/schema.org","@graph":[{"@type":"BreadcrumbList","@id":"https:\/\/www.claret.cat\/es\/libro\/petita-historia-de-meritxell-9788499794297\/#breadcrumblist","itemListElement":[{"@type":"ListItem","@id":"https:\/\/www.claret.cat\/es\/#listItem","position":1,"name":"Home","item":"https:\/\/www.claret.cat\/es\/","nextItem":{"@type":"ListItem","@id":"https:\/\/www.claret.cat\/?page_id=16#listItem","name":"Botiga"}},{"@type":"ListItem","@id":"https:\/\/www.claret.cat\/?page_id=16#listItem","position":2,"name":"Botiga","item":"https:\/\/www.claret.cat\/?page_id=16","nextItem":{"@type":"ListItem","@id":"https:\/\/www.claret.cat\/categoria-producto\/cat\/#listItem","name":"CAT"},"previousItem":{"@type":"ListItem","@id":"https:\/\/www.claret.cat\/es\/#listItem","name":"Home"}},{"@type":"ListItem","@id":"https:\/\/www.claret.cat\/categoria-producto\/cat\/#listItem","position":3,"name":"CAT","item":"https:\/\/www.claret.cat\/categoria-producto\/cat\/","nextItem":{"@type":"ListItem","@id":"https:\/\/www.claret.cat\/categoria-producto\/cat\/3_infantil-juvenil\/#listItem","name":"Infantil \/ Juvenil"},"previousItem":{"@type":"ListItem","@id":"https:\/\/www.claret.cat\/?page_id=16#listItem","name":"Botiga"}},{"@type":"ListItem","@id":"https:\/\/www.claret.cat\/categoria-producto\/cat\/3_infantil-juvenil\/#listItem","position":4,"name":"Infantil \/ Juvenil","item":"https:\/\/www.claret.cat\/categoria-producto\/cat\/3_infantil-juvenil\/","nextItem":{"@type":"ListItem","@id":"https:\/\/www.claret.cat\/categoria-producto\/cat\/3_infantil-juvenil\/infantil\/#listItem","name":"Infantil"},"previousItem":{"@type":"ListItem","@id":"https:\/\/www.claret.cat\/categoria-producto\/cat\/#listItem","name":"CAT"}},{"@type":"ListItem","@id":"https:\/\/www.claret.cat\/categoria-producto\/cat\/3_infantil-juvenil\/infantil\/#listItem","position":5,"name":"Infantil","item":"https:\/\/www.claret.cat\/categoria-producto\/cat\/3_infantil-juvenil\/infantil\/","nextItem":{"@type":"ListItem","@id":"https:\/\/www.claret.cat\/es\/libro\/petita-historia-de-meritxell-9788499794297\/#listItem","name":"PETITA HISTORIA DE MERITXELL"},"previousItem":{"@type":"ListItem","@id":"https:\/\/www.claret.cat\/categoria-producto\/cat\/3_infantil-juvenil\/#listItem","name":"Infantil \/ Juvenil"}},{"@type":"ListItem","@id":"https:\/\/www.claret.cat\/es\/libro\/petita-historia-de-meritxell-9788499794297\/#listItem","position":6,"name":"PETITA HISTORIA DE MERITXELL","previousItem":{"@type":"ListItem","@id":"https:\/\/www.claret.cat\/categoria-producto\/cat\/3_infantil-juvenil\/infantil\/#listItem","name":"Infantil"}}]},{"@type":"ItemPage","@id":"https:\/\/www.claret.cat\/es\/libro\/petita-historia-de-meritxell-9788499794297\/#itempage","url":"https:\/\/www.claret.cat\/es\/libro\/petita-historia-de-meritxell-9788499794297\/","name":"PETITA HISTORIA DE MERITXELL - MOSS\u00c8N RAMON ROSSELL; PILAR\u00cdN BAY\u00c9S 9788499794297 | Llibreria Claret","description":"PETITA HISTORIA DE MERITXELL de MOSS\u00c8N RAMON ROSSELL; PILAR\u00cdN BAY\u00c9S disponible a\/en Llibreria Claret.","inLanguage":"es-ES","isPartOf":{"@id":"https:\/\/www.claret.cat\/es\/#website"},"breadcrumb":{"@id":"https:\/\/www.claret.cat\/es\/libro\/petita-historia-de-meritxell-9788499794297\/#breadcrumblist"},"image":{"@type":"ImageObject","url":"https:\/\/www.claret.cat\/wp-content\/uploads\/.\/9788499794297-1.jpg","@id":"https:\/\/www.claret.cat\/es\/libro\/petita-historia-de-meritxell-9788499794297\/#mainImage","width":250,"height":300,"caption":"9788499794297.jpg"},"primaryImageOfPage":{"@id":"https:\/\/www.claret.cat\/es\/libro\/petita-historia-de-meritxell-9788499794297\/#mainImage"},"datePublished":"2022-10-21T00:56:11+02:00","dateModified":"2025-05-27T11:55:20+02:00"},{"@type":"Organization","@id":"https:\/\/www.claret.cat\/es\/#organization","name":"Llibreria Claret","description":"Llibreria religiosa a Barcelona","url":"https:\/\/www.claret.cat\/es\/","email":"comunicacio@claret.cat","telephone":"+34933010887","logo":{"@type":"ImageObject","url":"https:\/\/www.claret.cat\/wp-content\/uploads\/.\/logo-claret-es.png","@id":"https:\/\/www.claret.cat\/es\/libro\/petita-historia-de-meritxell-9788499794297\/#organizationLogo","width":195,"height":79},"image":{"@id":"https:\/\/www.claret.cat\/es\/libro\/petita-historia-de-meritxell-9788499794297\/#organizationLogo"},"sameAs":["https:\/\/www.facebook.com\/LlibreriaClaret","https:\/\/twitter.com\/LlibreriaClaret","https:\/\/www.instagram.com\/llibreriaclaret\/","https:\/\/www.tiktok.com\/@llibreriaclaret","https:\/\/www.youtube.com\/@llibreriaclaret","https:\/\/ca.wikipedia.org\/wiki\/Editorial_Claret"]},{"@type":"WebPage","@id":"https:\/\/www.claret.cat\/es\/libro\/petita-historia-de-meritxell-9788499794297\/#webpage","url":"https:\/\/www.claret.cat\/es\/libro\/petita-historia-de-meritxell-9788499794297\/","name":"PETITA HISTORIA DE MERITXELL - MOSS\u00c8N RAMON ROSSELL; PILAR\u00cdN BAY\u00c9S 9788499794297 | Llibreria Claret","description":"PETITA HISTORIA DE MERITXELL de MOSS\u00c8N RAMON ROSSELL; PILAR\u00cdN BAY\u00c9S disponible a\/en Llibreria Claret.","inLanguage":"es-ES","isPartOf":{"@id":"https:\/\/www.claret.cat\/es\/#website"},"breadcrumb":{"@id":"https:\/\/www.claret.cat\/es\/libro\/petita-historia-de-meritxell-9788499794297\/#breadcrumblist"},"image":{"@type":"ImageObject","url":"https:\/\/www.claret.cat\/wp-content\/uploads\/.\/9788499794297-1.jpg","@id":"https:\/\/www.claret.cat\/es\/libro\/petita-historia-de-meritxell-9788499794297\/#mainImage","width":250,"height":300,"caption":"9788499794297.jpg"},"primaryImageOfPage":{"@id":"https:\/\/www.claret.cat\/es\/libro\/petita-historia-de-meritxell-9788499794297\/#mainImage"},"datePublished":"2022-10-21T00:56:11+02:00","dateModified":"2025-05-27T11:55:20+02:00"},{"@type":"WebSite","@id":"https:\/\/www.claret.cat\/es\/#website","url":"https:\/\/www.claret.cat\/es\/","name":"Llibreria Claret Barcelona","alternateName":"Llibreria Claret","description":"Llibreria religiosa a Barcelona","inLanguage":"es-ES","publisher":{"@id":"https:\/\/www.claret.cat\/es\/#organization"}}]},"og:locale":"es_ES","og:site_name":"Llibreria Claret - Llibreria religiosa a Barcelona","og:type":"article","og:title":"PETITA HISTORIA DE MERITXELL - MOSS\u00c8N RAMON ROSSELL; PILAR\u00cdN BAY\u00c9S 9788499794297 | Llibreria Claret","og:description":"PETITA HISTORIA DE MERITXELL de MOSS\u00c8N RAMON ROSSELL; PILAR\u00cdN BAY\u00c9S disponible a\/en Llibreria Claret.","og:url":"https:\/\/www.claret.cat\/es\/libro\/petita-historia-de-meritxell-9788499794297\/","og:image":"https:\/\/dev.claret.cat\/wp-content\/uploads\/logo-claret.svg","og:image:secure_url":"https:\/\/dev.claret.cat\/wp-content\/uploads\/logo-claret.svg","article:published_time":"2022-10-20T22:56:11+00:00","article:modified_time":"2025-05-27T09:55:20+00:00","article:publisher":"https:\/\/www.facebook.com\/LlibreriaClaret","twitter:card":"summary_large_image","twitter:site":"@LlibreriaClaret","twitter:title":"PETITA HISTORIA DE MERITXELL - MOSS\u00c8N RAMON ROSSELL; PILAR\u00cdN BAY\u00c9S 9788499794297 | Llibreria Claret","twitter:description":"PETITA HISTORIA DE MERITXELL de MOSS\u00c8N RAMON ROSSELL; PILAR\u00cdN BAY\u00c9S disponible a\/en Llibreria Claret.","twitter:image":"http:\/\/dev.claret.cat\/wp-content\/uploads\/logo-claret.svg"},"aioseo_meta_data":{"post_id":"242482","title":null,"description":null,"keywords":null,"keyphrases":null,"primary_term":null,"canonical_url":null,"og_title":null,"og_description":null,"og_object_type":"default","og_image_type":"default","og_image_url":null,"og_image_width":null,"og_image_height":null,"og_image_custom_url":null,"og_image_custom_fields":null,"og_video":null,"og_custom_url":null,"og_article_section":null,"og_article_tags":null,"twitter_use_og":false,"twitter_card":"default","twitter_image_type":"default","twitter_image_url":null,"twitter_image_custom_url":null,"twitter_image_custom_fields":null,"twitter_title":null,"twitter_description":null,"schema":{"blockGraphs":[],"customGraphs":[],"default":{"data":{"Article":[],"Course":[],"Dataset":[],"FAQPage":[],"Movie":[],"Person":[],"Product":[],"ProductReview":[],"Car":[],"Recipe":[],"Service":[],"SoftwareApplication":[],"WebPage":[]},"graphName":"","isEnabled":true},"graphs":[]},"schema_type":"default","schema_type_options":null,"pillar_content":false,"robots_default":true,"robots_noindex":false,"robots_noarchive":false,"robots_nosnippet":false,"robots_nofollow":false,"robots_noimageindex":false,"robots_noodp":false,"robots_notranslate":false,"robots_max_snippet":null,"robots_max_videopreview":null,"robots_max_imagepreview":"large","priority":null,"frequency":null,"local_seo":null,"seo_analyzer_scan_date":"2025-11-18 15:21:26","breadcrumb_settings":null,"limit_modified_date":false,"open_ai":null,"ai":null,"created":"2022-12-22 02:38:41","updated":"2025-11-18 15:21:26","focus_keyword":null,"additional_keywords":null,"truseo_locale":null},"aioseo_breadcrumb":"<div class=\"aioseo-breadcrumbs\"><span class=\"aioseo-breadcrumb\">\n\t<a href=\"https:\/\/www.claret.cat\/es\/\" title=\"Home\">Home<\/a>\n<\/span><span class=\"aioseo-breadcrumb-separator\">&raquo;<\/span><span class=\"aioseo-breadcrumb\">\n\t<a href=\"https:\/\/www.claret.cat\/?page_id=16\" title=\"Botiga\">Botiga<\/a>\n<\/span><span class=\"aioseo-breadcrumb-separator\">&raquo;<\/span><span class=\"aioseo-breadcrumb\">\n\t<a href=\"https:\/\/www.claret.cat\/categoria-producto\/cat\/\" title=\"CAT\">CAT<\/a>\n<\/span><span class=\"aioseo-breadcrumb-separator\">&raquo;<\/span><span class=\"aioseo-breadcrumb\">\n\t<a href=\"https:\/\/www.claret.cat\/categoria-producto\/cat\/3_infantil-juvenil\/\" title=\"Infantil \/ Juvenil\">Infantil \/ Juvenil<\/a>\n<\/span><span class=\"aioseo-breadcrumb-separator\">&raquo;<\/span><span class=\"aioseo-breadcrumb\">\n\t<a href=\"https:\/\/www.claret.cat\/categoria-producto\/cat\/3_infantil-juvenil\/infantil\/\" title=\"Infantil\">Infantil<\/a>\n<\/span><span class=\"aioseo-breadcrumb-separator\">&raquo;<\/span><span class=\"aioseo-breadcrumb\">\n\tPETITA HISTORIA DE MERITXELL\n<\/span><\/div>","aioseo_breadcrumb_json":[{"label":"Home","link":"https:\/\/www.claret.cat\/es\/"},{"label":"Botiga","link":"https:\/\/www.claret.cat\/?page_id=16"},{"label":"CAT","link":"https:\/\/www.claret.cat\/categoria-producto\/cat\/"},{"label":"Infantil \/ Juvenil","link":"https:\/\/www.claret.cat\/categoria-producto\/cat\/3_infantil-juvenil\/"},{"label":"Infantil","link":"https:\/\/www.claret.cat\/categoria-producto\/cat\/3_infantil-juvenil\/infantil\/"},{"label":"PETITA HISTORIA DE MERITXELL","link":"https:\/\/www.claret.cat\/es\/libro\/petita-historia-de-meritxell-9788499794297\/"}],"_links":{"self":[{"href":"https:\/\/www.claret.cat\/es\/wp-json\/wp\/v2\/product\/242482","targetHints":{"allow":["GET"]}}],"collection":[{"href":"https:\/\/www.claret.cat\/es\/wp-json\/wp\/v2\/product"}],"about":[{"href":"https:\/\/www.claret.cat\/es\/wp-json\/wp\/v2\/types\/product"}],"wp:featuredmedia":[{"embeddable":true,"href":"https:\/\/www.claret.cat\/es\/wp-json\/wp\/v2\/media\/1023726"}],"wp:attachment":[{"href":"https:\/\/www.claret.cat\/es\/wp-json\/wp\/v2\/media?parent=242482"}],"wp:term":[{"taxonomy":"product_brand","embeddable":true,"href":"https:\/\/www.claret.cat\/es\/wp-json\/wp\/v2\/product_brand?post=242482"},{"taxonomy":"product_cat","embeddable":true,"href":"https:\/\/www.claret.cat\/es\/wp-json\/wp\/v2\/product_cat?post=242482"},{"taxonomy":"product_tag","embeddable":true,"href":"https:\/\/www.claret.cat\/es\/wp-json\/wp\/v2\/product_tag?post=242482"}],"curies":[{"name":"wp","href":"https:\/\/api.w.org\/{rel}","templated":true}]}}