{"id":243869,"date":"2022-10-21T01:30:04","date_gmt":"2022-10-20T23:30:04","guid":{"rendered":"http:\/\/dev.claret.cat\/producte\/practica-la-justicia-ama-la-misericordia-y-camina-humildemente-con-tu-dios-adviento-y-navidad-2015-2016\/"},"modified":"2024-05-23T08:04:49","modified_gmt":"2024-05-23T06:04:49","slug":"practica-la-justicia-ama-la-misericordia-y-camina-humildemente-con-tu-dios-adviento-y-navidad-2015-2016-9788484406013","status":"publish","type":"product","link":"https:\/\/www.claret.cat\/es\/libro\/practica-la-justicia-ama-la-misericordia-y-camina-humildemente-con-tu-dios-adviento-y-navidad-2015-2016-9788484406013\/","title":{"rendered":"PRACTICA LA JUSTICIA, AMA LA MISERICORDIA Y CAMINA HUMILDEMENTE CON TU DIOS &#8211; ADVIENTO Y NAVIDAD 2015 &#8211; 2016"},"content":{"rendered":"<p>Comenzar un nuevo a\u00f1o lit\u00fargico, un nuevo Adviento, es comenzar un tiempo nuevo. Caminar humildemente con Dios, para que sus apuestas sean nuestras apuestas; para que, como \u00c9l, nos fijemos en las realidades humanas de dolor y sufrimiento; y las convirtamos en miradas y experiencias de esperanza. No podemos dejar de mirar a un futuro mejor para todos. Iniciar este camino, nuevamente, lo haremos con la mirada puesta en Dios Padre, necesitamos de la oraci\u00f3n. Celebraremos la experiencia del Amor alrededor de la mesa eucar\u00edstica. Lo haremos mirando al hermano, a todos, especialmente a quienes est\u00e1n en situaciones m\u00e1s dolorosas y desesperanzadas. Lo haremos trabajando por la justicia. La misma justicia que Dios nos invita a imponer aqu\u00ed en la tierra. No dejaremos de so\u00f1ar, de alimentar la esperanza. \u00c9sta ser\u00e1 nuestra huella. En esta ocasi\u00f3n, esta gu\u00eda para la preparaci\u00f3n de las celebraciones y oraciones personales y comunitarias incluye tambi\u00e9n c\u00e1nticos apropiados para los distintos d\u00edas se\u00f1alados.<\/p>\n","protected":false},"excerpt":{"rendered":"<p>C\u00c1RITAS<\/p>\n","protected":false},"featured_media":358084,"template":"","meta":{"_acf_changed":false,"om_disable_all_campaigns":false,"rs_blank_template":"","rs_page_bg_color":"","slide_template_v7":"","inline_featured_image":false,"_monsterinsights_skip_tracking":false},"product_brand":[],"product_cat":[90,540],"product_tag":[],"class_list":["post-243869","product","type-product","status-publish","has-post-thumbnail","product_cat-altres","product_cat-otros","first","outofstock","taxable","shipping-taxable","purchasable","product-type-simple"],"acf":{"autor":"C\u00c1RITAS","codart":"848440601","libros-coleccion":"","ediciones":"1","encuadernacion":"R\u00fastica","fecha_de_publicacion":"04\/11\/2015","novedad":"1","paginas":"312","subtitulo":"ADVIENTO Y NAVIDAD 2015 - 2016","orden":"999","portada":"0","idioma":"spa","autores-libros":[{"ID":152088,"post_author":"3","post_date":"2022-10-14 14:46:00","post_date_gmt":"2022-10-14 12:46:00","post_content":"","post_title":"CARITAS","post_excerpt":"","post_status":"publish","comment_status":"closed","ping_status":"closed","post_password":"","post_name":"caritas","to_ping":"","pinged":"","post_modified":"2022-10-14 14:46:00","post_modified_gmt":"2022-10-14 12:46:00","post_content_filtered":"","post_parent":0,"guid":"http:\/\/dev.claret.cat\/autor\/caritas\/","menu_order":0,"post_type":"autor","post_mime_type":"","comment_count":"0","filter":"raw"}],"editorial":[{"ID":261887,"post_author":"3","post_date":"2022-10-24 11:17:09","post_date_gmt":"2022-10-24 09:17:09","post_content":"","post_title":"CARITAS ESPA\u00d1OLA, EDITORES","post_excerpt":"","post_status":"publish","comment_status":"closed","ping_status":"closed","post_password":"","post_name":"caritas-espanola-editores-2","to_ping":"","pinged":"","post_modified":"2022-10-24 11:17:09","post_modified_gmt":"2022-10-24 09:17:09","post_content_filtered":"","post_parent":0,"guid":"http:\/\/dev.claret.cat\/editorial\/caritas-espanola-editores-2\/","menu_order":0,"post_type":"editorial","post_mime_type":"","comment_count":"0","filter":"raw"}]},"aioseo_notices":[],"aioseo_head":"\n\t\t<!-- All in One SEO Pro 5.0.1.1 - aioseo.com -->\n\t<meta name=\"description\" content=\"PRACTICA LA JUSTICIA, AMA LA MISERICORDIA Y CAMINA HUMILDEMENTE CON TU DIOS \u2013 ADVIENTO Y NAVIDAD 2015 \u2013 2016 de C\u00c1RITAS disponible a\/en Llibreria Claret.\" \/>\n\t<meta name=\"robots\" content=\"max-image-preview:large\" \/>\n\t<meta name=\"google-site-verification\" content=\"xVtlFxJ-TfkIu-D-lt7XeLobefg5EIQiXTuqcSf8Rf0\" \/>\n\t<link rel=\"canonical\" href=\"https:\/\/www.claret.cat\/es\/libro\/practica-la-justicia-ama-la-misericordia-y-camina-humildemente-con-tu-dios-adviento-y-navidad-2015-2016-9788484406013\/\" \/>\n\t<meta name=\"generator\" content=\"All in One SEO Pro (AIOSEO) 5.0.1.1\" \/>\n\t\t<meta property=\"og:locale\" content=\"es_ES\" \/>\n\t\t<meta property=\"og:site_name\" content=\"Llibreria Claret - Llibreria religiosa a Barcelona\" \/>\n\t\t<meta property=\"og:type\" content=\"article\" \/>\n\t\t<meta property=\"og:title\" content=\"PRACTICA LA JUSTICIA, AMA LA MISERICORDIA Y CAMINA HUMILDEMENTE CON TU DIOS \u2013 ADVIENTO Y NAVIDAD 2015 \u2013 2016 - C\u00c1RITAS 9788484406013 | Llibreria Claret\" \/>\n\t\t<meta property=\"og:description\" content=\"PRACTICA LA JUSTICIA, AMA LA MISERICORDIA Y CAMINA HUMILDEMENTE CON TU DIOS \u2013 ADVIENTO Y NAVIDAD 2015 \u2013 2016 de C\u00c1RITAS disponible a\/en Llibreria Claret.\" \/>\n\t\t<meta property=\"og:url\" content=\"https:\/\/www.claret.cat\/es\/libro\/practica-la-justicia-ama-la-misericordia-y-camina-humildemente-con-tu-dios-adviento-y-navidad-2015-2016-9788484406013\/\" \/>\n\t\t<meta property=\"og:image\" content=\"https:\/\/dev.claret.cat\/wp-content\/uploads\/logo-claret.svg\" \/>\n\t\t<meta property=\"og:image:secure_url\" content=\"https:\/\/dev.claret.cat\/wp-content\/uploads\/logo-claret.svg\" \/>\n\t\t<meta property=\"article:published_time\" content=\"2022-10-20T23:30:04+00:00\" \/>\n\t\t<meta property=\"article:modified_time\" content=\"2024-05-23T06:04:49+00:00\" \/>\n\t\t<meta property=\"article:publisher\" content=\"https:\/\/www.facebook.com\/LlibreriaClaret\" \/>\n\t\t<meta name=\"twitter:card\" content=\"summary_large_image\" \/>\n\t\t<meta name=\"twitter:site\" content=\"@LlibreriaClaret\" \/>\n\t\t<meta name=\"twitter:title\" content=\"PRACTICA LA JUSTICIA, AMA LA MISERICORDIA Y CAMINA HUMILDEMENTE CON TU DIOS \u2013 ADVIENTO Y NAVIDAD 2015 \u2013 2016 - C\u00c1RITAS 9788484406013 | Llibreria Claret\" \/>\n\t\t<meta name=\"twitter:description\" content=\"PRACTICA LA JUSTICIA, AMA LA MISERICORDIA Y CAMINA HUMILDEMENTE CON TU DIOS \u2013 ADVIENTO Y NAVIDAD 2015 \u2013 2016 de C\u00c1RITAS disponible a\/en Llibreria Claret.\" \/>\n\t\t<meta name=\"twitter:image\" content=\"http:\/\/dev.claret.cat\/wp-content\/uploads\/logo-claret.svg\" \/>\n\t\t<script type=\"application\/ld+json\" class=\"aioseo-schema\">\n\t\t\t{\"@context\":\"https:\\\/\\\/schema.org\",\"@graph\":[{\"@type\":\"BreadcrumbList\",\"@id\":\"https:\\\/\\\/www.claret.cat\\\/es\\\/libro\\\/practica-la-justicia-ama-la-misericordia-y-camina-humildemente-con-tu-dios-adviento-y-navidad-2015-2016-9788484406013\\\/#breadcrumblist\",\"itemListElement\":[{\"@type\":\"ListItem\",\"@id\":\"https:\\\/\\\/www.claret.cat\\\/es\\\/#listItem\",\"position\":1,\"name\":\"Home\",\"item\":\"https:\\\/\\\/www.claret.cat\\\/es\\\/\",\"nextItem\":{\"@type\":\"ListItem\",\"@id\":\"https:\\\/\\\/www.claret.cat\\\/?page_id=16#listItem\",\"name\":\"Botiga\"}},{\"@type\":\"ListItem\",\"@id\":\"https:\\\/\\\/www.claret.cat\\\/?page_id=16#listItem\",\"position\":2,\"name\":\"Botiga\",\"item\":\"https:\\\/\\\/www.claret.cat\\\/?page_id=16\",\"nextItem\":{\"@type\":\"ListItem\",\"@id\":\"https:\\\/\\\/www.claret.cat\\\/categoria-producto\\\/cat\\\/#listItem\",\"name\":\"CAT\"},\"previousItem\":{\"@type\":\"ListItem\",\"@id\":\"https:\\\/\\\/www.claret.cat\\\/es\\\/#listItem\",\"name\":\"Home\"}},{\"@type\":\"ListItem\",\"@id\":\"https:\\\/\\\/www.claret.cat\\\/categoria-producto\\\/cat\\\/#listItem\",\"position\":3,\"name\":\"CAT\",\"item\":\"https:\\\/\\\/www.claret.cat\\\/categoria-producto\\\/cat\\\/\",\"nextItem\":{\"@type\":\"ListItem\",\"@id\":\"https:\\\/\\\/www.claret.cat\\\/categoria-producto\\\/cat\\\/5_altres\\\/#listItem\",\"name\":\"Altres\"},\"previousItem\":{\"@type\":\"ListItem\",\"@id\":\"https:\\\/\\\/www.claret.cat\\\/?page_id=16#listItem\",\"name\":\"Botiga\"}},{\"@type\":\"ListItem\",\"@id\":\"https:\\\/\\\/www.claret.cat\\\/categoria-producto\\\/cat\\\/5_altres\\\/#listItem\",\"position\":4,\"name\":\"Altres\",\"item\":\"https:\\\/\\\/www.claret.cat\\\/categoria-producto\\\/cat\\\/5_altres\\\/\",\"nextItem\":{\"@type\":\"ListItem\",\"@id\":\"https:\\\/\\\/www.claret.cat\\\/categoria-producto\\\/cat\\\/5_altres\\\/altres\\\/#listItem\",\"name\":\"Altres\"},\"previousItem\":{\"@type\":\"ListItem\",\"@id\":\"https:\\\/\\\/www.claret.cat\\\/categoria-producto\\\/cat\\\/#listItem\",\"name\":\"CAT\"}},{\"@type\":\"ListItem\",\"@id\":\"https:\\\/\\\/www.claret.cat\\\/categoria-producto\\\/cat\\\/5_altres\\\/altres\\\/#listItem\",\"position\":5,\"name\":\"Altres\",\"item\":\"https:\\\/\\\/www.claret.cat\\\/categoria-producto\\\/cat\\\/5_altres\\\/altres\\\/\",\"nextItem\":{\"@type\":\"ListItem\",\"@id\":\"https:\\\/\\\/www.claret.cat\\\/es\\\/libro\\\/practica-la-justicia-ama-la-misericordia-y-camina-humildemente-con-tu-dios-adviento-y-navidad-2015-2016-9788484406013\\\/#listItem\",\"name\":\"PRACTICA LA JUSTICIA, AMA LA MISERICORDIA Y CAMINA HUMILDEMENTE CON TU DIOS &#8211; ADVIENTO Y NAVIDAD 2015 &#8211; 2016\"},\"previousItem\":{\"@type\":\"ListItem\",\"@id\":\"https:\\\/\\\/www.claret.cat\\\/categoria-producto\\\/cat\\\/5_altres\\\/#listItem\",\"name\":\"Altres\"}},{\"@type\":\"ListItem\",\"@id\":\"https:\\\/\\\/www.claret.cat\\\/es\\\/libro\\\/practica-la-justicia-ama-la-misericordia-y-camina-humildemente-con-tu-dios-adviento-y-navidad-2015-2016-9788484406013\\\/#listItem\",\"position\":6,\"name\":\"PRACTICA LA JUSTICIA, AMA LA MISERICORDIA Y CAMINA HUMILDEMENTE CON TU DIOS &#8211; ADVIENTO Y NAVIDAD 2015 &#8211; 2016\",\"previousItem\":{\"@type\":\"ListItem\",\"@id\":\"https:\\\/\\\/www.claret.cat\\\/categoria-producto\\\/cat\\\/5_altres\\\/altres\\\/#listItem\",\"name\":\"Altres\"}}]},{\"@type\":\"ItemPage\",\"@id\":\"https:\\\/\\\/www.claret.cat\\\/es\\\/libro\\\/practica-la-justicia-ama-la-misericordia-y-camina-humildemente-con-tu-dios-adviento-y-navidad-2015-2016-9788484406013\\\/#itempage\",\"url\":\"https:\\\/\\\/www.claret.cat\\\/es\\\/libro\\\/practica-la-justicia-ama-la-misericordia-y-camina-humildemente-con-tu-dios-adviento-y-navidad-2015-2016-9788484406013\\\/\",\"name\":\"PRACTICA LA JUSTICIA, AMA LA MISERICORDIA Y CAMINA HUMILDEMENTE CON TU DIOS \\u2013 ADVIENTO Y NAVIDAD 2015 \\u2013 2016 - C\\u00c1RITAS 9788484406013 | Llibreria Claret\",\"description\":\"PRACTICA LA JUSTICIA, AMA LA MISERICORDIA Y CAMINA HUMILDEMENTE CON TU DIOS \\u2013 ADVIENTO Y NAVIDAD 2015 \\u2013 2016 de C\\u00c1RITAS disponible a\\\/en Llibreria Claret.\",\"inLanguage\":\"es-ES\",\"isPartOf\":{\"@id\":\"https:\\\/\\\/www.claret.cat\\\/es\\\/#website\"},\"breadcrumb\":{\"@id\":\"https:\\\/\\\/www.claret.cat\\\/es\\\/libro\\\/practica-la-justicia-ama-la-misericordia-y-camina-humildemente-con-tu-dios-adviento-y-navidad-2015-2016-9788484406013\\\/#breadcrumblist\"},\"image\":{\"@type\":\"ImageObject\",\"url\":\"https:\\\/\\\/www.claret.cat\\\/wp-content\\\/uploads\\\/.\\\/9788484406013-1.jpg\",\"@id\":\"https:\\\/\\\/www.claret.cat\\\/es\\\/libro\\\/practica-la-justicia-ama-la-misericordia-y-camina-humildemente-con-tu-dios-adviento-y-navidad-2015-2016-9788484406013\\\/#mainImage\",\"width\":225,\"height\":326,\"caption\":\"9788484406013.jpg\"},\"primaryImageOfPage\":{\"@id\":\"https:\\\/\\\/www.claret.cat\\\/es\\\/libro\\\/practica-la-justicia-ama-la-misericordia-y-camina-humildemente-con-tu-dios-adviento-y-navidad-2015-2016-9788484406013\\\/#mainImage\"},\"datePublished\":\"2022-10-21T01:30:04+02:00\",\"dateModified\":\"2024-05-23T08:04:49+02:00\"},{\"@type\":\"Organization\",\"@id\":\"https:\\\/\\\/www.claret.cat\\\/es\\\/#organization\",\"name\":\"Llibreria Claret\",\"description\":\"Llibreria religiosa a Barcelona\",\"url\":\"https:\\\/\\\/www.claret.cat\\\/es\\\/\",\"email\":\"comunicacio@claret.cat\",\"telephone\":\"+34933010887\",\"logo\":{\"@type\":\"ImageObject\",\"url\":\"https:\\\/\\\/www.claret.cat\\\/wp-content\\\/uploads\\\/.\\\/logo-claret-es.png\",\"@id\":\"https:\\\/\\\/www.claret.cat\\\/es\\\/libro\\\/practica-la-justicia-ama-la-misericordia-y-camina-humildemente-con-tu-dios-adviento-y-navidad-2015-2016-9788484406013\\\/#organizationLogo\",\"width\":195,\"height\":79},\"image\":{\"@id\":\"https:\\\/\\\/www.claret.cat\\\/es\\\/libro\\\/practica-la-justicia-ama-la-misericordia-y-camina-humildemente-con-tu-dios-adviento-y-navidad-2015-2016-9788484406013\\\/#organizationLogo\"},\"sameAs\":[\"https:\\\/\\\/www.facebook.com\\\/LlibreriaClaret\",\"https:\\\/\\\/twitter.com\\\/LlibreriaClaret\",\"https:\\\/\\\/www.instagram.com\\\/llibreriaclaret\\\/\",\"https:\\\/\\\/www.tiktok.com\\\/@llibreriaclaret\",\"https:\\\/\\\/www.youtube.com\\\/@llibreriaclaret\",\"https:\\\/\\\/ca.wikipedia.org\\\/wiki\\\/Editorial_Claret\"]},{\"@type\":\"WebPage\",\"@id\":\"https:\\\/\\\/www.claret.cat\\\/es\\\/libro\\\/practica-la-justicia-ama-la-misericordia-y-camina-humildemente-con-tu-dios-adviento-y-navidad-2015-2016-9788484406013\\\/#webpage\",\"url\":\"https:\\\/\\\/www.claret.cat\\\/es\\\/libro\\\/practica-la-justicia-ama-la-misericordia-y-camina-humildemente-con-tu-dios-adviento-y-navidad-2015-2016-9788484406013\\\/\",\"name\":\"PRACTICA LA JUSTICIA, AMA LA MISERICORDIA Y CAMINA HUMILDEMENTE CON TU DIOS \\u2013 ADVIENTO Y NAVIDAD 2015 \\u2013 2016 - C\\u00c1RITAS 9788484406013 | Llibreria Claret\",\"description\":\"PRACTICA LA JUSTICIA, AMA LA MISERICORDIA Y CAMINA HUMILDEMENTE CON TU DIOS \\u2013 ADVIENTO Y NAVIDAD 2015 \\u2013 2016 de C\\u00c1RITAS disponible a\\\/en Llibreria Claret.\",\"inLanguage\":\"es-ES\",\"isPartOf\":{\"@id\":\"https:\\\/\\\/www.claret.cat\\\/es\\\/#website\"},\"breadcrumb\":{\"@id\":\"https:\\\/\\\/www.claret.cat\\\/es\\\/libro\\\/practica-la-justicia-ama-la-misericordia-y-camina-humildemente-con-tu-dios-adviento-y-navidad-2015-2016-9788484406013\\\/#breadcrumblist\"},\"image\":{\"@type\":\"ImageObject\",\"url\":\"https:\\\/\\\/www.claret.cat\\\/wp-content\\\/uploads\\\/.\\\/9788484406013-1.jpg\",\"@id\":\"https:\\\/\\\/www.claret.cat\\\/es\\\/libro\\\/practica-la-justicia-ama-la-misericordia-y-camina-humildemente-con-tu-dios-adviento-y-navidad-2015-2016-9788484406013\\\/#mainImage\",\"width\":225,\"height\":326,\"caption\":\"9788484406013.jpg\"},\"primaryImageOfPage\":{\"@id\":\"https:\\\/\\\/www.claret.cat\\\/es\\\/libro\\\/practica-la-justicia-ama-la-misericordia-y-camina-humildemente-con-tu-dios-adviento-y-navidad-2015-2016-9788484406013\\\/#mainImage\"},\"datePublished\":\"2022-10-21T01:30:04+02:00\",\"dateModified\":\"2024-05-23T08:04:49+02:00\"},{\"@type\":\"WebSite\",\"@id\":\"https:\\\/\\\/www.claret.cat\\\/es\\\/#website\",\"url\":\"https:\\\/\\\/www.claret.cat\\\/es\\\/\",\"name\":\"Llibreria Claret Barcelona\",\"alternateName\":\"Llibreria Claret\",\"description\":\"Llibreria religiosa a Barcelona\",\"inLanguage\":\"es-ES\",\"publisher\":{\"@id\":\"https:\\\/\\\/www.claret.cat\\\/es\\\/#organization\"}}]}\n\t\t<\/script>\n\t\t<!-- All in One SEO Pro -->\r\n\t\t<title>PRACTICA LA JUSTICIA, AMA LA MISERICORDIA Y CAMINA HUMILDEMENTE CON TU DIOS \u2013 ADVIENTO Y NAVIDAD 2015 \u2013 2016 - C\u00c1RITAS 9788484406013 | Llibreria Claret<\/title>\n\n","aioseo_head_json":{"title":"PRACTICA LA JUSTICIA, AMA LA MISERICORDIA Y CAMINA HUMILDEMENTE CON TU DIOS \u2013 ADVIENTO Y NAVIDAD 2015 \u2013 2016 - C\u00c1RITAS 9788484406013 | Llibreria Claret","description":"PRACTICA LA JUSTICIA, AMA LA MISERICORDIA Y CAMINA HUMILDEMENTE CON TU DIOS \u2013 ADVIENTO Y NAVIDAD 2015 \u2013 2016 de C\u00c1RITAS disponible a\/en Llibreria Claret.","canonical_url":"https:\/\/www.claret.cat\/es\/libro\/practica-la-justicia-ama-la-misericordia-y-camina-humildemente-con-tu-dios-adviento-y-navidad-2015-2016-9788484406013\/","robots":"max-image-preview:large","keywords":"","webmasterTools":{"google-site-verification":"xVtlFxJ-TfkIu-D-lt7XeLobefg5EIQiXTuqcSf8Rf0","miscellaneous":""},"schema":{"@context":"https:\/\/schema.org","@graph":[{"@type":"BreadcrumbList","@id":"https:\/\/www.claret.cat\/es\/libro\/practica-la-justicia-ama-la-misericordia-y-camina-humildemente-con-tu-dios-adviento-y-navidad-2015-2016-9788484406013\/#breadcrumblist","itemListElement":[{"@type":"ListItem","@id":"https:\/\/www.claret.cat\/es\/#listItem","position":1,"name":"Home","item":"https:\/\/www.claret.cat\/es\/","nextItem":{"@type":"ListItem","@id":"https:\/\/www.claret.cat\/?page_id=16#listItem","name":"Botiga"}},{"@type":"ListItem","@id":"https:\/\/www.claret.cat\/?page_id=16#listItem","position":2,"name":"Botiga","item":"https:\/\/www.claret.cat\/?page_id=16","nextItem":{"@type":"ListItem","@id":"https:\/\/www.claret.cat\/categoria-producto\/cat\/#listItem","name":"CAT"},"previousItem":{"@type":"ListItem","@id":"https:\/\/www.claret.cat\/es\/#listItem","name":"Home"}},{"@type":"ListItem","@id":"https:\/\/www.claret.cat\/categoria-producto\/cat\/#listItem","position":3,"name":"CAT","item":"https:\/\/www.claret.cat\/categoria-producto\/cat\/","nextItem":{"@type":"ListItem","@id":"https:\/\/www.claret.cat\/categoria-producto\/cat\/5_altres\/#listItem","name":"Altres"},"previousItem":{"@type":"ListItem","@id":"https:\/\/www.claret.cat\/?page_id=16#listItem","name":"Botiga"}},{"@type":"ListItem","@id":"https:\/\/www.claret.cat\/categoria-producto\/cat\/5_altres\/#listItem","position":4,"name":"Altres","item":"https:\/\/www.claret.cat\/categoria-producto\/cat\/5_altres\/","nextItem":{"@type":"ListItem","@id":"https:\/\/www.claret.cat\/categoria-producto\/cat\/5_altres\/altres\/#listItem","name":"Altres"},"previousItem":{"@type":"ListItem","@id":"https:\/\/www.claret.cat\/categoria-producto\/cat\/#listItem","name":"CAT"}},{"@type":"ListItem","@id":"https:\/\/www.claret.cat\/categoria-producto\/cat\/5_altres\/altres\/#listItem","position":5,"name":"Altres","item":"https:\/\/www.claret.cat\/categoria-producto\/cat\/5_altres\/altres\/","nextItem":{"@type":"ListItem","@id":"https:\/\/www.claret.cat\/es\/libro\/practica-la-justicia-ama-la-misericordia-y-camina-humildemente-con-tu-dios-adviento-y-navidad-2015-2016-9788484406013\/#listItem","name":"PRACTICA LA JUSTICIA, AMA LA MISERICORDIA Y CAMINA HUMILDEMENTE CON TU DIOS &#8211; ADVIENTO Y NAVIDAD 2015 &#8211; 2016"},"previousItem":{"@type":"ListItem","@id":"https:\/\/www.claret.cat\/categoria-producto\/cat\/5_altres\/#listItem","name":"Altres"}},{"@type":"ListItem","@id":"https:\/\/www.claret.cat\/es\/libro\/practica-la-justicia-ama-la-misericordia-y-camina-humildemente-con-tu-dios-adviento-y-navidad-2015-2016-9788484406013\/#listItem","position":6,"name":"PRACTICA LA JUSTICIA, AMA LA MISERICORDIA Y CAMINA HUMILDEMENTE CON TU DIOS &#8211; ADVIENTO Y NAVIDAD 2015 &#8211; 2016","previousItem":{"@type":"ListItem","@id":"https:\/\/www.claret.cat\/categoria-producto\/cat\/5_altres\/altres\/#listItem","name":"Altres"}}]},{"@type":"ItemPage","@id":"https:\/\/www.claret.cat\/es\/libro\/practica-la-justicia-ama-la-misericordia-y-camina-humildemente-con-tu-dios-adviento-y-navidad-2015-2016-9788484406013\/#itempage","url":"https:\/\/www.claret.cat\/es\/libro\/practica-la-justicia-ama-la-misericordia-y-camina-humildemente-con-tu-dios-adviento-y-navidad-2015-2016-9788484406013\/","name":"PRACTICA LA JUSTICIA, AMA LA MISERICORDIA Y CAMINA HUMILDEMENTE CON TU DIOS \u2013 ADVIENTO Y NAVIDAD 2015 \u2013 2016 - C\u00c1RITAS 9788484406013 | Llibreria Claret","description":"PRACTICA LA JUSTICIA, AMA LA MISERICORDIA Y CAMINA HUMILDEMENTE CON TU DIOS \u2013 ADVIENTO Y NAVIDAD 2015 \u2013 2016 de C\u00c1RITAS disponible a\/en Llibreria Claret.","inLanguage":"es-ES","isPartOf":{"@id":"https:\/\/www.claret.cat\/es\/#website"},"breadcrumb":{"@id":"https:\/\/www.claret.cat\/es\/libro\/practica-la-justicia-ama-la-misericordia-y-camina-humildemente-con-tu-dios-adviento-y-navidad-2015-2016-9788484406013\/#breadcrumblist"},"image":{"@type":"ImageObject","url":"https:\/\/www.claret.cat\/wp-content\/uploads\/.\/9788484406013-1.jpg","@id":"https:\/\/www.claret.cat\/es\/libro\/practica-la-justicia-ama-la-misericordia-y-camina-humildemente-con-tu-dios-adviento-y-navidad-2015-2016-9788484406013\/#mainImage","width":225,"height":326,"caption":"9788484406013.jpg"},"primaryImageOfPage":{"@id":"https:\/\/www.claret.cat\/es\/libro\/practica-la-justicia-ama-la-misericordia-y-camina-humildemente-con-tu-dios-adviento-y-navidad-2015-2016-9788484406013\/#mainImage"},"datePublished":"2022-10-21T01:30:04+02:00","dateModified":"2024-05-23T08:04:49+02:00"},{"@type":"Organization","@id":"https:\/\/www.claret.cat\/es\/#organization","name":"Llibreria Claret","description":"Llibreria religiosa a Barcelona","url":"https:\/\/www.claret.cat\/es\/","email":"comunicacio@claret.cat","telephone":"+34933010887","logo":{"@type":"ImageObject","url":"https:\/\/www.claret.cat\/wp-content\/uploads\/.\/logo-claret-es.png","@id":"https:\/\/www.claret.cat\/es\/libro\/practica-la-justicia-ama-la-misericordia-y-camina-humildemente-con-tu-dios-adviento-y-navidad-2015-2016-9788484406013\/#organizationLogo","width":195,"height":79},"image":{"@id":"https:\/\/www.claret.cat\/es\/libro\/practica-la-justicia-ama-la-misericordia-y-camina-humildemente-con-tu-dios-adviento-y-navidad-2015-2016-9788484406013\/#organizationLogo"},"sameAs":["https:\/\/www.facebook.com\/LlibreriaClaret","https:\/\/twitter.com\/LlibreriaClaret","https:\/\/www.instagram.com\/llibreriaclaret\/","https:\/\/www.tiktok.com\/@llibreriaclaret","https:\/\/www.youtube.com\/@llibreriaclaret","https:\/\/ca.wikipedia.org\/wiki\/Editorial_Claret"]},{"@type":"WebPage","@id":"https:\/\/www.claret.cat\/es\/libro\/practica-la-justicia-ama-la-misericordia-y-camina-humildemente-con-tu-dios-adviento-y-navidad-2015-2016-9788484406013\/#webpage","url":"https:\/\/www.claret.cat\/es\/libro\/practica-la-justicia-ama-la-misericordia-y-camina-humildemente-con-tu-dios-adviento-y-navidad-2015-2016-9788484406013\/","name":"PRACTICA LA JUSTICIA, AMA LA MISERICORDIA Y CAMINA HUMILDEMENTE CON TU DIOS \u2013 ADVIENTO Y NAVIDAD 2015 \u2013 2016 - C\u00c1RITAS 9788484406013 | Llibreria Claret","description":"PRACTICA LA JUSTICIA, AMA LA MISERICORDIA Y CAMINA HUMILDEMENTE CON TU DIOS \u2013 ADVIENTO Y NAVIDAD 2015 \u2013 2016 de C\u00c1RITAS disponible a\/en Llibreria Claret.","inLanguage":"es-ES","isPartOf":{"@id":"https:\/\/www.claret.cat\/es\/#website"},"breadcrumb":{"@id":"https:\/\/www.claret.cat\/es\/libro\/practica-la-justicia-ama-la-misericordia-y-camina-humildemente-con-tu-dios-adviento-y-navidad-2015-2016-9788484406013\/#breadcrumblist"},"image":{"@type":"ImageObject","url":"https:\/\/www.claret.cat\/wp-content\/uploads\/.\/9788484406013-1.jpg","@id":"https:\/\/www.claret.cat\/es\/libro\/practica-la-justicia-ama-la-misericordia-y-camina-humildemente-con-tu-dios-adviento-y-navidad-2015-2016-9788484406013\/#mainImage","width":225,"height":326,"caption":"9788484406013.jpg"},"primaryImageOfPage":{"@id":"https:\/\/www.claret.cat\/es\/libro\/practica-la-justicia-ama-la-misericordia-y-camina-humildemente-con-tu-dios-adviento-y-navidad-2015-2016-9788484406013\/#mainImage"},"datePublished":"2022-10-21T01:30:04+02:00","dateModified":"2024-05-23T08:04:49+02:00"},{"@type":"WebSite","@id":"https:\/\/www.claret.cat\/es\/#website","url":"https:\/\/www.claret.cat\/es\/","name":"Llibreria Claret Barcelona","alternateName":"Llibreria Claret","description":"Llibreria religiosa a Barcelona","inLanguage":"es-ES","publisher":{"@id":"https:\/\/www.claret.cat\/es\/#organization"}}]},"og:locale":"es_ES","og:site_name":"Llibreria Claret - Llibreria religiosa a Barcelona","og:type":"article","og:title":"PRACTICA LA JUSTICIA, AMA LA MISERICORDIA Y CAMINA HUMILDEMENTE CON TU DIOS \u2013 ADVIENTO Y NAVIDAD 2015 \u2013 2016 - C\u00c1RITAS 9788484406013 | Llibreria Claret","og:description":"PRACTICA LA JUSTICIA, AMA LA MISERICORDIA Y CAMINA HUMILDEMENTE CON TU DIOS \u2013 ADVIENTO Y NAVIDAD 2015 \u2013 2016 de C\u00c1RITAS disponible a\/en Llibreria Claret.","og:url":"https:\/\/www.claret.cat\/es\/libro\/practica-la-justicia-ama-la-misericordia-y-camina-humildemente-con-tu-dios-adviento-y-navidad-2015-2016-9788484406013\/","og:image":"https:\/\/dev.claret.cat\/wp-content\/uploads\/logo-claret.svg","og:image:secure_url":"https:\/\/dev.claret.cat\/wp-content\/uploads\/logo-claret.svg","article:published_time":"2022-10-20T23:30:04+00:00","article:modified_time":"2024-05-23T06:04:49+00:00","article:publisher":"https:\/\/www.facebook.com\/LlibreriaClaret","twitter:card":"summary_large_image","twitter:site":"@LlibreriaClaret","twitter:title":"PRACTICA LA JUSTICIA, AMA LA MISERICORDIA Y CAMINA HUMILDEMENTE CON TU DIOS \u2013 ADVIENTO Y NAVIDAD 2015 \u2013 2016 - C\u00c1RITAS 9788484406013 | Llibreria Claret","twitter:description":"PRACTICA LA JUSTICIA, AMA LA MISERICORDIA Y CAMINA HUMILDEMENTE CON TU DIOS \u2013 ADVIENTO Y NAVIDAD 2015 \u2013 2016 de C\u00c1RITAS disponible a\/en Llibreria Claret.","twitter:image":"http:\/\/dev.claret.cat\/wp-content\/uploads\/logo-claret.svg"},"aioseo_meta_data":{"post_id":"243869","title":null,"description":null,"keywords":null,"keyphrases":null,"primary_term":null,"canonical_url":null,"og_title":null,"og_description":null,"og_object_type":"default","og_image_type":"default","og_image_url":null,"og_image_width":null,"og_image_height":null,"og_image_custom_url":null,"og_image_custom_fields":null,"og_video":null,"og_custom_url":null,"og_article_section":null,"og_article_tags":null,"twitter_use_og":false,"twitter_card":"default","twitter_image_type":"default","twitter_image_url":null,"twitter_image_custom_url":null,"twitter_image_custom_fields":null,"twitter_title":null,"twitter_description":null,"schema":{"blockGraphs":[],"customGraphs":[],"default":{"data":{"Article":[],"Course":[],"Dataset":[],"FAQPage":[],"Movie":[],"Person":[],"Product":[],"ProductReview":[],"Car":[],"Recipe":[],"Service":[],"SoftwareApplication":[],"WebPage":[]},"graphName":"","isEnabled":true},"graphs":[]},"schema_type":"default","schema_type_options":null,"pillar_content":false,"robots_default":true,"robots_noindex":false,"robots_noarchive":false,"robots_nosnippet":false,"robots_nofollow":false,"robots_noimageindex":false,"robots_noodp":false,"robots_notranslate":false,"robots_max_snippet":null,"robots_max_videopreview":null,"robots_max_imagepreview":"large","priority":null,"frequency":null,"local_seo":null,"seo_analyzer_scan_date":"2025-11-18 17:26:29","breadcrumb_settings":null,"limit_modified_date":false,"open_ai":null,"ai":null,"created":"2022-12-22 03:23:41","updated":"2025-11-18 17:26:29","focus_keyword":null,"additional_keywords":null,"truseo_locale":null},"aioseo_breadcrumb":"<div class=\"aioseo-breadcrumbs\"><span class=\"aioseo-breadcrumb\">\n\t<a href=\"https:\/\/www.claret.cat\/es\/\" title=\"Home\">Home<\/a>\n<\/span><span class=\"aioseo-breadcrumb-separator\">&raquo;<\/span><span class=\"aioseo-breadcrumb\">\n\t<a href=\"https:\/\/www.claret.cat\/?page_id=16\" title=\"Botiga\">Botiga<\/a>\n<\/span><span class=\"aioseo-breadcrumb-separator\">&raquo;<\/span><span class=\"aioseo-breadcrumb\">\n\t<a href=\"https:\/\/www.claret.cat\/categoria-producto\/cat\/\" title=\"CAT\">CAT<\/a>\n<\/span><span class=\"aioseo-breadcrumb-separator\">&raquo;<\/span><span class=\"aioseo-breadcrumb\">\n\t<a href=\"https:\/\/www.claret.cat\/categoria-producto\/cat\/5_altres\/\" title=\"Altres\">Altres<\/a>\n<\/span><span class=\"aioseo-breadcrumb-separator\">&raquo;<\/span><span class=\"aioseo-breadcrumb\">\n\t<a href=\"https:\/\/www.claret.cat\/categoria-producto\/cat\/5_altres\/altres\/\" title=\"Altres\">Altres<\/a>\n<\/span><span class=\"aioseo-breadcrumb-separator\">&raquo;<\/span><span class=\"aioseo-breadcrumb\">\n\tPRACTICA LA JUSTICIA, AMA LA MISERICORDIA Y CAMINA HUMILDEMENTE CON TU DIOS \u2013 ADVIENTO Y NAVIDAD 2015 \u2013 2016\n<\/span><\/div>","aioseo_breadcrumb_json":[{"label":"Home","link":"https:\/\/www.claret.cat\/es\/"},{"label":"Botiga","link":"https:\/\/www.claret.cat\/?page_id=16"},{"label":"CAT","link":"https:\/\/www.claret.cat\/categoria-producto\/cat\/"},{"label":"Altres","link":"https:\/\/www.claret.cat\/categoria-producto\/cat\/5_altres\/"},{"label":"Altres","link":"https:\/\/www.claret.cat\/categoria-producto\/cat\/5_altres\/altres\/"},{"label":"PRACTICA LA JUSTICIA, AMA LA MISERICORDIA Y CAMINA HUMILDEMENTE CON TU DIOS &#8211; ADVIENTO Y NAVIDAD 2015 &#8211; 2016","link":"https:\/\/www.claret.cat\/es\/libro\/practica-la-justicia-ama-la-misericordia-y-camina-humildemente-con-tu-dios-adviento-y-navidad-2015-2016-9788484406013\/"}],"_links":{"self":[{"href":"https:\/\/www.claret.cat\/es\/wp-json\/wp\/v2\/product\/243869","targetHints":{"allow":["GET"]}}],"collection":[{"href":"https:\/\/www.claret.cat\/es\/wp-json\/wp\/v2\/product"}],"about":[{"href":"https:\/\/www.claret.cat\/es\/wp-json\/wp\/v2\/types\/product"}],"wp:featuredmedia":[{"embeddable":true,"href":"https:\/\/www.claret.cat\/es\/wp-json\/wp\/v2\/media\/358084"}],"wp:attachment":[{"href":"https:\/\/www.claret.cat\/es\/wp-json\/wp\/v2\/media?parent=243869"}],"wp:term":[{"taxonomy":"product_brand","embeddable":true,"href":"https:\/\/www.claret.cat\/es\/wp-json\/wp\/v2\/product_brand?post=243869"},{"taxonomy":"product_cat","embeddable":true,"href":"https:\/\/www.claret.cat\/es\/wp-json\/wp\/v2\/product_cat?post=243869"},{"taxonomy":"product_tag","embeddable":true,"href":"https:\/\/www.claret.cat\/es\/wp-json\/wp\/v2\/product_tag?post=243869"}],"curies":[{"name":"wp","href":"https:\/\/api.w.org\/{rel}","templated":true}]}}