{"id":244593,"date":"2022-10-21T01:47:05","date_gmt":"2022-10-20T23:47:05","guid":{"rendered":"http:\/\/dev.claret.cat\/producte\/neruda-el-principe-de-los-poetas-biografia\/"},"modified":"2023-01-28T15:02:57","modified_gmt":"2023-01-28T14:02:57","slug":"nerudael-principe-de-los-poetas-biografia-9788466656900","status":"publish","type":"product","link":"https:\/\/www.claret.cat\/es\/libro\/nerudael-principe-de-los-poetas-biografia-9788466656900\/","title":{"rendered":"NERUDA.EL PR\u00cdNCIPE DE LOS POETAS. BIOGRAF\u00cdA"},"content":{"rendered":"<p>Pablo Neruda es el gran poeta del siglo XX. Como Pablo Picasso, Albert Einstein o Charles Chaplin, tuvo una capacidad creativa y una genialidad indiscutibles, y nos leg\u00f3 una obra reconocida y admirada universalmente.<br \/> El historiador y periodista Mario Amor\u00f3s ha investigado durante a\u00f1os en archivos de Chile, Espa\u00f1a, Rusia y otros pa\u00edses a fin de arrojar nueva luz sobre la vida del autor de Canto general. Su azarosa y apasionante existencia se relata en estas p\u00e1ginas a trav\u00e9s de documentos in\u00e9ditos, cartas, art\u00edculos, discursos, entrevistas y testimonios de amigos&hellip; y enemigos. Tambi\u00e9n de las mujeres que lo amaron.<br \/> Cuando se cumplen cien a\u00f1os de sus primeros versos, Amor\u00f3s reconstruye la infancia de Pablo Neruda en Temuco, entre los bosques y la lluvia del sur del mundo; el periodo como c\u00f3nsul en varias ciudades asi\u00e1ticas y Buenos Aires; la llegada a Espa\u00f1a en 1934 y la relaci\u00f3n fraternal con Federico Garc\u00eda Lorca, Rafael Alberti o Miguel Hern\u00e1ndez; el impacto que produjo en \u00e9l la Guerra Civil y la epopeya del Winnipeg; as\u00ed como los a\u00f1os en M\u00e9xico, la adscripci\u00f3n al movimiento comunista y la obtenci\u00f3n del Premio Nobel en 1971. Con documentos y testimonios in\u00e9ditos hasta ahora, Amor\u00f3s describe, en los \u00faltimos cap\u00edtulos, el terrible sufrimiento de Neruda tras el golpe de Estado militar, relato que adquiere un valor singular por apoyarse en la investigaci\u00f3n judicial abierta en Chile tras la denuncia de que fue asesinado por la dictadura del general Pinochet, el 23 de septiembre de 1973.<\/p>\n","protected":false},"excerpt":{"rendered":"<p>AMOR\u00d3S, MARIO<\/p>\n","protected":false},"featured_media":244594,"template":"","meta":{"_acf_changed":false,"om_disable_all_campaigns":false,"rs_blank_template":"","rs_page_bg_color":"","slide_template_v7":"","inline_featured_image":false,"_monsterinsights_skip_tracking":false,"_monsterinsights_sitenote_active":false,"_monsterinsights_sitenote_note":"","_monsterinsights_sitenote_category":0},"product_brand":[],"product_cat":[16],"product_tag":[],"class_list":{"0":"post-244593","1":"product","2":"type-product","3":"status-publish","4":"has-post-thumbnail","6":"product_cat-sense-categoria","8":"first","9":"instock","10":"taxable","11":"shipping-taxable","12":"purchasable","13":"product-type-simple"},"acf":{"autor":"AMOR\u00d3S, MARIO","codart":"846665690","libros-coleccion":"","ediciones":"1","encuadernacion":"Carton\u00e9","fecha_de_publicacion":"01\/11\/2015","novedad":"0","paginas":"620","subtitulo":"LA BIOGRAF\u00cdA","orden":"999","portada":"0","idioma":"spa","editorial":[{"ID":147506,"post_author":"3","post_date":"2022-10-14 11:51:06","post_date_gmt":"2022-10-14 09:51:06","post_content":"","post_title":"B EDICIONES","post_excerpt":"","post_status":"publish","comment_status":"closed","ping_status":"closed","post_password":"","post_name":"b-ediciones","to_ping":"","pinged":"","post_modified":"2022-10-14 11:51:06","post_modified_gmt":"2022-10-14 09:51:06","post_content_filtered":"","post_parent":0,"guid":"http:\/\/dev.claret.cat\/editorial\/b-ediciones\/","menu_order":0,"post_type":"editorial","post_mime_type":"","comment_count":"0","filter":"raw"}],"autores-libros":[{"ID":163963,"post_author":"3","post_date":"2022-10-14 17:43:15","post_date_gmt":"2022-10-14 15:43:15","post_content":"","post_title":"MARIO AMOROS","post_excerpt":"","post_status":"publish","comment_status":"closed","ping_status":"closed","post_password":"","post_name":"mario-amoros","to_ping":"","pinged":"","post_modified":"2022-10-14 17:43:15","post_modified_gmt":"2022-10-14 15:43:15","post_content_filtered":"","post_parent":0,"guid":"http:\/\/dev.claret.cat\/autor\/mario-amoros\/","menu_order":0,"post_type":"autor","post_mime_type":"","comment_count":"0","filter":"raw"}]},"aioseo_notices":[],"_links":{"self":[{"href":"https:\/\/www.claret.cat\/es\/wp-json\/wp\/v2\/product\/244593","targetHints":{"allow":["GET"]}}],"collection":[{"href":"https:\/\/www.claret.cat\/es\/wp-json\/wp\/v2\/product"}],"about":[{"href":"https:\/\/www.claret.cat\/es\/wp-json\/wp\/v2\/types\/product"}],"wp:featuredmedia":[{"embeddable":true,"href":"https:\/\/www.claret.cat\/es\/wp-json\/wp\/v2\/media\/244594"}],"wp:attachment":[{"href":"https:\/\/www.claret.cat\/es\/wp-json\/wp\/v2\/media?parent=244593"}],"wp:term":[{"taxonomy":"product_brand","embeddable":true,"href":"https:\/\/www.claret.cat\/es\/wp-json\/wp\/v2\/product_brand?post=244593"},{"taxonomy":"product_cat","embeddable":true,"href":"https:\/\/www.claret.cat\/es\/wp-json\/wp\/v2\/product_cat?post=244593"},{"taxonomy":"product_tag","embeddable":true,"href":"https:\/\/www.claret.cat\/es\/wp-json\/wp\/v2\/product_tag?post=244593"}],"curies":[{"name":"wp","href":"https:\/\/api.w.org\/{rel}","templated":true}]}}