{"id":250572,"date":"2022-10-21T09:14:07","date_gmt":"2022-10-21T07:14:07","guid":{"rendered":"http:\/\/dev.claret.cat\/producte\/si-no-os-haceis-como-este-nino\/"},"modified":"2025-04-08T12:11:46","modified_gmt":"2025-04-08T10:11:46","slug":"si-no-os-haceis-como-este-nino-9789872133399","status":"publish","type":"product","link":"https:\/\/www.claret.cat\/es\/libro\/si-no-os-haceis-como-este-nino-9789872133399\/","title":{"rendered":"SI NO OS HAC\u00c9IS COMO ESTE NI\u00d1O"},"content":{"rendered":"<p>Es una alegr\u00eda para Ediciones San Juan poder ofrecer al p\u00fablico de habla hispana una nueva edici\u00f3n y una nueva traducci\u00f3n de este peque\u00f1o libro. Si no os hac\u00e9is como este Ni\u00f1o es el \u00faltimo escrito de Hans Urs von Balthasar, publicado luego de su muerte. Con \u00e9l concluye su fecunda tarea de escritor, su \u00faltima bibliograf\u00eda le asigna el n\u00famero 113 de sus libros propios (Bibliographie 1925-2005, Freiburg 2005, p. 49). \u00c9sta es tambi\u00e9n su \u00faltima palabra como te\u00f3logo e hijo de la Iglesia. Antes de morir, el Balthasar anciano, experimentado en la vida y probado en la fe, nos indica testamentariamente, con toda la simplicidad de la que era capaz, el centro primordial del ser cristiano: el ser ni\u00f1os, realmente ni\u00f1os, frente al Padre de nuestro Se\u00f1or Jesucristo, gracias a la donaci\u00f3n del Esp\u00edritu Santo. \u00c9sta es la voluntad, la intenci\u00f3n primera y la esperanza \u00faltima del Origen omnipotente de todas las cosas, que Jesucristo y el Esp\u00edritu de Amor com\u00fan nos ense\u00f1an a llamar &#8216;Abb\u00e1, Padrecito&#8217;. Que los hombres lleguemos a ser sus ni\u00f1os-hijos es la realizaci\u00f3n plena de su Gloria, de su Bondad y de su Verdad.<\/p>\n<p>Baltasar acent\u00faa, ya en el t\u00edtulo, no solo el ser como ni\u00f1os, sino como este ni\u00f1o, es decir, como Jesucristo, el Hijo eterno del Padre, el Ni\u00f1o por excelencia, totalmente dependiente y obediente a su Padre y totalmente libre, creativo y maduro en su misi\u00f3n.<\/p>\n","protected":false},"excerpt":{"rendered":"<p>BALTHASAR, HANS URS VON<\/p>\n","protected":false},"featured_media":1017267,"template":"","meta":{"_acf_changed":false,"om_disable_all_campaigns":false,"rs_blank_template":"","rs_page_bg_color":"","slide_template_v7":"","inline_featured_image":false,"_monsterinsights_skip_tracking":false,"_monsterinsights_sitenote_active":false,"_monsterinsights_sitenote_note":"","_monsterinsights_sitenote_category":0},"product_brand":[],"product_cat":[90,540],"product_tag":[],"class_list":{"0":"post-250572","1":"product","2":"type-product","3":"status-publish","4":"has-post-thumbnail","6":"product_cat-altres","7":"product_cat-otros","9":"first","10":"outofstock","11":"taxable","12":"shipping-taxable","13":"purchasable","14":"product-type-simple"},"acf":{"autor":"BALTHASAR, HANS URS VON","codart":"987213339","libros-coleccion":"","ediciones":"1","encuadernacion":"R\u00fastica","fecha_de_publicacion":"10\/07\/2015","novedad":"0","paginas":"109","subtitulo":"","orden":"999","portada":"0","idioma":"spa","editorial":[{"ID":147849,"post_author":"3","post_date":"2022-10-14 11:53:41","post_date_gmt":"2022-10-14 09:53:41","post_content":"","post_title":"EDICIONES SAN JUAN","post_excerpt":"","post_status":"publish","comment_status":"closed","ping_status":"closed","post_password":"","post_name":"ediciones-san-juan","to_ping":"","pinged":"","post_modified":"2022-10-14 11:53:41","post_modified_gmt":"2022-10-14 09:53:41","post_content_filtered":"","post_parent":0,"guid":"http:\/\/dev.claret.cat\/editorial\/ediciones-san-juan\/","menu_order":0,"post_type":"editorial","post_mime_type":"","comment_count":"0","filter":"raw"}],"autores-libros":[{"ID":157363,"post_author":"3","post_date":"2022-10-14 15:28:14","post_date_gmt":"2022-10-14 13:28:14","post_content":"","post_title":"HANS URS VON BALTHASAR","post_excerpt":"","post_status":"publish","comment_status":"closed","ping_status":"closed","post_password":"","post_name":"hans-urs-von-balthasar","to_ping":"","pinged":"","post_modified":"2022-10-14 15:28:14","post_modified_gmt":"2022-10-14 13:28:14","post_content_filtered":"","post_parent":0,"guid":"http:\/\/dev.claret.cat\/autor\/hans-urs-von-balthasar\/","menu_order":0,"post_type":"autor","post_mime_type":"","comment_count":"0","filter":"raw"}]},"aioseo_notices":[],"_links":{"self":[{"href":"https:\/\/www.claret.cat\/es\/wp-json\/wp\/v2\/product\/250572","targetHints":{"allow":["GET"]}}],"collection":[{"href":"https:\/\/www.claret.cat\/es\/wp-json\/wp\/v2\/product"}],"about":[{"href":"https:\/\/www.claret.cat\/es\/wp-json\/wp\/v2\/types\/product"}],"wp:featuredmedia":[{"embeddable":true,"href":"https:\/\/www.claret.cat\/es\/wp-json\/wp\/v2\/media\/1017267"}],"wp:attachment":[{"href":"https:\/\/www.claret.cat\/es\/wp-json\/wp\/v2\/media?parent=250572"}],"wp:term":[{"taxonomy":"product_brand","embeddable":true,"href":"https:\/\/www.claret.cat\/es\/wp-json\/wp\/v2\/product_brand?post=250572"},{"taxonomy":"product_cat","embeddable":true,"href":"https:\/\/www.claret.cat\/es\/wp-json\/wp\/v2\/product_cat?post=250572"},{"taxonomy":"product_tag","embeddable":true,"href":"https:\/\/www.claret.cat\/es\/wp-json\/wp\/v2\/product_tag?post=250572"}],"curies":[{"name":"wp","href":"https:\/\/api.w.org\/{rel}","templated":true}]}}