{"id":250770,"date":"2022-10-21T09:19:45","date_gmt":"2022-10-21T07:19:45","guid":{"rendered":"http:\/\/dev.claret.cat\/producte\/franquin-la-mascara\/"},"modified":"2023-01-28T20:38:56","modified_gmt":"2023-01-28T19:38:56","slug":"franquin-la-mascara-9788415850779","status":"publish","type":"product","link":"https:\/\/www.claret.cat\/es\/libro\/franquin-la-mascara-9788415850779\/","title":{"rendered":"FRANQUIN. LA M\u00c1SCARA"},"content":{"rendered":"<p>Tras haber perdido su trabajo en el peri\u00f3dico, Fantasio es acusado del robo de cincuenta relojes de oro y de la m\u00e1scara de oro de la reina Nefersisit. Spirou le ayudar\u00e1 a descubrir qu\u00e9 es lo que ha ocurrido y a demostrar su inocencia.<br \/> Franquin. La m\u00e1scara (1954) es una maravillosa edici\u00f3n de coleccionista donde se incluyen aclaraciones de las vi\u00f1etas, referencias hist\u00f3ricas, an\u00e9cdotas curiosas sobre los escenarios escogidos e, incluso, palabras del propio autor. Adem\u00e1s, cada una de las p\u00e1ginas est\u00e1 comentada por Hugues Dayez, periodista y cr\u00edtico cinematogr\u00e1fico belga especializado en el mundo del c\u00f3mic.<\/p>\n","protected":false},"excerpt":{"rendered":"<p>FRANQUIN, ANDR\u00c9 \/ DAYEZ, HUGUES<\/p>\n","protected":false},"featured_media":250771,"template":"","meta":{"_acf_changed":false,"om_disable_all_campaigns":false,"rs_blank_template":"","rs_page_bg_color":"","slide_template_v7":"","inline_featured_image":false,"_monsterinsights_skip_tracking":false,"_monsterinsights_sitenote_active":false,"_monsterinsights_sitenote_note":"","_monsterinsights_sitenote_category":0},"product_brand":[],"product_cat":[108],"product_tag":[],"class_list":{"0":"post-250770","1":"product","2":"type-product","3":"status-publish","4":"has-post-thumbnail","6":"product_cat-comic","8":"first","9":"instock","10":"taxable","11":"shipping-taxable","12":"purchasable","13":"product-type-simple"},"acf":{"autor":"FRANQUIN, ANDR\u00c9 \/ DAYEZ, HUGUES","codart":"841585077","libros-coleccion":"Spirou","ediciones":"1","encuadernacion":"Carton\u00e9","fecha_de_publicacion":"01\/07\/2015","novedad":"0","paginas":"112","subtitulo":"1954","orden":"0","portada":"0","idioma":"spa","editorial":[{"ID":147723,"post_author":"3","post_date":"2022-10-14 11:52:45","post_date_gmt":"2022-10-14 09:52:45","post_content":"","post_title":"DIBBUKS","post_excerpt":"","post_status":"publish","comment_status":"closed","ping_status":"closed","post_password":"","post_name":"dibbuks","to_ping":"","pinged":"","post_modified":"2022-10-14 11:52:45","post_modified_gmt":"2022-10-14 09:52:45","post_content_filtered":"","post_parent":0,"guid":"http:\/\/dev.claret.cat\/editorial\/dibbuks\/","menu_order":0,"post_type":"editorial","post_mime_type":"","comment_count":"0","filter":"raw"}],"autores-libros":[{"ID":150188,"post_author":"3","post_date":"2022-10-14 14:30:56","post_date_gmt":"2022-10-14 12:30:56","post_content":"","post_title":"ANDR\u00c9 FRANQUIN","post_excerpt":"","post_status":"publish","comment_status":"closed","ping_status":"closed","post_password":"","post_name":"andre-franquin","to_ping":"","pinged":"","post_modified":"2022-10-14 14:30:56","post_modified_gmt":"2022-10-14 12:30:56","post_content_filtered":"","post_parent":0,"guid":"http:\/\/dev.claret.cat\/autor\/andre-franquin\/","menu_order":0,"post_type":"autor","post_mime_type":"","comment_count":"0","filter":"raw"}]},"aioseo_notices":[],"_links":{"self":[{"href":"https:\/\/www.claret.cat\/es\/wp-json\/wp\/v2\/product\/250770","targetHints":{"allow":["GET"]}}],"collection":[{"href":"https:\/\/www.claret.cat\/es\/wp-json\/wp\/v2\/product"}],"about":[{"href":"https:\/\/www.claret.cat\/es\/wp-json\/wp\/v2\/types\/product"}],"wp:featuredmedia":[{"embeddable":true,"href":"https:\/\/www.claret.cat\/es\/wp-json\/wp\/v2\/media\/250771"}],"wp:attachment":[{"href":"https:\/\/www.claret.cat\/es\/wp-json\/wp\/v2\/media?parent=250770"}],"wp:term":[{"taxonomy":"product_brand","embeddable":true,"href":"https:\/\/www.claret.cat\/es\/wp-json\/wp\/v2\/product_brand?post=250770"},{"taxonomy":"product_cat","embeddable":true,"href":"https:\/\/www.claret.cat\/es\/wp-json\/wp\/v2\/product_cat?post=250770"},{"taxonomy":"product_tag","embeddable":true,"href":"https:\/\/www.claret.cat\/es\/wp-json\/wp\/v2\/product_tag?post=250770"}],"curies":[{"name":"wp","href":"https:\/\/api.w.org\/{rel}","templated":true}]}}