{"id":252038,"date":"2022-10-21T09:57:10","date_gmt":"2022-10-21T07:57:10","guid":{"rendered":"http:\/\/dev.claret.cat\/producte\/laberintia-2\/"},"modified":"2026-04-22T12:00:29","modified_gmt":"2026-04-22T10:00:29","slug":"laberintia-9788427137554","status":"publish","type":"product","link":"https:\/\/www.claret.cat\/es\/libro\/laberintia-9788427137554\/","title":{"rendered":"LABERINTIA"},"content":{"rendered":"<p>A finales de la Edad Media, un inquisidor recorre Europa en busca de indicios de una nueva herej\u00eda. El Papa le ha encomendado investigar y erradicar la proliferaci\u00f3n de laberintos en iglesias y catedrales como Chartres, Reims, Amiens y Auxerre. Seg\u00fan el Pont\u00edfice, se tratar\u00eda del resurgir de cultos paganos amparados en el mito de Teseo y el Minotauro, una doctrina incompatible con la fe cristiana. <br \/>En su viaje, el inquisidor se detiene en el monasterio de Santa Maria degli Angeli, dirigido por una abadesa poco convencional que rebatir\u00e1 con vehemencia sus argumentos defendiendo el valor de la sabidur\u00eda de los pensadores antiguos y su complementariedad con el cristianismo. <br \/>Buscando El peque\u00f1o laberinto, una pieza clave en su investigaci\u00f3n, el inquisidor tendr\u00e1 que asumir el desaf\u00edo de resolver complicados enigmas y afrontar acontecimientos inesperados. Todas estas experiencias le introducir\u00e1n en su propio laberinto personal, donde descubrir\u00e1 facetas desconocidas de s\u00ed mismo. En esta exploraci\u00f3n de su interioridad hallar\u00e1 el camino para encontrar la verdad que tanto ans\u00eda.<br \/>A trav\u00e9s de una novela de intriga ambientada en un monasterio medieval, Josep Ot\u00f3n nos presenta el laberinto como una met\u00e1fora de temas perennes como la b\u00fasqueda interior, el orden del universo y el sentido de la existencia.<\/p>\n","protected":false},"excerpt":{"rendered":"<p>OT\u00d3N, JOSEP<\/p>\n","protected":false},"featured_media":332133,"template":"","meta":{"_acf_changed":false,"om_disable_all_campaigns":false,"rs_blank_template":"","rs_page_bg_color":"","slide_template_v7":"","inline_featured_image":false,"_monsterinsights_skip_tracking":false,"_monsterinsights_sitenote_active":false,"_monsterinsights_sitenote_note":"","_monsterinsights_sitenote_category":0},"product_brand":[],"product_cat":[87,353],"product_tag":[],"class_list":{"0":"post-252038","1":"product","2":"type-product","3":"status-publish","4":"has-post-thumbnail","6":"product_cat-literatura","7":"product_cat-literatura-2_humanidades","9":"first","10":"instock","11":"taxable","12":"shipping-taxable","13":"purchasable","14":"product-type-simple"},"acf":{"autor":"OT\u00d3N, JOSEP","codart":"842713755","libros-coleccion":"","ediciones":"1","encuadernacion":"Carton\u00e9","fecha_de_publicacion":"07\/05\/2015","novedad":"0","paginas":"78","subtitulo":"","orden":"999","portada":"0","idioma":"spa","editorial":[{"ID":8258,"post_author":"3","post_date":"2022-09-30 09:21:32","post_date_gmt":"2022-09-30 07:21:32","post_content":"","post_title":"MENSAJERO","post_excerpt":"","post_status":"publish","comment_status":"closed","ping_status":"closed","post_password":"","post_name":"mensajero","to_ping":"","pinged":"","post_modified":"2022-09-30 09:21:32","post_modified_gmt":"2022-09-30 07:21:32","post_content_filtered":"","post_parent":0,"guid":"http:\/\/dev.claret.cat\/editorial\/mensajero\/","menu_order":0,"post_type":"editorial","post_mime_type":"","comment_count":"0","filter":"raw"}],"autores-libros":[{"ID":5668,"post_author":"3","post_date":"2022-07-28 17:28:55","post_date_gmt":"2022-07-28 15:28:55","post_content":"","post_title":"JOSEP OT\u00d3N","post_excerpt":"","post_status":"publish","comment_status":"closed","ping_status":"closed","post_password":"","post_name":"josep-oton","to_ping":"","pinged":"","post_modified":"2022-07-28 17:28:55","post_modified_gmt":"2022-07-28 15:28:55","post_content_filtered":"","post_parent":0,"guid":"http:\/\/dev.claret.cat\/autor\/josep-oton\/","menu_order":0,"post_type":"autor","post_mime_type":"","comment_count":"0","filter":"raw"}],"booktrailer":"","resenas":""},"aioseo_notices":[],"_links":{"self":[{"href":"https:\/\/www.claret.cat\/es\/wp-json\/wp\/v2\/product\/252038","targetHints":{"allow":["GET"]}}],"collection":[{"href":"https:\/\/www.claret.cat\/es\/wp-json\/wp\/v2\/product"}],"about":[{"href":"https:\/\/www.claret.cat\/es\/wp-json\/wp\/v2\/types\/product"}],"wp:featuredmedia":[{"embeddable":true,"href":"https:\/\/www.claret.cat\/es\/wp-json\/wp\/v2\/media\/332133"}],"wp:attachment":[{"href":"https:\/\/www.claret.cat\/es\/wp-json\/wp\/v2\/media?parent=252038"}],"wp:term":[{"taxonomy":"product_brand","embeddable":true,"href":"https:\/\/www.claret.cat\/es\/wp-json\/wp\/v2\/product_brand?post=252038"},{"taxonomy":"product_cat","embeddable":true,"href":"https:\/\/www.claret.cat\/es\/wp-json\/wp\/v2\/product_cat?post=252038"},{"taxonomy":"product_tag","embeddable":true,"href":"https:\/\/www.claret.cat\/es\/wp-json\/wp\/v2\/product_tag?post=252038"}],"curies":[{"name":"wp","href":"https:\/\/api.w.org\/{rel}","templated":true}]}}