{"id":252252,"date":"2022-10-21T10:03:12","date_gmt":"2022-10-21T08:03:12","guid":{"rendered":"http:\/\/dev.claret.cat\/producte\/justicia-auxiliar\/"},"modified":"2023-01-28T13:02:38","modified_gmt":"2023-01-28T12:02:38","slug":"justicia-auxiliar-9788466656887","status":"publish","type":"product","link":"https:\/\/www.claret.cat\/es\/libro\/justicia-auxiliar-9788466656887\/","title":{"rendered":"JUSTICIA AUXILIAR"},"content":{"rendered":"<p>LA DESLUMBRANTE \u00d3PERA PRIMA QUE HA GANADO TODOS LOS GRANDES PREMIOS DE LA CIENCIA FICCI\u00d3N: HUGO, NEBULA, ARTHUR C. CLARKE, LOCUS Y BSFA.<br \/> En un planeta helado y remoto, una soldado llamada Breq se est\u00e1 acercando al cumplimiento de su misi\u00f3n. En el pasado, Breq era Justicia de Toren, una crucero de batalla colosal con una inteligencia artificial que conectaba a miles de soldados que serv\u00edan al Radch, el imperio que hab\u00eda conquistado la galaxia. Ahora, un acto de traici\u00f3n la ha hecho pedazos y solo cuenta con un \u00fanico y fr\u00e1gil cuerpo humano, numerosas preguntas sin responder y un ardiente deseo de venganza.<br \/> \u00abUna novela poderosa.\u00bb <br \/> New York Times<br \/> \u00abEmocionante y conmovedora.\u00bb<br \/> The Guardian<br \/> \u00ab\u00c9xito asegurado, apasionante y con estilo.\u00bb <br \/> NPR Books<\/p>\n","protected":false},"excerpt":{"rendered":"<p>LECKIE, ANN<\/p>\n","protected":false},"featured_media":252253,"template":"","meta":{"_acf_changed":false,"om_disable_all_campaigns":false,"rs_blank_template":"","rs_page_bg_color":"","slide_template_v7":"","inline_featured_image":false,"_monsterinsights_skip_tracking":false,"_monsterinsights_sitenote_active":false,"_monsterinsights_sitenote_note":"","_monsterinsights_sitenote_category":0},"product_brand":[],"product_cat":[16],"product_tag":[],"class_list":{"0":"post-252252","1":"product","2":"type-product","3":"status-publish","4":"has-post-thumbnail","6":"product_cat-sense-categoria","8":"first","9":"instock","10":"taxable","11":"shipping-taxable","12":"purchasable","13":"product-type-simple"},"acf":{"autor":"LECKIE, ANN","codart":"846665688","libros-coleccion":"","ediciones":"1","encuadernacion":"R\u00fastica","fecha_de_publicacion":"01\/05\/2015","novedad":"0","paginas":"415","subtitulo":"","orden":"999","portada":"0","idioma":"spa"},"aioseo_notices":[],"_links":{"self":[{"href":"https:\/\/www.claret.cat\/es\/wp-json\/wp\/v2\/product\/252252","targetHints":{"allow":["GET"]}}],"collection":[{"href":"https:\/\/www.claret.cat\/es\/wp-json\/wp\/v2\/product"}],"about":[{"href":"https:\/\/www.claret.cat\/es\/wp-json\/wp\/v2\/types\/product"}],"wp:featuredmedia":[{"embeddable":true,"href":"https:\/\/www.claret.cat\/es\/wp-json\/wp\/v2\/media\/252253"}],"wp:attachment":[{"href":"https:\/\/www.claret.cat\/es\/wp-json\/wp\/v2\/media?parent=252252"}],"wp:term":[{"taxonomy":"product_brand","embeddable":true,"href":"https:\/\/www.claret.cat\/es\/wp-json\/wp\/v2\/product_brand?post=252252"},{"taxonomy":"product_cat","embeddable":true,"href":"https:\/\/www.claret.cat\/es\/wp-json\/wp\/v2\/product_cat?post=252252"},{"taxonomy":"product_tag","embeddable":true,"href":"https:\/\/www.claret.cat\/es\/wp-json\/wp\/v2\/product_tag?post=252252"}],"curies":[{"name":"wp","href":"https:\/\/api.w.org\/{rel}","templated":true}]}}