{"id":260218,"date":"2022-10-21T13:22:42","date_gmt":"2022-10-21T11:22:42","guid":{"rendered":"http:\/\/dev.claret.cat\/producte\/tornar-a-deu\/"},"modified":"2026-04-06T23:23:20","modified_gmt":"2026-04-06T21:23:20","slug":"tornar-a-deu-9788498468410","status":"publish","type":"product","link":"https:\/\/www.claret.cat\/es\/libro\/tornar-a-deu-9788498468410\/","title":{"rendered":"TORNAR A D\u00c9U"},"content":{"rendered":"<p>Aquest llibre vol ser una guia que ajudi a pregar amb els Evangelis del temps de Quaresma i fins a la Setmana Santa. Cada dia hi trobar\u00e0s un breu comentari de l\u2019Evangeli que ajudi a la preg\u00e0ria personal o comunit\u00e0ria. I al final, una proposta de rec\u00e9s que es pot fer individualment o en grup. Sant Ignasi deia que m\u00e9s important que llegir molt \u00e9s assaborir els continguts internament. Es tracta de passar de la din\u00e0mica del fer a la din\u00e0mica del deixar-se fer.<br \/>L\u2019espai Sagrat, d\u2019on s\u2019han tret aquests continguts, \u00e9s una web ideada pels jesu\u00eftes irlandesos i produ\u00efda a trav\u00e9s del Jesuit Comunication Centre. L\u2019any 2002 se\u2019n va iniciar la versi\u00f3 en catal\u00e0, a c\u00e0rrec dels Jesu\u00eftes de Catalunya. Actualment, Espai Sagrat compta amb 18 versions, entre elles l\u2019\u00e0rab i el xin\u00e8s. Com diu una de les frases que m\u00e9s ens agrada, \u00abQuan pregues no est\u00e0s sol. Formes part d\u2019una comunitat estesa per tot el m\u00f3n\u00bb. L\u2019Espai Sagrat tamb\u00e9 forma part de la web i el projecte pregaria.cat.<\/p>\n","protected":false},"excerpt":{"rendered":"<p>PREGARIA.CAT<\/p>\n","protected":false},"featured_media":386283,"template":"","meta":{"_acf_changed":false,"om_disable_all_campaigns":false,"rs_blank_template":"","rs_page_bg_color":"","slide_template_v7":"","inline_featured_image":false,"_monsterinsights_skip_tracking":false,"_monsterinsights_sitenote_active":false,"_monsterinsights_sitenote_note":"","_monsterinsights_sitenote_category":0},"product_brand":[],"product_cat":[90,581,540],"product_tag":[],"class_list":{"0":"post-260218","1":"product","2":"type-product","3":"status-publish","4":"has-post-thumbnail","6":"product_cat-altres","7":"product_cat-editorial-claret","8":"product_cat-otros","10":"first","11":"instock","12":"taxable","13":"shipping-taxable","14":"purchasable","15":"product-type-simple"},"acf":{"autor":"PREGARIA.CAT","codart":"849846841","libros-coleccion":"","ediciones":"1","encuadernacion":"R\u00fastica","fecha_de_publicacion":"24\/02\/2014","novedad":"0","paginas":"126","subtitulo":"RECURSOS DE PREG\u00c0RIA, QUARESMA-SETMANA SANTA","orden":"999","portada":"0","idioma":"cat","editorial":[{"ID":6158,"post_author":"3","post_date":"2022-07-28 17:46:08","post_date_gmt":"2022-07-28 15:46:08","post_content":"","post_title":"CLARET","post_excerpt":"","post_status":"publish","comment_status":"closed","ping_status":"closed","post_password":"","post_name":"claret","to_ping":"","pinged":"","post_modified":"2022-07-28 17:46:08","post_modified_gmt":"2022-07-28 15:46:08","post_content_filtered":"","post_parent":0,"guid":"http:\/\/dev.claret.cat\/editorial\/claret\/","menu_order":0,"post_type":"editorial","post_mime_type":"","comment_count":"0","filter":"raw"}],"autores-libros":[{"ID":271647,"post_author":"3","post_date":"2022-12-09 03:38:18","post_date_gmt":"2022-12-09 02:38:18","post_content":"","post_title":"PREGARIA.CAT","post_excerpt":"","post_status":"publish","comment_status":"closed","ping_status":"closed","post_password":"","post_name":"pregaria-cat","to_ping":"","pinged":"","post_modified":"2022-12-09 03:38:18","post_modified_gmt":"2022-12-09 02:38:18","post_content_filtered":"","post_parent":0,"guid":"http:\/\/dev.claret.cat\/autor\/pregaria-cat\/","menu_order":0,"post_type":"autor","post_mime_type":"","comment_count":"0","filter":"raw"}],"booktrailer":"","resenas":""},"aioseo_notices":[],"_links":{"self":[{"href":"https:\/\/www.claret.cat\/es\/wp-json\/wp\/v2\/product\/260218","targetHints":{"allow":["GET"]}}],"collection":[{"href":"https:\/\/www.claret.cat\/es\/wp-json\/wp\/v2\/product"}],"about":[{"href":"https:\/\/www.claret.cat\/es\/wp-json\/wp\/v2\/types\/product"}],"wp:featuredmedia":[{"embeddable":true,"href":"https:\/\/www.claret.cat\/es\/wp-json\/wp\/v2\/media\/386283"}],"wp:attachment":[{"href":"https:\/\/www.claret.cat\/es\/wp-json\/wp\/v2\/media?parent=260218"}],"wp:term":[{"taxonomy":"product_brand","embeddable":true,"href":"https:\/\/www.claret.cat\/es\/wp-json\/wp\/v2\/product_brand?post=260218"},{"taxonomy":"product_cat","embeddable":true,"href":"https:\/\/www.claret.cat\/es\/wp-json\/wp\/v2\/product_cat?post=260218"},{"taxonomy":"product_tag","embeddable":true,"href":"https:\/\/www.claret.cat\/es\/wp-json\/wp\/v2\/product_tag?post=260218"}],"curies":[{"name":"wp","href":"https:\/\/api.w.org\/{rel}","templated":true}]}}