{"id":264038,"date":"2022-12-01T11:27:34","date_gmt":"2022-12-01T10:27:34","guid":{"rendered":"http:\/\/dev.claret.cat\/producte\/marcos\/"},"modified":"2025-11-24T11:57:32","modified_gmt":"2025-11-24T10:57:32","slug":"marcos-9788490737675","status":"publish","type":"product","link":"https:\/\/www.claret.cat\/es\/libro\/marcos-9788490737675\/","title":{"rendered":"MARCOS"},"content":{"rendered":"<p><span>La gu\u00eda de lectura de Marcos es un comentario realizado con metodolog\u00eda narrativa con el que las lectoras y lectores se ver\u00e1n sorprendidos ante personajes y conflictos con los que a\u00fan en la actualidad resulta sencillo identificarse. Los creyentes encontrar\u00e1n un perfil intensamente humano del Jes\u00fas Hijo de Dios y los no creyentes conocer\u00e1n en \u00e9l aspectos de suma actualidad, junto con distintos an\u00e1lisis sociopol\u00edticos, liberadores, que se desprenden de muchos de los conflictos narrados en las escenas evang\u00e9licas. Esta gu\u00eda empieza con una introducci\u00f3n al evangelio y un apartado dedicado al pr\u00f3logo (1,1-15) que dan entrada a dos grandes partes (1,16-8,26 y 8,27-16,8). Tras cada una de las secuencias, se encuentra un apartado donde se orienta a lectoras, lectores y grupos de diversos niveles y tipos de trabajo, desde el acad\u00e9mico, hasta el pastoral, cultural, existencial y de g\u00e9nero. El m\u00e9todo escogido es el an\u00e1lisis narrativo ayudado por otros m\u00e9todos (hist\u00f3rico-cr\u00edtico, sociolog\u00eda, antropolog\u00eda cultural, etc.) y ante todo por sus resultados, imprescindibles para comprender un relato de tanta antig\u00fcedad.<\/span><\/p>\n","protected":false},"excerpt":{"rendered":"<p>NAVARRO PUERTO, MERCEDES<\/p>\n","protected":false},"featured_media":1067940,"template":"","meta":{"_acf_changed":false,"om_disable_all_campaigns":false,"rs_blank_template":"","rs_page_bg_color":"","slide_template_v7":"","inline_featured_image":false,"_monsterinsights_skip_tracking":false,"_monsterinsights_sitenote_active":false,"_monsterinsights_sitenote_note":"","_monsterinsights_sitenote_category":0},"product_brand":[],"product_cat":[464,203],"product_tag":[],"class_list":{"0":"post-264038","1":"product","2":"type-product","3":"status-publish","4":"has-post-thumbnail","6":"product_cat-sinopticos","7":"product_cat-sinoptics","9":"first","10":"instock","11":"taxable","12":"shipping-taxable","13":"purchasable","14":"product-type-simple"},"acf":{"autor":"NAVARRO PUERTO, MERCEDES","codart":"849073767","libros-coleccion":"","ediciones":"2","encuadernacion":"R\u00fastica","fecha_de_publicacion":"29\/11\/2022","novedad":"0","paginas":"626","subtitulo":"GU\u00cdAS DE LECTURA DEL NUEVO TESTAMENTO","orden":"0","portada":"0","idioma":"spa","editorial":[{"ID":6390,"post_author":"3","post_date":"2022-07-28 17:51:08","post_date_gmt":"2022-07-28 15:51:08","post_content":"","post_title":"VERBO DIVINO","post_excerpt":"","post_status":"publish","comment_status":"closed","ping_status":"closed","post_password":"","post_name":"verbo-divino","to_ping":"","pinged":"","post_modified":"2022-07-28 17:51:08","post_modified_gmt":"2022-07-28 15:51:08","post_content_filtered":"","post_parent":0,"guid":"http:\/\/dev.claret.cat\/editorial\/verbo-divino\/","menu_order":0,"post_type":"editorial","post_mime_type":"","comment_count":"0","filter":"raw"}],"autores-libros":[{"ID":164730,"post_author":"3","post_date":"2022-10-14 17:49:25","post_date_gmt":"2022-10-14 15:49:25","post_content":"","post_title":"MERCEDES NAVARRO PUERTO","post_excerpt":"","post_status":"publish","comment_status":"closed","ping_status":"closed","post_password":"","post_name":"mercedes-navarro-puerto","to_ping":"","pinged":"","post_modified":"2022-10-14 17:49:25","post_modified_gmt":"2022-10-14 15:49:25","post_content_filtered":"","post_parent":0,"guid":"http:\/\/dev.claret.cat\/autor\/mercedes-navarro-puerto\/","menu_order":0,"post_type":"autor","post_mime_type":"","comment_count":"0","filter":"raw"}],"booktrailer":"","resenas":""},"aioseo_notices":[],"_links":{"self":[{"href":"https:\/\/www.claret.cat\/es\/wp-json\/wp\/v2\/product\/264038","targetHints":{"allow":["GET"]}}],"collection":[{"href":"https:\/\/www.claret.cat\/es\/wp-json\/wp\/v2\/product"}],"about":[{"href":"https:\/\/www.claret.cat\/es\/wp-json\/wp\/v2\/types\/product"}],"wp:featuredmedia":[{"embeddable":true,"href":"https:\/\/www.claret.cat\/es\/wp-json\/wp\/v2\/media\/1067940"}],"wp:attachment":[{"href":"https:\/\/www.claret.cat\/es\/wp-json\/wp\/v2\/media?parent=264038"}],"wp:term":[{"taxonomy":"product_brand","embeddable":true,"href":"https:\/\/www.claret.cat\/es\/wp-json\/wp\/v2\/product_brand?post=264038"},{"taxonomy":"product_cat","embeddable":true,"href":"https:\/\/www.claret.cat\/es\/wp-json\/wp\/v2\/product_cat?post=264038"},{"taxonomy":"product_tag","embeddable":true,"href":"https:\/\/www.claret.cat\/es\/wp-json\/wp\/v2\/product_tag?post=264038"}],"curies":[{"name":"wp","href":"https:\/\/api.w.org\/{rel}","templated":true}]}}