{"id":264181,"date":"2022-12-01T11:31:19","date_gmt":"2022-12-01T10:31:19","guid":{"rendered":"http:\/\/dev.claret.cat\/producte\/yo-soy-egeria\/"},"modified":"2024-05-23T04:46:59","modified_gmt":"2024-05-23T02:46:59","slug":"yo-soy-egeria-9788490738474","status":"publish","type":"product","link":"https:\/\/www.claret.cat\/es\/libro\/yo-soy-egeria-9788490738474\/","title":{"rendered":"YO SOY EGERIA"},"content":{"rendered":"<p>Ilustraciones: Sole Pite Sanjurjo   Al hecho ya de por s\u00ed fascinante de un viaje a Tierra Santa en el siglo IV, se le a\u00f1aden en Yo soy Egeria las cualidades de su protagonista, una mujer de la por entonces provincia romana de Gallaecia, aguerrida, inteligente y prudente, que se mueve guiada por su deseo. Consciente de los l\u00edmites impuestos, recoge para sus compa\u00f1eras todo lo que va descubriendo, para mostrarnos la realidad eclesi\u00e1stica de su tiempo y poner en evidencia los cimientos de una Iglesia con grandes limitaciones para las mujeres, obst\u00e1culos que en algunos aspectos contin\u00faan presentes aun en nuestros d\u00edas.   Como arque\u00f3logas de la memoria, Marisa Vidal y Sole Pite nos ayudan a reconstruir la figura de Egeria, uno de los referentes femeninos de nuestra historia, al tiempo que nos ofrecen una lectura feminista de un viaje en el siglo IV.<\/p>\n","protected":false},"excerpt":{"rendered":"<p>VIDAL COLLAZO, MAR\u00cdA LUISA<\/p>\n","protected":false},"featured_media":453997,"template":"","meta":{"_acf_changed":false,"om_disable_all_campaigns":false,"rs_blank_template":"","rs_page_bg_color":"","slide_template_v7":"","inline_featured_image":false,"_monsterinsights_skip_tracking":false},"product_brand":[],"product_cat":[412,274],"product_tag":[],"class_list":["post-264181","product","type-product","status-publish","has-post-thumbnail","product_cat-estudios-sagrada-escritura","product_cat-estudis-sagrada-escriptura","first","instock","taxable","shipping-taxable","purchasable","product-type-simple"],"acf":{"autor":"VIDAL COLLAZO, MAR\u00cdA LUISA","codart":"849073847","libros-coleccion":"FORA DE COL.LECCI\u00d3","ediciones":"1","encuadernacion":"R\u00fastica","fecha_de_publicacion":"21\/11\/2022","novedad":"1","paginas":"128","subtitulo":"LECTURA FEMINISTA DE UN VIAJE EN EL SIGLO IV","orden":"0","portada":"0","idioma":"spa","editorial":[{"ID":6390,"post_author":"3","post_date":"2022-07-28 17:51:08","post_date_gmt":"2022-07-28 15:51:08","post_content":"","post_title":"VERBO DIVINO","post_excerpt":"","post_status":"publish","comment_status":"closed","ping_status":"closed","post_password":"","post_name":"verbo-divino","to_ping":"","pinged":"","post_modified":"2022-07-28 17:51:08","post_modified_gmt":"2022-07-28 15:51:08","post_content_filtered":"","post_parent":0,"guid":"http:\/\/dev.claret.cat\/editorial\/verbo-divino\/","menu_order":0,"post_type":"editorial","post_mime_type":"","comment_count":"0","filter":"raw"}],"autores-libros":[{"ID":263720,"post_author":"3","post_date":"2022-12-01 11:20:08","post_date_gmt":"2022-12-01 10:20:08","post_content":"","post_title":"MAR\u00cdA LUISA VIDAL COLLAZO","post_excerpt":"","post_status":"publish","comment_status":"closed","ping_status":"closed","post_password":"","post_name":"maria-luisa-vidal-collazo","to_ping":"","pinged":"","post_modified":"2022-12-01 11:20:08","post_modified_gmt":"2022-12-01 10:20:08","post_content_filtered":"","post_parent":0,"guid":"http:\/\/dev.claret.cat\/autor\/maria-luisa-vidal-collazo\/","menu_order":0,"post_type":"autor","post_mime_type":"","comment_count":"0","filter":"raw"}]},"aioseo_notices":[],"aioseo_head":"\n\t\t<!-- All in One SEO Pro 5.0.1.1 - aioseo.com -->\n\t<meta name=\"description\" content=\"YO SOY EGERIA de VIDAL COLLAZO, MAR\u00cdA LUISA disponible a\/en Llibreria Claret.\" \/>\n\t<meta name=\"robots\" content=\"max-image-preview:large\" \/>\n\t<meta name=\"google-site-verification\" content=\"xVtlFxJ-TfkIu-D-lt7XeLobefg5EIQiXTuqcSf8Rf0\" \/>\n\t<link rel=\"canonical\" href=\"https:\/\/www.claret.cat\/es\/libro\/yo-soy-egeria-9788490738474\/\" \/>\n\t<meta name=\"generator\" content=\"All in One SEO Pro (AIOSEO) 5.0.1.1\" \/>\n\t\t<meta property=\"og:locale\" content=\"es_ES\" \/>\n\t\t<meta property=\"og:site_name\" content=\"Llibreria Claret - Llibreria religiosa a Barcelona\" \/>\n\t\t<meta property=\"og:type\" content=\"article\" \/>\n\t\t<meta property=\"og:title\" content=\"YO SOY EGERIA - VIDAL COLLAZO, MAR\u00cdA LUISA 9788490738474 | Llibreria Claret\" \/>\n\t\t<meta property=\"og:description\" content=\"YO SOY EGERIA de VIDAL COLLAZO, MAR\u00cdA LUISA disponible a\/en Llibreria Claret.\" \/>\n\t\t<meta property=\"og:url\" content=\"https:\/\/www.claret.cat\/es\/libro\/yo-soy-egeria-9788490738474\/\" \/>\n\t\t<meta property=\"og:image\" content=\"https:\/\/dev.claret.cat\/wp-content\/uploads\/logo-claret.svg\" \/>\n\t\t<meta property=\"og:image:secure_url\" content=\"https:\/\/dev.claret.cat\/wp-content\/uploads\/logo-claret.svg\" \/>\n\t\t<meta property=\"article:published_time\" content=\"2022-12-01T10:31:19+00:00\" \/>\n\t\t<meta property=\"article:modified_time\" content=\"2024-05-23T02:46:59+00:00\" \/>\n\t\t<meta property=\"article:publisher\" content=\"https:\/\/www.facebook.com\/LlibreriaClaret\" \/>\n\t\t<meta name=\"twitter:card\" content=\"summary_large_image\" \/>\n\t\t<meta name=\"twitter:site\" content=\"@LlibreriaClaret\" \/>\n\t\t<meta name=\"twitter:title\" content=\"YO SOY EGERIA - VIDAL COLLAZO, MAR\u00cdA LUISA 9788490738474 | Llibreria Claret\" \/>\n\t\t<meta name=\"twitter:description\" content=\"YO SOY EGERIA de VIDAL COLLAZO, MAR\u00cdA LUISA disponible a\/en Llibreria Claret.\" \/>\n\t\t<meta name=\"twitter:image\" content=\"http:\/\/dev.claret.cat\/wp-content\/uploads\/logo-claret.svg\" \/>\n\t\t<script type=\"application\/ld+json\" class=\"aioseo-schema\">\n\t\t\t{\"@context\":\"https:\\\/\\\/schema.org\",\"@graph\":[{\"@type\":\"BreadcrumbList\",\"@id\":\"https:\\\/\\\/www.claret.cat\\\/es\\\/libro\\\/yo-soy-egeria-9788490738474\\\/#breadcrumblist\",\"itemListElement\":[{\"@type\":\"ListItem\",\"@id\":\"https:\\\/\\\/www.claret.cat\\\/es\\\/#listItem\",\"position\":1,\"name\":\"Home\",\"item\":\"https:\\\/\\\/www.claret.cat\\\/es\\\/\",\"nextItem\":{\"@type\":\"ListItem\",\"@id\":\"https:\\\/\\\/www.claret.cat\\\/?page_id=16#listItem\",\"name\":\"Botiga\"}},{\"@type\":\"ListItem\",\"@id\":\"https:\\\/\\\/www.claret.cat\\\/?page_id=16#listItem\",\"position\":2,\"name\":\"Botiga\",\"item\":\"https:\\\/\\\/www.claret.cat\\\/?page_id=16\",\"nextItem\":{\"@type\":\"ListItem\",\"@id\":\"https:\\\/\\\/www.claret.cat\\\/categoria-producto\\\/cat\\\/#listItem\",\"name\":\"CAT\"},\"previousItem\":{\"@type\":\"ListItem\",\"@id\":\"https:\\\/\\\/www.claret.cat\\\/es\\\/#listItem\",\"name\":\"Home\"}},{\"@type\":\"ListItem\",\"@id\":\"https:\\\/\\\/www.claret.cat\\\/categoria-producto\\\/cat\\\/#listItem\",\"position\":3,\"name\":\"CAT\",\"item\":\"https:\\\/\\\/www.claret.cat\\\/categoria-producto\\\/cat\\\/\",\"nextItem\":{\"@type\":\"ListItem\",\"@id\":\"https:\\\/\\\/www.claret.cat\\\/categoria-producto\\\/cat\\\/1_espiritualitat\\\/#listItem\",\"name\":\"Espiritualitat\"},\"previousItem\":{\"@type\":\"ListItem\",\"@id\":\"https:\\\/\\\/www.claret.cat\\\/?page_id=16#listItem\",\"name\":\"Botiga\"}},{\"@type\":\"ListItem\",\"@id\":\"https:\\\/\\\/www.claret.cat\\\/categoria-producto\\\/cat\\\/1_espiritualitat\\\/#listItem\",\"position\":4,\"name\":\"Espiritualitat\",\"item\":\"https:\\\/\\\/www.claret.cat\\\/categoria-producto\\\/cat\\\/1_espiritualitat\\\/\",\"nextItem\":{\"@type\":\"ListItem\",\"@id\":\"https:\\\/\\\/www.claret.cat\\\/categoria-producto\\\/cat\\\/1_espiritualitat\\\/teologia\\\/#listItem\",\"name\":\"Teologia\"},\"previousItem\":{\"@type\":\"ListItem\",\"@id\":\"https:\\\/\\\/www.claret.cat\\\/categoria-producto\\\/cat\\\/#listItem\",\"name\":\"CAT\"}},{\"@type\":\"ListItem\",\"@id\":\"https:\\\/\\\/www.claret.cat\\\/categoria-producto\\\/cat\\\/1_espiritualitat\\\/teologia\\\/#listItem\",\"position\":5,\"name\":\"Teologia\",\"item\":\"https:\\\/\\\/www.claret.cat\\\/categoria-producto\\\/cat\\\/1_espiritualitat\\\/teologia\\\/\",\"nextItem\":{\"@type\":\"ListItem\",\"@id\":\"https:\\\/\\\/www.claret.cat\\\/categoria-producto\\\/cat\\\/1_espiritualitat\\\/teologia\\\/estudis-sagrada-escriptura\\\/#listItem\",\"name\":\"Estudis Sagrada Escriptura\"},\"previousItem\":{\"@type\":\"ListItem\",\"@id\":\"https:\\\/\\\/www.claret.cat\\\/categoria-producto\\\/cat\\\/1_espiritualitat\\\/#listItem\",\"name\":\"Espiritualitat\"}},{\"@type\":\"ListItem\",\"@id\":\"https:\\\/\\\/www.claret.cat\\\/categoria-producto\\\/cat\\\/1_espiritualitat\\\/teologia\\\/estudis-sagrada-escriptura\\\/#listItem\",\"position\":6,\"name\":\"Estudis Sagrada Escriptura\",\"item\":\"https:\\\/\\\/www.claret.cat\\\/categoria-producto\\\/cat\\\/1_espiritualitat\\\/teologia\\\/estudis-sagrada-escriptura\\\/\",\"nextItem\":{\"@type\":\"ListItem\",\"@id\":\"https:\\\/\\\/www.claret.cat\\\/es\\\/libro\\\/yo-soy-egeria-9788490738474\\\/#listItem\",\"name\":\"YO SOY EGERIA\"},\"previousItem\":{\"@type\":\"ListItem\",\"@id\":\"https:\\\/\\\/www.claret.cat\\\/categoria-producto\\\/cat\\\/1_espiritualitat\\\/teologia\\\/#listItem\",\"name\":\"Teologia\"}},{\"@type\":\"ListItem\",\"@id\":\"https:\\\/\\\/www.claret.cat\\\/es\\\/libro\\\/yo-soy-egeria-9788490738474\\\/#listItem\",\"position\":7,\"name\":\"YO SOY EGERIA\",\"previousItem\":{\"@type\":\"ListItem\",\"@id\":\"https:\\\/\\\/www.claret.cat\\\/categoria-producto\\\/cat\\\/1_espiritualitat\\\/teologia\\\/estudis-sagrada-escriptura\\\/#listItem\",\"name\":\"Estudis Sagrada Escriptura\"}}]},{\"@type\":\"ItemPage\",\"@id\":\"https:\\\/\\\/www.claret.cat\\\/es\\\/libro\\\/yo-soy-egeria-9788490738474\\\/#itempage\",\"url\":\"https:\\\/\\\/www.claret.cat\\\/es\\\/libro\\\/yo-soy-egeria-9788490738474\\\/\",\"name\":\"YO SOY EGERIA - VIDAL COLLAZO, MAR\\u00cdA LUISA 9788490738474 | Llibreria Claret\",\"description\":\"YO SOY EGERIA de VIDAL COLLAZO, MAR\\u00cdA LUISA disponible a\\\/en Llibreria Claret.\",\"inLanguage\":\"es-ES\",\"isPartOf\":{\"@id\":\"https:\\\/\\\/www.claret.cat\\\/es\\\/#website\"},\"breadcrumb\":{\"@id\":\"https:\\\/\\\/www.claret.cat\\\/es\\\/libro\\\/yo-soy-egeria-9788490738474\\\/#breadcrumblist\"},\"image\":{\"@type\":\"ImageObject\",\"url\":\"https:\\\/\\\/www.claret.cat\\\/wp-content\\\/uploads\\\/.\\\/9788490738474-4.jpg\",\"@id\":\"https:\\\/\\\/www.claret.cat\\\/es\\\/libro\\\/yo-soy-egeria-9788490738474\\\/#mainImage\",\"width\":380,\"height\":586,\"caption\":\"9788490738474.jpg\"},\"primaryImageOfPage\":{\"@id\":\"https:\\\/\\\/www.claret.cat\\\/es\\\/libro\\\/yo-soy-egeria-9788490738474\\\/#mainImage\"},\"datePublished\":\"2022-12-01T11:31:19+01:00\",\"dateModified\":\"2024-05-23T04:46:59+02:00\"},{\"@type\":\"Organization\",\"@id\":\"https:\\\/\\\/www.claret.cat\\\/es\\\/#organization\",\"name\":\"Llibreria Claret\",\"description\":\"Llibreria religiosa a Barcelona\",\"url\":\"https:\\\/\\\/www.claret.cat\\\/es\\\/\",\"email\":\"comunicacio@claret.cat\",\"telephone\":\"+34933010887\",\"logo\":{\"@type\":\"ImageObject\",\"url\":\"https:\\\/\\\/www.claret.cat\\\/wp-content\\\/uploads\\\/.\\\/logo-claret-es.png\",\"@id\":\"https:\\\/\\\/www.claret.cat\\\/es\\\/libro\\\/yo-soy-egeria-9788490738474\\\/#organizationLogo\",\"width\":195,\"height\":79},\"image\":{\"@id\":\"https:\\\/\\\/www.claret.cat\\\/es\\\/libro\\\/yo-soy-egeria-9788490738474\\\/#organizationLogo\"},\"sameAs\":[\"https:\\\/\\\/www.facebook.com\\\/LlibreriaClaret\",\"https:\\\/\\\/twitter.com\\\/LlibreriaClaret\",\"https:\\\/\\\/www.instagram.com\\\/llibreriaclaret\\\/\",\"https:\\\/\\\/www.tiktok.com\\\/@llibreriaclaret\",\"https:\\\/\\\/www.youtube.com\\\/@llibreriaclaret\",\"https:\\\/\\\/ca.wikipedia.org\\\/wiki\\\/Editorial_Claret\"]},{\"@type\":\"WebPage\",\"@id\":\"https:\\\/\\\/www.claret.cat\\\/es\\\/libro\\\/yo-soy-egeria-9788490738474\\\/#webpage\",\"url\":\"https:\\\/\\\/www.claret.cat\\\/es\\\/libro\\\/yo-soy-egeria-9788490738474\\\/\",\"name\":\"YO SOY EGERIA - VIDAL COLLAZO, MAR\\u00cdA LUISA 9788490738474 | Llibreria Claret\",\"description\":\"YO SOY EGERIA de VIDAL COLLAZO, MAR\\u00cdA LUISA disponible a\\\/en Llibreria Claret.\",\"inLanguage\":\"es-ES\",\"isPartOf\":{\"@id\":\"https:\\\/\\\/www.claret.cat\\\/es\\\/#website\"},\"breadcrumb\":{\"@id\":\"https:\\\/\\\/www.claret.cat\\\/es\\\/libro\\\/yo-soy-egeria-9788490738474\\\/#breadcrumblist\"},\"image\":{\"@type\":\"ImageObject\",\"url\":\"https:\\\/\\\/www.claret.cat\\\/wp-content\\\/uploads\\\/.\\\/9788490738474-4.jpg\",\"@id\":\"https:\\\/\\\/www.claret.cat\\\/es\\\/libro\\\/yo-soy-egeria-9788490738474\\\/#mainImage\",\"width\":380,\"height\":586,\"caption\":\"9788490738474.jpg\"},\"primaryImageOfPage\":{\"@id\":\"https:\\\/\\\/www.claret.cat\\\/es\\\/libro\\\/yo-soy-egeria-9788490738474\\\/#mainImage\"},\"datePublished\":\"2022-12-01T11:31:19+01:00\",\"dateModified\":\"2024-05-23T04:46:59+02:00\"},{\"@type\":\"WebSite\",\"@id\":\"https:\\\/\\\/www.claret.cat\\\/es\\\/#website\",\"url\":\"https:\\\/\\\/www.claret.cat\\\/es\\\/\",\"name\":\"Llibreria Claret Barcelona\",\"alternateName\":\"Llibreria Claret\",\"description\":\"Llibreria religiosa a Barcelona\",\"inLanguage\":\"es-ES\",\"publisher\":{\"@id\":\"https:\\\/\\\/www.claret.cat\\\/es\\\/#organization\"}}]}\n\t\t<\/script>\n\t\t<!-- All in One SEO Pro -->\r\n\t\t<title>YO SOY EGERIA - VIDAL COLLAZO, MAR\u00cdA LUISA 9788490738474 | Llibreria Claret<\/title>\n\n","aioseo_head_json":{"title":"YO SOY EGERIA - VIDAL COLLAZO, MAR\u00cdA LUISA 9788490738474 | Llibreria Claret","description":"YO SOY EGERIA de VIDAL COLLAZO, MAR\u00cdA LUISA disponible a\/en Llibreria Claret.","canonical_url":"https:\/\/www.claret.cat\/es\/libro\/yo-soy-egeria-9788490738474\/","robots":"max-image-preview:large","keywords":"","webmasterTools":{"google-site-verification":"xVtlFxJ-TfkIu-D-lt7XeLobefg5EIQiXTuqcSf8Rf0","miscellaneous":""},"schema":{"@context":"https:\/\/schema.org","@graph":[{"@type":"BreadcrumbList","@id":"https:\/\/www.claret.cat\/es\/libro\/yo-soy-egeria-9788490738474\/#breadcrumblist","itemListElement":[{"@type":"ListItem","@id":"https:\/\/www.claret.cat\/es\/#listItem","position":1,"name":"Home","item":"https:\/\/www.claret.cat\/es\/","nextItem":{"@type":"ListItem","@id":"https:\/\/www.claret.cat\/?page_id=16#listItem","name":"Botiga"}},{"@type":"ListItem","@id":"https:\/\/www.claret.cat\/?page_id=16#listItem","position":2,"name":"Botiga","item":"https:\/\/www.claret.cat\/?page_id=16","nextItem":{"@type":"ListItem","@id":"https:\/\/www.claret.cat\/categoria-producto\/cat\/#listItem","name":"CAT"},"previousItem":{"@type":"ListItem","@id":"https:\/\/www.claret.cat\/es\/#listItem","name":"Home"}},{"@type":"ListItem","@id":"https:\/\/www.claret.cat\/categoria-producto\/cat\/#listItem","position":3,"name":"CAT","item":"https:\/\/www.claret.cat\/categoria-producto\/cat\/","nextItem":{"@type":"ListItem","@id":"https:\/\/www.claret.cat\/categoria-producto\/cat\/1_espiritualitat\/#listItem","name":"Espiritualitat"},"previousItem":{"@type":"ListItem","@id":"https:\/\/www.claret.cat\/?page_id=16#listItem","name":"Botiga"}},{"@type":"ListItem","@id":"https:\/\/www.claret.cat\/categoria-producto\/cat\/1_espiritualitat\/#listItem","position":4,"name":"Espiritualitat","item":"https:\/\/www.claret.cat\/categoria-producto\/cat\/1_espiritualitat\/","nextItem":{"@type":"ListItem","@id":"https:\/\/www.claret.cat\/categoria-producto\/cat\/1_espiritualitat\/teologia\/#listItem","name":"Teologia"},"previousItem":{"@type":"ListItem","@id":"https:\/\/www.claret.cat\/categoria-producto\/cat\/#listItem","name":"CAT"}},{"@type":"ListItem","@id":"https:\/\/www.claret.cat\/categoria-producto\/cat\/1_espiritualitat\/teologia\/#listItem","position":5,"name":"Teologia","item":"https:\/\/www.claret.cat\/categoria-producto\/cat\/1_espiritualitat\/teologia\/","nextItem":{"@type":"ListItem","@id":"https:\/\/www.claret.cat\/categoria-producto\/cat\/1_espiritualitat\/teologia\/estudis-sagrada-escriptura\/#listItem","name":"Estudis Sagrada Escriptura"},"previousItem":{"@type":"ListItem","@id":"https:\/\/www.claret.cat\/categoria-producto\/cat\/1_espiritualitat\/#listItem","name":"Espiritualitat"}},{"@type":"ListItem","@id":"https:\/\/www.claret.cat\/categoria-producto\/cat\/1_espiritualitat\/teologia\/estudis-sagrada-escriptura\/#listItem","position":6,"name":"Estudis Sagrada Escriptura","item":"https:\/\/www.claret.cat\/categoria-producto\/cat\/1_espiritualitat\/teologia\/estudis-sagrada-escriptura\/","nextItem":{"@type":"ListItem","@id":"https:\/\/www.claret.cat\/es\/libro\/yo-soy-egeria-9788490738474\/#listItem","name":"YO SOY EGERIA"},"previousItem":{"@type":"ListItem","@id":"https:\/\/www.claret.cat\/categoria-producto\/cat\/1_espiritualitat\/teologia\/#listItem","name":"Teologia"}},{"@type":"ListItem","@id":"https:\/\/www.claret.cat\/es\/libro\/yo-soy-egeria-9788490738474\/#listItem","position":7,"name":"YO SOY EGERIA","previousItem":{"@type":"ListItem","@id":"https:\/\/www.claret.cat\/categoria-producto\/cat\/1_espiritualitat\/teologia\/estudis-sagrada-escriptura\/#listItem","name":"Estudis Sagrada Escriptura"}}]},{"@type":"ItemPage","@id":"https:\/\/www.claret.cat\/es\/libro\/yo-soy-egeria-9788490738474\/#itempage","url":"https:\/\/www.claret.cat\/es\/libro\/yo-soy-egeria-9788490738474\/","name":"YO SOY EGERIA - VIDAL COLLAZO, MAR\u00cdA LUISA 9788490738474 | Llibreria Claret","description":"YO SOY EGERIA de VIDAL COLLAZO, MAR\u00cdA LUISA disponible a\/en Llibreria Claret.","inLanguage":"es-ES","isPartOf":{"@id":"https:\/\/www.claret.cat\/es\/#website"},"breadcrumb":{"@id":"https:\/\/www.claret.cat\/es\/libro\/yo-soy-egeria-9788490738474\/#breadcrumblist"},"image":{"@type":"ImageObject","url":"https:\/\/www.claret.cat\/wp-content\/uploads\/.\/9788490738474-4.jpg","@id":"https:\/\/www.claret.cat\/es\/libro\/yo-soy-egeria-9788490738474\/#mainImage","width":380,"height":586,"caption":"9788490738474.jpg"},"primaryImageOfPage":{"@id":"https:\/\/www.claret.cat\/es\/libro\/yo-soy-egeria-9788490738474\/#mainImage"},"datePublished":"2022-12-01T11:31:19+01:00","dateModified":"2024-05-23T04:46:59+02:00"},{"@type":"Organization","@id":"https:\/\/www.claret.cat\/es\/#organization","name":"Llibreria Claret","description":"Llibreria religiosa a Barcelona","url":"https:\/\/www.claret.cat\/es\/","email":"comunicacio@claret.cat","telephone":"+34933010887","logo":{"@type":"ImageObject","url":"https:\/\/www.claret.cat\/wp-content\/uploads\/.\/logo-claret-es.png","@id":"https:\/\/www.claret.cat\/es\/libro\/yo-soy-egeria-9788490738474\/#organizationLogo","width":195,"height":79},"image":{"@id":"https:\/\/www.claret.cat\/es\/libro\/yo-soy-egeria-9788490738474\/#organizationLogo"},"sameAs":["https:\/\/www.facebook.com\/LlibreriaClaret","https:\/\/twitter.com\/LlibreriaClaret","https:\/\/www.instagram.com\/llibreriaclaret\/","https:\/\/www.tiktok.com\/@llibreriaclaret","https:\/\/www.youtube.com\/@llibreriaclaret","https:\/\/ca.wikipedia.org\/wiki\/Editorial_Claret"]},{"@type":"WebPage","@id":"https:\/\/www.claret.cat\/es\/libro\/yo-soy-egeria-9788490738474\/#webpage","url":"https:\/\/www.claret.cat\/es\/libro\/yo-soy-egeria-9788490738474\/","name":"YO SOY EGERIA - VIDAL COLLAZO, MAR\u00cdA LUISA 9788490738474 | Llibreria Claret","description":"YO SOY EGERIA de VIDAL COLLAZO, MAR\u00cdA LUISA disponible a\/en Llibreria Claret.","inLanguage":"es-ES","isPartOf":{"@id":"https:\/\/www.claret.cat\/es\/#website"},"breadcrumb":{"@id":"https:\/\/www.claret.cat\/es\/libro\/yo-soy-egeria-9788490738474\/#breadcrumblist"},"image":{"@type":"ImageObject","url":"https:\/\/www.claret.cat\/wp-content\/uploads\/.\/9788490738474-4.jpg","@id":"https:\/\/www.claret.cat\/es\/libro\/yo-soy-egeria-9788490738474\/#mainImage","width":380,"height":586,"caption":"9788490738474.jpg"},"primaryImageOfPage":{"@id":"https:\/\/www.claret.cat\/es\/libro\/yo-soy-egeria-9788490738474\/#mainImage"},"datePublished":"2022-12-01T11:31:19+01:00","dateModified":"2024-05-23T04:46:59+02:00"},{"@type":"WebSite","@id":"https:\/\/www.claret.cat\/es\/#website","url":"https:\/\/www.claret.cat\/es\/","name":"Llibreria Claret Barcelona","alternateName":"Llibreria Claret","description":"Llibreria religiosa a Barcelona","inLanguage":"es-ES","publisher":{"@id":"https:\/\/www.claret.cat\/es\/#organization"}}]},"og:locale":"es_ES","og:site_name":"Llibreria Claret - Llibreria religiosa a Barcelona","og:type":"article","og:title":"YO SOY EGERIA - VIDAL COLLAZO, MAR\u00cdA LUISA 9788490738474 | Llibreria Claret","og:description":"YO SOY EGERIA de VIDAL COLLAZO, MAR\u00cdA LUISA disponible a\/en Llibreria Claret.","og:url":"https:\/\/www.claret.cat\/es\/libro\/yo-soy-egeria-9788490738474\/","og:image":"https:\/\/dev.claret.cat\/wp-content\/uploads\/logo-claret.svg","og:image:secure_url":"https:\/\/dev.claret.cat\/wp-content\/uploads\/logo-claret.svg","article:published_time":"2022-12-01T10:31:19+00:00","article:modified_time":"2024-05-23T02:46:59+00:00","article:publisher":"https:\/\/www.facebook.com\/LlibreriaClaret","twitter:card":"summary_large_image","twitter:site":"@LlibreriaClaret","twitter:title":"YO SOY EGERIA - VIDAL COLLAZO, MAR\u00cdA LUISA 9788490738474 | Llibreria Claret","twitter:description":"YO SOY EGERIA de VIDAL COLLAZO, MAR\u00cdA LUISA disponible a\/en Llibreria Claret.","twitter:image":"http:\/\/dev.claret.cat\/wp-content\/uploads\/logo-claret.svg"},"aioseo_meta_data":{"post_id":"264181","title":null,"description":null,"keywords":null,"keyphrases":null,"primary_term":null,"canonical_url":null,"og_title":null,"og_description":null,"og_object_type":"default","og_image_type":"default","og_image_url":null,"og_image_width":null,"og_image_height":null,"og_image_custom_url":null,"og_image_custom_fields":null,"og_video":null,"og_custom_url":null,"og_article_section":null,"og_article_tags":null,"twitter_use_og":false,"twitter_card":"default","twitter_image_type":"default","twitter_image_url":null,"twitter_image_custom_url":null,"twitter_image_custom_fields":null,"twitter_title":null,"twitter_description":null,"schema":{"blockGraphs":[],"customGraphs":[],"default":{"data":{"Article":[],"Course":[],"Dataset":[],"FAQPage":[],"Movie":[],"Person":[],"Product":[],"ProductReview":[],"Car":[],"Recipe":[],"Service":[],"SoftwareApplication":[],"WebPage":[]},"graphName":"","isEnabled":true},"graphs":[]},"schema_type":"default","schema_type_options":null,"pillar_content":false,"robots_default":true,"robots_noindex":false,"robots_noarchive":false,"robots_nosnippet":false,"robots_nofollow":false,"robots_noimageindex":false,"robots_noodp":false,"robots_notranslate":false,"robots_max_snippet":null,"robots_max_videopreview":null,"robots_max_imagepreview":"large","priority":null,"frequency":null,"local_seo":null,"seo_analyzer_scan_date":"2025-11-19 20:30:27","breadcrumb_settings":null,"limit_modified_date":false,"open_ai":null,"ai":null,"created":"2022-12-22 12:42:36","updated":"2025-11-19 20:30:27","focus_keyword":null,"additional_keywords":null,"truseo_locale":null},"aioseo_breadcrumb":"<div class=\"aioseo-breadcrumbs\"><span class=\"aioseo-breadcrumb\">\n\t<a href=\"https:\/\/www.claret.cat\/es\/\" title=\"Home\">Home<\/a>\n<\/span><span class=\"aioseo-breadcrumb-separator\">&raquo;<\/span><span class=\"aioseo-breadcrumb\">\n\t<a href=\"https:\/\/www.claret.cat\/?page_id=16\" title=\"Botiga\">Botiga<\/a>\n<\/span><span class=\"aioseo-breadcrumb-separator\">&raquo;<\/span><span class=\"aioseo-breadcrumb\">\n\t<a href=\"https:\/\/www.claret.cat\/categoria-producto\/cat\/\" title=\"CAT\">CAT<\/a>\n<\/span><span class=\"aioseo-breadcrumb-separator\">&raquo;<\/span><span class=\"aioseo-breadcrumb\">\n\t<a href=\"https:\/\/www.claret.cat\/categoria-producto\/cat\/1_espiritualitat\/\" title=\"Espiritualitat\">Espiritualitat<\/a>\n<\/span><span class=\"aioseo-breadcrumb-separator\">&raquo;<\/span><span class=\"aioseo-breadcrumb\">\n\t<a href=\"https:\/\/www.claret.cat\/categoria-producto\/cat\/1_espiritualitat\/teologia\/\" title=\"Teologia\">Teologia<\/a>\n<\/span><span class=\"aioseo-breadcrumb-separator\">&raquo;<\/span><span class=\"aioseo-breadcrumb\">\n\t<a href=\"https:\/\/www.claret.cat\/categoria-producto\/cat\/1_espiritualitat\/teologia\/estudis-sagrada-escriptura\/\" title=\"Estudis Sagrada Escriptura\">Estudis Sagrada Escriptura<\/a>\n<\/span><span class=\"aioseo-breadcrumb-separator\">&raquo;<\/span><span class=\"aioseo-breadcrumb\">\n\tYO SOY EGERIA\n<\/span><\/div>","aioseo_breadcrumb_json":[{"label":"Home","link":"https:\/\/www.claret.cat\/es\/"},{"label":"Botiga","link":"https:\/\/www.claret.cat\/?page_id=16"},{"label":"CAT","link":"https:\/\/www.claret.cat\/categoria-producto\/cat\/"},{"label":"Espiritualitat","link":"https:\/\/www.claret.cat\/categoria-producto\/cat\/1_espiritualitat\/"},{"label":"Teologia","link":"https:\/\/www.claret.cat\/categoria-producto\/cat\/1_espiritualitat\/teologia\/"},{"label":"Estudis Sagrada Escriptura","link":"https:\/\/www.claret.cat\/categoria-producto\/cat\/1_espiritualitat\/teologia\/estudis-sagrada-escriptura\/"},{"label":"YO SOY EGERIA","link":"https:\/\/www.claret.cat\/es\/libro\/yo-soy-egeria-9788490738474\/"}],"_links":{"self":[{"href":"https:\/\/www.claret.cat\/es\/wp-json\/wp\/v2\/product\/264181","targetHints":{"allow":["GET"]}}],"collection":[{"href":"https:\/\/www.claret.cat\/es\/wp-json\/wp\/v2\/product"}],"about":[{"href":"https:\/\/www.claret.cat\/es\/wp-json\/wp\/v2\/types\/product"}],"wp:featuredmedia":[{"embeddable":true,"href":"https:\/\/www.claret.cat\/es\/wp-json\/wp\/v2\/media\/453997"}],"wp:attachment":[{"href":"https:\/\/www.claret.cat\/es\/wp-json\/wp\/v2\/media?parent=264181"}],"wp:term":[{"taxonomy":"product_brand","embeddable":true,"href":"https:\/\/www.claret.cat\/es\/wp-json\/wp\/v2\/product_brand?post=264181"},{"taxonomy":"product_cat","embeddable":true,"href":"https:\/\/www.claret.cat\/es\/wp-json\/wp\/v2\/product_cat?post=264181"},{"taxonomy":"product_tag","embeddable":true,"href":"https:\/\/www.claret.cat\/es\/wp-json\/wp\/v2\/product_tag?post=264181"}],"curies":[{"name":"wp","href":"https:\/\/api.w.org\/{rel}","templated":true}]}}