{"id":264423,"date":"2022-12-01T11:37:38","date_gmt":"2022-12-01T10:37:38","guid":{"rendered":"http:\/\/dev.claret.cat\/producte\/eres-ungido-como-jesus\/"},"modified":"2026-03-24T11:00:28","modified_gmt":"2026-03-24T10:00:28","slug":"eres-ungido-como-jesus-9788412090093","status":"publish","type":"product","link":"https:\/\/www.claret.cat\/es\/libro\/eres-ungido-como-jesus-9788412090093\/","title":{"rendered":"ERES UNGIDO COMO JES\u00daS"},"content":{"rendered":"<p>\u00bfEstamos dispuestos a cambiar nuestra imagen de Jes\u00fas?<\/p>\n<p>Puede ayudarnos a pensar la propuesta del forense brit\u00e1nico Richard Neave. El arque\u00f3logo Joe Zygas eligi\u00f3 un cr\u00e1neo entre los muchos hallados en un cementerio del siglo I de nuestra era. Zygas escogi\u00f3 el m\u00e1s representativo de un vecino de la \u00e9poca. Utilizando una t\u00e9cnica habitual para reconstruir rostros desfigurados, Neave, de la Universidad de Manchester, obtuvo la forma de las cejas, la nariz y la mand\u00edbula. El pelo, la barba y el color de la piel se a\u00f1adieron bas\u00e1ndose en las caras de Cristo pintadas en frescos del siglo III conservados en Siria e Irak.<\/p>\n<p>Una diferencia muy sugerente en contraste con los retratos de nuestro imaginario colectivo, como por ejemplo el Pantocr\u00e1tor de Ta\u00fcll. Si ha ocurrido esto a nivel gr\u00e1fico, \u00bfqu\u00e9 no habr\u00e1 sucedido en el \u00e1mbito del mensaje y las creencias?<\/p>\n<p>Sus seguidores saltaron de Jes\u00fas a Cristo. Nosotros regresamos a Jes\u00fas, para poder vivir lo que \u00e9l vivi\u00f3. Y llegar a ser Cristo como \u00e9l.<\/p>\n<p>Este libro quiere ser una peque\u00f1a ayuda para descubrir que eres Ungido, Xrist\u00f3s, como Jes\u00fas.<\/p>\n","protected":false},"excerpt":{"rendered":"<p>RODR\u00cdGUEZ ROBLES, FRAY MARCOS<\/p>\n","protected":false},"featured_media":1092031,"template":"","meta":{"_acf_changed":false,"om_disable_all_campaigns":false,"rs_blank_template":"","rs_page_bg_color":"","slide_template_v7":"","inline_featured_image":false,"_monsterinsights_skip_tracking":false,"_monsterinsights_sitenote_active":false,"_monsterinsights_sitenote_note":"","_monsterinsights_sitenote_category":0},"product_brand":[],"product_cat":[485,232,487,234],"product_tag":[],"class_list":{"0":"post-264423","1":"product","2":"type-product","3":"status-publish","4":"has-post-thumbnail","6":"product_cat-autores-espiritualidad-1_espiritualidad","7":"product_cat-autors-espiritualitat","8":"product_cat-cristocentrica-espiritualidad-1_espiritualidad","9":"product_cat-cristocentrica","11":"first","12":"instock","13":"taxable","14":"shipping-taxable","15":"purchasable","16":"product-type-simple"},"acf":{"autor":"RODR\u00cdGUEZ ROBLES, FRAY MARCOS","codart":"841209009","libros-coleccion":"","ediciones":"1","encuadernacion":"R\u00fastica","fecha_de_publicacion":"10\/11\/2022","novedad":"1","paginas":"264","subtitulo":"","orden":"0","portada":"0","idioma":"spa","editorial":[{"ID":148139,"post_author":"3","post_date":"2022-10-14 11:55:56","post_date_gmt":"2022-10-14 09:55:56","post_content":"","post_title":"FE ADULTA, EDICIONES","post_excerpt":"","post_status":"publish","comment_status":"closed","ping_status":"closed","post_password":"","post_name":"fe-adulta-ediciones","to_ping":"","pinged":"","post_modified":"2022-10-14 11:55:56","post_modified_gmt":"2022-10-14 09:55:56","post_content_filtered":"","post_parent":0,"guid":"http:\/\/dev.claret.cat\/editorial\/fe-adulta-ediciones\/","menu_order":0,"post_type":"editorial","post_mime_type":"","comment_count":"0","filter":"raw"}],"autores-libros":[{"ID":5496,"post_author":"3","post_date":"2022-07-28 17:25:14","post_date_gmt":"2022-07-28 15:25:14","post_content":"","post_title":"FRAY MARCOS","post_excerpt":"","post_status":"publish","comment_status":"closed","ping_status":"closed","post_password":"","post_name":"fray-marcos","to_ping":"","pinged":"","post_modified":"2022-07-28 17:25:14","post_modified_gmt":"2022-07-28 15:25:14","post_content_filtered":"","post_parent":0,"guid":"http:\/\/dev.claret.cat\/autor\/fray-marcos\/","menu_order":0,"post_type":"autor","post_mime_type":"","comment_count":"0","filter":"raw"}],"booktrailer":"","resenas":""},"aioseo_notices":[],"_links":{"self":[{"href":"https:\/\/www.claret.cat\/es\/wp-json\/wp\/v2\/product\/264423","targetHints":{"allow":["GET"]}}],"collection":[{"href":"https:\/\/www.claret.cat\/es\/wp-json\/wp\/v2\/product"}],"about":[{"href":"https:\/\/www.claret.cat\/es\/wp-json\/wp\/v2\/types\/product"}],"wp:featuredmedia":[{"embeddable":true,"href":"https:\/\/www.claret.cat\/es\/wp-json\/wp\/v2\/media\/1092031"}],"wp:attachment":[{"href":"https:\/\/www.claret.cat\/es\/wp-json\/wp\/v2\/media?parent=264423"}],"wp:term":[{"taxonomy":"product_brand","embeddable":true,"href":"https:\/\/www.claret.cat\/es\/wp-json\/wp\/v2\/product_brand?post=264423"},{"taxonomy":"product_cat","embeddable":true,"href":"https:\/\/www.claret.cat\/es\/wp-json\/wp\/v2\/product_cat?post=264423"},{"taxonomy":"product_tag","embeddable":true,"href":"https:\/\/www.claret.cat\/es\/wp-json\/wp\/v2\/product_tag?post=264423"}],"curies":[{"name":"wp","href":"https:\/\/api.w.org\/{rel}","templated":true}]}}