{"id":265487,"date":"2022-12-01T12:30:22","date_gmt":"2022-12-01T11:30:22","guid":{"rendered":"http:\/\/dev.claret.cat\/producte\/mi-primer-concierto-de-musica-clasica-luces-y-sonidos\/"},"modified":"2024-05-06T19:05:07","modified_gmt":"2024-05-06T17:05:07","slug":"mi-primer-concierto-de-musica-clasica-luces-y-sonidos-9788408257073","status":"publish","type":"product","link":"https:\/\/www.claret.cat\/es\/libro\/mi-primer-concierto-de-musica-clasica-luces-y-sonidos-9788408257073\/","title":{"rendered":"MI PRIMER CONCIERTO DE M\u00daSICA CL\u00c1SICA. LUCES Y SONIDOS"},"content":{"rendered":"<p>\u00a1Mi primer libro de sonidos para descubrir la m\u00fasica cl\u00e1sica! En formato grande y con luces.<br \/> Encuentra, en cada doble p\u00e1gina, el bot\u00f3n que har\u00e1 sonar la m\u00fasica cl\u00e1sica. Una alegre ilustraci\u00f3n acompa\u00f1a cada melod\u00eda y hace que este recopilatorio de 6 composiciones, especialmente pensado para ni\u00f1os y ni\u00f1as, sea \u00fanico. Mira c\u00f3mo vuelan las mariposas mientras suena La\u00a0primavera\u00a0de Vivaldi, observa c\u00f3mo se iluminan los globos al ritmo de\u00a0La marcha turca\u00a0de\u00a0Beethoven, f\u00edjate en las burbujas de los peces mientras suena\u00a0El acuario de Camille Saint-Sa\u00ebns, alucina con los fuegos artificiales de\u00a0El j\u00fabilo de Haendel, mira c\u00f3mo se encienden las farolas de una de las calles de Londres con\u00a0Le Piccadilly de Satie\u00a0y rel\u00e1jate mientras brillan las campanas de la\u00a0Aria de las campanas\u00a0de Mozart. \u00a1Un concierto incre\u00edble!<br \/> Mientras escucha los fragmentos de las melod\u00edas, el peque podr\u00e1 deleitarse mirando las im\u00e1genes y las luces. Una manera de introducir la m\u00fasica cl\u00e1sica desde la peque\u00f1a infancia de un modo sorprendente y despertar el o\u00eddo y la sensibilidad musicales.<br \/> Este libro musical con luces es de cart\u00f3n resistente, y los botones tienen el tama\u00f1o ideal para manos peque\u00f1as, de manera que puedan leerlo de manera aut\u00f3noma.<br \/> Un t\u00edtulo pensado para ni\u00f1os y ni\u00f1as a partir de 1 a\u00f1o.<br \/> Ilustrado por S\u00e9verine Cordier.<br \/> T\u00edtulos de la colecci\u00f3n de m\u00fasica cl\u00e1sica:<\/p>\n<p> Mis primeras canciones de m\u00fasica cl\u00e1sica. Libro con luces y sonidos<br \/> Mi primera historia de la m\u00fasica cl\u00e1sica<br \/> Mis primeros instrumentos de m\u00fasica cl\u00e1sica<br \/> Mis primeras \u00f3peras<br \/> Mis primeras melod\u00edas cl\u00e1sicas<br \/> Mi primer Carnaval de los animales<br \/> Mis animales de la m\u00fasica cl\u00e1sica<br \/> Mis primeras canciones para bailar<br \/> Mis primeras nanas<br \/> Mis primeras canciones en ingl\u00e9s<br \/> Mi primer Beethoven<br \/> Mi primer Mozart<br \/> Mi primer Vivaldi<br \/> Mi primer Bach<br \/> Mis melod\u00edas cl\u00e1sicas de Navidad<\/p>\n","protected":false},"excerpt":{"rendered":"<p>CORDIER, S\u00c9VERINE<\/p>\n","protected":false},"featured_media":306737,"template":"","meta":{"_acf_changed":false,"om_disable_all_campaigns":false,"rs_blank_template":"","rs_page_bg_color":"","slide_template_v7":"","inline_featured_image":false,"_monsterinsights_skip_tracking":false},"product_brand":[],"product_cat":[131,361],"product_tag":[],"class_list":["post-265487","product","type-product","status-publish","has-post-thumbnail","product_cat-contes-per-infants-0-6-anys","product_cat-cuentos-para-ninos-0-6-anos","first","instock","taxable","shipping-taxable","purchasable","product-type-simple"],"acf":{"autor":"CORDIER, S\u00c9VERINE","codart":"840825707","libros-coleccion":"Libros con sonido","ediciones":"1","encuadernacion":"Carpeta","fecha_de_publicacion":"01\/11\/2022","novedad":"1","paginas":"12","subtitulo":"","orden":"0","portada":"0","idioma":"spa","editorial":[{"ID":6233,"post_author":"3","post_date":"2022-07-28 17:47:48","post_date_gmt":"2022-07-28 15:47:48","post_content":"","post_title":"EDITORIAL PLANETA","post_excerpt":"","post_status":"publish","comment_status":"closed","ping_status":"closed","post_password":"","post_name":"editorial-planeta","to_ping":"","pinged":"","post_modified":"2022-07-28 17:47:48","post_modified_gmt":"2022-07-28 15:47:48","post_content_filtered":"","post_parent":0,"guid":"http:\/\/dev.claret.cat\/editorial\/editorial-planeta\/","menu_order":0,"post_type":"editorial","post_mime_type":"","comment_count":"0","filter":"raw"}],"autores-libros":[{"ID":169378,"post_author":"3","post_date":"2022-10-14 22:26:45","post_date_gmt":"2022-10-14 20:26:45","post_content":"","post_title":"S\u00c9VERINE CORDIER","post_excerpt":"","post_status":"publish","comment_status":"closed","ping_status":"closed","post_password":"","post_name":"severine-cordier","to_ping":"","pinged":"","post_modified":"2022-10-14 22:26:45","post_modified_gmt":"2022-10-14 20:26:45","post_content_filtered":"","post_parent":0,"guid":"http:\/\/dev.claret.cat\/autor\/severine-cordier\/","menu_order":0,"post_type":"autor","post_mime_type":"","comment_count":"0","filter":"raw"}]},"aioseo_notices":[],"aioseo_head":"\n\t\t<!-- All in One SEO Pro 5.0.1.1 - aioseo.com -->\n\t<meta name=\"description\" content=\"MI PRIMER CONCIERTO DE M\u00daSICA CL\u00c1SICA. LUCES Y SONIDOS de CORDIER, S\u00c9VERINE disponible a\/en Llibreria Claret.\" \/>\n\t<meta name=\"robots\" content=\"max-image-preview:large\" \/>\n\t<meta name=\"google-site-verification\" content=\"xVtlFxJ-TfkIu-D-lt7XeLobefg5EIQiXTuqcSf8Rf0\" \/>\n\t<link rel=\"canonical\" href=\"https:\/\/www.claret.cat\/es\/libro\/mi-primer-concierto-de-musica-clasica-luces-y-sonidos-9788408257073\/\" \/>\n\t<meta name=\"generator\" content=\"All in One SEO Pro (AIOSEO) 5.0.1.1\" \/>\n\t\t<meta property=\"og:locale\" content=\"es_ES\" \/>\n\t\t<meta property=\"og:site_name\" content=\"Llibreria Claret - Llibreria religiosa a Barcelona\" \/>\n\t\t<meta property=\"og:type\" content=\"article\" \/>\n\t\t<meta property=\"og:title\" content=\"MI PRIMER CONCIERTO DE M\u00daSICA CL\u00c1SICA. LUCES Y SONIDOS - CORDIER, S\u00c9VERINE 9788408257073 | Llibreria Claret\" \/>\n\t\t<meta property=\"og:description\" content=\"MI PRIMER CONCIERTO DE M\u00daSICA CL\u00c1SICA. LUCES Y SONIDOS de CORDIER, S\u00c9VERINE disponible a\/en Llibreria Claret.\" \/>\n\t\t<meta property=\"og:url\" content=\"https:\/\/www.claret.cat\/es\/libro\/mi-primer-concierto-de-musica-clasica-luces-y-sonidos-9788408257073\/\" \/>\n\t\t<meta property=\"og:image\" content=\"https:\/\/dev.claret.cat\/wp-content\/uploads\/logo-claret.svg\" \/>\n\t\t<meta property=\"og:image:secure_url\" content=\"https:\/\/dev.claret.cat\/wp-content\/uploads\/logo-claret.svg\" \/>\n\t\t<meta property=\"article:published_time\" content=\"2022-12-01T11:30:22+00:00\" \/>\n\t\t<meta property=\"article:modified_time\" content=\"2024-05-06T17:05:07+00:00\" \/>\n\t\t<meta property=\"article:publisher\" content=\"https:\/\/www.facebook.com\/LlibreriaClaret\" \/>\n\t\t<meta name=\"twitter:card\" content=\"summary_large_image\" \/>\n\t\t<meta name=\"twitter:site\" content=\"@LlibreriaClaret\" \/>\n\t\t<meta name=\"twitter:title\" content=\"MI PRIMER CONCIERTO DE M\u00daSICA CL\u00c1SICA. LUCES Y SONIDOS - CORDIER, S\u00c9VERINE 9788408257073 | Llibreria Claret\" \/>\n\t\t<meta name=\"twitter:description\" content=\"MI PRIMER CONCIERTO DE M\u00daSICA CL\u00c1SICA. LUCES Y SONIDOS de CORDIER, S\u00c9VERINE disponible a\/en Llibreria Claret.\" \/>\n\t\t<meta name=\"twitter:image\" content=\"http:\/\/dev.claret.cat\/wp-content\/uploads\/logo-claret.svg\" \/>\n\t\t<script type=\"application\/ld+json\" class=\"aioseo-schema\">\n\t\t\t{\"@context\":\"https:\\\/\\\/schema.org\",\"@graph\":[{\"@type\":\"BreadcrumbList\",\"@id\":\"https:\\\/\\\/www.claret.cat\\\/es\\\/libro\\\/mi-primer-concierto-de-musica-clasica-luces-y-sonidos-9788408257073\\\/#breadcrumblist\",\"itemListElement\":[{\"@type\":\"ListItem\",\"@id\":\"https:\\\/\\\/www.claret.cat\\\/es\\\/#listItem\",\"position\":1,\"name\":\"Home\",\"item\":\"https:\\\/\\\/www.claret.cat\\\/es\\\/\",\"nextItem\":{\"@type\":\"ListItem\",\"@id\":\"https:\\\/\\\/www.claret.cat\\\/?page_id=16#listItem\",\"name\":\"Botiga\"}},{\"@type\":\"ListItem\",\"@id\":\"https:\\\/\\\/www.claret.cat\\\/?page_id=16#listItem\",\"position\":2,\"name\":\"Botiga\",\"item\":\"https:\\\/\\\/www.claret.cat\\\/?page_id=16\",\"nextItem\":{\"@type\":\"ListItem\",\"@id\":\"https:\\\/\\\/www.claret.cat\\\/categoria-producto\\\/cat\\\/#listItem\",\"name\":\"CAT\"},\"previousItem\":{\"@type\":\"ListItem\",\"@id\":\"https:\\\/\\\/www.claret.cat\\\/es\\\/#listItem\",\"name\":\"Home\"}},{\"@type\":\"ListItem\",\"@id\":\"https:\\\/\\\/www.claret.cat\\\/categoria-producto\\\/cat\\\/#listItem\",\"position\":3,\"name\":\"CAT\",\"item\":\"https:\\\/\\\/www.claret.cat\\\/categoria-producto\\\/cat\\\/\",\"nextItem\":{\"@type\":\"ListItem\",\"@id\":\"https:\\\/\\\/www.claret.cat\\\/categoria-producto\\\/cat\\\/3_infantil-juvenil\\\/#listItem\",\"name\":\"Infantil \\\/ Juvenil\"},\"previousItem\":{\"@type\":\"ListItem\",\"@id\":\"https:\\\/\\\/www.claret.cat\\\/?page_id=16#listItem\",\"name\":\"Botiga\"}},{\"@type\":\"ListItem\",\"@id\":\"https:\\\/\\\/www.claret.cat\\\/categoria-producto\\\/cat\\\/3_infantil-juvenil\\\/#listItem\",\"position\":4,\"name\":\"Infantil \\\/ Juvenil\",\"item\":\"https:\\\/\\\/www.claret.cat\\\/categoria-producto\\\/cat\\\/3_infantil-juvenil\\\/\",\"nextItem\":{\"@type\":\"ListItem\",\"@id\":\"https:\\\/\\\/www.claret.cat\\\/categoria-producto\\\/cat\\\/3_infantil-juvenil\\\/infantil\\\/#listItem\",\"name\":\"Infantil\"},\"previousItem\":{\"@type\":\"ListItem\",\"@id\":\"https:\\\/\\\/www.claret.cat\\\/categoria-producto\\\/cat\\\/#listItem\",\"name\":\"CAT\"}},{\"@type\":\"ListItem\",\"@id\":\"https:\\\/\\\/www.claret.cat\\\/categoria-producto\\\/cat\\\/3_infantil-juvenil\\\/infantil\\\/#listItem\",\"position\":5,\"name\":\"Infantil\",\"item\":\"https:\\\/\\\/www.claret.cat\\\/categoria-producto\\\/cat\\\/3_infantil-juvenil\\\/infantil\\\/\",\"nextItem\":{\"@type\":\"ListItem\",\"@id\":\"https:\\\/\\\/www.claret.cat\\\/categoria-producto\\\/cat\\\/3_infantil-juvenil\\\/infantil\\\/contes-per-infants-0-6-anys\\\/#listItem\",\"name\":\"0 - 6 anys\"},\"previousItem\":{\"@type\":\"ListItem\",\"@id\":\"https:\\\/\\\/www.claret.cat\\\/categoria-producto\\\/cat\\\/3_infantil-juvenil\\\/#listItem\",\"name\":\"Infantil \\\/ Juvenil\"}},{\"@type\":\"ListItem\",\"@id\":\"https:\\\/\\\/www.claret.cat\\\/categoria-producto\\\/cat\\\/3_infantil-juvenil\\\/infantil\\\/contes-per-infants-0-6-anys\\\/#listItem\",\"position\":6,\"name\":\"0 - 6 anys\",\"item\":\"https:\\\/\\\/www.claret.cat\\\/categoria-producto\\\/cat\\\/3_infantil-juvenil\\\/infantil\\\/contes-per-infants-0-6-anys\\\/\",\"nextItem\":{\"@type\":\"ListItem\",\"@id\":\"https:\\\/\\\/www.claret.cat\\\/es\\\/libro\\\/mi-primer-concierto-de-musica-clasica-luces-y-sonidos-9788408257073\\\/#listItem\",\"name\":\"MI PRIMER CONCIERTO DE M\\u00daSICA CL\\u00c1SICA. LUCES Y SONIDOS\"},\"previousItem\":{\"@type\":\"ListItem\",\"@id\":\"https:\\\/\\\/www.claret.cat\\\/categoria-producto\\\/cat\\\/3_infantil-juvenil\\\/infantil\\\/#listItem\",\"name\":\"Infantil\"}},{\"@type\":\"ListItem\",\"@id\":\"https:\\\/\\\/www.claret.cat\\\/es\\\/libro\\\/mi-primer-concierto-de-musica-clasica-luces-y-sonidos-9788408257073\\\/#listItem\",\"position\":7,\"name\":\"MI PRIMER CONCIERTO DE M\\u00daSICA CL\\u00c1SICA. LUCES Y SONIDOS\",\"previousItem\":{\"@type\":\"ListItem\",\"@id\":\"https:\\\/\\\/www.claret.cat\\\/categoria-producto\\\/cat\\\/3_infantil-juvenil\\\/infantil\\\/contes-per-infants-0-6-anys\\\/#listItem\",\"name\":\"0 - 6 anys\"}}]},{\"@type\":\"ItemPage\",\"@id\":\"https:\\\/\\\/www.claret.cat\\\/es\\\/libro\\\/mi-primer-concierto-de-musica-clasica-luces-y-sonidos-9788408257073\\\/#itempage\",\"url\":\"https:\\\/\\\/www.claret.cat\\\/es\\\/libro\\\/mi-primer-concierto-de-musica-clasica-luces-y-sonidos-9788408257073\\\/\",\"name\":\"MI PRIMER CONCIERTO DE M\\u00daSICA CL\\u00c1SICA. LUCES Y SONIDOS - CORDIER, S\\u00c9VERINE 9788408257073 | Llibreria Claret\",\"description\":\"MI PRIMER CONCIERTO DE M\\u00daSICA CL\\u00c1SICA. LUCES Y SONIDOS de CORDIER, S\\u00c9VERINE disponible a\\\/en Llibreria Claret.\",\"inLanguage\":\"es-ES\",\"isPartOf\":{\"@id\":\"https:\\\/\\\/www.claret.cat\\\/es\\\/#website\"},\"breadcrumb\":{\"@id\":\"https:\\\/\\\/www.claret.cat\\\/es\\\/libro\\\/mi-primer-concierto-de-musica-clasica-luces-y-sonidos-9788408257073\\\/#breadcrumblist\"},\"image\":{\"@type\":\"ImageObject\",\"url\":\"https:\\\/\\\/www.claret.cat\\\/wp-content\\\/uploads\\\/.\\\/9788408257073-1.jpg\",\"@id\":\"https:\\\/\\\/www.claret.cat\\\/es\\\/libro\\\/mi-primer-concierto-de-musica-clasica-luces-y-sonidos-9788408257073\\\/#mainImage\",\"width\":225,\"height\":225,\"caption\":\"9788408257073.jpg\"},\"primaryImageOfPage\":{\"@id\":\"https:\\\/\\\/www.claret.cat\\\/es\\\/libro\\\/mi-primer-concierto-de-musica-clasica-luces-y-sonidos-9788408257073\\\/#mainImage\"},\"datePublished\":\"2022-12-01T12:30:22+01:00\",\"dateModified\":\"2024-05-06T19:05:07+02:00\"},{\"@type\":\"Organization\",\"@id\":\"https:\\\/\\\/www.claret.cat\\\/es\\\/#organization\",\"name\":\"Llibreria Claret\",\"description\":\"Llibreria religiosa a Barcelona\",\"url\":\"https:\\\/\\\/www.claret.cat\\\/es\\\/\",\"email\":\"comunicacio@claret.cat\",\"telephone\":\"+34933010887\",\"logo\":{\"@type\":\"ImageObject\",\"url\":\"https:\\\/\\\/www.claret.cat\\\/wp-content\\\/uploads\\\/.\\\/logo-claret-es.png\",\"@id\":\"https:\\\/\\\/www.claret.cat\\\/es\\\/libro\\\/mi-primer-concierto-de-musica-clasica-luces-y-sonidos-9788408257073\\\/#organizationLogo\",\"width\":195,\"height\":79},\"image\":{\"@id\":\"https:\\\/\\\/www.claret.cat\\\/es\\\/libro\\\/mi-primer-concierto-de-musica-clasica-luces-y-sonidos-9788408257073\\\/#organizationLogo\"},\"sameAs\":[\"https:\\\/\\\/www.facebook.com\\\/LlibreriaClaret\",\"https:\\\/\\\/twitter.com\\\/LlibreriaClaret\",\"https:\\\/\\\/www.instagram.com\\\/llibreriaclaret\\\/\",\"https:\\\/\\\/www.tiktok.com\\\/@llibreriaclaret\",\"https:\\\/\\\/www.youtube.com\\\/@llibreriaclaret\",\"https:\\\/\\\/ca.wikipedia.org\\\/wiki\\\/Editorial_Claret\"]},{\"@type\":\"WebPage\",\"@id\":\"https:\\\/\\\/www.claret.cat\\\/es\\\/libro\\\/mi-primer-concierto-de-musica-clasica-luces-y-sonidos-9788408257073\\\/#webpage\",\"url\":\"https:\\\/\\\/www.claret.cat\\\/es\\\/libro\\\/mi-primer-concierto-de-musica-clasica-luces-y-sonidos-9788408257073\\\/\",\"name\":\"MI PRIMER CONCIERTO DE M\\u00daSICA CL\\u00c1SICA. LUCES Y SONIDOS - CORDIER, S\\u00c9VERINE 9788408257073 | Llibreria Claret\",\"description\":\"MI PRIMER CONCIERTO DE M\\u00daSICA CL\\u00c1SICA. LUCES Y SONIDOS de CORDIER, S\\u00c9VERINE disponible a\\\/en Llibreria Claret.\",\"inLanguage\":\"es-ES\",\"isPartOf\":{\"@id\":\"https:\\\/\\\/www.claret.cat\\\/es\\\/#website\"},\"breadcrumb\":{\"@id\":\"https:\\\/\\\/www.claret.cat\\\/es\\\/libro\\\/mi-primer-concierto-de-musica-clasica-luces-y-sonidos-9788408257073\\\/#breadcrumblist\"},\"image\":{\"@type\":\"ImageObject\",\"url\":\"https:\\\/\\\/www.claret.cat\\\/wp-content\\\/uploads\\\/.\\\/9788408257073-1.jpg\",\"@id\":\"https:\\\/\\\/www.claret.cat\\\/es\\\/libro\\\/mi-primer-concierto-de-musica-clasica-luces-y-sonidos-9788408257073\\\/#mainImage\",\"width\":225,\"height\":225,\"caption\":\"9788408257073.jpg\"},\"primaryImageOfPage\":{\"@id\":\"https:\\\/\\\/www.claret.cat\\\/es\\\/libro\\\/mi-primer-concierto-de-musica-clasica-luces-y-sonidos-9788408257073\\\/#mainImage\"},\"datePublished\":\"2022-12-01T12:30:22+01:00\",\"dateModified\":\"2024-05-06T19:05:07+02:00\"},{\"@type\":\"WebSite\",\"@id\":\"https:\\\/\\\/www.claret.cat\\\/es\\\/#website\",\"url\":\"https:\\\/\\\/www.claret.cat\\\/es\\\/\",\"name\":\"Llibreria Claret Barcelona\",\"alternateName\":\"Llibreria Claret\",\"description\":\"Llibreria religiosa a Barcelona\",\"inLanguage\":\"es-ES\",\"publisher\":{\"@id\":\"https:\\\/\\\/www.claret.cat\\\/es\\\/#organization\"}}]}\n\t\t<\/script>\n\t\t<!-- All in One SEO Pro -->\r\n\t\t<title>MI PRIMER CONCIERTO DE M\u00daSICA CL\u00c1SICA. LUCES Y SONIDOS - CORDIER, S\u00c9VERINE 9788408257073 | Llibreria Claret<\/title>\n\n","aioseo_head_json":{"title":"MI PRIMER CONCIERTO DE M\u00daSICA CL\u00c1SICA. LUCES Y SONIDOS - CORDIER, S\u00c9VERINE 9788408257073 | Llibreria Claret","description":"MI PRIMER CONCIERTO DE M\u00daSICA CL\u00c1SICA. LUCES Y SONIDOS de CORDIER, S\u00c9VERINE disponible a\/en Llibreria Claret.","canonical_url":"https:\/\/www.claret.cat\/es\/libro\/mi-primer-concierto-de-musica-clasica-luces-y-sonidos-9788408257073\/","robots":"max-image-preview:large","keywords":"","webmasterTools":{"google-site-verification":"xVtlFxJ-TfkIu-D-lt7XeLobefg5EIQiXTuqcSf8Rf0","miscellaneous":""},"schema":{"@context":"https:\/\/schema.org","@graph":[{"@type":"BreadcrumbList","@id":"https:\/\/www.claret.cat\/es\/libro\/mi-primer-concierto-de-musica-clasica-luces-y-sonidos-9788408257073\/#breadcrumblist","itemListElement":[{"@type":"ListItem","@id":"https:\/\/www.claret.cat\/es\/#listItem","position":1,"name":"Home","item":"https:\/\/www.claret.cat\/es\/","nextItem":{"@type":"ListItem","@id":"https:\/\/www.claret.cat\/?page_id=16#listItem","name":"Botiga"}},{"@type":"ListItem","@id":"https:\/\/www.claret.cat\/?page_id=16#listItem","position":2,"name":"Botiga","item":"https:\/\/www.claret.cat\/?page_id=16","nextItem":{"@type":"ListItem","@id":"https:\/\/www.claret.cat\/categoria-producto\/cat\/#listItem","name":"CAT"},"previousItem":{"@type":"ListItem","@id":"https:\/\/www.claret.cat\/es\/#listItem","name":"Home"}},{"@type":"ListItem","@id":"https:\/\/www.claret.cat\/categoria-producto\/cat\/#listItem","position":3,"name":"CAT","item":"https:\/\/www.claret.cat\/categoria-producto\/cat\/","nextItem":{"@type":"ListItem","@id":"https:\/\/www.claret.cat\/categoria-producto\/cat\/3_infantil-juvenil\/#listItem","name":"Infantil \/ Juvenil"},"previousItem":{"@type":"ListItem","@id":"https:\/\/www.claret.cat\/?page_id=16#listItem","name":"Botiga"}},{"@type":"ListItem","@id":"https:\/\/www.claret.cat\/categoria-producto\/cat\/3_infantil-juvenil\/#listItem","position":4,"name":"Infantil \/ Juvenil","item":"https:\/\/www.claret.cat\/categoria-producto\/cat\/3_infantil-juvenil\/","nextItem":{"@type":"ListItem","@id":"https:\/\/www.claret.cat\/categoria-producto\/cat\/3_infantil-juvenil\/infantil\/#listItem","name":"Infantil"},"previousItem":{"@type":"ListItem","@id":"https:\/\/www.claret.cat\/categoria-producto\/cat\/#listItem","name":"CAT"}},{"@type":"ListItem","@id":"https:\/\/www.claret.cat\/categoria-producto\/cat\/3_infantil-juvenil\/infantil\/#listItem","position":5,"name":"Infantil","item":"https:\/\/www.claret.cat\/categoria-producto\/cat\/3_infantil-juvenil\/infantil\/","nextItem":{"@type":"ListItem","@id":"https:\/\/www.claret.cat\/categoria-producto\/cat\/3_infantil-juvenil\/infantil\/contes-per-infants-0-6-anys\/#listItem","name":"0 - 6 anys"},"previousItem":{"@type":"ListItem","@id":"https:\/\/www.claret.cat\/categoria-producto\/cat\/3_infantil-juvenil\/#listItem","name":"Infantil \/ Juvenil"}},{"@type":"ListItem","@id":"https:\/\/www.claret.cat\/categoria-producto\/cat\/3_infantil-juvenil\/infantil\/contes-per-infants-0-6-anys\/#listItem","position":6,"name":"0 - 6 anys","item":"https:\/\/www.claret.cat\/categoria-producto\/cat\/3_infantil-juvenil\/infantil\/contes-per-infants-0-6-anys\/","nextItem":{"@type":"ListItem","@id":"https:\/\/www.claret.cat\/es\/libro\/mi-primer-concierto-de-musica-clasica-luces-y-sonidos-9788408257073\/#listItem","name":"MI PRIMER CONCIERTO DE M\u00daSICA CL\u00c1SICA. LUCES Y SONIDOS"},"previousItem":{"@type":"ListItem","@id":"https:\/\/www.claret.cat\/categoria-producto\/cat\/3_infantil-juvenil\/infantil\/#listItem","name":"Infantil"}},{"@type":"ListItem","@id":"https:\/\/www.claret.cat\/es\/libro\/mi-primer-concierto-de-musica-clasica-luces-y-sonidos-9788408257073\/#listItem","position":7,"name":"MI PRIMER CONCIERTO DE M\u00daSICA CL\u00c1SICA. LUCES Y SONIDOS","previousItem":{"@type":"ListItem","@id":"https:\/\/www.claret.cat\/categoria-producto\/cat\/3_infantil-juvenil\/infantil\/contes-per-infants-0-6-anys\/#listItem","name":"0 - 6 anys"}}]},{"@type":"ItemPage","@id":"https:\/\/www.claret.cat\/es\/libro\/mi-primer-concierto-de-musica-clasica-luces-y-sonidos-9788408257073\/#itempage","url":"https:\/\/www.claret.cat\/es\/libro\/mi-primer-concierto-de-musica-clasica-luces-y-sonidos-9788408257073\/","name":"MI PRIMER CONCIERTO DE M\u00daSICA CL\u00c1SICA. LUCES Y SONIDOS - CORDIER, S\u00c9VERINE 9788408257073 | Llibreria Claret","description":"MI PRIMER CONCIERTO DE M\u00daSICA CL\u00c1SICA. LUCES Y SONIDOS de CORDIER, S\u00c9VERINE disponible a\/en Llibreria Claret.","inLanguage":"es-ES","isPartOf":{"@id":"https:\/\/www.claret.cat\/es\/#website"},"breadcrumb":{"@id":"https:\/\/www.claret.cat\/es\/libro\/mi-primer-concierto-de-musica-clasica-luces-y-sonidos-9788408257073\/#breadcrumblist"},"image":{"@type":"ImageObject","url":"https:\/\/www.claret.cat\/wp-content\/uploads\/.\/9788408257073-1.jpg","@id":"https:\/\/www.claret.cat\/es\/libro\/mi-primer-concierto-de-musica-clasica-luces-y-sonidos-9788408257073\/#mainImage","width":225,"height":225,"caption":"9788408257073.jpg"},"primaryImageOfPage":{"@id":"https:\/\/www.claret.cat\/es\/libro\/mi-primer-concierto-de-musica-clasica-luces-y-sonidos-9788408257073\/#mainImage"},"datePublished":"2022-12-01T12:30:22+01:00","dateModified":"2024-05-06T19:05:07+02:00"},{"@type":"Organization","@id":"https:\/\/www.claret.cat\/es\/#organization","name":"Llibreria Claret","description":"Llibreria religiosa a Barcelona","url":"https:\/\/www.claret.cat\/es\/","email":"comunicacio@claret.cat","telephone":"+34933010887","logo":{"@type":"ImageObject","url":"https:\/\/www.claret.cat\/wp-content\/uploads\/.\/logo-claret-es.png","@id":"https:\/\/www.claret.cat\/es\/libro\/mi-primer-concierto-de-musica-clasica-luces-y-sonidos-9788408257073\/#organizationLogo","width":195,"height":79},"image":{"@id":"https:\/\/www.claret.cat\/es\/libro\/mi-primer-concierto-de-musica-clasica-luces-y-sonidos-9788408257073\/#organizationLogo"},"sameAs":["https:\/\/www.facebook.com\/LlibreriaClaret","https:\/\/twitter.com\/LlibreriaClaret","https:\/\/www.instagram.com\/llibreriaclaret\/","https:\/\/www.tiktok.com\/@llibreriaclaret","https:\/\/www.youtube.com\/@llibreriaclaret","https:\/\/ca.wikipedia.org\/wiki\/Editorial_Claret"]},{"@type":"WebPage","@id":"https:\/\/www.claret.cat\/es\/libro\/mi-primer-concierto-de-musica-clasica-luces-y-sonidos-9788408257073\/#webpage","url":"https:\/\/www.claret.cat\/es\/libro\/mi-primer-concierto-de-musica-clasica-luces-y-sonidos-9788408257073\/","name":"MI PRIMER CONCIERTO DE M\u00daSICA CL\u00c1SICA. LUCES Y SONIDOS - CORDIER, S\u00c9VERINE 9788408257073 | Llibreria Claret","description":"MI PRIMER CONCIERTO DE M\u00daSICA CL\u00c1SICA. LUCES Y SONIDOS de CORDIER, S\u00c9VERINE disponible a\/en Llibreria Claret.","inLanguage":"es-ES","isPartOf":{"@id":"https:\/\/www.claret.cat\/es\/#website"},"breadcrumb":{"@id":"https:\/\/www.claret.cat\/es\/libro\/mi-primer-concierto-de-musica-clasica-luces-y-sonidos-9788408257073\/#breadcrumblist"},"image":{"@type":"ImageObject","url":"https:\/\/www.claret.cat\/wp-content\/uploads\/.\/9788408257073-1.jpg","@id":"https:\/\/www.claret.cat\/es\/libro\/mi-primer-concierto-de-musica-clasica-luces-y-sonidos-9788408257073\/#mainImage","width":225,"height":225,"caption":"9788408257073.jpg"},"primaryImageOfPage":{"@id":"https:\/\/www.claret.cat\/es\/libro\/mi-primer-concierto-de-musica-clasica-luces-y-sonidos-9788408257073\/#mainImage"},"datePublished":"2022-12-01T12:30:22+01:00","dateModified":"2024-05-06T19:05:07+02:00"},{"@type":"WebSite","@id":"https:\/\/www.claret.cat\/es\/#website","url":"https:\/\/www.claret.cat\/es\/","name":"Llibreria Claret Barcelona","alternateName":"Llibreria Claret","description":"Llibreria religiosa a Barcelona","inLanguage":"es-ES","publisher":{"@id":"https:\/\/www.claret.cat\/es\/#organization"}}]},"og:locale":"es_ES","og:site_name":"Llibreria Claret - Llibreria religiosa a Barcelona","og:type":"article","og:title":"MI PRIMER CONCIERTO DE M\u00daSICA CL\u00c1SICA. LUCES Y SONIDOS - CORDIER, S\u00c9VERINE 9788408257073 | Llibreria Claret","og:description":"MI PRIMER CONCIERTO DE M\u00daSICA CL\u00c1SICA. LUCES Y SONIDOS de CORDIER, S\u00c9VERINE disponible a\/en Llibreria Claret.","og:url":"https:\/\/www.claret.cat\/es\/libro\/mi-primer-concierto-de-musica-clasica-luces-y-sonidos-9788408257073\/","og:image":"https:\/\/dev.claret.cat\/wp-content\/uploads\/logo-claret.svg","og:image:secure_url":"https:\/\/dev.claret.cat\/wp-content\/uploads\/logo-claret.svg","article:published_time":"2022-12-01T11:30:22+00:00","article:modified_time":"2024-05-06T17:05:07+00:00","article:publisher":"https:\/\/www.facebook.com\/LlibreriaClaret","twitter:card":"summary_large_image","twitter:site":"@LlibreriaClaret","twitter:title":"MI PRIMER CONCIERTO DE M\u00daSICA CL\u00c1SICA. LUCES Y SONIDOS - CORDIER, S\u00c9VERINE 9788408257073 | Llibreria Claret","twitter:description":"MI PRIMER CONCIERTO DE M\u00daSICA CL\u00c1SICA. LUCES Y SONIDOS de CORDIER, S\u00c9VERINE disponible a\/en Llibreria Claret.","twitter:image":"http:\/\/dev.claret.cat\/wp-content\/uploads\/logo-claret.svg"},"aioseo_meta_data":{"post_id":"265487","title":null,"description":null,"keywords":null,"keyphrases":null,"primary_term":null,"canonical_url":null,"og_title":null,"og_description":null,"og_object_type":"default","og_image_type":"default","og_image_url":null,"og_image_width":null,"og_image_height":null,"og_image_custom_url":null,"og_image_custom_fields":null,"og_video":null,"og_custom_url":null,"og_article_section":null,"og_article_tags":null,"twitter_use_og":false,"twitter_card":"default","twitter_image_type":"default","twitter_image_url":null,"twitter_image_custom_url":null,"twitter_image_custom_fields":null,"twitter_title":null,"twitter_description":null,"schema":{"blockGraphs":[],"customGraphs":[],"default":{"data":{"Article":[],"Course":[],"Dataset":[],"FAQPage":[],"Movie":[],"Person":[],"Product":[],"ProductReview":[],"Car":[],"Recipe":[],"Service":[],"SoftwareApplication":[],"WebPage":[]},"graphName":"","isEnabled":true},"graphs":[]},"schema_type":"default","schema_type_options":null,"pillar_content":false,"robots_default":true,"robots_noindex":false,"robots_noarchive":false,"robots_nosnippet":false,"robots_nofollow":false,"robots_noimageindex":false,"robots_noodp":false,"robots_notranslate":false,"robots_max_snippet":null,"robots_max_videopreview":null,"robots_max_imagepreview":"large","priority":null,"frequency":null,"local_seo":null,"seo_analyzer_scan_date":"2025-11-19 23:00:30","breadcrumb_settings":null,"limit_modified_date":false,"open_ai":null,"ai":null,"created":"2022-12-22 13:25:41","updated":"2025-11-19 23:00:30","focus_keyword":null,"additional_keywords":null,"truseo_locale":null},"aioseo_breadcrumb":"<div class=\"aioseo-breadcrumbs\"><span class=\"aioseo-breadcrumb\">\n\t<a href=\"https:\/\/www.claret.cat\/es\/\" title=\"Home\">Home<\/a>\n<\/span><span class=\"aioseo-breadcrumb-separator\">&raquo;<\/span><span class=\"aioseo-breadcrumb\">\n\t<a href=\"https:\/\/www.claret.cat\/?page_id=16\" title=\"Botiga\">Botiga<\/a>\n<\/span><span class=\"aioseo-breadcrumb-separator\">&raquo;<\/span><span class=\"aioseo-breadcrumb\">\n\t<a href=\"https:\/\/www.claret.cat\/categoria-producto\/cat\/\" title=\"CAT\">CAT<\/a>\n<\/span><span class=\"aioseo-breadcrumb-separator\">&raquo;<\/span><span class=\"aioseo-breadcrumb\">\n\t<a href=\"https:\/\/www.claret.cat\/categoria-producto\/cat\/3_infantil-juvenil\/\" title=\"Infantil \/ Juvenil\">Infantil \/ Juvenil<\/a>\n<\/span><span class=\"aioseo-breadcrumb-separator\">&raquo;<\/span><span class=\"aioseo-breadcrumb\">\n\t<a href=\"https:\/\/www.claret.cat\/categoria-producto\/cat\/3_infantil-juvenil\/infantil\/\" title=\"Infantil\">Infantil<\/a>\n<\/span><span class=\"aioseo-breadcrumb-separator\">&raquo;<\/span><span class=\"aioseo-breadcrumb\">\n\t<a href=\"https:\/\/www.claret.cat\/categoria-producto\/cat\/3_infantil-juvenil\/infantil\/contes-per-infants-0-6-anys\/\" title=\"0 - 6 anys\">0 - 6 anys<\/a>\n<\/span><span class=\"aioseo-breadcrumb-separator\">&raquo;<\/span><span class=\"aioseo-breadcrumb\">\n\tMI PRIMER CONCIERTO DE M\u00daSICA CL\u00c1SICA. LUCES Y SONIDOS\n<\/span><\/div>","aioseo_breadcrumb_json":[{"label":"Home","link":"https:\/\/www.claret.cat\/es\/"},{"label":"Botiga","link":"https:\/\/www.claret.cat\/?page_id=16"},{"label":"CAT","link":"https:\/\/www.claret.cat\/categoria-producto\/cat\/"},{"label":"Infantil \/ Juvenil","link":"https:\/\/www.claret.cat\/categoria-producto\/cat\/3_infantil-juvenil\/"},{"label":"Infantil","link":"https:\/\/www.claret.cat\/categoria-producto\/cat\/3_infantil-juvenil\/infantil\/"},{"label":"0 - 6 anys","link":"https:\/\/www.claret.cat\/categoria-producto\/cat\/3_infantil-juvenil\/infantil\/contes-per-infants-0-6-anys\/"},{"label":"MI PRIMER CONCIERTO DE M\u00daSICA CL\u00c1SICA. LUCES Y SONIDOS","link":"https:\/\/www.claret.cat\/es\/libro\/mi-primer-concierto-de-musica-clasica-luces-y-sonidos-9788408257073\/"}],"_links":{"self":[{"href":"https:\/\/www.claret.cat\/es\/wp-json\/wp\/v2\/product\/265487","targetHints":{"allow":["GET"]}}],"collection":[{"href":"https:\/\/www.claret.cat\/es\/wp-json\/wp\/v2\/product"}],"about":[{"href":"https:\/\/www.claret.cat\/es\/wp-json\/wp\/v2\/types\/product"}],"wp:featuredmedia":[{"embeddable":true,"href":"https:\/\/www.claret.cat\/es\/wp-json\/wp\/v2\/media\/306737"}],"wp:attachment":[{"href":"https:\/\/www.claret.cat\/es\/wp-json\/wp\/v2\/media?parent=265487"}],"wp:term":[{"taxonomy":"product_brand","embeddable":true,"href":"https:\/\/www.claret.cat\/es\/wp-json\/wp\/v2\/product_brand?post=265487"},{"taxonomy":"product_cat","embeddable":true,"href":"https:\/\/www.claret.cat\/es\/wp-json\/wp\/v2\/product_cat?post=265487"},{"taxonomy":"product_tag","embeddable":true,"href":"https:\/\/www.claret.cat\/es\/wp-json\/wp\/v2\/product_tag?post=265487"}],"curies":[{"name":"wp","href":"https:\/\/api.w.org\/{rel}","templated":true}]}}