{"id":26609,"date":"2022-10-02T10:47:23","date_gmt":"2022-10-02T08:47:23","guid":{"rendered":"http:\/\/dev.claret.cat\/producte\/de-bruces-en-el-charco\/"},"modified":"2023-10-06T09:34:55","modified_gmt":"2023-10-06T07:34:55","slug":"de-bruces-en-el-charco-9788412470338","status":"publish","type":"product","link":"https:\/\/www.claret.cat\/es\/libro\/de-bruces-en-el-charco-9788412470338\/","title":{"rendered":"DE BRUCES EN EL CHARCO"},"content":{"rendered":"<p>Es una novela distendida, \u00e1gil, sin m\u00e1s pretensi\u00f3n que poner palabras bellas a ideas profundas que no nos dejar\u00e1n indiferentes. El resto lo pondr\u00e1 el lector, que se va a sentir de inmediato retratado e interpelado. Como dice en boca de uno de sus personajes: \u201cSe han ido apropiando del pensamiento. Han acostumbrado a la gente a no pensar y han ocupado ese vac\u00edo con el pensamiento \u00fanico. Pero nadie tiene la sensaci\u00f3n de que se lo est\u00e9n imponiendo. Es una obra de reingenier\u00eda social perfecta: consiguen que todos piensen lo mismo, sin ejercer violencia aparente, y que cada uno crea que es due\u00f1o de sus ideas. Educaci\u00f3n, medios de comunicaci\u00f3n, anulaci\u00f3n de la familia, etc.; los medios los conoces de sobra, son los de toda la vida. Vivimos en la \u00e9poca de mayor totalitarismo de toda la historia y la gente cree que es la de mayor bienestar. Lo cree de verdad. Aplauden un supuesto bienestar que los va despojando gradualmente de su dignidad como personas\u201d. Son palabras de Albert a Sonia, protagonista de la novela. Psic\u00f3loga que se mueve en un mundo que no es el de hoy, pero que bien podr\u00eda serlo, y que busca respuestas. Albert, aficionado a la literatura y la filosof\u00eda, le ayuda a plantearse las preguntas radicales, las esenciales y v\u00e1lidas para cualquier \u00e9poca de la historia. La trama empuja al lector a situarse en el centro de la historia, de su historia, y hacerse esas mismas preguntas.<\/p>\n<p>Miguel \u00c1ngel Poblet Capa naci\u00f3 en Madrid en 1969. Educado en una familia cat\u00f3lica, en su juventud opt\u00f3 por vivir en el ate\u00edsmo pr\u00e1ctico -como si Dios no existiera- hasta que se reencontr\u00f3 con el cristianismo y la Iglesia Cat\u00f3lica a trav\u00e9s del Camino Neocatecumenal. Casado y padre de nueve hijos, es Licenciado en Ciencias Econ\u00f3micas y Empresariales por ICADE (Universidad Pontificia Comillas) y ha desarrollado su carrera profesional en el sector de la consultor\u00eda.<\/p>\n","protected":false},"excerpt":{"rendered":"<p>POBLET, MIGUEL ANGEL<\/p>\n","protected":false},"featured_media":55153,"template":"","meta":{"_acf_changed":false,"om_disable_all_campaigns":false,"rs_blank_template":"","rs_page_bg_color":"","slide_template_v7":"","inline_featured_image":false,"_monsterinsights_skip_tracking":false},"product_brand":[],"product_cat":[357],"product_tag":[],"class_list":["post-26609","product","type-product","status-publish","has-post-thumbnail","product_cat-novela-contemporanea","first","instock","taxable","shipping-taxable","purchasable","product-type-simple"],"acf":{"autor":"POBLET, MIGUEL ANGEL","codart":"841247033","libros-coleccion":"Are\u00f3pagos","ediciones":"1","encuadernacion":"R\u00fastica","fecha_de_publicacion":"01\/04\/2022","novedad":"1","paginas":"182","subtitulo":"","orden":"0","portada":"0","idioma":"spa","editorial":[{"ID":148593,"post_author":"3","post_date":"2022-10-14 11:59:27","post_date_gmt":"2022-10-14 09:59:27","post_content":"","post_title":"NUEVO INICIO","post_excerpt":"","post_status":"publish","comment_status":"closed","ping_status":"closed","post_password":"","post_name":"nuevo-inicio","to_ping":"","pinged":"","post_modified":"2022-10-14 11:59:27","post_modified_gmt":"2022-10-14 09:59:27","post_content_filtered":"","post_parent":0,"guid":"http:\/\/dev.claret.cat\/editorial\/nuevo-inicio\/","menu_order":0,"post_type":"editorial","post_mime_type":"","comment_count":"0","filter":"raw"}],"autores-libros":[{"ID":164944,"post_author":"3","post_date":"2022-10-14 17:51:08","post_date_gmt":"2022-10-14 15:51:08","post_content":"","post_title":"MIGUEL ANGEL POBLET","post_excerpt":"","post_status":"publish","comment_status":"closed","ping_status":"closed","post_password":"","post_name":"miguel-angel-poblet","to_ping":"","pinged":"","post_modified":"2022-10-14 17:51:08","post_modified_gmt":"2022-10-14 15:51:08","post_content_filtered":"","post_parent":0,"guid":"http:\/\/dev.claret.cat\/autor\/miguel-angel-poblet\/","menu_order":0,"post_type":"autor","post_mime_type":"","comment_count":"0","filter":"raw"}]},"aioseo_notices":[],"aioseo_head":"\n\t\t<!-- All in One SEO Pro 5.0.1.1 - aioseo.com -->\n\t<meta name=\"description\" content=\"DE BRUCES EN EL CHARCO de POBLET, MIGUEL ANGEL disponible a\/en Llibreria Claret.\" \/>\n\t<meta name=\"robots\" content=\"max-image-preview:large\" \/>\n\t<meta name=\"google-site-verification\" content=\"xVtlFxJ-TfkIu-D-lt7XeLobefg5EIQiXTuqcSf8Rf0\" \/>\n\t<link rel=\"canonical\" href=\"https:\/\/www.claret.cat\/es\/libro\/de-bruces-en-el-charco-9788412470338\/\" \/>\n\t<meta name=\"generator\" content=\"All in One SEO Pro (AIOSEO) 5.0.1.1\" \/>\n\t\t<meta property=\"og:locale\" content=\"es_ES\" \/>\n\t\t<meta property=\"og:site_name\" content=\"Llibreria Claret - Llibreria religiosa a Barcelona\" \/>\n\t\t<meta property=\"og:type\" content=\"article\" \/>\n\t\t<meta property=\"og:title\" content=\"DE BRUCES EN EL CHARCO - POBLET, MIGUEL ANGEL 9788412470338 | Llibreria Claret\" \/>\n\t\t<meta property=\"og:description\" content=\"DE BRUCES EN EL CHARCO de POBLET, MIGUEL ANGEL disponible a\/en Llibreria Claret.\" \/>\n\t\t<meta property=\"og:url\" content=\"https:\/\/www.claret.cat\/es\/libro\/de-bruces-en-el-charco-9788412470338\/\" \/>\n\t\t<meta property=\"og:image\" content=\"https:\/\/dev.claret.cat\/wp-content\/uploads\/logo-claret.svg\" \/>\n\t\t<meta property=\"og:image:secure_url\" content=\"https:\/\/dev.claret.cat\/wp-content\/uploads\/logo-claret.svg\" \/>\n\t\t<meta property=\"article:published_time\" content=\"2022-10-02T08:47:23+00:00\" \/>\n\t\t<meta property=\"article:modified_time\" content=\"2023-10-06T07:34:55+00:00\" \/>\n\t\t<meta property=\"article:publisher\" content=\"https:\/\/www.facebook.com\/LlibreriaClaret\" \/>\n\t\t<meta name=\"twitter:card\" content=\"summary_large_image\" \/>\n\t\t<meta name=\"twitter:site\" content=\"@LlibreriaClaret\" \/>\n\t\t<meta name=\"twitter:title\" content=\"DE BRUCES EN EL CHARCO - POBLET, MIGUEL ANGEL 9788412470338 | Llibreria Claret\" \/>\n\t\t<meta name=\"twitter:description\" content=\"DE BRUCES EN EL CHARCO de POBLET, MIGUEL ANGEL disponible a\/en Llibreria Claret.\" \/>\n\t\t<meta name=\"twitter:image\" content=\"http:\/\/dev.claret.cat\/wp-content\/uploads\/logo-claret.svg\" \/>\n\t\t<script type=\"application\/ld+json\" class=\"aioseo-schema\">\n\t\t\t{\"@context\":\"https:\\\/\\\/schema.org\",\"@graph\":[{\"@type\":\"BreadcrumbList\",\"@id\":\"https:\\\/\\\/www.claret.cat\\\/es\\\/libro\\\/de-bruces-en-el-charco-9788412470338\\\/#breadcrumblist\",\"itemListElement\":[{\"@type\":\"ListItem\",\"@id\":\"https:\\\/\\\/www.claret.cat\\\/es\\\/#listItem\",\"position\":1,\"name\":\"Home\",\"item\":\"https:\\\/\\\/www.claret.cat\\\/es\\\/\",\"nextItem\":{\"@type\":\"ListItem\",\"@id\":\"https:\\\/\\\/www.claret.cat\\\/?page_id=16#listItem\",\"name\":\"Botiga\"}},{\"@type\":\"ListItem\",\"@id\":\"https:\\\/\\\/www.claret.cat\\\/?page_id=16#listItem\",\"position\":2,\"name\":\"Botiga\",\"item\":\"https:\\\/\\\/www.claret.cat\\\/?page_id=16\",\"nextItem\":{\"@type\":\"ListItem\",\"@id\":\"https:\\\/\\\/www.claret.cat\\\/categoria-producto\\\/spa\\\/#listItem\",\"name\":\"SPA\"},\"previousItem\":{\"@type\":\"ListItem\",\"@id\":\"https:\\\/\\\/www.claret.cat\\\/es\\\/#listItem\",\"name\":\"Home\"}},{\"@type\":\"ListItem\",\"@id\":\"https:\\\/\\\/www.claret.cat\\\/categoria-producto\\\/spa\\\/#listItem\",\"position\":3,\"name\":\"SPA\",\"item\":\"https:\\\/\\\/www.claret.cat\\\/categoria-producto\\\/spa\\\/\",\"nextItem\":{\"@type\":\"ListItem\",\"@id\":\"https:\\\/\\\/www.claret.cat\\\/es\\\/categoria-producto\\\/spa\\\/2_humanidades\\\/#listItem\",\"name\":\"Humanidades\"},\"previousItem\":{\"@type\":\"ListItem\",\"@id\":\"https:\\\/\\\/www.claret.cat\\\/?page_id=16#listItem\",\"name\":\"Botiga\"}},{\"@type\":\"ListItem\",\"@id\":\"https:\\\/\\\/www.claret.cat\\\/es\\\/categoria-producto\\\/spa\\\/2_humanidades\\\/#listItem\",\"position\":4,\"name\":\"Humanidades\",\"item\":\"https:\\\/\\\/www.claret.cat\\\/es\\\/categoria-producto\\\/spa\\\/2_humanidades\\\/\",\"nextItem\":{\"@type\":\"ListItem\",\"@id\":\"https:\\\/\\\/www.claret.cat\\\/es\\\/categoria-producto\\\/spa\\\/2_humanidades\\\/literatura-2_humanidades\\\/#listItem\",\"name\":\"Literatura\"},\"previousItem\":{\"@type\":\"ListItem\",\"@id\":\"https:\\\/\\\/www.claret.cat\\\/categoria-producto\\\/spa\\\/#listItem\",\"name\":\"SPA\"}},{\"@type\":\"ListItem\",\"@id\":\"https:\\\/\\\/www.claret.cat\\\/es\\\/categoria-producto\\\/spa\\\/2_humanidades\\\/literatura-2_humanidades\\\/#listItem\",\"position\":5,\"name\":\"Literatura\",\"item\":\"https:\\\/\\\/www.claret.cat\\\/es\\\/categoria-producto\\\/spa\\\/2_humanidades\\\/literatura-2_humanidades\\\/\",\"nextItem\":{\"@type\":\"ListItem\",\"@id\":\"https:\\\/\\\/www.claret.cat\\\/es\\\/categoria-producto\\\/spa\\\/2_humanidades\\\/literatura-2_humanidades\\\/novela-contemporanea\\\/#listItem\",\"name\":\"Novela contempor\\u00e1nea\"},\"previousItem\":{\"@type\":\"ListItem\",\"@id\":\"https:\\\/\\\/www.claret.cat\\\/es\\\/categoria-producto\\\/spa\\\/2_humanidades\\\/#listItem\",\"name\":\"Humanidades\"}},{\"@type\":\"ListItem\",\"@id\":\"https:\\\/\\\/www.claret.cat\\\/es\\\/categoria-producto\\\/spa\\\/2_humanidades\\\/literatura-2_humanidades\\\/novela-contemporanea\\\/#listItem\",\"position\":6,\"name\":\"Novela contempor\\u00e1nea\",\"item\":\"https:\\\/\\\/www.claret.cat\\\/es\\\/categoria-producto\\\/spa\\\/2_humanidades\\\/literatura-2_humanidades\\\/novela-contemporanea\\\/\",\"nextItem\":{\"@type\":\"ListItem\",\"@id\":\"https:\\\/\\\/www.claret.cat\\\/es\\\/libro\\\/de-bruces-en-el-charco-9788412470338\\\/#listItem\",\"name\":\"DE BRUCES EN EL CHARCO\"},\"previousItem\":{\"@type\":\"ListItem\",\"@id\":\"https:\\\/\\\/www.claret.cat\\\/es\\\/categoria-producto\\\/spa\\\/2_humanidades\\\/literatura-2_humanidades\\\/#listItem\",\"name\":\"Literatura\"}},{\"@type\":\"ListItem\",\"@id\":\"https:\\\/\\\/www.claret.cat\\\/es\\\/libro\\\/de-bruces-en-el-charco-9788412470338\\\/#listItem\",\"position\":7,\"name\":\"DE BRUCES EN EL CHARCO\",\"previousItem\":{\"@type\":\"ListItem\",\"@id\":\"https:\\\/\\\/www.claret.cat\\\/es\\\/categoria-producto\\\/spa\\\/2_humanidades\\\/literatura-2_humanidades\\\/novela-contemporanea\\\/#listItem\",\"name\":\"Novela contempor\\u00e1nea\"}}]},{\"@type\":\"ItemPage\",\"@id\":\"https:\\\/\\\/www.claret.cat\\\/es\\\/libro\\\/de-bruces-en-el-charco-9788412470338\\\/#itempage\",\"url\":\"https:\\\/\\\/www.claret.cat\\\/es\\\/libro\\\/de-bruces-en-el-charco-9788412470338\\\/\",\"name\":\"DE BRUCES EN EL CHARCO - POBLET, MIGUEL ANGEL 9788412470338 | Llibreria Claret\",\"description\":\"DE BRUCES EN EL CHARCO de POBLET, MIGUEL ANGEL disponible a\\\/en Llibreria Claret.\",\"inLanguage\":\"es-ES\",\"isPartOf\":{\"@id\":\"https:\\\/\\\/www.claret.cat\\\/es\\\/#website\"},\"breadcrumb\":{\"@id\":\"https:\\\/\\\/www.claret.cat\\\/es\\\/libro\\\/de-bruces-en-el-charco-9788412470338\\\/#breadcrumblist\"},\"image\":{\"@type\":\"ImageObject\",\"url\":\"https:\\\/\\\/www.claret.cat\\\/wp-content\\\/uploads\\\/.\\\/9788412470338.png\",\"@id\":\"https:\\\/\\\/www.claret.cat\\\/es\\\/libro\\\/de-bruces-en-el-charco-9788412470338\\\/#mainImage\",\"width\":225,\"height\":311,\"caption\":\"9788412470338.png\"},\"primaryImageOfPage\":{\"@id\":\"https:\\\/\\\/www.claret.cat\\\/es\\\/libro\\\/de-bruces-en-el-charco-9788412470338\\\/#mainImage\"},\"datePublished\":\"2022-10-02T10:47:23+02:00\",\"dateModified\":\"2023-10-06T09:34:55+02:00\"},{\"@type\":\"Organization\",\"@id\":\"https:\\\/\\\/www.claret.cat\\\/es\\\/#organization\",\"name\":\"Llibreria Claret\",\"description\":\"Llibreria religiosa a Barcelona\",\"url\":\"https:\\\/\\\/www.claret.cat\\\/es\\\/\",\"email\":\"comunicacio@claret.cat\",\"telephone\":\"+34933010887\",\"logo\":{\"@type\":\"ImageObject\",\"url\":\"https:\\\/\\\/www.claret.cat\\\/wp-content\\\/uploads\\\/.\\\/logo-claret-es.png\",\"@id\":\"https:\\\/\\\/www.claret.cat\\\/es\\\/libro\\\/de-bruces-en-el-charco-9788412470338\\\/#organizationLogo\",\"width\":195,\"height\":79},\"image\":{\"@id\":\"https:\\\/\\\/www.claret.cat\\\/es\\\/libro\\\/de-bruces-en-el-charco-9788412470338\\\/#organizationLogo\"},\"sameAs\":[\"https:\\\/\\\/www.facebook.com\\\/LlibreriaClaret\",\"https:\\\/\\\/twitter.com\\\/LlibreriaClaret\",\"https:\\\/\\\/www.instagram.com\\\/llibreriaclaret\\\/\",\"https:\\\/\\\/www.tiktok.com\\\/@llibreriaclaret\",\"https:\\\/\\\/www.youtube.com\\\/@llibreriaclaret\",\"https:\\\/\\\/ca.wikipedia.org\\\/wiki\\\/Editorial_Claret\"]},{\"@type\":\"WebPage\",\"@id\":\"https:\\\/\\\/www.claret.cat\\\/es\\\/libro\\\/de-bruces-en-el-charco-9788412470338\\\/#webpage\",\"url\":\"https:\\\/\\\/www.claret.cat\\\/es\\\/libro\\\/de-bruces-en-el-charco-9788412470338\\\/\",\"name\":\"DE BRUCES EN EL CHARCO - POBLET, MIGUEL ANGEL 9788412470338 | Llibreria Claret\",\"description\":\"DE BRUCES EN EL CHARCO de POBLET, MIGUEL ANGEL disponible a\\\/en Llibreria Claret.\",\"inLanguage\":\"es-ES\",\"isPartOf\":{\"@id\":\"https:\\\/\\\/www.claret.cat\\\/es\\\/#website\"},\"breadcrumb\":{\"@id\":\"https:\\\/\\\/www.claret.cat\\\/es\\\/libro\\\/de-bruces-en-el-charco-9788412470338\\\/#breadcrumblist\"},\"image\":{\"@type\":\"ImageObject\",\"url\":\"https:\\\/\\\/www.claret.cat\\\/wp-content\\\/uploads\\\/.\\\/9788412470338.png\",\"@id\":\"https:\\\/\\\/www.claret.cat\\\/es\\\/libro\\\/de-bruces-en-el-charco-9788412470338\\\/#mainImage\",\"width\":225,\"height\":311,\"caption\":\"9788412470338.png\"},\"primaryImageOfPage\":{\"@id\":\"https:\\\/\\\/www.claret.cat\\\/es\\\/libro\\\/de-bruces-en-el-charco-9788412470338\\\/#mainImage\"},\"datePublished\":\"2022-10-02T10:47:23+02:00\",\"dateModified\":\"2023-10-06T09:34:55+02:00\"},{\"@type\":\"WebSite\",\"@id\":\"https:\\\/\\\/www.claret.cat\\\/es\\\/#website\",\"url\":\"https:\\\/\\\/www.claret.cat\\\/es\\\/\",\"name\":\"Llibreria Claret Barcelona\",\"alternateName\":\"Llibreria Claret\",\"description\":\"Llibreria religiosa a Barcelona\",\"inLanguage\":\"es-ES\",\"publisher\":{\"@id\":\"https:\\\/\\\/www.claret.cat\\\/es\\\/#organization\"}}]}\n\t\t<\/script>\n\t\t<!-- All in One SEO Pro -->\r\n\t\t<title>DE BRUCES EN EL CHARCO - POBLET, MIGUEL ANGEL 9788412470338 | Llibreria Claret<\/title>\n\n","aioseo_head_json":{"title":"DE BRUCES EN EL CHARCO - POBLET, MIGUEL ANGEL 9788412470338 | Llibreria Claret","description":"DE BRUCES EN EL CHARCO de POBLET, MIGUEL ANGEL disponible a\/en Llibreria Claret.","canonical_url":"https:\/\/www.claret.cat\/es\/libro\/de-bruces-en-el-charco-9788412470338\/","robots":"max-image-preview:large","keywords":"","webmasterTools":{"google-site-verification":"xVtlFxJ-TfkIu-D-lt7XeLobefg5EIQiXTuqcSf8Rf0","miscellaneous":""},"schema":{"@context":"https:\/\/schema.org","@graph":[{"@type":"BreadcrumbList","@id":"https:\/\/www.claret.cat\/es\/libro\/de-bruces-en-el-charco-9788412470338\/#breadcrumblist","itemListElement":[{"@type":"ListItem","@id":"https:\/\/www.claret.cat\/es\/#listItem","position":1,"name":"Home","item":"https:\/\/www.claret.cat\/es\/","nextItem":{"@type":"ListItem","@id":"https:\/\/www.claret.cat\/?page_id=16#listItem","name":"Botiga"}},{"@type":"ListItem","@id":"https:\/\/www.claret.cat\/?page_id=16#listItem","position":2,"name":"Botiga","item":"https:\/\/www.claret.cat\/?page_id=16","nextItem":{"@type":"ListItem","@id":"https:\/\/www.claret.cat\/categoria-producto\/spa\/#listItem","name":"SPA"},"previousItem":{"@type":"ListItem","@id":"https:\/\/www.claret.cat\/es\/#listItem","name":"Home"}},{"@type":"ListItem","@id":"https:\/\/www.claret.cat\/categoria-producto\/spa\/#listItem","position":3,"name":"SPA","item":"https:\/\/www.claret.cat\/categoria-producto\/spa\/","nextItem":{"@type":"ListItem","@id":"https:\/\/www.claret.cat\/es\/categoria-producto\/spa\/2_humanidades\/#listItem","name":"Humanidades"},"previousItem":{"@type":"ListItem","@id":"https:\/\/www.claret.cat\/?page_id=16#listItem","name":"Botiga"}},{"@type":"ListItem","@id":"https:\/\/www.claret.cat\/es\/categoria-producto\/spa\/2_humanidades\/#listItem","position":4,"name":"Humanidades","item":"https:\/\/www.claret.cat\/es\/categoria-producto\/spa\/2_humanidades\/","nextItem":{"@type":"ListItem","@id":"https:\/\/www.claret.cat\/es\/categoria-producto\/spa\/2_humanidades\/literatura-2_humanidades\/#listItem","name":"Literatura"},"previousItem":{"@type":"ListItem","@id":"https:\/\/www.claret.cat\/categoria-producto\/spa\/#listItem","name":"SPA"}},{"@type":"ListItem","@id":"https:\/\/www.claret.cat\/es\/categoria-producto\/spa\/2_humanidades\/literatura-2_humanidades\/#listItem","position":5,"name":"Literatura","item":"https:\/\/www.claret.cat\/es\/categoria-producto\/spa\/2_humanidades\/literatura-2_humanidades\/","nextItem":{"@type":"ListItem","@id":"https:\/\/www.claret.cat\/es\/categoria-producto\/spa\/2_humanidades\/literatura-2_humanidades\/novela-contemporanea\/#listItem","name":"Novela contempor\u00e1nea"},"previousItem":{"@type":"ListItem","@id":"https:\/\/www.claret.cat\/es\/categoria-producto\/spa\/2_humanidades\/#listItem","name":"Humanidades"}},{"@type":"ListItem","@id":"https:\/\/www.claret.cat\/es\/categoria-producto\/spa\/2_humanidades\/literatura-2_humanidades\/novela-contemporanea\/#listItem","position":6,"name":"Novela contempor\u00e1nea","item":"https:\/\/www.claret.cat\/es\/categoria-producto\/spa\/2_humanidades\/literatura-2_humanidades\/novela-contemporanea\/","nextItem":{"@type":"ListItem","@id":"https:\/\/www.claret.cat\/es\/libro\/de-bruces-en-el-charco-9788412470338\/#listItem","name":"DE BRUCES EN EL CHARCO"},"previousItem":{"@type":"ListItem","@id":"https:\/\/www.claret.cat\/es\/categoria-producto\/spa\/2_humanidades\/literatura-2_humanidades\/#listItem","name":"Literatura"}},{"@type":"ListItem","@id":"https:\/\/www.claret.cat\/es\/libro\/de-bruces-en-el-charco-9788412470338\/#listItem","position":7,"name":"DE BRUCES EN EL CHARCO","previousItem":{"@type":"ListItem","@id":"https:\/\/www.claret.cat\/es\/categoria-producto\/spa\/2_humanidades\/literatura-2_humanidades\/novela-contemporanea\/#listItem","name":"Novela contempor\u00e1nea"}}]},{"@type":"ItemPage","@id":"https:\/\/www.claret.cat\/es\/libro\/de-bruces-en-el-charco-9788412470338\/#itempage","url":"https:\/\/www.claret.cat\/es\/libro\/de-bruces-en-el-charco-9788412470338\/","name":"DE BRUCES EN EL CHARCO - POBLET, MIGUEL ANGEL 9788412470338 | Llibreria Claret","description":"DE BRUCES EN EL CHARCO de POBLET, MIGUEL ANGEL disponible a\/en Llibreria Claret.","inLanguage":"es-ES","isPartOf":{"@id":"https:\/\/www.claret.cat\/es\/#website"},"breadcrumb":{"@id":"https:\/\/www.claret.cat\/es\/libro\/de-bruces-en-el-charco-9788412470338\/#breadcrumblist"},"image":{"@type":"ImageObject","url":"https:\/\/www.claret.cat\/wp-content\/uploads\/.\/9788412470338.png","@id":"https:\/\/www.claret.cat\/es\/libro\/de-bruces-en-el-charco-9788412470338\/#mainImage","width":225,"height":311,"caption":"9788412470338.png"},"primaryImageOfPage":{"@id":"https:\/\/www.claret.cat\/es\/libro\/de-bruces-en-el-charco-9788412470338\/#mainImage"},"datePublished":"2022-10-02T10:47:23+02:00","dateModified":"2023-10-06T09:34:55+02:00"},{"@type":"Organization","@id":"https:\/\/www.claret.cat\/es\/#organization","name":"Llibreria Claret","description":"Llibreria religiosa a Barcelona","url":"https:\/\/www.claret.cat\/es\/","email":"comunicacio@claret.cat","telephone":"+34933010887","logo":{"@type":"ImageObject","url":"https:\/\/www.claret.cat\/wp-content\/uploads\/.\/logo-claret-es.png","@id":"https:\/\/www.claret.cat\/es\/libro\/de-bruces-en-el-charco-9788412470338\/#organizationLogo","width":195,"height":79},"image":{"@id":"https:\/\/www.claret.cat\/es\/libro\/de-bruces-en-el-charco-9788412470338\/#organizationLogo"},"sameAs":["https:\/\/www.facebook.com\/LlibreriaClaret","https:\/\/twitter.com\/LlibreriaClaret","https:\/\/www.instagram.com\/llibreriaclaret\/","https:\/\/www.tiktok.com\/@llibreriaclaret","https:\/\/www.youtube.com\/@llibreriaclaret","https:\/\/ca.wikipedia.org\/wiki\/Editorial_Claret"]},{"@type":"WebPage","@id":"https:\/\/www.claret.cat\/es\/libro\/de-bruces-en-el-charco-9788412470338\/#webpage","url":"https:\/\/www.claret.cat\/es\/libro\/de-bruces-en-el-charco-9788412470338\/","name":"DE BRUCES EN EL CHARCO - POBLET, MIGUEL ANGEL 9788412470338 | Llibreria Claret","description":"DE BRUCES EN EL CHARCO de POBLET, MIGUEL ANGEL disponible a\/en Llibreria Claret.","inLanguage":"es-ES","isPartOf":{"@id":"https:\/\/www.claret.cat\/es\/#website"},"breadcrumb":{"@id":"https:\/\/www.claret.cat\/es\/libro\/de-bruces-en-el-charco-9788412470338\/#breadcrumblist"},"image":{"@type":"ImageObject","url":"https:\/\/www.claret.cat\/wp-content\/uploads\/.\/9788412470338.png","@id":"https:\/\/www.claret.cat\/es\/libro\/de-bruces-en-el-charco-9788412470338\/#mainImage","width":225,"height":311,"caption":"9788412470338.png"},"primaryImageOfPage":{"@id":"https:\/\/www.claret.cat\/es\/libro\/de-bruces-en-el-charco-9788412470338\/#mainImage"},"datePublished":"2022-10-02T10:47:23+02:00","dateModified":"2023-10-06T09:34:55+02:00"},{"@type":"WebSite","@id":"https:\/\/www.claret.cat\/es\/#website","url":"https:\/\/www.claret.cat\/es\/","name":"Llibreria Claret Barcelona","alternateName":"Llibreria Claret","description":"Llibreria religiosa a Barcelona","inLanguage":"es-ES","publisher":{"@id":"https:\/\/www.claret.cat\/es\/#organization"}}]},"og:locale":"es_ES","og:site_name":"Llibreria Claret - Llibreria religiosa a Barcelona","og:type":"article","og:title":"DE BRUCES EN EL CHARCO - POBLET, MIGUEL ANGEL 9788412470338 | Llibreria Claret","og:description":"DE BRUCES EN EL CHARCO de POBLET, MIGUEL ANGEL disponible a\/en Llibreria Claret.","og:url":"https:\/\/www.claret.cat\/es\/libro\/de-bruces-en-el-charco-9788412470338\/","og:image":"https:\/\/dev.claret.cat\/wp-content\/uploads\/logo-claret.svg","og:image:secure_url":"https:\/\/dev.claret.cat\/wp-content\/uploads\/logo-claret.svg","article:published_time":"2022-10-02T08:47:23+00:00","article:modified_time":"2023-10-06T07:34:55+00:00","article:publisher":"https:\/\/www.facebook.com\/LlibreriaClaret","twitter:card":"summary_large_image","twitter:site":"@LlibreriaClaret","twitter:title":"DE BRUCES EN EL CHARCO - POBLET, MIGUEL ANGEL 9788412470338 | Llibreria Claret","twitter:description":"DE BRUCES EN EL CHARCO de POBLET, MIGUEL ANGEL disponible a\/en Llibreria Claret.","twitter:image":"http:\/\/dev.claret.cat\/wp-content\/uploads\/logo-claret.svg"},"aioseo_meta_data":{"post_id":"26609","title":null,"description":null,"keywords":null,"keyphrases":null,"primary_term":null,"canonical_url":null,"og_title":null,"og_description":null,"og_object_type":"default","og_image_type":"default","og_image_url":null,"og_image_width":null,"og_image_height":null,"og_image_custom_url":null,"og_image_custom_fields":null,"og_video":null,"og_custom_url":null,"og_article_section":null,"og_article_tags":null,"twitter_use_og":false,"twitter_card":"default","twitter_image_type":"default","twitter_image_url":null,"twitter_image_custom_url":null,"twitter_image_custom_fields":null,"twitter_title":null,"twitter_description":null,"schema":{"blockGraphs":[],"customGraphs":[],"default":{"data":{"Article":[],"Course":[],"Dataset":[],"FAQPage":[],"Movie":[],"Person":[],"Product":[],"ProductReview":[],"Car":[],"Recipe":[],"Service":[],"SoftwareApplication":[],"WebPage":[]},"graphName":"","isEnabled":true},"graphs":[]},"schema_type":"default","schema_type_options":null,"pillar_content":false,"robots_default":true,"robots_noindex":false,"robots_noarchive":false,"robots_nosnippet":false,"robots_nofollow":false,"robots_noimageindex":false,"robots_noodp":false,"robots_notranslate":false,"robots_max_snippet":null,"robots_max_videopreview":null,"robots_max_imagepreview":"large","priority":null,"frequency":null,"local_seo":null,"seo_analyzer_scan_date":"2025-11-12 04:54:14","breadcrumb_settings":null,"limit_modified_date":false,"open_ai":null,"ai":null,"created":"2022-12-18 07:27:43","updated":"2025-11-12 04:54:14","focus_keyword":null,"additional_keywords":null,"truseo_locale":null},"aioseo_breadcrumb":"<div class=\"aioseo-breadcrumbs\"><span class=\"aioseo-breadcrumb\">\n\t<a href=\"https:\/\/www.claret.cat\/es\/\" title=\"Home\">Home<\/a>\n<\/span><span class=\"aioseo-breadcrumb-separator\">&raquo;<\/span><span class=\"aioseo-breadcrumb\">\n\t<a href=\"https:\/\/www.claret.cat\/?page_id=16\" title=\"Botiga\">Botiga<\/a>\n<\/span><span class=\"aioseo-breadcrumb-separator\">&raquo;<\/span><span class=\"aioseo-breadcrumb\">\n\t<a href=\"https:\/\/www.claret.cat\/categoria-producto\/spa\/\" title=\"SPA\">SPA<\/a>\n<\/span><span class=\"aioseo-breadcrumb-separator\">&raquo;<\/span><span class=\"aioseo-breadcrumb\">\n\t<a href=\"https:\/\/www.claret.cat\/es\/categoria-producto\/spa\/2_humanidades\/\" title=\"Humanidades\">Humanidades<\/a>\n<\/span><span class=\"aioseo-breadcrumb-separator\">&raquo;<\/span><span class=\"aioseo-breadcrumb\">\n\t<a href=\"https:\/\/www.claret.cat\/es\/categoria-producto\/spa\/2_humanidades\/literatura-2_humanidades\/\" title=\"Literatura\">Literatura<\/a>\n<\/span><span class=\"aioseo-breadcrumb-separator\">&raquo;<\/span><span class=\"aioseo-breadcrumb\">\n\t<a href=\"https:\/\/www.claret.cat\/es\/categoria-producto\/spa\/2_humanidades\/literatura-2_humanidades\/novela-contemporanea\/\" title=\"Novela contempor\u00e1nea\">Novela contempor\u00e1nea<\/a>\n<\/span><span class=\"aioseo-breadcrumb-separator\">&raquo;<\/span><span class=\"aioseo-breadcrumb\">\n\tDE BRUCES EN EL CHARCO\n<\/span><\/div>","aioseo_breadcrumb_json":[{"label":"Home","link":"https:\/\/www.claret.cat\/es\/"},{"label":"Botiga","link":"https:\/\/www.claret.cat\/?page_id=16"},{"label":"SPA","link":"https:\/\/www.claret.cat\/categoria-producto\/spa\/"},{"label":"Humanidades","link":"https:\/\/www.claret.cat\/es\/categoria-producto\/spa\/2_humanidades\/"},{"label":"Literatura","link":"https:\/\/www.claret.cat\/es\/categoria-producto\/spa\/2_humanidades\/literatura-2_humanidades\/"},{"label":"Novela contempor\u00e1nea","link":"https:\/\/www.claret.cat\/es\/categoria-producto\/spa\/2_humanidades\/literatura-2_humanidades\/novela-contemporanea\/"},{"label":"DE BRUCES EN EL CHARCO","link":"https:\/\/www.claret.cat\/es\/libro\/de-bruces-en-el-charco-9788412470338\/"}],"_links":{"self":[{"href":"https:\/\/www.claret.cat\/es\/wp-json\/wp\/v2\/product\/26609","targetHints":{"allow":["GET"]}}],"collection":[{"href":"https:\/\/www.claret.cat\/es\/wp-json\/wp\/v2\/product"}],"about":[{"href":"https:\/\/www.claret.cat\/es\/wp-json\/wp\/v2\/types\/product"}],"wp:featuredmedia":[{"embeddable":true,"href":"https:\/\/www.claret.cat\/es\/wp-json\/wp\/v2\/media\/55153"}],"wp:attachment":[{"href":"https:\/\/www.claret.cat\/es\/wp-json\/wp\/v2\/media?parent=26609"}],"wp:term":[{"taxonomy":"product_brand","embeddable":true,"href":"https:\/\/www.claret.cat\/es\/wp-json\/wp\/v2\/product_brand?post=26609"},{"taxonomy":"product_cat","embeddable":true,"href":"https:\/\/www.claret.cat\/es\/wp-json\/wp\/v2\/product_cat?post=26609"},{"taxonomy":"product_tag","embeddable":true,"href":"https:\/\/www.claret.cat\/es\/wp-json\/wp\/v2\/product_tag?post=26609"}],"curies":[{"name":"wp","href":"https:\/\/api.w.org\/{rel}","templated":true}]}}