{"id":266641,"date":"2022-12-01T12:59:32","date_gmt":"2022-12-01T11:59:32","guid":{"rendered":"http:\/\/dev.claret.cat\/producte\/las-obsesiones-y-el-trastorno-obsesivo-compulsivo-una-adiccion-al-pensamiento\/"},"modified":"2025-09-19T19:03:07","modified_gmt":"2025-09-19T17:03:07","slug":"las-obsesiones-y-el-trastorno-obsesivocompulsivo-una-adiccion-al-pensamiento-9788433031969","status":"publish","type":"product","link":"https:\/\/www.claret.cat\/es\/libro\/las-obsesiones-y-el-trastorno-obsesivocompulsivo-una-adiccion-al-pensamiento-9788433031969\/","title":{"rendered":"LAS OBSESIONES Y EL TRASTORNO OBSESIVO-COMPULSIVO. UNA ADICCI\u00d3N AL PENSAMIENTO"},"content":{"rendered":"<p>Este libro describe el trastorno obsesivo-compulsivo y otras psicopatolog\u00edas asociadas desde una perspectiva original e innovadora. Se plantea que los miedos obsesivos con compulsiones f\u00edsicas o mentales tendr\u00edan unos correlatos neurobiol\u00f3gicos casi id\u00e9nticos a las adicciones.<br \/> Las obsesiones ser\u00edan una forma de adicci\u00f3n al pensamiento que permitir\u00eda a la persona obviar otros problemas que le acosan, como emociones de rabia, miedo o culpa. Cuanto m\u00e1s se evita el motivo original de la ansiedad y m\u00e1s se realizan las compulsiones como forma de conseguir calma, m\u00e1s incisivo y adictivo se vuelve el proceso obsesivo.<br \/> En este libro se desarrolla, en una primera parte, la explicaci\u00f3n te\u00f3rica que relaciona a las obsesiones con los trastornos adictivos. En la segunda parte se explica c\u00f3mo realizar el tratamiento de los trastornos obsesivos-compulsivos y afines mediante t\u00e9cnicas terap\u00e9uticas innovadoras basadas en el modelo PARCUVE.<br \/> De este modo no solo se tratan los s\u00edntomas de las personas que sufren este tipo de trastornos. Se profundiza tambi\u00e9n en el origen del problema y por tanto se evitan futuras reca\u00eddas. Este libro se convierte en un manual imprescindible tanto para los profesionales de la salud mental como para aquellas personas que sufren de estos trastornos tan dolorosos e incapacitantes.<br \/> Manuel Hern\u00e1ndez Pacheco (1966) es licenciado en biolog\u00eda y psicolog\u00eda por la Universidad de M\u00e1laga. Es presidente de la Asociaci\u00f3n Espa\u00f1ola del Trauma Psicol\u00f3gico (AETPS). Alterna su actividad como psic\u00f3logo sanitario en su cl\u00ednica de Fuengirola (M\u00e1laga) con la docencia como ponente nacional e internacional. Es creador de su propio modelo terap\u00e9utico: PARCUVE, donde integra diferentes aspectos de la neurobiolog\u00eda, el apego y la psicopatolog\u00eda para ayudar a superar los traumas psicol\u00f3gicos. Es autor de los libros Apego y Psicopatolog\u00eda. La ansiedad y su origen, \u00bfPor qu\u00e9 la gente a la que quiero me hace da\u00f1o? y Apego disociaci\u00f3n y trauma, publicados todos ellos por la editorial Descl\u00e9e De Brouwer.<\/p>\n","protected":false},"excerpt":{"rendered":"<p>HERN\u00c1NDEZ PACHECO, MANUEL<\/p>\n","protected":false},"featured_media":347349,"template":"","meta":{"_acf_changed":false,"om_disable_all_campaigns":false,"rs_blank_template":"","rs_page_bg_color":"","slide_template_v7":"","inline_featured_image":false,"_monsterinsights_skip_tracking":false,"_monsterinsights_sitenote_active":false,"_monsterinsights_sitenote_note":"","_monsterinsights_sitenote_category":0},"product_brand":[],"product_cat":[179,377],"product_tag":[],"class_list":{"0":"post-266641","1":"product","2":"type-product","3":"status-publish","4":"has-post-thumbnail","6":"product_cat-autoajuda-i-salut-mental","7":"product_cat-autoayuda-y-salud-mental","9":"first","10":"instock","11":"taxable","12":"shipping-taxable","13":"purchasable","14":"product-type-simple"},"acf":{"autor":"HERN\u00c1NDEZ PACHECO, MANUEL","codart":"843303196","libros-coleccion":"Serendipity Maior","ediciones":"1","encuadernacion":"R\u00fastica","fecha_de_publicacion":"26\/10\/2022","novedad":"1","paginas":"240","subtitulo":"ENTENDERLOS Y SUPERARLOS CON EL MODELO PARCUVE","orden":"0","portada":"0","idioma":"spa","editorial":[{"ID":6179,"post_author":"3","post_date":"2022-07-28 17:46:36","post_date_gmt":"2022-07-28 15:46:36","post_content":"","post_title":"DESCLEE DE BROUWER","post_excerpt":"","post_status":"publish","comment_status":"closed","ping_status":"closed","post_password":"","post_name":"desclee-de-brouwer","to_ping":"","pinged":"","post_modified":"2022-07-28 17:46:36","post_modified_gmt":"2022-07-28 15:46:36","post_content_filtered":"","post_parent":0,"guid":"http:\/\/dev.claret.cat\/editorial\/desclee-de-brouwer\/","menu_order":0,"post_type":"editorial","post_mime_type":"","comment_count":"0","filter":"raw"}],"autores-libros":[{"ID":163168,"post_author":"3","post_date":"2022-10-14 17:36:52","post_date_gmt":"2022-10-14 15:36:52","post_content":"","post_title":"MANUEL HERN\u00c1NDEZ PACHECO","post_excerpt":"","post_status":"publish","comment_status":"closed","ping_status":"closed","post_password":"","post_name":"manuel-hernandez-pacheco","to_ping":"","pinged":"","post_modified":"2022-10-14 17:36:52","post_modified_gmt":"2022-10-14 15:36:52","post_content_filtered":"","post_parent":0,"guid":"http:\/\/dev.claret.cat\/autor\/manuel-hernandez-pacheco\/","menu_order":0,"post_type":"autor","post_mime_type":"","comment_count":"0","filter":"raw"}],"booktrailer":"","resenas":""},"aioseo_notices":[],"_links":{"self":[{"href":"https:\/\/www.claret.cat\/es\/wp-json\/wp\/v2\/product\/266641","targetHints":{"allow":["GET"]}}],"collection":[{"href":"https:\/\/www.claret.cat\/es\/wp-json\/wp\/v2\/product"}],"about":[{"href":"https:\/\/www.claret.cat\/es\/wp-json\/wp\/v2\/types\/product"}],"wp:featuredmedia":[{"embeddable":true,"href":"https:\/\/www.claret.cat\/es\/wp-json\/wp\/v2\/media\/347349"}],"wp:attachment":[{"href":"https:\/\/www.claret.cat\/es\/wp-json\/wp\/v2\/media?parent=266641"}],"wp:term":[{"taxonomy":"product_brand","embeddable":true,"href":"https:\/\/www.claret.cat\/es\/wp-json\/wp\/v2\/product_brand?post=266641"},{"taxonomy":"product_cat","embeddable":true,"href":"https:\/\/www.claret.cat\/es\/wp-json\/wp\/v2\/product_cat?post=266641"},{"taxonomy":"product_tag","embeddable":true,"href":"https:\/\/www.claret.cat\/es\/wp-json\/wp\/v2\/product_tag?post=266641"}],"curies":[{"name":"wp","href":"https:\/\/api.w.org\/{rel}","templated":true}]}}