{"id":26731,"date":"2022-10-02T10:48:55","date_gmt":"2022-10-02T08:48:55","guid":{"rendered":"http:\/\/dev.claret.cat\/producte\/el-talisman-de-luna\/"},"modified":"2023-01-28T11:16:41","modified_gmt":"2023-01-28T10:16:41","slug":"el-talisman-de-luna-9788426726810","status":"publish","type":"product","link":"https:\/\/www.claret.cat\/es\/libro\/el-talisman-de-luna-9788426726810\/","title":{"rendered":"EL TALISM\u00c1N DE LUNA"},"content":{"rendered":"<p>A Luna le gusta mucho jugar y divertirse, pero le ha ocurrido algo terrible. \u00bfQuieres averiguar c\u00f3mo se siente? \u00bfQuieres ayudarle a sentirse mejor? \u00bfTe ha ocurrido alguna vez algo dif\u00edcil? Elige las pegatinas y dibuja las cosas que te hacen sentir mejor.  Los ni\u00f1os y ni\u00f1as afectados por traumas necesitan y tienen derecho a que los adultos de su entorno les brinden cari\u00f1o, seguridad y comprensi\u00f3n reconoci\u00e9ndoles la injusticia de ser afectados por sucesos en los que ellos no tienen culpa. Los autores de este cuento son Maryorie Dantagnan y Jorge Barudy. Maryorie es psic\u00f3loga y psicoterapeuta infantil, experta en psicoterapia adaptada al sufrimiento, a los da\u00f1os traum\u00e1ticos y a los trastornos de apego de ni\u00f1os maltratados. Es responsable del programa de psicoterapia del Centro EXIL para ni\u00f1os traumatizados, coordina el programa terap\u00e9utico para hijos de madres v\u00edctimas de violencia de g\u00e9nero y es codirectora del IFIV de Espa\u00f1a. Jorge es director y fundador de la Asociaci\u00f3n EXIL. Es tambi\u00e9n neuropsiquiatra, psiquiatra infantil y terapeuta familiar, establecido en Barcelona desde hace varios a\u00f1os. Fue docente en terapia familiar sist\u00e9mica en la Universidad Cat\u00f3lica de Lovaina (B\u00e9lgica), es profesor invitado a varias universidades espa\u00f1olas y chilenas, y es autor de diversas publicaciones.  Este cuento se recomienda a ni\u00f1os y ni\u00f1as entre 4 y 8 a\u00f1os, proporciona un lenguaje claro, sencillo y divertido al mismo tiempo, contiene elementos que ayudan a entender la dif\u00edcil situaci\u00f3n por la que pasa la protagonista, Luna, y permite sacar a la luz parte del universo interior del peque\u00f1o\/a lector\/a a trav\u00e9s de:  * Preguntas que fomentan la reflexi\u00f3n y el desarrollo de la inteligencia emocional * Elemento de transici\u00f3n a buscar por las p\u00e1ginas del cuento * Pegatinas relacionadas con la historia * P\u00e1ginas para dibujar * Recomendaciones para adultos  Si quiere explicar otro tipo de situaciones complejas a ni\u00f1os\/as y no sabe c\u00f3mo, no se pierda los otros libros de la colecci\u00f3n Senticuentos.<\/p>\n","protected":false},"excerpt":{"rendered":"<p>BARUDY, JORGE \/ DANTAGNAN, MARYORIE \/ SANTOS (ILUSTRADORA), M\u00aaJESUS<\/p>\n","protected":false},"featured_media":68588,"template":"","meta":{"_acf_changed":false,"om_disable_all_campaigns":false,"rs_blank_template":"","rs_page_bg_color":"","slide_template_v7":"","inline_featured_image":false,"_monsterinsights_skip_tracking":false},"product_brand":[],"product_cat":[86],"product_tag":[],"class_list":["post-26731","product","type-product","status-publish","has-post-thumbnail","product_cat-infantil","first","instock","taxable","shipping-taxable","purchasable","product-type-simple"],"acf":{"autor":"BARUDY, JORGE \/ DANTAGNAN, MARYORIE \/ SANTOS (ILUSTRADORA), M\u00aaJESUS","codart":"842672681","libros-coleccion":"SENTICUENTOS","ediciones":"1","encuadernacion":"R\u00fastica","fecha_de_publicacion":"01\/02\/2019","novedad":"1","paginas":"40","subtitulo":"CUENTO PARA ABORDAR EL TRAUMA, EL DUELO Y LA RESILIENCIA EN LA INFANCIA","orden":"0","portada":"0","idioma":"spa","editorial":[{"ID":6301,"post_author":"3","post_date":"2022-07-28 17:49:15","post_date_gmt":"2022-07-28 15:49:15","post_content":"","post_title":"Marcombo","post_excerpt":"","post_status":"publish","comment_status":"closed","ping_status":"closed","post_password":"","post_name":"marcombo","to_ping":"","pinged":"","post_modified":"2022-07-28 17:49:15","post_modified_gmt":"2022-07-28 15:49:15","post_content_filtered":"","post_parent":0,"guid":"http:\/\/dev.claret.cat\/editorial\/marcombo\/","menu_order":0,"post_type":"editorial","post_mime_type":"","comment_count":"0","filter":"raw"}],"autores-libros":[{"ID":164389,"post_author":"3","post_date":"2022-10-14 17:46:41","post_date_gmt":"2022-10-14 15:46:41","post_content":"","post_title":"MARYORIE DANTAGNAN","post_excerpt":"","post_status":"publish","comment_status":"closed","ping_status":"closed","post_password":"","post_name":"maryorie-dantagnan","to_ping":"","pinged":"","post_modified":"2022-10-14 17:46:41","post_modified_gmt":"2022-10-14 15:46:41","post_content_filtered":"","post_parent":0,"guid":"http:\/\/dev.claret.cat\/autor\/maryorie-dantagnan\/","menu_order":0,"post_type":"autor","post_mime_type":"","comment_count":"0","filter":"raw"},{"ID":163039,"post_author":"3","post_date":"2022-10-14 17:35:50","post_date_gmt":"2022-10-14 15:35:50","post_content":"","post_title":"M\u00aaJESUS SANTOS (ILUSTRADORA)","post_excerpt":"","post_status":"publish","comment_status":"closed","ping_status":"closed","post_password":"","post_name":"majesus-santos-ilustradora","to_ping":"","pinged":"","post_modified":"2022-10-14 17:35:50","post_modified_gmt":"2022-10-14 15:35:50","post_content_filtered":"","post_parent":0,"guid":"http:\/\/dev.claret.cat\/autor\/majesus-santos-ilustradora\/","menu_order":0,"post_type":"autor","post_mime_type":"","comment_count":"0","filter":"raw"},{"ID":160049,"post_author":"3","post_date":"2022-10-14 15:49:53","post_date_gmt":"2022-10-14 13:49:53","post_content":"","post_title":"JORGE BARUDY","post_excerpt":"","post_status":"publish","comment_status":"closed","ping_status":"closed","post_password":"","post_name":"jorge-barudy","to_ping":"","pinged":"","post_modified":"2022-10-14 15:49:53","post_modified_gmt":"2022-10-14 13:49:53","post_content_filtered":"","post_parent":0,"guid":"http:\/\/dev.claret.cat\/autor\/jorge-barudy\/","menu_order":0,"post_type":"autor","post_mime_type":"","comment_count":"0","filter":"raw"}]},"aioseo_notices":[],"aioseo_head":"\n\t\t<!-- All in One SEO Pro 5.0.1.1 - aioseo.com -->\n\t<meta name=\"description\" content=\"EL TALISM\u00c1N DE LUNA de BARUDY, JORGE \/ DANTAGNAN, MARYORIE \/ SANTOS (ILUSTRADORA), M\u00aaJESUS disponible a\/en Llibreria Claret.\" \/>\n\t<meta name=\"robots\" content=\"max-image-preview:large\" \/>\n\t<meta name=\"google-site-verification\" content=\"xVtlFxJ-TfkIu-D-lt7XeLobefg5EIQiXTuqcSf8Rf0\" \/>\n\t<link rel=\"canonical\" href=\"https:\/\/www.claret.cat\/es\/libro\/el-talisman-de-luna-9788426726810\/\" \/>\n\t<meta name=\"generator\" content=\"All in One SEO Pro (AIOSEO) 5.0.1.1\" \/>\n\t\t<meta property=\"og:locale\" content=\"es_ES\" \/>\n\t\t<meta property=\"og:site_name\" content=\"Llibreria Claret - Llibreria religiosa a Barcelona\" \/>\n\t\t<meta property=\"og:type\" content=\"article\" \/>\n\t\t<meta property=\"og:title\" content=\"EL TALISM\u00c1N DE LUNA - BARUDY, JORGE \/ DANTAGNAN, MARYORIE \/ SANTOS (ILUSTRADORA), M\u00aaJESUS 9788426726810 | Llibreria Claret\" \/>\n\t\t<meta property=\"og:description\" content=\"EL TALISM\u00c1N DE LUNA de BARUDY, JORGE \/ DANTAGNAN, MARYORIE \/ SANTOS (ILUSTRADORA), M\u00aaJESUS disponible a\/en Llibreria Claret.\" \/>\n\t\t<meta property=\"og:url\" content=\"https:\/\/www.claret.cat\/es\/libro\/el-talisman-de-luna-9788426726810\/\" \/>\n\t\t<meta property=\"og:image\" content=\"https:\/\/dev.claret.cat\/wp-content\/uploads\/logo-claret.svg\" \/>\n\t\t<meta property=\"og:image:secure_url\" content=\"https:\/\/dev.claret.cat\/wp-content\/uploads\/logo-claret.svg\" \/>\n\t\t<meta property=\"article:published_time\" content=\"2022-10-02T08:48:55+00:00\" \/>\n\t\t<meta property=\"article:modified_time\" content=\"2023-01-28T10:16:41+00:00\" \/>\n\t\t<meta property=\"article:publisher\" content=\"https:\/\/www.facebook.com\/LlibreriaClaret\" \/>\n\t\t<meta name=\"twitter:card\" content=\"summary_large_image\" \/>\n\t\t<meta name=\"twitter:site\" content=\"@LlibreriaClaret\" \/>\n\t\t<meta name=\"twitter:title\" content=\"EL TALISM\u00c1N DE LUNA - BARUDY, JORGE \/ DANTAGNAN, MARYORIE \/ SANTOS (ILUSTRADORA), M\u00aaJESUS 9788426726810 | Llibreria Claret\" \/>\n\t\t<meta name=\"twitter:description\" content=\"EL TALISM\u00c1N DE LUNA de BARUDY, JORGE \/ DANTAGNAN, MARYORIE \/ SANTOS (ILUSTRADORA), M\u00aaJESUS disponible a\/en Llibreria Claret.\" \/>\n\t\t<meta name=\"twitter:image\" content=\"http:\/\/dev.claret.cat\/wp-content\/uploads\/logo-claret.svg\" \/>\n\t\t<script type=\"application\/ld+json\" class=\"aioseo-schema\">\n\t\t\t{\"@context\":\"https:\\\/\\\/schema.org\",\"@graph\":[{\"@type\":\"BreadcrumbList\",\"@id\":\"https:\\\/\\\/www.claret.cat\\\/es\\\/libro\\\/el-talisman-de-luna-9788426726810\\\/#breadcrumblist\",\"itemListElement\":[{\"@type\":\"ListItem\",\"@id\":\"https:\\\/\\\/www.claret.cat\\\/es\\\/#listItem\",\"position\":1,\"name\":\"Home\",\"item\":\"https:\\\/\\\/www.claret.cat\\\/es\\\/\",\"nextItem\":{\"@type\":\"ListItem\",\"@id\":\"https:\\\/\\\/www.claret.cat\\\/?page_id=16#listItem\",\"name\":\"Botiga\"}},{\"@type\":\"ListItem\",\"@id\":\"https:\\\/\\\/www.claret.cat\\\/?page_id=16#listItem\",\"position\":2,\"name\":\"Botiga\",\"item\":\"https:\\\/\\\/www.claret.cat\\\/?page_id=16\",\"nextItem\":{\"@type\":\"ListItem\",\"@id\":\"https:\\\/\\\/www.claret.cat\\\/categoria-producto\\\/cat\\\/#listItem\",\"name\":\"CAT\"},\"previousItem\":{\"@type\":\"ListItem\",\"@id\":\"https:\\\/\\\/www.claret.cat\\\/es\\\/#listItem\",\"name\":\"Home\"}},{\"@type\":\"ListItem\",\"@id\":\"https:\\\/\\\/www.claret.cat\\\/categoria-producto\\\/cat\\\/#listItem\",\"position\":3,\"name\":\"CAT\",\"item\":\"https:\\\/\\\/www.claret.cat\\\/categoria-producto\\\/cat\\\/\",\"nextItem\":{\"@type\":\"ListItem\",\"@id\":\"https:\\\/\\\/www.claret.cat\\\/categoria-producto\\\/cat\\\/3_infantil-juvenil\\\/#listItem\",\"name\":\"Infantil \\\/ Juvenil\"},\"previousItem\":{\"@type\":\"ListItem\",\"@id\":\"https:\\\/\\\/www.claret.cat\\\/?page_id=16#listItem\",\"name\":\"Botiga\"}},{\"@type\":\"ListItem\",\"@id\":\"https:\\\/\\\/www.claret.cat\\\/categoria-producto\\\/cat\\\/3_infantil-juvenil\\\/#listItem\",\"position\":4,\"name\":\"Infantil \\\/ Juvenil\",\"item\":\"https:\\\/\\\/www.claret.cat\\\/categoria-producto\\\/cat\\\/3_infantil-juvenil\\\/\",\"nextItem\":{\"@type\":\"ListItem\",\"@id\":\"https:\\\/\\\/www.claret.cat\\\/categoria-producto\\\/cat\\\/3_infantil-juvenil\\\/infantil\\\/#listItem\",\"name\":\"Infantil\"},\"previousItem\":{\"@type\":\"ListItem\",\"@id\":\"https:\\\/\\\/www.claret.cat\\\/categoria-producto\\\/cat\\\/#listItem\",\"name\":\"CAT\"}},{\"@type\":\"ListItem\",\"@id\":\"https:\\\/\\\/www.claret.cat\\\/categoria-producto\\\/cat\\\/3_infantil-juvenil\\\/infantil\\\/#listItem\",\"position\":5,\"name\":\"Infantil\",\"item\":\"https:\\\/\\\/www.claret.cat\\\/categoria-producto\\\/cat\\\/3_infantil-juvenil\\\/infantil\\\/\",\"nextItem\":{\"@type\":\"ListItem\",\"@id\":\"https:\\\/\\\/www.claret.cat\\\/es\\\/libro\\\/el-talisman-de-luna-9788426726810\\\/#listItem\",\"name\":\"EL TALISM\\u00c1N DE LUNA\"},\"previousItem\":{\"@type\":\"ListItem\",\"@id\":\"https:\\\/\\\/www.claret.cat\\\/categoria-producto\\\/cat\\\/3_infantil-juvenil\\\/#listItem\",\"name\":\"Infantil \\\/ Juvenil\"}},{\"@type\":\"ListItem\",\"@id\":\"https:\\\/\\\/www.claret.cat\\\/es\\\/libro\\\/el-talisman-de-luna-9788426726810\\\/#listItem\",\"position\":6,\"name\":\"EL TALISM\\u00c1N DE LUNA\",\"previousItem\":{\"@type\":\"ListItem\",\"@id\":\"https:\\\/\\\/www.claret.cat\\\/categoria-producto\\\/cat\\\/3_infantil-juvenil\\\/infantil\\\/#listItem\",\"name\":\"Infantil\"}}]},{\"@type\":\"ItemPage\",\"@id\":\"https:\\\/\\\/www.claret.cat\\\/es\\\/libro\\\/el-talisman-de-luna-9788426726810\\\/#itempage\",\"url\":\"https:\\\/\\\/www.claret.cat\\\/es\\\/libro\\\/el-talisman-de-luna-9788426726810\\\/\",\"name\":\"EL TALISM\\u00c1N DE LUNA - BARUDY, JORGE \\\/ DANTAGNAN, MARYORIE \\\/ SANTOS (ILUSTRADORA), M\\u00aaJESUS 9788426726810 | Llibreria Claret\",\"description\":\"EL TALISM\\u00c1N DE LUNA de BARUDY, JORGE \\\/ DANTAGNAN, MARYORIE \\\/ SANTOS (ILUSTRADORA), M\\u00aaJESUS disponible a\\\/en Llibreria Claret.\",\"inLanguage\":\"es-ES\",\"isPartOf\":{\"@id\":\"https:\\\/\\\/www.claret.cat\\\/es\\\/#website\"},\"breadcrumb\":{\"@id\":\"https:\\\/\\\/www.claret.cat\\\/es\\\/libro\\\/el-talisman-de-luna-9788426726810\\\/#breadcrumblist\"},\"image\":{\"@type\":\"ImageObject\",\"url\":\"https:\\\/\\\/www.claret.cat\\\/wp-content\\\/uploads\\\/.\\\/9788426726810.png\",\"@id\":\"https:\\\/\\\/www.claret.cat\\\/es\\\/libro\\\/el-talisman-de-luna-9788426726810\\\/#mainImage\",\"width\":225,\"height\":225,\"caption\":\"9788426726810.png\"},\"primaryImageOfPage\":{\"@id\":\"https:\\\/\\\/www.claret.cat\\\/es\\\/libro\\\/el-talisman-de-luna-9788426726810\\\/#mainImage\"},\"datePublished\":\"2022-10-02T10:48:55+02:00\",\"dateModified\":\"2023-01-28T11:16:41+01:00\"},{\"@type\":\"Organization\",\"@id\":\"https:\\\/\\\/www.claret.cat\\\/es\\\/#organization\",\"name\":\"Llibreria Claret\",\"description\":\"Llibreria religiosa a Barcelona\",\"url\":\"https:\\\/\\\/www.claret.cat\\\/es\\\/\",\"email\":\"comunicacio@claret.cat\",\"telephone\":\"+34933010887\",\"logo\":{\"@type\":\"ImageObject\",\"url\":\"https:\\\/\\\/www.claret.cat\\\/wp-content\\\/uploads\\\/.\\\/logo-claret-es.png\",\"@id\":\"https:\\\/\\\/www.claret.cat\\\/es\\\/libro\\\/el-talisman-de-luna-9788426726810\\\/#organizationLogo\",\"width\":195,\"height\":79},\"image\":{\"@id\":\"https:\\\/\\\/www.claret.cat\\\/es\\\/libro\\\/el-talisman-de-luna-9788426726810\\\/#organizationLogo\"},\"sameAs\":[\"https:\\\/\\\/www.facebook.com\\\/LlibreriaClaret\",\"https:\\\/\\\/twitter.com\\\/LlibreriaClaret\",\"https:\\\/\\\/www.instagram.com\\\/llibreriaclaret\\\/\",\"https:\\\/\\\/www.tiktok.com\\\/@llibreriaclaret\",\"https:\\\/\\\/www.youtube.com\\\/@llibreriaclaret\",\"https:\\\/\\\/ca.wikipedia.org\\\/wiki\\\/Editorial_Claret\"]},{\"@type\":\"WebPage\",\"@id\":\"https:\\\/\\\/www.claret.cat\\\/es\\\/libro\\\/el-talisman-de-luna-9788426726810\\\/#webpage\",\"url\":\"https:\\\/\\\/www.claret.cat\\\/es\\\/libro\\\/el-talisman-de-luna-9788426726810\\\/\",\"name\":\"EL TALISM\\u00c1N DE LUNA - BARUDY, JORGE \\\/ DANTAGNAN, MARYORIE \\\/ SANTOS (ILUSTRADORA), M\\u00aaJESUS 9788426726810 | Llibreria Claret\",\"description\":\"EL TALISM\\u00c1N DE LUNA de BARUDY, JORGE \\\/ DANTAGNAN, MARYORIE \\\/ SANTOS (ILUSTRADORA), M\\u00aaJESUS disponible a\\\/en Llibreria Claret.\",\"inLanguage\":\"es-ES\",\"isPartOf\":{\"@id\":\"https:\\\/\\\/www.claret.cat\\\/es\\\/#website\"},\"breadcrumb\":{\"@id\":\"https:\\\/\\\/www.claret.cat\\\/es\\\/libro\\\/el-talisman-de-luna-9788426726810\\\/#breadcrumblist\"},\"image\":{\"@type\":\"ImageObject\",\"url\":\"https:\\\/\\\/www.claret.cat\\\/wp-content\\\/uploads\\\/.\\\/9788426726810.png\",\"@id\":\"https:\\\/\\\/www.claret.cat\\\/es\\\/libro\\\/el-talisman-de-luna-9788426726810\\\/#mainImage\",\"width\":225,\"height\":225,\"caption\":\"9788426726810.png\"},\"primaryImageOfPage\":{\"@id\":\"https:\\\/\\\/www.claret.cat\\\/es\\\/libro\\\/el-talisman-de-luna-9788426726810\\\/#mainImage\"},\"datePublished\":\"2022-10-02T10:48:55+02:00\",\"dateModified\":\"2023-01-28T11:16:41+01:00\"},{\"@type\":\"WebSite\",\"@id\":\"https:\\\/\\\/www.claret.cat\\\/es\\\/#website\",\"url\":\"https:\\\/\\\/www.claret.cat\\\/es\\\/\",\"name\":\"Llibreria Claret Barcelona\",\"alternateName\":\"Llibreria Claret\",\"description\":\"Llibreria religiosa a Barcelona\",\"inLanguage\":\"es-ES\",\"publisher\":{\"@id\":\"https:\\\/\\\/www.claret.cat\\\/es\\\/#organization\"}}]}\n\t\t<\/script>\n\t\t<!-- All in One SEO Pro -->\r\n\t\t<title>EL TALISM\u00c1N DE LUNA - BARUDY, JORGE \/ DANTAGNAN, MARYORIE \/ SANTOS (ILUSTRADORA), M\u00aaJESUS 9788426726810 | Llibreria Claret<\/title>\n\n","aioseo_head_json":{"title":"EL TALISM\u00c1N DE LUNA - BARUDY, JORGE \/ DANTAGNAN, MARYORIE \/ SANTOS (ILUSTRADORA), M\u00aaJESUS 9788426726810 | Llibreria Claret","description":"EL TALISM\u00c1N DE LUNA de BARUDY, JORGE \/ DANTAGNAN, MARYORIE \/ SANTOS (ILUSTRADORA), M\u00aaJESUS disponible a\/en Llibreria Claret.","canonical_url":"https:\/\/www.claret.cat\/es\/libro\/el-talisman-de-luna-9788426726810\/","robots":"max-image-preview:large","keywords":"","webmasterTools":{"google-site-verification":"xVtlFxJ-TfkIu-D-lt7XeLobefg5EIQiXTuqcSf8Rf0","miscellaneous":""},"schema":{"@context":"https:\/\/schema.org","@graph":[{"@type":"BreadcrumbList","@id":"https:\/\/www.claret.cat\/es\/libro\/el-talisman-de-luna-9788426726810\/#breadcrumblist","itemListElement":[{"@type":"ListItem","@id":"https:\/\/www.claret.cat\/es\/#listItem","position":1,"name":"Home","item":"https:\/\/www.claret.cat\/es\/","nextItem":{"@type":"ListItem","@id":"https:\/\/www.claret.cat\/?page_id=16#listItem","name":"Botiga"}},{"@type":"ListItem","@id":"https:\/\/www.claret.cat\/?page_id=16#listItem","position":2,"name":"Botiga","item":"https:\/\/www.claret.cat\/?page_id=16","nextItem":{"@type":"ListItem","@id":"https:\/\/www.claret.cat\/categoria-producto\/cat\/#listItem","name":"CAT"},"previousItem":{"@type":"ListItem","@id":"https:\/\/www.claret.cat\/es\/#listItem","name":"Home"}},{"@type":"ListItem","@id":"https:\/\/www.claret.cat\/categoria-producto\/cat\/#listItem","position":3,"name":"CAT","item":"https:\/\/www.claret.cat\/categoria-producto\/cat\/","nextItem":{"@type":"ListItem","@id":"https:\/\/www.claret.cat\/categoria-producto\/cat\/3_infantil-juvenil\/#listItem","name":"Infantil \/ Juvenil"},"previousItem":{"@type":"ListItem","@id":"https:\/\/www.claret.cat\/?page_id=16#listItem","name":"Botiga"}},{"@type":"ListItem","@id":"https:\/\/www.claret.cat\/categoria-producto\/cat\/3_infantil-juvenil\/#listItem","position":4,"name":"Infantil \/ Juvenil","item":"https:\/\/www.claret.cat\/categoria-producto\/cat\/3_infantil-juvenil\/","nextItem":{"@type":"ListItem","@id":"https:\/\/www.claret.cat\/categoria-producto\/cat\/3_infantil-juvenil\/infantil\/#listItem","name":"Infantil"},"previousItem":{"@type":"ListItem","@id":"https:\/\/www.claret.cat\/categoria-producto\/cat\/#listItem","name":"CAT"}},{"@type":"ListItem","@id":"https:\/\/www.claret.cat\/categoria-producto\/cat\/3_infantil-juvenil\/infantil\/#listItem","position":5,"name":"Infantil","item":"https:\/\/www.claret.cat\/categoria-producto\/cat\/3_infantil-juvenil\/infantil\/","nextItem":{"@type":"ListItem","@id":"https:\/\/www.claret.cat\/es\/libro\/el-talisman-de-luna-9788426726810\/#listItem","name":"EL TALISM\u00c1N DE LUNA"},"previousItem":{"@type":"ListItem","@id":"https:\/\/www.claret.cat\/categoria-producto\/cat\/3_infantil-juvenil\/#listItem","name":"Infantil \/ Juvenil"}},{"@type":"ListItem","@id":"https:\/\/www.claret.cat\/es\/libro\/el-talisman-de-luna-9788426726810\/#listItem","position":6,"name":"EL TALISM\u00c1N DE LUNA","previousItem":{"@type":"ListItem","@id":"https:\/\/www.claret.cat\/categoria-producto\/cat\/3_infantil-juvenil\/infantil\/#listItem","name":"Infantil"}}]},{"@type":"ItemPage","@id":"https:\/\/www.claret.cat\/es\/libro\/el-talisman-de-luna-9788426726810\/#itempage","url":"https:\/\/www.claret.cat\/es\/libro\/el-talisman-de-luna-9788426726810\/","name":"EL TALISM\u00c1N DE LUNA - BARUDY, JORGE \/ DANTAGNAN, MARYORIE \/ SANTOS (ILUSTRADORA), M\u00aaJESUS 9788426726810 | Llibreria Claret","description":"EL TALISM\u00c1N DE LUNA de BARUDY, JORGE \/ DANTAGNAN, MARYORIE \/ SANTOS (ILUSTRADORA), M\u00aaJESUS disponible a\/en Llibreria Claret.","inLanguage":"es-ES","isPartOf":{"@id":"https:\/\/www.claret.cat\/es\/#website"},"breadcrumb":{"@id":"https:\/\/www.claret.cat\/es\/libro\/el-talisman-de-luna-9788426726810\/#breadcrumblist"},"image":{"@type":"ImageObject","url":"https:\/\/www.claret.cat\/wp-content\/uploads\/.\/9788426726810.png","@id":"https:\/\/www.claret.cat\/es\/libro\/el-talisman-de-luna-9788426726810\/#mainImage","width":225,"height":225,"caption":"9788426726810.png"},"primaryImageOfPage":{"@id":"https:\/\/www.claret.cat\/es\/libro\/el-talisman-de-luna-9788426726810\/#mainImage"},"datePublished":"2022-10-02T10:48:55+02:00","dateModified":"2023-01-28T11:16:41+01:00"},{"@type":"Organization","@id":"https:\/\/www.claret.cat\/es\/#organization","name":"Llibreria Claret","description":"Llibreria religiosa a Barcelona","url":"https:\/\/www.claret.cat\/es\/","email":"comunicacio@claret.cat","telephone":"+34933010887","logo":{"@type":"ImageObject","url":"https:\/\/www.claret.cat\/wp-content\/uploads\/.\/logo-claret-es.png","@id":"https:\/\/www.claret.cat\/es\/libro\/el-talisman-de-luna-9788426726810\/#organizationLogo","width":195,"height":79},"image":{"@id":"https:\/\/www.claret.cat\/es\/libro\/el-talisman-de-luna-9788426726810\/#organizationLogo"},"sameAs":["https:\/\/www.facebook.com\/LlibreriaClaret","https:\/\/twitter.com\/LlibreriaClaret","https:\/\/www.instagram.com\/llibreriaclaret\/","https:\/\/www.tiktok.com\/@llibreriaclaret","https:\/\/www.youtube.com\/@llibreriaclaret","https:\/\/ca.wikipedia.org\/wiki\/Editorial_Claret"]},{"@type":"WebPage","@id":"https:\/\/www.claret.cat\/es\/libro\/el-talisman-de-luna-9788426726810\/#webpage","url":"https:\/\/www.claret.cat\/es\/libro\/el-talisman-de-luna-9788426726810\/","name":"EL TALISM\u00c1N DE LUNA - BARUDY, JORGE \/ DANTAGNAN, MARYORIE \/ SANTOS (ILUSTRADORA), M\u00aaJESUS 9788426726810 | Llibreria Claret","description":"EL TALISM\u00c1N DE LUNA de BARUDY, JORGE \/ DANTAGNAN, MARYORIE \/ SANTOS (ILUSTRADORA), M\u00aaJESUS disponible a\/en Llibreria Claret.","inLanguage":"es-ES","isPartOf":{"@id":"https:\/\/www.claret.cat\/es\/#website"},"breadcrumb":{"@id":"https:\/\/www.claret.cat\/es\/libro\/el-talisman-de-luna-9788426726810\/#breadcrumblist"},"image":{"@type":"ImageObject","url":"https:\/\/www.claret.cat\/wp-content\/uploads\/.\/9788426726810.png","@id":"https:\/\/www.claret.cat\/es\/libro\/el-talisman-de-luna-9788426726810\/#mainImage","width":225,"height":225,"caption":"9788426726810.png"},"primaryImageOfPage":{"@id":"https:\/\/www.claret.cat\/es\/libro\/el-talisman-de-luna-9788426726810\/#mainImage"},"datePublished":"2022-10-02T10:48:55+02:00","dateModified":"2023-01-28T11:16:41+01:00"},{"@type":"WebSite","@id":"https:\/\/www.claret.cat\/es\/#website","url":"https:\/\/www.claret.cat\/es\/","name":"Llibreria Claret Barcelona","alternateName":"Llibreria Claret","description":"Llibreria religiosa a Barcelona","inLanguage":"es-ES","publisher":{"@id":"https:\/\/www.claret.cat\/es\/#organization"}}]},"og:locale":"es_ES","og:site_name":"Llibreria Claret - Llibreria religiosa a Barcelona","og:type":"article","og:title":"EL TALISM\u00c1N DE LUNA - BARUDY, JORGE \/ DANTAGNAN, MARYORIE \/ SANTOS (ILUSTRADORA), M\u00aaJESUS 9788426726810 | Llibreria Claret","og:description":"EL TALISM\u00c1N DE LUNA de BARUDY, JORGE \/ DANTAGNAN, MARYORIE \/ SANTOS (ILUSTRADORA), M\u00aaJESUS disponible a\/en Llibreria Claret.","og:url":"https:\/\/www.claret.cat\/es\/libro\/el-talisman-de-luna-9788426726810\/","og:image":"https:\/\/dev.claret.cat\/wp-content\/uploads\/logo-claret.svg","og:image:secure_url":"https:\/\/dev.claret.cat\/wp-content\/uploads\/logo-claret.svg","article:published_time":"2022-10-02T08:48:55+00:00","article:modified_time":"2023-01-28T10:16:41+00:00","article:publisher":"https:\/\/www.facebook.com\/LlibreriaClaret","twitter:card":"summary_large_image","twitter:site":"@LlibreriaClaret","twitter:title":"EL TALISM\u00c1N DE LUNA - BARUDY, JORGE \/ DANTAGNAN, MARYORIE \/ SANTOS (ILUSTRADORA), M\u00aaJESUS 9788426726810 | Llibreria Claret","twitter:description":"EL TALISM\u00c1N DE LUNA de BARUDY, JORGE \/ DANTAGNAN, MARYORIE \/ SANTOS (ILUSTRADORA), M\u00aaJESUS disponible a\/en Llibreria Claret.","twitter:image":"http:\/\/dev.claret.cat\/wp-content\/uploads\/logo-claret.svg"},"aioseo_meta_data":{"post_id":"26731","title":null,"description":null,"keywords":null,"keyphrases":null,"primary_term":null,"canonical_url":null,"og_title":null,"og_description":null,"og_object_type":"default","og_image_type":"default","og_image_url":null,"og_image_width":null,"og_image_height":null,"og_image_custom_url":null,"og_image_custom_fields":null,"og_video":null,"og_custom_url":null,"og_article_section":null,"og_article_tags":null,"twitter_use_og":false,"twitter_card":"default","twitter_image_type":"default","twitter_image_url":null,"twitter_image_custom_url":null,"twitter_image_custom_fields":null,"twitter_title":null,"twitter_description":null,"schema":{"blockGraphs":[],"customGraphs":[],"default":{"data":{"Article":[],"Course":[],"Dataset":[],"FAQPage":[],"Movie":[],"Person":[],"Product":[],"ProductReview":[],"Car":[],"Recipe":[],"Service":[],"SoftwareApplication":[],"WebPage":[]},"graphName":"","isEnabled":true},"graphs":[]},"schema_type":"default","schema_type_options":null,"pillar_content":false,"robots_default":true,"robots_noindex":false,"robots_noarchive":false,"robots_nosnippet":false,"robots_nofollow":false,"robots_noimageindex":false,"robots_noodp":false,"robots_notranslate":false,"robots_max_snippet":null,"robots_max_videopreview":null,"robots_max_imagepreview":"large","priority":null,"frequency":null,"local_seo":null,"seo_analyzer_scan_date":"2025-11-12 05:11:18","breadcrumb_settings":null,"limit_modified_date":false,"open_ai":null,"ai":null,"created":"2022-12-18 07:32:32","updated":"2025-11-12 05:11:18","focus_keyword":null,"additional_keywords":null,"truseo_locale":null},"aioseo_breadcrumb":"<div class=\"aioseo-breadcrumbs\"><span class=\"aioseo-breadcrumb\">\n\t<a href=\"https:\/\/www.claret.cat\/es\/\" title=\"Home\">Home<\/a>\n<\/span><span class=\"aioseo-breadcrumb-separator\">&raquo;<\/span><span class=\"aioseo-breadcrumb\">\n\t<a href=\"https:\/\/www.claret.cat\/?page_id=16\" title=\"Botiga\">Botiga<\/a>\n<\/span><span class=\"aioseo-breadcrumb-separator\">&raquo;<\/span><span class=\"aioseo-breadcrumb\">\n\t<a href=\"https:\/\/www.claret.cat\/categoria-producto\/cat\/\" title=\"CAT\">CAT<\/a>\n<\/span><span class=\"aioseo-breadcrumb-separator\">&raquo;<\/span><span class=\"aioseo-breadcrumb\">\n\t<a href=\"https:\/\/www.claret.cat\/categoria-producto\/cat\/3_infantil-juvenil\/\" title=\"Infantil \/ Juvenil\">Infantil \/ Juvenil<\/a>\n<\/span><span class=\"aioseo-breadcrumb-separator\">&raquo;<\/span><span class=\"aioseo-breadcrumb\">\n\t<a href=\"https:\/\/www.claret.cat\/categoria-producto\/cat\/3_infantil-juvenil\/infantil\/\" title=\"Infantil\">Infantil<\/a>\n<\/span><span class=\"aioseo-breadcrumb-separator\">&raquo;<\/span><span class=\"aioseo-breadcrumb\">\n\tEL TALISM\u00c1N DE LUNA\n<\/span><\/div>","aioseo_breadcrumb_json":[{"label":"Home","link":"https:\/\/www.claret.cat\/es\/"},{"label":"Botiga","link":"https:\/\/www.claret.cat\/?page_id=16"},{"label":"CAT","link":"https:\/\/www.claret.cat\/categoria-producto\/cat\/"},{"label":"Infantil \/ Juvenil","link":"https:\/\/www.claret.cat\/categoria-producto\/cat\/3_infantil-juvenil\/"},{"label":"Infantil","link":"https:\/\/www.claret.cat\/categoria-producto\/cat\/3_infantil-juvenil\/infantil\/"},{"label":"EL TALISM\u00c1N DE LUNA","link":"https:\/\/www.claret.cat\/es\/libro\/el-talisman-de-luna-9788426726810\/"}],"_links":{"self":[{"href":"https:\/\/www.claret.cat\/es\/wp-json\/wp\/v2\/product\/26731","targetHints":{"allow":["GET"]}}],"collection":[{"href":"https:\/\/www.claret.cat\/es\/wp-json\/wp\/v2\/product"}],"about":[{"href":"https:\/\/www.claret.cat\/es\/wp-json\/wp\/v2\/types\/product"}],"wp:featuredmedia":[{"embeddable":true,"href":"https:\/\/www.claret.cat\/es\/wp-json\/wp\/v2\/media\/68588"}],"wp:attachment":[{"href":"https:\/\/www.claret.cat\/es\/wp-json\/wp\/v2\/media?parent=26731"}],"wp:term":[{"taxonomy":"product_brand","embeddable":true,"href":"https:\/\/www.claret.cat\/es\/wp-json\/wp\/v2\/product_brand?post=26731"},{"taxonomy":"product_cat","embeddable":true,"href":"https:\/\/www.claret.cat\/es\/wp-json\/wp\/v2\/product_cat?post=26731"},{"taxonomy":"product_tag","embeddable":true,"href":"https:\/\/www.claret.cat\/es\/wp-json\/wp\/v2\/product_tag?post=26731"}],"curies":[{"name":"wp","href":"https:\/\/api.w.org\/{rel}","templated":true}]}}