{"id":26740,"date":"2022-10-02T10:49:04","date_gmt":"2022-10-02T08:49:04","guid":{"rendered":"http:\/\/dev.claret.cat\/producte\/el-talisma-de-la-luna\/"},"modified":"2023-01-28T18:28:19","modified_gmt":"2023-01-28T17:28:19","slug":"el-talisma-de-la-luna-9788426726964","status":"publish","type":"product","link":"https:\/\/www.claret.cat\/es\/libro\/el-talisma-de-la-luna-9788426726964\/","title":{"rendered":"EL TALISM\u00c0 DE LA LUNA"},"content":{"rendered":"<p>A la Luna li agrada molt jugar i divertir-se, per\u00f2 li ha passat una cosa terrible. Vols esbrinar com se sent? Vols ajudar-la a sentir-se millor? T&#8217;ha passat alguna vegada alguna cosa dif\u00edcil? Tria els adhesius i dibuixa les coses que et fan sentir millor. Els nens i nenes afectats per traumes necessiten i tenen dret a que els adults del seu entorn els donin afecte, seguretat i comprensi\u00f3, reconeixent la injust\u00edcia de ser afectats per successos en els quals ells no tenen cap culpa. Els autors d&#8217;aquest conte s\u00f3n la Maryorie Dantagnan i en Jorge Barudy. La Maryorie \u00e9s psic\u00f2loga i psicoterapeuta infantil, experta en psicoter\u00e0pia adaptada al sofriment, als danys traum\u00e0tics i als trastorns d&#8217;afecci\u00f3 de nens maltractats. \u00c9s responsable del programa de psicoter\u00e0pia del Centre EXIL per a nens traumatitzats, coordina el programa terap\u00e8utic per a fills de mares v\u00edctimes de viol\u00e8ncia de g\u00e8nere i \u00e9s codirectora del IFIV d&#8217;Espanya. En Jorge \u00e9s director i fundador de l&#8217;Associaci\u00f3 EXIL. \u00c9s tamb\u00e9 neuropsiquiatre, psiquiatre infantil i terapeuta familiar, establert a Barcelona des de fa anys. Va ser docent en ter\u00e0pia familiar sist\u00e8mica a la Universitat Cat\u00f2lica de Lovaina (B\u00e8lgica), \u00e9s professor convidat a diverses universitats espanyoles i xilenes, i \u00e9s autor de diverses publicacions. Aquest conte es recomana a nens i nenes entre 4 i 8 anys. Proporciona un llenguatge clar, senzill i divertit al mateix temps, cont\u00e9 elements que ajuden a entendre la dif\u00edcil situaci\u00f3 per la qual passa la protagonista, la Luna, i permet treure a la llum part de l&#8217;univers interior del petit\/a lector\/a a trav\u00e9s de:  * Preguntes que fomenten la reflexi\u00f3 i el desenvolupament de la intel\u00b7lig\u00e8ncia emocional * Element de transici\u00f3 a buscar per les p\u00e0gines del conte * Adhesius relacionats amb la hist\u00f2ria * P\u00e0gines per dibuixar * Recomanacions per als adults  Si vols explicar un altre tipus de situacions complexes a nens\/es i no saps com fer-ho, no et perdis els altres llibres de la col\u00b7lecci\u00f3 Senticontes.<\/p>\n","protected":false},"excerpt":{"rendered":"<p>BARUDY, JORGE \/ DANTAGNAN, MARYORIE \/ SANTOS (ILUSTRADORA), M\u00aaJESUS<\/p>\n","protected":false},"featured_media":68584,"template":"","meta":{"_acf_changed":false,"om_disable_all_campaigns":false,"rs_blank_template":"","rs_page_bg_color":"","slide_template_v7":"","inline_featured_image":false,"_monsterinsights_skip_tracking":false},"product_brand":[],"product_cat":[86],"product_tag":[],"class_list":["post-26740","product","type-product","status-publish","has-post-thumbnail","product_cat-infantil","first","instock","taxable","shipping-taxable","purchasable","product-type-simple"],"acf":{"autor":"BARUDY, JORGE \/ DANTAGNAN, MARYORIE \/ SANTOS (ILUSTRADORA), M\u00aaJESUS","codart":"842672696","libros-coleccion":"SENTICUENTOS","ediciones":"1","encuadernacion":"R\u00fastica","fecha_de_publicacion":"01\/02\/2019","novedad":"1","paginas":"40","subtitulo":"CONTE PER ABORDAR EL TRAUMA, EL DOL I LA RESILI\u00c8NCIA","orden":"0","portada":"0","idioma":"cat","editorial":[{"ID":6301,"post_author":"3","post_date":"2022-07-28 17:49:15","post_date_gmt":"2022-07-28 15:49:15","post_content":"","post_title":"Marcombo","post_excerpt":"","post_status":"publish","comment_status":"closed","ping_status":"closed","post_password":"","post_name":"marcombo","to_ping":"","pinged":"","post_modified":"2022-07-28 17:49:15","post_modified_gmt":"2022-07-28 15:49:15","post_content_filtered":"","post_parent":0,"guid":"http:\/\/dev.claret.cat\/editorial\/marcombo\/","menu_order":0,"post_type":"editorial","post_mime_type":"","comment_count":"0","filter":"raw"}],"autores-libros":[{"ID":164389,"post_author":"3","post_date":"2022-10-14 17:46:41","post_date_gmt":"2022-10-14 15:46:41","post_content":"","post_title":"MARYORIE DANTAGNAN","post_excerpt":"","post_status":"publish","comment_status":"closed","ping_status":"closed","post_password":"","post_name":"maryorie-dantagnan","to_ping":"","pinged":"","post_modified":"2022-10-14 17:46:41","post_modified_gmt":"2022-10-14 15:46:41","post_content_filtered":"","post_parent":0,"guid":"http:\/\/dev.claret.cat\/autor\/maryorie-dantagnan\/","menu_order":0,"post_type":"autor","post_mime_type":"","comment_count":"0","filter":"raw"},{"ID":163039,"post_author":"3","post_date":"2022-10-14 17:35:50","post_date_gmt":"2022-10-14 15:35:50","post_content":"","post_title":"M\u00aaJESUS SANTOS (ILUSTRADORA)","post_excerpt":"","post_status":"publish","comment_status":"closed","ping_status":"closed","post_password":"","post_name":"majesus-santos-ilustradora","to_ping":"","pinged":"","post_modified":"2022-10-14 17:35:50","post_modified_gmt":"2022-10-14 15:35:50","post_content_filtered":"","post_parent":0,"guid":"http:\/\/dev.claret.cat\/autor\/majesus-santos-ilustradora\/","menu_order":0,"post_type":"autor","post_mime_type":"","comment_count":"0","filter":"raw"},{"ID":160049,"post_author":"3","post_date":"2022-10-14 15:49:53","post_date_gmt":"2022-10-14 13:49:53","post_content":"","post_title":"JORGE BARUDY","post_excerpt":"","post_status":"publish","comment_status":"closed","ping_status":"closed","post_password":"","post_name":"jorge-barudy","to_ping":"","pinged":"","post_modified":"2022-10-14 15:49:53","post_modified_gmt":"2022-10-14 13:49:53","post_content_filtered":"","post_parent":0,"guid":"http:\/\/dev.claret.cat\/autor\/jorge-barudy\/","menu_order":0,"post_type":"autor","post_mime_type":"","comment_count":"0","filter":"raw"}]},"aioseo_notices":[],"aioseo_head":"\n\t\t<!-- All in One SEO Pro 5.0.1.1 - aioseo.com -->\n\t<meta name=\"description\" content=\"EL TALISM\u00c0 DE LA LUNA de BARUDY, JORGE \/ DANTAGNAN, MARYORIE \/ SANTOS (ILUSTRADORA), M\u00aaJESUS disponible a\/en Llibreria Claret.\" \/>\n\t<meta name=\"robots\" content=\"max-image-preview:large\" \/>\n\t<meta name=\"google-site-verification\" content=\"xVtlFxJ-TfkIu-D-lt7XeLobefg5EIQiXTuqcSf8Rf0\" \/>\n\t<link rel=\"canonical\" href=\"https:\/\/www.claret.cat\/es\/libro\/el-talisma-de-la-luna-9788426726964\/\" \/>\n\t<meta name=\"generator\" content=\"All in One SEO Pro (AIOSEO) 5.0.1.1\" \/>\n\t\t<meta property=\"og:locale\" content=\"es_ES\" \/>\n\t\t<meta property=\"og:site_name\" content=\"Llibreria Claret - Llibreria religiosa a Barcelona\" \/>\n\t\t<meta property=\"og:type\" content=\"article\" \/>\n\t\t<meta property=\"og:title\" content=\"EL TALISM\u00c0 DE LA LUNA - BARUDY, JORGE \/ DANTAGNAN, MARYORIE \/ SANTOS (ILUSTRADORA), M\u00aaJESUS 9788426726964 | Llibreria Claret\" \/>\n\t\t<meta property=\"og:description\" content=\"EL TALISM\u00c0 DE LA LUNA de BARUDY, JORGE \/ DANTAGNAN, MARYORIE \/ SANTOS (ILUSTRADORA), M\u00aaJESUS disponible a\/en Llibreria Claret.\" \/>\n\t\t<meta property=\"og:url\" content=\"https:\/\/www.claret.cat\/es\/libro\/el-talisma-de-la-luna-9788426726964\/\" \/>\n\t\t<meta property=\"og:image\" content=\"https:\/\/dev.claret.cat\/wp-content\/uploads\/logo-claret.svg\" \/>\n\t\t<meta property=\"og:image:secure_url\" content=\"https:\/\/dev.claret.cat\/wp-content\/uploads\/logo-claret.svg\" \/>\n\t\t<meta property=\"article:published_time\" content=\"2022-10-02T08:49:04+00:00\" \/>\n\t\t<meta property=\"article:modified_time\" content=\"2023-01-28T17:28:19+00:00\" \/>\n\t\t<meta property=\"article:publisher\" content=\"https:\/\/www.facebook.com\/LlibreriaClaret\" \/>\n\t\t<meta name=\"twitter:card\" content=\"summary_large_image\" \/>\n\t\t<meta name=\"twitter:site\" content=\"@LlibreriaClaret\" \/>\n\t\t<meta name=\"twitter:title\" content=\"EL TALISM\u00c0 DE LA LUNA - BARUDY, JORGE \/ DANTAGNAN, MARYORIE \/ SANTOS (ILUSTRADORA), M\u00aaJESUS 9788426726964 | Llibreria Claret\" \/>\n\t\t<meta name=\"twitter:description\" content=\"EL TALISM\u00c0 DE LA LUNA de BARUDY, JORGE \/ DANTAGNAN, MARYORIE \/ SANTOS (ILUSTRADORA), M\u00aaJESUS disponible a\/en Llibreria Claret.\" \/>\n\t\t<meta name=\"twitter:image\" content=\"http:\/\/dev.claret.cat\/wp-content\/uploads\/logo-claret.svg\" \/>\n\t\t<script type=\"application\/ld+json\" class=\"aioseo-schema\">\n\t\t\t{\"@context\":\"https:\\\/\\\/schema.org\",\"@graph\":[{\"@type\":\"BreadcrumbList\",\"@id\":\"https:\\\/\\\/www.claret.cat\\\/es\\\/libro\\\/el-talisma-de-la-luna-9788426726964\\\/#breadcrumblist\",\"itemListElement\":[{\"@type\":\"ListItem\",\"@id\":\"https:\\\/\\\/www.claret.cat\\\/es\\\/#listItem\",\"position\":1,\"name\":\"Home\",\"item\":\"https:\\\/\\\/www.claret.cat\\\/es\\\/\",\"nextItem\":{\"@type\":\"ListItem\",\"@id\":\"https:\\\/\\\/www.claret.cat\\\/?page_id=16#listItem\",\"name\":\"Botiga\"}},{\"@type\":\"ListItem\",\"@id\":\"https:\\\/\\\/www.claret.cat\\\/?page_id=16#listItem\",\"position\":2,\"name\":\"Botiga\",\"item\":\"https:\\\/\\\/www.claret.cat\\\/?page_id=16\",\"nextItem\":{\"@type\":\"ListItem\",\"@id\":\"https:\\\/\\\/www.claret.cat\\\/categoria-producto\\\/cat\\\/#listItem\",\"name\":\"CAT\"},\"previousItem\":{\"@type\":\"ListItem\",\"@id\":\"https:\\\/\\\/www.claret.cat\\\/es\\\/#listItem\",\"name\":\"Home\"}},{\"@type\":\"ListItem\",\"@id\":\"https:\\\/\\\/www.claret.cat\\\/categoria-producto\\\/cat\\\/#listItem\",\"position\":3,\"name\":\"CAT\",\"item\":\"https:\\\/\\\/www.claret.cat\\\/categoria-producto\\\/cat\\\/\",\"nextItem\":{\"@type\":\"ListItem\",\"@id\":\"https:\\\/\\\/www.claret.cat\\\/categoria-producto\\\/cat\\\/3_infantil-juvenil\\\/#listItem\",\"name\":\"Infantil \\\/ Juvenil\"},\"previousItem\":{\"@type\":\"ListItem\",\"@id\":\"https:\\\/\\\/www.claret.cat\\\/?page_id=16#listItem\",\"name\":\"Botiga\"}},{\"@type\":\"ListItem\",\"@id\":\"https:\\\/\\\/www.claret.cat\\\/categoria-producto\\\/cat\\\/3_infantil-juvenil\\\/#listItem\",\"position\":4,\"name\":\"Infantil \\\/ Juvenil\",\"item\":\"https:\\\/\\\/www.claret.cat\\\/categoria-producto\\\/cat\\\/3_infantil-juvenil\\\/\",\"nextItem\":{\"@type\":\"ListItem\",\"@id\":\"https:\\\/\\\/www.claret.cat\\\/categoria-producto\\\/cat\\\/3_infantil-juvenil\\\/infantil\\\/#listItem\",\"name\":\"Infantil\"},\"previousItem\":{\"@type\":\"ListItem\",\"@id\":\"https:\\\/\\\/www.claret.cat\\\/categoria-producto\\\/cat\\\/#listItem\",\"name\":\"CAT\"}},{\"@type\":\"ListItem\",\"@id\":\"https:\\\/\\\/www.claret.cat\\\/categoria-producto\\\/cat\\\/3_infantil-juvenil\\\/infantil\\\/#listItem\",\"position\":5,\"name\":\"Infantil\",\"item\":\"https:\\\/\\\/www.claret.cat\\\/categoria-producto\\\/cat\\\/3_infantil-juvenil\\\/infantil\\\/\",\"nextItem\":{\"@type\":\"ListItem\",\"@id\":\"https:\\\/\\\/www.claret.cat\\\/es\\\/libro\\\/el-talisma-de-la-luna-9788426726964\\\/#listItem\",\"name\":\"EL TALISM\\u00c0 DE LA LUNA\"},\"previousItem\":{\"@type\":\"ListItem\",\"@id\":\"https:\\\/\\\/www.claret.cat\\\/categoria-producto\\\/cat\\\/3_infantil-juvenil\\\/#listItem\",\"name\":\"Infantil \\\/ Juvenil\"}},{\"@type\":\"ListItem\",\"@id\":\"https:\\\/\\\/www.claret.cat\\\/es\\\/libro\\\/el-talisma-de-la-luna-9788426726964\\\/#listItem\",\"position\":6,\"name\":\"EL TALISM\\u00c0 DE LA LUNA\",\"previousItem\":{\"@type\":\"ListItem\",\"@id\":\"https:\\\/\\\/www.claret.cat\\\/categoria-producto\\\/cat\\\/3_infantil-juvenil\\\/infantil\\\/#listItem\",\"name\":\"Infantil\"}}]},{\"@type\":\"ItemPage\",\"@id\":\"https:\\\/\\\/www.claret.cat\\\/es\\\/libro\\\/el-talisma-de-la-luna-9788426726964\\\/#itempage\",\"url\":\"https:\\\/\\\/www.claret.cat\\\/es\\\/libro\\\/el-talisma-de-la-luna-9788426726964\\\/\",\"name\":\"EL TALISM\\u00c0 DE LA LUNA - BARUDY, JORGE \\\/ DANTAGNAN, MARYORIE \\\/ SANTOS (ILUSTRADORA), M\\u00aaJESUS 9788426726964 | Llibreria Claret\",\"description\":\"EL TALISM\\u00c0 DE LA LUNA de BARUDY, JORGE \\\/ DANTAGNAN, MARYORIE \\\/ SANTOS (ILUSTRADORA), M\\u00aaJESUS disponible a\\\/en Llibreria Claret.\",\"inLanguage\":\"es-ES\",\"isPartOf\":{\"@id\":\"https:\\\/\\\/www.claret.cat\\\/es\\\/#website\"},\"breadcrumb\":{\"@id\":\"https:\\\/\\\/www.claret.cat\\\/es\\\/libro\\\/el-talisma-de-la-luna-9788426726964\\\/#breadcrumblist\"},\"image\":{\"@type\":\"ImageObject\",\"url\":\"https:\\\/\\\/www.claret.cat\\\/wp-content\\\/uploads\\\/.\\\/9788426726964.png\",\"@id\":\"https:\\\/\\\/www.claret.cat\\\/es\\\/libro\\\/el-talisma-de-la-luna-9788426726964\\\/#mainImage\",\"width\":225,\"height\":225,\"caption\":\"9788426726964.png\"},\"primaryImageOfPage\":{\"@id\":\"https:\\\/\\\/www.claret.cat\\\/es\\\/libro\\\/el-talisma-de-la-luna-9788426726964\\\/#mainImage\"},\"datePublished\":\"2022-10-02T10:49:04+02:00\",\"dateModified\":\"2023-01-28T18:28:19+01:00\"},{\"@type\":\"Organization\",\"@id\":\"https:\\\/\\\/www.claret.cat\\\/es\\\/#organization\",\"name\":\"Llibreria Claret\",\"description\":\"Llibreria religiosa a Barcelona\",\"url\":\"https:\\\/\\\/www.claret.cat\\\/es\\\/\",\"email\":\"comunicacio@claret.cat\",\"telephone\":\"+34933010887\",\"logo\":{\"@type\":\"ImageObject\",\"url\":\"https:\\\/\\\/www.claret.cat\\\/wp-content\\\/uploads\\\/.\\\/logo-claret-es.png\",\"@id\":\"https:\\\/\\\/www.claret.cat\\\/es\\\/libro\\\/el-talisma-de-la-luna-9788426726964\\\/#organizationLogo\",\"width\":195,\"height\":79},\"image\":{\"@id\":\"https:\\\/\\\/www.claret.cat\\\/es\\\/libro\\\/el-talisma-de-la-luna-9788426726964\\\/#organizationLogo\"},\"sameAs\":[\"https:\\\/\\\/www.facebook.com\\\/LlibreriaClaret\",\"https:\\\/\\\/twitter.com\\\/LlibreriaClaret\",\"https:\\\/\\\/www.instagram.com\\\/llibreriaclaret\\\/\",\"https:\\\/\\\/www.tiktok.com\\\/@llibreriaclaret\",\"https:\\\/\\\/www.youtube.com\\\/@llibreriaclaret\",\"https:\\\/\\\/ca.wikipedia.org\\\/wiki\\\/Editorial_Claret\"]},{\"@type\":\"WebPage\",\"@id\":\"https:\\\/\\\/www.claret.cat\\\/es\\\/libro\\\/el-talisma-de-la-luna-9788426726964\\\/#webpage\",\"url\":\"https:\\\/\\\/www.claret.cat\\\/es\\\/libro\\\/el-talisma-de-la-luna-9788426726964\\\/\",\"name\":\"EL TALISM\\u00c0 DE LA LUNA - BARUDY, JORGE \\\/ DANTAGNAN, MARYORIE \\\/ SANTOS (ILUSTRADORA), M\\u00aaJESUS 9788426726964 | Llibreria Claret\",\"description\":\"EL TALISM\\u00c0 DE LA LUNA de BARUDY, JORGE \\\/ DANTAGNAN, MARYORIE \\\/ SANTOS (ILUSTRADORA), M\\u00aaJESUS disponible a\\\/en Llibreria Claret.\",\"inLanguage\":\"es-ES\",\"isPartOf\":{\"@id\":\"https:\\\/\\\/www.claret.cat\\\/es\\\/#website\"},\"breadcrumb\":{\"@id\":\"https:\\\/\\\/www.claret.cat\\\/es\\\/libro\\\/el-talisma-de-la-luna-9788426726964\\\/#breadcrumblist\"},\"image\":{\"@type\":\"ImageObject\",\"url\":\"https:\\\/\\\/www.claret.cat\\\/wp-content\\\/uploads\\\/.\\\/9788426726964.png\",\"@id\":\"https:\\\/\\\/www.claret.cat\\\/es\\\/libro\\\/el-talisma-de-la-luna-9788426726964\\\/#mainImage\",\"width\":225,\"height\":225,\"caption\":\"9788426726964.png\"},\"primaryImageOfPage\":{\"@id\":\"https:\\\/\\\/www.claret.cat\\\/es\\\/libro\\\/el-talisma-de-la-luna-9788426726964\\\/#mainImage\"},\"datePublished\":\"2022-10-02T10:49:04+02:00\",\"dateModified\":\"2023-01-28T18:28:19+01:00\"},{\"@type\":\"WebSite\",\"@id\":\"https:\\\/\\\/www.claret.cat\\\/es\\\/#website\",\"url\":\"https:\\\/\\\/www.claret.cat\\\/es\\\/\",\"name\":\"Llibreria Claret Barcelona\",\"alternateName\":\"Llibreria Claret\",\"description\":\"Llibreria religiosa a Barcelona\",\"inLanguage\":\"es-ES\",\"publisher\":{\"@id\":\"https:\\\/\\\/www.claret.cat\\\/es\\\/#organization\"}}]}\n\t\t<\/script>\n\t\t<!-- All in One SEO Pro -->\r\n\t\t<title>EL TALISM\u00c0 DE LA LUNA - BARUDY, JORGE \/ DANTAGNAN, MARYORIE \/ SANTOS (ILUSTRADORA), M\u00aaJESUS 9788426726964 | Llibreria Claret<\/title>\n\n","aioseo_head_json":{"title":"EL TALISM\u00c0 DE LA LUNA - BARUDY, JORGE \/ DANTAGNAN, MARYORIE \/ SANTOS (ILUSTRADORA), M\u00aaJESUS 9788426726964 | Llibreria Claret","description":"EL TALISM\u00c0 DE LA LUNA de BARUDY, JORGE \/ DANTAGNAN, MARYORIE \/ SANTOS (ILUSTRADORA), M\u00aaJESUS disponible a\/en Llibreria Claret.","canonical_url":"https:\/\/www.claret.cat\/es\/libro\/el-talisma-de-la-luna-9788426726964\/","robots":"max-image-preview:large","keywords":"","webmasterTools":{"google-site-verification":"xVtlFxJ-TfkIu-D-lt7XeLobefg5EIQiXTuqcSf8Rf0","miscellaneous":""},"schema":{"@context":"https:\/\/schema.org","@graph":[{"@type":"BreadcrumbList","@id":"https:\/\/www.claret.cat\/es\/libro\/el-talisma-de-la-luna-9788426726964\/#breadcrumblist","itemListElement":[{"@type":"ListItem","@id":"https:\/\/www.claret.cat\/es\/#listItem","position":1,"name":"Home","item":"https:\/\/www.claret.cat\/es\/","nextItem":{"@type":"ListItem","@id":"https:\/\/www.claret.cat\/?page_id=16#listItem","name":"Botiga"}},{"@type":"ListItem","@id":"https:\/\/www.claret.cat\/?page_id=16#listItem","position":2,"name":"Botiga","item":"https:\/\/www.claret.cat\/?page_id=16","nextItem":{"@type":"ListItem","@id":"https:\/\/www.claret.cat\/categoria-producto\/cat\/#listItem","name":"CAT"},"previousItem":{"@type":"ListItem","@id":"https:\/\/www.claret.cat\/es\/#listItem","name":"Home"}},{"@type":"ListItem","@id":"https:\/\/www.claret.cat\/categoria-producto\/cat\/#listItem","position":3,"name":"CAT","item":"https:\/\/www.claret.cat\/categoria-producto\/cat\/","nextItem":{"@type":"ListItem","@id":"https:\/\/www.claret.cat\/categoria-producto\/cat\/3_infantil-juvenil\/#listItem","name":"Infantil \/ Juvenil"},"previousItem":{"@type":"ListItem","@id":"https:\/\/www.claret.cat\/?page_id=16#listItem","name":"Botiga"}},{"@type":"ListItem","@id":"https:\/\/www.claret.cat\/categoria-producto\/cat\/3_infantil-juvenil\/#listItem","position":4,"name":"Infantil \/ Juvenil","item":"https:\/\/www.claret.cat\/categoria-producto\/cat\/3_infantil-juvenil\/","nextItem":{"@type":"ListItem","@id":"https:\/\/www.claret.cat\/categoria-producto\/cat\/3_infantil-juvenil\/infantil\/#listItem","name":"Infantil"},"previousItem":{"@type":"ListItem","@id":"https:\/\/www.claret.cat\/categoria-producto\/cat\/#listItem","name":"CAT"}},{"@type":"ListItem","@id":"https:\/\/www.claret.cat\/categoria-producto\/cat\/3_infantil-juvenil\/infantil\/#listItem","position":5,"name":"Infantil","item":"https:\/\/www.claret.cat\/categoria-producto\/cat\/3_infantil-juvenil\/infantil\/","nextItem":{"@type":"ListItem","@id":"https:\/\/www.claret.cat\/es\/libro\/el-talisma-de-la-luna-9788426726964\/#listItem","name":"EL TALISM\u00c0 DE LA LUNA"},"previousItem":{"@type":"ListItem","@id":"https:\/\/www.claret.cat\/categoria-producto\/cat\/3_infantil-juvenil\/#listItem","name":"Infantil \/ Juvenil"}},{"@type":"ListItem","@id":"https:\/\/www.claret.cat\/es\/libro\/el-talisma-de-la-luna-9788426726964\/#listItem","position":6,"name":"EL TALISM\u00c0 DE LA LUNA","previousItem":{"@type":"ListItem","@id":"https:\/\/www.claret.cat\/categoria-producto\/cat\/3_infantil-juvenil\/infantil\/#listItem","name":"Infantil"}}]},{"@type":"ItemPage","@id":"https:\/\/www.claret.cat\/es\/libro\/el-talisma-de-la-luna-9788426726964\/#itempage","url":"https:\/\/www.claret.cat\/es\/libro\/el-talisma-de-la-luna-9788426726964\/","name":"EL TALISM\u00c0 DE LA LUNA - BARUDY, JORGE \/ DANTAGNAN, MARYORIE \/ SANTOS (ILUSTRADORA), M\u00aaJESUS 9788426726964 | Llibreria Claret","description":"EL TALISM\u00c0 DE LA LUNA de BARUDY, JORGE \/ DANTAGNAN, MARYORIE \/ SANTOS (ILUSTRADORA), M\u00aaJESUS disponible a\/en Llibreria Claret.","inLanguage":"es-ES","isPartOf":{"@id":"https:\/\/www.claret.cat\/es\/#website"},"breadcrumb":{"@id":"https:\/\/www.claret.cat\/es\/libro\/el-talisma-de-la-luna-9788426726964\/#breadcrumblist"},"image":{"@type":"ImageObject","url":"https:\/\/www.claret.cat\/wp-content\/uploads\/.\/9788426726964.png","@id":"https:\/\/www.claret.cat\/es\/libro\/el-talisma-de-la-luna-9788426726964\/#mainImage","width":225,"height":225,"caption":"9788426726964.png"},"primaryImageOfPage":{"@id":"https:\/\/www.claret.cat\/es\/libro\/el-talisma-de-la-luna-9788426726964\/#mainImage"},"datePublished":"2022-10-02T10:49:04+02:00","dateModified":"2023-01-28T18:28:19+01:00"},{"@type":"Organization","@id":"https:\/\/www.claret.cat\/es\/#organization","name":"Llibreria Claret","description":"Llibreria religiosa a Barcelona","url":"https:\/\/www.claret.cat\/es\/","email":"comunicacio@claret.cat","telephone":"+34933010887","logo":{"@type":"ImageObject","url":"https:\/\/www.claret.cat\/wp-content\/uploads\/.\/logo-claret-es.png","@id":"https:\/\/www.claret.cat\/es\/libro\/el-talisma-de-la-luna-9788426726964\/#organizationLogo","width":195,"height":79},"image":{"@id":"https:\/\/www.claret.cat\/es\/libro\/el-talisma-de-la-luna-9788426726964\/#organizationLogo"},"sameAs":["https:\/\/www.facebook.com\/LlibreriaClaret","https:\/\/twitter.com\/LlibreriaClaret","https:\/\/www.instagram.com\/llibreriaclaret\/","https:\/\/www.tiktok.com\/@llibreriaclaret","https:\/\/www.youtube.com\/@llibreriaclaret","https:\/\/ca.wikipedia.org\/wiki\/Editorial_Claret"]},{"@type":"WebPage","@id":"https:\/\/www.claret.cat\/es\/libro\/el-talisma-de-la-luna-9788426726964\/#webpage","url":"https:\/\/www.claret.cat\/es\/libro\/el-talisma-de-la-luna-9788426726964\/","name":"EL TALISM\u00c0 DE LA LUNA - BARUDY, JORGE \/ DANTAGNAN, MARYORIE \/ SANTOS (ILUSTRADORA), M\u00aaJESUS 9788426726964 | Llibreria Claret","description":"EL TALISM\u00c0 DE LA LUNA de BARUDY, JORGE \/ DANTAGNAN, MARYORIE \/ SANTOS (ILUSTRADORA), M\u00aaJESUS disponible a\/en Llibreria Claret.","inLanguage":"es-ES","isPartOf":{"@id":"https:\/\/www.claret.cat\/es\/#website"},"breadcrumb":{"@id":"https:\/\/www.claret.cat\/es\/libro\/el-talisma-de-la-luna-9788426726964\/#breadcrumblist"},"image":{"@type":"ImageObject","url":"https:\/\/www.claret.cat\/wp-content\/uploads\/.\/9788426726964.png","@id":"https:\/\/www.claret.cat\/es\/libro\/el-talisma-de-la-luna-9788426726964\/#mainImage","width":225,"height":225,"caption":"9788426726964.png"},"primaryImageOfPage":{"@id":"https:\/\/www.claret.cat\/es\/libro\/el-talisma-de-la-luna-9788426726964\/#mainImage"},"datePublished":"2022-10-02T10:49:04+02:00","dateModified":"2023-01-28T18:28:19+01:00"},{"@type":"WebSite","@id":"https:\/\/www.claret.cat\/es\/#website","url":"https:\/\/www.claret.cat\/es\/","name":"Llibreria Claret Barcelona","alternateName":"Llibreria Claret","description":"Llibreria religiosa a Barcelona","inLanguage":"es-ES","publisher":{"@id":"https:\/\/www.claret.cat\/es\/#organization"}}]},"og:locale":"es_ES","og:site_name":"Llibreria Claret - Llibreria religiosa a Barcelona","og:type":"article","og:title":"EL TALISM\u00c0 DE LA LUNA - BARUDY, JORGE \/ DANTAGNAN, MARYORIE \/ SANTOS (ILUSTRADORA), M\u00aaJESUS 9788426726964 | Llibreria Claret","og:description":"EL TALISM\u00c0 DE LA LUNA de BARUDY, JORGE \/ DANTAGNAN, MARYORIE \/ SANTOS (ILUSTRADORA), M\u00aaJESUS disponible a\/en Llibreria Claret.","og:url":"https:\/\/www.claret.cat\/es\/libro\/el-talisma-de-la-luna-9788426726964\/","og:image":"https:\/\/dev.claret.cat\/wp-content\/uploads\/logo-claret.svg","og:image:secure_url":"https:\/\/dev.claret.cat\/wp-content\/uploads\/logo-claret.svg","article:published_time":"2022-10-02T08:49:04+00:00","article:modified_time":"2023-01-28T17:28:19+00:00","article:publisher":"https:\/\/www.facebook.com\/LlibreriaClaret","twitter:card":"summary_large_image","twitter:site":"@LlibreriaClaret","twitter:title":"EL TALISM\u00c0 DE LA LUNA - BARUDY, JORGE \/ DANTAGNAN, MARYORIE \/ SANTOS (ILUSTRADORA), M\u00aaJESUS 9788426726964 | Llibreria Claret","twitter:description":"EL TALISM\u00c0 DE LA LUNA de BARUDY, JORGE \/ DANTAGNAN, MARYORIE \/ SANTOS (ILUSTRADORA), M\u00aaJESUS disponible a\/en Llibreria Claret.","twitter:image":"http:\/\/dev.claret.cat\/wp-content\/uploads\/logo-claret.svg"},"aioseo_meta_data":{"post_id":"26740","title":null,"description":null,"keywords":null,"keyphrases":null,"primary_term":null,"canonical_url":null,"og_title":null,"og_description":null,"og_object_type":"default","og_image_type":"default","og_image_url":null,"og_image_width":null,"og_image_height":null,"og_image_custom_url":null,"og_image_custom_fields":null,"og_video":null,"og_custom_url":null,"og_article_section":null,"og_article_tags":null,"twitter_use_og":false,"twitter_card":"default","twitter_image_type":"default","twitter_image_url":null,"twitter_image_custom_url":null,"twitter_image_custom_fields":null,"twitter_title":null,"twitter_description":null,"schema":{"blockGraphs":[],"customGraphs":[],"default":{"data":{"Article":[],"Course":[],"Dataset":[],"FAQPage":[],"Movie":[],"Person":[],"Product":[],"ProductReview":[],"Car":[],"Recipe":[],"Service":[],"SoftwareApplication":[],"WebPage":[]},"graphName":"","isEnabled":true},"graphs":[]},"schema_type":"default","schema_type_options":null,"pillar_content":false,"robots_default":true,"robots_noindex":false,"robots_noarchive":false,"robots_nosnippet":false,"robots_nofollow":false,"robots_noimageindex":false,"robots_noodp":false,"robots_notranslate":false,"robots_max_snippet":null,"robots_max_videopreview":null,"robots_max_imagepreview":"large","priority":null,"frequency":null,"local_seo":null,"seo_analyzer_scan_date":"2025-11-12 05:13:13","breadcrumb_settings":null,"limit_modified_date":false,"open_ai":null,"ai":null,"created":"2022-12-18 07:32:32","updated":"2025-11-12 05:13:13","focus_keyword":null,"additional_keywords":null,"truseo_locale":null},"aioseo_breadcrumb":"<div class=\"aioseo-breadcrumbs\"><span class=\"aioseo-breadcrumb\">\n\t<a href=\"https:\/\/www.claret.cat\/es\/\" title=\"Home\">Home<\/a>\n<\/span><span class=\"aioseo-breadcrumb-separator\">&raquo;<\/span><span class=\"aioseo-breadcrumb\">\n\t<a href=\"https:\/\/www.claret.cat\/?page_id=16\" title=\"Botiga\">Botiga<\/a>\n<\/span><span class=\"aioseo-breadcrumb-separator\">&raquo;<\/span><span class=\"aioseo-breadcrumb\">\n\t<a href=\"https:\/\/www.claret.cat\/categoria-producto\/cat\/\" title=\"CAT\">CAT<\/a>\n<\/span><span class=\"aioseo-breadcrumb-separator\">&raquo;<\/span><span class=\"aioseo-breadcrumb\">\n\t<a href=\"https:\/\/www.claret.cat\/categoria-producto\/cat\/3_infantil-juvenil\/\" title=\"Infantil \/ Juvenil\">Infantil \/ Juvenil<\/a>\n<\/span><span class=\"aioseo-breadcrumb-separator\">&raquo;<\/span><span class=\"aioseo-breadcrumb\">\n\t<a href=\"https:\/\/www.claret.cat\/categoria-producto\/cat\/3_infantil-juvenil\/infantil\/\" title=\"Infantil\">Infantil<\/a>\n<\/span><span class=\"aioseo-breadcrumb-separator\">&raquo;<\/span><span class=\"aioseo-breadcrumb\">\n\tEL TALISM\u00c0 DE LA LUNA\n<\/span><\/div>","aioseo_breadcrumb_json":[{"label":"Home","link":"https:\/\/www.claret.cat\/es\/"},{"label":"Botiga","link":"https:\/\/www.claret.cat\/?page_id=16"},{"label":"CAT","link":"https:\/\/www.claret.cat\/categoria-producto\/cat\/"},{"label":"Infantil \/ Juvenil","link":"https:\/\/www.claret.cat\/categoria-producto\/cat\/3_infantil-juvenil\/"},{"label":"Infantil","link":"https:\/\/www.claret.cat\/categoria-producto\/cat\/3_infantil-juvenil\/infantil\/"},{"label":"EL TALISM\u00c0 DE LA LUNA","link":"https:\/\/www.claret.cat\/es\/libro\/el-talisma-de-la-luna-9788426726964\/"}],"_links":{"self":[{"href":"https:\/\/www.claret.cat\/es\/wp-json\/wp\/v2\/product\/26740","targetHints":{"allow":["GET"]}}],"collection":[{"href":"https:\/\/www.claret.cat\/es\/wp-json\/wp\/v2\/product"}],"about":[{"href":"https:\/\/www.claret.cat\/es\/wp-json\/wp\/v2\/types\/product"}],"wp:featuredmedia":[{"embeddable":true,"href":"https:\/\/www.claret.cat\/es\/wp-json\/wp\/v2\/media\/68584"}],"wp:attachment":[{"href":"https:\/\/www.claret.cat\/es\/wp-json\/wp\/v2\/media?parent=26740"}],"wp:term":[{"taxonomy":"product_brand","embeddable":true,"href":"https:\/\/www.claret.cat\/es\/wp-json\/wp\/v2\/product_brand?post=26740"},{"taxonomy":"product_cat","embeddable":true,"href":"https:\/\/www.claret.cat\/es\/wp-json\/wp\/v2\/product_cat?post=26740"},{"taxonomy":"product_tag","embeddable":true,"href":"https:\/\/www.claret.cat\/es\/wp-json\/wp\/v2\/product_tag?post=26740"}],"curies":[{"name":"wp","href":"https:\/\/api.w.org\/{rel}","templated":true}]}}