{"id":26743,"date":"2022-10-02T10:49:06","date_gmt":"2022-10-02T08:49:06","guid":{"rendered":"http:\/\/dev.claret.cat\/producte\/els-ocells-arc-de-sant-marti\/"},"modified":"2023-01-28T07:06:30","modified_gmt":"2023-01-28T06:06:30","slug":"els-ocells-arc-de-sant-marti-9788426727008","status":"publish","type":"product","link":"https:\/\/www.claret.cat\/es\/libro\/els-ocells-arc-de-sant-marti-9788426727008\/","title":{"rendered":"ELS OCELLS ARC DE SANT MART\u00cd"},"content":{"rendered":"<p>La Vega s\u2019ha apr\u00e8s la hist\u00f2ria d\u2019un ocellet que tractava malament la seva parella. Vols descubrir qu\u00e8 va passar? Saps per qu\u00e8 hi ha ocellets que es porten aix\u00ed? Vols saber qu\u00e8 va fer l\u2019ocelleta?<\/p>\n<p>La viol\u00e8ncia de g\u00e8nere \u00e9s un greu problema social que traspassa totes les fronteres geogr\u00e0fiques, socials i temporals. Hi ha moltes manifestacions de la violencia de g\u00e8nere; una d\u2019elles, de la qual tracta aquest Senticonte, \u00e9s la viol\u00e8ncia que exerceix un home contra una dona en una relaci\u00f3 de parella. \u00c9s imprescindible assegurar un bon tracte cap a la inf\u00e0ncia per aconseguir que els nens es desenvolupin sanament.<\/p>\n<p>L\u2019autora d\u2019aquest conte \u00e9s l\u2019Olga Barroso Braojos. \u00c9s psic\u00f2loga experta en viol\u00e8ncia de g\u00e8nere amb una \u00e0mplia traject\u00f2ria en l\u2019atenci\u00f3 directa a dones i menors supervivents de violencia masclista. Coordinadora durant 13 anys de diferents recursos especialitzats en viol\u00e8ncia de g\u00e8nere de l\u2019Ajuntament i de la Comunitat de Madrid. Formadora des de fa m\u00e9s de 10 anys en diverses entitats, on aborda tem\u00e0tiques relacionades amb la viol\u00e8ncia de g\u00e8nere, els contes psicoterap\u00e8utics i l\u2019aferrament segur. Cofundadora d\u2019Ikigai Psicologia, centre especialitzat en intervenci\u00f3 psicol\u00f2gica des de la teoria de l\u2019aferrament i el trauma.<\/p>\n<p>Aquest conte es recomana a nens i nenes entre 4 i 8 anys. Proporciona un llenguatge clar, senzill i divertit al mateix temps, cont\u00e9 elements que ajuden a entendre la dif\u00edcil situaci\u00f3 per la qual passa l\u2019ocelleta i permet treure a<br \/>la llum part de l\u2019univers interior del petit\/a lector\/a a trav\u00e9s de:<\/p>\n<p>* Preguntes que fomenten la reflexi\u00f3 i el desenvolupament de la intel\u00b7lig\u00e8ncia emocional<br \/>* Element de transici\u00f3 a buscar per les p\u00e0gines del conte<br \/>* Adhesius relacionats amb la hist\u00f2ria<br \/>* P\u00e0gines per dibuixar<br \/>* Recomanacions per als adults<\/p>\n<p>Si vols explicar un altre tipus de situacions complexes a nens\/es i no saps com fer-ho, no et perdis els altres llibres de la col\u00b7lecci\u00f3 Senticontes i descobreix la col\u00b7lecci\u00f3 Creixicontes.<\/p>\n","protected":false},"excerpt":{"rendered":"<p>BARROSO, OLGA \/ SANTOS (ILUSTRADORA), M\u00aaJESUS<\/p>\n","protected":false},"featured_media":67544,"template":"","meta":{"_acf_changed":false,"om_disable_all_campaigns":false,"rs_blank_template":"","rs_page_bg_color":"","slide_template_v7":"","inline_featured_image":false,"_monsterinsights_skip_tracking":false},"product_brand":[],"product_cat":[16],"product_tag":[],"class_list":["post-26743","product","type-product","status-publish","has-post-thumbnail","product_cat-sense-categoria","first","instock","taxable","shipping-taxable","purchasable","product-type-simple"],"acf":{"autor":"BARROSO, OLGA \/ SANTOS (ILUSTRADORA), M\u00aaJESUS","codart":"842672700","libros-coleccion":"SENTICUENTOS","ediciones":"1","encuadernacion":"R\u00fastica","fecha_de_publicacion":"01\/09\/2019","novedad":"1","paginas":"44","subtitulo":"CONTE PER PREVENIR LA VIOL\u00c8NCIA DE G\u00c8NERE I PROMOURE LA IGUALTAT ENTRE NENS I NE","orden":"0","portada":"0","idioma":"cat","editorial":[{"ID":6301,"post_author":"3","post_date":"2022-07-28 17:49:15","post_date_gmt":"2022-07-28 15:49:15","post_content":"","post_title":"Marcombo","post_excerpt":"","post_status":"publish","comment_status":"closed","ping_status":"closed","post_password":"","post_name":"marcombo","to_ping":"","pinged":"","post_modified":"2022-07-28 17:49:15","post_modified_gmt":"2022-07-28 15:49:15","post_content_filtered":"","post_parent":0,"guid":"http:\/\/dev.claret.cat\/editorial\/marcombo\/","menu_order":0,"post_type":"editorial","post_mime_type":"","comment_count":"0","filter":"raw"}],"autores-libros":[{"ID":163039,"post_author":"3","post_date":"2022-10-14 17:35:50","post_date_gmt":"2022-10-14 15:35:50","post_content":"","post_title":"M\u00aaJESUS SANTOS (ILUSTRADORA)","post_excerpt":"","post_status":"publish","comment_status":"closed","ping_status":"closed","post_password":"","post_name":"majesus-santos-ilustradora","to_ping":"","pinged":"","post_modified":"2022-10-14 17:35:50","post_modified_gmt":"2022-10-14 15:35:50","post_content_filtered":"","post_parent":0,"guid":"http:\/\/dev.claret.cat\/autor\/majesus-santos-ilustradora\/","menu_order":0,"post_type":"autor","post_mime_type":"","comment_count":"0","filter":"raw"},{"ID":166137,"post_author":"3","post_date":"2022-10-14 18:00:43","post_date_gmt":"2022-10-14 16:00:43","post_content":"","post_title":"OLGA BARROSO","post_excerpt":"","post_status":"publish","comment_status":"closed","ping_status":"closed","post_password":"","post_name":"olga-barroso","to_ping":"","pinged":"","post_modified":"2022-10-14 18:00:43","post_modified_gmt":"2022-10-14 16:00:43","post_content_filtered":"","post_parent":0,"guid":"http:\/\/dev.claret.cat\/autor\/olga-barroso\/","menu_order":0,"post_type":"autor","post_mime_type":"","comment_count":"0","filter":"raw"}]},"aioseo_notices":[],"aioseo_head":"\n\t\t<!-- All in One SEO Pro 5.0.1.1 - aioseo.com -->\n\t<meta name=\"description\" content=\"ELS OCELLS ARC DE SANT MART\u00cd de BARROSO, OLGA \/ SANTOS (ILUSTRADORA), M\u00aaJESUS disponible a\/en Llibreria Claret.\" \/>\n\t<meta name=\"robots\" content=\"max-image-preview:large\" \/>\n\t<meta name=\"google-site-verification\" content=\"xVtlFxJ-TfkIu-D-lt7XeLobefg5EIQiXTuqcSf8Rf0\" \/>\n\t<link rel=\"canonical\" href=\"https:\/\/www.claret.cat\/es\/libro\/els-ocells-arc-de-sant-marti-9788426727008\/\" \/>\n\t<meta name=\"generator\" content=\"All in One SEO Pro (AIOSEO) 5.0.1.1\" \/>\n\t\t<meta property=\"og:locale\" content=\"es_ES\" \/>\n\t\t<meta property=\"og:site_name\" content=\"Llibreria Claret - Llibreria religiosa a Barcelona\" \/>\n\t\t<meta property=\"og:type\" content=\"article\" \/>\n\t\t<meta property=\"og:title\" content=\"ELS OCELLS ARC DE SANT MART\u00cd - BARROSO, OLGA \/ SANTOS (ILUSTRADORA), M\u00aaJESUS 9788426727008 | Llibreria Claret\" \/>\n\t\t<meta property=\"og:description\" content=\"ELS OCELLS ARC DE SANT MART\u00cd de BARROSO, OLGA \/ SANTOS (ILUSTRADORA), M\u00aaJESUS disponible a\/en Llibreria Claret.\" \/>\n\t\t<meta property=\"og:url\" content=\"https:\/\/www.claret.cat\/es\/libro\/els-ocells-arc-de-sant-marti-9788426727008\/\" \/>\n\t\t<meta property=\"og:image\" content=\"https:\/\/dev.claret.cat\/wp-content\/uploads\/logo-claret.svg\" \/>\n\t\t<meta property=\"og:image:secure_url\" content=\"https:\/\/dev.claret.cat\/wp-content\/uploads\/logo-claret.svg\" \/>\n\t\t<meta property=\"article:published_time\" content=\"2022-10-02T08:49:06+00:00\" \/>\n\t\t<meta property=\"article:modified_time\" content=\"2023-01-28T06:06:30+00:00\" \/>\n\t\t<meta property=\"article:publisher\" content=\"https:\/\/www.facebook.com\/LlibreriaClaret\" \/>\n\t\t<meta name=\"twitter:card\" content=\"summary_large_image\" \/>\n\t\t<meta name=\"twitter:site\" content=\"@LlibreriaClaret\" \/>\n\t\t<meta name=\"twitter:title\" content=\"ELS OCELLS ARC DE SANT MART\u00cd - BARROSO, OLGA \/ SANTOS (ILUSTRADORA), M\u00aaJESUS 9788426727008 | Llibreria Claret\" \/>\n\t\t<meta name=\"twitter:description\" content=\"ELS OCELLS ARC DE SANT MART\u00cd de BARROSO, OLGA \/ SANTOS (ILUSTRADORA), M\u00aaJESUS disponible a\/en Llibreria Claret.\" \/>\n\t\t<meta name=\"twitter:image\" content=\"http:\/\/dev.claret.cat\/wp-content\/uploads\/logo-claret.svg\" \/>\n\t\t<script type=\"application\/ld+json\" class=\"aioseo-schema\">\n\t\t\t{\"@context\":\"https:\\\/\\\/schema.org\",\"@graph\":[{\"@type\":\"BreadcrumbList\",\"@id\":\"https:\\\/\\\/www.claret.cat\\\/es\\\/libro\\\/els-ocells-arc-de-sant-marti-9788426727008\\\/#breadcrumblist\",\"itemListElement\":[{\"@type\":\"ListItem\",\"@id\":\"https:\\\/\\\/www.claret.cat\\\/es\\\/#listItem\",\"position\":1,\"name\":\"Home\",\"item\":\"https:\\\/\\\/www.claret.cat\\\/es\\\/\",\"nextItem\":{\"@type\":\"ListItem\",\"@id\":\"https:\\\/\\\/www.claret.cat\\\/?page_id=16#listItem\",\"name\":\"Botiga\"}},{\"@type\":\"ListItem\",\"@id\":\"https:\\\/\\\/www.claret.cat\\\/?page_id=16#listItem\",\"position\":2,\"name\":\"Botiga\",\"item\":\"https:\\\/\\\/www.claret.cat\\\/?page_id=16\",\"nextItem\":{\"@type\":\"ListItem\",\"@id\":\"https:\\\/\\\/www.claret.cat\\\/categoria-producto\\\/sense-categoria\\\/#listItem\",\"name\":\"Sense Categoria\"},\"previousItem\":{\"@type\":\"ListItem\",\"@id\":\"https:\\\/\\\/www.claret.cat\\\/es\\\/#listItem\",\"name\":\"Home\"}},{\"@type\":\"ListItem\",\"@id\":\"https:\\\/\\\/www.claret.cat\\\/categoria-producto\\\/sense-categoria\\\/#listItem\",\"position\":3,\"name\":\"Sense Categoria\",\"item\":\"https:\\\/\\\/www.claret.cat\\\/categoria-producto\\\/sense-categoria\\\/\",\"nextItem\":{\"@type\":\"ListItem\",\"@id\":\"https:\\\/\\\/www.claret.cat\\\/es\\\/libro\\\/els-ocells-arc-de-sant-marti-9788426727008\\\/#listItem\",\"name\":\"ELS OCELLS ARC DE SANT MART\\u00cd\"},\"previousItem\":{\"@type\":\"ListItem\",\"@id\":\"https:\\\/\\\/www.claret.cat\\\/?page_id=16#listItem\",\"name\":\"Botiga\"}},{\"@type\":\"ListItem\",\"@id\":\"https:\\\/\\\/www.claret.cat\\\/es\\\/libro\\\/els-ocells-arc-de-sant-marti-9788426727008\\\/#listItem\",\"position\":4,\"name\":\"ELS OCELLS ARC DE SANT MART\\u00cd\",\"previousItem\":{\"@type\":\"ListItem\",\"@id\":\"https:\\\/\\\/www.claret.cat\\\/categoria-producto\\\/sense-categoria\\\/#listItem\",\"name\":\"Sense Categoria\"}}]},{\"@type\":\"ItemPage\",\"@id\":\"https:\\\/\\\/www.claret.cat\\\/es\\\/libro\\\/els-ocells-arc-de-sant-marti-9788426727008\\\/#itempage\",\"url\":\"https:\\\/\\\/www.claret.cat\\\/es\\\/libro\\\/els-ocells-arc-de-sant-marti-9788426727008\\\/\",\"name\":\"ELS OCELLS ARC DE SANT MART\\u00cd - BARROSO, OLGA \\\/ SANTOS (ILUSTRADORA), M\\u00aaJESUS 9788426727008 | Llibreria Claret\",\"description\":\"ELS OCELLS ARC DE SANT MART\\u00cd de BARROSO, OLGA \\\/ SANTOS (ILUSTRADORA), M\\u00aaJESUS disponible a\\\/en Llibreria Claret.\",\"inLanguage\":\"es-ES\",\"isPartOf\":{\"@id\":\"https:\\\/\\\/www.claret.cat\\\/es\\\/#website\"},\"breadcrumb\":{\"@id\":\"https:\\\/\\\/www.claret.cat\\\/es\\\/libro\\\/els-ocells-arc-de-sant-marti-9788426727008\\\/#breadcrumblist\"},\"image\":{\"@type\":\"ImageObject\",\"url\":\"https:\\\/\\\/www.claret.cat\\\/wp-content\\\/uploads\\\/.\\\/9788426727008.jpg\",\"@id\":\"https:\\\/\\\/www.claret.cat\\\/es\\\/libro\\\/els-ocells-arc-de-sant-marti-9788426727008\\\/#mainImage\",\"width\":225,\"height\":224,\"caption\":\"9788426727008.jpg\"},\"primaryImageOfPage\":{\"@id\":\"https:\\\/\\\/www.claret.cat\\\/es\\\/libro\\\/els-ocells-arc-de-sant-marti-9788426727008\\\/#mainImage\"},\"datePublished\":\"2022-10-02T10:49:06+02:00\",\"dateModified\":\"2023-01-28T07:06:30+01:00\"},{\"@type\":\"Organization\",\"@id\":\"https:\\\/\\\/www.claret.cat\\\/es\\\/#organization\",\"name\":\"Llibreria Claret\",\"description\":\"Llibreria religiosa a Barcelona\",\"url\":\"https:\\\/\\\/www.claret.cat\\\/es\\\/\",\"email\":\"comunicacio@claret.cat\",\"telephone\":\"+34933010887\",\"logo\":{\"@type\":\"ImageObject\",\"url\":\"https:\\\/\\\/www.claret.cat\\\/wp-content\\\/uploads\\\/.\\\/logo-claret-es.png\",\"@id\":\"https:\\\/\\\/www.claret.cat\\\/es\\\/libro\\\/els-ocells-arc-de-sant-marti-9788426727008\\\/#organizationLogo\",\"width\":195,\"height\":79},\"image\":{\"@id\":\"https:\\\/\\\/www.claret.cat\\\/es\\\/libro\\\/els-ocells-arc-de-sant-marti-9788426727008\\\/#organizationLogo\"},\"sameAs\":[\"https:\\\/\\\/www.facebook.com\\\/LlibreriaClaret\",\"https:\\\/\\\/twitter.com\\\/LlibreriaClaret\",\"https:\\\/\\\/www.instagram.com\\\/llibreriaclaret\\\/\",\"https:\\\/\\\/www.tiktok.com\\\/@llibreriaclaret\",\"https:\\\/\\\/www.youtube.com\\\/@llibreriaclaret\",\"https:\\\/\\\/ca.wikipedia.org\\\/wiki\\\/Editorial_Claret\"]},{\"@type\":\"WebPage\",\"@id\":\"https:\\\/\\\/www.claret.cat\\\/es\\\/libro\\\/els-ocells-arc-de-sant-marti-9788426727008\\\/#webpage\",\"url\":\"https:\\\/\\\/www.claret.cat\\\/es\\\/libro\\\/els-ocells-arc-de-sant-marti-9788426727008\\\/\",\"name\":\"ELS OCELLS ARC DE SANT MART\\u00cd - BARROSO, OLGA \\\/ SANTOS (ILUSTRADORA), M\\u00aaJESUS 9788426727008 | Llibreria Claret\",\"description\":\"ELS OCELLS ARC DE SANT MART\\u00cd de BARROSO, OLGA \\\/ SANTOS (ILUSTRADORA), M\\u00aaJESUS disponible a\\\/en Llibreria Claret.\",\"inLanguage\":\"es-ES\",\"isPartOf\":{\"@id\":\"https:\\\/\\\/www.claret.cat\\\/es\\\/#website\"},\"breadcrumb\":{\"@id\":\"https:\\\/\\\/www.claret.cat\\\/es\\\/libro\\\/els-ocells-arc-de-sant-marti-9788426727008\\\/#breadcrumblist\"},\"image\":{\"@type\":\"ImageObject\",\"url\":\"https:\\\/\\\/www.claret.cat\\\/wp-content\\\/uploads\\\/.\\\/9788426727008.jpg\",\"@id\":\"https:\\\/\\\/www.claret.cat\\\/es\\\/libro\\\/els-ocells-arc-de-sant-marti-9788426727008\\\/#mainImage\",\"width\":225,\"height\":224,\"caption\":\"9788426727008.jpg\"},\"primaryImageOfPage\":{\"@id\":\"https:\\\/\\\/www.claret.cat\\\/es\\\/libro\\\/els-ocells-arc-de-sant-marti-9788426727008\\\/#mainImage\"},\"datePublished\":\"2022-10-02T10:49:06+02:00\",\"dateModified\":\"2023-01-28T07:06:30+01:00\"},{\"@type\":\"WebSite\",\"@id\":\"https:\\\/\\\/www.claret.cat\\\/es\\\/#website\",\"url\":\"https:\\\/\\\/www.claret.cat\\\/es\\\/\",\"name\":\"Llibreria Claret Barcelona\",\"alternateName\":\"Llibreria Claret\",\"description\":\"Llibreria religiosa a Barcelona\",\"inLanguage\":\"es-ES\",\"publisher\":{\"@id\":\"https:\\\/\\\/www.claret.cat\\\/es\\\/#organization\"}}]}\n\t\t<\/script>\n\t\t<!-- All in One SEO Pro -->\r\n\t\t<title>ELS OCELLS ARC DE SANT MART\u00cd - BARROSO, OLGA \/ SANTOS (ILUSTRADORA), M\u00aaJESUS 9788426727008 | Llibreria Claret<\/title>\n\n","aioseo_head_json":{"title":"ELS OCELLS ARC DE SANT MART\u00cd - BARROSO, OLGA \/ SANTOS (ILUSTRADORA), M\u00aaJESUS 9788426727008 | Llibreria Claret","description":"ELS OCELLS ARC DE SANT MART\u00cd de BARROSO, OLGA \/ SANTOS (ILUSTRADORA), M\u00aaJESUS disponible a\/en Llibreria Claret.","canonical_url":"https:\/\/www.claret.cat\/es\/libro\/els-ocells-arc-de-sant-marti-9788426727008\/","robots":"max-image-preview:large","keywords":"","webmasterTools":{"google-site-verification":"xVtlFxJ-TfkIu-D-lt7XeLobefg5EIQiXTuqcSf8Rf0","miscellaneous":""},"schema":{"@context":"https:\/\/schema.org","@graph":[{"@type":"BreadcrumbList","@id":"https:\/\/www.claret.cat\/es\/libro\/els-ocells-arc-de-sant-marti-9788426727008\/#breadcrumblist","itemListElement":[{"@type":"ListItem","@id":"https:\/\/www.claret.cat\/es\/#listItem","position":1,"name":"Home","item":"https:\/\/www.claret.cat\/es\/","nextItem":{"@type":"ListItem","@id":"https:\/\/www.claret.cat\/?page_id=16#listItem","name":"Botiga"}},{"@type":"ListItem","@id":"https:\/\/www.claret.cat\/?page_id=16#listItem","position":2,"name":"Botiga","item":"https:\/\/www.claret.cat\/?page_id=16","nextItem":{"@type":"ListItem","@id":"https:\/\/www.claret.cat\/categoria-producto\/sense-categoria\/#listItem","name":"Sense Categoria"},"previousItem":{"@type":"ListItem","@id":"https:\/\/www.claret.cat\/es\/#listItem","name":"Home"}},{"@type":"ListItem","@id":"https:\/\/www.claret.cat\/categoria-producto\/sense-categoria\/#listItem","position":3,"name":"Sense Categoria","item":"https:\/\/www.claret.cat\/categoria-producto\/sense-categoria\/","nextItem":{"@type":"ListItem","@id":"https:\/\/www.claret.cat\/es\/libro\/els-ocells-arc-de-sant-marti-9788426727008\/#listItem","name":"ELS OCELLS ARC DE SANT MART\u00cd"},"previousItem":{"@type":"ListItem","@id":"https:\/\/www.claret.cat\/?page_id=16#listItem","name":"Botiga"}},{"@type":"ListItem","@id":"https:\/\/www.claret.cat\/es\/libro\/els-ocells-arc-de-sant-marti-9788426727008\/#listItem","position":4,"name":"ELS OCELLS ARC DE SANT MART\u00cd","previousItem":{"@type":"ListItem","@id":"https:\/\/www.claret.cat\/categoria-producto\/sense-categoria\/#listItem","name":"Sense Categoria"}}]},{"@type":"ItemPage","@id":"https:\/\/www.claret.cat\/es\/libro\/els-ocells-arc-de-sant-marti-9788426727008\/#itempage","url":"https:\/\/www.claret.cat\/es\/libro\/els-ocells-arc-de-sant-marti-9788426727008\/","name":"ELS OCELLS ARC DE SANT MART\u00cd - BARROSO, OLGA \/ SANTOS (ILUSTRADORA), M\u00aaJESUS 9788426727008 | Llibreria Claret","description":"ELS OCELLS ARC DE SANT MART\u00cd de BARROSO, OLGA \/ SANTOS (ILUSTRADORA), M\u00aaJESUS disponible a\/en Llibreria Claret.","inLanguage":"es-ES","isPartOf":{"@id":"https:\/\/www.claret.cat\/es\/#website"},"breadcrumb":{"@id":"https:\/\/www.claret.cat\/es\/libro\/els-ocells-arc-de-sant-marti-9788426727008\/#breadcrumblist"},"image":{"@type":"ImageObject","url":"https:\/\/www.claret.cat\/wp-content\/uploads\/.\/9788426727008.jpg","@id":"https:\/\/www.claret.cat\/es\/libro\/els-ocells-arc-de-sant-marti-9788426727008\/#mainImage","width":225,"height":224,"caption":"9788426727008.jpg"},"primaryImageOfPage":{"@id":"https:\/\/www.claret.cat\/es\/libro\/els-ocells-arc-de-sant-marti-9788426727008\/#mainImage"},"datePublished":"2022-10-02T10:49:06+02:00","dateModified":"2023-01-28T07:06:30+01:00"},{"@type":"Organization","@id":"https:\/\/www.claret.cat\/es\/#organization","name":"Llibreria Claret","description":"Llibreria religiosa a Barcelona","url":"https:\/\/www.claret.cat\/es\/","email":"comunicacio@claret.cat","telephone":"+34933010887","logo":{"@type":"ImageObject","url":"https:\/\/www.claret.cat\/wp-content\/uploads\/.\/logo-claret-es.png","@id":"https:\/\/www.claret.cat\/es\/libro\/els-ocells-arc-de-sant-marti-9788426727008\/#organizationLogo","width":195,"height":79},"image":{"@id":"https:\/\/www.claret.cat\/es\/libro\/els-ocells-arc-de-sant-marti-9788426727008\/#organizationLogo"},"sameAs":["https:\/\/www.facebook.com\/LlibreriaClaret","https:\/\/twitter.com\/LlibreriaClaret","https:\/\/www.instagram.com\/llibreriaclaret\/","https:\/\/www.tiktok.com\/@llibreriaclaret","https:\/\/www.youtube.com\/@llibreriaclaret","https:\/\/ca.wikipedia.org\/wiki\/Editorial_Claret"]},{"@type":"WebPage","@id":"https:\/\/www.claret.cat\/es\/libro\/els-ocells-arc-de-sant-marti-9788426727008\/#webpage","url":"https:\/\/www.claret.cat\/es\/libro\/els-ocells-arc-de-sant-marti-9788426727008\/","name":"ELS OCELLS ARC DE SANT MART\u00cd - BARROSO, OLGA \/ SANTOS (ILUSTRADORA), M\u00aaJESUS 9788426727008 | Llibreria Claret","description":"ELS OCELLS ARC DE SANT MART\u00cd de BARROSO, OLGA \/ SANTOS (ILUSTRADORA), M\u00aaJESUS disponible a\/en Llibreria Claret.","inLanguage":"es-ES","isPartOf":{"@id":"https:\/\/www.claret.cat\/es\/#website"},"breadcrumb":{"@id":"https:\/\/www.claret.cat\/es\/libro\/els-ocells-arc-de-sant-marti-9788426727008\/#breadcrumblist"},"image":{"@type":"ImageObject","url":"https:\/\/www.claret.cat\/wp-content\/uploads\/.\/9788426727008.jpg","@id":"https:\/\/www.claret.cat\/es\/libro\/els-ocells-arc-de-sant-marti-9788426727008\/#mainImage","width":225,"height":224,"caption":"9788426727008.jpg"},"primaryImageOfPage":{"@id":"https:\/\/www.claret.cat\/es\/libro\/els-ocells-arc-de-sant-marti-9788426727008\/#mainImage"},"datePublished":"2022-10-02T10:49:06+02:00","dateModified":"2023-01-28T07:06:30+01:00"},{"@type":"WebSite","@id":"https:\/\/www.claret.cat\/es\/#website","url":"https:\/\/www.claret.cat\/es\/","name":"Llibreria Claret Barcelona","alternateName":"Llibreria Claret","description":"Llibreria religiosa a Barcelona","inLanguage":"es-ES","publisher":{"@id":"https:\/\/www.claret.cat\/es\/#organization"}}]},"og:locale":"es_ES","og:site_name":"Llibreria Claret - Llibreria religiosa a Barcelona","og:type":"article","og:title":"ELS OCELLS ARC DE SANT MART\u00cd - BARROSO, OLGA \/ SANTOS (ILUSTRADORA), M\u00aaJESUS 9788426727008 | Llibreria Claret","og:description":"ELS OCELLS ARC DE SANT MART\u00cd de BARROSO, OLGA \/ SANTOS (ILUSTRADORA), M\u00aaJESUS disponible a\/en Llibreria Claret.","og:url":"https:\/\/www.claret.cat\/es\/libro\/els-ocells-arc-de-sant-marti-9788426727008\/","og:image":"https:\/\/dev.claret.cat\/wp-content\/uploads\/logo-claret.svg","og:image:secure_url":"https:\/\/dev.claret.cat\/wp-content\/uploads\/logo-claret.svg","article:published_time":"2022-10-02T08:49:06+00:00","article:modified_time":"2023-01-28T06:06:30+00:00","article:publisher":"https:\/\/www.facebook.com\/LlibreriaClaret","twitter:card":"summary_large_image","twitter:site":"@LlibreriaClaret","twitter:title":"ELS OCELLS ARC DE SANT MART\u00cd - BARROSO, OLGA \/ SANTOS (ILUSTRADORA), M\u00aaJESUS 9788426727008 | Llibreria Claret","twitter:description":"ELS OCELLS ARC DE SANT MART\u00cd de BARROSO, OLGA \/ SANTOS (ILUSTRADORA), M\u00aaJESUS disponible a\/en Llibreria Claret.","twitter:image":"http:\/\/dev.claret.cat\/wp-content\/uploads\/logo-claret.svg"},"aioseo_meta_data":{"post_id":"26743","title":null,"description":null,"keywords":null,"keyphrases":null,"primary_term":null,"canonical_url":null,"og_title":null,"og_description":null,"og_object_type":"default","og_image_type":"default","og_image_url":null,"og_image_width":null,"og_image_height":null,"og_image_custom_url":null,"og_image_custom_fields":null,"og_video":null,"og_custom_url":null,"og_article_section":null,"og_article_tags":null,"twitter_use_og":false,"twitter_card":"default","twitter_image_type":"default","twitter_image_url":null,"twitter_image_custom_url":null,"twitter_image_custom_fields":null,"twitter_title":null,"twitter_description":null,"schema":{"blockGraphs":[],"customGraphs":[],"default":{"data":{"Article":[],"Course":[],"Dataset":[],"FAQPage":[],"Movie":[],"Person":[],"Product":[],"ProductReview":[],"Car":[],"Recipe":[],"Service":[],"SoftwareApplication":[],"WebPage":[]},"graphName":"","isEnabled":true},"graphs":[]},"schema_type":"default","schema_type_options":null,"pillar_content":false,"robots_default":true,"robots_noindex":false,"robots_noarchive":false,"robots_nosnippet":false,"robots_nofollow":false,"robots_noimageindex":false,"robots_noodp":false,"robots_notranslate":false,"robots_max_snippet":null,"robots_max_videopreview":null,"robots_max_imagepreview":"large","priority":null,"frequency":null,"local_seo":null,"seo_analyzer_scan_date":"2025-11-12 05:13:14","breadcrumb_settings":null,"limit_modified_date":false,"open_ai":null,"ai":null,"created":"2022-12-18 07:32:32","updated":"2025-11-12 05:13:14","focus_keyword":null,"additional_keywords":null,"truseo_locale":null},"aioseo_breadcrumb":"<div class=\"aioseo-breadcrumbs\"><span class=\"aioseo-breadcrumb\">\n\t<a href=\"https:\/\/www.claret.cat\/es\/\" title=\"Home\">Home<\/a>\n<\/span><span class=\"aioseo-breadcrumb-separator\">&raquo;<\/span><span class=\"aioseo-breadcrumb\">\n\t<a href=\"https:\/\/www.claret.cat\/?page_id=16\" title=\"Botiga\">Botiga<\/a>\n<\/span><span class=\"aioseo-breadcrumb-separator\">&raquo;<\/span><span class=\"aioseo-breadcrumb\">\n\t<a href=\"https:\/\/www.claret.cat\/categoria-producto\/sense-categoria\/\" title=\"Sense Categoria\">Sense Categoria<\/a>\n<\/span><span class=\"aioseo-breadcrumb-separator\">&raquo;<\/span><span class=\"aioseo-breadcrumb\">\n\tELS OCELLS ARC DE SANT MART\u00cd\n<\/span><\/div>","aioseo_breadcrumb_json":[{"label":"Home","link":"https:\/\/www.claret.cat\/es\/"},{"label":"Botiga","link":"https:\/\/www.claret.cat\/?page_id=16"},{"label":"Sense Categoria","link":"https:\/\/www.claret.cat\/categoria-producto\/sense-categoria\/"},{"label":"ELS OCELLS ARC DE SANT MART\u00cd","link":"https:\/\/www.claret.cat\/es\/libro\/els-ocells-arc-de-sant-marti-9788426727008\/"}],"_links":{"self":[{"href":"https:\/\/www.claret.cat\/es\/wp-json\/wp\/v2\/product\/26743","targetHints":{"allow":["GET"]}}],"collection":[{"href":"https:\/\/www.claret.cat\/es\/wp-json\/wp\/v2\/product"}],"about":[{"href":"https:\/\/www.claret.cat\/es\/wp-json\/wp\/v2\/types\/product"}],"wp:featuredmedia":[{"embeddable":true,"href":"https:\/\/www.claret.cat\/es\/wp-json\/wp\/v2\/media\/67544"}],"wp:attachment":[{"href":"https:\/\/www.claret.cat\/es\/wp-json\/wp\/v2\/media?parent=26743"}],"wp:term":[{"taxonomy":"product_brand","embeddable":true,"href":"https:\/\/www.claret.cat\/es\/wp-json\/wp\/v2\/product_brand?post=26743"},{"taxonomy":"product_cat","embeddable":true,"href":"https:\/\/www.claret.cat\/es\/wp-json\/wp\/v2\/product_cat?post=26743"},{"taxonomy":"product_tag","embeddable":true,"href":"https:\/\/www.claret.cat\/es\/wp-json\/wp\/v2\/product_tag?post=26743"}],"curies":[{"name":"wp","href":"https:\/\/api.w.org\/{rel}","templated":true}]}}