{"id":26758,"date":"2022-10-02T10:49:17","date_gmt":"2022-10-02T08:49:17","guid":{"rendered":"http:\/\/dev.claret.cat\/producte\/families-creades-des-del-cor\/"},"modified":"2023-01-28T19:57:30","modified_gmt":"2023-01-28T18:57:30","slug":"families-creades-des-del-cor-9788426727824","status":"publish","type":"product","link":"https:\/\/www.claret.cat\/es\/libro\/families-creades-des-del-cor-9788426727824\/","title":{"rendered":"FAM\u00cdLIES CREADES DES DEL COR"},"content":{"rendered":"<p>La Tati \u00e9s una nena molt curiosa a qui li agrada molt ballar. Un dia els pares li expliquen com va arribar a aquest m\u00f3n. Ho vols descobrir amb ella? Sabies que hi ha persones que ajuden a portar vida? La reproducci\u00f3 assistida humana \u00e9s una situaci\u00f3 cada vegada m\u00e9s habitual a causa de diversos motius: retard de la maternitat, incorporaci\u00f3 de la dona al m\u00f3n laboral, inestabilitat econ\u00f2mica i precarietat laboral, estils de vida amb molt d&#8221;estr\u00e8s i dificultats en la fertilitat tant de l&#8221;home com de la dona. Entendre el proc\u00e9s i saber el que implica \u00e9s fonamental en una societat que veu necess\u00e0ria, i utilitza, aquesta ajuda.  L&#8221;autora d&#8221;aquest conte \u00e9s la Nativitat P\u00e9rez, psic\u00f2loga per la Universitat de Val\u00e8ncia el 1990, terapeuta de parella i fam\u00edlia des de 1993, i psic\u00f2loga cl\u00ednica a la pr\u00e0ctica privada des de 1990. A m\u00e9s, \u00e9s especialista en psicologia cl\u00ednica, per Reial Decret el 2007, i psic\u00f2loga cl\u00ednica de CREA des de 2007, on \u00e9s responsable de la ter\u00e0pia individual, de parella i de fam\u00edlia, de grups de suport terap\u00e8utic de pacients i del servei d&#8221;avaluaci\u00f3 psicol\u00f2gica de donants i pacients, entre altres c\u00e0rrecs.  Aquest conte es recomana a nens i nenes entre 4 i 8 anys. Proporciona un llenguatge clar, senzill i divertit al mateix temps, cont\u00e9 elements que ajuden a entendre la situaci\u00f3 per la qual passa la Tati i permet treure a la llum part de l&#8221;univers interior del petit\/a lector\/a a trav\u00e9s de:  * Preguntes que fomenten la reflexi\u00f3 i el desenvolupament de la intel\u00b7lig\u00e8ncia emocional * Element de transici\u00f3 a buscar per les p\u00e0gines del conte * Adhesius relacionats amb la hist\u00f2ria * P\u00e0gines per dibuixar * Recomanacions per als adults  Si vols explicar un altre tipus de situacions complexes a nens\/es i no saps com fer-ho, no et perdis els altres llibres de la col\u00b7lecci\u00f3 Senticontes i descobreix la col\u00b7lecci\u00f3 Creixicontes.<\/p>\n","protected":false},"excerpt":{"rendered":"<p>P\u00c9REZ \u00c1LVAREZ, NATIVIDAD \/ SANTOS (ILUSTRADORA), M\u00aaJESUS<\/p>\n","protected":false},"featured_media":67010,"template":"","meta":{"_acf_changed":false,"om_disable_all_campaigns":false,"rs_blank_template":"","rs_page_bg_color":"","slide_template_v7":"","inline_featured_image":false,"_monsterinsights_skip_tracking":false},"product_brand":[],"product_cat":[131],"product_tag":[],"class_list":["post-26758","product","type-product","status-publish","has-post-thumbnail","product_cat-contes-per-infants-0-6-anys","first","instock","taxable","shipping-taxable","purchasable","product-type-simple"],"acf":{"autor":"P\u00c9REZ \u00c1LVAREZ, NATIVIDAD \/ SANTOS (ILUSTRADORA), M\u00aaJESUS","codart":"842672782","libros-coleccion":"SENTICUENTOS","ediciones":"1","encuadernacion":"R\u00fastica","fecha_de_publicacion":"01\/11\/2019","novedad":"1","paginas":"45","subtitulo":"CONTE PER ENTENDRE ELS NENS I LES NENES CONCEBUTS PER MITJ\u00c0 DE TRACTAMENTS DE FE","orden":"0","portada":"0","idioma":"cat","editorial":[{"ID":6301,"post_author":"3","post_date":"2022-07-28 17:49:15","post_date_gmt":"2022-07-28 15:49:15","post_content":"","post_title":"Marcombo","post_excerpt":"","post_status":"publish","comment_status":"closed","ping_status":"closed","post_password":"","post_name":"marcombo","to_ping":"","pinged":"","post_modified":"2022-07-28 17:49:15","post_modified_gmt":"2022-07-28 15:49:15","post_content_filtered":"","post_parent":0,"guid":"http:\/\/dev.claret.cat\/editorial\/marcombo\/","menu_order":0,"post_type":"editorial","post_mime_type":"","comment_count":"0","filter":"raw"}],"autores-libros":[{"ID":163039,"post_author":"3","post_date":"2022-10-14 17:35:50","post_date_gmt":"2022-10-14 15:35:50","post_content":"","post_title":"M\u00aaJESUS SANTOS (ILUSTRADORA)","post_excerpt":"","post_status":"publish","comment_status":"closed","ping_status":"closed","post_password":"","post_name":"majesus-santos-ilustradora","to_ping":"","pinged":"","post_modified":"2022-10-14 17:35:50","post_modified_gmt":"2022-10-14 15:35:50","post_content_filtered":"","post_parent":0,"guid":"http:\/\/dev.claret.cat\/autor\/majesus-santos-ilustradora\/","menu_order":0,"post_type":"autor","post_mime_type":"","comment_count":"0","filter":"raw"},{"ID":165705,"post_author":"3","post_date":"2022-10-14 17:57:18","post_date_gmt":"2022-10-14 15:57:18","post_content":"","post_title":"NATIVIDAD P\u00c9REZ \u00c1LVAREZ","post_excerpt":"","post_status":"publish","comment_status":"closed","ping_status":"closed","post_password":"","post_name":"natividad-perez-alvarez","to_ping":"","pinged":"","post_modified":"2022-10-14 17:57:18","post_modified_gmt":"2022-10-14 15:57:18","post_content_filtered":"","post_parent":0,"guid":"http:\/\/dev.claret.cat\/autor\/natividad-perez-alvarez\/","menu_order":0,"post_type":"autor","post_mime_type":"","comment_count":"0","filter":"raw"}]},"aioseo_notices":[],"aioseo_head":"\n\t\t<!-- All in One SEO Pro 5.0.1.1 - aioseo.com -->\n\t<meta name=\"description\" content=\"FAM\u00cdLIES CREADES DES DEL COR de P\u00c9REZ \u00c1LVAREZ, NATIVIDAD \/ SANTOS (ILUSTRADORA), M\u00aaJESUS disponible a\/en Llibreria Claret.\" \/>\n\t<meta name=\"robots\" content=\"max-image-preview:large\" \/>\n\t<meta name=\"google-site-verification\" content=\"xVtlFxJ-TfkIu-D-lt7XeLobefg5EIQiXTuqcSf8Rf0\" \/>\n\t<link rel=\"canonical\" href=\"https:\/\/www.claret.cat\/es\/libro\/families-creades-des-del-cor-9788426727824\/\" \/>\n\t<meta name=\"generator\" content=\"All in One SEO Pro (AIOSEO) 5.0.1.1\" \/>\n\t\t<meta property=\"og:locale\" content=\"es_ES\" \/>\n\t\t<meta property=\"og:site_name\" content=\"Llibreria Claret - Llibreria religiosa a Barcelona\" \/>\n\t\t<meta property=\"og:type\" content=\"article\" \/>\n\t\t<meta property=\"og:title\" content=\"FAM\u00cdLIES CREADES DES DEL COR - P\u00c9REZ \u00c1LVAREZ, NATIVIDAD \/ SANTOS (ILUSTRADORA), M\u00aaJESUS 9788426727824 | Llibreria Claret\" \/>\n\t\t<meta property=\"og:description\" content=\"FAM\u00cdLIES CREADES DES DEL COR de P\u00c9REZ \u00c1LVAREZ, NATIVIDAD \/ SANTOS (ILUSTRADORA), M\u00aaJESUS disponible a\/en Llibreria Claret.\" \/>\n\t\t<meta property=\"og:url\" content=\"https:\/\/www.claret.cat\/es\/libro\/families-creades-des-del-cor-9788426727824\/\" \/>\n\t\t<meta property=\"og:image\" content=\"https:\/\/dev.claret.cat\/wp-content\/uploads\/logo-claret.svg\" \/>\n\t\t<meta property=\"og:image:secure_url\" content=\"https:\/\/dev.claret.cat\/wp-content\/uploads\/logo-claret.svg\" \/>\n\t\t<meta property=\"article:published_time\" content=\"2022-10-02T08:49:17+00:00\" \/>\n\t\t<meta property=\"article:modified_time\" content=\"2023-01-28T18:57:30+00:00\" \/>\n\t\t<meta property=\"article:publisher\" content=\"https:\/\/www.facebook.com\/LlibreriaClaret\" \/>\n\t\t<meta name=\"twitter:card\" content=\"summary_large_image\" \/>\n\t\t<meta name=\"twitter:site\" content=\"@LlibreriaClaret\" \/>\n\t\t<meta name=\"twitter:title\" content=\"FAM\u00cdLIES CREADES DES DEL COR - P\u00c9REZ \u00c1LVAREZ, NATIVIDAD \/ SANTOS (ILUSTRADORA), M\u00aaJESUS 9788426727824 | Llibreria Claret\" \/>\n\t\t<meta name=\"twitter:description\" content=\"FAM\u00cdLIES CREADES DES DEL COR de P\u00c9REZ \u00c1LVAREZ, NATIVIDAD \/ SANTOS (ILUSTRADORA), M\u00aaJESUS disponible a\/en Llibreria Claret.\" \/>\n\t\t<meta name=\"twitter:image\" content=\"http:\/\/dev.claret.cat\/wp-content\/uploads\/logo-claret.svg\" \/>\n\t\t<script type=\"application\/ld+json\" class=\"aioseo-schema\">\n\t\t\t{\"@context\":\"https:\\\/\\\/schema.org\",\"@graph\":[{\"@type\":\"BreadcrumbList\",\"@id\":\"https:\\\/\\\/www.claret.cat\\\/es\\\/libro\\\/families-creades-des-del-cor-9788426727824\\\/#breadcrumblist\",\"itemListElement\":[{\"@type\":\"ListItem\",\"@id\":\"https:\\\/\\\/www.claret.cat\\\/es\\\/#listItem\",\"position\":1,\"name\":\"Home\",\"item\":\"https:\\\/\\\/www.claret.cat\\\/es\\\/\",\"nextItem\":{\"@type\":\"ListItem\",\"@id\":\"https:\\\/\\\/www.claret.cat\\\/?page_id=16#listItem\",\"name\":\"Botiga\"}},{\"@type\":\"ListItem\",\"@id\":\"https:\\\/\\\/www.claret.cat\\\/?page_id=16#listItem\",\"position\":2,\"name\":\"Botiga\",\"item\":\"https:\\\/\\\/www.claret.cat\\\/?page_id=16\",\"nextItem\":{\"@type\":\"ListItem\",\"@id\":\"https:\\\/\\\/www.claret.cat\\\/categoria-producto\\\/cat\\\/#listItem\",\"name\":\"CAT\"},\"previousItem\":{\"@type\":\"ListItem\",\"@id\":\"https:\\\/\\\/www.claret.cat\\\/es\\\/#listItem\",\"name\":\"Home\"}},{\"@type\":\"ListItem\",\"@id\":\"https:\\\/\\\/www.claret.cat\\\/categoria-producto\\\/cat\\\/#listItem\",\"position\":3,\"name\":\"CAT\",\"item\":\"https:\\\/\\\/www.claret.cat\\\/categoria-producto\\\/cat\\\/\",\"nextItem\":{\"@type\":\"ListItem\",\"@id\":\"https:\\\/\\\/www.claret.cat\\\/categoria-producto\\\/cat\\\/3_infantil-juvenil\\\/#listItem\",\"name\":\"Infantil \\\/ Juvenil\"},\"previousItem\":{\"@type\":\"ListItem\",\"@id\":\"https:\\\/\\\/www.claret.cat\\\/?page_id=16#listItem\",\"name\":\"Botiga\"}},{\"@type\":\"ListItem\",\"@id\":\"https:\\\/\\\/www.claret.cat\\\/categoria-producto\\\/cat\\\/3_infantil-juvenil\\\/#listItem\",\"position\":4,\"name\":\"Infantil \\\/ Juvenil\",\"item\":\"https:\\\/\\\/www.claret.cat\\\/categoria-producto\\\/cat\\\/3_infantil-juvenil\\\/\",\"nextItem\":{\"@type\":\"ListItem\",\"@id\":\"https:\\\/\\\/www.claret.cat\\\/categoria-producto\\\/cat\\\/3_infantil-juvenil\\\/infantil\\\/#listItem\",\"name\":\"Infantil\"},\"previousItem\":{\"@type\":\"ListItem\",\"@id\":\"https:\\\/\\\/www.claret.cat\\\/categoria-producto\\\/cat\\\/#listItem\",\"name\":\"CAT\"}},{\"@type\":\"ListItem\",\"@id\":\"https:\\\/\\\/www.claret.cat\\\/categoria-producto\\\/cat\\\/3_infantil-juvenil\\\/infantil\\\/#listItem\",\"position\":5,\"name\":\"Infantil\",\"item\":\"https:\\\/\\\/www.claret.cat\\\/categoria-producto\\\/cat\\\/3_infantil-juvenil\\\/infantil\\\/\",\"nextItem\":{\"@type\":\"ListItem\",\"@id\":\"https:\\\/\\\/www.claret.cat\\\/categoria-producto\\\/cat\\\/3_infantil-juvenil\\\/infantil\\\/contes-per-infants-0-6-anys\\\/#listItem\",\"name\":\"0 - 6 anys\"},\"previousItem\":{\"@type\":\"ListItem\",\"@id\":\"https:\\\/\\\/www.claret.cat\\\/categoria-producto\\\/cat\\\/3_infantil-juvenil\\\/#listItem\",\"name\":\"Infantil \\\/ Juvenil\"}},{\"@type\":\"ListItem\",\"@id\":\"https:\\\/\\\/www.claret.cat\\\/categoria-producto\\\/cat\\\/3_infantil-juvenil\\\/infantil\\\/contes-per-infants-0-6-anys\\\/#listItem\",\"position\":6,\"name\":\"0 - 6 anys\",\"item\":\"https:\\\/\\\/www.claret.cat\\\/categoria-producto\\\/cat\\\/3_infantil-juvenil\\\/infantil\\\/contes-per-infants-0-6-anys\\\/\",\"nextItem\":{\"@type\":\"ListItem\",\"@id\":\"https:\\\/\\\/www.claret.cat\\\/es\\\/libro\\\/families-creades-des-del-cor-9788426727824\\\/#listItem\",\"name\":\"FAM\\u00cdLIES CREADES DES DEL COR\"},\"previousItem\":{\"@type\":\"ListItem\",\"@id\":\"https:\\\/\\\/www.claret.cat\\\/categoria-producto\\\/cat\\\/3_infantil-juvenil\\\/infantil\\\/#listItem\",\"name\":\"Infantil\"}},{\"@type\":\"ListItem\",\"@id\":\"https:\\\/\\\/www.claret.cat\\\/es\\\/libro\\\/families-creades-des-del-cor-9788426727824\\\/#listItem\",\"position\":7,\"name\":\"FAM\\u00cdLIES CREADES DES DEL COR\",\"previousItem\":{\"@type\":\"ListItem\",\"@id\":\"https:\\\/\\\/www.claret.cat\\\/categoria-producto\\\/cat\\\/3_infantil-juvenil\\\/infantil\\\/contes-per-infants-0-6-anys\\\/#listItem\",\"name\":\"0 - 6 anys\"}}]},{\"@type\":\"ItemPage\",\"@id\":\"https:\\\/\\\/www.claret.cat\\\/es\\\/libro\\\/families-creades-des-del-cor-9788426727824\\\/#itempage\",\"url\":\"https:\\\/\\\/www.claret.cat\\\/es\\\/libro\\\/families-creades-des-del-cor-9788426727824\\\/\",\"name\":\"FAM\\u00cdLIES CREADES DES DEL COR - P\\u00c9REZ \\u00c1LVAREZ, NATIVIDAD \\\/ SANTOS (ILUSTRADORA), M\\u00aaJESUS 9788426727824 | Llibreria Claret\",\"description\":\"FAM\\u00cdLIES CREADES DES DEL COR de P\\u00c9REZ \\u00c1LVAREZ, NATIVIDAD \\\/ SANTOS (ILUSTRADORA), M\\u00aaJESUS disponible a\\\/en Llibreria Claret.\",\"inLanguage\":\"es-ES\",\"isPartOf\":{\"@id\":\"https:\\\/\\\/www.claret.cat\\\/es\\\/#website\"},\"breadcrumb\":{\"@id\":\"https:\\\/\\\/www.claret.cat\\\/es\\\/libro\\\/families-creades-des-del-cor-9788426727824\\\/#breadcrumblist\"},\"image\":{\"@type\":\"ImageObject\",\"url\":\"https:\\\/\\\/www.claret.cat\\\/wp-content\\\/uploads\\\/.\\\/9788426727824.jpg\",\"@id\":\"https:\\\/\\\/www.claret.cat\\\/es\\\/libro\\\/families-creades-des-del-cor-9788426727824\\\/#mainImage\",\"width\":150,\"height\":149,\"caption\":\"9788426727824.jpg\"},\"primaryImageOfPage\":{\"@id\":\"https:\\\/\\\/www.claret.cat\\\/es\\\/libro\\\/families-creades-des-del-cor-9788426727824\\\/#mainImage\"},\"datePublished\":\"2022-10-02T10:49:17+02:00\",\"dateModified\":\"2023-01-28T19:57:30+01:00\"},{\"@type\":\"Organization\",\"@id\":\"https:\\\/\\\/www.claret.cat\\\/es\\\/#organization\",\"name\":\"Llibreria Claret\",\"description\":\"Llibreria religiosa a Barcelona\",\"url\":\"https:\\\/\\\/www.claret.cat\\\/es\\\/\",\"email\":\"comunicacio@claret.cat\",\"telephone\":\"+34933010887\",\"logo\":{\"@type\":\"ImageObject\",\"url\":\"https:\\\/\\\/www.claret.cat\\\/wp-content\\\/uploads\\\/.\\\/logo-claret-es.png\",\"@id\":\"https:\\\/\\\/www.claret.cat\\\/es\\\/libro\\\/families-creades-des-del-cor-9788426727824\\\/#organizationLogo\",\"width\":195,\"height\":79},\"image\":{\"@id\":\"https:\\\/\\\/www.claret.cat\\\/es\\\/libro\\\/families-creades-des-del-cor-9788426727824\\\/#organizationLogo\"},\"sameAs\":[\"https:\\\/\\\/www.facebook.com\\\/LlibreriaClaret\",\"https:\\\/\\\/twitter.com\\\/LlibreriaClaret\",\"https:\\\/\\\/www.instagram.com\\\/llibreriaclaret\\\/\",\"https:\\\/\\\/www.tiktok.com\\\/@llibreriaclaret\",\"https:\\\/\\\/www.youtube.com\\\/@llibreriaclaret\",\"https:\\\/\\\/ca.wikipedia.org\\\/wiki\\\/Editorial_Claret\"]},{\"@type\":\"WebPage\",\"@id\":\"https:\\\/\\\/www.claret.cat\\\/es\\\/libro\\\/families-creades-des-del-cor-9788426727824\\\/#webpage\",\"url\":\"https:\\\/\\\/www.claret.cat\\\/es\\\/libro\\\/families-creades-des-del-cor-9788426727824\\\/\",\"name\":\"FAM\\u00cdLIES CREADES DES DEL COR - P\\u00c9REZ \\u00c1LVAREZ, NATIVIDAD \\\/ SANTOS (ILUSTRADORA), M\\u00aaJESUS 9788426727824 | Llibreria Claret\",\"description\":\"FAM\\u00cdLIES CREADES DES DEL COR de P\\u00c9REZ \\u00c1LVAREZ, NATIVIDAD \\\/ SANTOS (ILUSTRADORA), M\\u00aaJESUS disponible a\\\/en Llibreria Claret.\",\"inLanguage\":\"es-ES\",\"isPartOf\":{\"@id\":\"https:\\\/\\\/www.claret.cat\\\/es\\\/#website\"},\"breadcrumb\":{\"@id\":\"https:\\\/\\\/www.claret.cat\\\/es\\\/libro\\\/families-creades-des-del-cor-9788426727824\\\/#breadcrumblist\"},\"image\":{\"@type\":\"ImageObject\",\"url\":\"https:\\\/\\\/www.claret.cat\\\/wp-content\\\/uploads\\\/.\\\/9788426727824.jpg\",\"@id\":\"https:\\\/\\\/www.claret.cat\\\/es\\\/libro\\\/families-creades-des-del-cor-9788426727824\\\/#mainImage\",\"width\":150,\"height\":149,\"caption\":\"9788426727824.jpg\"},\"primaryImageOfPage\":{\"@id\":\"https:\\\/\\\/www.claret.cat\\\/es\\\/libro\\\/families-creades-des-del-cor-9788426727824\\\/#mainImage\"},\"datePublished\":\"2022-10-02T10:49:17+02:00\",\"dateModified\":\"2023-01-28T19:57:30+01:00\"},{\"@type\":\"WebSite\",\"@id\":\"https:\\\/\\\/www.claret.cat\\\/es\\\/#website\",\"url\":\"https:\\\/\\\/www.claret.cat\\\/es\\\/\",\"name\":\"Llibreria Claret Barcelona\",\"alternateName\":\"Llibreria Claret\",\"description\":\"Llibreria religiosa a Barcelona\",\"inLanguage\":\"es-ES\",\"publisher\":{\"@id\":\"https:\\\/\\\/www.claret.cat\\\/es\\\/#organization\"}}]}\n\t\t<\/script>\n\t\t<!-- All in One SEO Pro -->\r\n\t\t<title>FAM\u00cdLIES CREADES DES DEL COR - P\u00c9REZ \u00c1LVAREZ, NATIVIDAD \/ SANTOS (ILUSTRADORA), M\u00aaJESUS 9788426727824 | Llibreria Claret<\/title>\n\n","aioseo_head_json":{"title":"FAM\u00cdLIES CREADES DES DEL COR - P\u00c9REZ \u00c1LVAREZ, NATIVIDAD \/ SANTOS (ILUSTRADORA), M\u00aaJESUS 9788426727824 | Llibreria Claret","description":"FAM\u00cdLIES CREADES DES DEL COR de P\u00c9REZ \u00c1LVAREZ, NATIVIDAD \/ SANTOS (ILUSTRADORA), M\u00aaJESUS disponible a\/en Llibreria Claret.","canonical_url":"https:\/\/www.claret.cat\/es\/libro\/families-creades-des-del-cor-9788426727824\/","robots":"max-image-preview:large","keywords":"","webmasterTools":{"google-site-verification":"xVtlFxJ-TfkIu-D-lt7XeLobefg5EIQiXTuqcSf8Rf0","miscellaneous":""},"schema":{"@context":"https:\/\/schema.org","@graph":[{"@type":"BreadcrumbList","@id":"https:\/\/www.claret.cat\/es\/libro\/families-creades-des-del-cor-9788426727824\/#breadcrumblist","itemListElement":[{"@type":"ListItem","@id":"https:\/\/www.claret.cat\/es\/#listItem","position":1,"name":"Home","item":"https:\/\/www.claret.cat\/es\/","nextItem":{"@type":"ListItem","@id":"https:\/\/www.claret.cat\/?page_id=16#listItem","name":"Botiga"}},{"@type":"ListItem","@id":"https:\/\/www.claret.cat\/?page_id=16#listItem","position":2,"name":"Botiga","item":"https:\/\/www.claret.cat\/?page_id=16","nextItem":{"@type":"ListItem","@id":"https:\/\/www.claret.cat\/categoria-producto\/cat\/#listItem","name":"CAT"},"previousItem":{"@type":"ListItem","@id":"https:\/\/www.claret.cat\/es\/#listItem","name":"Home"}},{"@type":"ListItem","@id":"https:\/\/www.claret.cat\/categoria-producto\/cat\/#listItem","position":3,"name":"CAT","item":"https:\/\/www.claret.cat\/categoria-producto\/cat\/","nextItem":{"@type":"ListItem","@id":"https:\/\/www.claret.cat\/categoria-producto\/cat\/3_infantil-juvenil\/#listItem","name":"Infantil \/ Juvenil"},"previousItem":{"@type":"ListItem","@id":"https:\/\/www.claret.cat\/?page_id=16#listItem","name":"Botiga"}},{"@type":"ListItem","@id":"https:\/\/www.claret.cat\/categoria-producto\/cat\/3_infantil-juvenil\/#listItem","position":4,"name":"Infantil \/ Juvenil","item":"https:\/\/www.claret.cat\/categoria-producto\/cat\/3_infantil-juvenil\/","nextItem":{"@type":"ListItem","@id":"https:\/\/www.claret.cat\/categoria-producto\/cat\/3_infantil-juvenil\/infantil\/#listItem","name":"Infantil"},"previousItem":{"@type":"ListItem","@id":"https:\/\/www.claret.cat\/categoria-producto\/cat\/#listItem","name":"CAT"}},{"@type":"ListItem","@id":"https:\/\/www.claret.cat\/categoria-producto\/cat\/3_infantil-juvenil\/infantil\/#listItem","position":5,"name":"Infantil","item":"https:\/\/www.claret.cat\/categoria-producto\/cat\/3_infantil-juvenil\/infantil\/","nextItem":{"@type":"ListItem","@id":"https:\/\/www.claret.cat\/categoria-producto\/cat\/3_infantil-juvenil\/infantil\/contes-per-infants-0-6-anys\/#listItem","name":"0 - 6 anys"},"previousItem":{"@type":"ListItem","@id":"https:\/\/www.claret.cat\/categoria-producto\/cat\/3_infantil-juvenil\/#listItem","name":"Infantil \/ Juvenil"}},{"@type":"ListItem","@id":"https:\/\/www.claret.cat\/categoria-producto\/cat\/3_infantil-juvenil\/infantil\/contes-per-infants-0-6-anys\/#listItem","position":6,"name":"0 - 6 anys","item":"https:\/\/www.claret.cat\/categoria-producto\/cat\/3_infantil-juvenil\/infantil\/contes-per-infants-0-6-anys\/","nextItem":{"@type":"ListItem","@id":"https:\/\/www.claret.cat\/es\/libro\/families-creades-des-del-cor-9788426727824\/#listItem","name":"FAM\u00cdLIES CREADES DES DEL COR"},"previousItem":{"@type":"ListItem","@id":"https:\/\/www.claret.cat\/categoria-producto\/cat\/3_infantil-juvenil\/infantil\/#listItem","name":"Infantil"}},{"@type":"ListItem","@id":"https:\/\/www.claret.cat\/es\/libro\/families-creades-des-del-cor-9788426727824\/#listItem","position":7,"name":"FAM\u00cdLIES CREADES DES DEL COR","previousItem":{"@type":"ListItem","@id":"https:\/\/www.claret.cat\/categoria-producto\/cat\/3_infantil-juvenil\/infantil\/contes-per-infants-0-6-anys\/#listItem","name":"0 - 6 anys"}}]},{"@type":"ItemPage","@id":"https:\/\/www.claret.cat\/es\/libro\/families-creades-des-del-cor-9788426727824\/#itempage","url":"https:\/\/www.claret.cat\/es\/libro\/families-creades-des-del-cor-9788426727824\/","name":"FAM\u00cdLIES CREADES DES DEL COR - P\u00c9REZ \u00c1LVAREZ, NATIVIDAD \/ SANTOS (ILUSTRADORA), M\u00aaJESUS 9788426727824 | Llibreria Claret","description":"FAM\u00cdLIES CREADES DES DEL COR de P\u00c9REZ \u00c1LVAREZ, NATIVIDAD \/ SANTOS (ILUSTRADORA), M\u00aaJESUS disponible a\/en Llibreria Claret.","inLanguage":"es-ES","isPartOf":{"@id":"https:\/\/www.claret.cat\/es\/#website"},"breadcrumb":{"@id":"https:\/\/www.claret.cat\/es\/libro\/families-creades-des-del-cor-9788426727824\/#breadcrumblist"},"image":{"@type":"ImageObject","url":"https:\/\/www.claret.cat\/wp-content\/uploads\/.\/9788426727824.jpg","@id":"https:\/\/www.claret.cat\/es\/libro\/families-creades-des-del-cor-9788426727824\/#mainImage","width":150,"height":149,"caption":"9788426727824.jpg"},"primaryImageOfPage":{"@id":"https:\/\/www.claret.cat\/es\/libro\/families-creades-des-del-cor-9788426727824\/#mainImage"},"datePublished":"2022-10-02T10:49:17+02:00","dateModified":"2023-01-28T19:57:30+01:00"},{"@type":"Organization","@id":"https:\/\/www.claret.cat\/es\/#organization","name":"Llibreria Claret","description":"Llibreria religiosa a Barcelona","url":"https:\/\/www.claret.cat\/es\/","email":"comunicacio@claret.cat","telephone":"+34933010887","logo":{"@type":"ImageObject","url":"https:\/\/www.claret.cat\/wp-content\/uploads\/.\/logo-claret-es.png","@id":"https:\/\/www.claret.cat\/es\/libro\/families-creades-des-del-cor-9788426727824\/#organizationLogo","width":195,"height":79},"image":{"@id":"https:\/\/www.claret.cat\/es\/libro\/families-creades-des-del-cor-9788426727824\/#organizationLogo"},"sameAs":["https:\/\/www.facebook.com\/LlibreriaClaret","https:\/\/twitter.com\/LlibreriaClaret","https:\/\/www.instagram.com\/llibreriaclaret\/","https:\/\/www.tiktok.com\/@llibreriaclaret","https:\/\/www.youtube.com\/@llibreriaclaret","https:\/\/ca.wikipedia.org\/wiki\/Editorial_Claret"]},{"@type":"WebPage","@id":"https:\/\/www.claret.cat\/es\/libro\/families-creades-des-del-cor-9788426727824\/#webpage","url":"https:\/\/www.claret.cat\/es\/libro\/families-creades-des-del-cor-9788426727824\/","name":"FAM\u00cdLIES CREADES DES DEL COR - P\u00c9REZ \u00c1LVAREZ, NATIVIDAD \/ SANTOS (ILUSTRADORA), M\u00aaJESUS 9788426727824 | Llibreria Claret","description":"FAM\u00cdLIES CREADES DES DEL COR de P\u00c9REZ \u00c1LVAREZ, NATIVIDAD \/ SANTOS (ILUSTRADORA), M\u00aaJESUS disponible a\/en Llibreria Claret.","inLanguage":"es-ES","isPartOf":{"@id":"https:\/\/www.claret.cat\/es\/#website"},"breadcrumb":{"@id":"https:\/\/www.claret.cat\/es\/libro\/families-creades-des-del-cor-9788426727824\/#breadcrumblist"},"image":{"@type":"ImageObject","url":"https:\/\/www.claret.cat\/wp-content\/uploads\/.\/9788426727824.jpg","@id":"https:\/\/www.claret.cat\/es\/libro\/families-creades-des-del-cor-9788426727824\/#mainImage","width":150,"height":149,"caption":"9788426727824.jpg"},"primaryImageOfPage":{"@id":"https:\/\/www.claret.cat\/es\/libro\/families-creades-des-del-cor-9788426727824\/#mainImage"},"datePublished":"2022-10-02T10:49:17+02:00","dateModified":"2023-01-28T19:57:30+01:00"},{"@type":"WebSite","@id":"https:\/\/www.claret.cat\/es\/#website","url":"https:\/\/www.claret.cat\/es\/","name":"Llibreria Claret Barcelona","alternateName":"Llibreria Claret","description":"Llibreria religiosa a Barcelona","inLanguage":"es-ES","publisher":{"@id":"https:\/\/www.claret.cat\/es\/#organization"}}]},"og:locale":"es_ES","og:site_name":"Llibreria Claret - Llibreria religiosa a Barcelona","og:type":"article","og:title":"FAM\u00cdLIES CREADES DES DEL COR - P\u00c9REZ \u00c1LVAREZ, NATIVIDAD \/ SANTOS (ILUSTRADORA), M\u00aaJESUS 9788426727824 | Llibreria Claret","og:description":"FAM\u00cdLIES CREADES DES DEL COR de P\u00c9REZ \u00c1LVAREZ, NATIVIDAD \/ SANTOS (ILUSTRADORA), M\u00aaJESUS disponible a\/en Llibreria Claret.","og:url":"https:\/\/www.claret.cat\/es\/libro\/families-creades-des-del-cor-9788426727824\/","og:image":"https:\/\/dev.claret.cat\/wp-content\/uploads\/logo-claret.svg","og:image:secure_url":"https:\/\/dev.claret.cat\/wp-content\/uploads\/logo-claret.svg","article:published_time":"2022-10-02T08:49:17+00:00","article:modified_time":"2023-01-28T18:57:30+00:00","article:publisher":"https:\/\/www.facebook.com\/LlibreriaClaret","twitter:card":"summary_large_image","twitter:site":"@LlibreriaClaret","twitter:title":"FAM\u00cdLIES CREADES DES DEL COR - P\u00c9REZ \u00c1LVAREZ, NATIVIDAD \/ SANTOS (ILUSTRADORA), M\u00aaJESUS 9788426727824 | Llibreria Claret","twitter:description":"FAM\u00cdLIES CREADES DES DEL COR de P\u00c9REZ \u00c1LVAREZ, NATIVIDAD \/ SANTOS (ILUSTRADORA), M\u00aaJESUS disponible a\/en Llibreria Claret.","twitter:image":"http:\/\/dev.claret.cat\/wp-content\/uploads\/logo-claret.svg"},"aioseo_meta_data":{"post_id":"26758","title":null,"description":null,"keywords":null,"keyphrases":null,"primary_term":null,"canonical_url":null,"og_title":null,"og_description":null,"og_object_type":"default","og_image_type":"default","og_image_url":null,"og_image_width":null,"og_image_height":null,"og_image_custom_url":null,"og_image_custom_fields":null,"og_video":null,"og_custom_url":null,"og_article_section":null,"og_article_tags":null,"twitter_use_og":false,"twitter_card":"default","twitter_image_type":"default","twitter_image_url":null,"twitter_image_custom_url":null,"twitter_image_custom_fields":null,"twitter_title":null,"twitter_description":null,"schema":{"blockGraphs":[],"customGraphs":[],"default":{"data":{"Article":[],"Course":[],"Dataset":[],"FAQPage":[],"Movie":[],"Person":[],"Product":[],"ProductReview":[],"Car":[],"Recipe":[],"Service":[],"SoftwareApplication":[],"WebPage":[]},"graphName":"","isEnabled":true},"graphs":[]},"schema_type":"default","schema_type_options":null,"pillar_content":false,"robots_default":true,"robots_noindex":false,"robots_noarchive":false,"robots_nosnippet":false,"robots_nofollow":false,"robots_noimageindex":false,"robots_noodp":false,"robots_notranslate":false,"robots_max_snippet":null,"robots_max_videopreview":null,"robots_max_imagepreview":"large","priority":null,"frequency":null,"local_seo":null,"seo_analyzer_scan_date":"2025-11-12 05:15:17","breadcrumb_settings":null,"limit_modified_date":false,"open_ai":null,"ai":null,"created":"2022-12-18 07:33:44","updated":"2025-11-12 05:15:17","focus_keyword":null,"additional_keywords":null,"truseo_locale":null},"aioseo_breadcrumb":"<div class=\"aioseo-breadcrumbs\"><span class=\"aioseo-breadcrumb\">\n\t<a href=\"https:\/\/www.claret.cat\/es\/\" title=\"Home\">Home<\/a>\n<\/span><span class=\"aioseo-breadcrumb-separator\">&raquo;<\/span><span class=\"aioseo-breadcrumb\">\n\t<a href=\"https:\/\/www.claret.cat\/?page_id=16\" title=\"Botiga\">Botiga<\/a>\n<\/span><span class=\"aioseo-breadcrumb-separator\">&raquo;<\/span><span class=\"aioseo-breadcrumb\">\n\t<a href=\"https:\/\/www.claret.cat\/categoria-producto\/cat\/\" title=\"CAT\">CAT<\/a>\n<\/span><span class=\"aioseo-breadcrumb-separator\">&raquo;<\/span><span class=\"aioseo-breadcrumb\">\n\t<a href=\"https:\/\/www.claret.cat\/categoria-producto\/cat\/3_infantil-juvenil\/\" title=\"Infantil \/ Juvenil\">Infantil \/ Juvenil<\/a>\n<\/span><span class=\"aioseo-breadcrumb-separator\">&raquo;<\/span><span class=\"aioseo-breadcrumb\">\n\t<a href=\"https:\/\/www.claret.cat\/categoria-producto\/cat\/3_infantil-juvenil\/infantil\/\" title=\"Infantil\">Infantil<\/a>\n<\/span><span class=\"aioseo-breadcrumb-separator\">&raquo;<\/span><span class=\"aioseo-breadcrumb\">\n\t<a href=\"https:\/\/www.claret.cat\/categoria-producto\/cat\/3_infantil-juvenil\/infantil\/contes-per-infants-0-6-anys\/\" title=\"0 - 6 anys\">0 - 6 anys<\/a>\n<\/span><span class=\"aioseo-breadcrumb-separator\">&raquo;<\/span><span class=\"aioseo-breadcrumb\">\n\tFAM\u00cdLIES CREADES DES DEL COR\n<\/span><\/div>","aioseo_breadcrumb_json":[{"label":"Home","link":"https:\/\/www.claret.cat\/es\/"},{"label":"Botiga","link":"https:\/\/www.claret.cat\/?page_id=16"},{"label":"CAT","link":"https:\/\/www.claret.cat\/categoria-producto\/cat\/"},{"label":"Infantil \/ Juvenil","link":"https:\/\/www.claret.cat\/categoria-producto\/cat\/3_infantil-juvenil\/"},{"label":"Infantil","link":"https:\/\/www.claret.cat\/categoria-producto\/cat\/3_infantil-juvenil\/infantil\/"},{"label":"0 - 6 anys","link":"https:\/\/www.claret.cat\/categoria-producto\/cat\/3_infantil-juvenil\/infantil\/contes-per-infants-0-6-anys\/"},{"label":"FAM\u00cdLIES CREADES DES DEL COR","link":"https:\/\/www.claret.cat\/es\/libro\/families-creades-des-del-cor-9788426727824\/"}],"_links":{"self":[{"href":"https:\/\/www.claret.cat\/es\/wp-json\/wp\/v2\/product\/26758","targetHints":{"allow":["GET"]}}],"collection":[{"href":"https:\/\/www.claret.cat\/es\/wp-json\/wp\/v2\/product"}],"about":[{"href":"https:\/\/www.claret.cat\/es\/wp-json\/wp\/v2\/types\/product"}],"wp:featuredmedia":[{"embeddable":true,"href":"https:\/\/www.claret.cat\/es\/wp-json\/wp\/v2\/media\/67010"}],"wp:attachment":[{"href":"https:\/\/www.claret.cat\/es\/wp-json\/wp\/v2\/media?parent=26758"}],"wp:term":[{"taxonomy":"product_brand","embeddable":true,"href":"https:\/\/www.claret.cat\/es\/wp-json\/wp\/v2\/product_brand?post=26758"},{"taxonomy":"product_cat","embeddable":true,"href":"https:\/\/www.claret.cat\/es\/wp-json\/wp\/v2\/product_cat?post=26758"},{"taxonomy":"product_tag","embeddable":true,"href":"https:\/\/www.claret.cat\/es\/wp-json\/wp\/v2\/product_tag?post=26758"}],"curies":[{"name":"wp","href":"https:\/\/api.w.org\/{rel}","templated":true}]}}