{"id":27018,"date":"2022-10-02T10:53:16","date_gmt":"2022-10-02T08:53:16","guid":{"rendered":"http:\/\/dev.claret.cat\/producte\/la-furia-y-los-colores\/"},"modified":"2023-01-28T13:03:27","modified_gmt":"2023-01-28T12:03:27","slug":"la-furia-y-los-colores-9788408205654","status":"publish","type":"product","link":"https:\/\/www.claret.cat\/es\/libro\/la-furia-y-los-colores-9788408205654\/","title":{"rendered":"LA FURIA Y LOS COLORES"},"content":{"rendered":"<p>\u00abMi vida ha sido pintoresca, desde luego, pero yo no me veo cont\u00e1ndola como un relato lineal. Para m\u00ed lo importante no es lo que yo he ido viviendo, sino que lo verdaderamente interesante es meter esa vida en el contexto de lo que pasaba alrededor.\u00bb<br \/>El joven Jos\u00e9 Miguel ya ha terminado la universidad y empieza su etapa como m\u00e9dico en pr\u00e1cticas. Espa\u00f1a viv\u00eda en una dictadura; ir a la universidad franquista era toda una aventura. Hijo de una familia numerosa de clase media, ten\u00eda prisa por salir y vivir lo que en este pa\u00eds de tonos grises estaba vedado. El extranjero, como met\u00e1fora de libertad, y la far\u00e1ndula, como alternativa de una existencia en tecnicolor, se convierten en opciones al alcance de su mano. A trav\u00e9s de ellas, Wyoming descubrir\u00e1 otro camino que cambiar\u00e1 su destino para siempre. El resultado es un libro de Wyoming memorial\u00edstico, pero con un gran componente reivindicativo y mitinero, como ya tuvo en su obra No estamos locos, gran \u00e9xito en librer\u00edas. En sus p\u00e1ginas hay un interesante retrato de la Transici\u00f3n, de las contradicciones entre la Espa\u00f1a heredera de la reciente dictadura y la que despertaba a la modernidad de los 80. Las drogas, el sexo, la m\u00fasica se mezclan con la pol\u00edtica y la lucha por encontrar un lugar profesional propio. Una breve historia de la Espa\u00f1a de la Transici\u00f3n contada desde los personajes cotidianos. Un libro peculiar que mezcla vida, cr\u00f3nica y pol\u00edtica.<\/p>\n","protected":false},"excerpt":{"rendered":"<p>EL GRAN WYOMING<\/p>\n","protected":false},"featured_media":67118,"template":"","meta":{"_acf_changed":false,"om_disable_all_campaigns":false,"rs_blank_template":"","rs_page_bg_color":"","slide_template_v7":"","inline_featured_image":false,"_monsterinsights_skip_tracking":false,"_monsterinsights_sitenote_active":false,"_monsterinsights_sitenote_note":"","_monsterinsights_sitenote_category":0},"product_brand":[],"product_cat":[99],"product_tag":[],"class_list":{"0":"post-27018","1":"product","2":"type-product","3":"status-publish","4":"has-post-thumbnail","6":"product_cat-biografies","8":"first","9":"instock","10":"taxable","11":"shipping-taxable","12":"purchasable","13":"product-type-simple"},"acf":{"autor":"EL GRAN WYOMING","codart":"840820565","libros-coleccion":"NO FICCION","ediciones":"1","encuadernacion":"Carton\u00e9","fecha_de_publicacion":"01\/11\/2019","novedad":"1","paginas":"412","subtitulo":"SEXO, POL\u00cdTICA Y ROCK ''N'ROLL","orden":"0","portada":"0","idioma":"spa","editorial":[{"ID":6233,"post_author":"3","post_date":"2022-07-28 17:47:48","post_date_gmt":"2022-07-28 15:47:48","post_content":"","post_title":"EDITORIAL PLANETA","post_excerpt":"","post_status":"publish","comment_status":"closed","ping_status":"closed","post_password":"","post_name":"editorial-planeta","to_ping":"","pinged":"","post_modified":"2022-07-28 17:47:48","post_modified_gmt":"2022-07-28 15:47:48","post_content_filtered":"","post_parent":0,"guid":"http:\/\/dev.claret.cat\/editorial\/editorial-planeta\/","menu_order":0,"post_type":"editorial","post_mime_type":"","comment_count":"0","filter":"raw"}],"autores-libros":[{"ID":154676,"post_author":"3","post_date":"2022-10-14 15:06:43","post_date_gmt":"2022-10-14 13:06:43","post_content":"","post_title":"EL GRAN WYOMING","post_excerpt":"","post_status":"publish","comment_status":"closed","ping_status":"closed","post_password":"","post_name":"el-gran-wyoming","to_ping":"","pinged":"","post_modified":"2022-10-14 15:06:43","post_modified_gmt":"2022-10-14 13:06:43","post_content_filtered":"","post_parent":0,"guid":"http:\/\/dev.claret.cat\/autor\/el-gran-wyoming\/","menu_order":0,"post_type":"autor","post_mime_type":"","comment_count":"0","filter":"raw"}]},"aioseo_notices":[],"_links":{"self":[{"href":"https:\/\/www.claret.cat\/es\/wp-json\/wp\/v2\/product\/27018","targetHints":{"allow":["GET"]}}],"collection":[{"href":"https:\/\/www.claret.cat\/es\/wp-json\/wp\/v2\/product"}],"about":[{"href":"https:\/\/www.claret.cat\/es\/wp-json\/wp\/v2\/types\/product"}],"wp:featuredmedia":[{"embeddable":true,"href":"https:\/\/www.claret.cat\/es\/wp-json\/wp\/v2\/media\/67118"}],"wp:attachment":[{"href":"https:\/\/www.claret.cat\/es\/wp-json\/wp\/v2\/media?parent=27018"}],"wp:term":[{"taxonomy":"product_brand","embeddable":true,"href":"https:\/\/www.claret.cat\/es\/wp-json\/wp\/v2\/product_brand?post=27018"},{"taxonomy":"product_cat","embeddable":true,"href":"https:\/\/www.claret.cat\/es\/wp-json\/wp\/v2\/product_cat?post=27018"},{"taxonomy":"product_tag","embeddable":true,"href":"https:\/\/www.claret.cat\/es\/wp-json\/wp\/v2\/product_tag?post=27018"}],"curies":[{"name":"wp","href":"https:\/\/api.w.org\/{rel}","templated":true}]}}