{"id":282208,"date":"2022-12-10T00:16:41","date_gmt":"2022-12-09T23:16:41","guid":{"rendered":"http:\/\/dev.claret.cat\/llibre\/antoni-gaudi-la-palabra-en-la-piedra\/"},"modified":"2026-05-08T16:56:07","modified_gmt":"2026-05-08T14:56:07","slug":"antoni-gaudi-la-palabra-en-la-piedra-9788427131507","status":"publish","type":"product","link":"https:\/\/www.claret.cat\/es\/libro\/antoni-gaudi-la-palabra-en-la-piedra-9788427131507\/","title":{"rendered":"ANTONI GAUD\u00cd: LA PALABRA EN LA PIEDRA"},"content":{"rendered":"<p>Este libro es como una gu\u00eda espiritual para comprender el sentido y la realizaci\u00f3n del templo de la Sagrada Familia en Barcelona.<\/p>\n<p>Gaud\u00ed, su genial arquitecto, describe su b\u00fasqueda de lo esencial como un \u00abretorno al Origen\u00bb. He aqu\u00ed una gu\u00eda para ello a trav\u00e9s del recorrido plasmado en su obra maestra. Un an\u00e1lisis preciso del complejo simbolismo utilizado por el artista, que proporciona al lector las herramientas necesarias para \u00abintroducirse\u00bb en esta \u00aboraci\u00f3n hecha piedra\u00bb.<\/p>\n","protected":false},"excerpt":{"rendered":"<p>HERN\u00c1NDEZ, JEAN-PAUL<\/p>\n","protected":false},"featured_media":331897,"template":"","meta":{"_acf_changed":false,"om_disable_all_campaigns":false,"rs_blank_template":"","rs_page_bg_color":"","slide_template_v7":"","inline_featured_image":false,"_monsterinsights_skip_tracking":false},"product_brand":[],"product_cat":[90,540],"product_tag":[],"class_list":["post-282208","product","type-product","status-publish","has-post-thumbnail","product_cat-altres","product_cat-otros","first","outofstock","taxable","shipping-taxable","purchasable","product-type-simple"],"acf":{"autor":"HERN\u00c1NDEZ, JEAN-PAUL","codart":"842713150","libros-coleccion":"","ediciones":"1","encuadernacion":"R\u00fastica","fecha_de_publicacion":"15\/10\/2010","novedad":"0","paginas":"111","subtitulo":"LOS S\u00cdMBOLOS Y EL ESP\u00cdRITU DE LA SAGRADA FAMILIA","orden":"999","portada":"0","idioma":"spa","editorial":[{"ID":8258,"post_author":"3","post_date":"2022-09-30 09:21:32","post_date_gmt":"2022-09-30 07:21:32","post_content":"","post_title":"MENSAJERO","post_excerpt":"","post_status":"publish","comment_status":"closed","ping_status":"closed","post_password":"","post_name":"mensajero","to_ping":"","pinged":"","post_modified":"2022-09-30 09:21:32","post_modified_gmt":"2022-09-30 07:21:32","post_content_filtered":"","post_parent":0,"guid":"http:\/\/dev.claret.cat\/editorial\/mensajero\/","menu_order":0,"post_type":"editorial","post_mime_type":"","comment_count":"0","filter":"raw"}],"autores-libros":[{"ID":282207,"post_author":"3","post_date":"2022-12-10 00:16:40","post_date_gmt":"2022-12-09 23:16:40","post_content":"","post_title":"JEAN-PAUL HERN\u00c1NDEZ","post_excerpt":"","post_status":"publish","comment_status":"closed","ping_status":"closed","post_password":"","post_name":"jean-paul-hernandez","to_ping":"","pinged":"","post_modified":"2022-12-10 00:16:40","post_modified_gmt":"2022-12-09 23:16:40","post_content_filtered":"","post_parent":0,"guid":"http:\/\/dev.claret.cat\/autor\/jean-paul-hernandez\/","menu_order":0,"post_type":"autor","post_mime_type":"","comment_count":"0","filter":"raw"}],"booktrailer":"","resenas":""},"aioseo_notices":[],"aioseo_head":"\n\t\t<!-- All in One SEO Pro 5.0.1.1 - aioseo.com -->\n\t<meta name=\"description\" content=\"ANTONI GAUD\u00cd: LA PALABRA EN LA PIEDRA de HERN\u00c1NDEZ, JEAN-PAUL disponible a\/en Llibreria Claret.\" \/>\n\t<meta name=\"robots\" content=\"max-image-preview:large\" \/>\n\t<meta name=\"google-site-verification\" content=\"xVtlFxJ-TfkIu-D-lt7XeLobefg5EIQiXTuqcSf8Rf0\" \/>\n\t<link rel=\"canonical\" href=\"https:\/\/www.claret.cat\/es\/libro\/antoni-gaudi-la-palabra-en-la-piedra-9788427131507\/\" \/>\n\t<meta name=\"generator\" content=\"All in One SEO Pro (AIOSEO) 5.0.1.1\" \/>\n\t\t<meta property=\"og:locale\" content=\"es_ES\" \/>\n\t\t<meta property=\"og:site_name\" content=\"Llibreria Claret - Llibreria religiosa a Barcelona\" \/>\n\t\t<meta property=\"og:type\" content=\"article\" \/>\n\t\t<meta property=\"og:title\" content=\"ANTONI GAUD\u00cd: LA PALABRA EN LA PIEDRA - HERN\u00c1NDEZ, JEAN-PAUL 9788427131507 | Llibreria Claret\" \/>\n\t\t<meta property=\"og:description\" content=\"ANTONI GAUD\u00cd: LA PALABRA EN LA PIEDRA de HERN\u00c1NDEZ, JEAN-PAUL disponible a\/en Llibreria Claret.\" \/>\n\t\t<meta property=\"og:url\" content=\"https:\/\/www.claret.cat\/es\/libro\/antoni-gaudi-la-palabra-en-la-piedra-9788427131507\/\" \/>\n\t\t<meta property=\"og:image\" content=\"https:\/\/dev.claret.cat\/wp-content\/uploads\/logo-claret.svg\" \/>\n\t\t<meta property=\"og:image:secure_url\" content=\"https:\/\/dev.claret.cat\/wp-content\/uploads\/logo-claret.svg\" \/>\n\t\t<meta property=\"article:published_time\" content=\"2022-12-09T23:16:41+00:00\" \/>\n\t\t<meta property=\"article:modified_time\" content=\"2026-05-08T14:56:07+00:00\" \/>\n\t\t<meta property=\"article:publisher\" content=\"https:\/\/www.facebook.com\/LlibreriaClaret\" \/>\n\t\t<meta name=\"twitter:card\" content=\"summary_large_image\" \/>\n\t\t<meta name=\"twitter:site\" content=\"@LlibreriaClaret\" \/>\n\t\t<meta name=\"twitter:title\" content=\"ANTONI GAUD\u00cd: LA PALABRA EN LA PIEDRA - HERN\u00c1NDEZ, JEAN-PAUL 9788427131507 | Llibreria Claret\" \/>\n\t\t<meta name=\"twitter:description\" content=\"ANTONI GAUD\u00cd: LA PALABRA EN LA PIEDRA de HERN\u00c1NDEZ, JEAN-PAUL disponible a\/en Llibreria Claret.\" \/>\n\t\t<meta name=\"twitter:image\" content=\"http:\/\/dev.claret.cat\/wp-content\/uploads\/logo-claret.svg\" \/>\n\t\t<script type=\"application\/ld+json\" class=\"aioseo-schema\">\n\t\t\t{\"@context\":\"https:\\\/\\\/schema.org\",\"@graph\":[{\"@type\":\"BreadcrumbList\",\"@id\":\"https:\\\/\\\/www.claret.cat\\\/es\\\/libro\\\/antoni-gaudi-la-palabra-en-la-piedra-9788427131507\\\/#breadcrumblist\",\"itemListElement\":[{\"@type\":\"ListItem\",\"@id\":\"https:\\\/\\\/www.claret.cat\\\/es\\\/#listItem\",\"position\":1,\"name\":\"Home\",\"item\":\"https:\\\/\\\/www.claret.cat\\\/es\\\/\",\"nextItem\":{\"@type\":\"ListItem\",\"@id\":\"https:\\\/\\\/www.claret.cat\\\/?page_id=16#listItem\",\"name\":\"Botiga\"}},{\"@type\":\"ListItem\",\"@id\":\"https:\\\/\\\/www.claret.cat\\\/?page_id=16#listItem\",\"position\":2,\"name\":\"Botiga\",\"item\":\"https:\\\/\\\/www.claret.cat\\\/?page_id=16\",\"nextItem\":{\"@type\":\"ListItem\",\"@id\":\"https:\\\/\\\/www.claret.cat\\\/categoria-producto\\\/cat\\\/#listItem\",\"name\":\"CAT\"},\"previousItem\":{\"@type\":\"ListItem\",\"@id\":\"https:\\\/\\\/www.claret.cat\\\/es\\\/#listItem\",\"name\":\"Home\"}},{\"@type\":\"ListItem\",\"@id\":\"https:\\\/\\\/www.claret.cat\\\/categoria-producto\\\/cat\\\/#listItem\",\"position\":3,\"name\":\"CAT\",\"item\":\"https:\\\/\\\/www.claret.cat\\\/categoria-producto\\\/cat\\\/\",\"nextItem\":{\"@type\":\"ListItem\",\"@id\":\"https:\\\/\\\/www.claret.cat\\\/categoria-producto\\\/cat\\\/5_altres\\\/#listItem\",\"name\":\"Altres\"},\"previousItem\":{\"@type\":\"ListItem\",\"@id\":\"https:\\\/\\\/www.claret.cat\\\/?page_id=16#listItem\",\"name\":\"Botiga\"}},{\"@type\":\"ListItem\",\"@id\":\"https:\\\/\\\/www.claret.cat\\\/categoria-producto\\\/cat\\\/5_altres\\\/#listItem\",\"position\":4,\"name\":\"Altres\",\"item\":\"https:\\\/\\\/www.claret.cat\\\/categoria-producto\\\/cat\\\/5_altres\\\/\",\"nextItem\":{\"@type\":\"ListItem\",\"@id\":\"https:\\\/\\\/www.claret.cat\\\/categoria-producto\\\/cat\\\/5_altres\\\/altres\\\/#listItem\",\"name\":\"Altres\"},\"previousItem\":{\"@type\":\"ListItem\",\"@id\":\"https:\\\/\\\/www.claret.cat\\\/categoria-producto\\\/cat\\\/#listItem\",\"name\":\"CAT\"}},{\"@type\":\"ListItem\",\"@id\":\"https:\\\/\\\/www.claret.cat\\\/categoria-producto\\\/cat\\\/5_altres\\\/altres\\\/#listItem\",\"position\":5,\"name\":\"Altres\",\"item\":\"https:\\\/\\\/www.claret.cat\\\/categoria-producto\\\/cat\\\/5_altres\\\/altres\\\/\",\"nextItem\":{\"@type\":\"ListItem\",\"@id\":\"https:\\\/\\\/www.claret.cat\\\/es\\\/libro\\\/antoni-gaudi-la-palabra-en-la-piedra-9788427131507\\\/#listItem\",\"name\":\"ANTONI GAUD\\u00cd: LA PALABRA EN LA PIEDRA\"},\"previousItem\":{\"@type\":\"ListItem\",\"@id\":\"https:\\\/\\\/www.claret.cat\\\/categoria-producto\\\/cat\\\/5_altres\\\/#listItem\",\"name\":\"Altres\"}},{\"@type\":\"ListItem\",\"@id\":\"https:\\\/\\\/www.claret.cat\\\/es\\\/libro\\\/antoni-gaudi-la-palabra-en-la-piedra-9788427131507\\\/#listItem\",\"position\":6,\"name\":\"ANTONI GAUD\\u00cd: LA PALABRA EN LA PIEDRA\",\"previousItem\":{\"@type\":\"ListItem\",\"@id\":\"https:\\\/\\\/www.claret.cat\\\/categoria-producto\\\/cat\\\/5_altres\\\/altres\\\/#listItem\",\"name\":\"Altres\"}}]},{\"@type\":\"ItemPage\",\"@id\":\"https:\\\/\\\/www.claret.cat\\\/es\\\/libro\\\/antoni-gaudi-la-palabra-en-la-piedra-9788427131507\\\/#itempage\",\"url\":\"https:\\\/\\\/www.claret.cat\\\/es\\\/libro\\\/antoni-gaudi-la-palabra-en-la-piedra-9788427131507\\\/\",\"name\":\"ANTONI GAUD\\u00cd: LA PALABRA EN LA PIEDRA - HERN\\u00c1NDEZ, JEAN-PAUL 9788427131507 | Llibreria Claret\",\"description\":\"ANTONI GAUD\\u00cd: LA PALABRA EN LA PIEDRA de HERN\\u00c1NDEZ, JEAN-PAUL disponible a\\\/en Llibreria Claret.\",\"inLanguage\":\"es-ES\",\"isPartOf\":{\"@id\":\"https:\\\/\\\/www.claret.cat\\\/es\\\/#website\"},\"breadcrumb\":{\"@id\":\"https:\\\/\\\/www.claret.cat\\\/es\\\/libro\\\/antoni-gaudi-la-palabra-en-la-piedra-9788427131507\\\/#breadcrumblist\"},\"image\":{\"@type\":\"ImageObject\",\"url\":\"https:\\\/\\\/www.claret.cat\\\/wp-content\\\/uploads\\\/.\\\/9788427131507-1.jpg\",\"@id\":\"https:\\\/\\\/www.claret.cat\\\/es\\\/libro\\\/antoni-gaudi-la-palabra-en-la-piedra-9788427131507\\\/#mainImage\",\"width\":225,\"height\":220,\"caption\":\"9788427131507.jpg\"},\"primaryImageOfPage\":{\"@id\":\"https:\\\/\\\/www.claret.cat\\\/es\\\/libro\\\/antoni-gaudi-la-palabra-en-la-piedra-9788427131507\\\/#mainImage\"},\"datePublished\":\"2022-12-10T00:16:41+01:00\",\"dateModified\":\"2026-05-08T16:56:07+02:00\"},{\"@type\":\"Organization\",\"@id\":\"https:\\\/\\\/www.claret.cat\\\/es\\\/#organization\",\"name\":\"Llibreria Claret\",\"description\":\"Llibreria religiosa a Barcelona\",\"url\":\"https:\\\/\\\/www.claret.cat\\\/es\\\/\",\"email\":\"comunicacio@claret.cat\",\"telephone\":\"+34933010887\",\"logo\":{\"@type\":\"ImageObject\",\"url\":\"https:\\\/\\\/www.claret.cat\\\/wp-content\\\/uploads\\\/.\\\/logo-claret-es.png\",\"@id\":\"https:\\\/\\\/www.claret.cat\\\/es\\\/libro\\\/antoni-gaudi-la-palabra-en-la-piedra-9788427131507\\\/#organizationLogo\",\"width\":195,\"height\":79},\"image\":{\"@id\":\"https:\\\/\\\/www.claret.cat\\\/es\\\/libro\\\/antoni-gaudi-la-palabra-en-la-piedra-9788427131507\\\/#organizationLogo\"},\"sameAs\":[\"https:\\\/\\\/www.facebook.com\\\/LlibreriaClaret\",\"https:\\\/\\\/twitter.com\\\/LlibreriaClaret\",\"https:\\\/\\\/www.instagram.com\\\/llibreriaclaret\\\/\",\"https:\\\/\\\/www.tiktok.com\\\/@llibreriaclaret\",\"https:\\\/\\\/www.youtube.com\\\/@llibreriaclaret\",\"https:\\\/\\\/ca.wikipedia.org\\\/wiki\\\/Editorial_Claret\"]},{\"@type\":\"WebPage\",\"@id\":\"https:\\\/\\\/www.claret.cat\\\/es\\\/libro\\\/antoni-gaudi-la-palabra-en-la-piedra-9788427131507\\\/#webpage\",\"url\":\"https:\\\/\\\/www.claret.cat\\\/es\\\/libro\\\/antoni-gaudi-la-palabra-en-la-piedra-9788427131507\\\/\",\"name\":\"ANTONI GAUD\\u00cd: LA PALABRA EN LA PIEDRA - HERN\\u00c1NDEZ, JEAN-PAUL 9788427131507 | Llibreria Claret\",\"description\":\"ANTONI GAUD\\u00cd: LA PALABRA EN LA PIEDRA de HERN\\u00c1NDEZ, JEAN-PAUL disponible a\\\/en Llibreria Claret.\",\"inLanguage\":\"es-ES\",\"isPartOf\":{\"@id\":\"https:\\\/\\\/www.claret.cat\\\/es\\\/#website\"},\"breadcrumb\":{\"@id\":\"https:\\\/\\\/www.claret.cat\\\/es\\\/libro\\\/antoni-gaudi-la-palabra-en-la-piedra-9788427131507\\\/#breadcrumblist\"},\"image\":{\"@type\":\"ImageObject\",\"url\":\"https:\\\/\\\/www.claret.cat\\\/wp-content\\\/uploads\\\/.\\\/9788427131507-1.jpg\",\"@id\":\"https:\\\/\\\/www.claret.cat\\\/es\\\/libro\\\/antoni-gaudi-la-palabra-en-la-piedra-9788427131507\\\/#mainImage\",\"width\":225,\"height\":220,\"caption\":\"9788427131507.jpg\"},\"primaryImageOfPage\":{\"@id\":\"https:\\\/\\\/www.claret.cat\\\/es\\\/libro\\\/antoni-gaudi-la-palabra-en-la-piedra-9788427131507\\\/#mainImage\"},\"datePublished\":\"2022-12-10T00:16:41+01:00\",\"dateModified\":\"2026-05-08T16:56:07+02:00\"},{\"@type\":\"WebSite\",\"@id\":\"https:\\\/\\\/www.claret.cat\\\/es\\\/#website\",\"url\":\"https:\\\/\\\/www.claret.cat\\\/es\\\/\",\"name\":\"Llibreria Claret Barcelona\",\"alternateName\":\"Llibreria Claret\",\"description\":\"Llibreria religiosa a Barcelona\",\"inLanguage\":\"es-ES\",\"publisher\":{\"@id\":\"https:\\\/\\\/www.claret.cat\\\/es\\\/#organization\"}}]}\n\t\t<\/script>\n\t\t<!-- All in One SEO Pro -->\r\n\t\t<title>ANTONI GAUD\u00cd: LA PALABRA EN LA PIEDRA - HERN\u00c1NDEZ, JEAN-PAUL 9788427131507 | Llibreria Claret<\/title>\n\n","aioseo_head_json":{"title":"ANTONI GAUD\u00cd: LA PALABRA EN LA PIEDRA - HERN\u00c1NDEZ, JEAN-PAUL 9788427131507 | Llibreria Claret","description":"ANTONI GAUD\u00cd: LA PALABRA EN LA PIEDRA de HERN\u00c1NDEZ, JEAN-PAUL disponible a\/en Llibreria Claret.","canonical_url":"https:\/\/www.claret.cat\/es\/libro\/antoni-gaudi-la-palabra-en-la-piedra-9788427131507\/","robots":"max-image-preview:large","keywords":"","webmasterTools":{"google-site-verification":"xVtlFxJ-TfkIu-D-lt7XeLobefg5EIQiXTuqcSf8Rf0","miscellaneous":""},"schema":{"@context":"https:\/\/schema.org","@graph":[{"@type":"BreadcrumbList","@id":"https:\/\/www.claret.cat\/es\/libro\/antoni-gaudi-la-palabra-en-la-piedra-9788427131507\/#breadcrumblist","itemListElement":[{"@type":"ListItem","@id":"https:\/\/www.claret.cat\/es\/#listItem","position":1,"name":"Home","item":"https:\/\/www.claret.cat\/es\/","nextItem":{"@type":"ListItem","@id":"https:\/\/www.claret.cat\/?page_id=16#listItem","name":"Botiga"}},{"@type":"ListItem","@id":"https:\/\/www.claret.cat\/?page_id=16#listItem","position":2,"name":"Botiga","item":"https:\/\/www.claret.cat\/?page_id=16","nextItem":{"@type":"ListItem","@id":"https:\/\/www.claret.cat\/categoria-producto\/cat\/#listItem","name":"CAT"},"previousItem":{"@type":"ListItem","@id":"https:\/\/www.claret.cat\/es\/#listItem","name":"Home"}},{"@type":"ListItem","@id":"https:\/\/www.claret.cat\/categoria-producto\/cat\/#listItem","position":3,"name":"CAT","item":"https:\/\/www.claret.cat\/categoria-producto\/cat\/","nextItem":{"@type":"ListItem","@id":"https:\/\/www.claret.cat\/categoria-producto\/cat\/5_altres\/#listItem","name":"Altres"},"previousItem":{"@type":"ListItem","@id":"https:\/\/www.claret.cat\/?page_id=16#listItem","name":"Botiga"}},{"@type":"ListItem","@id":"https:\/\/www.claret.cat\/categoria-producto\/cat\/5_altres\/#listItem","position":4,"name":"Altres","item":"https:\/\/www.claret.cat\/categoria-producto\/cat\/5_altres\/","nextItem":{"@type":"ListItem","@id":"https:\/\/www.claret.cat\/categoria-producto\/cat\/5_altres\/altres\/#listItem","name":"Altres"},"previousItem":{"@type":"ListItem","@id":"https:\/\/www.claret.cat\/categoria-producto\/cat\/#listItem","name":"CAT"}},{"@type":"ListItem","@id":"https:\/\/www.claret.cat\/categoria-producto\/cat\/5_altres\/altres\/#listItem","position":5,"name":"Altres","item":"https:\/\/www.claret.cat\/categoria-producto\/cat\/5_altres\/altres\/","nextItem":{"@type":"ListItem","@id":"https:\/\/www.claret.cat\/es\/libro\/antoni-gaudi-la-palabra-en-la-piedra-9788427131507\/#listItem","name":"ANTONI GAUD\u00cd: LA PALABRA EN LA PIEDRA"},"previousItem":{"@type":"ListItem","@id":"https:\/\/www.claret.cat\/categoria-producto\/cat\/5_altres\/#listItem","name":"Altres"}},{"@type":"ListItem","@id":"https:\/\/www.claret.cat\/es\/libro\/antoni-gaudi-la-palabra-en-la-piedra-9788427131507\/#listItem","position":6,"name":"ANTONI GAUD\u00cd: LA PALABRA EN LA PIEDRA","previousItem":{"@type":"ListItem","@id":"https:\/\/www.claret.cat\/categoria-producto\/cat\/5_altres\/altres\/#listItem","name":"Altres"}}]},{"@type":"ItemPage","@id":"https:\/\/www.claret.cat\/es\/libro\/antoni-gaudi-la-palabra-en-la-piedra-9788427131507\/#itempage","url":"https:\/\/www.claret.cat\/es\/libro\/antoni-gaudi-la-palabra-en-la-piedra-9788427131507\/","name":"ANTONI GAUD\u00cd: LA PALABRA EN LA PIEDRA - HERN\u00c1NDEZ, JEAN-PAUL 9788427131507 | Llibreria Claret","description":"ANTONI GAUD\u00cd: LA PALABRA EN LA PIEDRA de HERN\u00c1NDEZ, JEAN-PAUL disponible a\/en Llibreria Claret.","inLanguage":"es-ES","isPartOf":{"@id":"https:\/\/www.claret.cat\/es\/#website"},"breadcrumb":{"@id":"https:\/\/www.claret.cat\/es\/libro\/antoni-gaudi-la-palabra-en-la-piedra-9788427131507\/#breadcrumblist"},"image":{"@type":"ImageObject","url":"https:\/\/www.claret.cat\/wp-content\/uploads\/.\/9788427131507-1.jpg","@id":"https:\/\/www.claret.cat\/es\/libro\/antoni-gaudi-la-palabra-en-la-piedra-9788427131507\/#mainImage","width":225,"height":220,"caption":"9788427131507.jpg"},"primaryImageOfPage":{"@id":"https:\/\/www.claret.cat\/es\/libro\/antoni-gaudi-la-palabra-en-la-piedra-9788427131507\/#mainImage"},"datePublished":"2022-12-10T00:16:41+01:00","dateModified":"2026-05-08T16:56:07+02:00"},{"@type":"Organization","@id":"https:\/\/www.claret.cat\/es\/#organization","name":"Llibreria Claret","description":"Llibreria religiosa a Barcelona","url":"https:\/\/www.claret.cat\/es\/","email":"comunicacio@claret.cat","telephone":"+34933010887","logo":{"@type":"ImageObject","url":"https:\/\/www.claret.cat\/wp-content\/uploads\/.\/logo-claret-es.png","@id":"https:\/\/www.claret.cat\/es\/libro\/antoni-gaudi-la-palabra-en-la-piedra-9788427131507\/#organizationLogo","width":195,"height":79},"image":{"@id":"https:\/\/www.claret.cat\/es\/libro\/antoni-gaudi-la-palabra-en-la-piedra-9788427131507\/#organizationLogo"},"sameAs":["https:\/\/www.facebook.com\/LlibreriaClaret","https:\/\/twitter.com\/LlibreriaClaret","https:\/\/www.instagram.com\/llibreriaclaret\/","https:\/\/www.tiktok.com\/@llibreriaclaret","https:\/\/www.youtube.com\/@llibreriaclaret","https:\/\/ca.wikipedia.org\/wiki\/Editorial_Claret"]},{"@type":"WebPage","@id":"https:\/\/www.claret.cat\/es\/libro\/antoni-gaudi-la-palabra-en-la-piedra-9788427131507\/#webpage","url":"https:\/\/www.claret.cat\/es\/libro\/antoni-gaudi-la-palabra-en-la-piedra-9788427131507\/","name":"ANTONI GAUD\u00cd: LA PALABRA EN LA PIEDRA - HERN\u00c1NDEZ, JEAN-PAUL 9788427131507 | Llibreria Claret","description":"ANTONI GAUD\u00cd: LA PALABRA EN LA PIEDRA de HERN\u00c1NDEZ, JEAN-PAUL disponible a\/en Llibreria Claret.","inLanguage":"es-ES","isPartOf":{"@id":"https:\/\/www.claret.cat\/es\/#website"},"breadcrumb":{"@id":"https:\/\/www.claret.cat\/es\/libro\/antoni-gaudi-la-palabra-en-la-piedra-9788427131507\/#breadcrumblist"},"image":{"@type":"ImageObject","url":"https:\/\/www.claret.cat\/wp-content\/uploads\/.\/9788427131507-1.jpg","@id":"https:\/\/www.claret.cat\/es\/libro\/antoni-gaudi-la-palabra-en-la-piedra-9788427131507\/#mainImage","width":225,"height":220,"caption":"9788427131507.jpg"},"primaryImageOfPage":{"@id":"https:\/\/www.claret.cat\/es\/libro\/antoni-gaudi-la-palabra-en-la-piedra-9788427131507\/#mainImage"},"datePublished":"2022-12-10T00:16:41+01:00","dateModified":"2026-05-08T16:56:07+02:00"},{"@type":"WebSite","@id":"https:\/\/www.claret.cat\/es\/#website","url":"https:\/\/www.claret.cat\/es\/","name":"Llibreria Claret Barcelona","alternateName":"Llibreria Claret","description":"Llibreria religiosa a Barcelona","inLanguage":"es-ES","publisher":{"@id":"https:\/\/www.claret.cat\/es\/#organization"}}]},"og:locale":"es_ES","og:site_name":"Llibreria Claret - Llibreria religiosa a Barcelona","og:type":"article","og:title":"ANTONI GAUD\u00cd: LA PALABRA EN LA PIEDRA - HERN\u00c1NDEZ, JEAN-PAUL 9788427131507 | Llibreria Claret","og:description":"ANTONI GAUD\u00cd: LA PALABRA EN LA PIEDRA de HERN\u00c1NDEZ, JEAN-PAUL disponible a\/en Llibreria Claret.","og:url":"https:\/\/www.claret.cat\/es\/libro\/antoni-gaudi-la-palabra-en-la-piedra-9788427131507\/","og:image":"https:\/\/dev.claret.cat\/wp-content\/uploads\/logo-claret.svg","og:image:secure_url":"https:\/\/dev.claret.cat\/wp-content\/uploads\/logo-claret.svg","article:published_time":"2022-12-09T23:16:41+00:00","article:modified_time":"2026-05-08T14:56:07+00:00","article:publisher":"https:\/\/www.facebook.com\/LlibreriaClaret","twitter:card":"summary_large_image","twitter:site":"@LlibreriaClaret","twitter:title":"ANTONI GAUD\u00cd: LA PALABRA EN LA PIEDRA - HERN\u00c1NDEZ, JEAN-PAUL 9788427131507 | Llibreria Claret","twitter:description":"ANTONI GAUD\u00cd: LA PALABRA EN LA PIEDRA de HERN\u00c1NDEZ, JEAN-PAUL disponible a\/en Llibreria Claret.","twitter:image":"http:\/\/dev.claret.cat\/wp-content\/uploads\/logo-claret.svg"},"aioseo_meta_data":{"post_id":"282208","title":null,"description":null,"keywords":null,"keyphrases":null,"primary_term":null,"canonical_url":null,"og_title":null,"og_description":null,"og_object_type":"default","og_image_type":"default","og_image_url":null,"og_image_width":null,"og_image_height":null,"og_image_custom_url":null,"og_image_custom_fields":null,"og_video":null,"og_custom_url":null,"og_article_section":null,"og_article_tags":null,"twitter_use_og":false,"twitter_card":"default","twitter_image_type":"default","twitter_image_url":null,"twitter_image_custom_url":null,"twitter_image_custom_fields":null,"twitter_title":null,"twitter_description":null,"schema":{"blockGraphs":[],"customGraphs":[],"default":{"data":{"Article":[],"Course":[],"Dataset":[],"FAQPage":[],"Movie":[],"Person":[],"Product":[],"ProductReview":[],"Car":[],"Recipe":[],"Service":[],"SoftwareApplication":[],"WebPage":[]},"graphName":"","isEnabled":true},"graphs":[]},"schema_type":"default","schema_type_options":null,"pillar_content":false,"robots_default":true,"robots_noindex":false,"robots_noarchive":false,"robots_nosnippet":false,"robots_nofollow":false,"robots_noimageindex":false,"robots_noodp":false,"robots_notranslate":false,"robots_max_snippet":null,"robots_max_videopreview":null,"robots_max_imagepreview":"large","priority":null,"frequency":null,"local_seo":null,"seo_analyzer_scan_date":"2026-05-08 14:57:07","breadcrumb_settings":null,"limit_modified_date":false,"open_ai":null,"ai":null,"created":"2022-12-22 15:42:41","updated":"2026-05-08 14:57:38","focus_keyword":null,"additional_keywords":null,"truseo_locale":null},"aioseo_breadcrumb":"<div class=\"aioseo-breadcrumbs\"><span class=\"aioseo-breadcrumb\">\n\t<a href=\"https:\/\/www.claret.cat\/es\/\" title=\"Home\">Home<\/a>\n<\/span><span class=\"aioseo-breadcrumb-separator\">&raquo;<\/span><span class=\"aioseo-breadcrumb\">\n\t<a href=\"https:\/\/www.claret.cat\/?page_id=16\" title=\"Botiga\">Botiga<\/a>\n<\/span><span class=\"aioseo-breadcrumb-separator\">&raquo;<\/span><span class=\"aioseo-breadcrumb\">\n\t<a href=\"https:\/\/www.claret.cat\/categoria-producto\/cat\/\" title=\"CAT\">CAT<\/a>\n<\/span><span class=\"aioseo-breadcrumb-separator\">&raquo;<\/span><span class=\"aioseo-breadcrumb\">\n\t<a href=\"https:\/\/www.claret.cat\/categoria-producto\/cat\/5_altres\/\" title=\"Altres\">Altres<\/a>\n<\/span><span class=\"aioseo-breadcrumb-separator\">&raquo;<\/span><span class=\"aioseo-breadcrumb\">\n\t<a href=\"https:\/\/www.claret.cat\/categoria-producto\/cat\/5_altres\/altres\/\" title=\"Altres\">Altres<\/a>\n<\/span><span class=\"aioseo-breadcrumb-separator\">&raquo;<\/span><span class=\"aioseo-breadcrumb\">\n\tANTONI GAUD\u00cd: LA PALABRA EN LA PIEDRA\n<\/span><\/div>","aioseo_breadcrumb_json":[{"label":"Home","link":"https:\/\/www.claret.cat\/es\/"},{"label":"Botiga","link":"https:\/\/www.claret.cat\/?page_id=16"},{"label":"CAT","link":"https:\/\/www.claret.cat\/categoria-producto\/cat\/"},{"label":"Altres","link":"https:\/\/www.claret.cat\/categoria-producto\/cat\/5_altres\/"},{"label":"Altres","link":"https:\/\/www.claret.cat\/categoria-producto\/cat\/5_altres\/altres\/"},{"label":"ANTONI GAUD\u00cd: LA PALABRA EN LA PIEDRA","link":"https:\/\/www.claret.cat\/es\/libro\/antoni-gaudi-la-palabra-en-la-piedra-9788427131507\/"}],"_links":{"self":[{"href":"https:\/\/www.claret.cat\/es\/wp-json\/wp\/v2\/product\/282208","targetHints":{"allow":["GET"]}}],"collection":[{"href":"https:\/\/www.claret.cat\/es\/wp-json\/wp\/v2\/product"}],"about":[{"href":"https:\/\/www.claret.cat\/es\/wp-json\/wp\/v2\/types\/product"}],"wp:featuredmedia":[{"embeddable":true,"href":"https:\/\/www.claret.cat\/es\/wp-json\/wp\/v2\/media\/331897"}],"wp:attachment":[{"href":"https:\/\/www.claret.cat\/es\/wp-json\/wp\/v2\/media?parent=282208"}],"wp:term":[{"taxonomy":"product_brand","embeddable":true,"href":"https:\/\/www.claret.cat\/es\/wp-json\/wp\/v2\/product_brand?post=282208"},{"taxonomy":"product_cat","embeddable":true,"href":"https:\/\/www.claret.cat\/es\/wp-json\/wp\/v2\/product_cat?post=282208"},{"taxonomy":"product_tag","embeddable":true,"href":"https:\/\/www.claret.cat\/es\/wp-json\/wp\/v2\/product_tag?post=282208"}],"curies":[{"name":"wp","href":"https:\/\/api.w.org\/{rel}","templated":true}]}}