{"id":284206,"date":"2022-12-10T02:06:32","date_gmt":"2022-12-10T01:06:32","guid":{"rendered":"http:\/\/dev.claret.cat\/llibre\/el-chaman-del-pequeno-valle\/"},"modified":"2024-09-10T12:51:38","modified_gmt":"2024-09-10T10:51:38","slug":"el-chaman-del-pequeno-valle-9788428530361","status":"publish","type":"product","link":"https:\/\/www.claret.cat\/es\/libro\/el-chaman-del-pequeno-valle-9788428530361\/","title":{"rendered":"EL CHAM\u00c1N DEL PEQUE\u00d1O VALLE"},"content":{"rendered":"<p>\u00abLobo Blanco se dispuso a emprender junto a su padre el trayecto de unos pocos metros que separaban su tipi del lugar donde se celebrar\u00eda una ceremonia que tendr\u00eda grandes consecuencias para \u00e9l. Era un trayecto muy corto, pero significaba el inicio de un largo viaje&#8230;\u00bb.<br \/>Una amenaza se cierne sobre el poblado indio del Peque\u00f1o Valle: el hombre blanco, que no respeta la tierra y se apropia de todo.<br \/>Lobo Blanco, un joven con prisa por crecer, deber\u00e1 superar las pruebas de su viaje inici\u00e1tico y atravesar la Puerta Sagrada que le conducir\u00e1 a su destino. Un camino de aventuras en el que descubrir\u00e1 el poder de la serenidad, la sabidur\u00eda del silencio, el valor de la verdadera amistad y el respeto a la tierra y a las tradiciones. Guiado por el anciano cham\u00e1n en este viaje interior, Lobo Blanco sabr\u00e1 qui\u00e9n es realmente, aunque para ello incluso tenga que descender al lado oscuro de su ser para afrontar sus propios miedos.<br \/>La vida, creencias y leyendas del pueblo indio americano en un tiempo en el que la tierra no pertenec\u00eda a nadie.<br \/>Valores: educaci\u00f3n medioambiental, paz, familia, crecimiento interior y responsabilidad.<\/p>\n","protected":false},"excerpt":{"rendered":"<p>OT\u00d3N, JOSEP<\/p>\n","protected":false},"featured_media":978838,"template":"","meta":{"_acf_changed":false,"om_disable_all_campaigns":false,"rs_blank_template":"","rs_page_bg_color":"","slide_template_v7":"","inline_featured_image":false,"_monsterinsights_skip_tracking":false,"_monsterinsights_sitenote_active":false,"_monsterinsights_sitenote_note":"","_monsterinsights_sitenote_category":0},"product_brand":[],"product_cat":[133,143,191,454,576,363,437,163],"product_tag":[],"class_list":{"0":"post-284206","1":"product","2":"type-product","3":"status-publish","4":"has-post-thumbnail","6":"product_cat-lectures-per-adolescents-12-18-anys","7":"product_cat-educacio-en-valors","8":"product_cat-educacio-en-valors-pedagogia-2_humanitats","9":"product_cat-educacion-en-valores","10":"product_cat-educacion-en-valores-escolar-4_escolar-spa","11":"product_cat-lecturas-por-adolescentes-12-18-anos","12":"product_cat-valores-y-convivencia","13":"product_cat-valors-i-convivencia","15":"first","16":"outofstock","17":"taxable","18":"shipping-taxable","19":"purchasable","20":"product-type-simple"},"acf":{"editorial":[{"ID":6356,"post_author":"3","post_date":"2022-07-28 17:50:26","post_date_gmt":"2022-07-28 15:50:26","post_content":"","post_title":"SAN PABLO COMUNICACI\u00d3N","post_excerpt":"","post_status":"publish","comment_status":"closed","ping_status":"closed","post_password":"","post_name":"san-pablo-comunicacion","to_ping":"","pinged":"","post_modified":"2022-07-28 17:50:26","post_modified_gmt":"2022-07-28 15:50:26","post_content_filtered":"","post_parent":0,"guid":"http:\/\/dev.claret.cat\/editorial\/san-pablo-comunicacion\/","menu_order":0,"post_type":"editorial","post_mime_type":"","comment_count":"0","filter":"raw"}],"autores-libros":[{"ID":5668,"post_author":"3","post_date":"2022-07-28 17:28:55","post_date_gmt":"2022-07-28 15:28:55","post_content":"","post_title":"JOSEP OT\u00d3N","post_excerpt":"","post_status":"publish","comment_status":"closed","ping_status":"closed","post_password":"","post_name":"josep-oton","to_ping":"","pinged":"","post_modified":"2022-07-28 17:28:55","post_modified_gmt":"2022-07-28 15:28:55","post_content_filtered":"","post_parent":0,"guid":"http:\/\/dev.claret.cat\/autor\/josep-oton\/","menu_order":0,"post_type":"autor","post_mime_type":"","comment_count":"0","filter":"raw"}],"autor":"OT\u00d3N, JOSEP","codart":"842853036","libros-coleccion":"La br\u00fajula. Naranja","ediciones":"1","encuadernacion":"R\u00fastica","fecha_de_publicacion":"15\/02\/2007","novedad":"0","paginas":"128","subtitulo":"","orden":"999","portada":"0","idioma":"spa"},"aioseo_notices":[],"_links":{"self":[{"href":"https:\/\/www.claret.cat\/es\/wp-json\/wp\/v2\/product\/284206","targetHints":{"allow":["GET"]}}],"collection":[{"href":"https:\/\/www.claret.cat\/es\/wp-json\/wp\/v2\/product"}],"about":[{"href":"https:\/\/www.claret.cat\/es\/wp-json\/wp\/v2\/types\/product"}],"wp:featuredmedia":[{"embeddable":true,"href":"https:\/\/www.claret.cat\/es\/wp-json\/wp\/v2\/media\/978838"}],"wp:attachment":[{"href":"https:\/\/www.claret.cat\/es\/wp-json\/wp\/v2\/media?parent=284206"}],"wp:term":[{"taxonomy":"product_brand","embeddable":true,"href":"https:\/\/www.claret.cat\/es\/wp-json\/wp\/v2\/product_brand?post=284206"},{"taxonomy":"product_cat","embeddable":true,"href":"https:\/\/www.claret.cat\/es\/wp-json\/wp\/v2\/product_cat?post=284206"},{"taxonomy":"product_tag","embeddable":true,"href":"https:\/\/www.claret.cat\/es\/wp-json\/wp\/v2\/product_tag?post=284206"}],"curies":[{"name":"wp","href":"https:\/\/api.w.org\/{rel}","templated":true}]}}