{"id":284225,"date":"2022-12-10T02:10:44","date_gmt":"2022-12-10T01:10:44","guid":{"rendered":"http:\/\/dev.claret.cat\/llibre\/las-confesiones-2\/"},"modified":"2026-04-21T14:30:07","modified_gmt":"2026-04-21T12:30:07","slug":"las-confesiones-9788428530491","status":"publish","type":"product","link":"https:\/\/www.claret.cat\/es\/libro\/las-confesiones-9788428530491\/","title":{"rendered":"LAS CONFESIONES"},"content":{"rendered":"<p>Esta obra recoge Las Confesiones de san Agust\u00edn, consideradas por lectores y estudiosos como uno de los cl\u00e1sicos m\u00e1s importantes de la espiritualidad occidental desde su publicaci\u00f3n hasta nuestros d\u00edas. En ellas han visto un exponente autorizado, fidedigno, del modo como los cristianos de cultura principalmente mediterr\u00e1nea y, luego, centroeuropea han entendido y llevado a la pr\u00e1ctica la repercusi\u00f3n de su credo en la vida. <br \/>Las Confesiones, en concreto tres, constituyen un di\u00e1logo con Dios, cuya misericordia, providencia y esplendidez reconoce, confiesa y alaba Agust\u00edn. Son tambi\u00e9n un testimonio simult\u00e1neamente personal, apost\u00f3lico y doctrinal dirigido a los fieles de la Iglesia cat\u00f3lica.<\/p>\n","protected":false},"excerpt":{"rendered":"<p>DE HIPONA, AGUST\u00cdN<\/p>\n","protected":false},"featured_media":1096751,"template":"","meta":{"_acf_changed":false,"om_disable_all_campaigns":false,"rs_blank_template":"","rs_page_bg_color":"","slide_template_v7":"","inline_featured_image":false,"_monsterinsights_skip_tracking":false,"_monsterinsights_sitenote_active":false,"_monsterinsights_sitenote_note":"","_monsterinsights_sitenote_category":0},"product_brand":[],"product_cat":[275,413,497,248,239,490,510,280],"product_tag":[],"class_list":{"0":"post-284225","1":"product","2":"type-product","3":"status-publish","4":"has-post-thumbnail","6":"product_cat-fonamental","7":"product_cat-fundamental","8":"product_cat-meditaciones","9":"product_cat-meditacions","10":"product_cat-monastica","11":"product_cat-monastica-espiritualidad-1_espiritualidad","12":"product_cat-patrologia-teologia-1_espiritualidad","13":"product_cat-patrologia","15":"first","16":"outofstock","17":"taxable","18":"shipping-taxable","19":"purchasable","20":"product-type-simple"},"acf":{"autor":"DE HIPONA, AGUST\u00cdN","codart":"842853049","libros-coleccion":"Biblioteca Cl\u00e1sicos Cristianos","ediciones":"1","encuadernacion":"R\u00fastica","fecha_de_publicacion":"15\/02\/2007","novedad":"0","paginas":"488","subtitulo":"","orden":"999","portada":"0","idioma":"spa","editorial":[{"ID":6356,"post_author":"3","post_date":"2022-07-28 17:50:26","post_date_gmt":"2022-07-28 15:50:26","post_content":"","post_title":"SAN PABLO COMUNICACI\u00d3N","post_excerpt":"","post_status":"publish","comment_status":"closed","ping_status":"closed","post_password":"","post_name":"san-pablo-comunicacion","to_ping":"","pinged":"","post_modified":"2022-07-28 17:50:26","post_modified_gmt":"2022-07-28 15:50:26","post_content_filtered":"","post_parent":0,"guid":"http:\/\/dev.claret.cat\/editorial\/san-pablo-comunicacion\/","menu_order":0,"post_type":"editorial","post_mime_type":"","comment_count":"0","filter":"raw"}],"autores-libros":[{"ID":284223,"post_author":"3","post_date":"2022-12-10 02:10:41","post_date_gmt":"2022-12-10 01:10:41","post_content":"","post_title":"AGUST\u00cdN DE HIPONA","post_excerpt":"","post_status":"publish","comment_status":"closed","ping_status":"closed","post_password":"","post_name":"agustin-de-hipona","to_ping":"","pinged":"","post_modified":"2022-12-10 02:10:41","post_modified_gmt":"2022-12-10 01:10:41","post_content_filtered":"","post_parent":0,"guid":"http:\/\/dev.claret.cat\/autor\/agustin-de-hipona\/","menu_order":0,"post_type":"autor","post_mime_type":"","comment_count":"0","filter":"raw"},{"ID":284224,"post_author":"3","post_date":"2022-12-10 02:10:42","post_date_gmt":"2022-12-10 01:10:42","post_content":"","post_title":"JOS\u00c9 (int) ANOZ","post_excerpt":"","post_status":"publish","comment_status":"closed","ping_status":"closed","post_password":"","post_name":"jose-int-anoz","to_ping":"","pinged":"","post_modified":"2022-12-10 02:10:42","post_modified_gmt":"2022-12-10 01:10:42","post_content_filtered":"","post_parent":0,"guid":"http:\/\/dev.claret.cat\/autor\/jose-int-anoz\/","menu_order":0,"post_type":"autor","post_mime_type":"","comment_count":"0","filter":"raw"}],"booktrailer":"","resenas":""},"aioseo_notices":[],"_links":{"self":[{"href":"https:\/\/www.claret.cat\/es\/wp-json\/wp\/v2\/product\/284225","targetHints":{"allow":["GET"]}}],"collection":[{"href":"https:\/\/www.claret.cat\/es\/wp-json\/wp\/v2\/product"}],"about":[{"href":"https:\/\/www.claret.cat\/es\/wp-json\/wp\/v2\/types\/product"}],"wp:featuredmedia":[{"embeddable":true,"href":"https:\/\/www.claret.cat\/es\/wp-json\/wp\/v2\/media\/1096751"}],"wp:attachment":[{"href":"https:\/\/www.claret.cat\/es\/wp-json\/wp\/v2\/media?parent=284225"}],"wp:term":[{"taxonomy":"product_brand","embeddable":true,"href":"https:\/\/www.claret.cat\/es\/wp-json\/wp\/v2\/product_brand?post=284225"},{"taxonomy":"product_cat","embeddable":true,"href":"https:\/\/www.claret.cat\/es\/wp-json\/wp\/v2\/product_cat?post=284225"},{"taxonomy":"product_tag","embeddable":true,"href":"https:\/\/www.claret.cat\/es\/wp-json\/wp\/v2\/product_tag?post=284225"}],"curies":[{"name":"wp","href":"https:\/\/api.w.org\/{rel}","templated":true}]}}