{"id":28727,"date":"2022-10-02T11:16:15","date_gmt":"2022-10-02T09:16:15","guid":{"rendered":"http:\/\/dev.claret.cat\/producte\/hamnet\/"},"modified":"2026-04-25T11:45:45","modified_gmt":"2026-04-25T09:45:45","slug":"hamnet-9788417977580","status":"publish","type":"product","link":"https:\/\/www.claret.cat\/es\/libro\/hamnet-9788417977580\/","title":{"rendered":"HAMNET"},"content":{"rendered":"<p> Women&#8221;s Prize for Fiction 2020\u00abSu mejor novela hasta la fecha. Hamnet demuestra que siempre hay nuevas historias que contar.\u00bb The Guardian<br \/> Agnes, una muchacha peculiar que parece no rendir cuentas a nadie y que es capaz de crear misteriosos remedios con sencillas combinaciones de plantas, es la comidilla de Stratford, un peque\u00f1o pueblo de Inglaterra. Cuando conoce a un joven preceptor de lat\u00edn igual de extraordinario que ella, se da cuenta enseguida de que est\u00e1n llamados a formar una familia. Pero su matrimonio se ver\u00e1 puesto a prueba, primero por sus parientes y despu\u00e9s por una inesperada desgracia. Partiendo de la historia familiar de Shakespeare, Maggie O&#8221;Farrell transita entre la ficci\u00f3n y la realidad para trazar una hipn\u00f3tica recreaci\u00f3n del suceso que inspir\u00f3 una de las obras literarias m\u00e1s famosas de todos los tiempos. La autora, lejos de fijarse \u00fanicamente en los acontecimientos conocidos, reivindica con ternura las inolvidables figuras que habitan en los m\u00e1rgenes de la historia y ahonda en las peque\u00f1as grandes cuestiones de cualquier existencia: la vida familiar, el afecto, el dolor y la p\u00e9rdida. El resultado es una prodigiosa novela que ha cosechado un enorme \u00e9xito internacional y confirma a O&#8221;Farrell como una de las voces m\u00e1s brillantes de la literatura inglesa actual. <br \/> \u00abSobresaliente, preciosa, conmovedora (\u2026) El libro de su vida.\u00bb Tracy Chevalier \u00abUn extraordinario hito de la imaginaci\u00f3n y la empat\u00eda.\u00bb The New York Times \u00abUn regalo para los sentidos. Una novela muy especial.\u00bb The Sunday Times \u00abUna historia emotiva y llena de intriga sobre la manera en que el dolor transforma brutalmente un matrimonio.\u00bb  The Washington Post \u00abUna saga familiar tan llena de vida, de magia y de afecto que desear\u00eda que fuera real. (&#8230;) Maravillosamente escrita.\u00bb  The Boston Globe<\/p>\n","protected":false},"excerpt":{"rendered":"<p>O&#8217;FARRELL, MAGGIE<\/p>\n","protected":false},"featured_media":65158,"template":"","meta":{"_acf_changed":false,"om_disable_all_campaigns":false,"rs_blank_template":"","rs_page_bg_color":"","slide_template_v7":"","inline_featured_image":false,"_monsterinsights_skip_tracking":false},"product_brand":[],"product_cat":[308,127,357],"product_tag":[],"class_list":["post-28727","product","type-product","status-publish","has-post-thumbnail","product_cat-castella","product_cat-novella-contemporania","product_cat-novela-contemporanea","first","instock","taxable","shipping-taxable","purchasable","product-type-simple"],"acf":{"autor":"O'FARRELL, MAGGIE","codart":"841797758","libros-coleccion":"Libros del Asteroide","ediciones":"1","encuadernacion":"R\u00fastica","fecha_de_publicacion":"01\/02\/2021","novedad":"1","paginas":"352","subtitulo":"","orden":"7","portada":"0","idioma":"spa","editorial":[{"ID":6288,"post_author":"3","post_date":"2022-07-28 17:48:58","post_date_gmt":"2022-07-28 15:48:58","post_content":"","post_title":"LIBROS DEL ASTEROIDE","post_excerpt":"","post_status":"publish","comment_status":"closed","ping_status":"closed","post_password":"","post_name":"libros-del-asteroide","to_ping":"","pinged":"","post_modified":"2022-07-28 17:48:58","post_modified_gmt":"2022-07-28 15:48:58","post_content_filtered":"","post_parent":0,"guid":"http:\/\/dev.claret.cat\/editorial\/libros-del-asteroide\/","menu_order":0,"post_type":"editorial","post_mime_type":"","comment_count":"0","filter":"raw"}],"autores-libros":[{"ID":5768,"post_author":"3","post_date":"2022-07-28 17:31:04","post_date_gmt":"2022-07-28 15:31:04","post_content":"","post_title":"MAGGIE O\u00b4FARRELL","post_excerpt":"","post_status":"publish","comment_status":"closed","ping_status":"closed","post_password":"","post_name":"maggie-ofarrell","to_ping":"","pinged":"","post_modified":"2022-07-28 17:31:04","post_modified_gmt":"2022-07-28 15:31:04","post_content_filtered":"","post_parent":0,"guid":"http:\/\/dev.claret.cat\/autor\/maggie-ofarrell\/","menu_order":0,"post_type":"autor","post_mime_type":"","comment_count":"0","filter":"raw"}],"booktrailer":"","resenas":"","linkebook":"","ficha":"","muestra":"","precioebook":"0","presentacion":""},"aioseo_notices":[],"aioseo_head":"\n\t\t<!-- All in One SEO Pro 5.0.1.1 - aioseo.com -->\n\t<meta name=\"description\" content=\"HAMNET de O&#039;FARRELL, MAGGIE disponible a\/en Llibreria Claret.\" \/>\n\t<meta name=\"robots\" content=\"max-image-preview:large\" \/>\n\t<meta name=\"google-site-verification\" content=\"xVtlFxJ-TfkIu-D-lt7XeLobefg5EIQiXTuqcSf8Rf0\" \/>\n\t<link rel=\"canonical\" href=\"https:\/\/www.claret.cat\/es\/libro\/hamnet-9788417977580\/\" \/>\n\t<meta name=\"generator\" content=\"All in One SEO Pro (AIOSEO) 5.0.1.1\" \/>\n\t\t<meta property=\"og:locale\" content=\"es_ES\" \/>\n\t\t<meta property=\"og:site_name\" content=\"Llibreria Claret - Llibreria religiosa a Barcelona\" \/>\n\t\t<meta property=\"og:type\" content=\"article\" \/>\n\t\t<meta property=\"og:title\" content=\"HAMNET - O&#039;FARRELL, MAGGIE 9788417977580 | Llibreria Claret\" \/>\n\t\t<meta property=\"og:description\" content=\"HAMNET de O&#039;FARRELL, MAGGIE disponible a\/en Llibreria Claret.\" \/>\n\t\t<meta property=\"og:url\" content=\"https:\/\/www.claret.cat\/es\/libro\/hamnet-9788417977580\/\" \/>\n\t\t<meta property=\"og:image\" content=\"https:\/\/dev.claret.cat\/wp-content\/uploads\/logo-claret.svg\" \/>\n\t\t<meta property=\"og:image:secure_url\" content=\"https:\/\/dev.claret.cat\/wp-content\/uploads\/logo-claret.svg\" \/>\n\t\t<meta property=\"article:published_time\" content=\"2022-10-02T09:16:15+00:00\" \/>\n\t\t<meta property=\"article:modified_time\" content=\"2026-04-25T09:45:45+00:00\" \/>\n\t\t<meta property=\"article:publisher\" content=\"https:\/\/www.facebook.com\/LlibreriaClaret\" \/>\n\t\t<meta name=\"twitter:card\" content=\"summary_large_image\" \/>\n\t\t<meta name=\"twitter:site\" content=\"@LlibreriaClaret\" \/>\n\t\t<meta name=\"twitter:title\" content=\"HAMNET - O&#039;FARRELL, MAGGIE 9788417977580 | Llibreria Claret\" \/>\n\t\t<meta name=\"twitter:description\" content=\"HAMNET de O&#039;FARRELL, MAGGIE disponible a\/en Llibreria Claret.\" \/>\n\t\t<meta name=\"twitter:image\" content=\"http:\/\/dev.claret.cat\/wp-content\/uploads\/logo-claret.svg\" \/>\n\t\t<script type=\"application\/ld+json\" class=\"aioseo-schema\">\n\t\t\t{\"@context\":\"https:\\\/\\\/schema.org\",\"@graph\":[{\"@type\":\"BreadcrumbList\",\"@id\":\"https:\\\/\\\/www.claret.cat\\\/es\\\/libro\\\/hamnet-9788417977580\\\/#breadcrumblist\",\"itemListElement\":[{\"@type\":\"ListItem\",\"@id\":\"https:\\\/\\\/www.claret.cat\\\/es\\\/#listItem\",\"position\":1,\"name\":\"Home\",\"item\":\"https:\\\/\\\/www.claret.cat\\\/es\\\/\",\"nextItem\":{\"@type\":\"ListItem\",\"@id\":\"https:\\\/\\\/www.claret.cat\\\/?page_id=16#listItem\",\"name\":\"Botiga\"}},{\"@type\":\"ListItem\",\"@id\":\"https:\\\/\\\/www.claret.cat\\\/?page_id=16#listItem\",\"position\":2,\"name\":\"Botiga\",\"item\":\"https:\\\/\\\/www.claret.cat\\\/?page_id=16\",\"nextItem\":{\"@type\":\"ListItem\",\"@id\":\"https:\\\/\\\/www.claret.cat\\\/categoria-producto\\\/cat\\\/#listItem\",\"name\":\"CAT\"},\"previousItem\":{\"@type\":\"ListItem\",\"@id\":\"https:\\\/\\\/www.claret.cat\\\/es\\\/#listItem\",\"name\":\"Home\"}},{\"@type\":\"ListItem\",\"@id\":\"https:\\\/\\\/www.claret.cat\\\/categoria-producto\\\/cat\\\/#listItem\",\"position\":3,\"name\":\"CAT\",\"item\":\"https:\\\/\\\/www.claret.cat\\\/categoria-producto\\\/cat\\\/\",\"nextItem\":{\"@type\":\"ListItem\",\"@id\":\"https:\\\/\\\/www.claret.cat\\\/categoria-producto\\\/cat\\\/1_espiritualitat\\\/#listItem\",\"name\":\"Espiritualitat\"},\"previousItem\":{\"@type\":\"ListItem\",\"@id\":\"https:\\\/\\\/www.claret.cat\\\/?page_id=16#listItem\",\"name\":\"Botiga\"}},{\"@type\":\"ListItem\",\"@id\":\"https:\\\/\\\/www.claret.cat\\\/categoria-producto\\\/cat\\\/1_espiritualitat\\\/#listItem\",\"position\":4,\"name\":\"Espiritualitat\",\"item\":\"https:\\\/\\\/www.claret.cat\\\/categoria-producto\\\/cat\\\/1_espiritualitat\\\/\",\"nextItem\":{\"@type\":\"ListItem\",\"@id\":\"https:\\\/\\\/www.claret.cat\\\/categoria-producto\\\/cat\\\/1_espiritualitat\\\/pastoral\\\/#listItem\",\"name\":\"Pastoral\"},\"previousItem\":{\"@type\":\"ListItem\",\"@id\":\"https:\\\/\\\/www.claret.cat\\\/categoria-producto\\\/cat\\\/#listItem\",\"name\":\"CAT\"}},{\"@type\":\"ListItem\",\"@id\":\"https:\\\/\\\/www.claret.cat\\\/categoria-producto\\\/cat\\\/1_espiritualitat\\\/pastoral\\\/#listItem\",\"position\":5,\"name\":\"Pastoral\",\"item\":\"https:\\\/\\\/www.claret.cat\\\/categoria-producto\\\/cat\\\/1_espiritualitat\\\/pastoral\\\/\",\"nextItem\":{\"@type\":\"ListItem\",\"@id\":\"https:\\\/\\\/www.claret.cat\\\/categoria-producto\\\/cat\\\/1_espiritualitat\\\/pastoral\\\/en-general\\\/#listItem\",\"name\":\"En general\"},\"previousItem\":{\"@type\":\"ListItem\",\"@id\":\"https:\\\/\\\/www.claret.cat\\\/categoria-producto\\\/cat\\\/1_espiritualitat\\\/#listItem\",\"name\":\"Espiritualitat\"}},{\"@type\":\"ListItem\",\"@id\":\"https:\\\/\\\/www.claret.cat\\\/categoria-producto\\\/cat\\\/1_espiritualitat\\\/pastoral\\\/en-general\\\/#listItem\",\"position\":6,\"name\":\"En general\",\"item\":\"https:\\\/\\\/www.claret.cat\\\/categoria-producto\\\/cat\\\/1_espiritualitat\\\/pastoral\\\/en-general\\\/\",\"nextItem\":{\"@type\":\"ListItem\",\"@id\":\"https:\\\/\\\/www.claret.cat\\\/categoria-producto\\\/cat\\\/1_espiritualitat\\\/pastoral\\\/en-general\\\/els-mes-venuts\\\/#listItem\",\"name\":\"Llibres m\\u00e9s venuts en catal\\u00e0 - Febrer 2026\"},\"previousItem\":{\"@type\":\"ListItem\",\"@id\":\"https:\\\/\\\/www.claret.cat\\\/categoria-producto\\\/cat\\\/1_espiritualitat\\\/pastoral\\\/#listItem\",\"name\":\"Pastoral\"}},{\"@type\":\"ListItem\",\"@id\":\"https:\\\/\\\/www.claret.cat\\\/categoria-producto\\\/cat\\\/1_espiritualitat\\\/pastoral\\\/en-general\\\/els-mes-venuts\\\/#listItem\",\"position\":7,\"name\":\"Llibres m\\u00e9s venuts en catal\\u00e0 - Febrer 2026\",\"item\":\"https:\\\/\\\/www.claret.cat\\\/categoria-producto\\\/cat\\\/1_espiritualitat\\\/pastoral\\\/en-general\\\/els-mes-venuts\\\/\",\"nextItem\":{\"@type\":\"ListItem\",\"@id\":\"https:\\\/\\\/www.claret.cat\\\/categoria-producto\\\/cat\\\/1_espiritualitat\\\/pastoral\\\/en-general\\\/els-mes-venuts\\\/castella\\\/#listItem\",\"name\":\"Los m\\u00e1s vendidos\"},\"previousItem\":{\"@type\":\"ListItem\",\"@id\":\"https:\\\/\\\/www.claret.cat\\\/categoria-producto\\\/cat\\\/1_espiritualitat\\\/pastoral\\\/en-general\\\/#listItem\",\"name\":\"En general\"}},{\"@type\":\"ListItem\",\"@id\":\"https:\\\/\\\/www.claret.cat\\\/categoria-producto\\\/cat\\\/1_espiritualitat\\\/pastoral\\\/en-general\\\/els-mes-venuts\\\/castella\\\/#listItem\",\"position\":8,\"name\":\"Los m\\u00e1s vendidos\",\"item\":\"https:\\\/\\\/www.claret.cat\\\/categoria-producto\\\/cat\\\/1_espiritualitat\\\/pastoral\\\/en-general\\\/els-mes-venuts\\\/castella\\\/\",\"nextItem\":{\"@type\":\"ListItem\",\"@id\":\"https:\\\/\\\/www.claret.cat\\\/es\\\/libro\\\/hamnet-9788417977580\\\/#listItem\",\"name\":\"HAMNET\"},\"previousItem\":{\"@type\":\"ListItem\",\"@id\":\"https:\\\/\\\/www.claret.cat\\\/categoria-producto\\\/cat\\\/1_espiritualitat\\\/pastoral\\\/en-general\\\/els-mes-venuts\\\/#listItem\",\"name\":\"Llibres m\\u00e9s venuts en catal\\u00e0 - Febrer 2026\"}},{\"@type\":\"ListItem\",\"@id\":\"https:\\\/\\\/www.claret.cat\\\/es\\\/libro\\\/hamnet-9788417977580\\\/#listItem\",\"position\":9,\"name\":\"HAMNET\",\"previousItem\":{\"@type\":\"ListItem\",\"@id\":\"https:\\\/\\\/www.claret.cat\\\/categoria-producto\\\/cat\\\/1_espiritualitat\\\/pastoral\\\/en-general\\\/els-mes-venuts\\\/castella\\\/#listItem\",\"name\":\"Los m\\u00e1s vendidos\"}}]},{\"@type\":\"ItemPage\",\"@id\":\"https:\\\/\\\/www.claret.cat\\\/es\\\/libro\\\/hamnet-9788417977580\\\/#itempage\",\"url\":\"https:\\\/\\\/www.claret.cat\\\/es\\\/libro\\\/hamnet-9788417977580\\\/\",\"name\":\"HAMNET - O'FARRELL, MAGGIE 9788417977580 | Llibreria Claret\",\"description\":\"HAMNET de O'FARRELL, MAGGIE disponible a\\\/en Llibreria Claret.\",\"inLanguage\":\"es-ES\",\"isPartOf\":{\"@id\":\"https:\\\/\\\/www.claret.cat\\\/es\\\/#website\"},\"breadcrumb\":{\"@id\":\"https:\\\/\\\/www.claret.cat\\\/es\\\/libro\\\/hamnet-9788417977580\\\/#breadcrumblist\"},\"image\":{\"@type\":\"ImageObject\",\"url\":\"https:\\\/\\\/www.claret.cat\\\/wp-content\\\/uploads\\\/.\\\/9788417977580.jpg\",\"@id\":\"https:\\\/\\\/www.claret.cat\\\/es\\\/libro\\\/hamnet-9788417977580\\\/#mainImage\",\"width\":225,\"height\":345,\"caption\":\"9788417977580.jpg\"},\"primaryImageOfPage\":{\"@id\":\"https:\\\/\\\/www.claret.cat\\\/es\\\/libro\\\/hamnet-9788417977580\\\/#mainImage\"},\"datePublished\":\"2022-10-02T11:16:15+02:00\",\"dateModified\":\"2026-04-25T11:45:45+02:00\"},{\"@type\":\"Organization\",\"@id\":\"https:\\\/\\\/www.claret.cat\\\/es\\\/#organization\",\"name\":\"Llibreria Claret\",\"description\":\"Llibreria religiosa a Barcelona\",\"url\":\"https:\\\/\\\/www.claret.cat\\\/es\\\/\",\"email\":\"comunicacio@claret.cat\",\"telephone\":\"+34933010887\",\"logo\":{\"@type\":\"ImageObject\",\"url\":\"https:\\\/\\\/www.claret.cat\\\/wp-content\\\/uploads\\\/.\\\/logo-claret-es.png\",\"@id\":\"https:\\\/\\\/www.claret.cat\\\/es\\\/libro\\\/hamnet-9788417977580\\\/#organizationLogo\",\"width\":195,\"height\":79},\"image\":{\"@id\":\"https:\\\/\\\/www.claret.cat\\\/es\\\/libro\\\/hamnet-9788417977580\\\/#organizationLogo\"},\"sameAs\":[\"https:\\\/\\\/www.facebook.com\\\/LlibreriaClaret\",\"https:\\\/\\\/twitter.com\\\/LlibreriaClaret\",\"https:\\\/\\\/www.instagram.com\\\/llibreriaclaret\\\/\",\"https:\\\/\\\/www.tiktok.com\\\/@llibreriaclaret\",\"https:\\\/\\\/www.youtube.com\\\/@llibreriaclaret\",\"https:\\\/\\\/ca.wikipedia.org\\\/wiki\\\/Editorial_Claret\"]},{\"@type\":\"WebPage\",\"@id\":\"https:\\\/\\\/www.claret.cat\\\/es\\\/libro\\\/hamnet-9788417977580\\\/#webpage\",\"url\":\"https:\\\/\\\/www.claret.cat\\\/es\\\/libro\\\/hamnet-9788417977580\\\/\",\"name\":\"HAMNET - O'FARRELL, MAGGIE 9788417977580 | Llibreria Claret\",\"description\":\"HAMNET de O'FARRELL, MAGGIE disponible a\\\/en Llibreria Claret.\",\"inLanguage\":\"es-ES\",\"isPartOf\":{\"@id\":\"https:\\\/\\\/www.claret.cat\\\/es\\\/#website\"},\"breadcrumb\":{\"@id\":\"https:\\\/\\\/www.claret.cat\\\/es\\\/libro\\\/hamnet-9788417977580\\\/#breadcrumblist\"},\"image\":{\"@type\":\"ImageObject\",\"url\":\"https:\\\/\\\/www.claret.cat\\\/wp-content\\\/uploads\\\/.\\\/9788417977580.jpg\",\"@id\":\"https:\\\/\\\/www.claret.cat\\\/es\\\/libro\\\/hamnet-9788417977580\\\/#mainImage\",\"width\":225,\"height\":345,\"caption\":\"9788417977580.jpg\"},\"primaryImageOfPage\":{\"@id\":\"https:\\\/\\\/www.claret.cat\\\/es\\\/libro\\\/hamnet-9788417977580\\\/#mainImage\"},\"datePublished\":\"2022-10-02T11:16:15+02:00\",\"dateModified\":\"2026-04-25T11:45:45+02:00\"},{\"@type\":\"WebSite\",\"@id\":\"https:\\\/\\\/www.claret.cat\\\/es\\\/#website\",\"url\":\"https:\\\/\\\/www.claret.cat\\\/es\\\/\",\"name\":\"Llibreria Claret Barcelona\",\"alternateName\":\"Llibreria Claret\",\"description\":\"Llibreria religiosa a Barcelona\",\"inLanguage\":\"es-ES\",\"publisher\":{\"@id\":\"https:\\\/\\\/www.claret.cat\\\/es\\\/#organization\"}}]}\n\t\t<\/script>\n\t\t<!-- All in One SEO Pro -->\r\n\t\t<title>HAMNET - O'FARRELL, MAGGIE 9788417977580 | Llibreria Claret<\/title>\n\n","aioseo_head_json":{"title":"HAMNET - O'FARRELL, MAGGIE 9788417977580 | Llibreria Claret","description":"HAMNET de O'FARRELL, MAGGIE disponible a\/en Llibreria Claret.","canonical_url":"https:\/\/www.claret.cat\/es\/libro\/hamnet-9788417977580\/","robots":"max-image-preview:large","keywords":"","webmasterTools":{"google-site-verification":"xVtlFxJ-TfkIu-D-lt7XeLobefg5EIQiXTuqcSf8Rf0","miscellaneous":""},"schema":{"@context":"https:\/\/schema.org","@graph":[{"@type":"BreadcrumbList","@id":"https:\/\/www.claret.cat\/es\/libro\/hamnet-9788417977580\/#breadcrumblist","itemListElement":[{"@type":"ListItem","@id":"https:\/\/www.claret.cat\/es\/#listItem","position":1,"name":"Home","item":"https:\/\/www.claret.cat\/es\/","nextItem":{"@type":"ListItem","@id":"https:\/\/www.claret.cat\/?page_id=16#listItem","name":"Botiga"}},{"@type":"ListItem","@id":"https:\/\/www.claret.cat\/?page_id=16#listItem","position":2,"name":"Botiga","item":"https:\/\/www.claret.cat\/?page_id=16","nextItem":{"@type":"ListItem","@id":"https:\/\/www.claret.cat\/categoria-producto\/cat\/#listItem","name":"CAT"},"previousItem":{"@type":"ListItem","@id":"https:\/\/www.claret.cat\/es\/#listItem","name":"Home"}},{"@type":"ListItem","@id":"https:\/\/www.claret.cat\/categoria-producto\/cat\/#listItem","position":3,"name":"CAT","item":"https:\/\/www.claret.cat\/categoria-producto\/cat\/","nextItem":{"@type":"ListItem","@id":"https:\/\/www.claret.cat\/categoria-producto\/cat\/1_espiritualitat\/#listItem","name":"Espiritualitat"},"previousItem":{"@type":"ListItem","@id":"https:\/\/www.claret.cat\/?page_id=16#listItem","name":"Botiga"}},{"@type":"ListItem","@id":"https:\/\/www.claret.cat\/categoria-producto\/cat\/1_espiritualitat\/#listItem","position":4,"name":"Espiritualitat","item":"https:\/\/www.claret.cat\/categoria-producto\/cat\/1_espiritualitat\/","nextItem":{"@type":"ListItem","@id":"https:\/\/www.claret.cat\/categoria-producto\/cat\/1_espiritualitat\/pastoral\/#listItem","name":"Pastoral"},"previousItem":{"@type":"ListItem","@id":"https:\/\/www.claret.cat\/categoria-producto\/cat\/#listItem","name":"CAT"}},{"@type":"ListItem","@id":"https:\/\/www.claret.cat\/categoria-producto\/cat\/1_espiritualitat\/pastoral\/#listItem","position":5,"name":"Pastoral","item":"https:\/\/www.claret.cat\/categoria-producto\/cat\/1_espiritualitat\/pastoral\/","nextItem":{"@type":"ListItem","@id":"https:\/\/www.claret.cat\/categoria-producto\/cat\/1_espiritualitat\/pastoral\/en-general\/#listItem","name":"En general"},"previousItem":{"@type":"ListItem","@id":"https:\/\/www.claret.cat\/categoria-producto\/cat\/1_espiritualitat\/#listItem","name":"Espiritualitat"}},{"@type":"ListItem","@id":"https:\/\/www.claret.cat\/categoria-producto\/cat\/1_espiritualitat\/pastoral\/en-general\/#listItem","position":6,"name":"En general","item":"https:\/\/www.claret.cat\/categoria-producto\/cat\/1_espiritualitat\/pastoral\/en-general\/","nextItem":{"@type":"ListItem","@id":"https:\/\/www.claret.cat\/categoria-producto\/cat\/1_espiritualitat\/pastoral\/en-general\/els-mes-venuts\/#listItem","name":"Llibres m\u00e9s venuts en catal\u00e0 - Febrer 2026"},"previousItem":{"@type":"ListItem","@id":"https:\/\/www.claret.cat\/categoria-producto\/cat\/1_espiritualitat\/pastoral\/#listItem","name":"Pastoral"}},{"@type":"ListItem","@id":"https:\/\/www.claret.cat\/categoria-producto\/cat\/1_espiritualitat\/pastoral\/en-general\/els-mes-venuts\/#listItem","position":7,"name":"Llibres m\u00e9s venuts en catal\u00e0 - Febrer 2026","item":"https:\/\/www.claret.cat\/categoria-producto\/cat\/1_espiritualitat\/pastoral\/en-general\/els-mes-venuts\/","nextItem":{"@type":"ListItem","@id":"https:\/\/www.claret.cat\/categoria-producto\/cat\/1_espiritualitat\/pastoral\/en-general\/els-mes-venuts\/castella\/#listItem","name":"Los m\u00e1s vendidos"},"previousItem":{"@type":"ListItem","@id":"https:\/\/www.claret.cat\/categoria-producto\/cat\/1_espiritualitat\/pastoral\/en-general\/#listItem","name":"En general"}},{"@type":"ListItem","@id":"https:\/\/www.claret.cat\/categoria-producto\/cat\/1_espiritualitat\/pastoral\/en-general\/els-mes-venuts\/castella\/#listItem","position":8,"name":"Los m\u00e1s vendidos","item":"https:\/\/www.claret.cat\/categoria-producto\/cat\/1_espiritualitat\/pastoral\/en-general\/els-mes-venuts\/castella\/","nextItem":{"@type":"ListItem","@id":"https:\/\/www.claret.cat\/es\/libro\/hamnet-9788417977580\/#listItem","name":"HAMNET"},"previousItem":{"@type":"ListItem","@id":"https:\/\/www.claret.cat\/categoria-producto\/cat\/1_espiritualitat\/pastoral\/en-general\/els-mes-venuts\/#listItem","name":"Llibres m\u00e9s venuts en catal\u00e0 - Febrer 2026"}},{"@type":"ListItem","@id":"https:\/\/www.claret.cat\/es\/libro\/hamnet-9788417977580\/#listItem","position":9,"name":"HAMNET","previousItem":{"@type":"ListItem","@id":"https:\/\/www.claret.cat\/categoria-producto\/cat\/1_espiritualitat\/pastoral\/en-general\/els-mes-venuts\/castella\/#listItem","name":"Los m\u00e1s vendidos"}}]},{"@type":"ItemPage","@id":"https:\/\/www.claret.cat\/es\/libro\/hamnet-9788417977580\/#itempage","url":"https:\/\/www.claret.cat\/es\/libro\/hamnet-9788417977580\/","name":"HAMNET - O'FARRELL, MAGGIE 9788417977580 | Llibreria Claret","description":"HAMNET de O'FARRELL, MAGGIE disponible a\/en Llibreria Claret.","inLanguage":"es-ES","isPartOf":{"@id":"https:\/\/www.claret.cat\/es\/#website"},"breadcrumb":{"@id":"https:\/\/www.claret.cat\/es\/libro\/hamnet-9788417977580\/#breadcrumblist"},"image":{"@type":"ImageObject","url":"https:\/\/www.claret.cat\/wp-content\/uploads\/.\/9788417977580.jpg","@id":"https:\/\/www.claret.cat\/es\/libro\/hamnet-9788417977580\/#mainImage","width":225,"height":345,"caption":"9788417977580.jpg"},"primaryImageOfPage":{"@id":"https:\/\/www.claret.cat\/es\/libro\/hamnet-9788417977580\/#mainImage"},"datePublished":"2022-10-02T11:16:15+02:00","dateModified":"2026-04-25T11:45:45+02:00"},{"@type":"Organization","@id":"https:\/\/www.claret.cat\/es\/#organization","name":"Llibreria Claret","description":"Llibreria religiosa a Barcelona","url":"https:\/\/www.claret.cat\/es\/","email":"comunicacio@claret.cat","telephone":"+34933010887","logo":{"@type":"ImageObject","url":"https:\/\/www.claret.cat\/wp-content\/uploads\/.\/logo-claret-es.png","@id":"https:\/\/www.claret.cat\/es\/libro\/hamnet-9788417977580\/#organizationLogo","width":195,"height":79},"image":{"@id":"https:\/\/www.claret.cat\/es\/libro\/hamnet-9788417977580\/#organizationLogo"},"sameAs":["https:\/\/www.facebook.com\/LlibreriaClaret","https:\/\/twitter.com\/LlibreriaClaret","https:\/\/www.instagram.com\/llibreriaclaret\/","https:\/\/www.tiktok.com\/@llibreriaclaret","https:\/\/www.youtube.com\/@llibreriaclaret","https:\/\/ca.wikipedia.org\/wiki\/Editorial_Claret"]},{"@type":"WebPage","@id":"https:\/\/www.claret.cat\/es\/libro\/hamnet-9788417977580\/#webpage","url":"https:\/\/www.claret.cat\/es\/libro\/hamnet-9788417977580\/","name":"HAMNET - O'FARRELL, MAGGIE 9788417977580 | Llibreria Claret","description":"HAMNET de O'FARRELL, MAGGIE disponible a\/en Llibreria Claret.","inLanguage":"es-ES","isPartOf":{"@id":"https:\/\/www.claret.cat\/es\/#website"},"breadcrumb":{"@id":"https:\/\/www.claret.cat\/es\/libro\/hamnet-9788417977580\/#breadcrumblist"},"image":{"@type":"ImageObject","url":"https:\/\/www.claret.cat\/wp-content\/uploads\/.\/9788417977580.jpg","@id":"https:\/\/www.claret.cat\/es\/libro\/hamnet-9788417977580\/#mainImage","width":225,"height":345,"caption":"9788417977580.jpg"},"primaryImageOfPage":{"@id":"https:\/\/www.claret.cat\/es\/libro\/hamnet-9788417977580\/#mainImage"},"datePublished":"2022-10-02T11:16:15+02:00","dateModified":"2026-04-25T11:45:45+02:00"},{"@type":"WebSite","@id":"https:\/\/www.claret.cat\/es\/#website","url":"https:\/\/www.claret.cat\/es\/","name":"Llibreria Claret Barcelona","alternateName":"Llibreria Claret","description":"Llibreria religiosa a Barcelona","inLanguage":"es-ES","publisher":{"@id":"https:\/\/www.claret.cat\/es\/#organization"}}]},"og:locale":"es_ES","og:site_name":"Llibreria Claret - Llibreria religiosa a Barcelona","og:type":"article","og:title":"HAMNET - O'FARRELL, MAGGIE 9788417977580 | Llibreria Claret","og:description":"HAMNET de O'FARRELL, MAGGIE disponible a\/en Llibreria Claret.","og:url":"https:\/\/www.claret.cat\/es\/libro\/hamnet-9788417977580\/","og:image":"https:\/\/dev.claret.cat\/wp-content\/uploads\/logo-claret.svg","og:image:secure_url":"https:\/\/dev.claret.cat\/wp-content\/uploads\/logo-claret.svg","article:published_time":"2022-10-02T09:16:15+00:00","article:modified_time":"2026-04-25T09:45:45+00:00","article:publisher":"https:\/\/www.facebook.com\/LlibreriaClaret","twitter:card":"summary_large_image","twitter:site":"@LlibreriaClaret","twitter:title":"HAMNET - O'FARRELL, MAGGIE 9788417977580 | Llibreria Claret","twitter:description":"HAMNET de O'FARRELL, MAGGIE disponible a\/en Llibreria Claret.","twitter:image":"http:\/\/dev.claret.cat\/wp-content\/uploads\/logo-claret.svg"},"aioseo_meta_data":{"post_id":"28727","title":null,"description":null,"keywords":null,"keyphrases":null,"primary_term":null,"canonical_url":null,"og_title":null,"og_description":null,"og_object_type":"default","og_image_type":"default","og_image_url":null,"og_image_width":null,"og_image_height":null,"og_image_custom_url":null,"og_image_custom_fields":null,"og_video":null,"og_custom_url":null,"og_article_section":null,"og_article_tags":null,"twitter_use_og":false,"twitter_card":"default","twitter_image_type":"default","twitter_image_url":null,"twitter_image_custom_url":null,"twitter_image_custom_fields":null,"twitter_title":null,"twitter_description":null,"schema":{"blockGraphs":[],"customGraphs":[],"default":{"data":{"Article":[],"Course":[],"Dataset":[],"FAQPage":[],"Movie":[],"Person":[],"Product":[],"ProductReview":[],"Car":[],"Recipe":[],"Service":[],"SoftwareApplication":[],"WebPage":[]},"graphName":"","isEnabled":true},"graphs":[]},"schema_type":"default","schema_type_options":null,"pillar_content":false,"robots_default":true,"robots_noindex":false,"robots_noarchive":false,"robots_nosnippet":false,"robots_nofollow":false,"robots_noimageindex":false,"robots_noodp":false,"robots_notranslate":false,"robots_max_snippet":null,"robots_max_videopreview":null,"robots_max_imagepreview":"large","priority":null,"frequency":null,"local_seo":null,"seo_analyzer_scan_date":"2026-04-25 09:48:23","breadcrumb_settings":null,"limit_modified_date":false,"open_ai":null,"ai":null,"created":"2022-12-18 08:44:46","updated":"2026-04-25 09:48:38","focus_keyword":null,"additional_keywords":null,"truseo_locale":null},"aioseo_breadcrumb":"<div class=\"aioseo-breadcrumbs\"><span class=\"aioseo-breadcrumb\">\n\t<a href=\"https:\/\/www.claret.cat\/es\/\" title=\"Home\">Home<\/a>\n<\/span><span class=\"aioseo-breadcrumb-separator\">&raquo;<\/span><span class=\"aioseo-breadcrumb\">\n\t<a href=\"https:\/\/www.claret.cat\/?page_id=16\" title=\"Botiga\">Botiga<\/a>\n<\/span><span class=\"aioseo-breadcrumb-separator\">&raquo;<\/span><span class=\"aioseo-breadcrumb\">\n\t<a href=\"https:\/\/www.claret.cat\/categoria-producto\/cat\/\" title=\"CAT\">CAT<\/a>\n<\/span><span class=\"aioseo-breadcrumb-separator\">&raquo;<\/span><span class=\"aioseo-breadcrumb\">\n\t<a href=\"https:\/\/www.claret.cat\/categoria-producto\/cat\/1_espiritualitat\/\" title=\"Espiritualitat\">Espiritualitat<\/a>\n<\/span><span class=\"aioseo-breadcrumb-separator\">&raquo;<\/span><span class=\"aioseo-breadcrumb\">\n\t<a href=\"https:\/\/www.claret.cat\/categoria-producto\/cat\/1_espiritualitat\/pastoral\/\" title=\"Pastoral\">Pastoral<\/a>\n<\/span><span class=\"aioseo-breadcrumb-separator\">&raquo;<\/span><span class=\"aioseo-breadcrumb\">\n\t<a href=\"https:\/\/www.claret.cat\/categoria-producto\/cat\/1_espiritualitat\/pastoral\/en-general\/\" title=\"En general\">En general<\/a>\n<\/span><span class=\"aioseo-breadcrumb-separator\">&raquo;<\/span><span class=\"aioseo-breadcrumb\">\n\t<a href=\"https:\/\/www.claret.cat\/categoria-producto\/cat\/1_espiritualitat\/pastoral\/en-general\/els-mes-venuts\/\" title=\"Llibres m\u00e9s venuts en catal\u00e0 - Febrer 2026\">Llibres m\u00e9s venuts en catal\u00e0 - Febrer 2026<\/a>\n<\/span><span class=\"aioseo-breadcrumb-separator\">&raquo;<\/span><span class=\"aioseo-breadcrumb\">\n\t<a href=\"https:\/\/www.claret.cat\/categoria-producto\/cat\/1_espiritualitat\/pastoral\/en-general\/els-mes-venuts\/castella\/\" title=\"Los m\u00e1s vendidos\">Los m\u00e1s vendidos<\/a>\n<\/span><span class=\"aioseo-breadcrumb-separator\">&raquo;<\/span><span class=\"aioseo-breadcrumb\">\n\tHAMNET\n<\/span><\/div>","aioseo_breadcrumb_json":[{"label":"Home","link":"https:\/\/www.claret.cat\/es\/"},{"label":"Botiga","link":"https:\/\/www.claret.cat\/?page_id=16"},{"label":"CAT","link":"https:\/\/www.claret.cat\/categoria-producto\/cat\/"},{"label":"Espiritualitat","link":"https:\/\/www.claret.cat\/categoria-producto\/cat\/1_espiritualitat\/"},{"label":"Pastoral","link":"https:\/\/www.claret.cat\/categoria-producto\/cat\/1_espiritualitat\/pastoral\/"},{"label":"En general","link":"https:\/\/www.claret.cat\/categoria-producto\/cat\/1_espiritualitat\/pastoral\/en-general\/"},{"label":"Llibres m\u00e9s venuts en catal\u00e0 - Febrer 2026","link":"https:\/\/www.claret.cat\/categoria-producto\/cat\/1_espiritualitat\/pastoral\/en-general\/els-mes-venuts\/"},{"label":"Los m\u00e1s vendidos","link":"https:\/\/www.claret.cat\/categoria-producto\/cat\/1_espiritualitat\/pastoral\/en-general\/els-mes-venuts\/castella\/"},{"label":"HAMNET","link":"https:\/\/www.claret.cat\/es\/libro\/hamnet-9788417977580\/"}],"_links":{"self":[{"href":"https:\/\/www.claret.cat\/es\/wp-json\/wp\/v2\/product\/28727","targetHints":{"allow":["GET"]}}],"collection":[{"href":"https:\/\/www.claret.cat\/es\/wp-json\/wp\/v2\/product"}],"about":[{"href":"https:\/\/www.claret.cat\/es\/wp-json\/wp\/v2\/types\/product"}],"wp:featuredmedia":[{"embeddable":true,"href":"https:\/\/www.claret.cat\/es\/wp-json\/wp\/v2\/media\/65158"}],"wp:attachment":[{"href":"https:\/\/www.claret.cat\/es\/wp-json\/wp\/v2\/media?parent=28727"}],"wp:term":[{"taxonomy":"product_brand","embeddable":true,"href":"https:\/\/www.claret.cat\/es\/wp-json\/wp\/v2\/product_brand?post=28727"},{"taxonomy":"product_cat","embeddable":true,"href":"https:\/\/www.claret.cat\/es\/wp-json\/wp\/v2\/product_cat?post=28727"},{"taxonomy":"product_tag","embeddable":true,"href":"https:\/\/www.claret.cat\/es\/wp-json\/wp\/v2\/product_tag?post=28727"}],"curies":[{"name":"wp","href":"https:\/\/api.w.org\/{rel}","templated":true}]}}