{"id":290076,"date":"2022-12-10T13:10:27","date_gmt":"2022-12-10T12:10:27","guid":{"rendered":"http:\/\/dev.claret.cat\/llibre\/155-obra-completa-2-volumenes\/"},"modified":"2026-01-26T13:17:09","modified_gmt":"2026-01-26T12:17:09","slug":"155-obra-completa-2-volumenes-9788429315189","status":"publish","type":"product","link":"https:\/\/www.claret.cat\/es\/libro\/155-obra-completa-2-volumenes-9788429315189\/","title":{"rendered":"155 &#8211; OBRA COMPLETA (2 VOL\u00daMENES)"},"content":{"rendered":"<p>No se hace una revoluci\u00f3n sin causar problemas, levantar sospechas y provocar inquietudes. Y Tony de Mello la hizo. No dud\u00f3 en traspasar fronteras y os\u00f3 poner su pie en tierras v\u00edrgenes, all\u00ed donde los mapas antiguos sol\u00edan poner: hic sunt leones, y las ortodoxias de todos los tiempos siguen dictando prohibiciones y erigiendo tab\u00faes. Esperar entonces la calma total o la concordia un\u00e1nime ser\u00eda pura ingenuidad. Pasarse a los extremos del rechazo visceral o de la aceptaci\u00f3n sin fisuras mostrar\u00eda, cuando menos, poca sabidur\u00eda hist\u00f3rica. Lo sensato es, evidentemente, abrirse al impacto de una obra inusual, captar su novedad e intentar dejarse fecundar por lo que en ella demuestra ser semilla de futuro.<\/p>\n<p>     Aprenda el lector qu\u00e9 significa eso de \u00abhablar en par\u00e1bolas\u00bb y goce del espect\u00e1culo de un pensamiento libre como el viento y ancho como el mundo. El pensamiento de alguien con un cristianismo formado en la energ\u00eda din\u00e1mica de la tradici\u00f3n judeo-cristiana, pero con sus ra\u00edces culturales en las milenarias profundidades de la tradici\u00f3n religiosa de la India.<\/p>\n","protected":false},"excerpt":{"rendered":"<p>ANTHONY DE MELLO, SJ<\/p>\n","protected":false},"featured_media":339337,"template":"","meta":{"_acf_changed":false,"om_disable_all_campaigns":false,"rs_blank_template":"","rs_page_bg_color":"","slide_template_v7":"","inline_featured_image":false,"_monsterinsights_skip_tracking":false},"product_brand":[],"product_cat":[345,79],"product_tag":[],"class_list":["post-290076","product","type-product","status-publish","has-post-thumbnail","product_cat-espiritualidad","product_cat-espiritualitat","first","outofstock","taxable","shipping-taxable","purchasable","product-type-simple"],"acf":{"autor":"ANTHONY DE MELLO, SJ","codart":"842931518","libros-coleccion":"SUSHI BOOKS","ediciones":"1","encuadernacion":"[Vac\u00edo]","fecha_de_publicacion":"01\/12\/2003","novedad":"0","paginas":"0","subtitulo":"","orden":"999","portada":"0","idioma":"spa","editorial":[{"ID":6351,"post_author":"3","post_date":"2022-07-28 17:50:19","post_date_gmt":"2022-07-28 15:50:19","post_content":"","post_title":"Sal Terrae","post_excerpt":"","post_status":"publish","comment_status":"closed","ping_status":"closed","post_password":"","post_name":"sal-terrae","to_ping":"","pinged":"","post_modified":"2022-07-28 17:50:19","post_modified_gmt":"2022-07-28 15:50:19","post_content_filtered":"","post_parent":0,"guid":"http:\/\/dev.claret.cat\/editorial\/sal-terrae\/","menu_order":0,"post_type":"editorial","post_mime_type":"","comment_count":"0","filter":"raw"}],"autores-libros":[{"ID":263297,"post_author":"3","post_date":"2022-12-01 11:14:54","post_date_gmt":"2022-12-01 10:14:54","post_content":"","post_title":"ANTHONY DE MELLO","post_excerpt":"","post_status":"publish","comment_status":"closed","ping_status":"closed","post_password":"","post_name":"anthony-de-mello","to_ping":"","pinged":"","post_modified":"2022-12-01 11:14:54","post_modified_gmt":"2022-12-01 10:14:54","post_content_filtered":"","post_parent":0,"guid":"http:\/\/dev.claret.cat\/autor\/anthony-de-mello\/","menu_order":0,"post_type":"autor","post_mime_type":"","comment_count":"0","filter":"raw"}],"booktrailer":"","resenas":""},"aioseo_notices":[],"aioseo_head":"\n\t\t<!-- All in One SEO Pro 5.0.1.1 - aioseo.com -->\n\t<meta name=\"description\" content=\"155 \u2013 OBRA COMPLETA (2 VOL\u00daMENES) de ANTHONY DE MELLO, SJ disponible a\/en Llibreria Claret.\" \/>\n\t<meta name=\"robots\" content=\"max-image-preview:large\" \/>\n\t<meta name=\"google-site-verification\" content=\"xVtlFxJ-TfkIu-D-lt7XeLobefg5EIQiXTuqcSf8Rf0\" \/>\n\t<link rel=\"canonical\" href=\"https:\/\/www.claret.cat\/es\/libro\/155-obra-completa-2-volumenes-9788429315189\/\" \/>\n\t<meta name=\"generator\" content=\"All in One SEO Pro (AIOSEO) 5.0.1.1\" \/>\n\t\t<meta property=\"og:locale\" content=\"es_ES\" \/>\n\t\t<meta property=\"og:site_name\" content=\"Llibreria Claret - Llibreria religiosa a Barcelona\" \/>\n\t\t<meta property=\"og:type\" content=\"article\" \/>\n\t\t<meta property=\"og:title\" content=\"155 \u2013 OBRA COMPLETA (2 VOL\u00daMENES) - ANTHONY DE MELLO, SJ 9788429315189 | Llibreria Claret\" \/>\n\t\t<meta property=\"og:description\" content=\"155 \u2013 OBRA COMPLETA (2 VOL\u00daMENES) de ANTHONY DE MELLO, SJ disponible a\/en Llibreria Claret.\" \/>\n\t\t<meta property=\"og:url\" content=\"https:\/\/www.claret.cat\/es\/libro\/155-obra-completa-2-volumenes-9788429315189\/\" \/>\n\t\t<meta property=\"og:image\" content=\"https:\/\/dev.claret.cat\/wp-content\/uploads\/logo-claret.svg\" \/>\n\t\t<meta property=\"og:image:secure_url\" content=\"https:\/\/dev.claret.cat\/wp-content\/uploads\/logo-claret.svg\" \/>\n\t\t<meta property=\"article:published_time\" content=\"2022-12-10T12:10:27+00:00\" \/>\n\t\t<meta property=\"article:modified_time\" content=\"2026-01-26T12:17:09+00:00\" \/>\n\t\t<meta property=\"article:publisher\" content=\"https:\/\/www.facebook.com\/LlibreriaClaret\" \/>\n\t\t<meta name=\"twitter:card\" content=\"summary_large_image\" \/>\n\t\t<meta name=\"twitter:site\" content=\"@LlibreriaClaret\" \/>\n\t\t<meta name=\"twitter:title\" content=\"155 \u2013 OBRA COMPLETA (2 VOL\u00daMENES) - ANTHONY DE MELLO, SJ 9788429315189 | Llibreria Claret\" \/>\n\t\t<meta name=\"twitter:description\" content=\"155 \u2013 OBRA COMPLETA (2 VOL\u00daMENES) de ANTHONY DE MELLO, SJ disponible a\/en Llibreria Claret.\" \/>\n\t\t<meta name=\"twitter:image\" content=\"http:\/\/dev.claret.cat\/wp-content\/uploads\/logo-claret.svg\" \/>\n\t\t<script type=\"application\/ld+json\" class=\"aioseo-schema\">\n\t\t\t{\"@context\":\"https:\\\/\\\/schema.org\",\"@graph\":[{\"@type\":\"BreadcrumbList\",\"@id\":\"https:\\\/\\\/www.claret.cat\\\/es\\\/libro\\\/155-obra-completa-2-volumenes-9788429315189\\\/#breadcrumblist\",\"itemListElement\":[{\"@type\":\"ListItem\",\"@id\":\"https:\\\/\\\/www.claret.cat\\\/es\\\/#listItem\",\"position\":1,\"name\":\"Home\",\"item\":\"https:\\\/\\\/www.claret.cat\\\/es\\\/\",\"nextItem\":{\"@type\":\"ListItem\",\"@id\":\"https:\\\/\\\/www.claret.cat\\\/?page_id=16#listItem\",\"name\":\"Botiga\"}},{\"@type\":\"ListItem\",\"@id\":\"https:\\\/\\\/www.claret.cat\\\/?page_id=16#listItem\",\"position\":2,\"name\":\"Botiga\",\"item\":\"https:\\\/\\\/www.claret.cat\\\/?page_id=16\",\"nextItem\":{\"@type\":\"ListItem\",\"@id\":\"https:\\\/\\\/www.claret.cat\\\/categoria-producto\\\/cat\\\/#listItem\",\"name\":\"CAT\"},\"previousItem\":{\"@type\":\"ListItem\",\"@id\":\"https:\\\/\\\/www.claret.cat\\\/es\\\/#listItem\",\"name\":\"Home\"}},{\"@type\":\"ListItem\",\"@id\":\"https:\\\/\\\/www.claret.cat\\\/categoria-producto\\\/cat\\\/#listItem\",\"position\":3,\"name\":\"CAT\",\"item\":\"https:\\\/\\\/www.claret.cat\\\/categoria-producto\\\/cat\\\/\",\"nextItem\":{\"@type\":\"ListItem\",\"@id\":\"https:\\\/\\\/www.claret.cat\\\/categoria-producto\\\/cat\\\/1_espiritualitat\\\/#listItem\",\"name\":\"Espiritualitat\"},\"previousItem\":{\"@type\":\"ListItem\",\"@id\":\"https:\\\/\\\/www.claret.cat\\\/?page_id=16#listItem\",\"name\":\"Botiga\"}},{\"@type\":\"ListItem\",\"@id\":\"https:\\\/\\\/www.claret.cat\\\/categoria-producto\\\/cat\\\/1_espiritualitat\\\/#listItem\",\"position\":4,\"name\":\"Espiritualitat\",\"item\":\"https:\\\/\\\/www.claret.cat\\\/categoria-producto\\\/cat\\\/1_espiritualitat\\\/\",\"nextItem\":{\"@type\":\"ListItem\",\"@id\":\"https:\\\/\\\/www.claret.cat\\\/categoria-producto\\\/cat\\\/1_espiritualitat\\\/espiritualitat\\\/#listItem\",\"name\":\"Espiritualitat\"},\"previousItem\":{\"@type\":\"ListItem\",\"@id\":\"https:\\\/\\\/www.claret.cat\\\/categoria-producto\\\/cat\\\/#listItem\",\"name\":\"CAT\"}},{\"@type\":\"ListItem\",\"@id\":\"https:\\\/\\\/www.claret.cat\\\/categoria-producto\\\/cat\\\/1_espiritualitat\\\/espiritualitat\\\/#listItem\",\"position\":5,\"name\":\"Espiritualitat\",\"item\":\"https:\\\/\\\/www.claret.cat\\\/categoria-producto\\\/cat\\\/1_espiritualitat\\\/espiritualitat\\\/\",\"nextItem\":{\"@type\":\"ListItem\",\"@id\":\"https:\\\/\\\/www.claret.cat\\\/es\\\/libro\\\/155-obra-completa-2-volumenes-9788429315189\\\/#listItem\",\"name\":\"155 &#8211; OBRA COMPLETA (2 VOL\\u00daMENES)\"},\"previousItem\":{\"@type\":\"ListItem\",\"@id\":\"https:\\\/\\\/www.claret.cat\\\/categoria-producto\\\/cat\\\/1_espiritualitat\\\/#listItem\",\"name\":\"Espiritualitat\"}},{\"@type\":\"ListItem\",\"@id\":\"https:\\\/\\\/www.claret.cat\\\/es\\\/libro\\\/155-obra-completa-2-volumenes-9788429315189\\\/#listItem\",\"position\":6,\"name\":\"155 &#8211; OBRA COMPLETA (2 VOL\\u00daMENES)\",\"previousItem\":{\"@type\":\"ListItem\",\"@id\":\"https:\\\/\\\/www.claret.cat\\\/categoria-producto\\\/cat\\\/1_espiritualitat\\\/espiritualitat\\\/#listItem\",\"name\":\"Espiritualitat\"}}]},{\"@type\":\"ItemPage\",\"@id\":\"https:\\\/\\\/www.claret.cat\\\/es\\\/libro\\\/155-obra-completa-2-volumenes-9788429315189\\\/#itempage\",\"url\":\"https:\\\/\\\/www.claret.cat\\\/es\\\/libro\\\/155-obra-completa-2-volumenes-9788429315189\\\/\",\"name\":\"155 \\u2013 OBRA COMPLETA (2 VOL\\u00daMENES) - ANTHONY DE MELLO, SJ 9788429315189 | Llibreria Claret\",\"description\":\"155 \\u2013 OBRA COMPLETA (2 VOL\\u00daMENES) de ANTHONY DE MELLO, SJ disponible a\\\/en Llibreria Claret.\",\"inLanguage\":\"es-ES\",\"isPartOf\":{\"@id\":\"https:\\\/\\\/www.claret.cat\\\/es\\\/#website\"},\"breadcrumb\":{\"@id\":\"https:\\\/\\\/www.claret.cat\\\/es\\\/libro\\\/155-obra-completa-2-volumenes-9788429315189\\\/#breadcrumblist\"},\"image\":{\"@type\":\"ImageObject\",\"url\":\"https:\\\/\\\/www.claret.cat\\\/wp-content\\\/uploads\\\/.\\\/978-84-293-1518-9-1.jpg\",\"@id\":\"https:\\\/\\\/www.claret.cat\\\/es\\\/libro\\\/155-obra-completa-2-volumenes-9788429315189\\\/#mainImage\",\"width\":208,\"height\":220,\"caption\":\"978-84-293-1518-9.jpg\"},\"primaryImageOfPage\":{\"@id\":\"https:\\\/\\\/www.claret.cat\\\/es\\\/libro\\\/155-obra-completa-2-volumenes-9788429315189\\\/#mainImage\"},\"datePublished\":\"2022-12-10T13:10:27+01:00\",\"dateModified\":\"2026-01-26T13:17:09+01:00\"},{\"@type\":\"Organization\",\"@id\":\"https:\\\/\\\/www.claret.cat\\\/es\\\/#organization\",\"name\":\"Llibreria Claret\",\"description\":\"Llibreria religiosa a Barcelona\",\"url\":\"https:\\\/\\\/www.claret.cat\\\/es\\\/\",\"email\":\"comunicacio@claret.cat\",\"telephone\":\"+34933010887\",\"logo\":{\"@type\":\"ImageObject\",\"url\":\"https:\\\/\\\/www.claret.cat\\\/wp-content\\\/uploads\\\/.\\\/logo-claret-es.png\",\"@id\":\"https:\\\/\\\/www.claret.cat\\\/es\\\/libro\\\/155-obra-completa-2-volumenes-9788429315189\\\/#organizationLogo\",\"width\":195,\"height\":79},\"image\":{\"@id\":\"https:\\\/\\\/www.claret.cat\\\/es\\\/libro\\\/155-obra-completa-2-volumenes-9788429315189\\\/#organizationLogo\"},\"sameAs\":[\"https:\\\/\\\/www.facebook.com\\\/LlibreriaClaret\",\"https:\\\/\\\/twitter.com\\\/LlibreriaClaret\",\"https:\\\/\\\/www.instagram.com\\\/llibreriaclaret\\\/\",\"https:\\\/\\\/www.tiktok.com\\\/@llibreriaclaret\",\"https:\\\/\\\/www.youtube.com\\\/@llibreriaclaret\",\"https:\\\/\\\/ca.wikipedia.org\\\/wiki\\\/Editorial_Claret\"]},{\"@type\":\"WebPage\",\"@id\":\"https:\\\/\\\/www.claret.cat\\\/es\\\/libro\\\/155-obra-completa-2-volumenes-9788429315189\\\/#webpage\",\"url\":\"https:\\\/\\\/www.claret.cat\\\/es\\\/libro\\\/155-obra-completa-2-volumenes-9788429315189\\\/\",\"name\":\"155 \\u2013 OBRA COMPLETA (2 VOL\\u00daMENES) - ANTHONY DE MELLO, SJ 9788429315189 | Llibreria Claret\",\"description\":\"155 \\u2013 OBRA COMPLETA (2 VOL\\u00daMENES) de ANTHONY DE MELLO, SJ disponible a\\\/en Llibreria Claret.\",\"inLanguage\":\"es-ES\",\"isPartOf\":{\"@id\":\"https:\\\/\\\/www.claret.cat\\\/es\\\/#website\"},\"breadcrumb\":{\"@id\":\"https:\\\/\\\/www.claret.cat\\\/es\\\/libro\\\/155-obra-completa-2-volumenes-9788429315189\\\/#breadcrumblist\"},\"image\":{\"@type\":\"ImageObject\",\"url\":\"https:\\\/\\\/www.claret.cat\\\/wp-content\\\/uploads\\\/.\\\/978-84-293-1518-9-1.jpg\",\"@id\":\"https:\\\/\\\/www.claret.cat\\\/es\\\/libro\\\/155-obra-completa-2-volumenes-9788429315189\\\/#mainImage\",\"width\":208,\"height\":220,\"caption\":\"978-84-293-1518-9.jpg\"},\"primaryImageOfPage\":{\"@id\":\"https:\\\/\\\/www.claret.cat\\\/es\\\/libro\\\/155-obra-completa-2-volumenes-9788429315189\\\/#mainImage\"},\"datePublished\":\"2022-12-10T13:10:27+01:00\",\"dateModified\":\"2026-01-26T13:17:09+01:00\"},{\"@type\":\"WebSite\",\"@id\":\"https:\\\/\\\/www.claret.cat\\\/es\\\/#website\",\"url\":\"https:\\\/\\\/www.claret.cat\\\/es\\\/\",\"name\":\"Llibreria Claret Barcelona\",\"alternateName\":\"Llibreria Claret\",\"description\":\"Llibreria religiosa a Barcelona\",\"inLanguage\":\"es-ES\",\"publisher\":{\"@id\":\"https:\\\/\\\/www.claret.cat\\\/es\\\/#organization\"}}]}\n\t\t<\/script>\n\t\t<!-- All in One SEO Pro -->\r\n\t\t<title>155 \u2013 OBRA COMPLETA (2 VOL\u00daMENES) - ANTHONY DE MELLO, SJ 9788429315189 | Llibreria Claret<\/title>\n\n","aioseo_head_json":{"title":"155 \u2013 OBRA COMPLETA (2 VOL\u00daMENES) - ANTHONY DE MELLO, SJ 9788429315189 | Llibreria Claret","description":"155 \u2013 OBRA COMPLETA (2 VOL\u00daMENES) de ANTHONY DE MELLO, SJ disponible a\/en Llibreria Claret.","canonical_url":"https:\/\/www.claret.cat\/es\/libro\/155-obra-completa-2-volumenes-9788429315189\/","robots":"max-image-preview:large","keywords":"","webmasterTools":{"google-site-verification":"xVtlFxJ-TfkIu-D-lt7XeLobefg5EIQiXTuqcSf8Rf0","miscellaneous":""},"schema":{"@context":"https:\/\/schema.org","@graph":[{"@type":"BreadcrumbList","@id":"https:\/\/www.claret.cat\/es\/libro\/155-obra-completa-2-volumenes-9788429315189\/#breadcrumblist","itemListElement":[{"@type":"ListItem","@id":"https:\/\/www.claret.cat\/es\/#listItem","position":1,"name":"Home","item":"https:\/\/www.claret.cat\/es\/","nextItem":{"@type":"ListItem","@id":"https:\/\/www.claret.cat\/?page_id=16#listItem","name":"Botiga"}},{"@type":"ListItem","@id":"https:\/\/www.claret.cat\/?page_id=16#listItem","position":2,"name":"Botiga","item":"https:\/\/www.claret.cat\/?page_id=16","nextItem":{"@type":"ListItem","@id":"https:\/\/www.claret.cat\/categoria-producto\/cat\/#listItem","name":"CAT"},"previousItem":{"@type":"ListItem","@id":"https:\/\/www.claret.cat\/es\/#listItem","name":"Home"}},{"@type":"ListItem","@id":"https:\/\/www.claret.cat\/categoria-producto\/cat\/#listItem","position":3,"name":"CAT","item":"https:\/\/www.claret.cat\/categoria-producto\/cat\/","nextItem":{"@type":"ListItem","@id":"https:\/\/www.claret.cat\/categoria-producto\/cat\/1_espiritualitat\/#listItem","name":"Espiritualitat"},"previousItem":{"@type":"ListItem","@id":"https:\/\/www.claret.cat\/?page_id=16#listItem","name":"Botiga"}},{"@type":"ListItem","@id":"https:\/\/www.claret.cat\/categoria-producto\/cat\/1_espiritualitat\/#listItem","position":4,"name":"Espiritualitat","item":"https:\/\/www.claret.cat\/categoria-producto\/cat\/1_espiritualitat\/","nextItem":{"@type":"ListItem","@id":"https:\/\/www.claret.cat\/categoria-producto\/cat\/1_espiritualitat\/espiritualitat\/#listItem","name":"Espiritualitat"},"previousItem":{"@type":"ListItem","@id":"https:\/\/www.claret.cat\/categoria-producto\/cat\/#listItem","name":"CAT"}},{"@type":"ListItem","@id":"https:\/\/www.claret.cat\/categoria-producto\/cat\/1_espiritualitat\/espiritualitat\/#listItem","position":5,"name":"Espiritualitat","item":"https:\/\/www.claret.cat\/categoria-producto\/cat\/1_espiritualitat\/espiritualitat\/","nextItem":{"@type":"ListItem","@id":"https:\/\/www.claret.cat\/es\/libro\/155-obra-completa-2-volumenes-9788429315189\/#listItem","name":"155 &#8211; OBRA COMPLETA (2 VOL\u00daMENES)"},"previousItem":{"@type":"ListItem","@id":"https:\/\/www.claret.cat\/categoria-producto\/cat\/1_espiritualitat\/#listItem","name":"Espiritualitat"}},{"@type":"ListItem","@id":"https:\/\/www.claret.cat\/es\/libro\/155-obra-completa-2-volumenes-9788429315189\/#listItem","position":6,"name":"155 &#8211; OBRA COMPLETA (2 VOL\u00daMENES)","previousItem":{"@type":"ListItem","@id":"https:\/\/www.claret.cat\/categoria-producto\/cat\/1_espiritualitat\/espiritualitat\/#listItem","name":"Espiritualitat"}}]},{"@type":"ItemPage","@id":"https:\/\/www.claret.cat\/es\/libro\/155-obra-completa-2-volumenes-9788429315189\/#itempage","url":"https:\/\/www.claret.cat\/es\/libro\/155-obra-completa-2-volumenes-9788429315189\/","name":"155 \u2013 OBRA COMPLETA (2 VOL\u00daMENES) - ANTHONY DE MELLO, SJ 9788429315189 | Llibreria Claret","description":"155 \u2013 OBRA COMPLETA (2 VOL\u00daMENES) de ANTHONY DE MELLO, SJ disponible a\/en Llibreria Claret.","inLanguage":"es-ES","isPartOf":{"@id":"https:\/\/www.claret.cat\/es\/#website"},"breadcrumb":{"@id":"https:\/\/www.claret.cat\/es\/libro\/155-obra-completa-2-volumenes-9788429315189\/#breadcrumblist"},"image":{"@type":"ImageObject","url":"https:\/\/www.claret.cat\/wp-content\/uploads\/.\/978-84-293-1518-9-1.jpg","@id":"https:\/\/www.claret.cat\/es\/libro\/155-obra-completa-2-volumenes-9788429315189\/#mainImage","width":208,"height":220,"caption":"978-84-293-1518-9.jpg"},"primaryImageOfPage":{"@id":"https:\/\/www.claret.cat\/es\/libro\/155-obra-completa-2-volumenes-9788429315189\/#mainImage"},"datePublished":"2022-12-10T13:10:27+01:00","dateModified":"2026-01-26T13:17:09+01:00"},{"@type":"Organization","@id":"https:\/\/www.claret.cat\/es\/#organization","name":"Llibreria Claret","description":"Llibreria religiosa a Barcelona","url":"https:\/\/www.claret.cat\/es\/","email":"comunicacio@claret.cat","telephone":"+34933010887","logo":{"@type":"ImageObject","url":"https:\/\/www.claret.cat\/wp-content\/uploads\/.\/logo-claret-es.png","@id":"https:\/\/www.claret.cat\/es\/libro\/155-obra-completa-2-volumenes-9788429315189\/#organizationLogo","width":195,"height":79},"image":{"@id":"https:\/\/www.claret.cat\/es\/libro\/155-obra-completa-2-volumenes-9788429315189\/#organizationLogo"},"sameAs":["https:\/\/www.facebook.com\/LlibreriaClaret","https:\/\/twitter.com\/LlibreriaClaret","https:\/\/www.instagram.com\/llibreriaclaret\/","https:\/\/www.tiktok.com\/@llibreriaclaret","https:\/\/www.youtube.com\/@llibreriaclaret","https:\/\/ca.wikipedia.org\/wiki\/Editorial_Claret"]},{"@type":"WebPage","@id":"https:\/\/www.claret.cat\/es\/libro\/155-obra-completa-2-volumenes-9788429315189\/#webpage","url":"https:\/\/www.claret.cat\/es\/libro\/155-obra-completa-2-volumenes-9788429315189\/","name":"155 \u2013 OBRA COMPLETA (2 VOL\u00daMENES) - ANTHONY DE MELLO, SJ 9788429315189 | Llibreria Claret","description":"155 \u2013 OBRA COMPLETA (2 VOL\u00daMENES) de ANTHONY DE MELLO, SJ disponible a\/en Llibreria Claret.","inLanguage":"es-ES","isPartOf":{"@id":"https:\/\/www.claret.cat\/es\/#website"},"breadcrumb":{"@id":"https:\/\/www.claret.cat\/es\/libro\/155-obra-completa-2-volumenes-9788429315189\/#breadcrumblist"},"image":{"@type":"ImageObject","url":"https:\/\/www.claret.cat\/wp-content\/uploads\/.\/978-84-293-1518-9-1.jpg","@id":"https:\/\/www.claret.cat\/es\/libro\/155-obra-completa-2-volumenes-9788429315189\/#mainImage","width":208,"height":220,"caption":"978-84-293-1518-9.jpg"},"primaryImageOfPage":{"@id":"https:\/\/www.claret.cat\/es\/libro\/155-obra-completa-2-volumenes-9788429315189\/#mainImage"},"datePublished":"2022-12-10T13:10:27+01:00","dateModified":"2026-01-26T13:17:09+01:00"},{"@type":"WebSite","@id":"https:\/\/www.claret.cat\/es\/#website","url":"https:\/\/www.claret.cat\/es\/","name":"Llibreria Claret Barcelona","alternateName":"Llibreria Claret","description":"Llibreria religiosa a Barcelona","inLanguage":"es-ES","publisher":{"@id":"https:\/\/www.claret.cat\/es\/#organization"}}]},"og:locale":"es_ES","og:site_name":"Llibreria Claret - Llibreria religiosa a Barcelona","og:type":"article","og:title":"155 \u2013 OBRA COMPLETA (2 VOL\u00daMENES) - ANTHONY DE MELLO, SJ 9788429315189 | Llibreria Claret","og:description":"155 \u2013 OBRA COMPLETA (2 VOL\u00daMENES) de ANTHONY DE MELLO, SJ disponible a\/en Llibreria Claret.","og:url":"https:\/\/www.claret.cat\/es\/libro\/155-obra-completa-2-volumenes-9788429315189\/","og:image":"https:\/\/dev.claret.cat\/wp-content\/uploads\/logo-claret.svg","og:image:secure_url":"https:\/\/dev.claret.cat\/wp-content\/uploads\/logo-claret.svg","article:published_time":"2022-12-10T12:10:27+00:00","article:modified_time":"2026-01-26T12:17:09+00:00","article:publisher":"https:\/\/www.facebook.com\/LlibreriaClaret","twitter:card":"summary_large_image","twitter:site":"@LlibreriaClaret","twitter:title":"155 \u2013 OBRA COMPLETA (2 VOL\u00daMENES) - ANTHONY DE MELLO, SJ 9788429315189 | Llibreria Claret","twitter:description":"155 \u2013 OBRA COMPLETA (2 VOL\u00daMENES) de ANTHONY DE MELLO, SJ disponible a\/en Llibreria Claret.","twitter:image":"http:\/\/dev.claret.cat\/wp-content\/uploads\/logo-claret.svg"},"aioseo_meta_data":{"post_id":"290076","title":null,"description":null,"keywords":null,"keyphrases":null,"primary_term":null,"canonical_url":null,"og_title":null,"og_description":null,"og_object_type":"default","og_image_type":"default","og_image_url":null,"og_image_width":null,"og_image_height":null,"og_image_custom_url":null,"og_image_custom_fields":null,"og_video":null,"og_custom_url":null,"og_article_section":null,"og_article_tags":null,"twitter_use_og":false,"twitter_card":"default","twitter_image_type":"default","twitter_image_url":null,"twitter_image_custom_url":null,"twitter_image_custom_fields":null,"twitter_title":null,"twitter_description":null,"schema":{"blockGraphs":[],"customGraphs":[],"default":{"data":{"Article":[],"Course":[],"Dataset":[],"FAQPage":[],"Movie":[],"Person":[],"Product":[],"ProductReview":[],"Car":[],"Recipe":[],"Service":[],"SoftwareApplication":[],"WebPage":[]},"graphName":"","isEnabled":true},"graphs":[]},"schema_type":"default","schema_type_options":null,"pillar_content":false,"robots_default":true,"robots_noindex":false,"robots_noarchive":false,"robots_nosnippet":false,"robots_nofollow":false,"robots_noimageindex":false,"robots_noodp":false,"robots_notranslate":false,"robots_max_snippet":null,"robots_max_videopreview":null,"robots_max_imagepreview":"large","priority":null,"frequency":null,"local_seo":null,"seo_analyzer_scan_date":"2026-01-26 12:18:37","breadcrumb_settings":null,"limit_modified_date":false,"open_ai":null,"ai":null,"created":"2022-12-22 16:35:43","updated":"2026-01-26 12:18:37","focus_keyword":null,"additional_keywords":null,"truseo_locale":null},"aioseo_breadcrumb":"<div class=\"aioseo-breadcrumbs\"><span class=\"aioseo-breadcrumb\">\n\t<a href=\"https:\/\/www.claret.cat\/es\/\" title=\"Home\">Home<\/a>\n<\/span><span class=\"aioseo-breadcrumb-separator\">&raquo;<\/span><span class=\"aioseo-breadcrumb\">\n\t<a href=\"https:\/\/www.claret.cat\/?page_id=16\" title=\"Botiga\">Botiga<\/a>\n<\/span><span class=\"aioseo-breadcrumb-separator\">&raquo;<\/span><span class=\"aioseo-breadcrumb\">\n\t<a href=\"https:\/\/www.claret.cat\/categoria-producto\/cat\/\" title=\"CAT\">CAT<\/a>\n<\/span><span class=\"aioseo-breadcrumb-separator\">&raquo;<\/span><span class=\"aioseo-breadcrumb\">\n\t<a href=\"https:\/\/www.claret.cat\/categoria-producto\/cat\/1_espiritualitat\/\" title=\"Espiritualitat\">Espiritualitat<\/a>\n<\/span><span class=\"aioseo-breadcrumb-separator\">&raquo;<\/span><span class=\"aioseo-breadcrumb\">\n\t<a href=\"https:\/\/www.claret.cat\/categoria-producto\/cat\/1_espiritualitat\/espiritualitat\/\" title=\"Espiritualitat\">Espiritualitat<\/a>\n<\/span><span class=\"aioseo-breadcrumb-separator\">&raquo;<\/span><span class=\"aioseo-breadcrumb\">\n\t155 \u2013 OBRA COMPLETA (2 VOL\u00daMENES)\n<\/span><\/div>","aioseo_breadcrumb_json":[{"label":"Home","link":"https:\/\/www.claret.cat\/es\/"},{"label":"Botiga","link":"https:\/\/www.claret.cat\/?page_id=16"},{"label":"CAT","link":"https:\/\/www.claret.cat\/categoria-producto\/cat\/"},{"label":"Espiritualitat","link":"https:\/\/www.claret.cat\/categoria-producto\/cat\/1_espiritualitat\/"},{"label":"Espiritualitat","link":"https:\/\/www.claret.cat\/categoria-producto\/cat\/1_espiritualitat\/espiritualitat\/"},{"label":"155 &#8211; OBRA COMPLETA (2 VOL\u00daMENES)","link":"https:\/\/www.claret.cat\/es\/libro\/155-obra-completa-2-volumenes-9788429315189\/"}],"_links":{"self":[{"href":"https:\/\/www.claret.cat\/es\/wp-json\/wp\/v2\/product\/290076","targetHints":{"allow":["GET"]}}],"collection":[{"href":"https:\/\/www.claret.cat\/es\/wp-json\/wp\/v2\/product"}],"about":[{"href":"https:\/\/www.claret.cat\/es\/wp-json\/wp\/v2\/types\/product"}],"wp:featuredmedia":[{"embeddable":true,"href":"https:\/\/www.claret.cat\/es\/wp-json\/wp\/v2\/media\/339337"}],"wp:attachment":[{"href":"https:\/\/www.claret.cat\/es\/wp-json\/wp\/v2\/media?parent=290076"}],"wp:term":[{"taxonomy":"product_brand","embeddable":true,"href":"https:\/\/www.claret.cat\/es\/wp-json\/wp\/v2\/product_brand?post=290076"},{"taxonomy":"product_cat","embeddable":true,"href":"https:\/\/www.claret.cat\/es\/wp-json\/wp\/v2\/product_cat?post=290076"},{"taxonomy":"product_tag","embeddable":true,"href":"https:\/\/www.claret.cat\/es\/wp-json\/wp\/v2\/product_tag?post=290076"}],"curies":[{"name":"wp","href":"https:\/\/api.w.org\/{rel}","templated":true}]}}