{"id":290604,"date":"2022-12-10T17:20:14","date_gmt":"2022-12-10T16:20:14","guid":{"rendered":"http:\/\/dev.claret.cat\/llibre\/la-alegria-tambien-de-noche\/"},"modified":"2026-04-09T12:15:12","modified_gmt":"2026-04-09T10:15:12","slug":"la-alegria-tambien-de-noche-9788429317749","status":"publish","type":"product","link":"https:\/\/www.claret.cat\/es\/libro\/la-alegria-tambien-de-noche-9788429317749\/","title":{"rendered":"LA ALEGR\u00cdA, TAMBI\u00c9N DE NOCHE"},"content":{"rendered":"<p>\u00bfQui\u00e9n no quiere ser feliz hoy en d\u00eda? El joven y el anciano, el hombre y la mujer, el c\u00e9libe y el casado, el que cree en Dios y el que no&#8230;: todos aspiramos a la felicidad. \u00bfEs este deseo una quimera insensata o un anhelo leg\u00edtimo? Es posible una alegr\u00eda profunda, hecha de risas y l\u00e1grimas, capaz de vivirse en los momentos de euforia y fiesta, pero tambi\u00e9n en las horas m\u00e1s oscuras. Es posible un gozo con ra\u00edces hondas, que se disfruta en los d\u00edas radiantes, pero que no se apaga sin m\u00e1s ante la dificultad o la zozobra. Es posible, en fin, una felicidad liberada de la tiran\u00eda de sentirse bien a toda costa, una alegr\u00eda tejida entre lo cotidiano y lo novedoso, llena de nombres, de esperanzas, de historias y de rostros.<\/p>\n","protected":false},"excerpt":{"rendered":"<p>RODR\u00cdGUEZ OLAIZOLA, JOS\u00c9<\/p>\n","protected":false},"featured_media":339802,"template":"","meta":{"_acf_changed":false,"om_disable_all_campaigns":false,"rs_blank_template":"","rs_page_bg_color":"","slide_template_v7":"","inline_featured_image":false,"_monsterinsights_skip_tracking":false,"_monsterinsights_sitenote_active":false,"_monsterinsights_sitenote_note":"","_monsterinsights_sitenote_category":0},"product_brand":[],"product_cat":[345,79],"product_tag":[],"class_list":{"0":"post-290604","1":"product","2":"type-product","3":"status-publish","4":"has-post-thumbnail","6":"product_cat-espiritualidad","7":"product_cat-espiritualitat","9":"first","10":"instock","11":"taxable","12":"shipping-taxable","13":"purchasable","14":"product-type-simple"},"acf":{"autor":"RODR\u00cdGUEZ OLAIZOLA, JOS\u00c9","codart":"842931774","libros-coleccion":"El Pozo de Siquem","ediciones":"1","encuadernacion":"R\u00fastica","fecha_de_publicacion":"07\/10\/2008","novedad":"0","paginas":"112","subtitulo":"","orden":"999","portada":"0","idioma":"spa","editorial":[{"ID":6351,"post_author":"3","post_date":"2022-07-28 17:50:19","post_date_gmt":"2022-07-28 15:50:19","post_content":"","post_title":"Sal Terrae","post_excerpt":"","post_status":"publish","comment_status":"closed","ping_status":"closed","post_password":"","post_name":"sal-terrae","to_ping":"","pinged":"","post_modified":"2022-07-28 17:50:19","post_modified_gmt":"2022-07-28 15:50:19","post_content_filtered":"","post_parent":0,"guid":"http:\/\/dev.claret.cat\/editorial\/sal-terrae\/","menu_order":0,"post_type":"editorial","post_mime_type":"","comment_count":"0","filter":"raw"}],"autores-libros":[{"ID":160492,"post_author":"3","post_date":"2022-10-14 15:53:31","post_date_gmt":"2022-10-14 13:53:31","post_content":"","post_title":"JOS\u00c9 MAR\u00cdA RODR\u00cdGUEZ OLAIZOLA, SJ","post_excerpt":"","post_status":"publish","comment_status":"closed","ping_status":"closed","post_password":"","post_name":"jose-maria-rodriguez-olaizola-sj","to_ping":"","pinged":"","post_modified":"2022-10-14 15:53:31","post_modified_gmt":"2022-10-14 13:53:31","post_content_filtered":"","post_parent":0,"guid":"http:\/\/dev.claret.cat\/autor\/jose-maria-rodriguez-olaizola-sj\/","menu_order":0,"post_type":"autor","post_mime_type":"","comment_count":"0","filter":"raw"}],"booktrailer":"","resenas":""},"aioseo_notices":[],"_links":{"self":[{"href":"https:\/\/www.claret.cat\/es\/wp-json\/wp\/v2\/product\/290604","targetHints":{"allow":["GET"]}}],"collection":[{"href":"https:\/\/www.claret.cat\/es\/wp-json\/wp\/v2\/product"}],"about":[{"href":"https:\/\/www.claret.cat\/es\/wp-json\/wp\/v2\/types\/product"}],"wp:featuredmedia":[{"embeddable":true,"href":"https:\/\/www.claret.cat\/es\/wp-json\/wp\/v2\/media\/339802"}],"wp:attachment":[{"href":"https:\/\/www.claret.cat\/es\/wp-json\/wp\/v2\/media?parent=290604"}],"wp:term":[{"taxonomy":"product_brand","embeddable":true,"href":"https:\/\/www.claret.cat\/es\/wp-json\/wp\/v2\/product_brand?post=290604"},{"taxonomy":"product_cat","embeddable":true,"href":"https:\/\/www.claret.cat\/es\/wp-json\/wp\/v2\/product_cat?post=290604"},{"taxonomy":"product_tag","embeddable":true,"href":"https:\/\/www.claret.cat\/es\/wp-json\/wp\/v2\/product_tag?post=290604"}],"curies":[{"name":"wp","href":"https:\/\/api.w.org\/{rel}","templated":true}]}}