{"id":29093,"date":"2022-10-02T11:21:09","date_gmt":"2022-10-02T09:21:09","guid":{"rendered":"http:\/\/dev.claret.cat\/producte\/el-festi-de-babette\/"},"modified":"2026-04-15T13:00:06","modified_gmt":"2026-04-15T11:00:06","slug":"el-festi-de-babette-9788417998660","status":"publish","type":"product","link":"https:\/\/www.claret.cat\/es\/libro\/el-festi-de-babette-9788417998660\/","title":{"rendered":"EL FEST\u00cd DE BABETTE"},"content":{"rendered":"<p>En un poblet de pescadors de la costa noruega, una petita comunitat de luterans viu a\u00efllada del m\u00f3n seguint els estrictes preceptes morals del seu pastor. Un dia, poc despr\u00e9s de la mort del seu guia espiritual, les seves dues filles reben una carta en qu\u00e8 un amic de la fam\u00edlia els demana que acullin una jove francesa, Babette, que ho ha perdut tot i est\u00e0 sola al m\u00f3n, i que, per no resultar una c\u00e0rrega, podria ocupar-se de les feines de la casa. A m\u00e9s, tamb\u00e9 podria cuinar.<\/p>\n","protected":false},"excerpt":{"rendered":"<p>DINESEN, ISAK<\/p>\n","protected":false},"featured_media":65594,"template":"","meta":{"_acf_changed":false,"om_disable_all_campaigns":false,"rs_blank_template":"","rs_page_bg_color":"","slide_template_v7":"","inline_featured_image":false,"_monsterinsights_skip_tracking":false,"_monsterinsights_sitenote_active":false,"_monsterinsights_sitenote_note":"","_monsterinsights_sitenote_category":0},"product_brand":[],"product_cat":[354,123],"product_tag":[],"class_list":{"0":"post-29093","1":"product","2":"type-product","3":"status-publish","4":"has-post-thumbnail","6":"product_cat-clasica","7":"product_cat-classica","9":"first","10":"instock","11":"taxable","12":"shipping-taxable","13":"purchasable","14":"product-type-simple"},"acf":{"autor":"DINESEN, ISAK","codart":"841799866","libros-coleccion":"Petits Plaers","ediciones":"1","encuadernacion":"R\u00fastica","fecha_de_publicacion":"01\/10\/2020","novedad":"1","paginas":"96","subtitulo":"","orden":"0","portada":"0","idioma":"cat","editorial":[{"ID":6392,"post_author":"3","post_date":"2022-07-28 17:51:10","post_date_gmt":"2022-07-28 15:51:10","post_content":"","post_title":"Viena","post_excerpt":"","post_status":"publish","comment_status":"closed","ping_status":"closed","post_password":"","post_name":"viena","to_ping":"","pinged":"","post_modified":"2022-07-28 17:51:10","post_modified_gmt":"2022-07-28 15:51:10","post_content_filtered":"","post_parent":0,"guid":"http:\/\/dev.claret.cat\/editorial\/viena\/","menu_order":0,"post_type":"editorial","post_mime_type":"","comment_count":"0","filter":"raw"}],"autores-libros":[{"ID":158113,"post_author":"3","post_date":"2022-10-14 15:34:16","post_date_gmt":"2022-10-14 13:34:16","post_content":"","post_title":"ISAK DINESEN","post_excerpt":"","post_status":"publish","comment_status":"closed","ping_status":"closed","post_password":"","post_name":"isak-dinesen","to_ping":"","pinged":"","post_modified":"2022-10-14 15:34:16","post_modified_gmt":"2022-10-14 13:34:16","post_content_filtered":"","post_parent":0,"guid":"http:\/\/dev.claret.cat\/autor\/isak-dinesen\/","menu_order":0,"post_type":"autor","post_mime_type":"","comment_count":"0","filter":"raw"}],"booktrailer":"","resenas":""},"aioseo_notices":[],"_links":{"self":[{"href":"https:\/\/www.claret.cat\/es\/wp-json\/wp\/v2\/product\/29093","targetHints":{"allow":["GET"]}}],"collection":[{"href":"https:\/\/www.claret.cat\/es\/wp-json\/wp\/v2\/product"}],"about":[{"href":"https:\/\/www.claret.cat\/es\/wp-json\/wp\/v2\/types\/product"}],"wp:featuredmedia":[{"embeddable":true,"href":"https:\/\/www.claret.cat\/es\/wp-json\/wp\/v2\/media\/65594"}],"wp:attachment":[{"href":"https:\/\/www.claret.cat\/es\/wp-json\/wp\/v2\/media?parent=29093"}],"wp:term":[{"taxonomy":"product_brand","embeddable":true,"href":"https:\/\/www.claret.cat\/es\/wp-json\/wp\/v2\/product_brand?post=29093"},{"taxonomy":"product_cat","embeddable":true,"href":"https:\/\/www.claret.cat\/es\/wp-json\/wp\/v2\/product_cat?post=29093"},{"taxonomy":"product_tag","embeddable":true,"href":"https:\/\/www.claret.cat\/es\/wp-json\/wp\/v2\/product_tag?post=29093"}],"curies":[{"name":"wp","href":"https:\/\/api.w.org\/{rel}","templated":true}]}}