{"id":291217,"date":"2022-12-10T22:00:36","date_gmt":"2022-12-10T21:00:36","guid":{"rendered":"http:\/\/dev.claret.cat\/llibre\/carlo-maria-martini-el-profeta-del-dialogo\/"},"modified":"2026-04-30T17:50:10","modified_gmt":"2026-04-30T15:50:10","slug":"carlo-maria-martini-el-profeta-del-dialogo-9788429320541","status":"publish","type":"product","link":"https:\/\/www.claret.cat\/es\/libro\/carlo-maria-martini-el-profeta-del-dialogo-9788429320541\/","title":{"rendered":"CARLO MARIA MARTINI. EL PROFETA DEL DI\u00c1LOGO"},"content":{"rendered":"<p>Ten\u00eda diecisiete a\u00f1os en aquel lejano a\u00f1o de 1944 en que decidi\u00f3 dejarlo todo para consagrarse en cuerpo y alma a la Compa\u00f1\u00eda de Jes\u00fas, que acabar\u00eda llev\u00e1ndole a convertirse en sacerdote, te\u00f3logo y cardenal de la di\u00f3cesis m\u00e1s grande de Europa. Esta y muchas otras cosas nos refiere el vaticanista Andrea Tornielli en esta semblanza, en absoluto hagiogr\u00e1fica, que retrata la par\u00e1bola humana, espiritual e institucional de la vida de una de las figuras m\u00e1s carism\u00e1ticas de la Iglesia cat\u00f3lica posconciliar. <\/p>\n<p>Cardenal de la atenci\u00f3n a los \u00faltimos y la acogida a los inmigrantes, del ecumenismo y la confrontaci\u00f3n con otras religiones, Martini fue tambi\u00e9n un hombre atento a las instituciones y a la \u00e9tica p\u00fablica, capaz de increpar a pol\u00edticos de derechas y de izquierdas y de denunciar con a\u00f1os de anticipaci\u00f3n la corrupci\u00f3n de Tangentopoli. Biblista de fama internacional, no desde\u00f1\u00f3 indagar las cuestiones m\u00e1s complejas: desde el final de la vida hasta la fecundaci\u00f3n artificial, desde el celibato de los sacerdotes hasta la acogida pastoral de los divorciados y los homosexuales, desde la escuela cat\u00f3lica hasta la libertad de educaci\u00f3n&#8230; <\/p>\n<p>Se\u00f1alado por la prensa como \u00abpapable\u00bb, adujo como impedimento para acceder al solio pontificio la enfermedad de Parkinson, ya en fase avanzada, reafirmando su deseo de dedicarse a sus antiguas pasiones: Jerusal\u00e9n y el estudio de las Sagradas Escrituras. <\/p>\n<p>Entre bastidores emerge en estas p\u00e1ginas la vida de un hombre que fue capaz de marcar de modo significativo la sociedad italiana y el catolicismo en los a\u00f1os de la secularizaci\u00f3n y la crisis de los creyentes y que en su \u00faltima entrevista afirm\u00f3: \u00abLa Iglesia lleva un retraso de 200 a\u00f1os\u00bb.<\/p>\n","protected":false},"excerpt":{"rendered":"<p>TORNIELLI, ANDREA<\/p>\n","protected":false},"featured_media":341198,"template":"","meta":{"_acf_changed":false,"om_disable_all_campaigns":false,"rs_blank_template":"","rs_page_bg_color":"","slide_template_v7":"","inline_featured_image":false,"_monsterinsights_skip_tracking":false},"product_brand":[],"product_cat":[90,540],"product_tag":[],"class_list":["post-291217","product","type-product","status-publish","has-post-thumbnail","product_cat-altres","product_cat-otros","first","instock","taxable","shipping-taxable","purchasable","product-type-simple"],"acf":{"editorial":[{"ID":6351,"post_author":"3","post_date":"2022-07-28 17:50:19","post_date_gmt":"2022-07-28 15:50:19","post_content":"","post_title":"Sal Terrae","post_excerpt":"","post_status":"publish","comment_status":"closed","ping_status":"closed","post_password":"","post_name":"sal-terrae","to_ping":"","pinged":"","post_modified":"2022-07-28 17:50:19","post_modified_gmt":"2022-07-28 15:50:19","post_content_filtered":"","post_parent":0,"guid":"http:\/\/dev.claret.cat\/editorial\/sal-terrae\/","menu_order":0,"post_type":"editorial","post_mime_type":"","comment_count":"0","filter":"raw"}],"autores-libros":[{"ID":150243,"post_author":"3","post_date":"2022-10-14 14:31:23","post_date_gmt":"2022-10-14 12:31:23","post_content":"","post_title":"ANDREA TORNIELLI","post_excerpt":"","post_status":"publish","comment_status":"closed","ping_status":"closed","post_password":"","post_name":"andrea-tornielli","to_ping":"","pinged":"","post_modified":"2022-10-14 14:31:23","post_modified_gmt":"2022-10-14 12:31:23","post_content_filtered":"","post_parent":0,"guid":"http:\/\/dev.claret.cat\/autor\/andrea-tornielli\/","menu_order":0,"post_type":"autor","post_mime_type":"","comment_count":"0","filter":"raw"}],"autor":"TORNIELLI, ANDREA","codart":"842932054","libros-coleccion":"","ediciones":"1","encuadernacion":"R\u00fastica","fecha_de_publicacion":"12\/03\/2013","novedad":"0","paginas":"246","subtitulo":"EL PROFETA DEL DI\u00c1LOGO","orden":"999","portada":"0","idioma":"spa","booktrailer":"","resenas":""},"aioseo_notices":[],"aioseo_head":"\n\t\t<!-- All in One SEO Pro 5.0.1.1 - aioseo.com -->\n\t<meta name=\"description\" content=\"CARLO MARIA MARTINI. EL PROFETA DEL DI\u00c1LOGO de TORNIELLI, ANDREA disponible a\/en Llibreria Claret.\" \/>\n\t<meta name=\"robots\" content=\"max-image-preview:large\" \/>\n\t<meta name=\"google-site-verification\" content=\"xVtlFxJ-TfkIu-D-lt7XeLobefg5EIQiXTuqcSf8Rf0\" \/>\n\t<link rel=\"canonical\" href=\"https:\/\/www.claret.cat\/es\/libro\/carlo-maria-martini-el-profeta-del-dialogo-9788429320541\/\" \/>\n\t<meta name=\"generator\" content=\"All in One SEO Pro (AIOSEO) 5.0.1.1\" \/>\n\t\t<meta property=\"og:locale\" content=\"es_ES\" \/>\n\t\t<meta property=\"og:site_name\" content=\"Llibreria Claret - Llibreria religiosa a Barcelona\" \/>\n\t\t<meta property=\"og:type\" content=\"article\" \/>\n\t\t<meta property=\"og:title\" content=\"CARLO MARIA MARTINI. EL PROFETA DEL DI\u00c1LOGO - TORNIELLI, ANDREA 9788429320541 | Llibreria Claret\" \/>\n\t\t<meta property=\"og:description\" content=\"CARLO MARIA MARTINI. EL PROFETA DEL DI\u00c1LOGO de TORNIELLI, ANDREA disponible a\/en Llibreria Claret.\" \/>\n\t\t<meta property=\"og:url\" content=\"https:\/\/www.claret.cat\/es\/libro\/carlo-maria-martini-el-profeta-del-dialogo-9788429320541\/\" \/>\n\t\t<meta property=\"og:image\" content=\"https:\/\/dev.claret.cat\/wp-content\/uploads\/logo-claret.svg\" \/>\n\t\t<meta property=\"og:image:secure_url\" content=\"https:\/\/dev.claret.cat\/wp-content\/uploads\/logo-claret.svg\" \/>\n\t\t<meta property=\"article:published_time\" content=\"2022-12-10T21:00:36+00:00\" \/>\n\t\t<meta property=\"article:modified_time\" content=\"2026-04-30T15:50:10+00:00\" \/>\n\t\t<meta property=\"article:publisher\" content=\"https:\/\/www.facebook.com\/LlibreriaClaret\" \/>\n\t\t<meta name=\"twitter:card\" content=\"summary_large_image\" \/>\n\t\t<meta name=\"twitter:site\" content=\"@LlibreriaClaret\" \/>\n\t\t<meta name=\"twitter:title\" content=\"CARLO MARIA MARTINI. EL PROFETA DEL DI\u00c1LOGO - TORNIELLI, ANDREA 9788429320541 | Llibreria Claret\" \/>\n\t\t<meta name=\"twitter:description\" content=\"CARLO MARIA MARTINI. EL PROFETA DEL DI\u00c1LOGO de TORNIELLI, ANDREA disponible a\/en Llibreria Claret.\" \/>\n\t\t<meta name=\"twitter:image\" content=\"http:\/\/dev.claret.cat\/wp-content\/uploads\/logo-claret.svg\" \/>\n\t\t<script type=\"application\/ld+json\" class=\"aioseo-schema\">\n\t\t\t{\"@context\":\"https:\\\/\\\/schema.org\",\"@graph\":[{\"@type\":\"BreadcrumbList\",\"@id\":\"https:\\\/\\\/www.claret.cat\\\/es\\\/libro\\\/carlo-maria-martini-el-profeta-del-dialogo-9788429320541\\\/#breadcrumblist\",\"itemListElement\":[{\"@type\":\"ListItem\",\"@id\":\"https:\\\/\\\/www.claret.cat\\\/es\\\/#listItem\",\"position\":1,\"name\":\"Home\",\"item\":\"https:\\\/\\\/www.claret.cat\\\/es\\\/\",\"nextItem\":{\"@type\":\"ListItem\",\"@id\":\"https:\\\/\\\/www.claret.cat\\\/?page_id=16#listItem\",\"name\":\"Botiga\"}},{\"@type\":\"ListItem\",\"@id\":\"https:\\\/\\\/www.claret.cat\\\/?page_id=16#listItem\",\"position\":2,\"name\":\"Botiga\",\"item\":\"https:\\\/\\\/www.claret.cat\\\/?page_id=16\",\"nextItem\":{\"@type\":\"ListItem\",\"@id\":\"https:\\\/\\\/www.claret.cat\\\/categoria-producto\\\/cat\\\/#listItem\",\"name\":\"CAT\"},\"previousItem\":{\"@type\":\"ListItem\",\"@id\":\"https:\\\/\\\/www.claret.cat\\\/es\\\/#listItem\",\"name\":\"Home\"}},{\"@type\":\"ListItem\",\"@id\":\"https:\\\/\\\/www.claret.cat\\\/categoria-producto\\\/cat\\\/#listItem\",\"position\":3,\"name\":\"CAT\",\"item\":\"https:\\\/\\\/www.claret.cat\\\/categoria-producto\\\/cat\\\/\",\"nextItem\":{\"@type\":\"ListItem\",\"@id\":\"https:\\\/\\\/www.claret.cat\\\/categoria-producto\\\/cat\\\/5_altres\\\/#listItem\",\"name\":\"Altres\"},\"previousItem\":{\"@type\":\"ListItem\",\"@id\":\"https:\\\/\\\/www.claret.cat\\\/?page_id=16#listItem\",\"name\":\"Botiga\"}},{\"@type\":\"ListItem\",\"@id\":\"https:\\\/\\\/www.claret.cat\\\/categoria-producto\\\/cat\\\/5_altres\\\/#listItem\",\"position\":4,\"name\":\"Altres\",\"item\":\"https:\\\/\\\/www.claret.cat\\\/categoria-producto\\\/cat\\\/5_altres\\\/\",\"nextItem\":{\"@type\":\"ListItem\",\"@id\":\"https:\\\/\\\/www.claret.cat\\\/categoria-producto\\\/cat\\\/5_altres\\\/altres\\\/#listItem\",\"name\":\"Altres\"},\"previousItem\":{\"@type\":\"ListItem\",\"@id\":\"https:\\\/\\\/www.claret.cat\\\/categoria-producto\\\/cat\\\/#listItem\",\"name\":\"CAT\"}},{\"@type\":\"ListItem\",\"@id\":\"https:\\\/\\\/www.claret.cat\\\/categoria-producto\\\/cat\\\/5_altres\\\/altres\\\/#listItem\",\"position\":5,\"name\":\"Altres\",\"item\":\"https:\\\/\\\/www.claret.cat\\\/categoria-producto\\\/cat\\\/5_altres\\\/altres\\\/\",\"nextItem\":{\"@type\":\"ListItem\",\"@id\":\"https:\\\/\\\/www.claret.cat\\\/es\\\/libro\\\/carlo-maria-martini-el-profeta-del-dialogo-9788429320541\\\/#listItem\",\"name\":\"CARLO MARIA MARTINI. EL PROFETA DEL DI\\u00c1LOGO\"},\"previousItem\":{\"@type\":\"ListItem\",\"@id\":\"https:\\\/\\\/www.claret.cat\\\/categoria-producto\\\/cat\\\/5_altres\\\/#listItem\",\"name\":\"Altres\"}},{\"@type\":\"ListItem\",\"@id\":\"https:\\\/\\\/www.claret.cat\\\/es\\\/libro\\\/carlo-maria-martini-el-profeta-del-dialogo-9788429320541\\\/#listItem\",\"position\":6,\"name\":\"CARLO MARIA MARTINI. EL PROFETA DEL DI\\u00c1LOGO\",\"previousItem\":{\"@type\":\"ListItem\",\"@id\":\"https:\\\/\\\/www.claret.cat\\\/categoria-producto\\\/cat\\\/5_altres\\\/altres\\\/#listItem\",\"name\":\"Altres\"}}]},{\"@type\":\"ItemPage\",\"@id\":\"https:\\\/\\\/www.claret.cat\\\/es\\\/libro\\\/carlo-maria-martini-el-profeta-del-dialogo-9788429320541\\\/#itempage\",\"url\":\"https:\\\/\\\/www.claret.cat\\\/es\\\/libro\\\/carlo-maria-martini-el-profeta-del-dialogo-9788429320541\\\/\",\"name\":\"CARLO MARIA MARTINI. EL PROFETA DEL DI\\u00c1LOGO - TORNIELLI, ANDREA 9788429320541 | Llibreria Claret\",\"description\":\"CARLO MARIA MARTINI. EL PROFETA DEL DI\\u00c1LOGO de TORNIELLI, ANDREA disponible a\\\/en Llibreria Claret.\",\"inLanguage\":\"es-ES\",\"isPartOf\":{\"@id\":\"https:\\\/\\\/www.claret.cat\\\/es\\\/#website\"},\"breadcrumb\":{\"@id\":\"https:\\\/\\\/www.claret.cat\\\/es\\\/libro\\\/carlo-maria-martini-el-profeta-del-dialogo-9788429320541\\\/#breadcrumblist\"},\"image\":{\"@type\":\"ImageObject\",\"url\":\"https:\\\/\\\/www.claret.cat\\\/wp-content\\\/uploads\\\/.\\\/9788429320541-3.jpg\",\"@id\":\"https:\\\/\\\/www.claret.cat\\\/es\\\/libro\\\/carlo-maria-martini-el-profeta-del-dialogo-9788429320541\\\/#mainImage\",\"width\":175,\"height\":287,\"caption\":\"9788429320541.jpg\"},\"primaryImageOfPage\":{\"@id\":\"https:\\\/\\\/www.claret.cat\\\/es\\\/libro\\\/carlo-maria-martini-el-profeta-del-dialogo-9788429320541\\\/#mainImage\"},\"datePublished\":\"2022-12-10T22:00:36+01:00\",\"dateModified\":\"2026-04-30T17:50:10+02:00\"},{\"@type\":\"Organization\",\"@id\":\"https:\\\/\\\/www.claret.cat\\\/es\\\/#organization\",\"name\":\"Llibreria Claret\",\"description\":\"Llibreria religiosa a Barcelona\",\"url\":\"https:\\\/\\\/www.claret.cat\\\/es\\\/\",\"email\":\"comunicacio@claret.cat\",\"telephone\":\"+34933010887\",\"logo\":{\"@type\":\"ImageObject\",\"url\":\"https:\\\/\\\/www.claret.cat\\\/wp-content\\\/uploads\\\/.\\\/logo-claret-es.png\",\"@id\":\"https:\\\/\\\/www.claret.cat\\\/es\\\/libro\\\/carlo-maria-martini-el-profeta-del-dialogo-9788429320541\\\/#organizationLogo\",\"width\":195,\"height\":79},\"image\":{\"@id\":\"https:\\\/\\\/www.claret.cat\\\/es\\\/libro\\\/carlo-maria-martini-el-profeta-del-dialogo-9788429320541\\\/#organizationLogo\"},\"sameAs\":[\"https:\\\/\\\/www.facebook.com\\\/LlibreriaClaret\",\"https:\\\/\\\/twitter.com\\\/LlibreriaClaret\",\"https:\\\/\\\/www.instagram.com\\\/llibreriaclaret\\\/\",\"https:\\\/\\\/www.tiktok.com\\\/@llibreriaclaret\",\"https:\\\/\\\/www.youtube.com\\\/@llibreriaclaret\",\"https:\\\/\\\/ca.wikipedia.org\\\/wiki\\\/Editorial_Claret\"]},{\"@type\":\"WebPage\",\"@id\":\"https:\\\/\\\/www.claret.cat\\\/es\\\/libro\\\/carlo-maria-martini-el-profeta-del-dialogo-9788429320541\\\/#webpage\",\"url\":\"https:\\\/\\\/www.claret.cat\\\/es\\\/libro\\\/carlo-maria-martini-el-profeta-del-dialogo-9788429320541\\\/\",\"name\":\"CARLO MARIA MARTINI. EL PROFETA DEL DI\\u00c1LOGO - TORNIELLI, ANDREA 9788429320541 | Llibreria Claret\",\"description\":\"CARLO MARIA MARTINI. EL PROFETA DEL DI\\u00c1LOGO de TORNIELLI, ANDREA disponible a\\\/en Llibreria Claret.\",\"inLanguage\":\"es-ES\",\"isPartOf\":{\"@id\":\"https:\\\/\\\/www.claret.cat\\\/es\\\/#website\"},\"breadcrumb\":{\"@id\":\"https:\\\/\\\/www.claret.cat\\\/es\\\/libro\\\/carlo-maria-martini-el-profeta-del-dialogo-9788429320541\\\/#breadcrumblist\"},\"image\":{\"@type\":\"ImageObject\",\"url\":\"https:\\\/\\\/www.claret.cat\\\/wp-content\\\/uploads\\\/.\\\/9788429320541-3.jpg\",\"@id\":\"https:\\\/\\\/www.claret.cat\\\/es\\\/libro\\\/carlo-maria-martini-el-profeta-del-dialogo-9788429320541\\\/#mainImage\",\"width\":175,\"height\":287,\"caption\":\"9788429320541.jpg\"},\"primaryImageOfPage\":{\"@id\":\"https:\\\/\\\/www.claret.cat\\\/es\\\/libro\\\/carlo-maria-martini-el-profeta-del-dialogo-9788429320541\\\/#mainImage\"},\"datePublished\":\"2022-12-10T22:00:36+01:00\",\"dateModified\":\"2026-04-30T17:50:10+02:00\"},{\"@type\":\"WebSite\",\"@id\":\"https:\\\/\\\/www.claret.cat\\\/es\\\/#website\",\"url\":\"https:\\\/\\\/www.claret.cat\\\/es\\\/\",\"name\":\"Llibreria Claret Barcelona\",\"alternateName\":\"Llibreria Claret\",\"description\":\"Llibreria religiosa a Barcelona\",\"inLanguage\":\"es-ES\",\"publisher\":{\"@id\":\"https:\\\/\\\/www.claret.cat\\\/es\\\/#organization\"}}]}\n\t\t<\/script>\n\t\t<!-- All in One SEO Pro -->\r\n\t\t<title>CARLO MARIA MARTINI. EL PROFETA DEL DI\u00c1LOGO - TORNIELLI, ANDREA 9788429320541 | Llibreria Claret<\/title>\n\n","aioseo_head_json":{"title":"CARLO MARIA MARTINI. EL PROFETA DEL DI\u00c1LOGO - TORNIELLI, ANDREA 9788429320541 | Llibreria Claret","description":"CARLO MARIA MARTINI. EL PROFETA DEL DI\u00c1LOGO de TORNIELLI, ANDREA disponible a\/en Llibreria Claret.","canonical_url":"https:\/\/www.claret.cat\/es\/libro\/carlo-maria-martini-el-profeta-del-dialogo-9788429320541\/","robots":"max-image-preview:large","keywords":"","webmasterTools":{"google-site-verification":"xVtlFxJ-TfkIu-D-lt7XeLobefg5EIQiXTuqcSf8Rf0","miscellaneous":""},"schema":{"@context":"https:\/\/schema.org","@graph":[{"@type":"BreadcrumbList","@id":"https:\/\/www.claret.cat\/es\/libro\/carlo-maria-martini-el-profeta-del-dialogo-9788429320541\/#breadcrumblist","itemListElement":[{"@type":"ListItem","@id":"https:\/\/www.claret.cat\/es\/#listItem","position":1,"name":"Home","item":"https:\/\/www.claret.cat\/es\/","nextItem":{"@type":"ListItem","@id":"https:\/\/www.claret.cat\/?page_id=16#listItem","name":"Botiga"}},{"@type":"ListItem","@id":"https:\/\/www.claret.cat\/?page_id=16#listItem","position":2,"name":"Botiga","item":"https:\/\/www.claret.cat\/?page_id=16","nextItem":{"@type":"ListItem","@id":"https:\/\/www.claret.cat\/categoria-producto\/cat\/#listItem","name":"CAT"},"previousItem":{"@type":"ListItem","@id":"https:\/\/www.claret.cat\/es\/#listItem","name":"Home"}},{"@type":"ListItem","@id":"https:\/\/www.claret.cat\/categoria-producto\/cat\/#listItem","position":3,"name":"CAT","item":"https:\/\/www.claret.cat\/categoria-producto\/cat\/","nextItem":{"@type":"ListItem","@id":"https:\/\/www.claret.cat\/categoria-producto\/cat\/5_altres\/#listItem","name":"Altres"},"previousItem":{"@type":"ListItem","@id":"https:\/\/www.claret.cat\/?page_id=16#listItem","name":"Botiga"}},{"@type":"ListItem","@id":"https:\/\/www.claret.cat\/categoria-producto\/cat\/5_altres\/#listItem","position":4,"name":"Altres","item":"https:\/\/www.claret.cat\/categoria-producto\/cat\/5_altres\/","nextItem":{"@type":"ListItem","@id":"https:\/\/www.claret.cat\/categoria-producto\/cat\/5_altres\/altres\/#listItem","name":"Altres"},"previousItem":{"@type":"ListItem","@id":"https:\/\/www.claret.cat\/categoria-producto\/cat\/#listItem","name":"CAT"}},{"@type":"ListItem","@id":"https:\/\/www.claret.cat\/categoria-producto\/cat\/5_altres\/altres\/#listItem","position":5,"name":"Altres","item":"https:\/\/www.claret.cat\/categoria-producto\/cat\/5_altres\/altres\/","nextItem":{"@type":"ListItem","@id":"https:\/\/www.claret.cat\/es\/libro\/carlo-maria-martini-el-profeta-del-dialogo-9788429320541\/#listItem","name":"CARLO MARIA MARTINI. EL PROFETA DEL DI\u00c1LOGO"},"previousItem":{"@type":"ListItem","@id":"https:\/\/www.claret.cat\/categoria-producto\/cat\/5_altres\/#listItem","name":"Altres"}},{"@type":"ListItem","@id":"https:\/\/www.claret.cat\/es\/libro\/carlo-maria-martini-el-profeta-del-dialogo-9788429320541\/#listItem","position":6,"name":"CARLO MARIA MARTINI. EL PROFETA DEL DI\u00c1LOGO","previousItem":{"@type":"ListItem","@id":"https:\/\/www.claret.cat\/categoria-producto\/cat\/5_altres\/altres\/#listItem","name":"Altres"}}]},{"@type":"ItemPage","@id":"https:\/\/www.claret.cat\/es\/libro\/carlo-maria-martini-el-profeta-del-dialogo-9788429320541\/#itempage","url":"https:\/\/www.claret.cat\/es\/libro\/carlo-maria-martini-el-profeta-del-dialogo-9788429320541\/","name":"CARLO MARIA MARTINI. EL PROFETA DEL DI\u00c1LOGO - TORNIELLI, ANDREA 9788429320541 | Llibreria Claret","description":"CARLO MARIA MARTINI. EL PROFETA DEL DI\u00c1LOGO de TORNIELLI, ANDREA disponible a\/en Llibreria Claret.","inLanguage":"es-ES","isPartOf":{"@id":"https:\/\/www.claret.cat\/es\/#website"},"breadcrumb":{"@id":"https:\/\/www.claret.cat\/es\/libro\/carlo-maria-martini-el-profeta-del-dialogo-9788429320541\/#breadcrumblist"},"image":{"@type":"ImageObject","url":"https:\/\/www.claret.cat\/wp-content\/uploads\/.\/9788429320541-3.jpg","@id":"https:\/\/www.claret.cat\/es\/libro\/carlo-maria-martini-el-profeta-del-dialogo-9788429320541\/#mainImage","width":175,"height":287,"caption":"9788429320541.jpg"},"primaryImageOfPage":{"@id":"https:\/\/www.claret.cat\/es\/libro\/carlo-maria-martini-el-profeta-del-dialogo-9788429320541\/#mainImage"},"datePublished":"2022-12-10T22:00:36+01:00","dateModified":"2026-04-30T17:50:10+02:00"},{"@type":"Organization","@id":"https:\/\/www.claret.cat\/es\/#organization","name":"Llibreria Claret","description":"Llibreria religiosa a Barcelona","url":"https:\/\/www.claret.cat\/es\/","email":"comunicacio@claret.cat","telephone":"+34933010887","logo":{"@type":"ImageObject","url":"https:\/\/www.claret.cat\/wp-content\/uploads\/.\/logo-claret-es.png","@id":"https:\/\/www.claret.cat\/es\/libro\/carlo-maria-martini-el-profeta-del-dialogo-9788429320541\/#organizationLogo","width":195,"height":79},"image":{"@id":"https:\/\/www.claret.cat\/es\/libro\/carlo-maria-martini-el-profeta-del-dialogo-9788429320541\/#organizationLogo"},"sameAs":["https:\/\/www.facebook.com\/LlibreriaClaret","https:\/\/twitter.com\/LlibreriaClaret","https:\/\/www.instagram.com\/llibreriaclaret\/","https:\/\/www.tiktok.com\/@llibreriaclaret","https:\/\/www.youtube.com\/@llibreriaclaret","https:\/\/ca.wikipedia.org\/wiki\/Editorial_Claret"]},{"@type":"WebPage","@id":"https:\/\/www.claret.cat\/es\/libro\/carlo-maria-martini-el-profeta-del-dialogo-9788429320541\/#webpage","url":"https:\/\/www.claret.cat\/es\/libro\/carlo-maria-martini-el-profeta-del-dialogo-9788429320541\/","name":"CARLO MARIA MARTINI. EL PROFETA DEL DI\u00c1LOGO - TORNIELLI, ANDREA 9788429320541 | Llibreria Claret","description":"CARLO MARIA MARTINI. EL PROFETA DEL DI\u00c1LOGO de TORNIELLI, ANDREA disponible a\/en Llibreria Claret.","inLanguage":"es-ES","isPartOf":{"@id":"https:\/\/www.claret.cat\/es\/#website"},"breadcrumb":{"@id":"https:\/\/www.claret.cat\/es\/libro\/carlo-maria-martini-el-profeta-del-dialogo-9788429320541\/#breadcrumblist"},"image":{"@type":"ImageObject","url":"https:\/\/www.claret.cat\/wp-content\/uploads\/.\/9788429320541-3.jpg","@id":"https:\/\/www.claret.cat\/es\/libro\/carlo-maria-martini-el-profeta-del-dialogo-9788429320541\/#mainImage","width":175,"height":287,"caption":"9788429320541.jpg"},"primaryImageOfPage":{"@id":"https:\/\/www.claret.cat\/es\/libro\/carlo-maria-martini-el-profeta-del-dialogo-9788429320541\/#mainImage"},"datePublished":"2022-12-10T22:00:36+01:00","dateModified":"2026-04-30T17:50:10+02:00"},{"@type":"WebSite","@id":"https:\/\/www.claret.cat\/es\/#website","url":"https:\/\/www.claret.cat\/es\/","name":"Llibreria Claret Barcelona","alternateName":"Llibreria Claret","description":"Llibreria religiosa a Barcelona","inLanguage":"es-ES","publisher":{"@id":"https:\/\/www.claret.cat\/es\/#organization"}}]},"og:locale":"es_ES","og:site_name":"Llibreria Claret - Llibreria religiosa a Barcelona","og:type":"article","og:title":"CARLO MARIA MARTINI. EL PROFETA DEL DI\u00c1LOGO - TORNIELLI, ANDREA 9788429320541 | Llibreria Claret","og:description":"CARLO MARIA MARTINI. EL PROFETA DEL DI\u00c1LOGO de TORNIELLI, ANDREA disponible a\/en Llibreria Claret.","og:url":"https:\/\/www.claret.cat\/es\/libro\/carlo-maria-martini-el-profeta-del-dialogo-9788429320541\/","og:image":"https:\/\/dev.claret.cat\/wp-content\/uploads\/logo-claret.svg","og:image:secure_url":"https:\/\/dev.claret.cat\/wp-content\/uploads\/logo-claret.svg","article:published_time":"2022-12-10T21:00:36+00:00","article:modified_time":"2026-04-30T15:50:10+00:00","article:publisher":"https:\/\/www.facebook.com\/LlibreriaClaret","twitter:card":"summary_large_image","twitter:site":"@LlibreriaClaret","twitter:title":"CARLO MARIA MARTINI. EL PROFETA DEL DI\u00c1LOGO - TORNIELLI, ANDREA 9788429320541 | Llibreria Claret","twitter:description":"CARLO MARIA MARTINI. EL PROFETA DEL DI\u00c1LOGO de TORNIELLI, ANDREA disponible a\/en Llibreria Claret.","twitter:image":"http:\/\/dev.claret.cat\/wp-content\/uploads\/logo-claret.svg"},"aioseo_meta_data":{"post_id":"291217","title":null,"description":null,"keywords":null,"keyphrases":null,"primary_term":null,"canonical_url":null,"og_title":null,"og_description":null,"og_object_type":"default","og_image_type":"default","og_image_url":null,"og_image_width":null,"og_image_height":null,"og_image_custom_url":null,"og_image_custom_fields":null,"og_video":null,"og_custom_url":null,"og_article_section":null,"og_article_tags":null,"twitter_use_og":false,"twitter_card":"default","twitter_image_type":"default","twitter_image_url":null,"twitter_image_custom_url":null,"twitter_image_custom_fields":null,"twitter_title":null,"twitter_description":null,"schema":{"blockGraphs":[],"customGraphs":[],"default":{"data":{"Article":[],"Course":[],"Dataset":[],"FAQPage":[],"Movie":[],"Person":[],"Product":[],"ProductReview":[],"Car":[],"Recipe":[],"Service":[],"SoftwareApplication":[],"WebPage":[]},"graphName":"","isEnabled":true},"graphs":[]},"schema_type":"default","schema_type_options":null,"pillar_content":false,"robots_default":true,"robots_noindex":false,"robots_noarchive":false,"robots_nosnippet":false,"robots_nofollow":false,"robots_noimageindex":false,"robots_noodp":false,"robots_notranslate":false,"robots_max_snippet":null,"robots_max_videopreview":null,"robots_max_imagepreview":"large","priority":null,"frequency":null,"local_seo":null,"seo_analyzer_scan_date":"2026-04-30 15:50:47","breadcrumb_settings":null,"limit_modified_date":false,"open_ai":null,"ai":null,"created":"2022-12-22 16:58:36","updated":"2026-04-30 15:50:47","focus_keyword":null,"additional_keywords":null,"truseo_locale":null},"aioseo_breadcrumb":"<div class=\"aioseo-breadcrumbs\"><span class=\"aioseo-breadcrumb\">\n\t<a href=\"https:\/\/www.claret.cat\/es\/\" title=\"Home\">Home<\/a>\n<\/span><span class=\"aioseo-breadcrumb-separator\">&raquo;<\/span><span class=\"aioseo-breadcrumb\">\n\t<a href=\"https:\/\/www.claret.cat\/?page_id=16\" title=\"Botiga\">Botiga<\/a>\n<\/span><span class=\"aioseo-breadcrumb-separator\">&raquo;<\/span><span class=\"aioseo-breadcrumb\">\n\t<a href=\"https:\/\/www.claret.cat\/categoria-producto\/cat\/\" title=\"CAT\">CAT<\/a>\n<\/span><span class=\"aioseo-breadcrumb-separator\">&raquo;<\/span><span class=\"aioseo-breadcrumb\">\n\t<a href=\"https:\/\/www.claret.cat\/categoria-producto\/cat\/5_altres\/\" title=\"Altres\">Altres<\/a>\n<\/span><span class=\"aioseo-breadcrumb-separator\">&raquo;<\/span><span class=\"aioseo-breadcrumb\">\n\t<a href=\"https:\/\/www.claret.cat\/categoria-producto\/cat\/5_altres\/altres\/\" title=\"Altres\">Altres<\/a>\n<\/span><span class=\"aioseo-breadcrumb-separator\">&raquo;<\/span><span class=\"aioseo-breadcrumb\">\n\tCARLO MARIA MARTINI. EL PROFETA DEL DI\u00c1LOGO\n<\/span><\/div>","aioseo_breadcrumb_json":[{"label":"Home","link":"https:\/\/www.claret.cat\/es\/"},{"label":"Botiga","link":"https:\/\/www.claret.cat\/?page_id=16"},{"label":"CAT","link":"https:\/\/www.claret.cat\/categoria-producto\/cat\/"},{"label":"Altres","link":"https:\/\/www.claret.cat\/categoria-producto\/cat\/5_altres\/"},{"label":"Altres","link":"https:\/\/www.claret.cat\/categoria-producto\/cat\/5_altres\/altres\/"},{"label":"CARLO MARIA MARTINI. EL PROFETA DEL DI\u00c1LOGO","link":"https:\/\/www.claret.cat\/es\/libro\/carlo-maria-martini-el-profeta-del-dialogo-9788429320541\/"}],"_links":{"self":[{"href":"https:\/\/www.claret.cat\/es\/wp-json\/wp\/v2\/product\/291217","targetHints":{"allow":["GET"]}}],"collection":[{"href":"https:\/\/www.claret.cat\/es\/wp-json\/wp\/v2\/product"}],"about":[{"href":"https:\/\/www.claret.cat\/es\/wp-json\/wp\/v2\/types\/product"}],"wp:featuredmedia":[{"embeddable":true,"href":"https:\/\/www.claret.cat\/es\/wp-json\/wp\/v2\/media\/341198"}],"wp:attachment":[{"href":"https:\/\/www.claret.cat\/es\/wp-json\/wp\/v2\/media?parent=291217"}],"wp:term":[{"taxonomy":"product_brand","embeddable":true,"href":"https:\/\/www.claret.cat\/es\/wp-json\/wp\/v2\/product_brand?post=291217"},{"taxonomy":"product_cat","embeddable":true,"href":"https:\/\/www.claret.cat\/es\/wp-json\/wp\/v2\/product_cat?post=291217"},{"taxonomy":"product_tag","embeddable":true,"href":"https:\/\/www.claret.cat\/es\/wp-json\/wp\/v2\/product_tag?post=291217"}],"curies":[{"name":"wp","href":"https:\/\/api.w.org\/{rel}","templated":true}]}}