{"id":291445,"date":"2022-12-10T23:35:52","date_gmt":"2022-12-10T22:35:52","guid":{"rendered":"http:\/\/dev.claret.cat\/llibre\/la-familia-a-la-luz-de-la-misericordia\/"},"modified":"2026-03-31T11:40:05","modified_gmt":"2026-03-31T09:40:05","slug":"la-familia-a-la-luz-de-la-misericordia-9788429324457","status":"publish","type":"product","link":"https:\/\/www.claret.cat\/es\/libro\/la-familia-a-la-luz-de-la-misericordia-9788429324457\/","title":{"rendered":"LA FAMILIA A LA LUZ DE LA MISERICORDIA"},"content":{"rendered":"<p>Por todas partes se respira un intenso deseo de familia, que intentamos escuchar con apertura y queremos favorecer. Este deseo de familia persiste a pesar de la complejidad de la problem\u00e1tica familiar en nuestro mundo y la gravedad de su situaci\u00f3n en muchos lugares.<\/p>\n<p>Ofrecemos una nueva mirada sobre la familia, con estas claves. No prescinde de la doctrina eclesial sobre el matrimonio y la familia. Sin embargo, incorpora una triple impostaci\u00f3n: la misericordia; la gradualidad de los procesos humanos y familiares; y el sentido pastoral, para evitar que la aplicaci\u00f3n indiscriminada de la doctrina genere situaciones que rechinen contra el sentido com\u00fan y el sentido del evangelio. Esta nueva impostaci\u00f3n exige una reflexi\u00f3n seria para ir moldeando los cauces, modos, caminos y razones que la conformen y sostengan.<\/p>\n<p>En definitiva, nos situamos como un p\u00e1rroco que mira con los ojos del buen pastor a su reba\u00f1o, que sufre y busca la felicidad. Este p\u00e1rroco, bien formado en teolog\u00eda sacramental y moral, en derecho can\u00f3nico y en pastoral, no mira a las personas concretas, con sus historias, sus b\u00fasquedas, sus errores y sus sufrimientos como un profesor que pontifica desde la c\u00e1tedra de modo abstracto sobre el ideal de la familia cristiana: la fidelidad, la indisolubilidad, la apertura a la vida, la sacramentalidad del matrimonio rato y consumado. Conoce toda la gama de grises en que discurre la vida de tantas personas, donde los ideales no deben impedir la bondad del paso modesto en l\u00ednea con el evangelio y la humanizaci\u00f3n que se puede dar, que conviene apoyar, sugerir en su caso, y bendecir siempre con afecto, apoyo y cercan\u00eda. <\/p>\n<p>GABINO UR\u00cdBARRI BILBAO, sj. Doctor en Teolog\u00eda y licenciado en Filosof\u00eda y Letras (secci\u00f3n Filosof\u00eda). Profesor ordinario del Departamento de Teolog\u00eda dogm\u00e1tica y fundamental de la Facultad de Teolog\u00eda de la Universidad Pontificia Comillas (Madrid) y miembro de la Comisi\u00f3n Teol\u00f3gica Internacional. Ha sido decano de la Facultad de Teolog\u00eda y la Facultad de Derecho Can\u00f3nico de la U. P. Comillas. Es autor, entre otras publicaciones, de La singular humanidad de Jesucristo (Madrid 2008) y coautor de El coraz\u00f3n de la fe. Breve explicaci\u00f3n del credo (2013).<\/p>\n<p>JOS\u00c9 MANUEL CAAMA\u00d1O L\u00d3PEZ. Doctor en Teolog\u00eda y M\u00e1ster en Bio\u00e9tica. Profesor propio de Teolog\u00eda moral en la Facultad de Teolog\u00eda de la U. P. Comillas y Director de la C\u00e1tedra de Ciencia, Tecnolog\u00eda y Religi\u00f3n.<\/p>\n<p>BERT DAELEMANS, sj. Ingeniero-arquitecto y doctor en Teolog\u00eda. Profesor colaborador asistente de Teolog\u00eda de los sacramentos y pneumatolog\u00eda en la Facultad de Teolog\u00eda de la U. P. Comillas de Madrid.<\/p>\n<p>PABLO GUERRERO RODR\u00cdGUEZ, sj. Licenciado en Teolog\u00eda, en Filosof\u00eda y en Psicolog\u00eda. Master of Arts in Marriage, Family and Child Counseling. Profesor de Teolog\u00eda pastoral en la Facultad de Teolog\u00eda de la U. P. Comillas.<\/p>\n<p>DIEGO MOLINA MOLINA, sj. Doctor en Teolog\u00eda y licenciado en Filolog\u00eda Cl\u00e1sica. Rector de la Facultad de Teolog\u00eda de Granada. Catedr\u00e1tico del Departamento de Teolog\u00eda dogm\u00e1tica de la Facultad de Teolog\u00eda de Granada. Profesor de Eclesiolog\u00eda e Historia de la Teolog\u00eda.<\/p>\n<p>CARMEN PE\u00d1A GARC\u00cdA. Doctora en Derecho can\u00f3nico y licenciada en Teolog\u00eda dogm\u00e1tica y fundamental y en Derecho. Profesora propia agregada de la Facultad de Derecho Can\u00f3nico de la U. P. Comillas, y Directora del Especialista en Causas Matrimoniales Can\u00f3nicas. Ha participado como experta en la Asamblea Extraordinaria del S\u00ednodo de la Familia de 2014.<\/p>\n<p>JAVIER DE LA TORRE. Doctor en Derecho y licenciado en Filosof\u00eda y en Teolog\u00eda moral. Es director de la C\u00e1tedra de Bio\u00e9tica y profesor de Moral de la persona en la Facultad de Teolog\u00eda de la U. P. Comillas.<\/p>\n","protected":false},"excerpt":{"rendered":"<p>UR\u00cdBARRI BILBAO, GABINO, SJ<\/p>\n","protected":false},"featured_media":1074366,"template":"","meta":{"_acf_changed":false,"om_disable_all_campaigns":false,"rs_blank_template":"","rs_page_bg_color":"","slide_template_v7":"","inline_featured_image":false,"_monsterinsights_skip_tracking":false},"product_brand":[],"product_cat":[90,540],"product_tag":[],"class_list":["post-291445","product","type-product","status-publish","has-post-thumbnail","product_cat-altres","product_cat-otros","first","outofstock","taxable","shipping-taxable","purchasable","product-type-simple"],"acf":{"editorial":[{"ID":6351,"post_author":"3","post_date":"2022-07-28 17:50:19","post_date_gmt":"2022-07-28 15:50:19","post_content":"","post_title":"Sal Terrae","post_excerpt":"","post_status":"publish","comment_status":"closed","ping_status":"closed","post_password":"","post_name":"sal-terrae","to_ping":"","pinged":"","post_modified":"2022-07-28 17:50:19","post_modified_gmt":"2022-07-28 15:50:19","post_content_filtered":"","post_parent":0,"guid":"http:\/\/dev.claret.cat\/editorial\/sal-terrae\/","menu_order":0,"post_type":"editorial","post_mime_type":"","comment_count":"0","filter":"raw"}],"autores-libros":[{"ID":156502,"post_author":"3","post_date":"2022-10-14 15:21:19","post_date_gmt":"2022-10-14 13:21:19","post_content":"","post_title":"GABINO URIBARRI BILBAO, SJ (ED.)","post_excerpt":"","post_status":"publish","comment_status":"closed","ping_status":"closed","post_password":"","post_name":"gabino-uribarri-bilbao-sj-ed","to_ping":"","pinged":"","post_modified":"2022-10-14 15:21:19","post_modified_gmt":"2022-10-14 13:21:19","post_content_filtered":"","post_parent":0,"guid":"http:\/\/dev.claret.cat\/autor\/gabino-uribarri-bilbao-sj-ed\/","menu_order":0,"post_type":"autor","post_mime_type":"","comment_count":"0","filter":"raw"}],"autor":"UR\u00cdBARRI BILBAO, GABINO, SJ","codart":"842932445","libros-coleccion":"","ediciones":"2","encuadernacion":"R\u00fastica","fecha_de_publicacion":"08\/02\/2016","novedad":"0","paginas":"256","subtitulo":"","orden":"999","portada":"0","idioma":"spa","booktrailer":"","resenas":""},"aioseo_notices":[],"aioseo_head":"\n\t\t<!-- All in One SEO Pro 5.0.1.1 - aioseo.com -->\n\t<meta name=\"description\" content=\"LA FAMILIA A LA LUZ DE LA MISERICORDIA de UR\u00cdBARRI BILBAO, GABINO, SJ disponible a\/en Llibreria Claret.\" \/>\n\t<meta name=\"robots\" content=\"max-image-preview:large\" \/>\n\t<meta name=\"google-site-verification\" content=\"xVtlFxJ-TfkIu-D-lt7XeLobefg5EIQiXTuqcSf8Rf0\" \/>\n\t<link rel=\"canonical\" href=\"https:\/\/www.claret.cat\/es\/libro\/la-familia-a-la-luz-de-la-misericordia-9788429324457\/\" \/>\n\t<meta name=\"generator\" content=\"All in One SEO Pro (AIOSEO) 5.0.1.1\" \/>\n\t\t<meta property=\"og:locale\" content=\"es_ES\" \/>\n\t\t<meta property=\"og:site_name\" content=\"Llibreria Claret - Llibreria religiosa a Barcelona\" \/>\n\t\t<meta property=\"og:type\" content=\"article\" \/>\n\t\t<meta property=\"og:title\" content=\"LA FAMILIA A LA LUZ DE LA MISERICORDIA - UR\u00cdBARRI BILBAO, GABINO, SJ 9788429324457 | Llibreria Claret\" \/>\n\t\t<meta property=\"og:description\" content=\"LA FAMILIA A LA LUZ DE LA MISERICORDIA de UR\u00cdBARRI BILBAO, GABINO, SJ disponible a\/en Llibreria Claret.\" \/>\n\t\t<meta property=\"og:url\" content=\"https:\/\/www.claret.cat\/es\/libro\/la-familia-a-la-luz-de-la-misericordia-9788429324457\/\" \/>\n\t\t<meta property=\"og:image\" content=\"https:\/\/dev.claret.cat\/wp-content\/uploads\/logo-claret.svg\" \/>\n\t\t<meta property=\"og:image:secure_url\" content=\"https:\/\/dev.claret.cat\/wp-content\/uploads\/logo-claret.svg\" \/>\n\t\t<meta property=\"article:published_time\" content=\"2022-12-10T22:35:52+00:00\" \/>\n\t\t<meta property=\"article:modified_time\" content=\"2026-03-31T09:40:05+00:00\" \/>\n\t\t<meta property=\"article:publisher\" content=\"https:\/\/www.facebook.com\/LlibreriaClaret\" \/>\n\t\t<meta name=\"twitter:card\" content=\"summary_large_image\" \/>\n\t\t<meta name=\"twitter:site\" content=\"@LlibreriaClaret\" \/>\n\t\t<meta name=\"twitter:title\" content=\"LA FAMILIA A LA LUZ DE LA MISERICORDIA - UR\u00cdBARRI BILBAO, GABINO, SJ 9788429324457 | Llibreria Claret\" \/>\n\t\t<meta name=\"twitter:description\" content=\"LA FAMILIA A LA LUZ DE LA MISERICORDIA de UR\u00cdBARRI BILBAO, GABINO, SJ disponible a\/en Llibreria Claret.\" \/>\n\t\t<meta name=\"twitter:image\" content=\"http:\/\/dev.claret.cat\/wp-content\/uploads\/logo-claret.svg\" \/>\n\t\t<script type=\"application\/ld+json\" class=\"aioseo-schema\">\n\t\t\t{\"@context\":\"https:\\\/\\\/schema.org\",\"@graph\":[{\"@type\":\"BreadcrumbList\",\"@id\":\"https:\\\/\\\/www.claret.cat\\\/es\\\/libro\\\/la-familia-a-la-luz-de-la-misericordia-9788429324457\\\/#breadcrumblist\",\"itemListElement\":[{\"@type\":\"ListItem\",\"@id\":\"https:\\\/\\\/www.claret.cat\\\/es\\\/#listItem\",\"position\":1,\"name\":\"Home\",\"item\":\"https:\\\/\\\/www.claret.cat\\\/es\\\/\",\"nextItem\":{\"@type\":\"ListItem\",\"@id\":\"https:\\\/\\\/www.claret.cat\\\/?page_id=16#listItem\",\"name\":\"Botiga\"}},{\"@type\":\"ListItem\",\"@id\":\"https:\\\/\\\/www.claret.cat\\\/?page_id=16#listItem\",\"position\":2,\"name\":\"Botiga\",\"item\":\"https:\\\/\\\/www.claret.cat\\\/?page_id=16\",\"nextItem\":{\"@type\":\"ListItem\",\"@id\":\"https:\\\/\\\/www.claret.cat\\\/categoria-producto\\\/cat\\\/#listItem\",\"name\":\"CAT\"},\"previousItem\":{\"@type\":\"ListItem\",\"@id\":\"https:\\\/\\\/www.claret.cat\\\/es\\\/#listItem\",\"name\":\"Home\"}},{\"@type\":\"ListItem\",\"@id\":\"https:\\\/\\\/www.claret.cat\\\/categoria-producto\\\/cat\\\/#listItem\",\"position\":3,\"name\":\"CAT\",\"item\":\"https:\\\/\\\/www.claret.cat\\\/categoria-producto\\\/cat\\\/\",\"nextItem\":{\"@type\":\"ListItem\",\"@id\":\"https:\\\/\\\/www.claret.cat\\\/categoria-producto\\\/cat\\\/5_altres\\\/#listItem\",\"name\":\"Altres\"},\"previousItem\":{\"@type\":\"ListItem\",\"@id\":\"https:\\\/\\\/www.claret.cat\\\/?page_id=16#listItem\",\"name\":\"Botiga\"}},{\"@type\":\"ListItem\",\"@id\":\"https:\\\/\\\/www.claret.cat\\\/categoria-producto\\\/cat\\\/5_altres\\\/#listItem\",\"position\":4,\"name\":\"Altres\",\"item\":\"https:\\\/\\\/www.claret.cat\\\/categoria-producto\\\/cat\\\/5_altres\\\/\",\"nextItem\":{\"@type\":\"ListItem\",\"@id\":\"https:\\\/\\\/www.claret.cat\\\/categoria-producto\\\/cat\\\/5_altres\\\/altres\\\/#listItem\",\"name\":\"Altres\"},\"previousItem\":{\"@type\":\"ListItem\",\"@id\":\"https:\\\/\\\/www.claret.cat\\\/categoria-producto\\\/cat\\\/#listItem\",\"name\":\"CAT\"}},{\"@type\":\"ListItem\",\"@id\":\"https:\\\/\\\/www.claret.cat\\\/categoria-producto\\\/cat\\\/5_altres\\\/altres\\\/#listItem\",\"position\":5,\"name\":\"Altres\",\"item\":\"https:\\\/\\\/www.claret.cat\\\/categoria-producto\\\/cat\\\/5_altres\\\/altres\\\/\",\"nextItem\":{\"@type\":\"ListItem\",\"@id\":\"https:\\\/\\\/www.claret.cat\\\/es\\\/libro\\\/la-familia-a-la-luz-de-la-misericordia-9788429324457\\\/#listItem\",\"name\":\"LA FAMILIA A LA LUZ DE LA MISERICORDIA\"},\"previousItem\":{\"@type\":\"ListItem\",\"@id\":\"https:\\\/\\\/www.claret.cat\\\/categoria-producto\\\/cat\\\/5_altres\\\/#listItem\",\"name\":\"Altres\"}},{\"@type\":\"ListItem\",\"@id\":\"https:\\\/\\\/www.claret.cat\\\/es\\\/libro\\\/la-familia-a-la-luz-de-la-misericordia-9788429324457\\\/#listItem\",\"position\":6,\"name\":\"LA FAMILIA A LA LUZ DE LA MISERICORDIA\",\"previousItem\":{\"@type\":\"ListItem\",\"@id\":\"https:\\\/\\\/www.claret.cat\\\/categoria-producto\\\/cat\\\/5_altres\\\/altres\\\/#listItem\",\"name\":\"Altres\"}}]},{\"@type\":\"ItemPage\",\"@id\":\"https:\\\/\\\/www.claret.cat\\\/es\\\/libro\\\/la-familia-a-la-luz-de-la-misericordia-9788429324457\\\/#itempage\",\"url\":\"https:\\\/\\\/www.claret.cat\\\/es\\\/libro\\\/la-familia-a-la-luz-de-la-misericordia-9788429324457\\\/\",\"name\":\"LA FAMILIA A LA LUZ DE LA MISERICORDIA - UR\\u00cdBARRI BILBAO, GABINO, SJ 9788429324457 | Llibreria Claret\",\"description\":\"LA FAMILIA A LA LUZ DE LA MISERICORDIA de UR\\u00cdBARRI BILBAO, GABINO, SJ disponible a\\\/en Llibreria Claret.\",\"inLanguage\":\"es-ES\",\"isPartOf\":{\"@id\":\"https:\\\/\\\/www.claret.cat\\\/es\\\/#website\"},\"breadcrumb\":{\"@id\":\"https:\\\/\\\/www.claret.cat\\\/es\\\/libro\\\/la-familia-a-la-luz-de-la-misericordia-9788429324457\\\/#breadcrumblist\"},\"image\":{\"@type\":\"ImageObject\",\"url\":\"https:\\\/\\\/www.claret.cat\\\/wp-content\\\/uploads\\\/.\\\/9788429324457-4.jpg\",\"@id\":\"https:\\\/\\\/www.claret.cat\\\/es\\\/libro\\\/la-familia-a-la-luz-de-la-misericordia-9788429324457\\\/#mainImage\",\"width\":241,\"height\":350,\"caption\":\"9788429324457.jpg\"},\"primaryImageOfPage\":{\"@id\":\"https:\\\/\\\/www.claret.cat\\\/es\\\/libro\\\/la-familia-a-la-luz-de-la-misericordia-9788429324457\\\/#mainImage\"},\"datePublished\":\"2022-12-10T23:35:52+01:00\",\"dateModified\":\"2026-03-31T11:40:05+02:00\"},{\"@type\":\"Organization\",\"@id\":\"https:\\\/\\\/www.claret.cat\\\/es\\\/#organization\",\"name\":\"Llibreria Claret\",\"description\":\"Llibreria religiosa a Barcelona\",\"url\":\"https:\\\/\\\/www.claret.cat\\\/es\\\/\",\"email\":\"comunicacio@claret.cat\",\"telephone\":\"+34933010887\",\"logo\":{\"@type\":\"ImageObject\",\"url\":\"https:\\\/\\\/www.claret.cat\\\/wp-content\\\/uploads\\\/.\\\/logo-claret-es.png\",\"@id\":\"https:\\\/\\\/www.claret.cat\\\/es\\\/libro\\\/la-familia-a-la-luz-de-la-misericordia-9788429324457\\\/#organizationLogo\",\"width\":195,\"height\":79},\"image\":{\"@id\":\"https:\\\/\\\/www.claret.cat\\\/es\\\/libro\\\/la-familia-a-la-luz-de-la-misericordia-9788429324457\\\/#organizationLogo\"},\"sameAs\":[\"https:\\\/\\\/www.facebook.com\\\/LlibreriaClaret\",\"https:\\\/\\\/twitter.com\\\/LlibreriaClaret\",\"https:\\\/\\\/www.instagram.com\\\/llibreriaclaret\\\/\",\"https:\\\/\\\/www.tiktok.com\\\/@llibreriaclaret\",\"https:\\\/\\\/www.youtube.com\\\/@llibreriaclaret\",\"https:\\\/\\\/ca.wikipedia.org\\\/wiki\\\/Editorial_Claret\"]},{\"@type\":\"WebPage\",\"@id\":\"https:\\\/\\\/www.claret.cat\\\/es\\\/libro\\\/la-familia-a-la-luz-de-la-misericordia-9788429324457\\\/#webpage\",\"url\":\"https:\\\/\\\/www.claret.cat\\\/es\\\/libro\\\/la-familia-a-la-luz-de-la-misericordia-9788429324457\\\/\",\"name\":\"LA FAMILIA A LA LUZ DE LA MISERICORDIA - UR\\u00cdBARRI BILBAO, GABINO, SJ 9788429324457 | Llibreria Claret\",\"description\":\"LA FAMILIA A LA LUZ DE LA MISERICORDIA de UR\\u00cdBARRI BILBAO, GABINO, SJ disponible a\\\/en Llibreria Claret.\",\"inLanguage\":\"es-ES\",\"isPartOf\":{\"@id\":\"https:\\\/\\\/www.claret.cat\\\/es\\\/#website\"},\"breadcrumb\":{\"@id\":\"https:\\\/\\\/www.claret.cat\\\/es\\\/libro\\\/la-familia-a-la-luz-de-la-misericordia-9788429324457\\\/#breadcrumblist\"},\"image\":{\"@type\":\"ImageObject\",\"url\":\"https:\\\/\\\/www.claret.cat\\\/wp-content\\\/uploads\\\/.\\\/9788429324457-4.jpg\",\"@id\":\"https:\\\/\\\/www.claret.cat\\\/es\\\/libro\\\/la-familia-a-la-luz-de-la-misericordia-9788429324457\\\/#mainImage\",\"width\":241,\"height\":350,\"caption\":\"9788429324457.jpg\"},\"primaryImageOfPage\":{\"@id\":\"https:\\\/\\\/www.claret.cat\\\/es\\\/libro\\\/la-familia-a-la-luz-de-la-misericordia-9788429324457\\\/#mainImage\"},\"datePublished\":\"2022-12-10T23:35:52+01:00\",\"dateModified\":\"2026-03-31T11:40:05+02:00\"},{\"@type\":\"WebSite\",\"@id\":\"https:\\\/\\\/www.claret.cat\\\/es\\\/#website\",\"url\":\"https:\\\/\\\/www.claret.cat\\\/es\\\/\",\"name\":\"Llibreria Claret Barcelona\",\"alternateName\":\"Llibreria Claret\",\"description\":\"Llibreria religiosa a Barcelona\",\"inLanguage\":\"es-ES\",\"publisher\":{\"@id\":\"https:\\\/\\\/www.claret.cat\\\/es\\\/#organization\"}}]}\n\t\t<\/script>\n\t\t<!-- All in One SEO Pro -->\r\n\t\t<title>LA FAMILIA A LA LUZ DE LA MISERICORDIA - UR\u00cdBARRI BILBAO, GABINO, SJ 9788429324457 | Llibreria Claret<\/title>\n\n","aioseo_head_json":{"title":"LA FAMILIA A LA LUZ DE LA MISERICORDIA - UR\u00cdBARRI BILBAO, GABINO, SJ 9788429324457 | Llibreria Claret","description":"LA FAMILIA A LA LUZ DE LA MISERICORDIA de UR\u00cdBARRI BILBAO, GABINO, SJ disponible a\/en Llibreria Claret.","canonical_url":"https:\/\/www.claret.cat\/es\/libro\/la-familia-a-la-luz-de-la-misericordia-9788429324457\/","robots":"max-image-preview:large","keywords":"","webmasterTools":{"google-site-verification":"xVtlFxJ-TfkIu-D-lt7XeLobefg5EIQiXTuqcSf8Rf0","miscellaneous":""},"schema":{"@context":"https:\/\/schema.org","@graph":[{"@type":"BreadcrumbList","@id":"https:\/\/www.claret.cat\/es\/libro\/la-familia-a-la-luz-de-la-misericordia-9788429324457\/#breadcrumblist","itemListElement":[{"@type":"ListItem","@id":"https:\/\/www.claret.cat\/es\/#listItem","position":1,"name":"Home","item":"https:\/\/www.claret.cat\/es\/","nextItem":{"@type":"ListItem","@id":"https:\/\/www.claret.cat\/?page_id=16#listItem","name":"Botiga"}},{"@type":"ListItem","@id":"https:\/\/www.claret.cat\/?page_id=16#listItem","position":2,"name":"Botiga","item":"https:\/\/www.claret.cat\/?page_id=16","nextItem":{"@type":"ListItem","@id":"https:\/\/www.claret.cat\/categoria-producto\/cat\/#listItem","name":"CAT"},"previousItem":{"@type":"ListItem","@id":"https:\/\/www.claret.cat\/es\/#listItem","name":"Home"}},{"@type":"ListItem","@id":"https:\/\/www.claret.cat\/categoria-producto\/cat\/#listItem","position":3,"name":"CAT","item":"https:\/\/www.claret.cat\/categoria-producto\/cat\/","nextItem":{"@type":"ListItem","@id":"https:\/\/www.claret.cat\/categoria-producto\/cat\/5_altres\/#listItem","name":"Altres"},"previousItem":{"@type":"ListItem","@id":"https:\/\/www.claret.cat\/?page_id=16#listItem","name":"Botiga"}},{"@type":"ListItem","@id":"https:\/\/www.claret.cat\/categoria-producto\/cat\/5_altres\/#listItem","position":4,"name":"Altres","item":"https:\/\/www.claret.cat\/categoria-producto\/cat\/5_altres\/","nextItem":{"@type":"ListItem","@id":"https:\/\/www.claret.cat\/categoria-producto\/cat\/5_altres\/altres\/#listItem","name":"Altres"},"previousItem":{"@type":"ListItem","@id":"https:\/\/www.claret.cat\/categoria-producto\/cat\/#listItem","name":"CAT"}},{"@type":"ListItem","@id":"https:\/\/www.claret.cat\/categoria-producto\/cat\/5_altres\/altres\/#listItem","position":5,"name":"Altres","item":"https:\/\/www.claret.cat\/categoria-producto\/cat\/5_altres\/altres\/","nextItem":{"@type":"ListItem","@id":"https:\/\/www.claret.cat\/es\/libro\/la-familia-a-la-luz-de-la-misericordia-9788429324457\/#listItem","name":"LA FAMILIA A LA LUZ DE LA MISERICORDIA"},"previousItem":{"@type":"ListItem","@id":"https:\/\/www.claret.cat\/categoria-producto\/cat\/5_altres\/#listItem","name":"Altres"}},{"@type":"ListItem","@id":"https:\/\/www.claret.cat\/es\/libro\/la-familia-a-la-luz-de-la-misericordia-9788429324457\/#listItem","position":6,"name":"LA FAMILIA A LA LUZ DE LA MISERICORDIA","previousItem":{"@type":"ListItem","@id":"https:\/\/www.claret.cat\/categoria-producto\/cat\/5_altres\/altres\/#listItem","name":"Altres"}}]},{"@type":"ItemPage","@id":"https:\/\/www.claret.cat\/es\/libro\/la-familia-a-la-luz-de-la-misericordia-9788429324457\/#itempage","url":"https:\/\/www.claret.cat\/es\/libro\/la-familia-a-la-luz-de-la-misericordia-9788429324457\/","name":"LA FAMILIA A LA LUZ DE LA MISERICORDIA - UR\u00cdBARRI BILBAO, GABINO, SJ 9788429324457 | Llibreria Claret","description":"LA FAMILIA A LA LUZ DE LA MISERICORDIA de UR\u00cdBARRI BILBAO, GABINO, SJ disponible a\/en Llibreria Claret.","inLanguage":"es-ES","isPartOf":{"@id":"https:\/\/www.claret.cat\/es\/#website"},"breadcrumb":{"@id":"https:\/\/www.claret.cat\/es\/libro\/la-familia-a-la-luz-de-la-misericordia-9788429324457\/#breadcrumblist"},"image":{"@type":"ImageObject","url":"https:\/\/www.claret.cat\/wp-content\/uploads\/.\/9788429324457-4.jpg","@id":"https:\/\/www.claret.cat\/es\/libro\/la-familia-a-la-luz-de-la-misericordia-9788429324457\/#mainImage","width":241,"height":350,"caption":"9788429324457.jpg"},"primaryImageOfPage":{"@id":"https:\/\/www.claret.cat\/es\/libro\/la-familia-a-la-luz-de-la-misericordia-9788429324457\/#mainImage"},"datePublished":"2022-12-10T23:35:52+01:00","dateModified":"2026-03-31T11:40:05+02:00"},{"@type":"Organization","@id":"https:\/\/www.claret.cat\/es\/#organization","name":"Llibreria Claret","description":"Llibreria religiosa a Barcelona","url":"https:\/\/www.claret.cat\/es\/","email":"comunicacio@claret.cat","telephone":"+34933010887","logo":{"@type":"ImageObject","url":"https:\/\/www.claret.cat\/wp-content\/uploads\/.\/logo-claret-es.png","@id":"https:\/\/www.claret.cat\/es\/libro\/la-familia-a-la-luz-de-la-misericordia-9788429324457\/#organizationLogo","width":195,"height":79},"image":{"@id":"https:\/\/www.claret.cat\/es\/libro\/la-familia-a-la-luz-de-la-misericordia-9788429324457\/#organizationLogo"},"sameAs":["https:\/\/www.facebook.com\/LlibreriaClaret","https:\/\/twitter.com\/LlibreriaClaret","https:\/\/www.instagram.com\/llibreriaclaret\/","https:\/\/www.tiktok.com\/@llibreriaclaret","https:\/\/www.youtube.com\/@llibreriaclaret","https:\/\/ca.wikipedia.org\/wiki\/Editorial_Claret"]},{"@type":"WebPage","@id":"https:\/\/www.claret.cat\/es\/libro\/la-familia-a-la-luz-de-la-misericordia-9788429324457\/#webpage","url":"https:\/\/www.claret.cat\/es\/libro\/la-familia-a-la-luz-de-la-misericordia-9788429324457\/","name":"LA FAMILIA A LA LUZ DE LA MISERICORDIA - UR\u00cdBARRI BILBAO, GABINO, SJ 9788429324457 | Llibreria Claret","description":"LA FAMILIA A LA LUZ DE LA MISERICORDIA de UR\u00cdBARRI BILBAO, GABINO, SJ disponible a\/en Llibreria Claret.","inLanguage":"es-ES","isPartOf":{"@id":"https:\/\/www.claret.cat\/es\/#website"},"breadcrumb":{"@id":"https:\/\/www.claret.cat\/es\/libro\/la-familia-a-la-luz-de-la-misericordia-9788429324457\/#breadcrumblist"},"image":{"@type":"ImageObject","url":"https:\/\/www.claret.cat\/wp-content\/uploads\/.\/9788429324457-4.jpg","@id":"https:\/\/www.claret.cat\/es\/libro\/la-familia-a-la-luz-de-la-misericordia-9788429324457\/#mainImage","width":241,"height":350,"caption":"9788429324457.jpg"},"primaryImageOfPage":{"@id":"https:\/\/www.claret.cat\/es\/libro\/la-familia-a-la-luz-de-la-misericordia-9788429324457\/#mainImage"},"datePublished":"2022-12-10T23:35:52+01:00","dateModified":"2026-03-31T11:40:05+02:00"},{"@type":"WebSite","@id":"https:\/\/www.claret.cat\/es\/#website","url":"https:\/\/www.claret.cat\/es\/","name":"Llibreria Claret Barcelona","alternateName":"Llibreria Claret","description":"Llibreria religiosa a Barcelona","inLanguage":"es-ES","publisher":{"@id":"https:\/\/www.claret.cat\/es\/#organization"}}]},"og:locale":"es_ES","og:site_name":"Llibreria Claret - Llibreria religiosa a Barcelona","og:type":"article","og:title":"LA FAMILIA A LA LUZ DE LA MISERICORDIA - UR\u00cdBARRI BILBAO, GABINO, SJ 9788429324457 | Llibreria Claret","og:description":"LA FAMILIA A LA LUZ DE LA MISERICORDIA de UR\u00cdBARRI BILBAO, GABINO, SJ disponible a\/en Llibreria Claret.","og:url":"https:\/\/www.claret.cat\/es\/libro\/la-familia-a-la-luz-de-la-misericordia-9788429324457\/","og:image":"https:\/\/dev.claret.cat\/wp-content\/uploads\/logo-claret.svg","og:image:secure_url":"https:\/\/dev.claret.cat\/wp-content\/uploads\/logo-claret.svg","article:published_time":"2022-12-10T22:35:52+00:00","article:modified_time":"2026-03-31T09:40:05+00:00","article:publisher":"https:\/\/www.facebook.com\/LlibreriaClaret","twitter:card":"summary_large_image","twitter:site":"@LlibreriaClaret","twitter:title":"LA FAMILIA A LA LUZ DE LA MISERICORDIA - UR\u00cdBARRI BILBAO, GABINO, SJ 9788429324457 | Llibreria Claret","twitter:description":"LA FAMILIA A LA LUZ DE LA MISERICORDIA de UR\u00cdBARRI BILBAO, GABINO, SJ disponible a\/en Llibreria Claret.","twitter:image":"http:\/\/dev.claret.cat\/wp-content\/uploads\/logo-claret.svg"},"aioseo_meta_data":{"post_id":"291445","title":null,"description":null,"keywords":null,"keyphrases":null,"primary_term":null,"canonical_url":null,"og_title":null,"og_description":null,"og_object_type":"default","og_image_type":"default","og_image_url":null,"og_image_width":null,"og_image_height":null,"og_image_custom_url":null,"og_image_custom_fields":null,"og_video":null,"og_custom_url":null,"og_article_section":null,"og_article_tags":null,"twitter_use_og":false,"twitter_card":"default","twitter_image_type":"default","twitter_image_url":null,"twitter_image_custom_url":null,"twitter_image_custom_fields":null,"twitter_title":null,"twitter_description":null,"schema":{"blockGraphs":[],"customGraphs":[],"default":{"data":{"Article":[],"Course":[],"Dataset":[],"FAQPage":[],"Movie":[],"Person":[],"Product":[],"ProductReview":[],"Car":[],"Recipe":[],"Service":[],"SoftwareApplication":[],"WebPage":[]},"graphName":"","isEnabled":true},"graphs":[]},"schema_type":"default","schema_type_options":null,"pillar_content":false,"robots_default":true,"robots_noindex":false,"robots_noarchive":false,"robots_nosnippet":false,"robots_nofollow":false,"robots_noimageindex":false,"robots_noodp":false,"robots_notranslate":false,"robots_max_snippet":null,"robots_max_videopreview":null,"robots_max_imagepreview":"large","priority":null,"frequency":null,"local_seo":null,"seo_analyzer_scan_date":"2026-03-31 09:42:27","breadcrumb_settings":null,"limit_modified_date":false,"open_ai":null,"ai":null,"created":"2022-12-22 16:59:43","updated":"2026-03-31 09:42:27","focus_keyword":null,"additional_keywords":null,"truseo_locale":null},"aioseo_breadcrumb":"<div class=\"aioseo-breadcrumbs\"><span class=\"aioseo-breadcrumb\">\n\t<a href=\"https:\/\/www.claret.cat\/es\/\" title=\"Home\">Home<\/a>\n<\/span><span class=\"aioseo-breadcrumb-separator\">&raquo;<\/span><span class=\"aioseo-breadcrumb\">\n\t<a href=\"https:\/\/www.claret.cat\/?page_id=16\" title=\"Botiga\">Botiga<\/a>\n<\/span><span class=\"aioseo-breadcrumb-separator\">&raquo;<\/span><span class=\"aioseo-breadcrumb\">\n\t<a href=\"https:\/\/www.claret.cat\/categoria-producto\/cat\/\" title=\"CAT\">CAT<\/a>\n<\/span><span class=\"aioseo-breadcrumb-separator\">&raquo;<\/span><span class=\"aioseo-breadcrumb\">\n\t<a href=\"https:\/\/www.claret.cat\/categoria-producto\/cat\/5_altres\/\" title=\"Altres\">Altres<\/a>\n<\/span><span class=\"aioseo-breadcrumb-separator\">&raquo;<\/span><span class=\"aioseo-breadcrumb\">\n\t<a href=\"https:\/\/www.claret.cat\/categoria-producto\/cat\/5_altres\/altres\/\" title=\"Altres\">Altres<\/a>\n<\/span><span class=\"aioseo-breadcrumb-separator\">&raquo;<\/span><span class=\"aioseo-breadcrumb\">\n\tLA FAMILIA A LA LUZ DE LA MISERICORDIA\n<\/span><\/div>","aioseo_breadcrumb_json":[{"label":"Home","link":"https:\/\/www.claret.cat\/es\/"},{"label":"Botiga","link":"https:\/\/www.claret.cat\/?page_id=16"},{"label":"CAT","link":"https:\/\/www.claret.cat\/categoria-producto\/cat\/"},{"label":"Altres","link":"https:\/\/www.claret.cat\/categoria-producto\/cat\/5_altres\/"},{"label":"Altres","link":"https:\/\/www.claret.cat\/categoria-producto\/cat\/5_altres\/altres\/"},{"label":"LA FAMILIA A LA LUZ DE LA MISERICORDIA","link":"https:\/\/www.claret.cat\/es\/libro\/la-familia-a-la-luz-de-la-misericordia-9788429324457\/"}],"_links":{"self":[{"href":"https:\/\/www.claret.cat\/es\/wp-json\/wp\/v2\/product\/291445","targetHints":{"allow":["GET"]}}],"collection":[{"href":"https:\/\/www.claret.cat\/es\/wp-json\/wp\/v2\/product"}],"about":[{"href":"https:\/\/www.claret.cat\/es\/wp-json\/wp\/v2\/types\/product"}],"wp:featuredmedia":[{"embeddable":true,"href":"https:\/\/www.claret.cat\/es\/wp-json\/wp\/v2\/media\/1074366"}],"wp:attachment":[{"href":"https:\/\/www.claret.cat\/es\/wp-json\/wp\/v2\/media?parent=291445"}],"wp:term":[{"taxonomy":"product_brand","embeddable":true,"href":"https:\/\/www.claret.cat\/es\/wp-json\/wp\/v2\/product_brand?post=291445"},{"taxonomy":"product_cat","embeddable":true,"href":"https:\/\/www.claret.cat\/es\/wp-json\/wp\/v2\/product_cat?post=291445"},{"taxonomy":"product_tag","embeddable":true,"href":"https:\/\/www.claret.cat\/es\/wp-json\/wp\/v2\/product_tag?post=291445"}],"curies":[{"name":"wp","href":"https:\/\/api.w.org\/{rel}","templated":true}]}}