{"id":292636,"date":"2022-12-11T01:30:46","date_gmt":"2022-12-11T00:30:46","guid":{"rendered":"http:\/\/dev.claret.cat\/llibre\/dios-y-el-hombre-en-cristo\/"},"modified":"2024-05-24T07:06:27","modified_gmt":"2024-05-24T05:06:27","slug":"dios-y-el-hombre-en-cristo-9788430115952","status":"publish","type":"product","link":"https:\/\/www.claret.cat\/es\/libro\/dios-y-el-hombre-en-cristo-9788430115952\/","title":{"rendered":"DIOS Y EL HOMBRE EN CRISTO"},"content":{"rendered":"<p>Este libro se inscribe en esa larga serie de obras que rinden homenaje de amistad al profesor y colega que llega a una fecha significativa en su vida, acerc\u00e1ndonos el perfil rico y variado del investigador, sacerdote y te\u00f3logo Olegario Gonz\u00e1lez de Cardedal. \u00c9l ha tenido clara conciencia siempre de que su tarea era la Teolog\u00eda. Como te\u00f3logo, sabe bien que es un humilde indagador de los misterios de Dios; como te\u00f3logo cristiano, que el \u00fanico camino para acercarse de veras al Dios de la trascendencia es siempre el conocimiento de su Hijo Jesucristo; y como te\u00f3logo verdaderamente humano, que su acercamiento reflexivo a Dios tiene siempre una doble finalidad, la cual al fin es s\u00f3lo una: la gloria de Dios y la vida del hombre. A nadie, pues, extra\u00f1ar\u00e1 que los estudios de este homenaje hayan sido programados en torno al misterio de Dios, la presencia de su Hijo Jesucristo y el hombre necesitado de salvaci\u00f3n.<\/p>\n","protected":false},"excerpt":{"rendered":"<p>CORDOVILLA, \u00c1NGEL; CURA ELENA, SANTIAGO (dir) Y OTRO<\/p>\n","protected":false},"featured_media":341688,"template":"","meta":{"_acf_changed":false,"om_disable_all_campaigns":false,"rs_blank_template":"","rs_page_bg_color":"","slide_template_v7":"","inline_featured_image":false,"_monsterinsights_skip_tracking":false},"product_brand":[],"product_cat":[487,234,414,276,271,409,275,413],"product_tag":[],"class_list":["post-292636","product","type-product","status-publish","has-post-thumbnail","product_cat-cristocentrica-espiritualidad-1_espiritualidad","product_cat-cristocentrica","product_cat-cristologia-teologia-1_espiritualidad","product_cat-cristologia-teologia","product_cat-en-general","product_cat-en-general-pastoral-1_espiritualidad","product_cat-fonamental","product_cat-fundamental","first","instock","taxable","shipping-taxable","purchasable","product-type-simple"],"acf":{"autor":"CORDOVILLA, \u00c1NGEL; CURA ELENA, SANTIAGO (dir) Y OTRO","codart":"843011595","libros-coleccion":"El peso de los d\u00edas","ediciones":"1","encuadernacion":"Carton\u00e9","fecha_de_publicacion":"16\/03\/2006","novedad":"0","paginas":"680","subtitulo":"HOMENAJE A OLEGARIO GONZ\u00c1LEZ DE CARDEDAL","orden":"999","portada":"0","idioma":"spa","editorial":[{"ID":6364,"post_author":"3","post_date":"2022-07-28 17:50:36","post_date_gmt":"2022-07-28 15:50:36","post_content":"","post_title":"S\u00edgueme","post_excerpt":"","post_status":"publish","comment_status":"closed","ping_status":"closed","post_password":"","post_name":"sigueme","to_ping":"","pinged":"","post_modified":"2022-07-28 17:50:36","post_modified_gmt":"2022-07-28 15:50:36","post_content_filtered":"","post_parent":0,"guid":"http:\/\/dev.claret.cat\/editorial\/sigueme\/","menu_order":0,"post_type":"editorial","post_mime_type":"","comment_count":"0","filter":"raw"}],"autores-libros":[{"ID":292635,"post_author":"3","post_date":"2022-12-11 01:30:44","post_date_gmt":"2022-12-11 00:30:44","post_content":"","post_title":"SANTIAGO (dir) Y OTRO CURA ELENA","post_excerpt":"","post_status":"publish","comment_status":"closed","ping_status":"closed","post_password":"","post_name":"santiago-dir-y-otro-cura-elena","to_ping":"","pinged":"","post_modified":"2022-12-11 01:30:44","post_modified_gmt":"2022-12-11 00:30:44","post_content_filtered":"","post_parent":0,"guid":"http:\/\/dev.claret.cat\/autor\/santiago-dir-y-otro-cura-elena\/","menu_order":0,"post_type":"autor","post_mime_type":"","comment_count":"0","filter":"raw"},{"ID":150373,"post_author":"3","post_date":"2022-10-14 14:32:26","post_date_gmt":"2022-10-14 12:32:26","post_content":"","post_title":"\u00c1NGEL CORDOVILLA","post_excerpt":"","post_status":"publish","comment_status":"closed","ping_status":"closed","post_password":"","post_name":"angel-cordovilla","to_ping":"","pinged":"","post_modified":"2022-10-14 14:32:26","post_modified_gmt":"2022-10-14 12:32:26","post_content_filtered":"","post_parent":0,"guid":"http:\/\/dev.claret.cat\/autor\/angel-cordovilla\/","menu_order":0,"post_type":"autor","post_mime_type":"","comment_count":"0","filter":"raw"}]},"aioseo_notices":[],"aioseo_head":"\n\t\t<!-- All in One SEO Pro 5.0.1.1 - aioseo.com -->\n\t<meta name=\"description\" content=\"DIOS Y EL HOMBRE EN CRISTO de CORDOVILLA, \u00c1NGEL; CURA ELENA, SANTIAGO (dir) Y OTRO disponible a\/en Llibreria Claret.\" \/>\n\t<meta name=\"robots\" content=\"max-image-preview:large\" \/>\n\t<meta name=\"google-site-verification\" content=\"xVtlFxJ-TfkIu-D-lt7XeLobefg5EIQiXTuqcSf8Rf0\" \/>\n\t<link rel=\"canonical\" href=\"https:\/\/www.claret.cat\/es\/libro\/dios-y-el-hombre-en-cristo-9788430115952\/\" \/>\n\t<meta name=\"generator\" content=\"All in One SEO Pro (AIOSEO) 5.0.1.1\" \/>\n\t\t<meta property=\"og:locale\" content=\"es_ES\" \/>\n\t\t<meta property=\"og:site_name\" content=\"Llibreria Claret - Llibreria religiosa a Barcelona\" \/>\n\t\t<meta property=\"og:type\" content=\"article\" \/>\n\t\t<meta property=\"og:title\" content=\"DIOS Y EL HOMBRE EN CRISTO - CORDOVILLA, \u00c1NGEL; CURA ELENA, SANTIAGO (dir) Y OTRO 9788430115952 | Llibreria Claret\" \/>\n\t\t<meta property=\"og:description\" content=\"DIOS Y EL HOMBRE EN CRISTO de CORDOVILLA, \u00c1NGEL; CURA ELENA, SANTIAGO (dir) Y OTRO disponible a\/en Llibreria Claret.\" \/>\n\t\t<meta property=\"og:url\" content=\"https:\/\/www.claret.cat\/es\/libro\/dios-y-el-hombre-en-cristo-9788430115952\/\" \/>\n\t\t<meta property=\"og:image\" content=\"https:\/\/dev.claret.cat\/wp-content\/uploads\/logo-claret.svg\" \/>\n\t\t<meta property=\"og:image:secure_url\" content=\"https:\/\/dev.claret.cat\/wp-content\/uploads\/logo-claret.svg\" \/>\n\t\t<meta property=\"article:published_time\" content=\"2022-12-11T00:30:46+00:00\" \/>\n\t\t<meta property=\"article:modified_time\" content=\"2024-05-24T05:06:27+00:00\" \/>\n\t\t<meta property=\"article:publisher\" content=\"https:\/\/www.facebook.com\/LlibreriaClaret\" \/>\n\t\t<meta name=\"twitter:card\" content=\"summary_large_image\" \/>\n\t\t<meta name=\"twitter:site\" content=\"@LlibreriaClaret\" \/>\n\t\t<meta name=\"twitter:title\" content=\"DIOS Y EL HOMBRE EN CRISTO - CORDOVILLA, \u00c1NGEL; CURA ELENA, SANTIAGO (dir) Y OTRO 9788430115952 | Llibreria Claret\" \/>\n\t\t<meta name=\"twitter:description\" content=\"DIOS Y EL HOMBRE EN CRISTO de CORDOVILLA, \u00c1NGEL; CURA ELENA, SANTIAGO (dir) Y OTRO disponible a\/en Llibreria Claret.\" \/>\n\t\t<meta name=\"twitter:image\" content=\"http:\/\/dev.claret.cat\/wp-content\/uploads\/logo-claret.svg\" \/>\n\t\t<script type=\"application\/ld+json\" class=\"aioseo-schema\">\n\t\t\t{\"@context\":\"https:\\\/\\\/schema.org\",\"@graph\":[{\"@type\":\"BreadcrumbList\",\"@id\":\"https:\\\/\\\/www.claret.cat\\\/es\\\/libro\\\/dios-y-el-hombre-en-cristo-9788430115952\\\/#breadcrumblist\",\"itemListElement\":[{\"@type\":\"ListItem\",\"@id\":\"https:\\\/\\\/www.claret.cat\\\/es\\\/#listItem\",\"position\":1,\"name\":\"Home\",\"item\":\"https:\\\/\\\/www.claret.cat\\\/es\\\/\",\"nextItem\":{\"@type\":\"ListItem\",\"@id\":\"https:\\\/\\\/www.claret.cat\\\/?page_id=16#listItem\",\"name\":\"Botiga\"}},{\"@type\":\"ListItem\",\"@id\":\"https:\\\/\\\/www.claret.cat\\\/?page_id=16#listItem\",\"position\":2,\"name\":\"Botiga\",\"item\":\"https:\\\/\\\/www.claret.cat\\\/?page_id=16\",\"nextItem\":{\"@type\":\"ListItem\",\"@id\":\"https:\\\/\\\/www.claret.cat\\\/categoria-producto\\\/cat\\\/#listItem\",\"name\":\"CAT\"},\"previousItem\":{\"@type\":\"ListItem\",\"@id\":\"https:\\\/\\\/www.claret.cat\\\/es\\\/#listItem\",\"name\":\"Home\"}},{\"@type\":\"ListItem\",\"@id\":\"https:\\\/\\\/www.claret.cat\\\/categoria-producto\\\/cat\\\/#listItem\",\"position\":3,\"name\":\"CAT\",\"item\":\"https:\\\/\\\/www.claret.cat\\\/categoria-producto\\\/cat\\\/\",\"nextItem\":{\"@type\":\"ListItem\",\"@id\":\"https:\\\/\\\/www.claret.cat\\\/categoria-producto\\\/cat\\\/1_espiritualitat\\\/#listItem\",\"name\":\"Espiritualitat\"},\"previousItem\":{\"@type\":\"ListItem\",\"@id\":\"https:\\\/\\\/www.claret.cat\\\/?page_id=16#listItem\",\"name\":\"Botiga\"}},{\"@type\":\"ListItem\",\"@id\":\"https:\\\/\\\/www.claret.cat\\\/categoria-producto\\\/cat\\\/1_espiritualitat\\\/#listItem\",\"position\":4,\"name\":\"Espiritualitat\",\"item\":\"https:\\\/\\\/www.claret.cat\\\/categoria-producto\\\/cat\\\/1_espiritualitat\\\/\",\"nextItem\":{\"@type\":\"ListItem\",\"@id\":\"https:\\\/\\\/www.claret.cat\\\/categoria-producto\\\/cat\\\/1_espiritualitat\\\/espiritualitat\\\/#listItem\",\"name\":\"Espiritualitat\"},\"previousItem\":{\"@type\":\"ListItem\",\"@id\":\"https:\\\/\\\/www.claret.cat\\\/categoria-producto\\\/cat\\\/#listItem\",\"name\":\"CAT\"}},{\"@type\":\"ListItem\",\"@id\":\"https:\\\/\\\/www.claret.cat\\\/categoria-producto\\\/cat\\\/1_espiritualitat\\\/espiritualitat\\\/#listItem\",\"position\":5,\"name\":\"Espiritualitat\",\"item\":\"https:\\\/\\\/www.claret.cat\\\/categoria-producto\\\/cat\\\/1_espiritualitat\\\/espiritualitat\\\/\",\"nextItem\":{\"@type\":\"ListItem\",\"@id\":\"https:\\\/\\\/www.claret.cat\\\/categoria-producto\\\/cat\\\/1_espiritualitat\\\/espiritualitat\\\/cristocentrica\\\/#listItem\",\"name\":\"Cristoc\\u00e9ntrica\"},\"previousItem\":{\"@type\":\"ListItem\",\"@id\":\"https:\\\/\\\/www.claret.cat\\\/categoria-producto\\\/cat\\\/1_espiritualitat\\\/#listItem\",\"name\":\"Espiritualitat\"}},{\"@type\":\"ListItem\",\"@id\":\"https:\\\/\\\/www.claret.cat\\\/categoria-producto\\\/cat\\\/1_espiritualitat\\\/espiritualitat\\\/cristocentrica\\\/#listItem\",\"position\":6,\"name\":\"Cristoc\\u00e9ntrica\",\"item\":\"https:\\\/\\\/www.claret.cat\\\/categoria-producto\\\/cat\\\/1_espiritualitat\\\/espiritualitat\\\/cristocentrica\\\/\",\"nextItem\":{\"@type\":\"ListItem\",\"@id\":\"https:\\\/\\\/www.claret.cat\\\/es\\\/libro\\\/dios-y-el-hombre-en-cristo-9788430115952\\\/#listItem\",\"name\":\"DIOS Y EL HOMBRE EN CRISTO\"},\"previousItem\":{\"@type\":\"ListItem\",\"@id\":\"https:\\\/\\\/www.claret.cat\\\/categoria-producto\\\/cat\\\/1_espiritualitat\\\/espiritualitat\\\/#listItem\",\"name\":\"Espiritualitat\"}},{\"@type\":\"ListItem\",\"@id\":\"https:\\\/\\\/www.claret.cat\\\/es\\\/libro\\\/dios-y-el-hombre-en-cristo-9788430115952\\\/#listItem\",\"position\":7,\"name\":\"DIOS Y EL HOMBRE EN CRISTO\",\"previousItem\":{\"@type\":\"ListItem\",\"@id\":\"https:\\\/\\\/www.claret.cat\\\/categoria-producto\\\/cat\\\/1_espiritualitat\\\/espiritualitat\\\/cristocentrica\\\/#listItem\",\"name\":\"Cristoc\\u00e9ntrica\"}}]},{\"@type\":\"ItemPage\",\"@id\":\"https:\\\/\\\/www.claret.cat\\\/es\\\/libro\\\/dios-y-el-hombre-en-cristo-9788430115952\\\/#itempage\",\"url\":\"https:\\\/\\\/www.claret.cat\\\/es\\\/libro\\\/dios-y-el-hombre-en-cristo-9788430115952\\\/\",\"name\":\"DIOS Y EL HOMBRE EN CRISTO - CORDOVILLA, \\u00c1NGEL; CURA ELENA, SANTIAGO (dir) Y OTRO 9788430115952 | Llibreria Claret\",\"description\":\"DIOS Y EL HOMBRE EN CRISTO de CORDOVILLA, \\u00c1NGEL; CURA ELENA, SANTIAGO (dir) Y OTRO disponible a\\\/en Llibreria Claret.\",\"inLanguage\":\"es-ES\",\"isPartOf\":{\"@id\":\"https:\\\/\\\/www.claret.cat\\\/es\\\/#website\"},\"breadcrumb\":{\"@id\":\"https:\\\/\\\/www.claret.cat\\\/es\\\/libro\\\/dios-y-el-hombre-en-cristo-9788430115952\\\/#breadcrumblist\"},\"image\":{\"@type\":\"ImageObject\",\"url\":\"https:\\\/\\\/www.claret.cat\\\/wp-content\\\/uploads\\\/.\\\/9788430115952-1.jpg\",\"@id\":\"https:\\\/\\\/www.claret.cat\\\/es\\\/libro\\\/dios-y-el-hombre-en-cristo-9788430115952\\\/#mainImage\",\"width\":225,\"height\":343,\"caption\":\"9788430115952.jpg\"},\"primaryImageOfPage\":{\"@id\":\"https:\\\/\\\/www.claret.cat\\\/es\\\/libro\\\/dios-y-el-hombre-en-cristo-9788430115952\\\/#mainImage\"},\"datePublished\":\"2022-12-11T01:30:46+01:00\",\"dateModified\":\"2024-05-24T07:06:27+02:00\"},{\"@type\":\"Organization\",\"@id\":\"https:\\\/\\\/www.claret.cat\\\/es\\\/#organization\",\"name\":\"Llibreria Claret\",\"description\":\"Llibreria religiosa a Barcelona\",\"url\":\"https:\\\/\\\/www.claret.cat\\\/es\\\/\",\"email\":\"comunicacio@claret.cat\",\"telephone\":\"+34933010887\",\"logo\":{\"@type\":\"ImageObject\",\"url\":\"https:\\\/\\\/www.claret.cat\\\/wp-content\\\/uploads\\\/.\\\/logo-claret-es.png\",\"@id\":\"https:\\\/\\\/www.claret.cat\\\/es\\\/libro\\\/dios-y-el-hombre-en-cristo-9788430115952\\\/#organizationLogo\",\"width\":195,\"height\":79},\"image\":{\"@id\":\"https:\\\/\\\/www.claret.cat\\\/es\\\/libro\\\/dios-y-el-hombre-en-cristo-9788430115952\\\/#organizationLogo\"},\"sameAs\":[\"https:\\\/\\\/www.facebook.com\\\/LlibreriaClaret\",\"https:\\\/\\\/twitter.com\\\/LlibreriaClaret\",\"https:\\\/\\\/www.instagram.com\\\/llibreriaclaret\\\/\",\"https:\\\/\\\/www.tiktok.com\\\/@llibreriaclaret\",\"https:\\\/\\\/www.youtube.com\\\/@llibreriaclaret\",\"https:\\\/\\\/ca.wikipedia.org\\\/wiki\\\/Editorial_Claret\"]},{\"@type\":\"WebPage\",\"@id\":\"https:\\\/\\\/www.claret.cat\\\/es\\\/libro\\\/dios-y-el-hombre-en-cristo-9788430115952\\\/#webpage\",\"url\":\"https:\\\/\\\/www.claret.cat\\\/es\\\/libro\\\/dios-y-el-hombre-en-cristo-9788430115952\\\/\",\"name\":\"DIOS Y EL HOMBRE EN CRISTO - CORDOVILLA, \\u00c1NGEL; CURA ELENA, SANTIAGO (dir) Y OTRO 9788430115952 | Llibreria Claret\",\"description\":\"DIOS Y EL HOMBRE EN CRISTO de CORDOVILLA, \\u00c1NGEL; CURA ELENA, SANTIAGO (dir) Y OTRO disponible a\\\/en Llibreria Claret.\",\"inLanguage\":\"es-ES\",\"isPartOf\":{\"@id\":\"https:\\\/\\\/www.claret.cat\\\/es\\\/#website\"},\"breadcrumb\":{\"@id\":\"https:\\\/\\\/www.claret.cat\\\/es\\\/libro\\\/dios-y-el-hombre-en-cristo-9788430115952\\\/#breadcrumblist\"},\"image\":{\"@type\":\"ImageObject\",\"url\":\"https:\\\/\\\/www.claret.cat\\\/wp-content\\\/uploads\\\/.\\\/9788430115952-1.jpg\",\"@id\":\"https:\\\/\\\/www.claret.cat\\\/es\\\/libro\\\/dios-y-el-hombre-en-cristo-9788430115952\\\/#mainImage\",\"width\":225,\"height\":343,\"caption\":\"9788430115952.jpg\"},\"primaryImageOfPage\":{\"@id\":\"https:\\\/\\\/www.claret.cat\\\/es\\\/libro\\\/dios-y-el-hombre-en-cristo-9788430115952\\\/#mainImage\"},\"datePublished\":\"2022-12-11T01:30:46+01:00\",\"dateModified\":\"2024-05-24T07:06:27+02:00\"},{\"@type\":\"WebSite\",\"@id\":\"https:\\\/\\\/www.claret.cat\\\/es\\\/#website\",\"url\":\"https:\\\/\\\/www.claret.cat\\\/es\\\/\",\"name\":\"Llibreria Claret Barcelona\",\"alternateName\":\"Llibreria Claret\",\"description\":\"Llibreria religiosa a Barcelona\",\"inLanguage\":\"es-ES\",\"publisher\":{\"@id\":\"https:\\\/\\\/www.claret.cat\\\/es\\\/#organization\"}}]}\n\t\t<\/script>\n\t\t<!-- All in One SEO Pro -->\r\n\t\t<title>DIOS Y EL HOMBRE EN CRISTO - CORDOVILLA, \u00c1NGEL; CURA ELENA, SANTIAGO (dir) Y OTRO 9788430115952 | Llibreria Claret<\/title>\n\n","aioseo_head_json":{"title":"DIOS Y EL HOMBRE EN CRISTO - CORDOVILLA, \u00c1NGEL; CURA ELENA, SANTIAGO (dir) Y OTRO 9788430115952 | Llibreria Claret","description":"DIOS Y EL HOMBRE EN CRISTO de CORDOVILLA, \u00c1NGEL; CURA ELENA, SANTIAGO (dir) Y OTRO disponible a\/en Llibreria Claret.","canonical_url":"https:\/\/www.claret.cat\/es\/libro\/dios-y-el-hombre-en-cristo-9788430115952\/","robots":"max-image-preview:large","keywords":"","webmasterTools":{"google-site-verification":"xVtlFxJ-TfkIu-D-lt7XeLobefg5EIQiXTuqcSf8Rf0","miscellaneous":""},"schema":{"@context":"https:\/\/schema.org","@graph":[{"@type":"BreadcrumbList","@id":"https:\/\/www.claret.cat\/es\/libro\/dios-y-el-hombre-en-cristo-9788430115952\/#breadcrumblist","itemListElement":[{"@type":"ListItem","@id":"https:\/\/www.claret.cat\/es\/#listItem","position":1,"name":"Home","item":"https:\/\/www.claret.cat\/es\/","nextItem":{"@type":"ListItem","@id":"https:\/\/www.claret.cat\/?page_id=16#listItem","name":"Botiga"}},{"@type":"ListItem","@id":"https:\/\/www.claret.cat\/?page_id=16#listItem","position":2,"name":"Botiga","item":"https:\/\/www.claret.cat\/?page_id=16","nextItem":{"@type":"ListItem","@id":"https:\/\/www.claret.cat\/categoria-producto\/cat\/#listItem","name":"CAT"},"previousItem":{"@type":"ListItem","@id":"https:\/\/www.claret.cat\/es\/#listItem","name":"Home"}},{"@type":"ListItem","@id":"https:\/\/www.claret.cat\/categoria-producto\/cat\/#listItem","position":3,"name":"CAT","item":"https:\/\/www.claret.cat\/categoria-producto\/cat\/","nextItem":{"@type":"ListItem","@id":"https:\/\/www.claret.cat\/categoria-producto\/cat\/1_espiritualitat\/#listItem","name":"Espiritualitat"},"previousItem":{"@type":"ListItem","@id":"https:\/\/www.claret.cat\/?page_id=16#listItem","name":"Botiga"}},{"@type":"ListItem","@id":"https:\/\/www.claret.cat\/categoria-producto\/cat\/1_espiritualitat\/#listItem","position":4,"name":"Espiritualitat","item":"https:\/\/www.claret.cat\/categoria-producto\/cat\/1_espiritualitat\/","nextItem":{"@type":"ListItem","@id":"https:\/\/www.claret.cat\/categoria-producto\/cat\/1_espiritualitat\/espiritualitat\/#listItem","name":"Espiritualitat"},"previousItem":{"@type":"ListItem","@id":"https:\/\/www.claret.cat\/categoria-producto\/cat\/#listItem","name":"CAT"}},{"@type":"ListItem","@id":"https:\/\/www.claret.cat\/categoria-producto\/cat\/1_espiritualitat\/espiritualitat\/#listItem","position":5,"name":"Espiritualitat","item":"https:\/\/www.claret.cat\/categoria-producto\/cat\/1_espiritualitat\/espiritualitat\/","nextItem":{"@type":"ListItem","@id":"https:\/\/www.claret.cat\/categoria-producto\/cat\/1_espiritualitat\/espiritualitat\/cristocentrica\/#listItem","name":"Cristoc\u00e9ntrica"},"previousItem":{"@type":"ListItem","@id":"https:\/\/www.claret.cat\/categoria-producto\/cat\/1_espiritualitat\/#listItem","name":"Espiritualitat"}},{"@type":"ListItem","@id":"https:\/\/www.claret.cat\/categoria-producto\/cat\/1_espiritualitat\/espiritualitat\/cristocentrica\/#listItem","position":6,"name":"Cristoc\u00e9ntrica","item":"https:\/\/www.claret.cat\/categoria-producto\/cat\/1_espiritualitat\/espiritualitat\/cristocentrica\/","nextItem":{"@type":"ListItem","@id":"https:\/\/www.claret.cat\/es\/libro\/dios-y-el-hombre-en-cristo-9788430115952\/#listItem","name":"DIOS Y EL HOMBRE EN CRISTO"},"previousItem":{"@type":"ListItem","@id":"https:\/\/www.claret.cat\/categoria-producto\/cat\/1_espiritualitat\/espiritualitat\/#listItem","name":"Espiritualitat"}},{"@type":"ListItem","@id":"https:\/\/www.claret.cat\/es\/libro\/dios-y-el-hombre-en-cristo-9788430115952\/#listItem","position":7,"name":"DIOS Y EL HOMBRE EN CRISTO","previousItem":{"@type":"ListItem","@id":"https:\/\/www.claret.cat\/categoria-producto\/cat\/1_espiritualitat\/espiritualitat\/cristocentrica\/#listItem","name":"Cristoc\u00e9ntrica"}}]},{"@type":"ItemPage","@id":"https:\/\/www.claret.cat\/es\/libro\/dios-y-el-hombre-en-cristo-9788430115952\/#itempage","url":"https:\/\/www.claret.cat\/es\/libro\/dios-y-el-hombre-en-cristo-9788430115952\/","name":"DIOS Y EL HOMBRE EN CRISTO - CORDOVILLA, \u00c1NGEL; CURA ELENA, SANTIAGO (dir) Y OTRO 9788430115952 | Llibreria Claret","description":"DIOS Y EL HOMBRE EN CRISTO de CORDOVILLA, \u00c1NGEL; CURA ELENA, SANTIAGO (dir) Y OTRO disponible a\/en Llibreria Claret.","inLanguage":"es-ES","isPartOf":{"@id":"https:\/\/www.claret.cat\/es\/#website"},"breadcrumb":{"@id":"https:\/\/www.claret.cat\/es\/libro\/dios-y-el-hombre-en-cristo-9788430115952\/#breadcrumblist"},"image":{"@type":"ImageObject","url":"https:\/\/www.claret.cat\/wp-content\/uploads\/.\/9788430115952-1.jpg","@id":"https:\/\/www.claret.cat\/es\/libro\/dios-y-el-hombre-en-cristo-9788430115952\/#mainImage","width":225,"height":343,"caption":"9788430115952.jpg"},"primaryImageOfPage":{"@id":"https:\/\/www.claret.cat\/es\/libro\/dios-y-el-hombre-en-cristo-9788430115952\/#mainImage"},"datePublished":"2022-12-11T01:30:46+01:00","dateModified":"2024-05-24T07:06:27+02:00"},{"@type":"Organization","@id":"https:\/\/www.claret.cat\/es\/#organization","name":"Llibreria Claret","description":"Llibreria religiosa a Barcelona","url":"https:\/\/www.claret.cat\/es\/","email":"comunicacio@claret.cat","telephone":"+34933010887","logo":{"@type":"ImageObject","url":"https:\/\/www.claret.cat\/wp-content\/uploads\/.\/logo-claret-es.png","@id":"https:\/\/www.claret.cat\/es\/libro\/dios-y-el-hombre-en-cristo-9788430115952\/#organizationLogo","width":195,"height":79},"image":{"@id":"https:\/\/www.claret.cat\/es\/libro\/dios-y-el-hombre-en-cristo-9788430115952\/#organizationLogo"},"sameAs":["https:\/\/www.facebook.com\/LlibreriaClaret","https:\/\/twitter.com\/LlibreriaClaret","https:\/\/www.instagram.com\/llibreriaclaret\/","https:\/\/www.tiktok.com\/@llibreriaclaret","https:\/\/www.youtube.com\/@llibreriaclaret","https:\/\/ca.wikipedia.org\/wiki\/Editorial_Claret"]},{"@type":"WebPage","@id":"https:\/\/www.claret.cat\/es\/libro\/dios-y-el-hombre-en-cristo-9788430115952\/#webpage","url":"https:\/\/www.claret.cat\/es\/libro\/dios-y-el-hombre-en-cristo-9788430115952\/","name":"DIOS Y EL HOMBRE EN CRISTO - CORDOVILLA, \u00c1NGEL; CURA ELENA, SANTIAGO (dir) Y OTRO 9788430115952 | Llibreria Claret","description":"DIOS Y EL HOMBRE EN CRISTO de CORDOVILLA, \u00c1NGEL; CURA ELENA, SANTIAGO (dir) Y OTRO disponible a\/en Llibreria Claret.","inLanguage":"es-ES","isPartOf":{"@id":"https:\/\/www.claret.cat\/es\/#website"},"breadcrumb":{"@id":"https:\/\/www.claret.cat\/es\/libro\/dios-y-el-hombre-en-cristo-9788430115952\/#breadcrumblist"},"image":{"@type":"ImageObject","url":"https:\/\/www.claret.cat\/wp-content\/uploads\/.\/9788430115952-1.jpg","@id":"https:\/\/www.claret.cat\/es\/libro\/dios-y-el-hombre-en-cristo-9788430115952\/#mainImage","width":225,"height":343,"caption":"9788430115952.jpg"},"primaryImageOfPage":{"@id":"https:\/\/www.claret.cat\/es\/libro\/dios-y-el-hombre-en-cristo-9788430115952\/#mainImage"},"datePublished":"2022-12-11T01:30:46+01:00","dateModified":"2024-05-24T07:06:27+02:00"},{"@type":"WebSite","@id":"https:\/\/www.claret.cat\/es\/#website","url":"https:\/\/www.claret.cat\/es\/","name":"Llibreria Claret Barcelona","alternateName":"Llibreria Claret","description":"Llibreria religiosa a Barcelona","inLanguage":"es-ES","publisher":{"@id":"https:\/\/www.claret.cat\/es\/#organization"}}]},"og:locale":"es_ES","og:site_name":"Llibreria Claret - Llibreria religiosa a Barcelona","og:type":"article","og:title":"DIOS Y EL HOMBRE EN CRISTO - CORDOVILLA, \u00c1NGEL; CURA ELENA, SANTIAGO (dir) Y OTRO 9788430115952 | Llibreria Claret","og:description":"DIOS Y EL HOMBRE EN CRISTO de CORDOVILLA, \u00c1NGEL; CURA ELENA, SANTIAGO (dir) Y OTRO disponible a\/en Llibreria Claret.","og:url":"https:\/\/www.claret.cat\/es\/libro\/dios-y-el-hombre-en-cristo-9788430115952\/","og:image":"https:\/\/dev.claret.cat\/wp-content\/uploads\/logo-claret.svg","og:image:secure_url":"https:\/\/dev.claret.cat\/wp-content\/uploads\/logo-claret.svg","article:published_time":"2022-12-11T00:30:46+00:00","article:modified_time":"2024-05-24T05:06:27+00:00","article:publisher":"https:\/\/www.facebook.com\/LlibreriaClaret","twitter:card":"summary_large_image","twitter:site":"@LlibreriaClaret","twitter:title":"DIOS Y EL HOMBRE EN CRISTO - CORDOVILLA, \u00c1NGEL; CURA ELENA, SANTIAGO (dir) Y OTRO 9788430115952 | Llibreria Claret","twitter:description":"DIOS Y EL HOMBRE EN CRISTO de CORDOVILLA, \u00c1NGEL; CURA ELENA, SANTIAGO (dir) Y OTRO disponible a\/en Llibreria Claret.","twitter:image":"http:\/\/dev.claret.cat\/wp-content\/uploads\/logo-claret.svg"},"aioseo_meta_data":{"post_id":"292636","title":null,"description":null,"keywords":null,"keyphrases":null,"primary_term":null,"canonical_url":null,"og_title":null,"og_description":null,"og_object_type":"default","og_image_type":"default","og_image_url":null,"og_image_width":null,"og_image_height":null,"og_image_custom_url":null,"og_image_custom_fields":null,"og_video":null,"og_custom_url":null,"og_article_section":null,"og_article_tags":null,"twitter_use_og":false,"twitter_card":"default","twitter_image_type":"default","twitter_image_url":null,"twitter_image_custom_url":null,"twitter_image_custom_fields":null,"twitter_title":null,"twitter_description":null,"schema":{"blockGraphs":[],"customGraphs":[],"default":{"data":{"Article":[],"Course":[],"Dataset":[],"FAQPage":[],"Movie":[],"Person":[],"Product":[],"ProductReview":[],"Car":[],"Recipe":[],"Service":[],"SoftwareApplication":[],"WebPage":[]},"graphName":"","isEnabled":true},"graphs":[]},"schema_type":"default","schema_type_options":null,"pillar_content":false,"robots_default":true,"robots_noindex":false,"robots_noarchive":false,"robots_nosnippet":false,"robots_nofollow":false,"robots_noimageindex":false,"robots_noodp":false,"robots_notranslate":false,"robots_max_snippet":null,"robots_max_videopreview":null,"robots_max_imagepreview":"large","priority":null,"frequency":null,"local_seo":null,"seo_analyzer_scan_date":"2025-11-16 00:16:54","breadcrumb_settings":null,"limit_modified_date":false,"open_ai":null,"ai":null,"created":"2022-12-22 17:09:40","updated":"2025-11-16 00:16:54","focus_keyword":null,"additional_keywords":null,"truseo_locale":null},"aioseo_breadcrumb":"<div class=\"aioseo-breadcrumbs\"><span class=\"aioseo-breadcrumb\">\n\t<a href=\"https:\/\/www.claret.cat\/es\/\" title=\"Home\">Home<\/a>\n<\/span><span class=\"aioseo-breadcrumb-separator\">&raquo;<\/span><span class=\"aioseo-breadcrumb\">\n\t<a href=\"https:\/\/www.claret.cat\/?page_id=16\" title=\"Botiga\">Botiga<\/a>\n<\/span><span class=\"aioseo-breadcrumb-separator\">&raquo;<\/span><span class=\"aioseo-breadcrumb\">\n\t<a href=\"https:\/\/www.claret.cat\/categoria-producto\/cat\/\" title=\"CAT\">CAT<\/a>\n<\/span><span class=\"aioseo-breadcrumb-separator\">&raquo;<\/span><span class=\"aioseo-breadcrumb\">\n\t<a href=\"https:\/\/www.claret.cat\/categoria-producto\/cat\/1_espiritualitat\/\" title=\"Espiritualitat\">Espiritualitat<\/a>\n<\/span><span class=\"aioseo-breadcrumb-separator\">&raquo;<\/span><span class=\"aioseo-breadcrumb\">\n\t<a href=\"https:\/\/www.claret.cat\/categoria-producto\/cat\/1_espiritualitat\/espiritualitat\/\" title=\"Espiritualitat\">Espiritualitat<\/a>\n<\/span><span class=\"aioseo-breadcrumb-separator\">&raquo;<\/span><span class=\"aioseo-breadcrumb\">\n\t<a href=\"https:\/\/www.claret.cat\/categoria-producto\/cat\/1_espiritualitat\/espiritualitat\/cristocentrica\/\" title=\"Cristoc\u00e9ntrica\">Cristoc\u00e9ntrica<\/a>\n<\/span><span class=\"aioseo-breadcrumb-separator\">&raquo;<\/span><span class=\"aioseo-breadcrumb\">\n\tDIOS Y EL HOMBRE EN CRISTO\n<\/span><\/div>","aioseo_breadcrumb_json":[{"label":"Home","link":"https:\/\/www.claret.cat\/es\/"},{"label":"Botiga","link":"https:\/\/www.claret.cat\/?page_id=16"},{"label":"CAT","link":"https:\/\/www.claret.cat\/categoria-producto\/cat\/"},{"label":"Espiritualitat","link":"https:\/\/www.claret.cat\/categoria-producto\/cat\/1_espiritualitat\/"},{"label":"Espiritualitat","link":"https:\/\/www.claret.cat\/categoria-producto\/cat\/1_espiritualitat\/espiritualitat\/"},{"label":"Cristoc\u00e9ntrica","link":"https:\/\/www.claret.cat\/categoria-producto\/cat\/1_espiritualitat\/espiritualitat\/cristocentrica\/"},{"label":"DIOS Y EL HOMBRE EN CRISTO","link":"https:\/\/www.claret.cat\/es\/libro\/dios-y-el-hombre-en-cristo-9788430115952\/"}],"_links":{"self":[{"href":"https:\/\/www.claret.cat\/es\/wp-json\/wp\/v2\/product\/292636","targetHints":{"allow":["GET"]}}],"collection":[{"href":"https:\/\/www.claret.cat\/es\/wp-json\/wp\/v2\/product"}],"about":[{"href":"https:\/\/www.claret.cat\/es\/wp-json\/wp\/v2\/types\/product"}],"wp:featuredmedia":[{"embeddable":true,"href":"https:\/\/www.claret.cat\/es\/wp-json\/wp\/v2\/media\/341688"}],"wp:attachment":[{"href":"https:\/\/www.claret.cat\/es\/wp-json\/wp\/v2\/media?parent=292636"}],"wp:term":[{"taxonomy":"product_brand","embeddable":true,"href":"https:\/\/www.claret.cat\/es\/wp-json\/wp\/v2\/product_brand?post=292636"},{"taxonomy":"product_cat","embeddable":true,"href":"https:\/\/www.claret.cat\/es\/wp-json\/wp\/v2\/product_cat?post=292636"},{"taxonomy":"product_tag","embeddable":true,"href":"https:\/\/www.claret.cat\/es\/wp-json\/wp\/v2\/product_tag?post=292636"}],"curies":[{"name":"wp","href":"https:\/\/api.w.org\/{rel}","templated":true}]}}