{"id":299495,"date":"2022-12-16T01:36:36","date_gmt":"2022-12-16T00:36:36","guid":{"rendered":"http:\/\/dev.claret.cat\/llibre\/la-cocina-de-la-salud-9788408094562\/"},"modified":"2023-01-28T17:44:46","modified_gmt":"2023-01-28T16:44:46","slug":"la-cocina-de-la-salud-9788408094562","status":"publish","type":"product","link":"https:\/\/www.claret.cat\/es\/libro\/la-cocina-de-la-salud-9788408094562\/","title":{"rendered":"LA COCINA DE LA SALUD"},"content":{"rendered":"<p>La cocina de la salud presenta, de la mano del mejor cocinero del mundo y del cardi\u00f3logo de mayor reconocimiento<br \/>internacional, todas las claves, ideas, consejos y sugerencias para una alimentaci\u00f3n saludable a trav\u00e9s de una profunda<br \/>reflexi\u00f3n sobre la relaci\u00f3n que tenemos con la comida. El libro muestra en sus distintos cap\u00edtulos un recorrido a lo largo de un d\u00eda en la vida de una familia corriente, y trata en apartados sucesivos c\u00f3mo deber\u00edan ser el desayuno, la compra, la conservaci\u00f3n de los alimentos, la cocci\u00f3n, la comida, etc. En \u00e9l se explica c\u00f3mo diferentes personas de una misma familia tienen necesidades diet\u00e9ticas diferentes, y que una dieta saludable no tiene por qu\u00e9 estar re\u00f1ida con el disfrute de los alimentos. La conclusi\u00f3n final es que no hay alimentos malos, sino que la variedad y la moderaci\u00f3n es el secreto.<\/p>\n","protected":false},"excerpt":{"rendered":"<p>VALENTIN FUSTER \/ FERRAN ADRI\u00c0<\/p>\n","protected":false},"featured_media":299496,"template":"","meta":{"_acf_changed":false,"om_disable_all_campaigns":false,"rs_blank_template":"","rs_page_bg_color":"","slide_template_v7":"","inline_featured_image":false,"_monsterinsights_skip_tracking":false,"_monsterinsights_sitenote_active":false,"_monsterinsights_sitenote_note":"","_monsterinsights_sitenote_category":0},"product_brand":[],"product_cat":[90,540],"product_tag":[],"class_list":{"0":"post-299495","1":"product","2":"type-product","3":"status-publish","4":"has-post-thumbnail","6":"product_cat-altres","7":"product_cat-otros","9":"first","10":"instock","11":"taxable","12":"shipping-taxable","13":"purchasable","14":"product-type-simple"},"acf":{"autor":"VALENTIN FUSTER \/ FERRAN ADRI\u00c0","codart":"840809456","libros-coleccion":"","ediciones":"1","encuadernacion":"Carton\u00e9","fecha_de_publicacion":"26\/10\/2010","novedad":"0","paginas":"350","subtitulo":"","orden":"999","portada":"0","idioma":"spa","editorial":[{"ID":8264,"post_author":"3","post_date":"2022-09-30 09:21:35","post_date_gmt":"2022-09-30 07:21:35","post_content":"","post_title":"PLANETA EDITORIAL","post_excerpt":"","post_status":"publish","comment_status":"closed","ping_status":"closed","post_password":"","post_name":"planeta-editorial-2","to_ping":"","pinged":"","post_modified":"2022-09-30 09:21:35","post_modified_gmt":"2022-09-30 07:21:35","post_content_filtered":"","post_parent":0,"guid":"http:\/\/dev.claret.cat\/editorial\/planeta-editorial-2\/","menu_order":0,"post_type":"editorial","post_mime_type":"","comment_count":"0","filter":"raw"}],"autores-libros":[{"ID":299494,"post_author":"3","post_date":"2022-12-16 01:36:34","post_date_gmt":"2022-12-16 00:36:34","post_content":"","post_title":"VALENT\u00cdN FUSTER","post_excerpt":"","post_status":"publish","comment_status":"closed","ping_status":"closed","post_password":"","post_name":"valentin-fuster","to_ping":"","pinged":"","post_modified":"2022-12-16 01:36:34","post_modified_gmt":"2022-12-16 00:36:34","post_content_filtered":"","post_parent":0,"guid":"http:\/\/dev.claret.cat\/autor\/valentin-fuster\/","menu_order":0,"post_type":"autor","post_mime_type":"","comment_count":"0","filter":"raw"},{"ID":155885,"post_author":"3","post_date":"2022-10-14 15:16:24","post_date_gmt":"2022-10-14 13:16:24","post_content":"","post_title":"FERRAN ADRIA","post_excerpt":"","post_status":"publish","comment_status":"closed","ping_status":"closed","post_password":"","post_name":"ferran-adria-2","to_ping":"","pinged":"","post_modified":"2022-10-14 15:16:24","post_modified_gmt":"2022-10-14 13:16:24","post_content_filtered":"","post_parent":0,"guid":"http:\/\/dev.claret.cat\/autor\/ferran-adria-2\/","menu_order":0,"post_type":"autor","post_mime_type":"","comment_count":"0","filter":"raw"},{"ID":299493,"post_author":"3","post_date":"2022-12-16 01:36:33","post_date_gmt":"2022-12-16 00:36:33","post_content":"","post_title":"JOSEP CORBELLA","post_excerpt":"","post_status":"publish","comment_status":"closed","ping_status":"closed","post_password":"","post_name":"josep-corbella-2","to_ping":"","pinged":"","post_modified":"2022-12-16 01:36:33","post_modified_gmt":"2022-12-16 00:36:33","post_content_filtered":"","post_parent":0,"guid":"http:\/\/dev.claret.cat\/autor\/josep-corbella-2\/","menu_order":0,"post_type":"autor","post_mime_type":"","comment_count":"0","filter":"raw"}]},"aioseo_notices":[],"_links":{"self":[{"href":"https:\/\/www.claret.cat\/es\/wp-json\/wp\/v2\/product\/299495","targetHints":{"allow":["GET"]}}],"collection":[{"href":"https:\/\/www.claret.cat\/es\/wp-json\/wp\/v2\/product"}],"about":[{"href":"https:\/\/www.claret.cat\/es\/wp-json\/wp\/v2\/types\/product"}],"wp:featuredmedia":[{"embeddable":true,"href":"https:\/\/www.claret.cat\/es\/wp-json\/wp\/v2\/media\/299496"}],"wp:attachment":[{"href":"https:\/\/www.claret.cat\/es\/wp-json\/wp\/v2\/media?parent=299495"}],"wp:term":[{"taxonomy":"product_brand","embeddable":true,"href":"https:\/\/www.claret.cat\/es\/wp-json\/wp\/v2\/product_brand?post=299495"},{"taxonomy":"product_cat","embeddable":true,"href":"https:\/\/www.claret.cat\/es\/wp-json\/wp\/v2\/product_cat?post=299495"},{"taxonomy":"product_tag","embeddable":true,"href":"https:\/\/www.claret.cat\/es\/wp-json\/wp\/v2\/product_tag?post=299495"}],"curies":[{"name":"wp","href":"https:\/\/api.w.org\/{rel}","templated":true}]}}