{"id":307927,"date":"2022-12-19T12:35:10","date_gmt":"2022-12-19T11:35:10","guid":{"rendered":"https:\/\/www.claret.cat\/llibre\/libro-de-la-vida-847914598\/"},"modified":"2025-07-21T10:35:25","modified_gmt":"2025-07-21T08:35:25","slug":"libro-de-la-vida-9788479145989","status":"publish","type":"product","link":"https:\/\/www.claret.cat\/es\/libro\/libro-de-la-vida-9788479145989\/","title":{"rendered":"LIBRO DE LA VIDA"},"content":{"rendered":"<p>El \u00abLibro de la Vida\u00bb es la obra m\u00e1s sobrecogedora de Santa Teresa, \u00abla m\u00e1s intensa revelaci\u00f3n de un alma con que cuentan nuestras letras\u00bb (F. L\u00e1zaro Carreter). \u00abMi alma\u00bb, lo llam\u00f3 la autora. As\u00ed supo verlo tambi\u00e9n Miguel de Unamuno: \u00abOtros pueblos nos han dejado sobre todo instituciones, libros; nosotros hemos dejado almas. Santa Teresa vale por cualquier instituto, por cualquier Cr\u00edtica de la raz\u00f3n pura\u00bb. Un alma es una figura ejemplar de existencia. El \u00abLibro de la Vida\u00bb es un alma por cuanto en \u00e9l se expresa un sujeto moderno que se ha ido constituyendo al filo de sus experien-cias, narrativamente, adelant\u00e1ndose a la v\u00eda intros-peccionista de Montaigne y de Descartes. Estamos, pues, ante \u00abel libro m\u00e1s personal de toda la literatu-ra espa\u00f1ola\u00bb (V. Garc\u00eda de la Concha).<\/p>\n","protected":false},"excerpt":{"rendered":"<p>SANTA TERESA DE JES\u00daS<\/p>\n","protected":false},"featured_media":452359,"template":"","meta":{"_acf_changed":false,"om_disable_all_campaigns":false,"rs_blank_template":"","rs_page_bg_color":"","slide_template_v7":"","inline_featured_image":false,"_monsterinsights_skip_tracking":false,"_monsterinsights_sitenote_active":false,"_monsterinsights_sitenote_note":"","_monsterinsights_sitenote_category":0},"product_brand":[],"product_cat":[543,93,345,79,545,95,542,92],"product_tag":[],"class_list":{"0":"post-307927","1":"product","2":"type-product","3":"status-publish","4":"has-post-thumbnail","6":"product_cat-eclesiologia-es","7":"product_cat-eclesiologia","8":"product_cat-espiritualidad","9":"product_cat-espiritualitat","10":"product_cat-santoral-1_espiritualidad-spa","11":"product_cat-santoral","12":"product_cat-vida-religiosa-1_espiritualidad-spa","13":"product_cat-vida-religiosa","15":"first","16":"instock","17":"taxable","18":"shipping-taxable","19":"purchasable","20":"product-type-simple"},"acf":{"autor":"SANTA TERESA DE JES\u00daS","codart":"847914598","libros-coleccion":"Cl\u00e1sicos de Espiritualidad","ediciones":"1","encuadernacion":"R\u00fastica","fecha_de_publicacion":"01\/08\/2001","novedad":"0","paginas":"337","subtitulo":"","orden":"999","portada":"0","idioma":"spa","editorial":[{"ID":6143,"post_author":"3","post_date":"2022-07-28 17:45:48","post_date_gmt":"2022-07-28 15:45:48","post_content":"","post_title":"BIBLIOTECA AUTORES CRISTIANOS","post_excerpt":"","post_status":"publish","comment_status":"closed","ping_status":"closed","post_password":"","post_name":"biblioteca-autores-cristianos","to_ping":"","pinged":"","post_modified":"2022-07-28 17:45:48","post_modified_gmt":"2022-07-28 15:45:48","post_content_filtered":"","post_parent":0,"guid":"http:\/\/dev.claret.cat\/editorial\/biblioteca-autores-cristianos\/","menu_order":0,"post_type":"editorial","post_mime_type":"","comment_count":"0","filter":"raw"}],"autores-libros":[{"ID":168990,"post_author":"3","post_date":"2022-10-14 22:23:35","post_date_gmt":"2022-10-14 20:23:35","post_content":"","post_title":"SANTA  TERESA DE JES\u00daS","post_excerpt":"","post_status":"publish","comment_status":"closed","ping_status":"closed","post_password":"","post_name":"santa-teresa-de-jesus","to_ping":"","pinged":"","post_modified":"2022-10-14 22:23:35","post_modified_gmt":"2022-10-14 20:23:35","post_content_filtered":"","post_parent":0,"guid":"http:\/\/dev.claret.cat\/autor\/santa-teresa-de-jesus\/","menu_order":0,"post_type":"autor","post_mime_type":"","comment_count":"0","filter":"raw"}],"booktrailer":"","resenas":""},"aioseo_notices":[],"_links":{"self":[{"href":"https:\/\/www.claret.cat\/es\/wp-json\/wp\/v2\/product\/307927","targetHints":{"allow":["GET"]}}],"collection":[{"href":"https:\/\/www.claret.cat\/es\/wp-json\/wp\/v2\/product"}],"about":[{"href":"https:\/\/www.claret.cat\/es\/wp-json\/wp\/v2\/types\/product"}],"wp:featuredmedia":[{"embeddable":true,"href":"https:\/\/www.claret.cat\/es\/wp-json\/wp\/v2\/media\/452359"}],"wp:attachment":[{"href":"https:\/\/www.claret.cat\/es\/wp-json\/wp\/v2\/media?parent=307927"}],"wp:term":[{"taxonomy":"product_brand","embeddable":true,"href":"https:\/\/www.claret.cat\/es\/wp-json\/wp\/v2\/product_brand?post=307927"},{"taxonomy":"product_cat","embeddable":true,"href":"https:\/\/www.claret.cat\/es\/wp-json\/wp\/v2\/product_cat?post=307927"},{"taxonomy":"product_tag","embeddable":true,"href":"https:\/\/www.claret.cat\/es\/wp-json\/wp\/v2\/product_tag?post=307927"}],"curies":[{"name":"wp","href":"https:\/\/api.w.org\/{rel}","templated":true}]}}