{"id":30976,"date":"2022-10-02T11:46:22","date_gmt":"2022-10-02T09:46:22","guid":{"rendered":"http:\/\/dev.claret.cat\/producte\/hermeneutica\/"},"modified":"2023-01-28T16:10:14","modified_gmt":"2023-01-28T15:10:14","slug":"hermeneutica-9788498797053","status":"publish","type":"product","link":"https:\/\/www.claret.cat\/es\/libro\/hermeneutica-9788498797053\/","title":{"rendered":"HERMEN\u00c9UTICA"},"content":{"rendered":"<p>La hermen\u00e9utica contempor\u00e1nea ser\u00eda inconcebible sin la obra de Paul Ricur, que ha cultivado magistralmente esta disciplina. Al margen de sus grandes libros sobre la teor\u00eda de la interpretaci\u00f3n, El conflicto de las interpretaciones y Del texto a la acci\u00f3n, escribi\u00f3 otros textos que merecen ser descubiertos, pues proporcionan una gu\u00eda de lectura de los temas m\u00e1s importantes que lo ocuparon. Algunos de estos escritos analizan la met\u00e1fora, otros conducen al lector a trav\u00e9s de las diferentes claves del \u00abproblema hermen\u00e9utico\u00bb, del s\u00edmbolo al texto y del texto a la acci\u00f3n considerada en sus implicaciones \u00e9ticas. Se pone aqu\u00ed de manifiesto el inter\u00e9s de Ricur por la evoluci\u00f3n de la hermen\u00e9utica y su preocupaci\u00f3n por confrontarla con la filosof\u00eda anal\u00edtica. <br \/> Hay que destacar adem\u00e1s la decisiva contribuci\u00f3n de Ricur a la hermen\u00e9utica b\u00edblica. Dos estudios incluidos en este volumen, \u00abHermen\u00e9utica de la idea de revelaci\u00f3n\u00bb y \u00abMitos de la salvaci\u00f3n y raz\u00f3n\u00bb, dan cuenta de esta ocupaci\u00f3n del fil\u00f3sofo con la Biblia y con lo que esta da que pensar.<\/p>\n","protected":false},"excerpt":{"rendered":"<p>RICOEUR, PAUL<\/p>\n","protected":false},"featured_media":72254,"template":"","meta":{"_acf_changed":false,"om_disable_all_campaigns":false,"rs_blank_template":"","rs_page_bg_color":"","slide_template_v7":"","inline_featured_image":false,"_monsterinsights_skip_tracking":false,"_monsterinsights_sitenote_active":false,"_monsterinsights_sitenote_note":"","_monsterinsights_sitenote_category":0},"product_brand":[],"product_cat":[83],"product_tag":[],"class_list":{"0":"post-30976","1":"product","2":"type-product","3":"status-publish","4":"has-post-thumbnail","6":"product_cat-filosofia","8":"first","9":"instock","10":"taxable","11":"shipping-taxable","12":"purchasable","13":"product-type-simple"},"acf":{"autor":"RICOEUR, PAUL","codart":"849879705","libros-coleccion":"SUSHI BOOKS","ediciones":"1","encuadernacion":"R\u00fastica","fecha_de_publicacion":"01\/08\/2017","novedad":"1","paginas":"0","subtitulo":"ESCRITOS Y CONFERENCIAS 2","orden":"0","portada":"0","idioma":"spa","editorial":[{"ID":6237,"post_author":"3","post_date":"2022-07-28 17:47:53","post_date_gmt":"2022-07-28 15:47:53","post_content":"","post_title":"Editorial Trotta","post_excerpt":"","post_status":"publish","comment_status":"closed","ping_status":"closed","post_password":"","post_name":"editorial-trotta","to_ping":"","pinged":"","post_modified":"2022-07-28 17:47:53","post_modified_gmt":"2022-07-28 15:47:53","post_content_filtered":"","post_parent":0,"guid":"http:\/\/dev.claret.cat\/editorial\/editorial-trotta\/","menu_order":0,"post_type":"editorial","post_mime_type":"","comment_count":"0","filter":"raw"}],"autores-libros":[{"ID":166751,"post_author":"3","post_date":"2022-10-14 18:05:45","post_date_gmt":"2022-10-14 16:05:45","post_content":"","post_title":"PAUL RICOEUR","post_excerpt":"","post_status":"publish","comment_status":"closed","ping_status":"closed","post_password":"","post_name":"paul-ricoeur","to_ping":"","pinged":"","post_modified":"2022-10-14 18:05:45","post_modified_gmt":"2022-10-14 16:05:45","post_content_filtered":"","post_parent":0,"guid":"http:\/\/dev.claret.cat\/autor\/paul-ricoeur\/","menu_order":0,"post_type":"autor","post_mime_type":"","comment_count":"0","filter":"raw"}]},"aioseo_notices":[],"_links":{"self":[{"href":"https:\/\/www.claret.cat\/es\/wp-json\/wp\/v2\/product\/30976","targetHints":{"allow":["GET"]}}],"collection":[{"href":"https:\/\/www.claret.cat\/es\/wp-json\/wp\/v2\/product"}],"about":[{"href":"https:\/\/www.claret.cat\/es\/wp-json\/wp\/v2\/types\/product"}],"wp:featuredmedia":[{"embeddable":true,"href":"https:\/\/www.claret.cat\/es\/wp-json\/wp\/v2\/media\/72254"}],"wp:attachment":[{"href":"https:\/\/www.claret.cat\/es\/wp-json\/wp\/v2\/media?parent=30976"}],"wp:term":[{"taxonomy":"product_brand","embeddable":true,"href":"https:\/\/www.claret.cat\/es\/wp-json\/wp\/v2\/product_brand?post=30976"},{"taxonomy":"product_cat","embeddable":true,"href":"https:\/\/www.claret.cat\/es\/wp-json\/wp\/v2\/product_cat?post=30976"},{"taxonomy":"product_tag","embeddable":true,"href":"https:\/\/www.claret.cat\/es\/wp-json\/wp\/v2\/product_tag?post=30976"}],"curies":[{"name":"wp","href":"https:\/\/api.w.org\/{rel}","templated":true}]}}