{"id":31924,"date":"2022-10-02T11:59:19","date_gmt":"2022-10-02T09:59:19","guid":{"rendered":"http:\/\/dev.claret.cat\/producte\/festes-i-tradicions-de-catalunya\/"},"modified":"2024-01-31T20:16:45","modified_gmt":"2024-01-31T19:16:45","slug":"festes-i-tradicions-de-catalunya-9788429776263","status":"publish","type":"product","link":"https:\/\/www.claret.cat\/es\/libro\/festes-i-tradicions-de-catalunya-9788429776263\/","title":{"rendered":"FESTES I TRADICIONS DE CATALUNYA"},"content":{"rendered":"<p>\u00a0Vols descobrir les llegendes i tra\u00addicions m\u00e9s emblem\u00e0tiques de Catalunya? Amb aquest llibre per a tota la fam\u00edlia coneixer\u00e0s les festes m\u00e9s destacades del nostre calendari, com la Castanyada, Sant Joan, el Carnestoltes i moltes m\u00e9s. S\u00f3n 12 tradicions escrites amb un estil planer i amb unes il\u00b7lustracions atractives que ens parlen de llegendes, hist\u00f2ries i actes tradicionals que es remunten segles enrere i que han arribat fins a nosaltres. Una col\u00b7lecci\u00f3 perqu\u00e8 els nens i les nenes els coneguin i entenguin, i aix\u00ed els puguin estimar i transmetre a les futures generacions.<\/p>\n","protected":false},"excerpt":{"rendered":"<p>BAY\u00c9S, PILAR\u00cdN<\/p>\n","protected":false},"featured_media":72018,"template":"","meta":{"_acf_changed":false,"om_disable_all_campaigns":false,"rs_blank_template":"","rs_page_bg_color":"","slide_template_v7":"","inline_featured_image":false,"_monsterinsights_skip_tracking":false},"product_brand":[],"product_cat":[86,352],"product_tag":[],"class_list":["post-31924","product","type-product","status-publish","has-post-thumbnail","product_cat-infantil","product_cat-infantil-3_infantil-juvenil-spa","first","instock","taxable","shipping-taxable","purchasable","product-type-simple"],"acf":{"autor":"BAY\u00c9S, PILAR\u00cdN","codart":"842977626","libros-coleccion":"SUSHI BOOKS","ediciones":"1","encuadernacion":"Carton\u00e9","fecha_de_publicacion":"01\/10\/2017","novedad":"1","paginas":"265","subtitulo":"","orden":"0","portada":"0","idioma":"cat","editorial":[{"ID":6210,"post_author":"3","post_date":"2022-07-28 17:47:13","post_date_gmt":"2022-07-28 15:47:13","post_content":"","post_title":"Edicions 62","post_excerpt":"","post_status":"publish","comment_status":"closed","ping_status":"closed","post_password":"","post_name":"edicions-62","to_ping":"","pinged":"","post_modified":"2022-07-28 17:47:13","post_modified_gmt":"2022-07-28 15:47:13","post_content_filtered":"","post_parent":0,"guid":"http:\/\/dev.claret.cat\/editorial\/edicions-62\/","menu_order":0,"post_type":"editorial","post_mime_type":"","comment_count":"0","filter":"raw"}],"autores-libros":[{"ID":167343,"post_author":"3","post_date":"2022-10-14 18:10:27","post_date_gmt":"2022-10-14 16:10:27","post_content":"","post_title":"PILAR\u00cdN BAY\u00c9S","post_excerpt":"","post_status":"publish","comment_status":"closed","ping_status":"closed","post_password":"","post_name":"pilarin-bayes-2","to_ping":"","pinged":"","post_modified":"2022-10-14 18:10:27","post_modified_gmt":"2022-10-14 16:10:27","post_content_filtered":"","post_parent":0,"guid":"http:\/\/dev.claret.cat\/autor\/pilarin-bayes-2\/","menu_order":0,"post_type":"autor","post_mime_type":"","comment_count":"0","filter":"raw"}]},"aioseo_notices":[],"aioseo_head":"\n\t\t<!-- All in One SEO Pro 5.0.1.1 - aioseo.com -->\n\t<meta name=\"description\" content=\"FESTES I TRADICIONS DE CATALUNYA de BAY\u00c9S, PILAR\u00cdN disponible a\/en Llibreria Claret.\" \/>\n\t<meta name=\"robots\" content=\"max-image-preview:large\" \/>\n\t<meta name=\"google-site-verification\" content=\"xVtlFxJ-TfkIu-D-lt7XeLobefg5EIQiXTuqcSf8Rf0\" \/>\n\t<link rel=\"canonical\" href=\"https:\/\/www.claret.cat\/es\/libro\/festes-i-tradicions-de-catalunya-9788429776263\/\" \/>\n\t<meta name=\"generator\" content=\"All in One SEO Pro (AIOSEO) 5.0.1.1\" \/>\n\t\t<meta property=\"og:locale\" content=\"es_ES\" \/>\n\t\t<meta property=\"og:site_name\" content=\"Llibreria Claret - Llibreria religiosa a Barcelona\" \/>\n\t\t<meta property=\"og:type\" content=\"article\" \/>\n\t\t<meta property=\"og:title\" content=\"FESTES I TRADICIONS DE CATALUNYA - BAY\u00c9S, PILAR\u00cdN 9788429776263 | Llibreria Claret\" \/>\n\t\t<meta property=\"og:description\" content=\"FESTES I TRADICIONS DE CATALUNYA de BAY\u00c9S, PILAR\u00cdN disponible a\/en Llibreria Claret.\" \/>\n\t\t<meta property=\"og:url\" content=\"https:\/\/www.claret.cat\/es\/libro\/festes-i-tradicions-de-catalunya-9788429776263\/\" \/>\n\t\t<meta property=\"og:image\" content=\"https:\/\/dev.claret.cat\/wp-content\/uploads\/logo-claret.svg\" \/>\n\t\t<meta property=\"og:image:secure_url\" content=\"https:\/\/dev.claret.cat\/wp-content\/uploads\/logo-claret.svg\" \/>\n\t\t<meta property=\"article:published_time\" content=\"2022-10-02T09:59:19+00:00\" \/>\n\t\t<meta property=\"article:modified_time\" content=\"2024-01-31T19:16:45+00:00\" \/>\n\t\t<meta property=\"article:publisher\" content=\"https:\/\/www.facebook.com\/LlibreriaClaret\" \/>\n\t\t<meta name=\"twitter:card\" content=\"summary_large_image\" \/>\n\t\t<meta name=\"twitter:site\" content=\"@LlibreriaClaret\" \/>\n\t\t<meta name=\"twitter:title\" content=\"FESTES I TRADICIONS DE CATALUNYA - BAY\u00c9S, PILAR\u00cdN 9788429776263 | Llibreria Claret\" \/>\n\t\t<meta name=\"twitter:description\" content=\"FESTES I TRADICIONS DE CATALUNYA de BAY\u00c9S, PILAR\u00cdN disponible a\/en Llibreria Claret.\" \/>\n\t\t<meta name=\"twitter:image\" content=\"http:\/\/dev.claret.cat\/wp-content\/uploads\/logo-claret.svg\" \/>\n\t\t<script type=\"application\/ld+json\" class=\"aioseo-schema\">\n\t\t\t{\"@context\":\"https:\\\/\\\/schema.org\",\"@graph\":[{\"@type\":\"BreadcrumbList\",\"@id\":\"https:\\\/\\\/www.claret.cat\\\/es\\\/libro\\\/festes-i-tradicions-de-catalunya-9788429776263\\\/#breadcrumblist\",\"itemListElement\":[{\"@type\":\"ListItem\",\"@id\":\"https:\\\/\\\/www.claret.cat\\\/es\\\/#listItem\",\"position\":1,\"name\":\"Home\",\"item\":\"https:\\\/\\\/www.claret.cat\\\/es\\\/\",\"nextItem\":{\"@type\":\"ListItem\",\"@id\":\"https:\\\/\\\/www.claret.cat\\\/?page_id=16#listItem\",\"name\":\"Botiga\"}},{\"@type\":\"ListItem\",\"@id\":\"https:\\\/\\\/www.claret.cat\\\/?page_id=16#listItem\",\"position\":2,\"name\":\"Botiga\",\"item\":\"https:\\\/\\\/www.claret.cat\\\/?page_id=16\",\"nextItem\":{\"@type\":\"ListItem\",\"@id\":\"https:\\\/\\\/www.claret.cat\\\/categoria-producto\\\/cat\\\/#listItem\",\"name\":\"CAT\"},\"previousItem\":{\"@type\":\"ListItem\",\"@id\":\"https:\\\/\\\/www.claret.cat\\\/es\\\/#listItem\",\"name\":\"Home\"}},{\"@type\":\"ListItem\",\"@id\":\"https:\\\/\\\/www.claret.cat\\\/categoria-producto\\\/cat\\\/#listItem\",\"position\":3,\"name\":\"CAT\",\"item\":\"https:\\\/\\\/www.claret.cat\\\/categoria-producto\\\/cat\\\/\",\"nextItem\":{\"@type\":\"ListItem\",\"@id\":\"https:\\\/\\\/www.claret.cat\\\/categoria-producto\\\/cat\\\/3_infantil-juvenil\\\/#listItem\",\"name\":\"Infantil \\\/ Juvenil\"},\"previousItem\":{\"@type\":\"ListItem\",\"@id\":\"https:\\\/\\\/www.claret.cat\\\/?page_id=16#listItem\",\"name\":\"Botiga\"}},{\"@type\":\"ListItem\",\"@id\":\"https:\\\/\\\/www.claret.cat\\\/categoria-producto\\\/cat\\\/3_infantil-juvenil\\\/#listItem\",\"position\":4,\"name\":\"Infantil \\\/ Juvenil\",\"item\":\"https:\\\/\\\/www.claret.cat\\\/categoria-producto\\\/cat\\\/3_infantil-juvenil\\\/\",\"nextItem\":{\"@type\":\"ListItem\",\"@id\":\"https:\\\/\\\/www.claret.cat\\\/categoria-producto\\\/cat\\\/3_infantil-juvenil\\\/infantil\\\/#listItem\",\"name\":\"Infantil\"},\"previousItem\":{\"@type\":\"ListItem\",\"@id\":\"https:\\\/\\\/www.claret.cat\\\/categoria-producto\\\/cat\\\/#listItem\",\"name\":\"CAT\"}},{\"@type\":\"ListItem\",\"@id\":\"https:\\\/\\\/www.claret.cat\\\/categoria-producto\\\/cat\\\/3_infantil-juvenil\\\/infantil\\\/#listItem\",\"position\":5,\"name\":\"Infantil\",\"item\":\"https:\\\/\\\/www.claret.cat\\\/categoria-producto\\\/cat\\\/3_infantil-juvenil\\\/infantil\\\/\",\"nextItem\":{\"@type\":\"ListItem\",\"@id\":\"https:\\\/\\\/www.claret.cat\\\/es\\\/libro\\\/festes-i-tradicions-de-catalunya-9788429776263\\\/#listItem\",\"name\":\"FESTES I TRADICIONS DE CATALUNYA\"},\"previousItem\":{\"@type\":\"ListItem\",\"@id\":\"https:\\\/\\\/www.claret.cat\\\/categoria-producto\\\/cat\\\/3_infantil-juvenil\\\/#listItem\",\"name\":\"Infantil \\\/ Juvenil\"}},{\"@type\":\"ListItem\",\"@id\":\"https:\\\/\\\/www.claret.cat\\\/es\\\/libro\\\/festes-i-tradicions-de-catalunya-9788429776263\\\/#listItem\",\"position\":6,\"name\":\"FESTES I TRADICIONS DE CATALUNYA\",\"previousItem\":{\"@type\":\"ListItem\",\"@id\":\"https:\\\/\\\/www.claret.cat\\\/categoria-producto\\\/cat\\\/3_infantil-juvenil\\\/infantil\\\/#listItem\",\"name\":\"Infantil\"}}]},{\"@type\":\"ItemPage\",\"@id\":\"https:\\\/\\\/www.claret.cat\\\/es\\\/libro\\\/festes-i-tradicions-de-catalunya-9788429776263\\\/#itempage\",\"url\":\"https:\\\/\\\/www.claret.cat\\\/es\\\/libro\\\/festes-i-tradicions-de-catalunya-9788429776263\\\/\",\"name\":\"FESTES I TRADICIONS DE CATALUNYA - BAY\\u00c9S, PILAR\\u00cdN 9788429776263 | Llibreria Claret\",\"description\":\"FESTES I TRADICIONS DE CATALUNYA de BAY\\u00c9S, PILAR\\u00cdN disponible a\\\/en Llibreria Claret.\",\"inLanguage\":\"es-ES\",\"isPartOf\":{\"@id\":\"https:\\\/\\\/www.claret.cat\\\/es\\\/#website\"},\"breadcrumb\":{\"@id\":\"https:\\\/\\\/www.claret.cat\\\/es\\\/libro\\\/festes-i-tradicions-de-catalunya-9788429776263\\\/#breadcrumblist\"},\"image\":{\"@type\":\"ImageObject\",\"url\":\"https:\\\/\\\/www.claret.cat\\\/wp-content\\\/uploads\\\/.\\\/9788429776263.jpeg\",\"@id\":\"https:\\\/\\\/www.claret.cat\\\/es\\\/libro\\\/festes-i-tradicions-de-catalunya-9788429776263\\\/#mainImage\",\"width\":225,\"height\":219,\"caption\":\"9788429776263.jpeg\"},\"primaryImageOfPage\":{\"@id\":\"https:\\\/\\\/www.claret.cat\\\/es\\\/libro\\\/festes-i-tradicions-de-catalunya-9788429776263\\\/#mainImage\"},\"datePublished\":\"2022-10-02T11:59:19+02:00\",\"dateModified\":\"2024-01-31T20:16:45+01:00\"},{\"@type\":\"Organization\",\"@id\":\"https:\\\/\\\/www.claret.cat\\\/es\\\/#organization\",\"name\":\"Llibreria Claret\",\"description\":\"Llibreria religiosa a Barcelona\",\"url\":\"https:\\\/\\\/www.claret.cat\\\/es\\\/\",\"email\":\"comunicacio@claret.cat\",\"telephone\":\"+34933010887\",\"logo\":{\"@type\":\"ImageObject\",\"url\":\"https:\\\/\\\/www.claret.cat\\\/wp-content\\\/uploads\\\/.\\\/logo-claret-es.png\",\"@id\":\"https:\\\/\\\/www.claret.cat\\\/es\\\/libro\\\/festes-i-tradicions-de-catalunya-9788429776263\\\/#organizationLogo\",\"width\":195,\"height\":79},\"image\":{\"@id\":\"https:\\\/\\\/www.claret.cat\\\/es\\\/libro\\\/festes-i-tradicions-de-catalunya-9788429776263\\\/#organizationLogo\"},\"sameAs\":[\"https:\\\/\\\/www.facebook.com\\\/LlibreriaClaret\",\"https:\\\/\\\/twitter.com\\\/LlibreriaClaret\",\"https:\\\/\\\/www.instagram.com\\\/llibreriaclaret\\\/\",\"https:\\\/\\\/www.tiktok.com\\\/@llibreriaclaret\",\"https:\\\/\\\/www.youtube.com\\\/@llibreriaclaret\",\"https:\\\/\\\/ca.wikipedia.org\\\/wiki\\\/Editorial_Claret\"]},{\"@type\":\"WebPage\",\"@id\":\"https:\\\/\\\/www.claret.cat\\\/es\\\/libro\\\/festes-i-tradicions-de-catalunya-9788429776263\\\/#webpage\",\"url\":\"https:\\\/\\\/www.claret.cat\\\/es\\\/libro\\\/festes-i-tradicions-de-catalunya-9788429776263\\\/\",\"name\":\"FESTES I TRADICIONS DE CATALUNYA - BAY\\u00c9S, PILAR\\u00cdN 9788429776263 | Llibreria Claret\",\"description\":\"FESTES I TRADICIONS DE CATALUNYA de BAY\\u00c9S, PILAR\\u00cdN disponible a\\\/en Llibreria Claret.\",\"inLanguage\":\"es-ES\",\"isPartOf\":{\"@id\":\"https:\\\/\\\/www.claret.cat\\\/es\\\/#website\"},\"breadcrumb\":{\"@id\":\"https:\\\/\\\/www.claret.cat\\\/es\\\/libro\\\/festes-i-tradicions-de-catalunya-9788429776263\\\/#breadcrumblist\"},\"image\":{\"@type\":\"ImageObject\",\"url\":\"https:\\\/\\\/www.claret.cat\\\/wp-content\\\/uploads\\\/.\\\/9788429776263.jpeg\",\"@id\":\"https:\\\/\\\/www.claret.cat\\\/es\\\/libro\\\/festes-i-tradicions-de-catalunya-9788429776263\\\/#mainImage\",\"width\":225,\"height\":219,\"caption\":\"9788429776263.jpeg\"},\"primaryImageOfPage\":{\"@id\":\"https:\\\/\\\/www.claret.cat\\\/es\\\/libro\\\/festes-i-tradicions-de-catalunya-9788429776263\\\/#mainImage\"},\"datePublished\":\"2022-10-02T11:59:19+02:00\",\"dateModified\":\"2024-01-31T20:16:45+01:00\"},{\"@type\":\"WebSite\",\"@id\":\"https:\\\/\\\/www.claret.cat\\\/es\\\/#website\",\"url\":\"https:\\\/\\\/www.claret.cat\\\/es\\\/\",\"name\":\"Llibreria Claret Barcelona\",\"alternateName\":\"Llibreria Claret\",\"description\":\"Llibreria religiosa a Barcelona\",\"inLanguage\":\"es-ES\",\"publisher\":{\"@id\":\"https:\\\/\\\/www.claret.cat\\\/es\\\/#organization\"}}]}\n\t\t<\/script>\n\t\t<!-- All in One SEO Pro -->\r\n\t\t<title>FESTES I TRADICIONS DE CATALUNYA - BAY\u00c9S, PILAR\u00cdN 9788429776263 | Llibreria Claret<\/title>\n\n","aioseo_head_json":{"title":"FESTES I TRADICIONS DE CATALUNYA - BAY\u00c9S, PILAR\u00cdN 9788429776263 | Llibreria Claret","description":"FESTES I TRADICIONS DE CATALUNYA de BAY\u00c9S, PILAR\u00cdN disponible a\/en Llibreria Claret.","canonical_url":"https:\/\/www.claret.cat\/es\/libro\/festes-i-tradicions-de-catalunya-9788429776263\/","robots":"max-image-preview:large","keywords":"","webmasterTools":{"google-site-verification":"xVtlFxJ-TfkIu-D-lt7XeLobefg5EIQiXTuqcSf8Rf0","miscellaneous":""},"schema":{"@context":"https:\/\/schema.org","@graph":[{"@type":"BreadcrumbList","@id":"https:\/\/www.claret.cat\/es\/libro\/festes-i-tradicions-de-catalunya-9788429776263\/#breadcrumblist","itemListElement":[{"@type":"ListItem","@id":"https:\/\/www.claret.cat\/es\/#listItem","position":1,"name":"Home","item":"https:\/\/www.claret.cat\/es\/","nextItem":{"@type":"ListItem","@id":"https:\/\/www.claret.cat\/?page_id=16#listItem","name":"Botiga"}},{"@type":"ListItem","@id":"https:\/\/www.claret.cat\/?page_id=16#listItem","position":2,"name":"Botiga","item":"https:\/\/www.claret.cat\/?page_id=16","nextItem":{"@type":"ListItem","@id":"https:\/\/www.claret.cat\/categoria-producto\/cat\/#listItem","name":"CAT"},"previousItem":{"@type":"ListItem","@id":"https:\/\/www.claret.cat\/es\/#listItem","name":"Home"}},{"@type":"ListItem","@id":"https:\/\/www.claret.cat\/categoria-producto\/cat\/#listItem","position":3,"name":"CAT","item":"https:\/\/www.claret.cat\/categoria-producto\/cat\/","nextItem":{"@type":"ListItem","@id":"https:\/\/www.claret.cat\/categoria-producto\/cat\/3_infantil-juvenil\/#listItem","name":"Infantil \/ Juvenil"},"previousItem":{"@type":"ListItem","@id":"https:\/\/www.claret.cat\/?page_id=16#listItem","name":"Botiga"}},{"@type":"ListItem","@id":"https:\/\/www.claret.cat\/categoria-producto\/cat\/3_infantil-juvenil\/#listItem","position":4,"name":"Infantil \/ Juvenil","item":"https:\/\/www.claret.cat\/categoria-producto\/cat\/3_infantil-juvenil\/","nextItem":{"@type":"ListItem","@id":"https:\/\/www.claret.cat\/categoria-producto\/cat\/3_infantil-juvenil\/infantil\/#listItem","name":"Infantil"},"previousItem":{"@type":"ListItem","@id":"https:\/\/www.claret.cat\/categoria-producto\/cat\/#listItem","name":"CAT"}},{"@type":"ListItem","@id":"https:\/\/www.claret.cat\/categoria-producto\/cat\/3_infantil-juvenil\/infantil\/#listItem","position":5,"name":"Infantil","item":"https:\/\/www.claret.cat\/categoria-producto\/cat\/3_infantil-juvenil\/infantil\/","nextItem":{"@type":"ListItem","@id":"https:\/\/www.claret.cat\/es\/libro\/festes-i-tradicions-de-catalunya-9788429776263\/#listItem","name":"FESTES I TRADICIONS DE CATALUNYA"},"previousItem":{"@type":"ListItem","@id":"https:\/\/www.claret.cat\/categoria-producto\/cat\/3_infantil-juvenil\/#listItem","name":"Infantil \/ Juvenil"}},{"@type":"ListItem","@id":"https:\/\/www.claret.cat\/es\/libro\/festes-i-tradicions-de-catalunya-9788429776263\/#listItem","position":6,"name":"FESTES I TRADICIONS DE CATALUNYA","previousItem":{"@type":"ListItem","@id":"https:\/\/www.claret.cat\/categoria-producto\/cat\/3_infantil-juvenil\/infantil\/#listItem","name":"Infantil"}}]},{"@type":"ItemPage","@id":"https:\/\/www.claret.cat\/es\/libro\/festes-i-tradicions-de-catalunya-9788429776263\/#itempage","url":"https:\/\/www.claret.cat\/es\/libro\/festes-i-tradicions-de-catalunya-9788429776263\/","name":"FESTES I TRADICIONS DE CATALUNYA - BAY\u00c9S, PILAR\u00cdN 9788429776263 | Llibreria Claret","description":"FESTES I TRADICIONS DE CATALUNYA de BAY\u00c9S, PILAR\u00cdN disponible a\/en Llibreria Claret.","inLanguage":"es-ES","isPartOf":{"@id":"https:\/\/www.claret.cat\/es\/#website"},"breadcrumb":{"@id":"https:\/\/www.claret.cat\/es\/libro\/festes-i-tradicions-de-catalunya-9788429776263\/#breadcrumblist"},"image":{"@type":"ImageObject","url":"https:\/\/www.claret.cat\/wp-content\/uploads\/.\/9788429776263.jpeg","@id":"https:\/\/www.claret.cat\/es\/libro\/festes-i-tradicions-de-catalunya-9788429776263\/#mainImage","width":225,"height":219,"caption":"9788429776263.jpeg"},"primaryImageOfPage":{"@id":"https:\/\/www.claret.cat\/es\/libro\/festes-i-tradicions-de-catalunya-9788429776263\/#mainImage"},"datePublished":"2022-10-02T11:59:19+02:00","dateModified":"2024-01-31T20:16:45+01:00"},{"@type":"Organization","@id":"https:\/\/www.claret.cat\/es\/#organization","name":"Llibreria Claret","description":"Llibreria religiosa a Barcelona","url":"https:\/\/www.claret.cat\/es\/","email":"comunicacio@claret.cat","telephone":"+34933010887","logo":{"@type":"ImageObject","url":"https:\/\/www.claret.cat\/wp-content\/uploads\/.\/logo-claret-es.png","@id":"https:\/\/www.claret.cat\/es\/libro\/festes-i-tradicions-de-catalunya-9788429776263\/#organizationLogo","width":195,"height":79},"image":{"@id":"https:\/\/www.claret.cat\/es\/libro\/festes-i-tradicions-de-catalunya-9788429776263\/#organizationLogo"},"sameAs":["https:\/\/www.facebook.com\/LlibreriaClaret","https:\/\/twitter.com\/LlibreriaClaret","https:\/\/www.instagram.com\/llibreriaclaret\/","https:\/\/www.tiktok.com\/@llibreriaclaret","https:\/\/www.youtube.com\/@llibreriaclaret","https:\/\/ca.wikipedia.org\/wiki\/Editorial_Claret"]},{"@type":"WebPage","@id":"https:\/\/www.claret.cat\/es\/libro\/festes-i-tradicions-de-catalunya-9788429776263\/#webpage","url":"https:\/\/www.claret.cat\/es\/libro\/festes-i-tradicions-de-catalunya-9788429776263\/","name":"FESTES I TRADICIONS DE CATALUNYA - BAY\u00c9S, PILAR\u00cdN 9788429776263 | Llibreria Claret","description":"FESTES I TRADICIONS DE CATALUNYA de BAY\u00c9S, PILAR\u00cdN disponible a\/en Llibreria Claret.","inLanguage":"es-ES","isPartOf":{"@id":"https:\/\/www.claret.cat\/es\/#website"},"breadcrumb":{"@id":"https:\/\/www.claret.cat\/es\/libro\/festes-i-tradicions-de-catalunya-9788429776263\/#breadcrumblist"},"image":{"@type":"ImageObject","url":"https:\/\/www.claret.cat\/wp-content\/uploads\/.\/9788429776263.jpeg","@id":"https:\/\/www.claret.cat\/es\/libro\/festes-i-tradicions-de-catalunya-9788429776263\/#mainImage","width":225,"height":219,"caption":"9788429776263.jpeg"},"primaryImageOfPage":{"@id":"https:\/\/www.claret.cat\/es\/libro\/festes-i-tradicions-de-catalunya-9788429776263\/#mainImage"},"datePublished":"2022-10-02T11:59:19+02:00","dateModified":"2024-01-31T20:16:45+01:00"},{"@type":"WebSite","@id":"https:\/\/www.claret.cat\/es\/#website","url":"https:\/\/www.claret.cat\/es\/","name":"Llibreria Claret Barcelona","alternateName":"Llibreria Claret","description":"Llibreria religiosa a Barcelona","inLanguage":"es-ES","publisher":{"@id":"https:\/\/www.claret.cat\/es\/#organization"}}]},"og:locale":"es_ES","og:site_name":"Llibreria Claret - Llibreria religiosa a Barcelona","og:type":"article","og:title":"FESTES I TRADICIONS DE CATALUNYA - BAY\u00c9S, PILAR\u00cdN 9788429776263 | Llibreria Claret","og:description":"FESTES I TRADICIONS DE CATALUNYA de BAY\u00c9S, PILAR\u00cdN disponible a\/en Llibreria Claret.","og:url":"https:\/\/www.claret.cat\/es\/libro\/festes-i-tradicions-de-catalunya-9788429776263\/","og:image":"https:\/\/dev.claret.cat\/wp-content\/uploads\/logo-claret.svg","og:image:secure_url":"https:\/\/dev.claret.cat\/wp-content\/uploads\/logo-claret.svg","article:published_time":"2022-10-02T09:59:19+00:00","article:modified_time":"2024-01-31T19:16:45+00:00","article:publisher":"https:\/\/www.facebook.com\/LlibreriaClaret","twitter:card":"summary_large_image","twitter:site":"@LlibreriaClaret","twitter:title":"FESTES I TRADICIONS DE CATALUNYA - BAY\u00c9S, PILAR\u00cdN 9788429776263 | Llibreria Claret","twitter:description":"FESTES I TRADICIONS DE CATALUNYA de BAY\u00c9S, PILAR\u00cdN disponible a\/en Llibreria Claret.","twitter:image":"http:\/\/dev.claret.cat\/wp-content\/uploads\/logo-claret.svg"},"aioseo_meta_data":{"post_id":"31924","title":null,"description":null,"keywords":null,"keyphrases":null,"primary_term":null,"canonical_url":null,"og_title":null,"og_description":null,"og_object_type":"default","og_image_type":"default","og_image_url":null,"og_image_width":null,"og_image_height":null,"og_image_custom_url":null,"og_image_custom_fields":null,"og_video":null,"og_custom_url":null,"og_article_section":null,"og_article_tags":null,"twitter_use_og":false,"twitter_card":"default","twitter_image_type":"default","twitter_image_url":null,"twitter_image_custom_url":null,"twitter_image_custom_fields":null,"twitter_title":null,"twitter_description":null,"schema":{"blockGraphs":[],"customGraphs":[],"default":{"data":{"Article":[],"Course":[],"Dataset":[],"FAQPage":[],"Movie":[],"Person":[],"Product":[],"ProductReview":[],"Car":[],"Recipe":[],"Service":[],"SoftwareApplication":[],"WebPage":[]},"graphName":"","isEnabled":true},"graphs":[]},"schema_type":"default","schema_type_options":null,"pillar_content":false,"robots_default":true,"robots_noindex":false,"robots_noarchive":false,"robots_nosnippet":false,"robots_nofollow":false,"robots_noimageindex":false,"robots_noodp":false,"robots_notranslate":false,"robots_max_snippet":null,"robots_max_videopreview":null,"robots_max_imagepreview":"large","priority":null,"frequency":null,"local_seo":null,"seo_analyzer_scan_date":"2025-11-12 16:04:16","breadcrumb_settings":null,"limit_modified_date":false,"open_ai":null,"ai":null,"created":"2022-12-18 10:38:39","updated":"2025-11-12 16:04:16","focus_keyword":null,"additional_keywords":null,"truseo_locale":null},"aioseo_breadcrumb":"<div class=\"aioseo-breadcrumbs\"><span class=\"aioseo-breadcrumb\">\n\t<a href=\"https:\/\/www.claret.cat\/es\/\" title=\"Home\">Home<\/a>\n<\/span><span class=\"aioseo-breadcrumb-separator\">&raquo;<\/span><span class=\"aioseo-breadcrumb\">\n\t<a href=\"https:\/\/www.claret.cat\/?page_id=16\" title=\"Botiga\">Botiga<\/a>\n<\/span><span class=\"aioseo-breadcrumb-separator\">&raquo;<\/span><span class=\"aioseo-breadcrumb\">\n\t<a href=\"https:\/\/www.claret.cat\/categoria-producto\/cat\/\" title=\"CAT\">CAT<\/a>\n<\/span><span class=\"aioseo-breadcrumb-separator\">&raquo;<\/span><span class=\"aioseo-breadcrumb\">\n\t<a href=\"https:\/\/www.claret.cat\/categoria-producto\/cat\/3_infantil-juvenil\/\" title=\"Infantil \/ Juvenil\">Infantil \/ Juvenil<\/a>\n<\/span><span class=\"aioseo-breadcrumb-separator\">&raquo;<\/span><span class=\"aioseo-breadcrumb\">\n\t<a href=\"https:\/\/www.claret.cat\/categoria-producto\/cat\/3_infantil-juvenil\/infantil\/\" title=\"Infantil\">Infantil<\/a>\n<\/span><span class=\"aioseo-breadcrumb-separator\">&raquo;<\/span><span class=\"aioseo-breadcrumb\">\n\tFESTES I TRADICIONS DE CATALUNYA\n<\/span><\/div>","aioseo_breadcrumb_json":[{"label":"Home","link":"https:\/\/www.claret.cat\/es\/"},{"label":"Botiga","link":"https:\/\/www.claret.cat\/?page_id=16"},{"label":"CAT","link":"https:\/\/www.claret.cat\/categoria-producto\/cat\/"},{"label":"Infantil \/ Juvenil","link":"https:\/\/www.claret.cat\/categoria-producto\/cat\/3_infantil-juvenil\/"},{"label":"Infantil","link":"https:\/\/www.claret.cat\/categoria-producto\/cat\/3_infantil-juvenil\/infantil\/"},{"label":"FESTES I TRADICIONS DE CATALUNYA","link":"https:\/\/www.claret.cat\/es\/libro\/festes-i-tradicions-de-catalunya-9788429776263\/"}],"_links":{"self":[{"href":"https:\/\/www.claret.cat\/es\/wp-json\/wp\/v2\/product\/31924","targetHints":{"allow":["GET"]}}],"collection":[{"href":"https:\/\/www.claret.cat\/es\/wp-json\/wp\/v2\/product"}],"about":[{"href":"https:\/\/www.claret.cat\/es\/wp-json\/wp\/v2\/types\/product"}],"wp:featuredmedia":[{"embeddable":true,"href":"https:\/\/www.claret.cat\/es\/wp-json\/wp\/v2\/media\/72018"}],"wp:attachment":[{"href":"https:\/\/www.claret.cat\/es\/wp-json\/wp\/v2\/media?parent=31924"}],"wp:term":[{"taxonomy":"product_brand","embeddable":true,"href":"https:\/\/www.claret.cat\/es\/wp-json\/wp\/v2\/product_brand?post=31924"},{"taxonomy":"product_cat","embeddable":true,"href":"https:\/\/www.claret.cat\/es\/wp-json\/wp\/v2\/product_cat?post=31924"},{"taxonomy":"product_tag","embeddable":true,"href":"https:\/\/www.claret.cat\/es\/wp-json\/wp\/v2\/product_tag?post=31924"}],"curies":[{"name":"wp","href":"https:\/\/api.w.org\/{rel}","templated":true}]}}