{"id":324941,"date":"2023-01-03T17:35:34","date_gmt":"2023-01-03T16:35:34","guid":{"rendered":"https:\/\/www.claret.cat\/llibre\/jesus-de-natzaret-ii-de-lentrada-a-jerusalem-a-la-resurreccio-9788498462067\/"},"modified":"2026-04-07T14:17:07","modified_gmt":"2026-04-07T12:17:07","slug":"jesus-de-natzaret-ii-de-lentrada-a-jerusalem-a-la-resurreccio-9788498462067","status":"publish","type":"product","link":"https:\/\/www.claret.cat\/es\/libro\/jesus-de-natzaret-ii-de-lentrada-a-jerusalem-a-la-resurreccio-9788498462067\/","title":{"rendered":"JES\u00daS DE NATZARET II. DE L&#8217;ENTRADA A JERUSALEM A LA RESURRECCI\u00d3"},"content":{"rendered":"<p>Si en el primer volum, aparegut el 2007, el Papa tractava la figura i el ministeri de Jes\u00fas des del seu bateig al Jord\u00e0 fins a l\u2019afirmaci\u00f3 de la seva identitat messi\u00e0nica, aquesta segona part comen\u00e7a amb l\u2019entrada de Jes\u00fas a Jerusalem i acaba amb la seva Resurrecci\u00f3 i Ascensi\u00f3.<\/p>\n<p>Amb aquesta segona part de \u00abJes\u00fas de Natzaret\u00bb, Benet XVI es reafirma en el fet que no ha volgut escriure una \u00abvida de Jes\u00fas\u00bb ni tampoc una \u00abcristologia des de dalt\u00bb, sin\u00f3 \u00abil.lustrar la figura i el missatge de Jes\u00fas\u00bb des d\u2019una doble hermen\u00e8utica de la fe i de la hist\u00f2ria, per tal d\u2019apropar-se a Ell \u00abd\u2019una manera que pugui ser \u00fatil a tots els lectors que vulguin trobar Jes\u00fas i creure-hi\u00bb.<\/p>\n<p>Aquesta darrera obra del Papa, escrita a m\u00e0 i en llapis com tots els seus textos, el confirma com un dels autors m\u00e9s buscats per les editorials arreu del m\u00f3n. A hores d&#8217;ara aquest llibre ja s&#8217;ha publicat, o est\u00e0 en curs de publicaci\u00f3, en m\u00e9s de vint-i-cinc lleng\u00fces.<\/p>\n<p>La traducci\u00f3 ha estat duta a terme pel Sr. Valent\u00ed F\u00e0brega i Escatllar, reconegut fil\u00f2leg i te\u00f2leg, i Mn. Josep Ruaix, eclesi\u00e0stic, gram\u00e0tic i escriptor, n\u2019ha fet la revisi\u00f3.<\/p>\n","protected":false},"excerpt":{"rendered":"<p>RATZINGER JOSEPH (BENET X<\/p>\n","protected":false},"featured_media":1095058,"template":"","meta":{"_acf_changed":false,"om_disable_all_campaigns":false,"rs_blank_template":"","rs_page_bg_color":"","slide_template_v7":"","inline_featured_image":false,"_monsterinsights_skip_tracking":false,"_monsterinsights_sitenote_active":false,"_monsterinsights_sitenote_note":"","_monsterinsights_sitenote_category":0},"product_brand":[],"product_cat":[307,581,89],"product_tag":[],"class_list":{"0":"post-324941","1":"product","2":"type-product","3":"status-publish","4":"has-post-thumbnail","6":"product_cat-catala","7":"product_cat-editorial-claret","8":"product_cat-els-mes-venuts","10":"first","11":"outofstock","12":"taxable","13":"shipping-taxable","14":"purchasable","15":"product-type-simple"},"acf":{"editorial":[{"ID":6158,"post_author":"3","post_date":"2022-07-28 17:46:08","post_date_gmt":"2022-07-28 15:46:08","post_content":"","post_title":"CLARET","post_excerpt":"","post_status":"publish","comment_status":"closed","ping_status":"closed","post_password":"","post_name":"claret","to_ping":"","pinged":"","post_modified":"2022-07-28 17:46:08","post_modified_gmt":"2022-07-28 15:46:08","post_content_filtered":"","post_parent":0,"guid":"http:\/\/dev.claret.cat\/editorial\/claret\/","menu_order":0,"post_type":"editorial","post_mime_type":"","comment_count":"0","filter":"raw"}],"autores-libros":[{"ID":324940,"post_author":"3","post_date":"2023-01-03 17:35:31","post_date_gmt":"2023-01-03 16:35:31","post_content":"","post_title":"RATZINGER JOSEPH (BENET XVI)","post_excerpt":"","post_status":"publish","comment_status":"closed","ping_status":"closed","post_password":"","post_name":"ratzinger-joseph-benet-xvi","to_ping":"","pinged":"","post_modified":"2023-01-03 17:35:31","post_modified_gmt":"2023-01-03 16:35:31","post_content_filtered":"","post_parent":0,"guid":"https:\/\/www.claret.cat\/autor\/ratzinger-joseph-benet-xvi\/","menu_order":0,"post_type":"autor","post_mime_type":"","comment_count":"0","filter":"raw"}],"autor":"RATZINGER JOSEPH (BENET X","codart":"849846206","libros-coleccion":"","ediciones":"1","encuadernacion":"Carton\u00e9","fecha_de_publicacion":"15\/09\/2011","novedad":"0","paginas":"280","subtitulo":"DE L\u00b4ENTRADA A JERUSALEM A LA RESURRECCI\u00d3","orden":"999","portada":"0","idioma":"cat","traductores-libros":"","ilustradores-libros":"","formato":"","linkebook":"","precioebook":"","ebookportada":false,"ficha":"","muestra":"","presentacion":"","booktrailer":"","resenas":"","recomendamos":"","mas_vendido":""},"aioseo_notices":[],"_links":{"self":[{"href":"https:\/\/www.claret.cat\/es\/wp-json\/wp\/v2\/product\/324941","targetHints":{"allow":["GET"]}}],"collection":[{"href":"https:\/\/www.claret.cat\/es\/wp-json\/wp\/v2\/product"}],"about":[{"href":"https:\/\/www.claret.cat\/es\/wp-json\/wp\/v2\/types\/product"}],"wp:featuredmedia":[{"embeddable":true,"href":"https:\/\/www.claret.cat\/es\/wp-json\/wp\/v2\/media\/1095058"}],"wp:attachment":[{"href":"https:\/\/www.claret.cat\/es\/wp-json\/wp\/v2\/media?parent=324941"}],"wp:term":[{"taxonomy":"product_brand","embeddable":true,"href":"https:\/\/www.claret.cat\/es\/wp-json\/wp\/v2\/product_brand?post=324941"},{"taxonomy":"product_cat","embeddable":true,"href":"https:\/\/www.claret.cat\/es\/wp-json\/wp\/v2\/product_cat?post=324941"},{"taxonomy":"product_tag","embeddable":true,"href":"https:\/\/www.claret.cat\/es\/wp-json\/wp\/v2\/product_tag?post=324941"}],"curies":[{"name":"wp","href":"https:\/\/api.w.org\/{rel}","templated":true}]}}